{"id":953,"date":"2012-12-13T21:35:05","date_gmt":"2012-12-13T20:35:05","guid":{"rendered":"http:\/\/archeo.pixelcreatures.at\/?page_id=953"},"modified":"2025-04-24T13:03:09","modified_gmt":"2025-04-24T11:03:09","slug":"press-images","status":"publish","type":"page","link":"https:\/\/www.archeoparc.it\/en\/press-office\/press-images\/","title":{"rendered":"Press Images"},"content":{"rendered":"\n<p>For publications, you will find a small, current selection of image material here that is available from the archeoParc. Please contact the museum management if you would like to use images from this selection for commercial purposes or if you need other image subjects.<br><a title=\"Contact\" href=\"https:\/\/www.archeoparc.it\/en\/contact\/\">Contact<\/a><\/p>\n\n\n\n<p>Unless otherwise indicated, the copyright of all photographs remains with the archeoParc Schnals Valley Museum Association.<\/p>\n\n\n\n<p><strong>P<a id=\"people\"><\/a>eople<br><\/strong><br><ul  class=\"pressebilder\"><li><a href='https:\/\/www.archeoparc.it\/wp-content\/uploads\/archeoparc-schnalstal-press-16002-1024x843.jpg' class='thickbox'  title='&lt;p&gt;&lt;strong&gt;Bildtext: &lt;\/strong&gt;&lt;\/p&gt;&lt;p style=&quot;margin-left:2em;&quot;&gt;&lt;em&gt;&lt;strong&gt;deutsch: &lt;\/strong&gt;Sonja Santer, seit 2015 Vorsitzende des archeoParc-Tr\u00e4gervereins&lt;\/em&gt;&lt;\/p&gt;&lt;p style=&quot;margin-left:2em;&quot;&gt;&lt;em&gt;&lt;strong&gt;italiano: &lt;\/strong&gt;Sonja Santer, presidente dell\u2019associazione museale dal 2015&lt;\/em&gt;&lt;\/p&gt;&lt;p style=&quot;margin-left:2em;&quot;&gt;&lt;em&gt;&lt;strong&gt;english: &lt;\/strong&gt;Sonja Santer, chair of the archeoParc museum-association board since 2015&lt;\/em&gt;&lt;\/p&gt;&lt;p&gt;&lt;strong&gt;Fotograf:&lt;\/strong&gt; &lt;em&gt;Gianni Bodini&lt;\/em&gt;&lt;\/p&gt;&lt;p&gt;&lt;strong&gt;Gr\u00f6\u00dfe:&lt;\/strong&gt; &lt;em&gt;1380x1136px&lt;\/em&gt;&lt;\/p&gt;&lt;p&gt;&lt;strong&gt;Frei zur nicht-kommerziellen Ver\u00f6ffentlichung mit dem Vermerk:&lt;\/strong&gt; &lt;br&gt;&lt;em&gt;archeoParc Schnalstal, photo: Gianni Bodini&lt;\/em&gt;&lt;p&gt;&lt;a href=&quot;https:\/\/www.archeoparc.it\/wp-content\/uploads\/archeoparc-schnalstal-press-16002.jpg&quot; class=&quot;archeo_button&quot;&gt;Download&lt;\/a&gt; &lt;\/p&gt;' ><img src='https:\/\/www.archeoparc.it\/wp-content\/uploads\/archeoparc-schnalstal-press-16002-100x100.jpg'><\/a><\/li><li><a href='https:\/\/www.archeoparc.it\/wp-content\/uploads\/archeoparc-schnalstal-press-16003-1024x726.jpg' class='thickbox'  title='&lt;p&gt;&lt;strong&gt;Bildtext: &lt;\/strong&gt;&lt;\/p&gt;&lt;p style=&quot;margin-left:2em;&quot;&gt;&lt;em&gt;&lt;strong&gt;deutsch: &lt;\/strong&gt;Johanna Niederkofler, seit 2007 Leiterin des archeoParc Schnalstal&lt;\/em&gt;&lt;\/p&gt;&lt;p style=&quot;margin-left:2em;&quot;&gt;&lt;em&gt;&lt;strong&gt;italiano: &lt;\/strong&gt;Johanna Niederkofler, direttrice dell\u2019archeoParc Val Senales dal 2007&lt;\/em&gt;&lt;\/p&gt;&lt;p style=&quot;margin-left:2em;&quot;&gt;&lt;em&gt;&lt;strong&gt;english: &lt;\/strong&gt;Johanna Niederkofler, archeoParc director since 2007&lt;\/em&gt;&lt;\/p&gt;&lt;p&gt;&lt;strong&gt;Fotograf:&lt;\/strong&gt; &lt;em&gt;Peter Santer&lt;\/em&gt;&lt;\/p&gt;&lt;p&gt;&lt;strong&gt;Gr\u00f6\u00dfe:&lt;\/strong&gt; &lt;em&gt;1961x1390px&lt;\/em&gt;&lt;\/p&gt;&lt;p&gt;&lt;strong&gt;Frei zur nicht-kommerziellen Ver\u00f6ffentlichung mit dem Vermerk:&lt;\/strong&gt; &lt;br&gt;&lt;em&gt;archeoParc Schnalstal, photo: Peter Santer&lt;\/em&gt;&lt;p&gt;&lt;a href=&quot;https:\/\/www.archeoparc.it\/wp-content\/uploads\/archeoparc-schnalstal-press-16003.jpg&quot; class=&quot;archeo_button&quot;&gt;Download&lt;\/a&gt; &lt;\/p&gt;' ><img src='https:\/\/www.archeoparc.it\/wp-content\/uploads\/archeoparc-schnalstal-press-16003-100x100.jpg'><\/a><\/li><li><a href='https:\/\/www.archeoparc.it\/wp-content\/uploads\/archeoparc-schnalstal-press-16008-633x1024.jpg' class='thickbox'  title='&lt;p&gt;&lt;strong&gt;Bildtext: &lt;\/strong&gt;&lt;\/p&gt;&lt;p style=&quot;margin-left:2em;&quot;&gt;&lt;em&gt;&lt;strong&gt;deutsch: &lt;\/strong&gt;Robert Ciatti, Bergf\u00fchrerkoordinator der \u00d6tzi Glacier Tour&lt;\/em&gt;&lt;\/p&gt;&lt;p style=&quot;margin-left:2em;&quot;&gt;&lt;em&gt;&lt;strong&gt;italiano: &lt;\/strong&gt;Robert Ciatti, il coordinatore delle guide alpine d l\u2019\u00d6tzi Glacier Tour&lt;\/em&gt;&lt;\/p&gt;&lt;p style=&quot;margin-left:2em;&quot;&gt;&lt;em&gt;&lt;strong&gt;english: &lt;\/strong&gt;Robert Ciatti is the coordinator of the \u00d6tzi Glacier Tour mountain guides&lt;\/em&gt;&lt;\/p&gt;&lt;p&gt;&lt;strong&gt;Fotograf:&lt;\/strong&gt; &lt;em&gt;Peter Santer&lt;\/em&gt;&lt;\/p&gt;&lt;p&gt;&lt;strong&gt;Gr\u00f6\u00dfe:&lt;\/strong&gt; &lt;em&gt;1966x3182px&lt;\/em&gt;&lt;\/p&gt;&lt;p&gt;&lt;strong&gt;Frei zur nicht-kommerziellen Ver\u00f6ffentlichung mit dem Vermerk:&lt;\/strong&gt; &lt;br&gt;&lt;em&gt;archeoParc Schnalstal, photo: Peter Santer&lt;\/em&gt;&lt;p&gt;&lt;a href=&quot;https:\/\/www.archeoparc.it\/wp-content\/uploads\/archeoparc-schnalstal-press-16008.jpg&quot; class=&quot;archeo_button&quot;&gt;Download&lt;\/a&gt; &lt;\/p&gt;' ><img src='https:\/\/www.archeoparc.it\/wp-content\/uploads\/archeoparc-schnalstal-press-16008-100x100.jpg'><\/a><\/li><\/ul><\/p>\n\n\n\n<p><strong>M<a id=\"museum-buildings\"><\/a>useum buildings<br><\/strong><br><ul  class=\"pressebilder\"><li><a href='https:\/\/www.archeoparc.it\/wp-content\/uploads\/GAN1812_B0006575_ed_med-1024x767.jpg' class='thickbox'  title='&lt;p&gt;&lt;strong&gt;Bildtext: &lt;\/strong&gt;&lt;\/p&gt;&lt;p style=&quot;margin-left:2em;&quot;&gt;&lt;em&gt;&lt;strong&gt;deutsch: &lt;\/strong&gt;Jungsteinzeitliche Hausrekonstruktion Villanders-Plunacker im Feilichtbereich des archeoParc Schnalstal in S\u00fcdtirol&lt;\/em&gt;&lt;\/p&gt;&lt;p style=&quot;margin-left:2em;&quot;&gt;&lt;em&gt;&lt;strong&gt;italiano: &lt;\/strong&gt;Ricostruzione della casa neolitica di Vilandro-Plunacker nell\u2019area all\u2019aperto nell\u2019archeoParc Val Senales in Alto Adige&lt;\/em&gt;&lt;\/p&gt;&lt;p style=&quot;margin-left:2em;&quot;&gt;&lt;em&gt;&lt;strong&gt;english: &lt;\/strong&gt;Neolithic house reconstruction of Villandro-Plunacker at the open-air area of archeoParc Val Senales in South Tyrol&lt;\/em&gt;&lt;\/p&gt;&lt;p&gt;&lt;strong&gt;Fotograf:&lt;\/strong&gt; &lt;em&gt;Ganesh Neumair&lt;\/em&gt;&lt;\/p&gt;&lt;p&gt;&lt;strong&gt;Gr\u00f6\u00dfe:&lt;\/strong&gt; &lt;em&gt;3600x2698px&lt;\/em&gt;&lt;\/p&gt;&lt;p&gt;&lt;strong&gt;Frei zur nicht-kommerziellen Ver\u00f6ffentlichung mit dem Vermerk:&lt;\/strong&gt; &lt;br&gt;&lt;em&gt;archeoParc Schnalstal, photo: Ganesh Neumair&lt;\/em&gt;&lt;p&gt;&lt;a href=&quot;https:\/\/www.archeoparc.it\/wp-content\/uploads\/GAN1812_B0006575_ed_med.jpg&quot; class=&quot;archeo_button&quot;&gt;Download&lt;\/a&gt; &lt;\/p&gt;' ><img src='https:\/\/www.archeoparc.it\/wp-content\/uploads\/GAN1812_B0006575_ed_med-100x100.jpg'><\/a><\/li><li><a href='https:\/\/www.archeoparc.it\/wp-content\/uploads\/GAN1812__7033204_ed_med-768x1024.jpg' class='thickbox'  title='&lt;p&gt;&lt;strong&gt;Bildtext: &lt;\/strong&gt;&lt;\/p&gt;&lt;p style=&quot;margin-left:2em;&quot;&gt;&lt;em&gt;&lt;strong&gt;deutsch: &lt;\/strong&gt;Jungsteinzeitliche Hausrekonstruktion mit Reetdach im Freilichtbereich des archeoParc Schnalstal in S\u00fcdtirol&lt;\/em&gt;&lt;\/p&gt;&lt;p style=&quot;margin-left:2em;&quot;&gt;&lt;em&gt;&lt;strong&gt;italiano: &lt;\/strong&gt;Ricostruzione di una casa neolitica con tetto in canna palustre nell\u2019area all\u2019aperto dell\u2019archeoParc Val Senales in Alto Adige &lt;\/em&gt;&lt;\/p&gt;&lt;p style=&quot;margin-left:2em;&quot;&gt;&lt;em&gt;&lt;strong&gt;english: &lt;\/strong&gt;Reconstruction of a Neolithic house with thatched roof at the open-air area of archeoParc Val Senales in South Tyrol&lt;\/em&gt;&lt;\/p&gt;&lt;p&gt;&lt;strong&gt;Fotograf:&lt;\/strong&gt; &lt;em&gt;Ganesh Neumair&lt;\/em&gt;&lt;\/p&gt;&lt;p&gt;&lt;strong&gt;Gr\u00f6\u00dfe:&lt;\/strong&gt; &lt;em&gt;2700x3600px&lt;\/em&gt;&lt;\/p&gt;&lt;p&gt;&lt;strong&gt;Frei zur nicht-kommerziellen Ver\u00f6ffentlichung mit dem Vermerk:&lt;\/strong&gt; &lt;br&gt;&lt;em&gt; archeoParc Schnalstal, photo: Ganesh Neumair&lt;\/em&gt;&lt;p&gt;&lt;a href=&quot;https:\/\/www.archeoparc.it\/wp-content\/uploads\/GAN1812__7033204_ed_med.jpg&quot; class=&quot;archeo_button&quot;&gt;Download&lt;\/a&gt; &lt;\/p&gt;' ><img src='https:\/\/www.archeoparc.it\/wp-content\/uploads\/GAN1812__7033204_ed_med-100x100.jpg'><\/a><\/li><li><a href='https:\/\/www.archeoparc.it\/wp-content\/uploads\/GAN1812__7033190_ed_med-1024x780.jpg' class='thickbox'  title='&lt;p&gt;&lt;strong&gt;Bildtext: &lt;\/strong&gt;&lt;\/p&gt;&lt;p style=&quot;margin-left:2em;&quot;&gt;&lt;em&gt;&lt;strong&gt;deutsch: &lt;\/strong&gt;Innenansicht der jungsteinzeitlichen Hausrekonstruktion Villanders-Plunacker im Freilichtbereich des archeoParc Schnalstal&lt;\/em&gt;&lt;\/p&gt;&lt;p style=&quot;margin-left:2em;&quot;&gt;&lt;em&gt;&lt;strong&gt;italiano: &lt;\/strong&gt;Vista interna della casa neolitica ricostruita di Villandro-Plunacker nell\u2019area all\u2019aperto dell\u2019archeoParc Val Senales&lt;\/em&gt;&lt;\/p&gt;&lt;p style=&quot;margin-left:2em;&quot;&gt;&lt;em&gt;&lt;strong&gt;english: &lt;\/strong&gt;Inside view of the Neolithic house reconstruction Villandro-Plunacker at the open-air area of archeoParc Val Senales&lt;\/em&gt;&lt;\/p&gt;&lt;p&gt;&lt;strong&gt;Fotograf:&lt;\/strong&gt; &lt;em&gt;Ganesh Neumair&lt;\/em&gt;&lt;\/p&gt;&lt;p&gt;&lt;strong&gt;Gr\u00f6\u00dfe:&lt;\/strong&gt; &lt;em&gt;3600x2741px&lt;\/em&gt;&lt;\/p&gt;&lt;p&gt;&lt;strong&gt;Frei zur nicht-kommerziellen Ver\u00f6ffentlichung mit dem Vermerk:&lt;\/strong&gt; &lt;br&gt;&lt;em&gt; archeoParc Schnalstal, photo: Ganesh Neumair&lt;\/em&gt;&lt;p&gt;&lt;a href=&quot;https:\/\/www.archeoparc.it\/wp-content\/uploads\/GAN1812__7033190_ed_med.jpg&quot; class=&quot;archeo_button&quot;&gt;Download&lt;\/a&gt; &lt;\/p&gt;' ><img src='https:\/\/www.archeoparc.it\/wp-content\/uploads\/GAN1812__7033190_ed_med-100x100.jpg'><\/a><\/li><li><a href='https:\/\/www.archeoparc.it\/wp-content\/uploads\/archeoparc-schnalstal-press-16027-1024x680.jpg' class='thickbox'  title='&lt;p&gt;&lt;strong&gt;Bildtext: &lt;\/strong&gt;&lt;\/p&gt;&lt;p style=&quot;margin-left:2em;&quot;&gt;&lt;em&gt;&lt;strong&gt;deutsch: &lt;\/strong&gt;Jungsteinzeitliches Hausmodell im Freilichtbereich des archeoParc Schnalstal in der N\u00e4he der \u00d6tzifundstelle in S\u00fcdtirol, basierend auf dem Grabungsbefund von Arbon Bleiche (CH), 3.384 bis 3.370 v.Chr.&lt;\/em&gt;&lt;\/p&gt;&lt;p style=&quot;margin-left:2em;&quot;&gt;&lt;em&gt;&lt;strong&gt;italiano: &lt;\/strong&gt;Ricostruzione di una capanna dell\u2019epoca di \u00d6tzi nell\u2019area all\u2019aperto dell\u2019archeoParc della val Senales, basata sullo scavo di Arbon Bleiche (CH), 3384-3370 a.C.&lt;\/em&gt;&lt;\/p&gt;&lt;p style=&quot;margin-left:2em;&quot;&gt;&lt;em&gt;&lt;strong&gt;english: &lt;\/strong&gt;Neolithic house reconstruction at the archeological open-air museum archeoParc Val Senales close to the discovery site of the Iceman in northern Italy. The reconstruction is based on the archeological record of Arbon Bleiche (CH), 3384-3370 BC.&lt;\/em&gt;&lt;\/p&gt;&lt;p&gt;&lt;strong&gt;Fotograf:&lt;\/strong&gt; &lt;em&gt;Johanna Niederkofler&lt;\/em&gt;&lt;\/p&gt;&lt;p&gt;&lt;strong&gt;Gr\u00f6\u00dfe:&lt;\/strong&gt; &lt;em&gt;4288x2848px&lt;\/em&gt;&lt;\/p&gt;&lt;p&gt;&lt;strong&gt;Frei zur nicht-kommerziellen Ver\u00f6ffentlichung mit dem Vermerk:&lt;\/strong&gt; &lt;br&gt;&lt;em&gt;archeoParc Schnalstal, photo: Johanna Niederkofler&lt;\/em&gt;&lt;p&gt;&lt;a href=&quot;https:\/\/www.archeoparc.it\/wp-content\/uploads\/archeoparc-schnalstal-press-16027.jpg&quot; class=&quot;archeo_button&quot;&gt;Download&lt;\/a&gt; &lt;\/p&gt;' ><img src='https:\/\/www.archeoparc.it\/wp-content\/uploads\/archeoparc-schnalstal-press-16027-100x100.jpg'><\/a><\/li><li><a href='https:\/\/www.archeoparc.it\/wp-content\/uploads\/archeoparc-schnalstal-press-16050-1024x768.jpg' class='thickbox'  title='&lt;p&gt;&lt;strong&gt;Bildtext: &lt;\/strong&gt;&lt;\/p&gt;&lt;p style=&quot;margin-left:2em;&quot;&gt;&lt;em&gt;&lt;strong&gt;deutsch: &lt;\/strong&gt;Eines der jungsteinzeitliche Hausmodelle im Freilichtbereich des archeoParc Schnalstal in der N\u00e4he der \u00d6tzifundstelle in S\u00fcdtirol im Winter&lt;\/em&gt;&lt;\/p&gt;&lt;p style=&quot;margin-left:2em;&quot;&gt;&lt;em&gt;&lt;strong&gt;italiano: &lt;\/strong&gt;Una delle ricostruzioni di capanne dell\u2019epoca di \u00d6tzi nell\u2019area all\u2019aperto dell\u2019archeoParc della val Senales durante l\u2019inverno&lt;\/em&gt;&lt;\/p&gt;&lt;p style=&quot;margin-left:2em;&quot;&gt;&lt;em&gt;&lt;strong&gt;english: &lt;\/strong&gt;One of the neolithic house reconstructions at the archeological open-air museum archeoParc Val Senales close to the discovery site of the Iceman in northern Italy during winter&lt;\/em&gt;&lt;\/p&gt;&lt;p&gt;&lt;strong&gt;Fotograf:&lt;\/strong&gt; &lt;em&gt;Johanna Niederkofler&lt;\/em&gt;&lt;\/p&gt;&lt;p&gt;&lt;strong&gt;Gr\u00f6\u00dfe:&lt;\/strong&gt; &lt;em&gt;3648x2736px&lt;\/em&gt;&lt;\/p&gt;&lt;p&gt;&lt;strong&gt;Frei zur nicht-kommerziellen Ver\u00f6ffentlichung mit dem Vermerk:&lt;\/strong&gt; &lt;br&gt;&lt;em&gt;archeoParc Schnalstal, photo: Johanna Niederkofler&lt;\/em&gt;&lt;p&gt;&lt;a href=&quot;https:\/\/www.archeoparc.it\/wp-content\/uploads\/archeoparc-schnalstal-press-16050.jpg&quot; class=&quot;archeo_button&quot;&gt;Download&lt;\/a&gt; &lt;\/p&gt;' ><img src='https:\/\/www.archeoparc.it\/wp-content\/uploads\/archeoparc-schnalstal-press-16050-100x100.jpg'><\/a><\/li><li><a href='https:\/\/www.archeoparc.it\/wp-content\/uploads\/archeoparc-schnalstal-press-16013-1024x768.jpg' class='thickbox'  title='&lt;p&gt;&lt;strong&gt;Bildtext: &lt;\/strong&gt;&lt;\/p&gt;&lt;p style=&quot;margin-left:2em;&quot;&gt;&lt;em&gt;&lt;strong&gt;deutsch: &lt;\/strong&gt;Hauptgeb\u00e4ude des arch\u00e4ologischen Freilichtmuseums \u00bbarcheoParc Schnalstal\u00ab in der N\u00e4he der \u00d6tzifundstelle in S\u00fcdtirol&lt;\/em&gt;&lt;\/p&gt;&lt;p style=&quot;margin-left:2em;&quot;&gt;&lt;em&gt;&lt;strong&gt;italiano: &lt;\/strong&gt;Nel centro visitatori del parco archeologico didattico della val Senales si scopre il mondo dell\u2019Uomo venuto dal ghiaccio&lt;\/em&gt;&lt;\/p&gt;&lt;p style=&quot;margin-left:2em;&quot;&gt;&lt;em&gt;&lt;strong&gt;english: &lt;\/strong&gt;Exhibition building of the archaeological open-air museum archeoParc Val Senales close to the discovery site of the Iceman in northern Italy&lt;\/em&gt;&lt;\/p&gt;&lt;p&gt;&lt;strong&gt;Fotograf:&lt;\/strong&gt; &lt;em&gt;ganeshGraphics&lt;\/em&gt;&lt;\/p&gt;&lt;p&gt;&lt;strong&gt;Gr\u00f6\u00dfe:&lt;\/strong&gt; &lt;em&gt;3648x2736px&lt;\/em&gt;&lt;\/p&gt;&lt;p&gt;&lt;strong&gt;Frei zur nicht-kommerziellen Ver\u00f6ffentlichung mit dem Vermerk:&lt;\/strong&gt; &lt;br&gt;&lt;em&gt;archeoParc Schnalstal, photo: ganeshGraphics&lt;\/em&gt;&lt;p&gt;&lt;a href=&quot;https:\/\/www.archeoparc.it\/wp-content\/uploads\/archeoparc-schnalstal-press-16013.jpg&quot; class=&quot;archeo_button&quot;&gt;Download&lt;\/a&gt; &lt;\/p&gt;' ><img src='https:\/\/www.archeoparc.it\/wp-content\/uploads\/archeoparc-schnalstal-press-16013-100x100.jpg'><\/a><\/li><li><a href='https:\/\/www.archeoparc.it\/wp-content\/uploads\/archeoparc-schnalstal-press-16015-1024x768.jpg' class='thickbox'  title='&lt;p&gt;&lt;strong&gt;Bildtext: &lt;\/strong&gt;&lt;\/p&gt;&lt;p style=&quot;margin-left:2em;&quot;&gt;&lt;em&gt;&lt;strong&gt;deutsch: &lt;\/strong&gt;Besucherzentrum und Freilichtbereich des archeoParc Schnalstal&lt;\/em&gt;&lt;\/p&gt;&lt;p style=&quot;margin-left:2em;&quot;&gt;&lt;em&gt;&lt;strong&gt;italiano: &lt;\/strong&gt;Centro visitatori e parco archeologico didattico dell\u2019archeoParc della val Senales&lt;\/em&gt;&lt;\/p&gt;&lt;p style=&quot;margin-left:2em;&quot;&gt;&lt;em&gt;&lt;strong&gt;english: &lt;\/strong&gt;Exhibition building and outside area of the archaeological open-air museum archeoParc Val Senales close to the discovery site of the Iceman in northern Italy&lt;\/em&gt;&lt;\/p&gt;&lt;p&gt;&lt;strong&gt;Fotograf:&lt;\/strong&gt; &lt;em&gt;ganeshGraphics&lt;\/em&gt;&lt;\/p&gt;&lt;p&gt;&lt;strong&gt;Gr\u00f6\u00dfe:&lt;\/strong&gt; &lt;em&gt;3648x2736px&lt;\/em&gt;&lt;\/p&gt;&lt;p&gt;&lt;strong&gt;Frei zur nicht-kommerziellen Ver\u00f6ffentlichung mit dem Vermerk:&lt;\/strong&gt; &lt;br&gt;&lt;em&gt;archeoParc Schnalstal, photo: ganeshGraphics&lt;\/em&gt;&lt;p&gt;&lt;a href=&quot;https:\/\/www.archeoparc.it\/wp-content\/uploads\/archeoparc-schnalstal-press-16015.jpg&quot; class=&quot;archeo_button&quot;&gt;Download&lt;\/a&gt; &lt;\/p&gt;' ><img src='https:\/\/www.archeoparc.it\/wp-content\/uploads\/archeoparc-schnalstal-press-16015-100x100.jpg'><\/a><\/li><li><a href='https:\/\/www.archeoparc.it\/wp-content\/uploads\/archeoparc-schnalstal-press-16011-1024x768.jpg' class='thickbox'  title='&lt;p&gt;&lt;strong&gt;Bildtext: &lt;\/strong&gt;&lt;\/p&gt;&lt;p style=&quot;margin-left:2em;&quot;&gt;&lt;em&gt;&lt;strong&gt;deutsch: &lt;\/strong&gt;Zwei jungsteinzeitliche Hausmodelle im Freilichtbereich des archeoParc Schnalstal in der N\u00e4he der \u00d6tzifundstelle in S\u00fcdtirol&lt;\/em&gt;&lt;\/p&gt;&lt;p style=&quot;margin-left:2em;&quot;&gt;&lt;em&gt;&lt;strong&gt;italiano: &lt;\/strong&gt;Due ricostruzioni di capanne dell\u2019epoca di \u00d6tzi nell\u2019area all\u2019aperto dell\u2019archeoParc della val Senales&lt;\/em&gt;&lt;\/p&gt;&lt;p style=&quot;margin-left:2em;&quot;&gt;&lt;em&gt;&lt;strong&gt;english: &lt;\/strong&gt;Two neolithic house reconstructions at the archeological open-air museum archeoParc Val Senales close to the discovery site of the Iceman in northern Italy&lt;\/em&gt;&lt;\/p&gt;&lt;p&gt;&lt;strong&gt;Fotograf:&lt;\/strong&gt; &lt;em&gt;ganeshGraphics&lt;\/em&gt;&lt;\/p&gt;&lt;p&gt;&lt;strong&gt;Gr\u00f6\u00dfe:&lt;\/strong&gt; &lt;em&gt;3648x2736px&lt;\/em&gt;&lt;\/p&gt;&lt;p&gt;&lt;strong&gt;Frei zur nicht-kommerziellen Ver\u00f6ffentlichung mit dem Vermerk:&lt;\/strong&gt; &lt;br&gt;&lt;em&gt;archeoParc Schnalstal, photo: ganeshGraphics&lt;\/em&gt;&lt;p&gt;&lt;a href=&quot;https:\/\/www.archeoparc.it\/wp-content\/uploads\/archeoparc-schnalstal-press-16011.jpg&quot; class=&quot;archeo_button&quot;&gt;Download&lt;\/a&gt; &lt;\/p&gt;' ><img src='https:\/\/www.archeoparc.it\/wp-content\/uploads\/archeoparc-schnalstal-press-16011-100x100.jpg'><\/a><\/li><li><a href='https:\/\/www.archeoparc.it\/wp-content\/uploads\/archeoparc-schnalstal-press-16009-1024x768.jpg' class='thickbox'  title='&lt;p&gt;&lt;strong&gt;Bildtext: &lt;\/strong&gt;&lt;\/p&gt;&lt;p style=&quot;margin-left:2em;&quot;&gt;&lt;em&gt;&lt;strong&gt;deutsch: &lt;\/strong&gt;Zwei jungsteinzeitliche Hausmodelle im Freilichtbereich des archeoParc Schnalstal in der N\u00e4he der \u00d6tzifundstelle in S\u00fcdtirol&lt;\/em&gt;&lt;\/p&gt;&lt;p style=&quot;margin-left:2em;&quot;&gt;&lt;em&gt;&lt;strong&gt;italiano: &lt;\/strong&gt;Due ricostruzioni di capanne dell\u2019epoca di \u00d6tzi nell\u2019area all\u2019aperto dell\u2019archeoParc della val Senales&lt;\/em&gt;&lt;\/p&gt;&lt;p style=&quot;margin-left:2em;&quot;&gt;&lt;em&gt;&lt;strong&gt;english: &lt;\/strong&gt;Two neolithic house reconstructions at the archeological open-air museum archeoParc Val Senales close to the discovery site of the Iceman in northern Italy&lt;\/em&gt;&lt;\/p&gt;&lt;p&gt;&lt;strong&gt;Fotograf:&lt;\/strong&gt; &lt;em&gt;ganeshGraphics&lt;\/em&gt;&lt;\/p&gt;&lt;p&gt;&lt;strong&gt;Gr\u00f6\u00dfe:&lt;\/strong&gt; &lt;em&gt;3648x2736px&lt;\/em&gt;&lt;\/p&gt;&lt;p&gt;&lt;strong&gt;Frei zur nicht-kommerziellen Ver\u00f6ffentlichung mit dem Vermerk:&lt;\/strong&gt; &lt;br&gt;&lt;em&gt;archeoParc Schnalstal, photo: ganeshGraphics&lt;\/em&gt;&lt;p&gt;&lt;a href=&quot;https:\/\/www.archeoparc.it\/wp-content\/uploads\/archeoparc-schnalstal-press-16009.jpg&quot; class=&quot;archeo_button&quot;&gt;Download&lt;\/a&gt; &lt;\/p&gt;' ><img src='https:\/\/www.archeoparc.it\/wp-content\/uploads\/archeoparc-schnalstal-press-16009-100x100.jpg'><\/a><\/li><\/ul><\/p>\n\n\n\n<p><strong>E<a id=\"exhibitions\"><\/a>xhibitions<br><\/strong><br><ul  class=\"pressebilder\"><li><a href='https:\/\/www.archeoparc.it\/wp-content\/uploads\/GAN1812_B0006481_ed_med-1024x767.jpg' class='thickbox'  title='&lt;p&gt;&lt;strong&gt;Bildtext: &lt;\/strong&gt;&lt;\/p&gt;&lt;p style=&quot;margin-left:2em;&quot;&gt;&lt;em&gt;&lt;strong&gt;deutsch: &lt;\/strong&gt;Zeitnischen in den Ausstellungen des archeoParc Schnalstal illustrieren die Geschichte des Tales, in dem \u00d6tzi gefunden wurde&lt;\/em&gt;&lt;\/p&gt;&lt;p style=&quot;margin-left:2em;&quot;&gt;&lt;em&gt;&lt;strong&gt;italiano: &lt;\/strong&gt;Disegni e fotografie illustrano la storia della valle nella quale fu trovato \u00d6tzi nelle mostre dell\u2019archeoParc Val Senales&lt;\/em&gt;&lt;\/p&gt;&lt;p style=&quot;margin-left:2em;&quot;&gt;&lt;em&gt;&lt;strong&gt;english: &lt;\/strong&gt;A part of the exhibition at the archaeological open-air museum archeoParc val Senales explains the history of val Senales valley using drawings and photos&lt;\/em&gt;&lt;\/p&gt;&lt;p&gt;&lt;strong&gt;Fotograf:&lt;\/strong&gt; &lt;em&gt;Ganesh Neumair&lt;\/em&gt;&lt;\/p&gt;&lt;p&gt;&lt;strong&gt;Gr\u00f6\u00dfe:&lt;\/strong&gt; &lt;em&gt;3600x2698px&lt;\/em&gt;&lt;\/p&gt;&lt;p&gt;&lt;strong&gt;Frei zur nicht-kommerziellen Ver\u00f6ffentlichung mit dem Vermerk:&lt;\/strong&gt; &lt;br&gt;&lt;em&gt;archeoParc Schnalstal, photo: Ganesh Neumair&lt;\/em&gt;&lt;p&gt;&lt;a href=&quot;https:\/\/www.archeoparc.it\/wp-content\/uploads\/GAN1812_B0006481_ed_med.jpg&quot; class=&quot;archeo_button&quot;&gt;Download&lt;\/a&gt; &lt;\/p&gt;' ><img src='https:\/\/www.archeoparc.it\/wp-content\/uploads\/GAN1812_B0006481_ed_med-100x100.jpg'><\/a><\/li><li><a href='https:\/\/www.archeoparc.it\/wp-content\/uploads\/GAN1812_B0006443_ed_med-1024x767.jpg' class='thickbox'  title='&lt;p&gt;&lt;strong&gt;Bildtext: &lt;\/strong&gt;&lt;\/p&gt;&lt;p style=&quot;margin-left:2em;&quot;&gt;&lt;em&gt;&lt;strong&gt;deutsch: &lt;\/strong&gt;Besucher in der neugestalteten Ausstellung \u201cDas Tal, in dem man \u00d6tzi fand\u201d im Besucherzentrum des archeoParc Schnalstal in S\u00fcdtirol&lt;\/em&gt;&lt;\/p&gt;&lt;p style=&quot;margin-left:2em;&quot;&gt;&lt;em&gt;&lt;strong&gt;italiano: &lt;\/strong&gt;Visitatori nella nuova mostra \u201cLa scoperta\u201d nel centro visitatori nell\u2019archeoParc Val Senales in Alto Adige&lt;\/em&gt;&lt;\/p&gt;&lt;p style=&quot;margin-left:2em;&quot;&gt;&lt;em&gt;&lt;strong&gt;english: &lt;\/strong&gt;Visitors at the new exhibition at the vistor centre of the archeoParc Val Senales in northern Italy&lt;\/em&gt;&lt;\/p&gt;&lt;p&gt;&lt;strong&gt;Fotograf:&lt;\/strong&gt; &lt;em&gt;Ganesh Neumair&lt;\/em&gt;&lt;\/p&gt;&lt;p&gt;&lt;strong&gt;Gr\u00f6\u00dfe:&lt;\/strong&gt; &lt;em&gt;3600x2698px&lt;\/em&gt;&lt;\/p&gt;&lt;p&gt;&lt;strong&gt;Frei zur nicht-kommerziellen Ver\u00f6ffentlichung mit dem Vermerk:&lt;\/strong&gt; &lt;br&gt;&lt;em&gt;archeoParc Schnalstal, photo: Ganesh Neumair&lt;\/em&gt;&lt;p&gt;&lt;a href=&quot;https:\/\/www.archeoparc.it\/wp-content\/uploads\/GAN1812_B0006443_ed_med.jpg&quot; class=&quot;archeo_button&quot;&gt;Download&lt;\/a&gt; &lt;\/p&gt;' ><img src='https:\/\/www.archeoparc.it\/wp-content\/uploads\/GAN1812_B0006443_ed_med-100x100.jpg'><\/a><\/li><li><a href='https:\/\/www.archeoparc.it\/wp-content\/uploads\/GAN1812_B0006434_ed_med-1024x813.jpg' class='thickbox'  title='&lt;p&gt;&lt;strong&gt;Bildtext: &lt;\/strong&gt;&lt;\/p&gt;&lt;p style=&quot;margin-left:2em;&quot;&gt;&lt;em&gt;&lt;strong&gt;deutsch: &lt;\/strong&gt;Installation im neugestalteten Besucherzentrum des archeoParc Schnalstal in S\u00fcdtirol&lt;\/em&gt;&lt;\/p&gt;&lt;p style=&quot;margin-left:2em;&quot;&gt;&lt;em&gt;&lt;strong&gt;italiano: &lt;\/strong&gt;Installazione nel nuovo centro visitatori nell\u2019archeoParc Val Senales&lt;\/em&gt;&lt;\/p&gt;&lt;p style=&quot;margin-left:2em;&quot;&gt;&lt;em&gt;&lt;strong&gt;english: &lt;\/strong&gt;Installation at the new visitor centre of archeoParc Val Senales in northern Italy&lt;\/em&gt;&lt;\/p&gt;&lt;p&gt;&lt;strong&gt;Fotograf:&lt;\/strong&gt; &lt;em&gt;Ganesh Neumair&lt;\/em&gt;&lt;\/p&gt;&lt;p&gt;&lt;strong&gt;Gr\u00f6\u00dfe:&lt;\/strong&gt; &lt;em&gt;3600x2858px&lt;\/em&gt;&lt;\/p&gt;&lt;p&gt;&lt;strong&gt;Frei zur nicht-kommerziellen Ver\u00f6ffentlichung mit dem Vermerk:&lt;\/strong&gt; &lt;br&gt;&lt;em&gt;archeoParc Schnalstal, photo: Ganesh Neumair&lt;\/em&gt;&lt;p&gt;&lt;a href=&quot;https:\/\/www.archeoparc.it\/wp-content\/uploads\/GAN1812_B0006434_ed_med.jpg&quot; class=&quot;archeo_button&quot;&gt;Download&lt;\/a&gt; &lt;\/p&gt;' ><img src='https:\/\/www.archeoparc.it\/wp-content\/uploads\/GAN1812_B0006434_ed_med-100x100.jpg'><\/a><\/li><li><a href='https:\/\/www.archeoparc.it\/wp-content\/uploads\/GAN1812_B0006421_ed_med-1024x795.jpg' class='thickbox'  title='&lt;p&gt;&lt;strong&gt;Bildtext: &lt;\/strong&gt;&lt;\/p&gt;&lt;p style=&quot;margin-left:2em;&quot;&gt;&lt;em&gt;&lt;strong&gt;deutsch: &lt;\/strong&gt;Besucher in der Ausstellung zum Lebensraum des \u00d6tzi im Besucherzentrum des archeoParc Schnalstal&lt;\/em&gt;&lt;\/p&gt;&lt;p style=&quot;margin-left:2em;&quot;&gt;&lt;em&gt;&lt;strong&gt;italiano: &lt;\/strong&gt;Visitatore nel percorso espositivo sulla vita di \u00d6tzi nel centro visitatori dell\u2019archeoParc Val Senales&lt;\/em&gt;&lt;\/p&gt;&lt;p style=&quot;margin-left:2em;&quot;&gt;&lt;em&gt;&lt;strong&gt;english: &lt;\/strong&gt;Visitor at the exhibition on how the Iceman lived at the visitor centre of archeoParc Val Senales&lt;\/em&gt;&lt;\/p&gt;&lt;p&gt;&lt;strong&gt;Fotograf:&lt;\/strong&gt; &lt;em&gt;Ganesh Neumair&lt;\/em&gt;&lt;\/p&gt;&lt;p&gt;&lt;strong&gt;Gr\u00f6\u00dfe:&lt;\/strong&gt; &lt;em&gt;3600x2795px&lt;\/em&gt;&lt;\/p&gt;&lt;p&gt;&lt;strong&gt;Frei zur nicht-kommerziellen Ver\u00f6ffentlichung mit dem Vermerk:&lt;\/strong&gt; &lt;br&gt;&lt;em&gt; archeoParc Schnalstal, photo: Ganesh Neumair&lt;\/em&gt;&lt;p&gt;&lt;a href=&quot;https:\/\/www.archeoparc.it\/wp-content\/uploads\/GAN1812_B0006421_ed_med.jpg&quot; class=&quot;archeo_button&quot;&gt;Download&lt;\/a&gt; &lt;\/p&gt;' ><img src='https:\/\/www.archeoparc.it\/wp-content\/uploads\/GAN1812_B0006421_ed_med-100x100.jpg'><\/a><\/li><li><a href='https:\/\/www.archeoparc.it\/wp-content\/uploads\/archeoparc-schnalstal-press-18001-1024x683.jpg' class='thickbox'  title='&lt;p&gt;&lt;strong&gt;Bildtext: &lt;\/strong&gt;&lt;\/p&gt;&lt;p style=&quot;margin-left:2em;&quot;&gt;&lt;em&gt;&lt;strong&gt;deutsch: &lt;\/strong&gt;Zeitnischen in den Ausstellungen des archeoParc Schnalstal illustrieren die Geschichte des Tales, in dem \u00d6tzi gefunden wurde&lt;\/em&gt;&lt;\/p&gt;&lt;p style=&quot;margin-left:2em;&quot;&gt;&lt;em&gt;&lt;strong&gt;italiano: &lt;\/strong&gt;Disegni e fotografie illustrano la storia della valle nella quale fu trovato \u00d6tzi nelle mostre dell\u2019archeoParc Val Senales&lt;\/em&gt;&lt;\/p&gt;&lt;p style=&quot;margin-left:2em;&quot;&gt;&lt;em&gt;&lt;strong&gt;english: &lt;\/strong&gt;A part of the exhibition at the archaeological open-air museum archeoParc val Senales explains the history of val Senales vally using drawings and photos&lt;\/em&gt;&lt;\/p&gt;&lt;p&gt;&lt;strong&gt;Fotograf:&lt;\/strong&gt; &lt;em&gt;Peter Santer&lt;\/em&gt;&lt;\/p&gt;&lt;p&gt;&lt;strong&gt;Gr\u00f6\u00dfe:&lt;\/strong&gt; &lt;em&gt;5760x3840px&lt;\/em&gt;&lt;\/p&gt;&lt;p&gt;&lt;strong&gt;Frei zur nicht-kommerziellen Ver\u00f6ffentlichung mit dem Vermerk:&lt;\/strong&gt; &lt;br&gt;&lt;em&gt;archeoParc Schnalstal, photo: Peter Santer&lt;\/em&gt;&lt;p&gt;&lt;a href=&quot;https:\/\/www.archeoparc.it\/wp-content\/uploads\/archeoparc-schnalstal-press-18001.jpg&quot; class=&quot;archeo_button&quot;&gt;Download&lt;\/a&gt; &lt;\/p&gt;' ><img src='https:\/\/www.archeoparc.it\/wp-content\/uploads\/archeoparc-schnalstal-press-18001-100x100.jpg'><\/a><\/li><li><a href='https:\/\/www.archeoparc.it\/wp-content\/uploads\/archeoparc-schnalstal-press-18003-1024x680.jpg' class='thickbox'  title='&lt;p&gt;&lt;strong&gt;Bildtext: &lt;\/strong&gt;&lt;\/p&gt;&lt;p style=&quot;margin-left:2em;&quot;&gt;&lt;em&gt;&lt;strong&gt;deutsch: &lt;\/strong&gt;Rekonstruktionen von \u00d6tzis Kleidung und Ausr\u00fcstungsgegenst\u00e4nden zum Anfassen finden sich in der Dauerausstellung \u201cFlora Fauna Mensch\u201d im Besucherzentrum des archeoParc Schnalstal in S\u00fcdtirol&lt;\/em&gt;&lt;\/p&gt;&lt;p style=&quot;margin-left:2em;&quot;&gt;&lt;em&gt;&lt;strong&gt;italiano: &lt;\/strong&gt;Ricostruzioni dell\u2019abbigliamento e dell\u2019equipaggiamento di \u00d6tzi da toccare si trovano nella mostra \u201cMa \u00d6tzi, dove viveva?\u201d nel centro visitatori dell\u2019archeoParc della val Senales in Alto Adige&lt;\/em&gt;&lt;\/p&gt;&lt;p style=&quot;margin-left:2em;&quot;&gt;&lt;em&gt;&lt;strong&gt;english: &lt;\/strong&gt;In the exhibition \u201cPrimitive? Skilled!\u201d at archeoParc Val Senales, visitors can see and touch reconstructions of \u00d6tzi\u2019s cloths and equipment&lt;\/em&gt;&lt;\/p&gt;&lt;p&gt;&lt;strong&gt;Fotograf:&lt;\/strong&gt; &lt;em&gt;Johanna Niederkofler&lt;\/em&gt;&lt;\/p&gt;&lt;p&gt;&lt;strong&gt;Gr\u00f6\u00dfe:&lt;\/strong&gt; &lt;em&gt;4288x2848px&lt;\/em&gt;&lt;\/p&gt;&lt;p&gt;&lt;strong&gt;Frei zur nicht-kommerziellen Ver\u00f6ffentlichung mit dem Vermerk:&lt;\/strong&gt; &lt;br&gt;&lt;em&gt;archeoParc Schnalstal, photo: Johanna Niederkofler&lt;\/em&gt;&lt;p&gt;&lt;a href=&quot;https:\/\/www.archeoparc.it\/wp-content\/uploads\/archeoparc-schnalstal-press-18003.jpg&quot; class=&quot;archeo_button&quot;&gt;Download&lt;\/a&gt; &lt;\/p&gt;' ><img src='https:\/\/www.archeoparc.it\/wp-content\/uploads\/archeoparc-schnalstal-press-18003-100x100.jpg'><\/a><\/li><li><a href='https:\/\/www.archeoparc.it\/wp-content\/uploads\/archeoparc-schnalstal-press-18004-1024x683.jpg' class='thickbox'  title='&lt;p&gt;&lt;strong&gt;Bildtext: &lt;\/strong&gt;&lt;\/p&gt;&lt;p style=&quot;margin-left:2em;&quot;&gt;&lt;em&gt;&lt;strong&gt;deutsch: &lt;\/strong&gt;Detail des Modells der \u00d6tzifundstelle in Skala 1:3 im Besucherzentrum des archeoParc Schnalstal in S\u00fcdtirol&lt;\/em&gt;&lt;\/p&gt;&lt;p style=&quot;margin-left:2em;&quot;&gt;&lt;em&gt;&lt;strong&gt;italiano: &lt;\/strong&gt;Dettaglio del modello della conca nella quale fu trovato \u00d6tzi (in scala 1:3) nel centro visitatori dell\u2019archeoParc della val Senales in Alto Adige&lt;\/em&gt;&lt;\/p&gt;&lt;p style=&quot;margin-left:2em;&quot;&gt;&lt;em&gt;&lt;strong&gt;english: &lt;\/strong&gt;Detail of the model of \u00d6tzi\u2019s finding spot (scale 1:3) the Visitors centre of the archaeological open-air museum in val Senales valley in South Tyrol in northern Italy&lt;\/em&gt;&lt;\/p&gt;&lt;p&gt;&lt;strong&gt;Fotograf:&lt;\/strong&gt; &lt;em&gt;Peter Santer&lt;\/em&gt;&lt;\/p&gt;&lt;p&gt;&lt;strong&gt;Gr\u00f6\u00dfe:&lt;\/strong&gt; &lt;em&gt;5760x3840px&lt;\/em&gt;&lt;\/p&gt;&lt;p&gt;&lt;strong&gt;Frei zur nicht-kommerziellen Ver\u00f6ffentlichung mit dem Vermerk:&lt;\/strong&gt; &lt;br&gt;&lt;em&gt;archeoParc Schnalstal, photo: Peter Santer&lt;\/em&gt;&lt;p&gt;&lt;a href=&quot;https:\/\/www.archeoparc.it\/wp-content\/uploads\/archeoparc-schnalstal-press-18004.jpg&quot; class=&quot;archeo_button&quot;&gt;Download&lt;\/a&gt; &lt;\/p&gt;' ><img src='https:\/\/www.archeoparc.it\/wp-content\/uploads\/archeoparc-schnalstal-press-18004-100x100.jpg'><\/a><\/li><li><a href='https:\/\/www.archeoparc.it\/wp-content\/uploads\/archeoparc-schnalstal-press-18005-1024x683.jpg' class='thickbox'  title='&lt;p&gt;&lt;strong&gt;Bildtext: &lt;\/strong&gt;&lt;\/p&gt;&lt;p style=&quot;margin-left:2em;&quot;&gt;&lt;em&gt;&lt;strong&gt;deutsch: &lt;\/strong&gt;Ein Blick in die Dauerausstellung \u201cFlora Fauna Mensch\u201c zum Lebensraum des \u00d6tzi im Besucherzentrum des archeoParc Schnalstal in S\u00fcdtirol&lt;\/em&gt;&lt;\/p&gt;&lt;p style=&quot;margin-left:2em;&quot;&gt;&lt;em&gt;&lt;strong&gt;italiano: &lt;\/strong&gt;Una parte della mostra permanente \u201cMa \u00d6tzi, dove viveva?\u201d sull\u2019ambiente di vita dell\u2019Uomo venuto dal ghiaccio nel centro visitatori dell\u2019archeoParc della val Senales in Alto Adige&lt;\/em&gt;&lt;\/p&gt;&lt;p style=&quot;margin-left:2em;&quot;&gt;&lt;em&gt;&lt;strong&gt;english: &lt;\/strong&gt;A part of the exhibition \u201cPrimitive? Skilled!\u201e on how the Iceman lived at the Visitors centre of the archaeological open-air museum in val Senales valley in South Tyrol in northern Italy&lt;\/em&gt;&lt;\/p&gt;&lt;p&gt;&lt;strong&gt;Fotograf:&lt;\/strong&gt; &lt;em&gt;Peter Santer&lt;\/em&gt;&lt;\/p&gt;&lt;p&gt;&lt;strong&gt;Gr\u00f6\u00dfe:&lt;\/strong&gt; &lt;em&gt;5760x3840px&lt;\/em&gt;&lt;\/p&gt;&lt;p&gt;&lt;strong&gt;Frei zur nicht-kommerziellen Ver\u00f6ffentlichung mit dem Vermerk:&lt;\/strong&gt; &lt;br&gt;&lt;em&gt;archeoParc Schnalstal, photo: Peter Santer&lt;\/em&gt;&lt;p&gt;&lt;a href=&quot;https:\/\/www.archeoparc.it\/wp-content\/uploads\/archeoparc-schnalstal-press-18005.jpg&quot; class=&quot;archeo_button&quot;&gt;Download&lt;\/a&gt; &lt;\/p&gt;' ><img src='https:\/\/www.archeoparc.it\/wp-content\/uploads\/archeoparc-schnalstal-press-18005-100x100.jpg'><\/a><\/li><li><a href='https:\/\/www.archeoparc.it\/wp-content\/uploads\/archeoparc-schnalstal-press-18002-1024x680.jpg' class='thickbox'  title='&lt;p&gt;&lt;strong&gt;Bildtext: &lt;\/strong&gt;&lt;\/p&gt;&lt;p style=&quot;margin-left:2em;&quot;&gt;&lt;em&gt;&lt;strong&gt;deutsch: &lt;\/strong&gt;Eingangspanel der Ausstellung \u201eFlora Fauna Mensch\u201c zum Lebensraum des \u00d6tzi im Besucherzentrum des archeoParc Schnalstal in S\u00fcdtirol&lt;\/em&gt;&lt;\/p&gt;&lt;p style=&quot;margin-left:2em;&quot;&gt;&lt;em&gt;&lt;strong&gt;italiano: &lt;\/strong&gt;Ingresso della mostra \u201cMa \u00d6tzi, dove viveva?\u201d sull\u2019ambiente di vita dell\u2019Uomo venuto dal ghiaccio nel centro visitatori dell\u2019archeoParc della val Senales in Alto Adige&lt;\/em&gt;&lt;\/p&gt;&lt;p style=&quot;margin-left:2em;&quot;&gt;&lt;em&gt;&lt;strong&gt;english: &lt;\/strong&gt;Entrance to the exhibition \u201cPrimitive? Skilled!\u201e on how the Iceman lived at the Visitors centre of the archaeological open-air museum in val Senales valley in South Tyrol&lt;\/em&gt;&lt;\/p&gt;&lt;p&gt;&lt;strong&gt;Fotograf:&lt;\/strong&gt; &lt;em&gt;Johanna Niederkofler&lt;\/em&gt;&lt;\/p&gt;&lt;p&gt;&lt;strong&gt;Gr\u00f6\u00dfe:&lt;\/strong&gt; &lt;em&gt;4288x2848px&lt;\/em&gt;&lt;\/p&gt;&lt;p&gt;&lt;strong&gt;Frei zur nicht-kommerziellen Ver\u00f6ffentlichung mit dem Vermerk:&lt;\/strong&gt; &lt;br&gt;&lt;em&gt;archeoParc Schnalstal, photo: Johanna Niederkofler&lt;\/em&gt;&lt;p&gt;&lt;a href=&quot;https:\/\/www.archeoparc.it\/wp-content\/uploads\/archeoparc-schnalstal-press-18002.jpg&quot; class=&quot;archeo_button&quot;&gt;Download&lt;\/a&gt; &lt;\/p&gt;' ><img src='https:\/\/www.archeoparc.it\/wp-content\/uploads\/archeoparc-schnalstal-press-18002-100x100.jpg'><\/a><\/li><\/ul><\/p>\n\n\n\n<p><strong>D<a id=\"discovery-site\"><\/a>iscovery Site of the Iceman<br><\/strong><\/p>\n\n\n<ul  class=\"pressebilder\"><li><a href='https:\/\/www.archeoparc.it\/wp-content\/uploads\/archeoparc-schnalstal-press-16001-1024x683.jpg' class='thickbox'  title='&lt;p&gt;&lt;strong&gt;Bildtext: &lt;\/strong&gt;&lt;\/p&gt;&lt;p style=&quot;margin-left:2em;&quot;&gt;&lt;em&gt;&lt;strong&gt;deutsch: &lt;\/strong&gt;\u00d6tzifundstelle im S\u00fcdtiroler Schnalstal, 3210 m Seeh\u00f6he&lt;\/em&gt;&lt;\/p&gt;&lt;p style=&quot;margin-left:2em;&quot;&gt;&lt;em&gt;&lt;strong&gt;italiano: &lt;\/strong&gt;Luogo di ritrovamento dell\u2019Uomo venuto dal ghiaccio in val Senales, 3210 m s.l.m.&lt;\/em&gt;&lt;\/p&gt;&lt;p style=&quot;margin-left:2em;&quot;&gt;&lt;em&gt;&lt;strong&gt;english: &lt;\/strong&gt;Discovery site of the Iceman in the Val Senales valley mountains in northern Italy&lt;\/em&gt;&lt;\/p&gt;&lt;p&gt;&lt;strong&gt;Fotograf:&lt;\/strong&gt; &lt;em&gt;Peter Santer&lt;\/em&gt;&lt;\/p&gt;&lt;p&gt;&lt;strong&gt;Gr\u00f6\u00dfe:&lt;\/strong&gt; &lt;em&gt;5512x3675px&lt;\/em&gt;&lt;\/p&gt;&lt;p&gt;&lt;strong&gt;Frei zur nicht-kommerziellen Ver\u00f6ffentlichung mit dem Vermerk:&lt;\/strong&gt; &lt;br&gt;&lt;em&gt;archeoParc Schnalstal, photo: Peter Santer&lt;\/em&gt;&lt;p&gt;&lt;a href=&quot;https:\/\/www.archeoparc.it\/wp-content\/uploads\/archeoparc-schnalstal-press-16001.jpg&quot; class=&quot;archeo_button&quot;&gt;Download&lt;\/a&gt; &lt;\/p&gt;' ><img src='https:\/\/www.archeoparc.it\/wp-content\/uploads\/archeoparc-schnalstal-press-16001-100x100.jpg'><\/a><\/li><li><a href='https:\/\/www.archeoparc.it\/wp-content\/uploads\/archeoparc-schnalstal-press-16005-1024x683.jpg' class='thickbox'  title='&lt;p&gt;&lt;strong&gt;Bildtext: &lt;\/strong&gt;&lt;\/p&gt;&lt;p style=&quot;margin-left:2em;&quot;&gt;&lt;em&gt;&lt;strong&gt;deutsch: &lt;\/strong&gt;Felsmulde, in der Erika und Helmut Simon aus N\u00fcrnberg 1991 am Schnalstaler Tisenjoch \u00d6tzi entdeckt haben, im Hintergrund die Nordflanke des Similaun&lt;\/em&gt;&lt;\/p&gt;&lt;p style=&quot;margin-left:2em;&quot;&gt;&lt;em&gt;&lt;strong&gt;italiano: &lt;\/strong&gt;Luogo di ritrovamento dell\u2019Uomo venuto dal ghiaccio in val Senales, 3210 m s.l.m.&lt;\/em&gt;&lt;\/p&gt;&lt;p style=&quot;margin-left:2em;&quot;&gt;&lt;em&gt;&lt;strong&gt;english: &lt;\/strong&gt;Discovery site of the Iceman in the Val Senales valley mountains in northern Italy, in the background the Similaun glacier&lt;\/em&gt;&lt;\/p&gt;&lt;p&gt;&lt;strong&gt;Fotograf:&lt;\/strong&gt; &lt;em&gt;Peter Santer&lt;\/em&gt;&lt;\/p&gt;&lt;p&gt;&lt;strong&gt;Gr\u00f6\u00dfe:&lt;\/strong&gt; &lt;em&gt;5616x3744px&lt;\/em&gt;&lt;\/p&gt;&lt;p&gt;&lt;strong&gt;Frei zur nicht-kommerziellen Ver\u00f6ffentlichung mit dem Vermerk:&lt;\/strong&gt; &lt;br&gt;&lt;em&gt;archeoParc Schnalstal, photo: Peter Santer&lt;\/em&gt;&lt;p&gt;&lt;a href=&quot;https:\/\/www.archeoparc.it\/wp-content\/uploads\/archeoparc-schnalstal-press-16005.jpg&quot; class=&quot;archeo_button&quot;&gt;Download&lt;\/a&gt; &lt;\/p&gt;' ><img src='https:\/\/www.archeoparc.it\/wp-content\/uploads\/archeoparc-schnalstal-press-16005-100x100.jpg'><\/a><\/li><li><a href='https:\/\/www.archeoparc.it\/wp-content\/uploads\/archeoparc-schnalstal-press-16016-1024x768.jpg' class='thickbox'  title='&lt;p&gt;&lt;strong&gt;Bildtext: &lt;\/strong&gt;&lt;\/p&gt;&lt;p style=&quot;margin-left:2em;&quot;&gt;&lt;em&gt;&lt;strong&gt;deutsch: &lt;\/strong&gt;\u00d6tzifundstelle am Schnalstaler Tisenjoch mit der Nordflanke des Similaun im Hintergrund&lt;\/em&gt;&lt;\/p&gt;&lt;p style=&quot;margin-left:2em;&quot;&gt;&lt;em&gt;&lt;strong&gt;italiano: &lt;\/strong&gt;Luogo di ritrovamento dell\u2019Uomo venuto dal ghiaccio in val Senales, 3210 m s.l.m.&lt;\/em&gt;&lt;\/p&gt;&lt;p style=&quot;margin-left:2em;&quot;&gt;&lt;em&gt;&lt;strong&gt;english: &lt;\/strong&gt;Discovery site of the Iceman in the Val Senales valley mountains in northern Italy, in the background the Similaun glacier&lt;\/em&gt;&lt;\/p&gt;&lt;p&gt;&lt;strong&gt;Fotograf:&lt;\/strong&gt; &lt;em&gt;ganeshGraphics&lt;\/em&gt;&lt;\/p&gt;&lt;p&gt;&lt;strong&gt;Gr\u00f6\u00dfe:&lt;\/strong&gt; &lt;em&gt;3648x2736px&lt;\/em&gt;&lt;\/p&gt;&lt;p&gt;&lt;strong&gt;Frei zur nicht-kommerziellen Ver\u00f6ffentlichung mit dem Vermerk:&lt;\/strong&gt; &lt;br&gt;&lt;em&gt;archeoParc Schnalstal, photo: ganeshGraphics&lt;\/em&gt;&lt;p&gt;&lt;a href=&quot;https:\/\/www.archeoparc.it\/wp-content\/uploads\/archeoparc-schnalstal-press-16016.jpg&quot; class=&quot;archeo_button&quot;&gt;Download&lt;\/a&gt; &lt;\/p&gt;' ><img src='https:\/\/www.archeoparc.it\/wp-content\/uploads\/archeoparc-schnalstal-press-16016-100x100.jpg'><\/a><\/li><li><a href='https:\/\/www.archeoparc.it\/wp-content\/uploads\/archeoparc-schnalstal-press-16019-1024x768.jpg' class='thickbox'  title='&lt;p&gt;&lt;strong&gt;Bildtext: &lt;\/strong&gt;&lt;\/p&gt;&lt;p style=&quot;margin-left:2em;&quot;&gt;&lt;em&gt;&lt;strong&gt;deutsch: &lt;\/strong&gt;\u00d6tzifundstelle am Schnalstaler Tisenjoch mit der Nordflanke des Similaun im Hintergrund&lt;\/em&gt;&lt;\/p&gt;&lt;p style=&quot;margin-left:2em;&quot;&gt;&lt;em&gt;&lt;strong&gt;italiano: &lt;\/strong&gt;Luogo di ritrovamento dell\u2019Uomo venuto dal ghiaccio in val Senales, 3210 m s.l.m.&lt;\/em&gt;&lt;\/p&gt;&lt;p style=&quot;margin-left:2em;&quot;&gt;&lt;em&gt;&lt;strong&gt;english: &lt;\/strong&gt;Discovery site of the Iceman in the Val Senales valley mountains in northern Italy, in the background the Similaun glacier&lt;\/em&gt;&lt;\/p&gt;&lt;p&gt;&lt;strong&gt;Fotograf:&lt;\/strong&gt; &lt;em&gt;ganeshGraphics&lt;\/em&gt;&lt;\/p&gt;&lt;p&gt;&lt;strong&gt;Gr\u00f6\u00dfe:&lt;\/strong&gt; &lt;em&gt;3648x2736px&lt;\/em&gt;&lt;\/p&gt;&lt;p&gt;&lt;strong&gt;Frei zur nicht-kommerziellen Ver\u00f6ffentlichung mit dem Vermerk:&lt;\/strong&gt; &lt;br&gt;&lt;em&gt;archeoParc Schnalstal, photo: ganeshGraphics&lt;\/em&gt;&lt;p&gt;&lt;a href=&quot;https:\/\/www.archeoparc.it\/wp-content\/uploads\/archeoparc-schnalstal-press-16019.jpg&quot; class=&quot;archeo_button&quot;&gt;Download&lt;\/a&gt; &lt;\/p&gt;' ><img src='https:\/\/www.archeoparc.it\/wp-content\/uploads\/archeoparc-schnalstal-press-16019-100x100.jpg'><\/a><\/li><li><a href='https:\/\/www.archeoparc.it\/wp-content\/uploads\/archeoparc-schnalstal-press-16018-1024x768.jpg' class='thickbox'  title='&lt;p&gt;&lt;strong&gt;Bildtext: &lt;\/strong&gt;&lt;\/p&gt;&lt;p style=&quot;margin-left:2em;&quot;&gt;&lt;em&gt;&lt;strong&gt;deutsch: &lt;\/strong&gt;\u00d6tzifundstelle im S\u00fcdtiroler Schnalstal, 3210 m Seeh\u00f6he&lt;\/em&gt;&lt;\/p&gt;&lt;p style=&quot;margin-left:2em;&quot;&gt;&lt;em&gt;&lt;strong&gt;italiano: &lt;\/strong&gt;Luogo di ritrovamento dell\u2019Uomo venuto dal ghiaccio in val Senales, 3210 m s.l.m.&lt;\/em&gt;&lt;\/p&gt;&lt;p style=&quot;margin-left:2em;&quot;&gt;&lt;em&gt;&lt;strong&gt;english: &lt;\/strong&gt;Discovery site of the Iceman in the Val Senales valley mountains in northern Italy&lt;\/em&gt;&lt;\/p&gt;&lt;p&gt;&lt;strong&gt;Fotograf:&lt;\/strong&gt; &lt;em&gt;ganeshGraphics&lt;\/em&gt;&lt;\/p&gt;&lt;p&gt;&lt;strong&gt;Gr\u00f6\u00dfe:&lt;\/strong&gt; &lt;em&gt;3648x2736px&lt;\/em&gt;&lt;\/p&gt;&lt;p&gt;&lt;strong&gt;Frei zur nicht-kommerziellen Ver\u00f6ffentlichung mit dem Vermerk:&lt;\/strong&gt; &lt;br&gt;&lt;em&gt;archeoParc Schnalstal, photo: ganeshGraphics&lt;\/em&gt;&lt;p&gt;&lt;a href=&quot;https:\/\/www.archeoparc.it\/wp-content\/uploads\/archeoparc-schnalstal-press-16018.jpg&quot; class=&quot;archeo_button&quot;&gt;Download&lt;\/a&gt; &lt;\/p&gt;' ><img src='https:\/\/www.archeoparc.it\/wp-content\/uploads\/archeoparc-schnalstal-press-16018-100x100.jpg'><\/a><\/li><li><a href='https:\/\/www.archeoparc.it\/wp-content\/uploads\/archeoparc-schnalstal-press-16017-768x1024.jpg' class='thickbox'  title='&lt;p&gt;&lt;strong&gt;Bildtext: &lt;\/strong&gt;&lt;\/p&gt;&lt;p style=&quot;margin-left:2em;&quot;&gt;&lt;em&gt;&lt;strong&gt;deutsch: &lt;\/strong&gt;Denkmal an der \u00d6tzifundstelle am Tisenjoch im S\u00fcdtiroler Schnalstal, 3210 m Seeh\u00f6he&lt;\/em&gt;&lt;\/p&gt;&lt;p style=&quot;margin-left:2em;&quot;&gt;&lt;em&gt;&lt;strong&gt;italiano: &lt;\/strong&gt;Monumento sul Giogo di Tisa, il luogo di ritrovamento dell\u2019Uomo venuto dal ghiaccio in val Senales, 3210 m s.l.m.&lt;\/em&gt;&lt;\/p&gt;&lt;p style=&quot;margin-left:2em;&quot;&gt;&lt;em&gt;&lt;strong&gt;english: &lt;\/strong&gt;Monument at the discovery site of the Iceman in the Val Senales valley mountains in northern Italy&lt;\/em&gt;&lt;\/p&gt;&lt;p&gt;&lt;strong&gt;Fotograf:&lt;\/strong&gt; &lt;em&gt;Peter Santer&lt;\/em&gt;&lt;\/p&gt;&lt;p&gt;&lt;strong&gt;Gr\u00f6\u00dfe:&lt;\/strong&gt; &lt;em&gt;2736x3648px&lt;\/em&gt;&lt;\/p&gt;&lt;p&gt;&lt;strong&gt;Frei zur nicht-kommerziellen Ver\u00f6ffentlichung mit dem Vermerk:&lt;\/strong&gt; &lt;br&gt;&lt;em&gt;archeoParc Schnalstal, photo: Peter Santer&lt;\/em&gt;&lt;p&gt;&lt;a href=&quot;https:\/\/www.archeoparc.it\/wp-content\/uploads\/archeoparc-schnalstal-press-16017.jpg&quot; class=&quot;archeo_button&quot;&gt;Download&lt;\/a&gt; &lt;\/p&gt;' ><img src='https:\/\/www.archeoparc.it\/wp-content\/uploads\/archeoparc-schnalstal-press-16017-100x100.jpg'><\/a><\/li><li><a href='https:\/\/www.archeoparc.it\/wp-content\/uploads\/archeoparc-schnalstal-press-16007-1024x683.jpg' class='thickbox'  title='&lt;p&gt;&lt;strong&gt;Bildtext: &lt;\/strong&gt;&lt;\/p&gt;&lt;p style=&quot;margin-left:2em;&quot;&gt;&lt;em&gt;&lt;strong&gt;deutsch: &lt;\/strong&gt;Italienisch-\u00d6sterreichischer Grenzstein in der N\u00e4he der \u00d6tzifundstelle im S\u00fcdtiroler Schnalstal&lt;\/em&gt;&lt;\/p&gt;&lt;p style=&quot;margin-left:2em;&quot;&gt;&lt;em&gt;&lt;strong&gt;italiano: &lt;\/strong&gt;Ceppo che segna il confine tra Italia e Austria sul Giogo di Tisa in Val Senales&lt;\/em&gt;&lt;\/p&gt;&lt;p style=&quot;margin-left:2em;&quot;&gt;&lt;em&gt;&lt;strong&gt;english: &lt;\/strong&gt;Boundary marker stone on Italian-Austrian border close to the discovery site of the Iceman in Val Senales valley&lt;\/em&gt;&lt;\/p&gt;&lt;p&gt;&lt;strong&gt;Fotograf:&lt;\/strong&gt; &lt;em&gt;Peter Santer&lt;\/em&gt;&lt;\/p&gt;&lt;p&gt;&lt;strong&gt;Gr\u00f6\u00dfe:&lt;\/strong&gt; &lt;em&gt;5616x3744px&lt;\/em&gt;&lt;\/p&gt;&lt;p&gt;&lt;strong&gt;Frei zur nicht-kommerziellen Ver\u00f6ffentlichung mit dem Vermerk:&lt;\/strong&gt; &lt;br&gt;&lt;em&gt;archeoParc Schnalstal, photo: Peter Santer&lt;\/em&gt;&lt;p&gt;&lt;a href=&quot;https:\/\/www.archeoparc.it\/wp-content\/uploads\/archeoparc-schnalstal-press-16007.jpg&quot; class=&quot;archeo_button&quot;&gt;Download&lt;\/a&gt; &lt;\/p&gt;' ><img src='https:\/\/www.archeoparc.it\/wp-content\/uploads\/archeoparc-schnalstal-press-16007-100x100.jpg'><\/a><\/li><li><a href='https:\/\/www.archeoparc.it\/wp-content\/uploads\/archeoparc-schnalstal-press-16014-1024x768.jpg' class='thickbox'  title='&lt;p&gt;&lt;strong&gt;Bildtext: &lt;\/strong&gt;&lt;\/p&gt;&lt;p style=&quot;margin-left:2em;&quot;&gt;&lt;em&gt;&lt;strong&gt;deutsch: &lt;\/strong&gt;Der Weg, den \u00d6tzi vor 5.300 Jahren durch das Schnalstaler Tisental zur\u00fccklegte, vom Hubschrauber aus gesehen&lt;\/em&gt;&lt;\/p&gt;&lt;p style=&quot;margin-left:2em;&quot;&gt;&lt;em&gt;&lt;strong&gt;italiano: &lt;\/strong&gt;Una laterale della Alta Val Senales, la val di Tisa, che allora percorreva \u00d6tzi, vista dall\u2019elicottero&lt;\/em&gt;&lt;\/p&gt;&lt;p style=&quot;margin-left:2em;&quot;&gt;&lt;em&gt;&lt;strong&gt;english: &lt;\/strong&gt;The Val di Tisa valley, that high mountain valley through which the Iceman himself was travelling 5,300 years ago seen from helicopter&lt;\/em&gt;&lt;\/p&gt;&lt;p&gt;&lt;strong&gt;Fotograf:&lt;\/strong&gt; &lt;em&gt;ganeshGraphics&lt;\/em&gt;&lt;\/p&gt;&lt;p&gt;&lt;strong&gt;Gr\u00f6\u00dfe:&lt;\/strong&gt; &lt;em&gt;3648x2736px&lt;\/em&gt;&lt;\/p&gt;&lt;p&gt;&lt;strong&gt;Frei zur nicht-kommerziellen Ver\u00f6ffentlichung mit dem Vermerk:&lt;\/strong&gt; &lt;br&gt;&lt;em&gt;archeoParc Schnalstal, photo: ganeshGraphics&lt;\/em&gt;&lt;p&gt;&lt;a href=&quot;https:\/\/www.archeoparc.it\/wp-content\/uploads\/archeoparc-schnalstal-press-16014.jpg&quot; class=&quot;archeo_button&quot;&gt;Download&lt;\/a&gt; &lt;\/p&gt;' ><img src='https:\/\/www.archeoparc.it\/wp-content\/uploads\/archeoparc-schnalstal-press-16014-100x100.jpg'><\/a><\/li><\/ul>\n\n\n\n<p><strong>20<a id=\"2022\"><\/a>22<\/strong><\/p>\n\n\n<ul  class=\"pressebilder\"><li><a href='https:\/\/www.archeoparc.it\/wp-content\/uploads\/archeoparc-schnalstal-press-22004-1024x681.jpg' class='thickbox'  title='&lt;p&gt;&lt;strong&gt;Bildtext: &lt;\/strong&gt;&lt;\/p&gt;&lt;p style=&quot;margin-left:2em;&quot;&gt;&lt;em&gt;&lt;strong&gt;deutsch: &lt;\/strong&gt;Europ\u00e4ische Meisterschaften im Pr\u00e4historischen Bogenschie\u00dfen und Speerschleudern im archeoParc Schnalstal&lt;br \/&gt;September 2022&lt;\/em&gt;&lt;\/p&gt;&lt;p style=&quot;margin-left:2em;&quot;&gt;&lt;em&gt;&lt;strong&gt;italiano: &lt;\/strong&gt;Campionati europei di tiro con l\u2019arco preistorico e lancio con il propulsore all\u2019archeoParc Val Senales&lt;br \/&gt;settembre 2022&lt;\/em&gt;&lt;\/p&gt;&lt;p style=&quot;margin-left:2em;&quot;&gt;&lt;em&gt;&lt;strong&gt;english: &lt;\/strong&gt;European Championship for Prehistoric Weapons at archeoParc Val Senales&lt;br \/&gt;September 2022&lt;\/em&gt;&lt;\/p&gt;&lt;p&gt;&lt;strong&gt;Fotograf:&lt;\/strong&gt; &lt;em&gt;Thierry Pittet&lt;\/em&gt;&lt;\/p&gt;&lt;p&gt;&lt;strong&gt;Gr\u00f6\u00dfe:&lt;\/strong&gt; &lt;em&gt;4256x2832px&lt;\/em&gt;&lt;\/p&gt;&lt;p&gt;&lt;strong&gt;Frei zur nicht-kommerziellen Ver\u00f6ffentlichung mit dem Vermerk:&lt;\/strong&gt; &lt;br&gt;&lt;em&gt;archeoParc Schnalstal, photo: Thierry Pittet&lt;\/em&gt;&lt;p&gt;&lt;a href=&quot;https:\/\/www.archeoparc.it\/wp-content\/uploads\/archeoparc-schnalstal-press-22004.jpg&quot; class=&quot;archeo_button&quot;&gt;Download&lt;\/a&gt; &lt;\/p&gt;' ><img src='https:\/\/www.archeoparc.it\/wp-content\/uploads\/archeoparc-schnalstal-press-22004-100x100.jpg'><\/a><\/li><li><a href='https:\/\/www.archeoparc.it\/wp-content\/uploads\/archeoparc-schnalstal-press-22003-1024x774.jpg' class='thickbox'  title='&lt;p&gt;&lt;strong&gt;Bildtext: &lt;\/strong&gt;&lt;\/p&gt;&lt;p style=&quot;margin-left:2em;&quot;&gt;&lt;em&gt;&lt;strong&gt;deutsch: &lt;\/strong&gt;Europ\u00e4ische Meisterschaften im Pr\u00e4historischen Bogenschie\u00dfen und Speerschleudern im archeoParc Schnalstal&lt;br \/&gt;September 2022&lt;\/em&gt;&lt;\/p&gt;&lt;p style=&quot;margin-left:2em;&quot;&gt;&lt;em&gt;&lt;strong&gt;italiano: &lt;\/strong&gt;Campionati europei di tiro con l\u2019arco preistorico e lancio con il propulsore all\u2019archeoParc Val Senales&lt;br \/&gt;settembre 2022&lt;\/em&gt;&lt;\/p&gt;&lt;p style=&quot;margin-left:2em;&quot;&gt;&lt;em&gt;&lt;strong&gt;english: &lt;\/strong&gt;European Championship for Prehistoric Weapons at archeoParc Val Senales&lt;br \/&gt;September 2022&lt;\/em&gt;&lt;\/p&gt;&lt;p&gt;&lt;strong&gt;Fotograf:&lt;\/strong&gt; &lt;em&gt;Sybille Dotzauer-Stark&lt;\/em&gt;&lt;\/p&gt;&lt;p&gt;&lt;strong&gt;Gr\u00f6\u00dfe:&lt;\/strong&gt; &lt;em&gt;2454x1855px&lt;\/em&gt;&lt;\/p&gt;&lt;p&gt;&lt;strong&gt;Frei zur nicht-kommerziellen Ver\u00f6ffentlichung mit dem Vermerk:&lt;\/strong&gt; &lt;br&gt;&lt;em&gt;archeoParc Schnalstal, photo: Sybille Dotzauer-Stark&lt;\/em&gt;&lt;p&gt;&lt;a href=&quot;https:\/\/www.archeoparc.it\/wp-content\/uploads\/archeoparc-schnalstal-press-22003.jpg&quot; class=&quot;archeo_button&quot;&gt;Download&lt;\/a&gt; &lt;\/p&gt;' ><img src='https:\/\/www.archeoparc.it\/wp-content\/uploads\/archeoparc-schnalstal-press-22003-100x100.jpg'><\/a><\/li><li><a href='https:\/\/www.archeoparc.it\/wp-content\/uploads\/archeoparc-schnalstal-press-22002-1024x683.jpg' class='thickbox'  title='&lt;p&gt;&lt;strong&gt;Bildtext: &lt;\/strong&gt;&lt;\/p&gt;&lt;p style=&quot;margin-left:2em;&quot;&gt;&lt;em&gt;&lt;strong&gt;deutsch: &lt;\/strong&gt;Sonderausstellung zu den Schnalser Naturdenkm\u00e4lern und Schutzgebieten im archeoParc Schnalstal&lt;br \/&gt;Juli 2022&lt;\/em&gt;&lt;\/p&gt;&lt;p style=&quot;margin-left:2em;&quot;&gt;&lt;em&gt;&lt;strong&gt;italiano: &lt;\/strong&gt;Mostra temporanea sui monumenti naturali e sulle zone prottette della Val Venales nell\u2019archeoParc Val Senales&lt;br \/&gt;luglio 2022&lt;\/em&gt;&lt;\/p&gt;&lt;p style=&quot;margin-left:2em;&quot;&gt;&lt;em&gt;&lt;strong&gt;english: &lt;\/strong&gt;Temporary exhibition \u201cHidden places\u201dat archeoParc Val Senales&lt;br \/&gt;July 2022&lt;\/em&gt;&lt;\/p&gt;&lt;p&gt;&lt;strong&gt;Fotograf:&lt;\/strong&gt; &lt;em&gt;Peter Santer&lt;\/em&gt;&lt;\/p&gt;&lt;p&gt;&lt;strong&gt;Gr\u00f6\u00dfe:&lt;\/strong&gt; &lt;em&gt;6720x4480px&lt;\/em&gt;&lt;\/p&gt;&lt;p&gt;&lt;strong&gt;Frei zur nicht-kommerziellen Ver\u00f6ffentlichung mit dem Vermerk:&lt;\/strong&gt; &lt;br&gt;&lt;em&gt;archeoParc Schnalstal, photo:Peter Santer&lt;\/em&gt;&lt;p&gt;&lt;a href=&quot;https:\/\/www.archeoparc.it\/wp-content\/uploads\/archeoparc-schnalstal-press-22002.jpg&quot; class=&quot;archeo_button&quot;&gt;Download&lt;\/a&gt; &lt;\/p&gt;' ><img src='https:\/\/www.archeoparc.it\/wp-content\/uploads\/archeoparc-schnalstal-press-22002-100x100.jpg'><\/a><\/li><li><a href='https:\/\/www.archeoparc.it\/wp-content\/uploads\/archeoparc-schnalstal-press-22001-1024x683.jpg' class='thickbox'  title='&lt;p&gt;&lt;strong&gt;Bildtext: &lt;\/strong&gt;&lt;\/p&gt;&lt;p style=&quot;margin-left:2em;&quot;&gt;&lt;em&gt;&lt;strong&gt;deutsch: &lt;\/strong&gt;Er\u00f6ffnung der Sonderausstellung \u201eHidden places\u201c im archeoParc Schnalstal&lt;br \/&gt;v.l.n.r.: Gerhard M\u00fcller, Vorstandsmitglied im Museumsverein, Norbert Sachsalber, die archeoParc-Leiterin Johanna Niederkofler, Peter Santer und Karl Josef Rainer, B\u00fcrgermeister der Gemeinde Schnals &lt;br \/&gt;&lt;br \/&gt;Juli 2022&lt;\/em&gt;&lt;\/p&gt;&lt;p style=&quot;margin-left:2em;&quot;&gt;&lt;em&gt;&lt;strong&gt;italiano: &lt;\/strong&gt;Inaugurazione della mostra temporanea \u201eHidden places\u201c nell\u2019archeoParc Val Senales&lt;br \/&gt; da sx a dx: Gerhard M\u00fcller dell\u2019associazione museale, Norbert Sachsalber, Johanna Niederkofler, la direttrice dell\u2019archeoParc, Peter Santer e il sindaco di Senales Karl Josef Rainer&lt;br \/&gt;&lt;br \/&gt;luglio 2022&lt;\/em&gt;&lt;\/p&gt;&lt;p style=&quot;margin-left:2em;&quot;&gt;&lt;em&gt;&lt;strong&gt;english: &lt;\/strong&gt;Inauguration of the temprary exibition 2022 at the archeoParc Val Senales f.l.t.r.: Gerhard M\u00fcller, museum association, Norbert Sachsalber, Johanna Niederkofler, director of the archeoParc, Peter Santer, Karl Josef Rainer, major of Senales &lt;br \/&gt;&lt;br \/&gt;July 2022&lt;\/em&gt;&lt;\/p&gt;&lt;p&gt;&lt;strong&gt;Fotograf:&lt;\/strong&gt; &lt;em&gt;Peter Santer&lt;\/em&gt;&lt;\/p&gt;&lt;p&gt;&lt;strong&gt;Gr\u00f6\u00dfe:&lt;\/strong&gt; &lt;em&gt;6233x4155px&lt;\/em&gt;&lt;\/p&gt;&lt;p&gt;&lt;strong&gt;Frei zur nicht-kommerziellen Ver\u00f6ffentlichung mit dem Vermerk:&lt;\/strong&gt; &lt;br&gt;&lt;em&gt;archeoParc Schnalstal, photo:Peter Santer&lt;\/em&gt;&lt;p&gt;&lt;a href=&quot;https:\/\/www.archeoparc.it\/wp-content\/uploads\/archeoparc-schnalstal-press-22001.jpg&quot; class=&quot;archeo_button&quot;&gt;Download&lt;\/a&gt; &lt;\/p&gt;' ><img src='https:\/\/www.archeoparc.it\/wp-content\/uploads\/archeoparc-schnalstal-press-22001-100x100.jpg'><\/a><\/li><\/ul>\n\n\n\n<p><strong>20<a id=\"2021\"><\/a>21<\/strong><\/p>\n\n\n<ul  class=\"pressebilder\"><li><a href='https:\/\/www.archeoparc.it\/wp-content\/uploads\/archeoparc-schnalstal-press-21009-1-1024x683.jpg' class='thickbox'  title='&lt;p&gt;&lt;strong&gt;Bildtext: &lt;\/strong&gt;&lt;\/p&gt;&lt;p style=&quot;margin-left:2em;&quot;&gt;&lt;em&gt;&lt;strong&gt;deutsch: &lt;\/strong&gt;Siegerehrung Bewerb Bogenschie\u00dfen, Kategorie Kinder, im Rahmen der Europameisterschaften f\u00fcr Pr\u00e4historische Waffen im Freilichtbereich des archeoParc Schnalstal &lt;br \/&gt;v.l.n.r.: Tom Lukas (2. Platz), Liam Lukas (1. Platz), Gabriel Gulde (3. Platz) &lt;br \/&gt;&lt;br \/&gt;September 2021&lt;\/em&gt;&lt;\/p&gt;&lt;p style=&quot;margin-left:2em;&quot;&gt;&lt;em&gt;&lt;strong&gt;italiano: &lt;\/strong&gt;Cerimonia di premiazione degli arcieri, categoria bambini, nel corso del campionato europeo di tiro con l\u2019arco preistorico e lancio con il propulsore all\u2019archeoParc Val Senales &lt;br \/&gt;da sx a dx: Tom Lukas (2. posto), Liam Lukas (1. posto), Gabriel Gulde (3. posto) &lt;br \/&gt;&lt;br \/&gt;Settembre 2021&lt;\/em&gt;&lt;\/p&gt;&lt;p style=&quot;margin-left:2em;&quot;&gt;&lt;em&gt;&lt;strong&gt;english: &lt;\/strong&gt;Presentation ceremony for the winners of the archery competition, children category, during the European Championship for Prehistoric Weapons at archeoParc Val Senales&lt;br \/&gt;f.l.t.r.:, Tom Lukas (2nd place), Liam Lukas (1st place), Gabriel Gulde (3rd place) &lt;br \/&gt;&lt;br \/&gt;September 2021&lt;\/em&gt;&lt;\/p&gt;&lt;p&gt;&lt;strong&gt;Fotograf:&lt;\/strong&gt; &lt;em&gt;Peter Santer&lt;\/em&gt;&lt;\/p&gt;&lt;p&gt;&lt;strong&gt;Gr\u00f6\u00dfe:&lt;\/strong&gt; &lt;em&gt;5991x3994px&lt;\/em&gt;&lt;\/p&gt;&lt;p&gt;&lt;strong&gt;Frei zur nicht-kommerziellen Ver\u00f6ffentlichung mit dem Vermerk:&lt;\/strong&gt; &lt;br&gt;&lt;em&gt;archeoParc Schnalstal, photo: Peter Santer&lt;\/em&gt;&lt;p&gt;&lt;a href=&quot;https:\/\/www.archeoparc.it\/wp-content\/uploads\/archeoparc-schnalstal-press-21009-1.jpg&quot; class=&quot;archeo_button&quot;&gt;Download&lt;\/a&gt; &lt;\/p&gt;' ><img src='https:\/\/www.archeoparc.it\/wp-content\/uploads\/archeoparc-schnalstal-press-21009-1-100x100.jpg'><\/a><\/li><li><a href='https:\/\/www.archeoparc.it\/wp-content\/uploads\/archeoparc-schnalstal-press-21011-1-1024x683.jpg' class='thickbox'  title='&lt;p&gt;&lt;strong&gt;Bildtext: &lt;\/strong&gt;&lt;\/p&gt;&lt;p style=&quot;margin-left:2em;&quot;&gt;&lt;em&gt;&lt;strong&gt;deutsch: &lt;\/strong&gt;Die Siegerinnen des Bewerbs Bogenschie\u00dfen, im Rahmen der Europameisterschaften f\u00fcr Pr\u00e4historische Waffen im archeoParc Schnalstal&lt;br \/&gt; v.l.n.r.: Helena Martz (2. Platz), Marlen Mischler (1. Platz), Conny Heinzelmann (3. Platz) &lt;br \/&gt;September 2021&lt;\/em&gt;&lt;\/p&gt;&lt;p style=&quot;margin-left:2em;&quot;&gt;&lt;em&gt;&lt;strong&gt;italiano: &lt;\/strong&gt;La premiazione delle vincitrici del torneo di tiro con l\u2019arco all\u2019archeoParc Val Senales, tappa del campionato europeo per armi preistoriche &lt;br \/&gt; da sx a dx: Helena Martz (2. posto), Marlen Mischler (1. posto), Conny Heinzelmann (3. posto) &lt;br \/&gt;Settembre 2021&lt;\/em&gt;&lt;\/p&gt;&lt;p style=&quot;margin-left:2em;&quot;&gt;&lt;em&gt;&lt;strong&gt;english: &lt;\/strong&gt;Presentation ceremony for the winners of the archery competition, category Women, during the European Championship for Prehistoric Weapons at archeoParc Val Senales&lt;br \/&gt; f.l.t.r.: Helena Martz (2nd place), Marlen Mischler (1st place), Conny Heinzelmann (3rd place) &lt;br \/&gt;September 2021&lt;\/em&gt;&lt;\/p&gt;&lt;p&gt;&lt;strong&gt;Fotograf:&lt;\/strong&gt; &lt;em&gt;Peter Santer&lt;\/em&gt;&lt;\/p&gt;&lt;p&gt;&lt;strong&gt;Gr\u00f6\u00dfe:&lt;\/strong&gt; &lt;em&gt;6126x4084px&lt;\/em&gt;&lt;\/p&gt;&lt;p&gt;&lt;strong&gt;Frei zur nicht-kommerziellen Ver\u00f6ffentlichung mit dem Vermerk:&lt;\/strong&gt; &lt;br&gt;&lt;em&gt;archeoParc Schnalstal, photo: Peter Santer&lt;\/em&gt;&lt;p&gt;&lt;a href=&quot;https:\/\/www.archeoparc.it\/wp-content\/uploads\/archeoparc-schnalstal-press-21011-1.jpg&quot; class=&quot;archeo_button&quot;&gt;Download&lt;\/a&gt; &lt;\/p&gt;' ><img src='https:\/\/www.archeoparc.it\/wp-content\/uploads\/archeoparc-schnalstal-press-21011-1-100x100.jpg'><\/a><\/li><li><a href='https:\/\/www.archeoparc.it\/wp-content\/uploads\/archeoparc-schnalstal-press-21010-1-1024x683.jpg' class='thickbox'  title='&lt;p&gt;&lt;strong&gt;Bildtext: &lt;\/strong&gt;&lt;\/p&gt;&lt;p style=&quot;margin-left:2em;&quot;&gt;&lt;em&gt;&lt;strong&gt;deutsch: &lt;\/strong&gt;Die Sieger der Herren im Bewerb Bogenschie\u00dfen, im Rahmen der Europameisterschaften f\u00fcr Pr\u00e4historische Waffen im archeoParc Schnalstal &lt;br \/&gt;v.l.n.r.: Joachim Martz, Federico Albertoni (ex aequo 2. Platz), Kuno Bay (1. Platz)&lt;br \/&gt;September 2021&lt;\/em&gt;&lt;\/p&gt;&lt;p style=&quot;margin-left:2em;&quot;&gt;&lt;em&gt;&lt;strong&gt;italiano: &lt;\/strong&gt;La premiazione dei vincitori nella categoria Uomini del torneo di tiro con l\u2019arco all\u2019archeoParc Val Senales, tappa del campionato europeo per armi preistoriche&lt;br \/&gt;da sx a dx: Joachim Martz e Federico Albertoni (ex aequo 2. posto), Kuno Bay (1. Platz) &lt;br \/&gt;Settembre 2021&lt;\/em&gt;&lt;\/p&gt;&lt;p style=&quot;margin-left:2em;&quot;&gt;&lt;em&gt;&lt;strong&gt;english: &lt;\/strong&gt;Presentation ceremony for the winners of the archery competition, category Men, during the European Championship for Prehistoric Weapons at archeoParc Val Senales&lt;br \/&gt;f.l.t.r.: Joachim Martz (2nd place ), Federico Albertoni (2nd place), Kuno Bay (1 st place)&lt;br \/&gt;September 2021&lt;\/em&gt;&lt;\/p&gt;&lt;p&gt;&lt;strong&gt;Fotograf:&lt;\/strong&gt; &lt;em&gt;Peter Santer&lt;\/em&gt;&lt;\/p&gt;&lt;p&gt;&lt;strong&gt;Gr\u00f6\u00dfe:&lt;\/strong&gt; &lt;em&gt;6010x4007px&lt;\/em&gt;&lt;\/p&gt;&lt;p&gt;&lt;strong&gt;Frei zur nicht-kommerziellen Ver\u00f6ffentlichung mit dem Vermerk:&lt;\/strong&gt; &lt;br&gt;&lt;em&gt;archeoParc Schnalstal, photo: Peter Santer&lt;\/em&gt;&lt;p&gt;&lt;a href=&quot;https:\/\/www.archeoparc.it\/wp-content\/uploads\/archeoparc-schnalstal-press-21010-1.jpg&quot; class=&quot;archeo_button&quot;&gt;Download&lt;\/a&gt; &lt;\/p&gt;' ><img src='https:\/\/www.archeoparc.it\/wp-content\/uploads\/archeoparc-schnalstal-press-21010-1-100x100.jpg'><\/a><\/li><li><a href='https:\/\/www.archeoparc.it\/wp-content\/uploads\/archeoparc-schnalstal-press-21013-1-1024x683.jpg' class='thickbox'  title='&lt;p&gt;&lt;strong&gt;Bildtext: &lt;\/strong&gt;&lt;\/p&gt;&lt;p style=&quot;margin-left:2em;&quot;&gt;&lt;em&gt;&lt;strong&gt;deutsch: &lt;\/strong&gt;Europ\u00e4ische Meisterschaften im Pr\u00e4historischen Bogenschie\u00dfen und Speerschleudern im archeoParc Schnalstal&lt;br \/&gt;September 2021&lt;\/em&gt;&lt;\/p&gt;&lt;p style=&quot;margin-left:2em;&quot;&gt;&lt;em&gt;&lt;strong&gt;italiano: &lt;\/strong&gt;Campionati europei di tiro con l\u2019arco preistorico e lancio con il propulsore all\u2019archeoParc Val  Senales&lt;br \/&gt;Settembre 2021&lt;\/em&gt;&lt;\/p&gt;&lt;p style=&quot;margin-left:2em;&quot;&gt;&lt;em&gt;&lt;strong&gt;english: &lt;\/strong&gt;European Championship for Prehistoric Weapons at archeoParc Val Senales&lt;br \/&gt;September 2021&lt;\/em&gt;&lt;\/p&gt;&lt;p&gt;&lt;strong&gt;Fotograf:&lt;\/strong&gt; &lt;em&gt;Peter Santer&lt;\/em&gt;&lt;\/p&gt;&lt;p&gt;&lt;strong&gt;Gr\u00f6\u00dfe:&lt;\/strong&gt; &lt;em&gt;6720x4480px&lt;\/em&gt;&lt;\/p&gt;&lt;p&gt;&lt;strong&gt;Frei zur nicht-kommerziellen Ver\u00f6ffentlichung mit dem Vermerk:&lt;\/strong&gt; &lt;br&gt;&lt;em&gt;archeoParc Schnalstal, photo: Peter Santer&lt;\/em&gt;&lt;p&gt;&lt;a href=&quot;https:\/\/www.archeoparc.it\/wp-content\/uploads\/archeoparc-schnalstal-press-21013-1.jpg&quot; class=&quot;archeo_button&quot;&gt;Download&lt;\/a&gt; &lt;\/p&gt;' ><img src='https:\/\/www.archeoparc.it\/wp-content\/uploads\/archeoparc-schnalstal-press-21013-1-100x100.jpg'><\/a><\/li><li><a href='https:\/\/www.archeoparc.it\/wp-content\/uploads\/archeoparc-schnalstal-press-21012-1-1024x683.jpg' class='thickbox'  title='&lt;p&gt;&lt;strong&gt;Bildtext: &lt;\/strong&gt;&lt;\/p&gt;&lt;p style=&quot;margin-left:2em;&quot;&gt;&lt;em&gt;&lt;strong&gt;deutsch: &lt;\/strong&gt;Europ\u00e4ische Meisterschaften im Pr\u00e4historischen Bogenschie\u00dfen und Speerschleudern im archeoParc Schnalstal&lt;br \/&gt;September 2021&lt;\/em&gt;&lt;\/p&gt;&lt;p style=&quot;margin-left:2em;&quot;&gt;&lt;em&gt;&lt;strong&gt;italiano: &lt;\/strong&gt;Campionati europei di tiro con l\u2019arco preistorico e lancio con il propulsore all\u2019archeoParc Val  Senales&lt;br \/&gt;Settembre 2021&lt;\/em&gt;&lt;\/p&gt;&lt;p style=&quot;margin-left:2em;&quot;&gt;&lt;em&gt;&lt;strong&gt;english: &lt;\/strong&gt;European Championship for Prehistoric Weapons at archeoParc Val Senales&lt;br \/&gt;September 2021&lt;\/em&gt;&lt;\/p&gt;&lt;p&gt;&lt;strong&gt;Fotograf:&lt;\/strong&gt; &lt;em&gt;Peter Santer&lt;\/em&gt;&lt;\/p&gt;&lt;p&gt;&lt;strong&gt;Gr\u00f6\u00dfe:&lt;\/strong&gt; &lt;em&gt;6720x4480px&lt;\/em&gt;&lt;\/p&gt;&lt;p&gt;&lt;strong&gt;Frei zur nicht-kommerziellen Ver\u00f6ffentlichung mit dem Vermerk:&lt;\/strong&gt; &lt;br&gt;&lt;em&gt;archeoParc Schnalstal, photo: Peter Santer&lt;\/em&gt;&lt;p&gt;&lt;a href=&quot;https:\/\/www.archeoparc.it\/wp-content\/uploads\/archeoparc-schnalstal-press-21012-1.jpg&quot; class=&quot;archeo_button&quot;&gt;Download&lt;\/a&gt; &lt;\/p&gt;' ><img src='https:\/\/www.archeoparc.it\/wp-content\/uploads\/archeoparc-schnalstal-press-21012-1-100x100.jpg'><\/a><\/li><li><a href='https:\/\/www.archeoparc.it\/wp-content\/uploads\/archeoparc-schnalstal-press-21007-1024x768.jpg' class='thickbox'  title='&lt;p&gt;&lt;strong&gt;Bildtext: &lt;\/strong&gt;&lt;\/p&gt;&lt;p style=&quot;margin-left:2em;&quot;&gt;&lt;em&gt;&lt;strong&gt;deutsch: &lt;\/strong&gt;Feier des zwanzigj\u00e4hrigen Bestehens im archeoParc Schnalstal mit Jubil\u00e4umsgeb\u00e4ck. Dabei waren Direktorin Johanna Niederkofler, B\u00fcrgermeister Karl Josef Rainer, Otto Rainer, Vereinspr\u00e4sidentin Sonja Santer (hinten v.l.n.r) Benjamin Santer vom Kulturverein Schnals, Gerhard M\u00fcller (vorne v.l.n.r) und Walter Zerpelloni von der Tourismusgenossenschaft Schnals (fehlt im Bild).&lt;\/em&gt;&lt;\/p&gt;&lt;p style=&quot;margin-left:2em;&quot;&gt;&lt;em&gt;&lt;strong&gt;italiano: &lt;\/strong&gt;Festa in occasione del ventennale dell\u2019inaugurazione dell\u2019archeoParc Val Senales con pasticcini d\u2019anniversario. Tra gli ospiti la direttrice Johanna Niederkofler, il sindaco di Senales, Karl Josef Rainer, Otto Rainer, la presidente dell\u2019associazione museale, Sonja Santer; Benjamin Santer dell\u2019associazione culturale, Gerhard M\u00fcller (da sinistra a destra) e Walter Zerpelloni dell\u2019APT della val Senales (manca nella foto).&lt;\/em&gt;&lt;\/p&gt;&lt;p style=&quot;margin-left:2em;&quot;&gt;&lt;em&gt;&lt;strong&gt;english: &lt;\/strong&gt;The archeoParc celebrated it\u2019s 20th anniversary in September 2021 with a small private event and a yummy anniversary cake. With archeoParc-director Johanna Niederkofler, mayor Karl Josef Rainer, Otto Rainer archeoParc-chair Sonja Santer; Benjamin Santer from Kulturverein association, Gerhard M\u00fcller (from left to right) and Walter Zerpelloni from the tourism association Val Senales (missing on this picture).&lt;\/em&gt;&lt;\/p&gt;&lt;p&gt;&lt;strong&gt;Fotograf:&lt;\/strong&gt; &lt;em&gt;Ganesh Neumair&lt;\/em&gt;&lt;\/p&gt;&lt;p&gt;&lt;strong&gt;Gr\u00f6\u00dfe:&lt;\/strong&gt; &lt;em&gt;2048x1535px&lt;\/em&gt;&lt;\/p&gt;&lt;p&gt;&lt;strong&gt;Frei zur nicht-kommerziellen Ver\u00f6ffentlichung mit dem Vermerk:&lt;\/strong&gt; &lt;br&gt;&lt;em&gt;archeoParc Schnalstal, photo: Ganesh Neumair&lt;\/em&gt;&lt;p&gt;&lt;a href=&quot;https:\/\/www.archeoparc.it\/wp-content\/uploads\/archeoparc-schnalstal-press-21007.jpg&quot; class=&quot;archeo_button&quot;&gt;Download&lt;\/a&gt; &lt;\/p&gt;' ><img src='https:\/\/www.archeoparc.it\/wp-content\/uploads\/archeoparc-schnalstal-press-21007-100x100.jpg'><\/a><\/li><li><a href='https:\/\/www.archeoparc.it\/wp-content\/uploads\/archeoparc-schnalstal-press-21008-1024x768.jpg' class='thickbox'  title='&lt;p&gt;&lt;strong&gt;Bildtext: &lt;\/strong&gt;&lt;\/p&gt;&lt;p style=&quot;margin-left:2em;&quot;&gt;&lt;em&gt;&lt;strong&gt;deutsch: &lt;\/strong&gt;Feier des zwanzigj\u00e4hrigen Bestehens im archeoParc Schnalstal mit Jubil\u00e4umsgeb\u00e4ck. Dabei waren Vereinspr\u00e4sidentin Sonja Santer, Museumsleiterin Johanna Niederkofler, der Schnalser B\u00fcrgermieister Karl Josef Rainer, Benjamin Santer vom Kulturverein Schnals, die Vorstandsmitglieder Otto Rainer und Gerhard M\u00fcller (v.l.n.r) und  Walter Zerpelloni von der Tourismusgenossenschaft Schnals (fehlt im Bild).&lt;\/em&gt;&lt;\/p&gt;&lt;p style=&quot;margin-left:2em;&quot;&gt;&lt;em&gt;&lt;strong&gt;italiano: &lt;\/strong&gt;Festa in occasione del ventennale dell\u2019inaugurazione dell\u2019archeoParc Val Senales con pasticcini d\u2019anniversario. Tra gli ospiti la presidente dell\u2019associazione museale, Sonja Santer, la direttrice Johanna Niederkofler, il sindaco di Senales, Karl Josef Rainer, Benjamin Santer dell\u2019associazione culturale della val Senales e i membri del comitato direttivo, Otto Rainer e Gerhard M\u00fcller (da sinistra a destra) e Walter Zerpelloni dell\u2019APT della val Senales (manca nella foto).&lt;\/em&gt;&lt;\/p&gt;&lt;p style=&quot;margin-left:2em;&quot;&gt;&lt;em&gt;&lt;strong&gt;english: &lt;\/strong&gt;The archeoParc celebrated it\u2019s 20th anniversary in September 2021 with a small private event and a yummy anniversary cake. With chair Sonja Santer, director Johanna Niederkofler, mayor Karl Josef Rainer, Benjamin Santer, Otto Rainer, Gerhard M\u00fcller (from left to right) and Walter Zerpelloni from the tourism association Val Senales (missing on this picture).&lt;\/em&gt;&lt;\/p&gt;&lt;p&gt;&lt;strong&gt;Fotograf:&lt;\/strong&gt; &lt;em&gt;Ganesh Neumair&lt;\/em&gt;&lt;\/p&gt;&lt;p&gt;&lt;strong&gt;Gr\u00f6\u00dfe:&lt;\/strong&gt; &lt;em&gt;2048x1535px&lt;\/em&gt;&lt;\/p&gt;&lt;p&gt;&lt;strong&gt;Frei zur nicht-kommerziellen Ver\u00f6ffentlichung mit dem Vermerk:&lt;\/strong&gt; &lt;br&gt;&lt;em&gt;archeoParc Schnalstal, photo: Ganesh Neumair&lt;\/em&gt;&lt;p&gt;&lt;a href=&quot;https:\/\/www.archeoparc.it\/wp-content\/uploads\/archeoparc-schnalstal-press-21008.jpg&quot; class=&quot;archeo_button&quot;&gt;Download&lt;\/a&gt; &lt;\/p&gt;' ><img src='https:\/\/www.archeoparc.it\/wp-content\/uploads\/archeoparc-schnalstal-press-21008-100x100.jpg'><\/a><\/li><li><a href='https:\/\/www.archeoparc.it\/wp-content\/uploads\/archeoparc-schnalstal-press-21006-1024x683.jpg' class='thickbox'  title='&lt;p&gt;&lt;strong&gt;Bildtext: &lt;\/strong&gt;&lt;\/p&gt;&lt;p style=&quot;margin-left:2em;&quot;&gt;&lt;em&gt;&lt;strong&gt;deutsch: &lt;\/strong&gt;Schnalstal: Thomas Huber begleitet einen Exclusivtermin der \u00d6tzi Glacier Tour zur Fundstelle von \u00d6tzi&lt;\/em&gt;&lt;\/p&gt;&lt;p style=&quot;margin-left:2em;&quot;&gt;&lt;em&gt;&lt;strong&gt;italiano: &lt;\/strong&gt;Val Senales: Thomas Huber accompagna l\u2019\u00d6tzi Glacier Tour che passa dal luogo di ritrovamento dell\u2019Uomo venuto dal ghiaccio&lt;\/em&gt;&lt;\/p&gt;&lt;p style=&quot;margin-left:2em;&quot;&gt;&lt;em&gt;&lt;strong&gt;english: &lt;\/strong&gt;Val Senales Valley: Thomas Huber attends the \u00d6tzi Glacier Tour, which passes by the discovery place of the Iceman&lt;\/em&gt;&lt;\/p&gt;&lt;p&gt;&lt;strong&gt;Fotograf:&lt;\/strong&gt; &lt;em&gt;Peter Santer&lt;\/em&gt;&lt;\/p&gt;&lt;p&gt;&lt;strong&gt;Gr\u00f6\u00dfe:&lt;\/strong&gt; &lt;em&gt;5760x3840px&lt;\/em&gt;&lt;\/p&gt;&lt;p&gt;&lt;strong&gt;Frei zur nicht-kommerziellen Ver\u00f6ffentlichung mit dem Vermerk:&lt;\/strong&gt; &lt;br&gt;&lt;em&gt;archeoParc Schnalstal, photo: Peter Santer&lt;\/em&gt;&lt;p&gt;&lt;a href=&quot;https:\/\/www.archeoparc.it\/wp-content\/uploads\/archeoparc-schnalstal-press-21006.jpg&quot; class=&quot;archeo_button&quot;&gt;Download&lt;\/a&gt; &lt;\/p&gt;' ><img src='https:\/\/www.archeoparc.it\/wp-content\/uploads\/archeoparc-schnalstal-press-21006-100x100.jpg'><\/a><\/li><li><a href='https:\/\/www.archeoparc.it\/wp-content\/uploads\/archeoparc-schnalstal-press-21005-1024x683.jpg' class='thickbox'  title='&lt;p&gt;&lt;strong&gt;Bildtext: &lt;\/strong&gt;&lt;\/p&gt;&lt;p style=&quot;margin-left:2em;&quot;&gt;&lt;em&gt;&lt;strong&gt;deutsch: &lt;\/strong&gt;Schnalstal: Thomas Huber begleitet einen Exclusivtermin der \u00d6tzi Glacier Tour zur Fundstelle von \u00d6tzi&lt;\/em&gt;&lt;\/p&gt;&lt;p style=&quot;margin-left:2em;&quot;&gt;&lt;em&gt;&lt;strong&gt;italiano: &lt;\/strong&gt;Val Senales: Thomas Huber accompagna l\u2019\u00d6tzi Glacier Tour che passa dal luogo di ritrovamento dell\u2019Uomo venuto dal ghiaccio&lt;\/em&gt;&lt;\/p&gt;&lt;p style=&quot;margin-left:2em;&quot;&gt;&lt;em&gt;&lt;strong&gt;english: &lt;\/strong&gt;Val Senales Valley: Thomas Huber attends the \u00d6tzi Glacier Tour, which passes by the discovery place of the Iceman&lt;\/em&gt;&lt;\/p&gt;&lt;p&gt;&lt;strong&gt;Fotograf:&lt;\/strong&gt; &lt;em&gt;Peter Santer&lt;\/em&gt;&lt;\/p&gt;&lt;p&gt;&lt;strong&gt;Gr\u00f6\u00dfe:&lt;\/strong&gt; &lt;em&gt;5760x3840px&lt;\/em&gt;&lt;\/p&gt;&lt;p&gt;&lt;strong&gt;Frei zur nicht-kommerziellen Ver\u00f6ffentlichung mit dem Vermerk:&lt;\/strong&gt; &lt;br&gt;&lt;em&gt;archeoParc Schnalstal, photo: Peter Santer&lt;\/em&gt;&lt;p&gt;&lt;a href=&quot;https:\/\/www.archeoparc.it\/wp-content\/uploads\/archeoparc-schnalstal-press-21005.jpg&quot; class=&quot;archeo_button&quot;&gt;Download&lt;\/a&gt; &lt;\/p&gt;' ><img src='https:\/\/www.archeoparc.it\/wp-content\/uploads\/archeoparc-schnalstal-press-21005-100x100.jpg'><\/a><\/li><li><a href='https:\/\/www.archeoparc.it\/wp-content\/uploads\/archeoparc-schnalstal-press-21004-1024x680.jpg' class='thickbox'  title='&lt;p&gt;&lt;strong&gt;Bildtext: &lt;\/strong&gt;&lt;\/p&gt;&lt;p style=&quot;margin-left:2em;&quot;&gt;&lt;em&gt;&lt;strong&gt;deutsch: &lt;\/strong&gt;Handwerksdemonstration zum steinzeitlichen Gerben im archeoParc Schnalstal&lt;\/em&gt;&lt;\/p&gt;&lt;p style=&quot;margin-left:2em;&quot;&gt;&lt;em&gt;&lt;strong&gt;italiano: &lt;\/strong&gt;Dimostrazione sulla conciatura in maniera di \u00d6tzi all\u2019archeoParc della Val Senales&lt;\/em&gt;&lt;\/p&gt;&lt;p style=&quot;margin-left:2em;&quot;&gt;&lt;em&gt;&lt;strong&gt;english: &lt;\/strong&gt;Demonstration on neolithic tanning at archeoParc Val Senales archeological open air museum&lt;\/em&gt;&lt;\/p&gt;&lt;p&gt;&lt;strong&gt;Fotograf:&lt;\/strong&gt; &lt;em&gt;Johanna Niederkofler&lt;\/em&gt;&lt;\/p&gt;&lt;p&gt;&lt;strong&gt;Gr\u00f6\u00dfe:&lt;\/strong&gt; &lt;em&gt;4288x2848px&lt;\/em&gt;&lt;\/p&gt;&lt;p&gt;&lt;strong&gt;Frei zur nicht-kommerziellen Ver\u00f6ffentlichung mit dem Vermerk:&lt;\/strong&gt; &lt;br&gt;&lt;em&gt;archeoParc Schnalstal, photo: Johanna Niederkofler&lt;\/em&gt;&lt;p&gt;&lt;a href=&quot;https:\/\/www.archeoparc.it\/wp-content\/uploads\/archeoparc-schnalstal-press-21004.jpg&quot; class=&quot;archeo_button&quot;&gt;Download&lt;\/a&gt; &lt;\/p&gt;' ><img src='https:\/\/www.archeoparc.it\/wp-content\/uploads\/archeoparc-schnalstal-press-21004-100x100.jpg'><\/a><\/li><li><a href='https:\/\/www.archeoparc.it\/wp-content\/uploads\/archeoparc-schnalstal-press-21003-1024x680.jpg' class='thickbox'  title='&lt;p&gt;&lt;strong&gt;Bildtext: &lt;\/strong&gt;&lt;\/p&gt;&lt;p style=&quot;margin-left:2em;&quot;&gt;&lt;em&gt;&lt;strong&gt;deutsch: &lt;\/strong&gt;Kinder fertigen ein Hirschlederarmband mit steinzeitlichen Werkzeugen in Begleitung einer Kulturvermittlerin des archeoParc Schnalstal, S\u00fcdtirol&lt;\/em&gt;&lt;\/p&gt;&lt;p style=&quot;margin-left:2em;&quot;&gt;&lt;em&gt;&lt;strong&gt;italiano: &lt;\/strong&gt;Bambini fanno un braccialetto di pelle di cervo insieme a una mediatrice culturale dell\u2019archeoParc Val Senales, Alto Adige&lt;\/em&gt;&lt;\/p&gt;&lt;p style=&quot;margin-left:2em;&quot;&gt;&lt;em&gt;&lt;strong&gt;english: &lt;\/strong&gt;Children making a bracelet out of deer leather with a museum educator of archeoParc Val Senales in South Tyrol&lt;\/em&gt;&lt;\/p&gt;&lt;p&gt;&lt;strong&gt;Fotograf:&lt;\/strong&gt; &lt;em&gt;Johanna Niederkofler&lt;\/em&gt;&lt;\/p&gt;&lt;p&gt;&lt;strong&gt;Gr\u00f6\u00dfe:&lt;\/strong&gt; &lt;em&gt;4288x2848px&lt;\/em&gt;&lt;\/p&gt;&lt;p&gt;&lt;strong&gt;Frei zur nicht-kommerziellen Ver\u00f6ffentlichung mit dem Vermerk:&lt;\/strong&gt; &lt;br&gt;&lt;em&gt;archeoParc Schnalstal, photo: Johanna Niederkofler&lt;\/em&gt;&lt;p&gt;&lt;a href=&quot;https:\/\/www.archeoparc.it\/wp-content\/uploads\/archeoparc-schnalstal-press-21003.jpg&quot; class=&quot;archeo_button&quot;&gt;Download&lt;\/a&gt; &lt;\/p&gt;' ><img src='https:\/\/www.archeoparc.it\/wp-content\/uploads\/archeoparc-schnalstal-press-21003-100x100.jpg'><\/a><\/li><li><a href='https:\/\/www.archeoparc.it\/wp-content\/uploads\/archeoparc-schnalstal-press-21002-4-1024x680.jpg' class='thickbox'  title='&lt;p&gt;&lt;strong&gt;Bildtext: &lt;\/strong&gt;&lt;\/p&gt;&lt;p style=&quot;margin-left:2em;&quot;&gt;&lt;em&gt;&lt;strong&gt;deutsch: &lt;\/strong&gt;Bei den t\u00e4glichen Kurzworkshops des archeoParc Schnalstal sind die Besucher eingeladen verschiedene Techniken und Materialien aus der \u00d6tzizeit kennen zu lernen und auszuprobieren. Hier wird Leder mit einer Geweihnadel gen\u00e4ht.&lt;\/em&gt;&lt;\/p&gt;&lt;p style=&quot;margin-left:2em;&quot;&gt;&lt;em&gt;&lt;strong&gt;italiano: &lt;\/strong&gt;Nei laboratori didattici nell\u2019area all\u2019aperto dell\u2019archeoParc Val Senales i visitatori sperimentano diverse tecniche artigianali antiche con materiali usati gi\u00e0 all\u2019epoca di \u00d6tzi. Qui si cuce la pelle con un ago di palco di cervo.&lt;\/em&gt;&lt;\/p&gt;&lt;p style=&quot;margin-left:2em;&quot;&gt;&lt;em&gt;&lt;strong&gt;english: &lt;\/strong&gt;Daily the visitors can try out ancient handicraft techniques and materials in the various hands-on activities at the open-air area of archeoParc Val Senales. Here leather is sewed with a needle made of antlers.&lt;\/em&gt;&lt;\/p&gt;&lt;p&gt;&lt;strong&gt;Fotograf:&lt;\/strong&gt; &lt;em&gt;Johanna Niederkofler&lt;\/em&gt;&lt;\/p&gt;&lt;p&gt;&lt;strong&gt;Gr\u00f6\u00dfe:&lt;\/strong&gt; &lt;em&gt;4288x2848px&lt;\/em&gt;&lt;\/p&gt;&lt;p&gt;&lt;strong&gt;Frei zur nicht-kommerziellen Ver\u00f6ffentlichung mit dem Vermerk:&lt;\/strong&gt; &lt;br&gt;&lt;em&gt;archeoParc Schnalstal, photo: Johanna Niederkofler&lt;\/em&gt;&lt;p&gt;&lt;a href=&quot;https:\/\/www.archeoparc.it\/wp-content\/uploads\/archeoparc-schnalstal-press-21002-4.jpg&quot; class=&quot;archeo_button&quot;&gt;Download&lt;\/a&gt; &lt;\/p&gt;' ><img src='https:\/\/www.archeoparc.it\/wp-content\/uploads\/archeoparc-schnalstal-press-21002-4-100x100.jpg'><\/a><\/li><li><a href='https:\/\/www.archeoparc.it\/wp-content\/uploads\/archeoparc-schnalstal-press-21001-4-683x1024.jpg' class='thickbox'  title='&lt;p&gt;&lt;strong&gt;Bildtext: &lt;\/strong&gt;&lt;\/p&gt;&lt;p style=&quot;margin-left:2em;&quot;&gt;&lt;em&gt;&lt;strong&gt;deutsch: &lt;\/strong&gt;Kind beim Mehl mahlen auf einer Steinm\u00fchle in der Besucherwerkstatt des archeoParc Schnalstal, S\u00fcdtirol&lt;\/em&gt;&lt;\/p&gt;&lt;p style=&quot;margin-left:2em;&quot;&gt;&lt;em&gt;&lt;strong&gt;italiano: &lt;\/strong&gt;Bambina macina cereali con una macina in pietra nell\u2019area laboratori dell\u2019archeoParc Val Senales, Alto Adige&lt;\/em&gt;&lt;\/p&gt;&lt;p style=&quot;margin-left:2em;&quot;&gt;&lt;em&gt;&lt;strong&gt;english: &lt;\/strong&gt;Child grinds wheat kernels into flour on a stone mill at the laboratory area of archeoParc Val Senales in South Tyrol&lt;\/em&gt;&lt;\/p&gt;&lt;p&gt;&lt;strong&gt;Fotograf:&lt;\/strong&gt; &lt;em&gt;Daniela Brugger&lt;\/em&gt;&lt;\/p&gt;&lt;p&gt;&lt;strong&gt;Gr\u00f6\u00dfe:&lt;\/strong&gt; &lt;em&gt;4694x7041px&lt;\/em&gt;&lt;\/p&gt;&lt;p&gt;&lt;strong&gt;Frei zur nicht-kommerziellen Ver\u00f6ffentlichung mit dem Vermerk:&lt;\/strong&gt; &lt;br&gt;&lt;em&gt;archeoParc Schnalstal, photo: Daniela Brugger&lt;\/em&gt;&lt;p&gt;&lt;a href=&quot;https:\/\/www.archeoparc.it\/wp-content\/uploads\/archeoparc-schnalstal-press-21001-4.jpg&quot; class=&quot;archeo_button&quot;&gt;Download&lt;\/a&gt; &lt;\/p&gt;' ><img src='https:\/\/www.archeoparc.it\/wp-content\/uploads\/archeoparc-schnalstal-press-21001-4-100x100.jpg'><\/a><\/li><\/ul>\n\n\n\n<p><strong>202<a id=\"2020\"><\/a>0<\/strong><\/p>\n\n\n<ul  class=\"pressebilder\"><li><a href='https:\/\/www.archeoparc.it\/wp-content\/uploads\/archeoparc-20002-1-1024x683.jpg' class='thickbox'  title='&lt;p&gt;&lt;strong&gt;Bildtext: &lt;\/strong&gt;&lt;\/p&gt;&lt;p style=&quot;margin-left:2em;&quot;&gt;&lt;em&gt;&lt;strong&gt;deutsch: &lt;\/strong&gt;Sonderausstellung zur Geschichte des Brotbackens im archeoParc Schnalstal&lt;br \/&gt;Juni 2020&lt;\/em&gt;&lt;\/p&gt;&lt;p style=&quot;margin-left:2em;&quot;&gt;&lt;em&gt;&lt;strong&gt;italiano: &lt;\/strong&gt;Mostra temporanea sulla storia della panificazione nell\u2019archeoParc Val Seanles&lt;br \/&gt;Giugno 2020&lt;\/em&gt;&lt;\/p&gt;&lt;p style=&quot;margin-left:2em;&quot;&gt;&lt;em&gt;&lt;strong&gt;english: &lt;\/strong&gt;Special exibition about the history of bread making at the archeoParc Val Senales&lt;br \/&gt;June 2020&lt;\/em&gt;&lt;\/p&gt;&lt;p&gt;&lt;strong&gt;Fotograf:&lt;\/strong&gt; &lt;em&gt;Peter Santer&lt;\/em&gt;&lt;\/p&gt;&lt;p&gt;&lt;strong&gt;Gr\u00f6\u00dfe:&lt;\/strong&gt; &lt;em&gt;1920x1280px&lt;\/em&gt;&lt;\/p&gt;&lt;p&gt;&lt;strong&gt;Frei zur nicht-kommerziellen Ver\u00f6ffentlichung mit dem Vermerk:&lt;\/strong&gt; &lt;br&gt;&lt;em&gt;archeoParc Schnalstal, photo: Peter Santer&lt;\/em&gt;&lt;p&gt;&lt;a href=&quot;https:\/\/www.archeoparc.it\/wp-content\/uploads\/archeoparc-20002-1.jpg&quot; class=&quot;archeo_button&quot;&gt;Download&lt;\/a&gt; &lt;\/p&gt;' ><img src='https:\/\/www.archeoparc.it\/wp-content\/uploads\/archeoparc-20002-1-100x100.jpg'><\/a><\/li><li><a href='https:\/\/www.archeoparc.it\/wp-content\/uploads\/archeoparc-20003-1-1024x683.jpg' class='thickbox'  title='&lt;p&gt;&lt;strong&gt;Bildtext: &lt;\/strong&gt;&lt;\/p&gt;&lt;p style=&quot;margin-left:2em;&quot;&gt;&lt;em&gt;&lt;strong&gt;deutsch: &lt;\/strong&gt;Sonderausstellung zur Geschichte des Brotbackens im archeoParc Schnalstal&lt;br \/&gt;Juni 2020&lt;\/em&gt;&lt;\/p&gt;&lt;p style=&quot;margin-left:2em;&quot;&gt;&lt;em&gt;&lt;strong&gt;italiano: &lt;\/strong&gt;Mostra temporanea sulla storia della panificazione nell\u2019archeoParc Val Seanles&lt;br \/&gt;Giugno 2020&lt;\/em&gt;&lt;\/p&gt;&lt;p style=&quot;margin-left:2em;&quot;&gt;&lt;em&gt;&lt;strong&gt;english: &lt;\/strong&gt;Special exibition about the history of bread making at the archeoParc Val Senales&lt;br \/&gt;June 2020&lt;\/em&gt;&lt;\/p&gt;&lt;p&gt;&lt;strong&gt;Fotograf:&lt;\/strong&gt; &lt;em&gt;Peter Santer&lt;\/em&gt;&lt;\/p&gt;&lt;p&gt;&lt;strong&gt;Gr\u00f6\u00dfe:&lt;\/strong&gt; &lt;em&gt;1920x1280px&lt;\/em&gt;&lt;\/p&gt;&lt;p&gt;&lt;strong&gt;Frei zur nicht-kommerziellen Ver\u00f6ffentlichung mit dem Vermerk:&lt;\/strong&gt; &lt;br&gt;&lt;em&gt;archeoParc Schnalstal, photo: Peter Santer&lt;\/em&gt;&lt;p&gt;&lt;a href=&quot;https:\/\/www.archeoparc.it\/wp-content\/uploads\/archeoparc-20003-1.jpg&quot; class=&quot;archeo_button&quot;&gt;Download&lt;\/a&gt; &lt;\/p&gt;' ><img src='https:\/\/www.archeoparc.it\/wp-content\/uploads\/archeoparc-20003-1-100x100.jpg'><\/a><\/li><li><a href='https:\/\/www.archeoparc.it\/wp-content\/uploads\/archeoparc-20001-2-1024x683.jpg' class='thickbox'  title='&lt;p&gt;&lt;strong&gt;Bildtext: &lt;\/strong&gt;&lt;\/p&gt;&lt;p style=&quot;margin-left:2em;&quot;&gt;&lt;em&gt;&lt;strong&gt;deutsch: &lt;\/strong&gt;Er\u00f6ffnung der Sonderausstellung zur Geschichte des Brotbackens im archeoParc Schnalstal&lt;br \/&gt;v.l.n.r.: Magdalena Alber, Mitarbeiterin im archeoParc, Otto Rainer, Vorstand im Museumsverein, die archeoParc-Leiterin Johanna Niederkofler und Karl Josef Rainer, B\u00fcrgermeister der Gemeinde Schnals&lt;br \/&gt;Juni 2020&lt;\/em&gt;&lt;\/p&gt;&lt;p style=&quot;margin-left:2em;&quot;&gt;&lt;em&gt;&lt;strong&gt;italiano: &lt;\/strong&gt;Inaugurazione della mostra temporanea sulla panificazione nell\u2019archeoParc Val Senales&lt;br \/&gt; da sx a dx: Magdalena Alber, collaboratrice nell\u2019archeoParc, Otto Rainer, consigliere dell\u2019associazione museale, Johanna Niederkofler, direttrice dell\u2019archeoParc e Karl Josef Rainer, sindaco di Senales &lt;br \/&gt;Giugno 2020&lt;\/em&gt;&lt;\/p&gt;&lt;p style=&quot;margin-left:2em;&quot;&gt;&lt;em&gt;&lt;strong&gt;english: &lt;\/strong&gt;Inauguration of the temprary exibition 2020 at the archeoParc Val Senales&lt;br \/&gt;f.l.t.r.: Magdalena Alber, archeoParc collaborator, Otto Rainer, museum association, Johanna Niederkofler, director of the archeoParc and Karl Josef Rainer, major of Senales &lt;br \/&gt;June 2020&lt;\/em&gt;&lt;\/p&gt;&lt;p&gt;&lt;strong&gt;Fotograf:&lt;\/strong&gt; &lt;em&gt;Peter Santer&lt;\/em&gt;&lt;\/p&gt;&lt;p&gt;&lt;strong&gt;Gr\u00f6\u00dfe:&lt;\/strong&gt; &lt;em&gt;1920x1280px&lt;\/em&gt;&lt;\/p&gt;&lt;p&gt;&lt;strong&gt;Frei zur nicht-kommerziellen Ver\u00f6ffentlichung mit dem Vermerk:&lt;\/strong&gt; &lt;br&gt;&lt;em&gt;archeoParc Schnalstal, photo: Peter Santer&lt;\/em&gt;&lt;p&gt;&lt;a href=&quot;https:\/\/www.archeoparc.it\/wp-content\/uploads\/archeoparc-20001-2.jpg&quot; class=&quot;archeo_button&quot;&gt;Download&lt;\/a&gt; &lt;\/p&gt;' ><img src='https:\/\/www.archeoparc.it\/wp-content\/uploads\/archeoparc-20001-2-100x100.jpg'><\/a><\/li><li><a href='https:\/\/www.archeoparc.it\/wp-content\/uploads\/archeoparc-schnalstal-press-19045-670x1024.jpg' class='thickbox'  title='&lt;p&gt;&lt;strong&gt;Bildtext: &lt;\/strong&gt;&lt;\/p&gt;&lt;p style=&quot;margin-left:2em;&quot;&gt;&lt;em&gt;&lt;strong&gt;deutsch: &lt;\/strong&gt;Getreideernte im arch\u00e4obotanischen Acker des archeoParc Schnalstal&lt;\/em&gt;&lt;\/p&gt;&lt;p style=&quot;margin-left:2em;&quot;&gt;&lt;em&gt;&lt;strong&gt;italiano: &lt;\/strong&gt;Raccolta del frumento presso l\u2019archeoParc della val Senales&lt;\/em&gt;&lt;\/p&gt;&lt;p style=&quot;margin-left:2em;&quot;&gt;&lt;em&gt;&lt;strong&gt;english: &lt;\/strong&gt;Harvesting cereals at archeoParc Val Senales archeological open-air museum&lt;\/em&gt;&lt;\/p&gt;&lt;p&gt;&lt;strong&gt;Fotograf:&lt;\/strong&gt; &lt;em&gt;none&lt;\/em&gt;&lt;\/p&gt;&lt;p&gt;&lt;strong&gt;Gr\u00f6\u00dfe:&lt;\/strong&gt; &lt;em&gt;1299x1984px&lt;\/em&gt;&lt;\/p&gt;&lt;p&gt;&lt;strong&gt;Frei zur nicht-kommerziellen Ver\u00f6ffentlichung mit dem Vermerk:&lt;\/strong&gt; &lt;br&gt;&lt;em&gt;archeoParc Schnalstal, photo: none&lt;\/em&gt;&lt;p&gt;&lt;a href=&quot;https:\/\/www.archeoparc.it\/wp-content\/uploads\/archeoparc-schnalstal-press-19045.jpg&quot; class=&quot;archeo_button&quot;&gt;Download&lt;\/a&gt; &lt;\/p&gt;' ><img src='https:\/\/www.archeoparc.it\/wp-content\/uploads\/archeoparc-schnalstal-press-19045-100x100.jpg'><\/a><\/li><li><a href='https:\/\/www.archeoparc.it\/wp-content\/uploads\/archeoparc-schnalstal-press-19046-1024x683.jpg' class='thickbox'  title='&lt;p&gt;&lt;strong&gt;Bildtext: &lt;\/strong&gt;&lt;\/p&gt;&lt;p style=&quot;margin-left:2em;&quot;&gt;&lt;em&gt;&lt;strong&gt;deutsch: &lt;\/strong&gt;Junge Besucherin bei Aktivstation in der Indoor-Ausstellung des archeoParc Schnalstal&lt;\/em&gt;&lt;\/p&gt;&lt;p style=&quot;margin-left:2em;&quot;&gt;&lt;em&gt;&lt;strong&gt;italiano: &lt;\/strong&gt;Giovane visitatrice delle mostre presso il centro visitatori dell\u2019archeoParc Schnalstal&lt;\/em&gt;&lt;\/p&gt;&lt;p style=&quot;margin-left:2em;&quot;&gt;&lt;em&gt;&lt;strong&gt;english: &lt;\/strong&gt;Exploring the exhibitions at archeoParc Val Senales&lt;\/em&gt;&lt;\/p&gt;&lt;p&gt;&lt;strong&gt;Fotograf:&lt;\/strong&gt; &lt;em&gt;Daniela Brugger&lt;\/em&gt;&lt;\/p&gt;&lt;p&gt;&lt;strong&gt;Gr\u00f6\u00dfe:&lt;\/strong&gt; &lt;em&gt;7388x4925px&lt;\/em&gt;&lt;\/p&gt;&lt;p&gt;&lt;strong&gt;Frei zur nicht-kommerziellen Ver\u00f6ffentlichung mit dem Vermerk:&lt;\/strong&gt; &lt;br&gt;&lt;em&gt;archeoParc Schnalstal, photo: Daniela Brugger&lt;\/em&gt;&lt;p&gt;&lt;a href=&quot;https:\/\/www.archeoparc.it\/wp-content\/uploads\/archeoparc-schnalstal-press-19046.jpg&quot; class=&quot;archeo_button&quot;&gt;Download&lt;\/a&gt; &lt;\/p&gt;' ><img src='https:\/\/www.archeoparc.it\/wp-content\/uploads\/archeoparc-schnalstal-press-19046-100x100.jpg'><\/a><\/li><li><a href='https:\/\/www.archeoparc.it\/wp-content\/uploads\/archeoparc-schnalstal-press-19044-1024x680.jpg' class='thickbox'  title='&lt;p&gt;&lt;strong&gt;Bildtext: &lt;\/strong&gt;&lt;\/p&gt;&lt;p style=&quot;margin-left:2em;&quot;&gt;&lt;em&gt;&lt;strong&gt;deutsch: &lt;\/strong&gt;Handwerksdemonstration zum steinzeitlichen Gerben im archeoParc Schnalstal&lt;\/em&gt;&lt;\/p&gt;&lt;p style=&quot;margin-left:2em;&quot;&gt;&lt;em&gt;&lt;strong&gt;italiano: &lt;\/strong&gt;Dimostrazione sulla conciatura in maniera di \u00d6tzi all\u2019archeoParc della val Senales&lt;\/em&gt;&lt;\/p&gt;&lt;p style=&quot;margin-left:2em;&quot;&gt;&lt;em&gt;&lt;strong&gt;english: &lt;\/strong&gt;Demonstration on neolithic tanning at archeoParc Val Senales archeological open-air museum&lt;\/em&gt;&lt;\/p&gt;&lt;p&gt;&lt;strong&gt;Fotograf:&lt;\/strong&gt; &lt;em&gt;Johanna Niederkofler&lt;\/em&gt;&lt;\/p&gt;&lt;p&gt;&lt;strong&gt;Gr\u00f6\u00dfe:&lt;\/strong&gt; &lt;em&gt;4288x2848px&lt;\/em&gt;&lt;\/p&gt;&lt;p&gt;&lt;strong&gt;Frei zur nicht-kommerziellen Ver\u00f6ffentlichung mit dem Vermerk:&lt;\/strong&gt; &lt;br&gt;&lt;em&gt;archeoParc Schnalstal, photo: Johanna Niederkofler&lt;\/em&gt;&lt;p&gt;&lt;a href=&quot;https:\/\/www.archeoparc.it\/wp-content\/uploads\/archeoparc-schnalstal-press-19044.jpg&quot; class=&quot;archeo_button&quot;&gt;Download&lt;\/a&gt; &lt;\/p&gt;' ><img src='https:\/\/www.archeoparc.it\/wp-content\/uploads\/archeoparc-schnalstal-press-19044-100x100.jpg'><\/a><\/li><li><a href='https:\/\/www.archeoparc.it\/wp-content\/uploads\/archeoparc-schnalstal-press19043-1024x680.jpg' class='thickbox'  title='&lt;p&gt;&lt;strong&gt;Bildtext: &lt;\/strong&gt;&lt;\/p&gt;&lt;p style=&quot;margin-left:2em;&quot;&gt;&lt;em&gt;&lt;strong&gt;deutsch: &lt;\/strong&gt;Der Extremkletterer Thomas Huber begleitet im Juli 2020 eine \u00d6tzi Glacier Tour&lt;\/em&gt;&lt;\/p&gt;&lt;p style=&quot;margin-left:2em;&quot;&gt;&lt;em&gt;&lt;strong&gt;italiano: &lt;\/strong&gt;L\u2019arrampicatore bavarese Thomas Huber accompagner\u00e0 l&#039; \u00d6tzi Glacier Tour il 7 luglio 2020&lt;\/em&gt;&lt;\/p&gt;&lt;p style=&quot;margin-left:2em;&quot;&gt;&lt;em&gt;&lt;strong&gt;english: &lt;\/strong&gt;The German climber and mountaineer Thomas Huber, special guest of the \u00d6tzi Glacier Tour in summer 2020&lt;\/em&gt;&lt;\/p&gt;&lt;p&gt;&lt;strong&gt;Fotograf:&lt;\/strong&gt; &lt;em&gt;Timeline Production&lt;\/em&gt;&lt;\/p&gt;&lt;p&gt;&lt;strong&gt;Gr\u00f6\u00dfe:&lt;\/strong&gt; &lt;em&gt;5624x3736px&lt;\/em&gt;&lt;\/p&gt;&lt;p&gt;&lt;strong&gt;Frei zur nicht-kommerziellen Ver\u00f6ffentlichung mit dem Vermerk:&lt;\/strong&gt; &lt;br&gt;&lt;em&gt;private, Archiv Huberbuam, Timeline Production&lt;\/em&gt;&lt;p&gt;&lt;a href=&quot;https:\/\/www.archeoparc.it\/wp-content\/uploads\/archeoparc-schnalstal-press19043.jpg&quot; class=&quot;archeo_button&quot;&gt;Download&lt;\/a&gt; &lt;\/p&gt;' ><img src='https:\/\/www.archeoparc.it\/wp-content\/uploads\/archeoparc-schnalstal-press19043-100x100.jpg'><\/a><\/li><\/ul>\n\n\n\n<p><strong>20<a id=\"2019\"><\/a>19<\/strong><\/p>\n\n\n<ul  class=\"pressebilder\"><li><a href='https:\/\/www.archeoparc.it\/wp-content\/uploads\/archeoparc-19041-1024x683.jpg' class='thickbox'  title='&lt;p&gt;&lt;strong&gt;Bildtext: &lt;\/strong&gt;&lt;\/p&gt;&lt;p style=&quot;margin-left:2em;&quot;&gt;&lt;em&gt;&lt;strong&gt;deutsch: &lt;\/strong&gt;Siegerehrung im Bewerb Speerschleudern, Kategorie Kinder, im Rahmen der Europameisterschaften f\u00fcr Pr\u00e4historische Waffen im Freilichtbereich des archeoParc Schnalstal&lt;br \/&gt;v.l.n.r.: Caspar Zimmermann (1. Platz), Helena Martz (2. Platz), Mattia Cremaschi (3. Platz), Liam Lukas, Tom Lukas, archeoParc-Leiterin Johanna Niederkofler, archeoParc-Mitarbeiter Ernst Gamper&lt;br \/&gt;September 2019&lt;\/em&gt;&lt;\/p&gt;&lt;p style=&quot;margin-left:2em;&quot;&gt;&lt;em&gt;&lt;strong&gt;italiano: &lt;\/strong&gt;Cerimonia di premiazione dei tiratori con il propulsore, categoria bambini, nel corso del campionato europeo di tiro con l\u2019arco preistorico e lancio con il propulsore all\u2019archeoParc Val Senales&lt;br \/&gt;da sx a dx: Caspar Zimmermann (1.posto), Helena Martz (2. posto), Mattia Cremaschi (3. posto), Liam Lukas, Tom Lukas, la direttrice dell\u2018archeoParc Johanna Niederkofler,Ernst Gamper&lt;br \/&gt;Settembre 2019&lt;\/em&gt;&lt;\/p&gt;&lt;p style=&quot;margin-left:2em;&quot;&gt;&lt;em&gt;&lt;strong&gt;english: &lt;\/strong&gt;Presentation ceremony for the winners of the atlatl competition, category children, during the European Championship for Prehistoric Weapons at archeoParc Val Senales&lt;br \/&gt;&lt;br \/&gt;f.l.t.r.: Caspar Zimmermann (1st place), Helena Martz (2nd place), Mattia Cremaschi (3rd place), Liam Lukas, Tom Lukas, archeoParc director Johanna Niederkofler, Ernst Gamper&lt;br \/&gt;September 2019&lt;\/em&gt;&lt;\/p&gt;&lt;p&gt;&lt;strong&gt;Fotograf:&lt;\/strong&gt; &lt;em&gt;Peter Santer&lt;\/em&gt;&lt;\/p&gt;&lt;p&gt;&lt;strong&gt;Gr\u00f6\u00dfe:&lt;\/strong&gt; &lt;em&gt;6720x4480px&lt;\/em&gt;&lt;\/p&gt;&lt;p&gt;&lt;strong&gt;Frei zur nicht-kommerziellen Ver\u00f6ffentlichung mit dem Vermerk:&lt;\/strong&gt; &lt;br&gt;&lt;em&gt;archeoParc Schnalstal, photo: Peter Santer&lt;\/em&gt;&lt;p&gt;&lt;a href=&quot;https:\/\/www.archeoparc.it\/wp-content\/uploads\/archeoparc-19041.jpg&quot; class=&quot;archeo_button&quot;&gt;Download&lt;\/a&gt; &lt;\/p&gt;' ><img src='https:\/\/www.archeoparc.it\/wp-content\/uploads\/archeoparc-19041-100x100.jpg'><\/a><\/li><li><a href='https:\/\/www.archeoparc.it\/wp-content\/uploads\/archeoparc-schnalstal-19040-1-1024x683.jpg' class='thickbox'  title='&lt;p&gt;&lt;strong&gt;Bildtext: &lt;\/strong&gt;&lt;\/p&gt;&lt;p style=&quot;margin-left:2em;&quot;&gt;&lt;em&gt;&lt;strong&gt;deutsch: &lt;\/strong&gt;Die Sieger der Herren im Bewerb Bogenschie\u00dfen, im Rahmen der Europameisterschaften f\u00fcr Pr\u00e4historische Waffen im archeoParc Schnalstal&lt;br \/&gt;v.l.n.r.: archeoParc Mitarbeiter Ernst Gamper, archeoParc Leiterin Johanna Niederkofler, Klaus Zimmermann (3. Platz), Kuno Bay (1. Platz), der B\u00fcrgermeister der Gemeinde Schnals Karl Josef Rainer, Hartmut Herrmann (2. Platz) &lt;br \/&gt;September 2019&lt;\/em&gt;&lt;\/p&gt;&lt;p style=&quot;margin-left:2em;&quot;&gt;&lt;em&gt;&lt;strong&gt;italiano: &lt;\/strong&gt;La premiazione dei vincitori nella categoria Uomini del torneo di tiro con l\u2019arco all\u2019archeoParc Val Senales, tappa del campionato europeo per armi preistoriche&lt;br \/&gt;da sx a dx: Ernst Gamper, direttrice del l\u2019archeoParc Johanna Niederkofler, Klaus Zimmermann (3. posto), Kuno Bay (1. posto), il sindaco del comune di Senales, Hartmut Herrmann (2. posto) &lt;br \/&gt;Settembre 2019&lt;\/em&gt;&lt;\/p&gt;&lt;p style=&quot;margin-left:2em;&quot;&gt;&lt;em&gt;&lt;strong&gt;english: &lt;\/strong&gt;Presentation ceremony for the winners of the archery competition, category Men, during the European Championship for Prehistoric Weapons at archeoParc Val Senales&lt;br \/&gt; f.l.t.r.: Ernst Gamper, archeoParc director Johanna Niederkofler, Klaus Zimmermann (3rd place), Kuno Bay (1st place), the major from Senales Karl Josef Rainer, Hartmut Herrmann (2st place) &lt; &lt;br \/&gt;September 2019&lt;\/em&gt;&lt;\/p&gt;&lt;p&gt;&lt;strong&gt;Fotograf:&lt;\/strong&gt; &lt;em&gt;Peter Santer&lt;\/em&gt;&lt;\/p&gt;&lt;p&gt;&lt;strong&gt;Gr\u00f6\u00dfe:&lt;\/strong&gt; &lt;em&gt;5904x3936px&lt;\/em&gt;&lt;\/p&gt;&lt;p&gt;&lt;strong&gt;Frei zur nicht-kommerziellen Ver\u00f6ffentlichung mit dem Vermerk:&lt;\/strong&gt; &lt;br&gt;&lt;em&gt;archeoParc Schnalstal, photo: Peter Santer&lt;\/em&gt;&lt;p&gt;&lt;a href=&quot;https:\/\/www.archeoparc.it\/wp-content\/uploads\/archeoparc-schnalstal-19040-1.jpg&quot; class=&quot;archeo_button&quot;&gt;Download&lt;\/a&gt; &lt;\/p&gt;' ><img src='https:\/\/www.archeoparc.it\/wp-content\/uploads\/archeoparc-schnalstal-19040-1-100x100.jpg'><\/a><\/li><li><a href='https:\/\/www.archeoparc.it\/wp-content\/uploads\/archeoparc-schnalstal-19039-1-1024x683.jpg' class='thickbox'  title='&lt;p&gt;&lt;strong&gt;Bildtext: &lt;\/strong&gt;&lt;\/p&gt;&lt;p style=&quot;margin-left:2em;&quot;&gt;&lt;em&gt;&lt;strong&gt;deutsch: &lt;\/strong&gt;Die Siegerinnen des Bewerbs Bogenschie\u00dfen, im Rahmen der Europameisterschaften f\u00fcr Pr\u00e4historische Waffen im archeoParc Schnalstal&lt;br \/&gt;&lt;br \/&gt; v.l.n.r.: archeoParc Leiterin Johnanna Niederkofler, Sabine Mattasch (3. Platz), archeoParc Mitarbeiter Ernst Gamper, Marlen Mischler (1. Platz), der B\u00fcrgermeister der Gemeinde Schnals Karl Josef Rainer, B\u00e4rbel Berhorst (2. Platz)&lt;br \/&gt;September 2019&lt;\/em&gt;&lt;\/p&gt;&lt;p style=&quot;margin-left:2em;&quot;&gt;&lt;em&gt;&lt;strong&gt;italiano: &lt;\/strong&gt;La premiazione delle vincitrici del torneo di tiro con l\u2019arco all\u2019archeoParc Val Senales, tappa del campionato europeo per armi preistoriche&lt;br \/&gt;&lt;br \/&gt; da sx a dx: direttrice del l\u2019archeoParc Johanna Niederkofler, Sabine Mattasch (3. posto) Ernst Gamper, Marlen Mischler (1. posto), il sindaco del comune di Senales Karl Josef Rainer, B\u00e4rbel Berhorst (2. posto) &lt;br \/&gt;Settembre 2019&lt;\/em&gt;&lt;\/p&gt;&lt;p style=&quot;margin-left:2em;&quot;&gt;&lt;em&gt;&lt;strong&gt;english: &lt;\/strong&gt;Presentation ceremony for the winners of the archery competition, category Women, during the European Championship for Prehistoric Weapons at archeoParc Val Senales&lt;br \/&gt;&lt;br \/&gt;f.l.t.r.: archeoParc director Johanna Niederkofler, Sabine Mattasch (3rd place), Ernst Gamper, Marlen Mischler (1st place), the major of Senales Karl Josef Rainer, B\u00e4rbel Berhorst (2st place)&lt;br \/&gt;September 2019&lt;br \/&gt;September 2019&lt;\/em&gt;&lt;\/p&gt;&lt;p&gt;&lt;strong&gt;Fotograf:&lt;\/strong&gt; &lt;em&gt;Peter Santer&lt;\/em&gt;&lt;\/p&gt;&lt;p&gt;&lt;strong&gt;Gr\u00f6\u00dfe:&lt;\/strong&gt; &lt;em&gt;6720x4480px&lt;\/em&gt;&lt;\/p&gt;&lt;p&gt;&lt;strong&gt;Frei zur nicht-kommerziellen Ver\u00f6ffentlichung mit dem Vermerk:&lt;\/strong&gt; &lt;br&gt;&lt;em&gt;archeoParc Schnalstal, photo: Peter Santer&lt;\/em&gt;&lt;p&gt;&lt;a href=&quot;https:\/\/www.archeoparc.it\/wp-content\/uploads\/archeoparc-schnalstal-19039-1.jpg&quot; class=&quot;archeo_button&quot;&gt;Download&lt;\/a&gt; &lt;\/p&gt;' ><img src='https:\/\/www.archeoparc.it\/wp-content\/uploads\/archeoparc-schnalstal-19039-1-100x100.jpg'><\/a><\/li><li><a href='https:\/\/www.archeoparc.it\/wp-content\/uploads\/archeoparc-schnalstal-19037-1-1024x683.jpg' class='thickbox'  title='&lt;p&gt;&lt;strong&gt;Bildtext: &lt;\/strong&gt;&lt;\/p&gt;&lt;p style=&quot;margin-left:2em;&quot;&gt;&lt;em&gt;&lt;strong&gt;deutsch: &lt;\/strong&gt;Europ\u00e4ische Meisterschaften im Pr\u00e4historischen Bogenschie\u00dfen und Speerschleudern im archeoParc Schnalstal&lt;br \/&gt;September 2019&lt;\/em&gt;&lt;\/p&gt;&lt;p style=&quot;margin-left:2em;&quot;&gt;&lt;em&gt;&lt;strong&gt;italiano: &lt;\/strong&gt;Campionati europei di tiro con l\u2019arco preistorico e lancio con il propulsore all\u2019archeoParc Val  Senales&lt;br \/&gt;Settembre 2019&lt;\/em&gt;&lt;\/p&gt;&lt;p style=&quot;margin-left:2em;&quot;&gt;&lt;em&gt;&lt;strong&gt;english: &lt;\/strong&gt;European Championship for Prehistoric Weapons at archeoParc Val Senales&lt;br \/&gt;September 2019&lt;\/em&gt;&lt;\/p&gt;&lt;p&gt;&lt;strong&gt;Fotograf:&lt;\/strong&gt; &lt;em&gt;Peter Santer&lt;\/em&gt;&lt;\/p&gt;&lt;p&gt;&lt;strong&gt;Gr\u00f6\u00dfe:&lt;\/strong&gt; &lt;em&gt;6720x4480px&lt;\/em&gt;&lt;\/p&gt;&lt;p&gt;&lt;strong&gt;Frei zur nicht-kommerziellen Ver\u00f6ffentlichung mit dem Vermerk:&lt;\/strong&gt; &lt;br&gt;&lt;em&gt;archeoParc Schnalstal, photo: Peter Santer&lt;\/em&gt;&lt;p&gt;&lt;a href=&quot;https:\/\/www.archeoparc.it\/wp-content\/uploads\/archeoparc-schnalstal-19037-1.jpg&quot; class=&quot;archeo_button&quot;&gt;Download&lt;\/a&gt; &lt;\/p&gt;' ><img src='https:\/\/www.archeoparc.it\/wp-content\/uploads\/archeoparc-schnalstal-19037-1-100x100.jpg'><\/a><\/li><li><a href='https:\/\/www.archeoparc.it\/wp-content\/uploads\/archeoparc-schnalstal-19036-2-1024x683.jpg' class='thickbox'  title='&lt;p&gt;&lt;strong&gt;Bildtext: &lt;\/strong&gt;&lt;\/p&gt;&lt;p style=&quot;margin-left:2em;&quot;&gt;&lt;em&gt;&lt;strong&gt;deutsch: &lt;\/strong&gt;Europ\u00e4ische Meisterschaften im Pr\u00e4historischen Bogenschie\u00dfen und Speerschleudern im archeoParc Schnalstal&lt;br \/&gt;September 2019&lt;\/em&gt;&lt;\/p&gt;&lt;p style=&quot;margin-left:2em;&quot;&gt;&lt;em&gt;&lt;strong&gt;italiano: &lt;\/strong&gt;Campionati europei di tiro con l\u2019arco preistorico e lancio con il propulsore all\u2019archeoParc Val  Senales&lt;br \/&gt;Settembre 2019&lt;\/em&gt;&lt;\/p&gt;&lt;p style=&quot;margin-left:2em;&quot;&gt;&lt;em&gt;&lt;strong&gt;english: &lt;\/strong&gt;European Championship for Prehistoric Weapons at archeoParc Val Senales&lt;br \/&gt;September 2019&lt;\/em&gt;&lt;\/p&gt;&lt;p&gt;&lt;strong&gt;Fotograf:&lt;\/strong&gt; &lt;em&gt;Peter Santer&lt;\/em&gt;&lt;\/p&gt;&lt;p&gt;&lt;strong&gt;Gr\u00f6\u00dfe:&lt;\/strong&gt; &lt;em&gt;6720x4480px&lt;\/em&gt;&lt;\/p&gt;&lt;p&gt;&lt;strong&gt;Frei zur nicht-kommerziellen Ver\u00f6ffentlichung mit dem Vermerk:&lt;\/strong&gt; &lt;br&gt;&lt;em&gt;archeoParc Schnalstal, photo: Peter Santer&lt;\/em&gt;&lt;p&gt;&lt;a href=&quot;https:\/\/www.archeoparc.it\/wp-content\/uploads\/archeoparc-schnalstal-19036-2.jpg&quot; class=&quot;archeo_button&quot;&gt;Download&lt;\/a&gt; &lt;\/p&gt;' ><img src='https:\/\/www.archeoparc.it\/wp-content\/uploads\/archeoparc-schnalstal-19036-2-100x100.jpg'><\/a><\/li><li><a href='https:\/\/www.archeoparc.it\/wp-content\/uploads\/archeoparc-schnalstal-19035-2-1024x683.jpg' class='thickbox'  title='&lt;p&gt;&lt;strong&gt;Bildtext: &lt;\/strong&gt;&lt;\/p&gt;&lt;p style=&quot;margin-left:2em;&quot;&gt;&lt;em&gt;&lt;strong&gt;deutsch: &lt;\/strong&gt;Europ\u00e4ische Meisterschaften im Pr\u00e4historischen Bogenschie\u00dfen und Speerschleudern im archeoParc Schnalstal&lt;br \/&gt;September 2019&lt;\/em&gt;&lt;\/p&gt;&lt;p style=&quot;margin-left:2em;&quot;&gt;&lt;em&gt;&lt;strong&gt;italiano: &lt;\/strong&gt;Campionati europei di tiro con l\u2019arco preistorico e lancio con il propulsore all\u2019archeoParc Val  Senales&lt;br \/&gt;Settembre 2019&lt;\/em&gt;&lt;\/p&gt;&lt;p style=&quot;margin-left:2em;&quot;&gt;&lt;em&gt;&lt;strong&gt;english: &lt;\/strong&gt;European Championship for Prehistoric Weapons at archeoParc Val Senales&lt;br \/&gt;September 2019&lt;\/em&gt;&lt;\/p&gt;&lt;p&gt;&lt;strong&gt;Fotograf:&lt;\/strong&gt; &lt;em&gt;Peter Santer&lt;\/em&gt;&lt;\/p&gt;&lt;p&gt;&lt;strong&gt;Gr\u00f6\u00dfe:&lt;\/strong&gt; &lt;em&gt;6720x4480px&lt;\/em&gt;&lt;\/p&gt;&lt;p&gt;&lt;strong&gt;Frei zur nicht-kommerziellen Ver\u00f6ffentlichung mit dem Vermerk:&lt;\/strong&gt; &lt;br&gt;&lt;em&gt;archeoParc Schnalstal, photo: Peter Santer&lt;\/em&gt;&lt;p&gt;&lt;a href=&quot;https:\/\/www.archeoparc.it\/wp-content\/uploads\/archeoparc-schnalstal-19035-2.jpg&quot; class=&quot;archeo_button&quot;&gt;Download&lt;\/a&gt; &lt;\/p&gt;' ><img src='https:\/\/www.archeoparc.it\/wp-content\/uploads\/archeoparc-schnalstal-19035-2-100x100.jpg'><\/a><\/li><li><a href='https:\/\/www.archeoparc.it\/wp-content\/uploads\/archeoparc-schnalstal-19034-2-1024x683.jpg' class='thickbox'  title='&lt;p&gt;&lt;strong&gt;Bildtext: &lt;\/strong&gt;&lt;\/p&gt;&lt;p style=&quot;margin-left:2em;&quot;&gt;&lt;em&gt;&lt;strong&gt;deutsch: &lt;\/strong&gt;Europ\u00e4ische Meisterschaften im Pr\u00e4historischen Bogenschie\u00dfen und Speerschleudern im archeoParc Schnalstal&lt;br \/&gt;September 2019&lt;\/em&gt;&lt;\/p&gt;&lt;p style=&quot;margin-left:2em;&quot;&gt;&lt;em&gt;&lt;strong&gt;italiano: &lt;\/strong&gt;Campionati europei di tiro con l\u2019arco preistorico e lancio con il propulsore all\u2019archeoParc Val  Senales&lt;br \/&gt;Settembre 2019&lt;\/em&gt;&lt;\/p&gt;&lt;p style=&quot;margin-left:2em;&quot;&gt;&lt;em&gt;&lt;strong&gt;english: &lt;\/strong&gt;European Championship for Prehistoric Weapons at archeoParc Val Senales&lt;br \/&gt;September 2019&lt;\/em&gt;&lt;\/p&gt;&lt;p&gt;&lt;strong&gt;Fotograf:&lt;\/strong&gt; &lt;em&gt;Peter Santer&lt;\/em&gt;&lt;\/p&gt;&lt;p&gt;&lt;strong&gt;Gr\u00f6\u00dfe:&lt;\/strong&gt; &lt;em&gt;6720x4480px&lt;\/em&gt;&lt;\/p&gt;&lt;p&gt;&lt;strong&gt;Frei zur nicht-kommerziellen Ver\u00f6ffentlichung mit dem Vermerk:&lt;\/strong&gt; &lt;br&gt;&lt;em&gt;archeoParc Schnalstal, photo: Peter Santer&lt;\/em&gt;&lt;p&gt;&lt;a href=&quot;https:\/\/www.archeoparc.it\/wp-content\/uploads\/archeoparc-schnalstal-19034-2.jpg&quot; class=&quot;archeo_button&quot;&gt;Download&lt;\/a&gt; &lt;\/p&gt;' ><img src='https:\/\/www.archeoparc.it\/wp-content\/uploads\/archeoparc-schnalstal-19034-2-100x100.jpg'><\/a><\/li><li><a href='https:\/\/www.archeoparc.it\/wp-content\/uploads\/archeoparc-schnalstal-19033-2-1024x682.jpg' class='thickbox'  title='&lt;p&gt;&lt;strong&gt;Bildtext: &lt;\/strong&gt;&lt;\/p&gt;&lt;p style=&quot;margin-left:2em;&quot;&gt;&lt;em&gt;&lt;strong&gt;deutsch: &lt;\/strong&gt;Schnalstal: Simon Messner begleitet einen Exclusivtermin der \u00d6tzi Glacier Tour zur Fundstelle von \u00d6tzi&lt;\/em&gt;&lt;\/p&gt;&lt;p style=&quot;margin-left:2em;&quot;&gt;&lt;em&gt;&lt;strong&gt;italiano: &lt;\/strong&gt;Val Senales: Simon Messner accompagna l\u2019\u00d6tzi Glacier Tour che passa dal luogo di ritrovamento dell\u2019Uomo venuto dal giaccio&lt;\/em&gt;&lt;\/p&gt;&lt;p style=&quot;margin-left:2em;&quot;&gt;&lt;em&gt;&lt;strong&gt;english: &lt;\/strong&gt;Val Senales Valley: Simon Messner attends the \u00d6tzi Glacier Tour, which passes by the discovery place of the Iceman&lt;\/em&gt;&lt;\/p&gt;&lt;p&gt;&lt;strong&gt;Fotograf:&lt;\/strong&gt; &lt;em&gt;Peter Santer&lt;\/em&gt;&lt;\/p&gt;&lt;p&gt;&lt;strong&gt;Gr\u00f6\u00dfe:&lt;\/strong&gt; &lt;em&gt;2000x1333px&lt;\/em&gt;&lt;\/p&gt;&lt;p&gt;&lt;strong&gt;Frei zur nicht-kommerziellen Ver\u00f6ffentlichung mit dem Vermerk:&lt;\/strong&gt; &lt;br&gt;&lt;em&gt;archeoParc Schnalstal, photo: Peter Santer&lt;\/em&gt;&lt;p&gt;&lt;a href=&quot;https:\/\/www.archeoparc.it\/wp-content\/uploads\/archeoparc-schnalstal-19033-2.jpg&quot; class=&quot;archeo_button&quot;&gt;Download&lt;\/a&gt; &lt;\/p&gt;' ><img src='https:\/\/www.archeoparc.it\/wp-content\/uploads\/archeoparc-schnalstal-19033-2-100x100.jpg'><\/a><\/li><li><a href='https:\/\/www.archeoparc.it\/wp-content\/uploads\/archeoparc-schnalstal-19032-2-1024x682.jpg' class='thickbox'  title='&lt;p&gt;&lt;strong&gt;Bildtext: &lt;\/strong&gt;&lt;\/p&gt;&lt;p style=&quot;margin-left:2em;&quot;&gt;&lt;em&gt;&lt;strong&gt;deutsch: &lt;\/strong&gt;Schnalstal: Simon Messner begleitet einen Exclusivtermin der \u00d6tzi Glacier Tour zur Fundstelle von \u00d6tzi&lt;\/em&gt;&lt;\/p&gt;&lt;p style=&quot;margin-left:2em;&quot;&gt;&lt;em&gt;&lt;strong&gt;italiano: &lt;\/strong&gt;Val Senales: Simon Messner accompagna l\u2019\u00d6tzi Glacier Tour che passa dal luogo di ritrovamento dell\u2019Uomo venuto dal giaccio&lt;\/em&gt;&lt;\/p&gt;&lt;p style=&quot;margin-left:2em;&quot;&gt;&lt;em&gt;&lt;strong&gt;english: &lt;\/strong&gt;Val Senales Valley: Simon Messner attends the \u00d6tzi Glacier Tour, which passes by the discovery place of the Iceman&lt;\/em&gt;&lt;\/p&gt;&lt;p&gt;&lt;strong&gt;Fotograf:&lt;\/strong&gt; &lt;em&gt;Peter Santer&lt;\/em&gt;&lt;\/p&gt;&lt;p&gt;&lt;strong&gt;Gr\u00f6\u00dfe:&lt;\/strong&gt; &lt;em&gt;2000x1333px&lt;\/em&gt;&lt;\/p&gt;&lt;p&gt;&lt;strong&gt;Frei zur nicht-kommerziellen Ver\u00f6ffentlichung mit dem Vermerk:&lt;\/strong&gt; &lt;br&gt;&lt;em&gt;archeoParc Schnalstal, photo: Peter Santer&lt;\/em&gt;&lt;p&gt;&lt;a href=&quot;https:\/\/www.archeoparc.it\/wp-content\/uploads\/archeoparc-schnalstal-19032-2.jpg&quot; class=&quot;archeo_button&quot;&gt;Download&lt;\/a&gt; &lt;\/p&gt;' ><img src='https:\/\/www.archeoparc.it\/wp-content\/uploads\/archeoparc-schnalstal-19032-2-100x100.jpg'><\/a><\/li><li><a href='https:\/\/www.archeoparc.it\/wp-content\/uploads\/archeoparc-schnalstal-19031-2-1024x683.jpg' class='thickbox'  title='&lt;p&gt;&lt;strong&gt;Bildtext: &lt;\/strong&gt;&lt;\/p&gt;&lt;p style=&quot;margin-left:2em;&quot;&gt;&lt;em&gt;&lt;strong&gt;deutsch: &lt;\/strong&gt;Schnalstal: Simon Messner begleitet einen Exclusivtermin der \u00d6tzi Glacier Tour zur Fundstelle von \u00d6tzi&lt;\/em&gt;&lt;\/p&gt;&lt;p style=&quot;margin-left:2em;&quot;&gt;&lt;em&gt;&lt;strong&gt;italiano: &lt;\/strong&gt;Val Senales: Simon Messner accompagna l\u2019\u00d6tzi Glacier Tour che passa dal luogo di ritrovamento dell\u2019Uomo venuto dal giaccio&lt;\/em&gt;&lt;\/p&gt;&lt;p style=&quot;margin-left:2em;&quot;&gt;&lt;em&gt;&lt;strong&gt;english: &lt;\/strong&gt;Val Senales Valley: Simon Messner attends the \u00d6tzi Glacier Tour, which passes by the discovery place of the Iceman&lt;\/em&gt;&lt;\/p&gt;&lt;p&gt;&lt;strong&gt;Fotograf:&lt;\/strong&gt; &lt;em&gt;Peter Santer&lt;\/em&gt;&lt;\/p&gt;&lt;p&gt;&lt;strong&gt;Gr\u00f6\u00dfe:&lt;\/strong&gt; &lt;em&gt;6720x4480px&lt;\/em&gt;&lt;\/p&gt;&lt;p&gt;&lt;strong&gt;Frei zur nicht-kommerziellen Ver\u00f6ffentlichung mit dem Vermerk:&lt;\/strong&gt; &lt;br&gt;&lt;em&gt;archeoParc Schnalstal, photo: Peter Santer&lt;\/em&gt;&lt;p&gt;&lt;a href=&quot;https:\/\/www.archeoparc.it\/wp-content\/uploads\/archeoparc-schnalstal-19031-2.jpg&quot; class=&quot;archeo_button&quot;&gt;Download&lt;\/a&gt; &lt;\/p&gt;' ><img src='https:\/\/www.archeoparc.it\/wp-content\/uploads\/archeoparc-schnalstal-19031-2-100x100.jpg'><\/a><\/li><li><a href='https:\/\/www.archeoparc.it\/wp-content\/uploads\/archeoparc-schnalstal-19030-2-1024x683.jpg' class='thickbox'  title='&lt;p&gt;&lt;strong&gt;Bildtext: &lt;\/strong&gt;&lt;\/p&gt;&lt;p style=&quot;margin-left:2em;&quot;&gt;&lt;em&gt;&lt;strong&gt;deutsch: &lt;\/strong&gt;Schnalstal: Simon Messner begleitet einen Exclusivtermin der \u00d6tzi Glacier Tour zur Fundstelle von \u00d6tzi&lt;\/em&gt;&lt;\/p&gt;&lt;p style=&quot;margin-left:2em;&quot;&gt;&lt;em&gt;&lt;strong&gt;italiano: &lt;\/strong&gt;Val Senales: Simon Messner accompagna l\u2019\u00d6tzi Glacier Tour che passa dal luogo di ritrovamento dell\u2019Uomo venuto dal giaccio&lt;\/em&gt;&lt;\/p&gt;&lt;p style=&quot;margin-left:2em;&quot;&gt;&lt;em&gt;&lt;strong&gt;english: &lt;\/strong&gt;Val Senales Valley: Simon Messner attends the \u00d6tzi Glacier Tour, which passes by the discovery place of the Iceman&lt;\/em&gt;&lt;\/p&gt;&lt;p&gt;&lt;strong&gt;Fotograf:&lt;\/strong&gt; &lt;em&gt;Peter Santer&lt;\/em&gt;&lt;\/p&gt;&lt;p&gt;&lt;strong&gt;Gr\u00f6\u00dfe:&lt;\/strong&gt; &lt;em&gt;6720x4480px&lt;\/em&gt;&lt;\/p&gt;&lt;p&gt;&lt;strong&gt;Frei zur nicht-kommerziellen Ver\u00f6ffentlichung mit dem Vermerk:&lt;\/strong&gt; &lt;br&gt;&lt;em&gt;archeoParc Schnalstal, photo: Peter Santer&lt;\/em&gt;&lt;p&gt;&lt;a href=&quot;https:\/\/www.archeoparc.it\/wp-content\/uploads\/archeoparc-schnalstal-19030-2.jpg&quot; class=&quot;archeo_button&quot;&gt;Download&lt;\/a&gt; &lt;\/p&gt;' ><img src='https:\/\/www.archeoparc.it\/wp-content\/uploads\/archeoparc-schnalstal-19030-2-100x100.jpg'><\/a><\/li><li><a href='https:\/\/www.archeoparc.it\/wp-content\/uploads\/archeoparc-schnalstal-19029-2-1024x683.jpg' class='thickbox'  title='&lt;p&gt;&lt;strong&gt;Bildtext: &lt;\/strong&gt;&lt;\/p&gt;&lt;p style=&quot;margin-left:2em;&quot;&gt;&lt;em&gt;&lt;strong&gt;deutsch: &lt;\/strong&gt;Er\u00f6ffnung der Ausstellung \u201dWasserf\u00fchrend\u201d von Gianni Bodini im archeoParc Schnalstal.&lt;br \/&gt;&lt;br \/&gt;archeoParc Schnalstal&lt;br \/&gt;7. Juli 2019&lt;\/em&gt;&lt;\/p&gt;&lt;p style=&quot;margin-left:2em;&quot;&gt;&lt;em&gt;&lt;strong&gt;italiano: &lt;\/strong&gt;Inaugurazion della mostra \u201dvene d\u2019acqua\u201d di Gianni Bodini nell\u2019archeoParc Val Senales. &lt;br \/&gt; &lt;br \/&gt;archeoParc Val Senales &lt;br \/&gt; 7 luglio 2019&lt;\/em&gt;&lt;\/p&gt;&lt;p style=&quot;margin-left:2em;&quot;&gt;&lt;em&gt;&lt;strong&gt;english: &lt;\/strong&gt;Exibition of different irrigation systems from Gianni Bodini at the archeoParc Val Senales. &lt;br \/&gt;&lt;br \/&gt; archeoParc Val Senales&lt;br \/&gt;7 July 2019&lt;\/em&gt;&lt;\/p&gt;&lt;p&gt;&lt;strong&gt;Fotograf:&lt;\/strong&gt; &lt;em&gt;Peter Santer&lt;\/em&gt;&lt;\/p&gt;&lt;p&gt;&lt;strong&gt;Gr\u00f6\u00dfe:&lt;\/strong&gt; &lt;em&gt;6720x4480px&lt;\/em&gt;&lt;\/p&gt;&lt;p&gt;&lt;strong&gt;Frei zur nicht-kommerziellen Ver\u00f6ffentlichung mit dem Vermerk:&lt;\/strong&gt; &lt;br&gt;&lt;em&gt;archeoParc Schnalstal, photo: Peter Santer&lt;\/em&gt;&lt;p&gt;&lt;a href=&quot;https:\/\/www.archeoparc.it\/wp-content\/uploads\/archeoparc-schnalstal-19029-2.jpg&quot; class=&quot;archeo_button&quot;&gt;Download&lt;\/a&gt; &lt;\/p&gt;' ><img src='https:\/\/www.archeoparc.it\/wp-content\/uploads\/archeoparc-schnalstal-19029-2-100x100.jpg'><\/a><\/li><li><a href='https:\/\/www.archeoparc.it\/wp-content\/uploads\/archeoparc-schnalstal-19025-1024x680.jpg' class='thickbox'  title='&lt;p&gt;&lt;strong&gt;Bildtext: &lt;\/strong&gt;&lt;\/p&gt;&lt;p style=&quot;margin-left:2em;&quot;&gt;&lt;em&gt;&lt;strong&gt;deutsch: &lt;\/strong&gt;Jan Scheide (D) beim Silexbearbeiten im Rahmen des diesj\u00e4hrigen Internationalen Steinschl\u00e4ger Symposiums im Freilichtbereich des archeoParc Schnalstal&lt;br \/&gt;May 2019&lt;\/em&gt;&lt;\/p&gt;&lt;p style=&quot;margin-left:2em;&quot;&gt;&lt;em&gt;&lt;strong&gt;italiano: &lt;\/strong&gt;Jan Scheide (GER) che lavora la selce durante il convegno internazionale di scheggiatura della pietra nell\u2019area all\u2019aperto dell\u2019archeoParc Val Senales&lt;br \/&gt;May 2019&lt;\/em&gt;&lt;\/p&gt;&lt;p style=&quot;margin-left:2em;&quot;&gt;&lt;em&gt;&lt;strong&gt;english: &lt;\/strong&gt;Jan Scheide (GER) working with flint at the International Flint Knapping Symposium at the archeoParc Val Senales&lt;br \/&gt;May 2019&lt;\/em&gt;&lt;\/p&gt;&lt;p&gt;&lt;strong&gt;Fotograf:&lt;\/strong&gt; &lt;em&gt;Johanna Niederkofler&lt;\/em&gt;&lt;\/p&gt;&lt;p&gt;&lt;strong&gt;Gr\u00f6\u00dfe:&lt;\/strong&gt; &lt;em&gt;4288x2848px&lt;\/em&gt;&lt;\/p&gt;&lt;p&gt;&lt;strong&gt;Frei zur nicht-kommerziellen Ver\u00f6ffentlichung mit dem Vermerk:&lt;\/strong&gt; &lt;br&gt;&lt;em&gt;archeoParc Schnalstal, photo: Johanna Niederkofler&lt;\/em&gt;&lt;p&gt;&lt;a href=&quot;https:\/\/www.archeoparc.it\/wp-content\/uploads\/archeoparc-schnalstal-19025.jpg&quot; class=&quot;archeo_button&quot;&gt;Download&lt;\/a&gt; &lt;\/p&gt;' ><img src='https:\/\/www.archeoparc.it\/wp-content\/uploads\/archeoparc-schnalstal-19025-100x100.jpg'><\/a><\/li><li><a href='https:\/\/www.archeoparc.it\/wp-content\/uploads\/archeoparc-schnalstal-19024-1-1024x680.jpg' class='thickbox'  title='&lt;p&gt;&lt;strong&gt;Bildtext: &lt;\/strong&gt;&lt;\/p&gt;&lt;p style=&quot;margin-left:2em;&quot;&gt;&lt;em&gt;&lt;strong&gt;deutsch: &lt;\/strong&gt;Er\u00f6ffnung des Flintschl\u00e4gersymposiums im archeoParc Schnalstal&lt;br \/&gt;v.l.n.r.: Arch\u00e4otechniker Wulf Hein (D), archeoParc-Leiterin Johanna Niederkofler, Otto Rainer, Vorstand im Museumsverein und der B\u00fcrgermeister von Schnals Karl Josef Rainer&lt;br \/&gt;May 2019&lt;\/em&gt;&lt;\/p&gt;&lt;p style=&quot;margin-left:2em;&quot;&gt;&lt;em&gt;&lt;strong&gt;italiano: &lt;\/strong&gt;Inaugurazione del convegno di scheggiatura della pietra nell\u2019archeoParc Val Senales &lt;br \/&gt;da sx a dx: L\u2019archeotecnico tedesco Wulf Hein, la direttrice dell\u2019archeoParc Johanna Niederkofler, Otto Rainer, associazione museale e il Sindaco della Val Senales Karl Josef Rainer&lt;br \/&gt;May 2019&lt;\/em&gt;&lt;\/p&gt;&lt;p style=&quot;margin-left:2em;&quot;&gt;&lt;em&gt;&lt;strong&gt;english: &lt;\/strong&gt;Inauguration of the Flint Knapping Symposium at the archeoParc, Val Senales&lt;br \/&gt;f.l.t.r: Wulf Hein, archeoParc director Johanna Niederkofler, Otto Rainer, ant the major of Senales Karl Josef Rainer&lt;br \/&gt;May 2019&lt;\/em&gt;&lt;\/p&gt;&lt;p&gt;&lt;strong&gt;Fotograf:&lt;\/strong&gt; &lt;em&gt;Eric Wellenzohn&lt;\/em&gt;&lt;\/p&gt;&lt;p&gt;&lt;strong&gt;Gr\u00f6\u00dfe:&lt;\/strong&gt; &lt;em&gt;4288x2848px&lt;\/em&gt;&lt;\/p&gt;&lt;p&gt;&lt;strong&gt;Frei zur nicht-kommerziellen Ver\u00f6ffentlichung mit dem Vermerk:&lt;\/strong&gt; &lt;br&gt;&lt;em&gt;archeoParc Schnalstal, photo: Eric Wellenzohn&lt;\/em&gt;&lt;p&gt;&lt;a href=&quot;https:\/\/www.archeoparc.it\/wp-content\/uploads\/archeoparc-schnalstal-19024-1.jpg&quot; class=&quot;archeo_button&quot;&gt;Download&lt;\/a&gt; &lt;\/p&gt;' ><img src='https:\/\/www.archeoparc.it\/wp-content\/uploads\/archeoparc-schnalstal-19024-1-100x100.jpg'><\/a><\/li><li><a href='https:\/\/www.archeoparc.it\/wp-content\/uploads\/archeoparc-schnalstal-19013-1024x893.jpg' class='thickbox'  title='&lt;p&gt;&lt;strong&gt;Bildtext: &lt;\/strong&gt;&lt;\/p&gt;&lt;p style=&quot;margin-left:2em;&quot;&gt;&lt;em&gt;&lt;strong&gt;deutsch: &lt;\/strong&gt;Familie an einer Aktivstation im neugestalteten Besucherzentrum des archeoParc Schnalstal, S\u00fcdtirol&lt;\/em&gt;&lt;\/p&gt;&lt;p style=&quot;margin-left:2em;&quot;&gt;&lt;em&gt;&lt;strong&gt;italiano: &lt;\/strong&gt;Famiglia nel nuovo percorso espositivo dell\u2019archeoParc Val Senales, Alto Adige&lt;\/em&gt;&lt;\/p&gt;&lt;p style=&quot;margin-left:2em;&quot;&gt;&lt;em&gt;&lt;strong&gt;english: &lt;\/strong&gt;Family visiting the new exhibition at the vistor centre of the archeoParc Val Senales in northern Italy&lt;\/em&gt;&lt;\/p&gt;&lt;p&gt;&lt;strong&gt;Fotograf:&lt;\/strong&gt; &lt;em&gt;Daniela Brugger&lt;\/em&gt;&lt;\/p&gt;&lt;p&gt;&lt;strong&gt;Gr\u00f6\u00dfe:&lt;\/strong&gt; &lt;em&gt;6308x5504px&lt;\/em&gt;&lt;\/p&gt;&lt;p&gt;&lt;strong&gt;Frei zur nicht-kommerziellen Ver\u00f6ffentlichung mit dem Vermerk:&lt;\/strong&gt; &lt;br&gt;&lt;em&gt;archeoParc Schnalstal, photo: Daniela Brugger&lt;\/em&gt;&lt;p&gt;&lt;a href=&quot;https:\/\/www.archeoparc.it\/wp-content\/uploads\/archeoparc-schnalstal-19013.jpg&quot; class=&quot;archeo_button&quot;&gt;Download&lt;\/a&gt; &lt;\/p&gt;' ><img src='https:\/\/www.archeoparc.it\/wp-content\/uploads\/archeoparc-schnalstal-19013-100x100.jpg'><\/a><\/li><li><a href='https:\/\/www.archeoparc.it\/wp-content\/uploads\/archeoparc-schnalstal-19014-1-683x1024.jpg' class='thickbox'  title='&lt;p&gt;&lt;strong&gt;Bildtext: &lt;\/strong&gt;&lt;\/p&gt;&lt;p style=&quot;margin-left:2em;&quot;&gt;&lt;em&gt;&lt;strong&gt;deutsch: &lt;\/strong&gt;Detailansicht eines Besuchers im neugestaltetem Besucherzentrum des archeoParc Schnalstal in S\u00fcdtirol&lt;\/em&gt;&lt;\/p&gt;&lt;p style=&quot;margin-left:2em;&quot;&gt;&lt;em&gt;&lt;strong&gt;italiano: &lt;\/strong&gt;Dettaglio di un visitatore nel nuovo percorso espositivo nell\u2019archeoParc Val Senales, Alto Adige&lt;\/em&gt;&lt;\/p&gt;&lt;p style=&quot;margin-left:2em;&quot;&gt;&lt;em&gt;&lt;strong&gt;english: &lt;\/strong&gt;Detail of a visitor at the vistor centre of the archeoParc Val Senales in northern Italy&lt;\/em&gt;&lt;\/p&gt;&lt;p&gt;&lt;strong&gt;Fotograf:&lt;\/strong&gt; &lt;em&gt;Daniela Brugger&lt;\/em&gt;&lt;\/p&gt;&lt;p&gt;&lt;strong&gt;Gr\u00f6\u00dfe:&lt;\/strong&gt; &lt;em&gt;2873x4310px&lt;\/em&gt;&lt;\/p&gt;&lt;p&gt;&lt;strong&gt;Frei zur nicht-kommerziellen Ver\u00f6ffentlichung mit dem Vermerk:&lt;\/strong&gt; &lt;br&gt;&lt;em&gt;archeoParc Schnalstal, photo: Daniela Brugger&lt;\/em&gt;&lt;p&gt;&lt;a href=&quot;https:\/\/www.archeoparc.it\/wp-content\/uploads\/archeoparc-schnalstal-19014-1.jpg&quot; class=&quot;archeo_button&quot;&gt;Download&lt;\/a&gt; &lt;\/p&gt;' ><img src='https:\/\/www.archeoparc.it\/wp-content\/uploads\/archeoparc-schnalstal-19014-1-100x100.jpg'><\/a><\/li><li><a href='https:\/\/www.archeoparc.it\/wp-content\/uploads\/archeoparc-schnalstal-19015-2-683x1024.jpg' class='thickbox'  title='&lt;p&gt;&lt;strong&gt;Bildtext: &lt;\/strong&gt;&lt;\/p&gt;&lt;p style=&quot;margin-left:2em;&quot;&gt;&lt;em&gt;&lt;strong&gt;deutsch: &lt;\/strong&gt;Kind mit \u201c\u00d6tzi Grasmatte\u201c im archeoParc Besucherzentrum, Schnalstal, S\u00fcdtirol&lt;\/em&gt;&lt;\/p&gt;&lt;p style=&quot;margin-left:2em;&quot;&gt;&lt;em&gt;&lt;strong&gt;italiano: &lt;\/strong&gt;Bambino con \u201cstuoia di \u00d6tzi\u201c nel centro visitatori dell\u2019archeoParc Val Senales, Alto Adige&lt;\/em&gt;&lt;\/p&gt;&lt;p style=&quot;margin-left:2em;&quot;&gt;&lt;em&gt;&lt;strong&gt;english: &lt;\/strong&gt;Child at the new exhibition at the vistor centre of the archeoParc Val Senales in northern Italy&lt;\/em&gt;&lt;\/p&gt;&lt;p&gt;&lt;strong&gt;Fotograf:&lt;\/strong&gt; &lt;em&gt;Daniela Brugger&lt;\/em&gt;&lt;\/p&gt;&lt;p&gt;&lt;strong&gt;Gr\u00f6\u00dfe:&lt;\/strong&gt; &lt;em&gt;4942x7413px&lt;\/em&gt;&lt;\/p&gt;&lt;p&gt;&lt;strong&gt;Frei zur nicht-kommerziellen Ver\u00f6ffentlichung mit dem Vermerk:&lt;\/strong&gt; &lt;br&gt;&lt;em&gt;archeoParc Schnalstal, photo: Daniela Brugger&lt;\/em&gt;&lt;p&gt;&lt;a href=&quot;https:\/\/www.archeoparc.it\/wp-content\/uploads\/archeoparc-schnalstal-19015-2.jpg&quot; class=&quot;archeo_button&quot;&gt;Download&lt;\/a&gt; &lt;\/p&gt;' ><img src='https:\/\/www.archeoparc.it\/wp-content\/uploads\/archeoparc-schnalstal-19015-2-100x100.jpg'><\/a><\/li><li><a href='https:\/\/www.archeoparc.it\/wp-content\/uploads\/archeoparc-schnalstal-19016-2-683x1024.jpg' class='thickbox'  title='&lt;p&gt;&lt;strong&gt;Bildtext: &lt;\/strong&gt;&lt;\/p&gt;&lt;p style=&quot;margin-left:2em;&quot;&gt;&lt;em&gt;&lt;strong&gt;deutsch: &lt;\/strong&gt;Kind an einer Aktivstation im neugestalteten Besucherzentrum des archeoParc Schnalstal, S\u00fcdtirol&lt;\/em&gt;&lt;\/p&gt;&lt;p style=&quot;margin-left:2em;&quot;&gt;&lt;em&gt;&lt;strong&gt;italiano: &lt;\/strong&gt;Ragazzo nel nuovo percorso espositivo nell\u2019archeoParc Val Senales, Alto Adige&lt;\/em&gt;&lt;\/p&gt;&lt;p style=&quot;margin-left:2em;&quot;&gt;&lt;em&gt;&lt;strong&gt;english: &lt;\/strong&gt;Boy visiting the new exhibition at the vistor centre of the archeoParc Val Senales in northern Italy&lt;\/em&gt;&lt;\/p&gt;&lt;p&gt;&lt;strong&gt;Fotograf:&lt;\/strong&gt; &lt;em&gt;Daniela Brugger&lt;\/em&gt;&lt;\/p&gt;&lt;p&gt;&lt;strong&gt;Gr\u00f6\u00dfe:&lt;\/strong&gt; &lt;em&gt;5504x8256px&lt;\/em&gt;&lt;\/p&gt;&lt;p&gt;&lt;strong&gt;Frei zur nicht-kommerziellen Ver\u00f6ffentlichung mit dem Vermerk:&lt;\/strong&gt; &lt;br&gt;&lt;em&gt;archeoParc Schnalstal, photo: Daniela Brugger&lt;\/em&gt;&lt;p&gt;&lt;a href=&quot;https:\/\/www.archeoparc.it\/wp-content\/uploads\/archeoparc-schnalstal-19016-2.jpg&quot; class=&quot;archeo_button&quot;&gt;Download&lt;\/a&gt; &lt;\/p&gt;' ><img src='https:\/\/www.archeoparc.it\/wp-content\/uploads\/archeoparc-schnalstal-19016-2-100x100.jpg'><\/a><\/li><li><a href='https:\/\/www.archeoparc.it\/wp-content\/uploads\/archeoparc-schnalstal-19017-2-1024x683.jpg' class='thickbox'  title='&lt;p&gt;&lt;strong&gt;Bildtext: &lt;\/strong&gt;&lt;\/p&gt;&lt;p style=&quot;margin-left:2em;&quot;&gt;&lt;em&gt;&lt;strong&gt;deutsch: &lt;\/strong&gt;Kinder im Freilichtbereich des archeoParc Schnalstal in S\u00fcdtirol&lt;\/em&gt;&lt;\/p&gt;&lt;p style=&quot;margin-left:2em;&quot;&gt;&lt;em&gt;&lt;strong&gt;italiano: &lt;\/strong&gt;Bambini nell\u2019area all\u2019aperto dell\u2019archeoParc Val Senales in Alto Adige&lt;\/em&gt;&lt;\/p&gt;&lt;p style=&quot;margin-left:2em;&quot;&gt;&lt;em&gt;&lt;strong&gt;english: &lt;\/strong&gt;Children at the open-air area of archeoParc Val Senales in South Tyrol&lt;\/em&gt;&lt;\/p&gt;&lt;p&gt;&lt;strong&gt;Fotograf:&lt;\/strong&gt; &lt;em&gt;Daniela Brugger&lt;\/em&gt;&lt;\/p&gt;&lt;p&gt;&lt;strong&gt;Gr\u00f6\u00dfe:&lt;\/strong&gt; &lt;em&gt;5600x3733px&lt;\/em&gt;&lt;\/p&gt;&lt;p&gt;&lt;strong&gt;Frei zur nicht-kommerziellen Ver\u00f6ffentlichung mit dem Vermerk:&lt;\/strong&gt; &lt;br&gt;&lt;em&gt;archeoParc Schnalstal, photo: Daniela Brugger&lt;\/em&gt;&lt;p&gt;&lt;a href=&quot;https:\/\/www.archeoparc.it\/wp-content\/uploads\/archeoparc-schnalstal-19017-2.jpg&quot; class=&quot;archeo_button&quot;&gt;Download&lt;\/a&gt; &lt;\/p&gt;' ><img src='https:\/\/www.archeoparc.it\/wp-content\/uploads\/archeoparc-schnalstal-19017-2-100x100.jpg'><\/a><\/li><li><a href='https:\/\/www.archeoparc.it\/wp-content\/uploads\/archeoparc-schnalstal-19018-2-683x1024.jpg' class='thickbox'  title='&lt;p&gt;&lt;strong&gt;Bildtext: &lt;\/strong&gt;&lt;\/p&gt;&lt;p style=&quot;margin-left:2em;&quot;&gt;&lt;em&gt;&lt;strong&gt;deutsch: &lt;\/strong&gt;Kind in der Besucherwerkstatt im Freilichtbereich des archeoParc Schanlstal, S\u00fcdtirol&lt;\/em&gt;&lt;\/p&gt;&lt;p style=&quot;margin-left:2em;&quot;&gt;&lt;em&gt;&lt;strong&gt;italiano: &lt;\/strong&gt;Bambino nell\u2019area laboratorio nell\u2019area all\u2019aperto dell\u2019archeoParc Val Senales in Alto Adige&lt;\/em&gt;&lt;\/p&gt;&lt;p style=&quot;margin-left:2em;&quot;&gt;&lt;em&gt;&lt;strong&gt;english: &lt;\/strong&gt;Child at the laboratory area at the open-air area of archeoParc Val Senales in South Tyrol&lt;\/em&gt;&lt;\/p&gt;&lt;p&gt;&lt;strong&gt;Fotograf:&lt;\/strong&gt; &lt;em&gt;Daniela Brugger&lt;\/em&gt;&lt;\/p&gt;&lt;p&gt;&lt;strong&gt;Gr\u00f6\u00dfe:&lt;\/strong&gt; &lt;em&gt;4391x6587px&lt;\/em&gt;&lt;\/p&gt;&lt;p&gt;&lt;strong&gt;Frei zur nicht-kommerziellen Ver\u00f6ffentlichung mit dem Vermerk:&lt;\/strong&gt; &lt;br&gt;&lt;em&gt;archeoParc Schnalstal, photo: Daniela Brugger&lt;\/em&gt;&lt;p&gt;&lt;a href=&quot;https:\/\/www.archeoparc.it\/wp-content\/uploads\/archeoparc-schnalstal-19018-2.jpg&quot; class=&quot;archeo_button&quot;&gt;Download&lt;\/a&gt; &lt;\/p&gt;' ><img src='https:\/\/www.archeoparc.it\/wp-content\/uploads\/archeoparc-schnalstal-19018-2-100x100.jpg'><\/a><\/li><li><a href='https:\/\/www.archeoparc.it\/wp-content\/uploads\/archeoparc-schnalstal-19019-2-1024x683.jpg' class='thickbox'  title='&lt;p&gt;&lt;strong&gt;Bildtext: &lt;\/strong&gt;&lt;\/p&gt;&lt;p style=&quot;margin-left:2em;&quot;&gt;&lt;em&gt;&lt;strong&gt;deutsch: &lt;\/strong&gt;Kind in der Besucherwerkstatt im Freilichtbereich des archeoParc Schanlstal, S\u00fcdtirol&lt;\/em&gt;&lt;\/p&gt;&lt;p style=&quot;margin-left:2em;&quot;&gt;&lt;em&gt;&lt;strong&gt;italiano: &lt;\/strong&gt;Bambino nell\u2019area laboratorio nell\u2019area all\u2019aperto dell\u2019archeoParc Val Senales in Alto Adige&lt;\/em&gt;&lt;\/p&gt;&lt;p style=&quot;margin-left:2em;&quot;&gt;&lt;em&gt;&lt;strong&gt;english: &lt;\/strong&gt;Child at the laboratory area at the open-air area of archeoParc Val Senales in South Tyrol&lt;\/em&gt;&lt;\/p&gt;&lt;p&gt;&lt;strong&gt;Fotograf:&lt;\/strong&gt; &lt;em&gt;Daniela Brugger&lt;\/em&gt;&lt;\/p&gt;&lt;p&gt;&lt;strong&gt;Gr\u00f6\u00dfe:&lt;\/strong&gt; &lt;em&gt;5106x3404px&lt;\/em&gt;&lt;\/p&gt;&lt;p&gt;&lt;strong&gt;Frei zur nicht-kommerziellen Ver\u00f6ffentlichung mit dem Vermerk:&lt;\/strong&gt; &lt;br&gt;&lt;em&gt;archeoParc Schnalstal, photo: Daniela Brugger&lt;\/em&gt;&lt;p&gt;&lt;a href=&quot;https:\/\/www.archeoparc.it\/wp-content\/uploads\/archeoparc-schnalstal-19019-2.jpg&quot; class=&quot;archeo_button&quot;&gt;Download&lt;\/a&gt; &lt;\/p&gt;' ><img src='https:\/\/www.archeoparc.it\/wp-content\/uploads\/archeoparc-schnalstal-19019-2-100x100.jpg'><\/a><\/li><li><a href='https:\/\/www.archeoparc.it\/wp-content\/uploads\/archeoparc-schnalstal-19020-1-683x1024.jpg' class='thickbox'  title='&lt;p&gt;&lt;strong&gt;Bildtext: &lt;\/strong&gt;&lt;\/p&gt;&lt;p style=&quot;margin-left:2em;&quot;&gt;&lt;em&gt;&lt;strong&gt;deutsch: &lt;\/strong&gt;Familie bei der Stockbrotzubereitung im Freilichtbereich des archeoParc Schnalstal in S\u00fcdtirol&lt;\/em&gt;&lt;\/p&gt;&lt;p style=&quot;margin-left:2em;&quot;&gt;&lt;em&gt;&lt;strong&gt;italiano: &lt;\/strong&gt;Famiglia che prepara il pane sul bastone nell\u2019area all\u2019aperto dell\u2019archeoParc Val Senales in Alto Adige&lt;\/em&gt;&lt;\/p&gt;&lt;p style=&quot;margin-left:2em;&quot;&gt;&lt;em&gt;&lt;strong&gt;english: &lt;\/strong&gt;Family preparing bread at the open-air area of archeoParc Val Senales in South Tyrol&lt;\/em&gt;&lt;\/p&gt;&lt;p&gt;&lt;strong&gt;Fotograf:&lt;\/strong&gt; &lt;em&gt;Daniela Brugger&lt;\/em&gt;&lt;\/p&gt;&lt;p&gt;&lt;strong&gt;Gr\u00f6\u00dfe:&lt;\/strong&gt; &lt;em&gt;4075x6112px&lt;\/em&gt;&lt;\/p&gt;&lt;p&gt;&lt;strong&gt;Frei zur nicht-kommerziellen Ver\u00f6ffentlichung mit dem Vermerk:&lt;\/strong&gt; &lt;br&gt;&lt;em&gt;archeoParc Schnalstal, photo: Daniela Brugger&lt;\/em&gt;&lt;p&gt;&lt;a href=&quot;https:\/\/www.archeoparc.it\/wp-content\/uploads\/archeoparc-schnalstal-19020-1.jpg&quot; class=&quot;archeo_button&quot;&gt;Download&lt;\/a&gt; &lt;\/p&gt;' ><img src='https:\/\/www.archeoparc.it\/wp-content\/uploads\/archeoparc-schnalstal-19020-1-100x100.jpg'><\/a><\/li><li><a href='https:\/\/www.archeoparc.it\/wp-content\/uploads\/archeoparc-schnalstal-19021-1-1024x683.jpg' class='thickbox'  title='&lt;p&gt;&lt;strong&gt;Bildtext: &lt;\/strong&gt;&lt;\/p&gt;&lt;p style=&quot;margin-left:2em;&quot;&gt;&lt;em&gt;&lt;strong&gt;deutsch: &lt;\/strong&gt;Kinder beim Stockbrot backen im Freilichtbereich des archeoParc Schnalstal in S\u00fcdtirol&lt;\/em&gt;&lt;\/p&gt;&lt;p style=&quot;margin-left:2em;&quot;&gt;&lt;em&gt;&lt;strong&gt;italiano: &lt;\/strong&gt;Bambini con il pane sul bastone nell\u2019area all\u2019aperto dell\u2019archeoParc Val Senales in Alto Adige&lt;\/em&gt;&lt;\/p&gt;&lt;p style=&quot;margin-left:2em;&quot;&gt;&lt;em&gt;&lt;strong&gt;english: &lt;\/strong&gt;Children baking bread over fire at the open-air area of archeoParc Val Senales in South Tyrol&lt;\/em&gt;&lt;\/p&gt;&lt;p&gt;&lt;strong&gt;Fotograf:&lt;\/strong&gt; &lt;em&gt;Daniela Brugger&lt;\/em&gt;&lt;\/p&gt;&lt;p&gt;&lt;strong&gt;Gr\u00f6\u00dfe:&lt;\/strong&gt; &lt;em&gt;5386x3591px&lt;\/em&gt;&lt;\/p&gt;&lt;p&gt;&lt;strong&gt;Frei zur nicht-kommerziellen Ver\u00f6ffentlichung mit dem Vermerk:&lt;\/strong&gt; &lt;br&gt;&lt;em&gt;archeoParc Schnalstal, photo: Daniela Brugger&lt;\/em&gt;&lt;p&gt;&lt;a href=&quot;https:\/\/www.archeoparc.it\/wp-content\/uploads\/archeoparc-schnalstal-19021-1.jpg&quot; class=&quot;archeo_button&quot;&gt;Download&lt;\/a&gt; &lt;\/p&gt;' ><img src='https:\/\/www.archeoparc.it\/wp-content\/uploads\/archeoparc-schnalstal-19021-1-100x100.jpg'><\/a><\/li><li><a href='https:\/\/www.archeoparc.it\/wp-content\/uploads\/archeoparc-schnalstal-19022-1-683x1024.jpg' class='thickbox'  title='&lt;p&gt;&lt;strong&gt;Bildtext: &lt;\/strong&gt;&lt;\/p&gt;&lt;p style=&quot;margin-left:2em;&quot;&gt;&lt;em&gt;&lt;strong&gt;deutsch: &lt;\/strong&gt;M\u00e4dchen mit Stockbrot im Freilichtbereich des archeoParc Schnalstal in S\u00fcdtirol&lt;\/em&gt;&lt;\/p&gt;&lt;p style=&quot;margin-left:2em;&quot;&gt;&lt;em&gt;&lt;strong&gt;italiano: &lt;\/strong&gt;Bambina che assaggia il pane sul bastone nell\u2019area all\u2019aperto dell\u2019archeoParc Val Senales in Alto Adige&lt;\/em&gt;&lt;\/p&gt;&lt;p style=&quot;margin-left:2em;&quot;&gt;&lt;em&gt;&lt;strong&gt;english: &lt;\/strong&gt;Girl tasting bread at the open air area of archeoParc Val Senales in South Tyrol&lt;\/em&gt;&lt;\/p&gt;&lt;p&gt;&lt;strong&gt;Fotograf:&lt;\/strong&gt; &lt;em&gt;Daniela Brugger&lt;\/em&gt;&lt;\/p&gt;&lt;p&gt;&lt;strong&gt;Gr\u00f6\u00dfe:&lt;\/strong&gt; &lt;em&gt;2086x3129px&lt;\/em&gt;&lt;\/p&gt;&lt;p&gt;&lt;strong&gt;Frei zur nicht-kommerziellen Ver\u00f6ffentlichung mit dem Vermerk:&lt;\/strong&gt; &lt;br&gt;&lt;em&gt;archeoParc Schnalstal, photo: Daniela Brugger&lt;\/em&gt;&lt;p&gt;&lt;a href=&quot;https:\/\/www.archeoparc.it\/wp-content\/uploads\/archeoparc-schnalstal-19022-1.jpg&quot; class=&quot;archeo_button&quot;&gt;Download&lt;\/a&gt; &lt;\/p&gt;' ><img src='https:\/\/www.archeoparc.it\/wp-content\/uploads\/archeoparc-schnalstal-19022-1-100x100.jpg'><\/a><\/li><li><a href='https:\/\/www.archeoparc.it\/wp-content\/uploads\/archeoparc-schnalstal-19023-1-1024x683.jpg' class='thickbox'  title='&lt;p&gt;&lt;strong&gt;Bildtext: &lt;\/strong&gt;&lt;\/p&gt;&lt;p style=&quot;margin-left:2em;&quot;&gt;&lt;em&gt;&lt;strong&gt;deutsch: &lt;\/strong&gt;Kinder im Einbaum im Freilichtbereich des archeoParc Schnalstal, S\u00fcdtirol&lt;\/em&gt;&lt;\/p&gt;&lt;p style=&quot;margin-left:2em;&quot;&gt;&lt;em&gt;&lt;strong&gt;italiano: &lt;\/strong&gt;Bambini nella piroga monossile nell\u2019area all\u2019aperto dell\u2019archeoParc Val Senales, Alto Adige&lt;\/em&gt;&lt;\/p&gt;&lt;p style=&quot;margin-left:2em;&quot;&gt;&lt;em&gt;&lt;strong&gt;english: &lt;\/strong&gt;Children on a dug out canoe at the open air area of archeoParc Val Senales in northern Italy&lt;\/em&gt;&lt;\/p&gt;&lt;p&gt;&lt;strong&gt;Fotograf:&lt;\/strong&gt; &lt;em&gt;Daniela Brugger&lt;\/em&gt;&lt;\/p&gt;&lt;p&gt;&lt;strong&gt;Gr\u00f6\u00dfe:&lt;\/strong&gt; &lt;em&gt;4355x2903px&lt;\/em&gt;&lt;\/p&gt;&lt;p&gt;&lt;strong&gt;Frei zur nicht-kommerziellen Ver\u00f6ffentlichung mit dem Vermerk:&lt;\/strong&gt; &lt;br&gt;&lt;em&gt;archeoParc Schnalstal, photo: Daniela Brugger&lt;\/em&gt;&lt;p&gt;&lt;a href=&quot;https:\/\/www.archeoparc.it\/wp-content\/uploads\/archeoparc-schnalstal-19023-1.jpg&quot; class=&quot;archeo_button&quot;&gt;Download&lt;\/a&gt; &lt;\/p&gt;' ><img src='https:\/\/www.archeoparc.it\/wp-content\/uploads\/archeoparc-schnalstal-19023-1-100x100.jpg'><\/a><\/li><li><a href='https:\/\/www.archeoparc.it\/wp-content\/uploads\/archeoparc-schnalstal-19007-1-1024x686.jpg' class='thickbox'  title='&lt;p&gt;&lt;strong&gt;Bildtext: &lt;\/strong&gt;&lt;\/p&gt;&lt;p style=&quot;margin-left:2em;&quot;&gt;&lt;em&gt;&lt;strong&gt;deutsch: &lt;\/strong&gt;Abfahrt im Neuschnee im Rahmen der \u00d6tzi Glacier Tour mit Axel Naglich am Schnalstaler Gletscher&lt;\/em&gt;&lt;\/p&gt;&lt;p style=&quot;margin-left:2em;&quot;&gt;&lt;em&gt;&lt;strong&gt;italiano: &lt;\/strong&gt;Discesa nella neve fresca nell\u2019ambito dell\u2019\u00d6tzi Glacier Tour con Axel Naglich nella Val Senales&lt;\/em&gt;&lt;\/p&gt;&lt;p style=&quot;margin-left:2em;&quot;&gt;&lt;em&gt;&lt;strong&gt;english: &lt;\/strong&gt;\u00d6tzi Glacier Tour with Axel Naglich in Val Senales Valley in northern Italy&lt;\/em&gt;&lt;\/p&gt;&lt;p&gt;&lt;strong&gt;Fotograf:&lt;\/strong&gt; &lt;em&gt;Peter Santer&lt;\/em&gt;&lt;\/p&gt;&lt;p&gt;&lt;strong&gt;Gr\u00f6\u00dfe:&lt;\/strong&gt; &lt;em&gt;3000x2009px&lt;\/em&gt;&lt;\/p&gt;&lt;p&gt;&lt;strong&gt;Frei zur nicht-kommerziellen Ver\u00f6ffentlichung mit dem Vermerk:&lt;\/strong&gt; &lt;br&gt;&lt;em&gt;archeoParc Schnalstal, photo: Peter Santer&lt;\/em&gt;&lt;p&gt;&lt;a href=&quot;https:\/\/www.archeoparc.it\/wp-content\/uploads\/archeoparc-schnalstal-19007-1.jpg&quot; class=&quot;archeo_button&quot;&gt;Download&lt;\/a&gt; &lt;\/p&gt;' ><img src='https:\/\/www.archeoparc.it\/wp-content\/uploads\/archeoparc-schnalstal-19007-1-100x100.jpg'><\/a><\/li><li><a href='https:\/\/www.archeoparc.it\/wp-content\/uploads\/archeoparc-schnalstal-19006-1-683x1024.jpg' class='thickbox'  title='&lt;p&gt;&lt;strong&gt;Bildtext: &lt;\/strong&gt;&lt;\/p&gt;&lt;p style=&quot;margin-left:2em;&quot;&gt;&lt;em&gt;&lt;strong&gt;deutsch: &lt;\/strong&gt;Teilnehmer der \u00d6tzi Glacier Tour mit Axel Naglich an der \u00d6tzifundstelle im Schnalstal&lt;\/em&gt;&lt;\/p&gt;&lt;p style=&quot;margin-left:2em;&quot;&gt;&lt;em&gt;&lt;strong&gt;italiano: &lt;\/strong&gt;Partecipanti dell\u2019\u00d6tzi Glacier Tour con Axel Naglich al luogo di ritrovamento di \u00d6tzi nella Val Senales&lt;\/em&gt;&lt;\/p&gt;&lt;p style=&quot;margin-left:2em;&quot;&gt;&lt;em&gt;&lt;strong&gt;english: &lt;\/strong&gt;Partecipants of the \u00d6tzi Glacier Tour with Axel Naglich at the place where \u00d6tzi was found in Val Senales Valley in northern Italy&lt;\/em&gt;&lt;\/p&gt;&lt;p&gt;&lt;strong&gt;Fotograf:&lt;\/strong&gt; &lt;em&gt;Peter Santer&lt;\/em&gt;&lt;\/p&gt;&lt;p&gt;&lt;strong&gt;Gr\u00f6\u00dfe:&lt;\/strong&gt; &lt;em&gt;2000x3000px&lt;\/em&gt;&lt;\/p&gt;&lt;p&gt;&lt;strong&gt;Frei zur nicht-kommerziellen Ver\u00f6ffentlichung mit dem Vermerk:&lt;\/strong&gt; &lt;br&gt;&lt;em&gt;archeoParc Schnalstal, photo: Peter Santer&lt;\/em&gt;&lt;p&gt;&lt;a href=&quot;https:\/\/www.archeoparc.it\/wp-content\/uploads\/archeoparc-schnalstal-19006-1.jpg&quot; class=&quot;archeo_button&quot;&gt;Download&lt;\/a&gt; &lt;\/p&gt;' ><img src='https:\/\/www.archeoparc.it\/wp-content\/uploads\/archeoparc-schnalstal-19006-1-100x100.jpg'><\/a><\/li><li><a href='https:\/\/www.archeoparc.it\/wp-content\/uploads\/archeoparc-schnalstal-19005-1-1024x621.jpg' class='thickbox'  title='&lt;p&gt;&lt;strong&gt;Bildtext: &lt;\/strong&gt;&lt;\/p&gt;&lt;p style=&quot;margin-left:2em;&quot;&gt;&lt;em&gt;&lt;strong&gt;deutsch: &lt;\/strong&gt;\u00d6tzi Glacier Tour mit Axel Naglich - Aufstieg zur \u00d6tzifundstelle am Tisenjoch im Schnalstal&lt;\/em&gt;&lt;\/p&gt;&lt;p style=&quot;margin-left:2em;&quot;&gt;&lt;em&gt;&lt;strong&gt;italiano: &lt;\/strong&gt;\u00d6tzi Glacier Tour con Axel Naglich - salita fino al luogo di ritrovamento di \u00d6tzi al giogo di Tisa nella Val Senales&lt;\/em&gt;&lt;\/p&gt;&lt;p style=&quot;margin-left:2em;&quot;&gt;&lt;em&gt;&lt;strong&gt;english: &lt;\/strong&gt;\u00d6tzi Glacier Tour with Axel Naglich in Val Senales Valley in northern Italy&lt;\/em&gt;&lt;\/p&gt;&lt;p&gt;&lt;strong&gt;Fotograf:&lt;\/strong&gt; &lt;em&gt;Peter Santer&lt;\/em&gt;&lt;\/p&gt;&lt;p&gt;&lt;strong&gt;Gr\u00f6\u00dfe:&lt;\/strong&gt; &lt;em&gt;3000x1819px&lt;\/em&gt;&lt;\/p&gt;&lt;p&gt;&lt;strong&gt;Frei zur nicht-kommerziellen Ver\u00f6ffentlichung mit dem Vermerk:&lt;\/strong&gt; &lt;br&gt;&lt;em&gt;archeoParc Schnalstal, photo: Peter Santer&lt;\/em&gt;&lt;p&gt;&lt;a href=&quot;https:\/\/www.archeoparc.it\/wp-content\/uploads\/archeoparc-schnalstal-19005-1.jpg&quot; class=&quot;archeo_button&quot;&gt;Download&lt;\/a&gt; &lt;\/p&gt;' ><img src='https:\/\/www.archeoparc.it\/wp-content\/uploads\/archeoparc-schnalstal-19005-1-100x100.jpg'><\/a><\/li><li><a href='https:\/\/www.archeoparc.it\/wp-content\/uploads\/archeoparc-schnalstal-19004-1-1024x683.jpg' class='thickbox'  title='&lt;p&gt;&lt;strong&gt;Bildtext: &lt;\/strong&gt;&lt;\/p&gt;&lt;p style=&quot;margin-left:2em;&quot;&gt;&lt;em&gt;&lt;strong&gt;deutsch: &lt;\/strong&gt;\u00d6tzi Glacier Tour mit Axel Naglich - Aufstieg zur \u00d6tzifundstelle am Tisenjoch im Schnalstal&lt;\/em&gt;&lt;\/p&gt;&lt;p style=&quot;margin-left:2em;&quot;&gt;&lt;em&gt;&lt;strong&gt;italiano: &lt;\/strong&gt;\u00d6tzi Glacier Tour con Axel Naglich - salita fino al luogo di ritrovamento di \u00d6tzi al giogo di Tisa nella Val Senales&lt;\/em&gt;&lt;\/p&gt;&lt;p style=&quot;margin-left:2em;&quot;&gt;&lt;em&gt;&lt;strong&gt;english: &lt;\/strong&gt;\u00d6tzi Glacier Tour with Axel Naglich in Val Senales Valley in northern Italy&lt;\/em&gt;&lt;\/p&gt;&lt;p&gt;&lt;strong&gt;Fotograf:&lt;\/strong&gt; &lt;em&gt;Peter Santer&lt;\/em&gt;&lt;\/p&gt;&lt;p&gt;&lt;strong&gt;Gr\u00f6\u00dfe:&lt;\/strong&gt; &lt;em&gt;3000x2000px&lt;\/em&gt;&lt;\/p&gt;&lt;p&gt;&lt;strong&gt;Frei zur nicht-kommerziellen Ver\u00f6ffentlichung mit dem Vermerk:&lt;\/strong&gt; &lt;br&gt;&lt;em&gt;archeoParc Schnalstal, photo: Peter Santer&lt;\/em&gt;&lt;p&gt;&lt;a href=&quot;https:\/\/www.archeoparc.it\/wp-content\/uploads\/archeoparc-schnalstal-19004-1.jpg&quot; class=&quot;archeo_button&quot;&gt;Download&lt;\/a&gt; &lt;\/p&gt;' ><img src='https:\/\/www.archeoparc.it\/wp-content\/uploads\/archeoparc-schnalstal-19004-1-100x100.jpg'><\/a><\/li><li><a href='https:\/\/www.archeoparc.it\/wp-content\/uploads\/GAN1812_B0006570_ed_med-1024x786.jpg' class='thickbox'  title='&lt;p&gt;&lt;strong&gt;Bildtext: &lt;\/strong&gt;&lt;\/p&gt;&lt;p style=&quot;margin-left:2em;&quot;&gt;&lt;em&gt;&lt;strong&gt;deutsch: &lt;\/strong&gt;T\u00f6pferware bei der Brandgrube im Freilichtbereich des archeoParc Schnalstal in S\u00fcdtirol&lt;\/em&gt;&lt;\/p&gt;&lt;p style=&quot;margin-left:2em;&quot;&gt;&lt;em&gt;&lt;strong&gt;italiano: &lt;\/strong&gt;Oggetti in ceramica accanto al pozzo del fuoco nell\u2019area all\u2019aperto nell\u2019archeoParc Val Senales in Alto Adige&lt;\/em&gt;&lt;\/p&gt;&lt;p style=&quot;margin-left:2em;&quot;&gt;&lt;em&gt;&lt;strong&gt;english: &lt;\/strong&gt;Ceramic objects by the fire pit at the open-air area of archeoParc Val Senales in northern Italy&lt;\/em&gt;&lt;\/p&gt;&lt;p&gt;&lt;strong&gt;Fotograf:&lt;\/strong&gt; &lt;em&gt;Ganesh Neumair&lt;\/em&gt;&lt;\/p&gt;&lt;p&gt;&lt;strong&gt;Gr\u00f6\u00dfe:&lt;\/strong&gt; &lt;em&gt;3600x2764px&lt;\/em&gt;&lt;\/p&gt;&lt;p&gt;&lt;strong&gt;Frei zur nicht-kommerziellen Ver\u00f6ffentlichung mit dem Vermerk:&lt;\/strong&gt; &lt;br&gt;&lt;em&gt; archeoParc Schnalstal, photo: Ganesh Neumair&lt;\/em&gt;&lt;p&gt;&lt;a href=&quot;https:\/\/www.archeoparc.it\/wp-content\/uploads\/GAN1812_B0006570_ed_med.jpg&quot; class=&quot;archeo_button&quot;&gt;Download&lt;\/a&gt; &lt;\/p&gt;' ><img src='https:\/\/www.archeoparc.it\/wp-content\/uploads\/GAN1812_B0006570_ed_med-100x100.jpg'><\/a><\/li><\/ul>\n\n\n\n<p><strong>2<a id=\"2018\"><\/a>018<\/strong><\/p>\n\n\n<ul  class=\"pressebilder\"><li><a href='https:\/\/www.archeoparc.it\/wp-content\/uploads\/archeoparc-schnalstal-press-18018-1024x683.jpg' class='thickbox'  title='&lt;p&gt;&lt;strong&gt;Bildtext: &lt;\/strong&gt;&lt;\/p&gt;&lt;p style=&quot;margin-left:2em;&quot;&gt;&lt;em&gt;&lt;strong&gt;deutsch: &lt;\/strong&gt;Siegerehrung im Bewerb Speerschleudern, Kategorie Damen, im Rahmen der Europameisterschaften f\u00fcr Pr\u00e4historische Waffen im Freilichtbereich des archeoParc Schnalstal&lt;br \/&gt;v.l.n.r.: archeoParc-Mitarbeiter Ernst Gamper, archeoParc-Leiterin Johanna Niederkofler, Karen Storks, D (2. Platz), Ursula R\u00e4ss, CH (1. Platz), Maike Lukas, D (3. Platz)&lt;br \/&gt;September 2018&lt;\/em&gt;&lt;\/p&gt;&lt;p style=&quot;margin-left:2em;&quot;&gt;&lt;em&gt;&lt;strong&gt;italiano: &lt;\/strong&gt;Cerimonia di premiazione dei tiratori con il propulsore, categoria donne, nel corso del campionato europeo di tiro con l\u2019arco preistorico e lancio con il propulsore all\u2019archeoParc Val Senales&lt;br \/&gt;da sx a dx: Ernst Gamper, direttrice dell\u2018archeoParc Johanna Niederkofler, Karen Storks, D (2. posto), Ursula R\u00e4ss, CH (1. posto), Maike Lukas, D (3. posto)&lt;br \/&gt;Settembre 2018&lt;\/em&gt;&lt;\/p&gt;&lt;p style=&quot;margin-left:2em;&quot;&gt;&lt;em&gt;&lt;strong&gt;english: &lt;\/strong&gt;Presentation ceremony for the winners of the atlatl competition, category Women, during the European Championship for Prehistoric Weapons at archeoParc Val Senales&lt;br \/&gt;f.l.t.r.: Ernst Gamper, archeoParc director Johanna Niederkofler, Karen Storks, D (2nd place), Ursula R\u00e4ss, CH (1st place), Maike Lukas, D (3rd place)&lt;br \/&gt;September 2018&lt;\/em&gt;&lt;\/p&gt;&lt;p&gt;&lt;strong&gt;Fotograf:&lt;\/strong&gt; &lt;em&gt;Peter Santer&lt;\/em&gt;&lt;\/p&gt;&lt;p&gt;&lt;strong&gt;Gr\u00f6\u00dfe:&lt;\/strong&gt; &lt;em&gt;5916x3944px&lt;\/em&gt;&lt;\/p&gt;&lt;p&gt;&lt;strong&gt;Frei zur nicht-kommerziellen Ver\u00f6ffentlichung mit dem Vermerk:&lt;\/strong&gt; &lt;br&gt;&lt;em&gt;archeoParc Schnalstal, photo: Peter Santer&lt;\/em&gt;&lt;p&gt;&lt;a href=&quot;https:\/\/www.archeoparc.it\/wp-content\/uploads\/archeoparc-schnalstal-press-18018.jpg&quot; class=&quot;archeo_button&quot;&gt;Download&lt;\/a&gt; &lt;\/p&gt;' ><img src='https:\/\/www.archeoparc.it\/wp-content\/uploads\/archeoparc-schnalstal-press-18018-100x100.jpg'><\/a><\/li><li><a href='https:\/\/www.archeoparc.it\/wp-content\/uploads\/archeoparc-schnalstal-press-18017-1024x683.jpg' class='thickbox'  title='&lt;p&gt;&lt;strong&gt;Bildtext: &lt;\/strong&gt;&lt;\/p&gt;&lt;p style=&quot;margin-left:2em;&quot;&gt;&lt;em&gt;&lt;strong&gt;deutsch: &lt;\/strong&gt;Die Sieger der Herren im Bewerb Bogenschie\u00dfen, im Rahmen der Europameisterschaften f\u00fcr Pr\u00e4historische Waffen im archeoParc Schnalstal&lt;br \/&gt;v.l.n.r.: archeoParc-Leiterin Johanna Niederkofler, Daniel M\u00fcller, CH (2. Platz), Kuno Bay, CH (1. Platz), Ansgar Lukas, D, und Ernst Bierling, D (ex aequo 3. Platz), B\u00fcrgermeister von Schnals Karl Josef Rainer, archeoParc-Mitarbeiter Ernst Gamper&lt;br \/&gt;September 2018&lt;\/em&gt;&lt;\/p&gt;&lt;p style=&quot;margin-left:2em;&quot;&gt;&lt;em&gt;&lt;strong&gt;italiano: &lt;\/strong&gt;La premiazione dei vincitori nella categoria Uomini del torneo di tiro con l\u2019arco all\u2019archeoParc Val Senales, tappa del campionato europeo per armi preistoriche&lt;br \/&gt; da sx a dx: direttrice dell\u2018archeoParc Johanna Niederkofler, Daniel M\u00fcller, CH (2. posto), Kuno Bay, CH (1. posto), Ansgar Lukas, D, e Ernst Bierling, D (ex aequo 3. posto), sindaco di Senales Karl Josef Rainer, Ernst Gamper&lt;br \/&gt;Settembre 2018&lt;\/em&gt;&lt;\/p&gt;&lt;p style=&quot;margin-left:2em;&quot;&gt;&lt;em&gt;&lt;strong&gt;english: &lt;\/strong&gt;Presentation ceremony for the winners of the archery competition, category Men, during the European Championship for Prehistoric Weapons at archeoParc Val Senales&lt;br \/&gt; f.l.t.r.: archeoParc director Johanna Niederkofler, Daniel M\u00fcller, CH (2st place ), Kuno Bay, CH (1rd place), Ansgar Lukas, D, and Ernst Bierling, D (ex aequo 3nd place), mayor of Senales Karl Josef Rainer,Ernst Gamper&lt;br \/&gt;September 2018&lt;\/em&gt;&lt;\/p&gt;&lt;p&gt;&lt;strong&gt;Fotograf:&lt;\/strong&gt; &lt;em&gt;Peter Santer&lt;\/em&gt;&lt;\/p&gt;&lt;p&gt;&lt;strong&gt;Gr\u00f6\u00dfe:&lt;\/strong&gt; &lt;em&gt;5035x3357px&lt;\/em&gt;&lt;\/p&gt;&lt;p&gt;&lt;strong&gt;Frei zur nicht-kommerziellen Ver\u00f6ffentlichung mit dem Vermerk:&lt;\/strong&gt; &lt;br&gt;&lt;em&gt;archeoParc Schnalstal, photo: Peter Santer&lt;\/em&gt;&lt;p&gt;&lt;a href=&quot;https:\/\/www.archeoparc.it\/wp-content\/uploads\/archeoparc-schnalstal-press-18017.jpg&quot; class=&quot;archeo_button&quot;&gt;Download&lt;\/a&gt; &lt;\/p&gt;' ><img src='https:\/\/www.archeoparc.it\/wp-content\/uploads\/archeoparc-schnalstal-press-18017-100x100.jpg'><\/a><\/li><li><a href='https:\/\/www.archeoparc.it\/wp-content\/uploads\/archeoparc-schnalstal-press-18016-1024x683.jpg' class='thickbox'  title='&lt;p&gt;&lt;strong&gt;Bildtext: &lt;\/strong&gt;&lt;\/p&gt;&lt;p style=&quot;margin-left:2em;&quot;&gt;&lt;em&gt;&lt;strong&gt;deutsch: &lt;\/strong&gt;Europ\u00e4ische Meisterschaften im Pr\u00e4historischen Bogenschie\u00dfen und Speerschleudern im archeoParc Schnalstal&lt;br \/&gt;September 2018&lt;\/em&gt;&lt;\/p&gt;&lt;p style=&quot;margin-left:2em;&quot;&gt;&lt;em&gt;&lt;strong&gt;italiano: &lt;\/strong&gt;Campionati europei di tiro con l\u2019arco preistorico e lancio con il propulsore all\u2019archeoParc Val  Senales&lt;br \/&gt;Settembre 2018&lt;\/em&gt;&lt;\/p&gt;&lt;p style=&quot;margin-left:2em;&quot;&gt;&lt;em&gt;&lt;strong&gt;english: &lt;\/strong&gt;European Championship for Prehistoric Weapons at archeoParc Val Senales&lt;br \/&gt;September 2018&lt;\/em&gt;&lt;\/p&gt;&lt;p&gt;&lt;strong&gt;Fotograf:&lt;\/strong&gt; &lt;em&gt;Peter Santer&lt;\/em&gt;&lt;\/p&gt;&lt;p&gt;&lt;strong&gt;Gr\u00f6\u00dfe:&lt;\/strong&gt; &lt;em&gt;6720x4480px&lt;\/em&gt;&lt;\/p&gt;&lt;p&gt;&lt;strong&gt;Frei zur nicht-kommerziellen Ver\u00f6ffentlichung mit dem Vermerk:&lt;\/strong&gt; &lt;br&gt;&lt;em&gt;archeoParc Schnalstal, photo: Peter Santer&lt;\/em&gt;&lt;p&gt;&lt;a href=&quot;https:\/\/www.archeoparc.it\/wp-content\/uploads\/archeoparc-schnalstal-press-18016.jpg&quot; class=&quot;archeo_button&quot;&gt;Download&lt;\/a&gt; &lt;\/p&gt;' ><img src='https:\/\/www.archeoparc.it\/wp-content\/uploads\/archeoparc-schnalstal-press-18016-100x100.jpg'><\/a><\/li><li><a href='https:\/\/www.archeoparc.it\/wp-content\/uploads\/archeoparc-schnalstal-press-18015-1024x683.jpg' class='thickbox'  title='&lt;p&gt;&lt;strong&gt;Bildtext: &lt;\/strong&gt;&lt;\/p&gt;&lt;p style=&quot;margin-left:2em;&quot;&gt;&lt;em&gt;&lt;strong&gt;deutsch: &lt;\/strong&gt;Europ\u00e4ische Meisterschaften im Pr\u00e4historischen Bogenschie\u00dfen und Speerschleudern im archeoParc Schnalstal&lt;br \/&gt;September 2018&lt;\/em&gt;&lt;\/p&gt;&lt;p style=&quot;margin-left:2em;&quot;&gt;&lt;em&gt;&lt;strong&gt;italiano: &lt;\/strong&gt;Campionati europei di tiro con l\u2019arco preistorico e lancio con il propulsore all\u2019archeoParc Val  Senales&lt;br \/&gt;Settembre 2018&lt;\/em&gt;&lt;\/p&gt;&lt;p style=&quot;margin-left:2em;&quot;&gt;&lt;em&gt;&lt;strong&gt;english: &lt;\/strong&gt;European Championship for Prehistoric Weapons at archeoParc Val Senales&lt;br \/&gt;September 2018&lt;\/em&gt;&lt;\/p&gt;&lt;p&gt;&lt;strong&gt;Fotograf:&lt;\/strong&gt; &lt;em&gt;Peter Santer&lt;\/em&gt;&lt;\/p&gt;&lt;p&gt;&lt;strong&gt;Gr\u00f6\u00dfe:&lt;\/strong&gt; &lt;em&gt;6720x4480px&lt;\/em&gt;&lt;\/p&gt;&lt;p&gt;&lt;strong&gt;Frei zur nicht-kommerziellen Ver\u00f6ffentlichung mit dem Vermerk:&lt;\/strong&gt; &lt;br&gt;&lt;em&gt;archeoParc Schnalstal, photo: Peter Santer&lt;\/em&gt;&lt;p&gt;&lt;a href=&quot;https:\/\/www.archeoparc.it\/wp-content\/uploads\/archeoparc-schnalstal-press-18015.jpg&quot; class=&quot;archeo_button&quot;&gt;Download&lt;\/a&gt; &lt;\/p&gt;' ><img src='https:\/\/www.archeoparc.it\/wp-content\/uploads\/archeoparc-schnalstal-press-18015-100x100.jpg'><\/a><\/li><li><a href='https:\/\/www.archeoparc.it\/wp-content\/uploads\/archeoparc-schnalstal-press-18014-1024x701.jpg' class='thickbox'  title='&lt;p&gt;&lt;strong&gt;Bildtext: &lt;\/strong&gt;&lt;\/p&gt;&lt;p style=&quot;margin-left:2em;&quot;&gt;&lt;em&gt;&lt;strong&gt;deutsch: &lt;\/strong&gt;Eine Delegation aus Politikern und Museumsgestaltern aus dem bayrischen Markt Essenbach zu Besuch im archeoParc Schnalstal&lt;br \/&gt;v.l.n.r.: archeoParc-Leiterin Johanna Niederkofler, B\u00fcrgermeister von Markt Essenbach Dieter Neubauer, B\u00fcrgermeister von Schnals Karl Josef Rainer, die Arch\u00e4ologen Monika Weigl und Robert Graf&lt;\/em&gt;&lt;\/p&gt;&lt;p style=&quot;margin-left:2em;&quot;&gt;&lt;em&gt;&lt;strong&gt;italiano: &lt;\/strong&gt;Una delegazione di politici e responsabili museali provenienti da Markt Essenbach (D) in visita all\u2019archeoParc Val Senales&lt;br \/&gt;da sx a dx: direttrice dell\u2018archeoParc Johanna Niederkofler, sindaco di Markt Essenbach Dieter Neubauer, sindaco di Senales Karl Josef Rainer, gli archeologi Monika Weigl e Robert Graf&lt;\/em&gt;&lt;\/p&gt;&lt;p style=&quot;margin-left:2em;&quot;&gt;&lt;em&gt;&lt;strong&gt;english: &lt;\/strong&gt;A delegation from Markt Essenbach (D) visiting the archeoParc Val Senales&lt;br \/&gt;f.l.t.r.: archeoParc director Johanna Niederkofler, major of Markt Essenbach Dieter Neubauer, major of Senales Karl Josef Rainer, archaeologists Monika Weigl and Robert Graf&lt;\/em&gt;&lt;\/p&gt;&lt;p&gt;&lt;strong&gt;Fotograf:&lt;\/strong&gt; &lt;em&gt;Eric Wellenzohn&lt;\/em&gt;&lt;\/p&gt;&lt;p&gt;&lt;strong&gt;Gr\u00f6\u00dfe:&lt;\/strong&gt; &lt;em&gt;3743x2564px&lt;\/em&gt;&lt;\/p&gt;&lt;p&gt;&lt;strong&gt;Frei zur nicht-kommerziellen Ver\u00f6ffentlichung mit dem Vermerk:&lt;\/strong&gt; &lt;br&gt;&lt;em&gt;archeoParc Schnalstal, photo: Eric Wellenzohn&lt;\/em&gt;&lt;p&gt;&lt;a href=&quot;https:\/\/www.archeoparc.it\/wp-content\/uploads\/archeoparc-schnalstal-press-18014.jpg&quot; class=&quot;archeo_button&quot;&gt;Download&lt;\/a&gt; &lt;\/p&gt;' ><img src='https:\/\/www.archeoparc.it\/wp-content\/uploads\/archeoparc-schnalstal-press-18014-100x100.jpg'><\/a><\/li><li><a href='https:\/\/www.archeoparc.it\/wp-content\/uploads\/archeoparc-schnalstal-press-18013-1-1024x683.jpg' class='thickbox'  title='&lt;p&gt;&lt;strong&gt;Bildtext: &lt;\/strong&gt;&lt;\/p&gt;&lt;p style=&quot;margin-left:2em;&quot;&gt;&lt;em&gt;&lt;strong&gt;deutsch: &lt;\/strong&gt;Koch- und Aufenthaltsbereich des Schnalser Kindersommers im Freilichtbereich des archeoParc Schnalstal&lt;\/em&gt;&lt;\/p&gt;&lt;p style=&quot;margin-left:2em;&quot;&gt;&lt;em&gt;&lt;strong&gt;italiano: &lt;\/strong&gt;Parte dell\u2018area all\u2019aperto dell\u2018archeoParc dove i bimbi del grest estivo cucinano, mangiano e giocano&lt;\/em&gt;&lt;\/p&gt;&lt;p style=&quot;margin-left:2em;&quot;&gt;&lt;em&gt;&lt;strong&gt;english: &lt;\/strong&gt;The part of the open air area of archeoParc val Senales where the participants in the summerschool cook, eat and play&lt;\/em&gt;&lt;\/p&gt;&lt;p&gt;&lt;strong&gt;Fotograf:&lt;\/strong&gt; &lt;em&gt;Karin Leiter&lt;\/em&gt;&lt;\/p&gt;&lt;p&gt;&lt;strong&gt;Gr\u00f6\u00dfe:&lt;\/strong&gt; &lt;em&gt;5184x3456px&lt;\/em&gt;&lt;\/p&gt;&lt;p&gt;&lt;strong&gt;Frei zur nicht-kommerziellen Ver\u00f6ffentlichung mit dem Vermerk:&lt;\/strong&gt; &lt;br&gt;&lt;em&gt;Provinz Bozen, photo: Karin Leiter&lt;\/em&gt;&lt;p&gt;&lt;a href=&quot;https:\/\/www.archeoparc.it\/wp-content\/uploads\/archeoparc-schnalstal-press-18013-1.jpg&quot; class=&quot;archeo_button&quot;&gt;Download&lt;\/a&gt; &lt;\/p&gt;' ><img src='https:\/\/www.archeoparc.it\/wp-content\/uploads\/archeoparc-schnalstal-press-18013-1-100x100.jpg'><\/a><\/li><li><a href='https:\/\/www.archeoparc.it\/wp-content\/uploads\/archeoparc-schnalstal-press-18012-1024x683.jpg' class='thickbox'  title='&lt;p&gt;&lt;strong&gt;Bildtext: &lt;\/strong&gt;&lt;\/p&gt;&lt;p style=&quot;margin-left:2em;&quot;&gt;&lt;em&gt;&lt;strong&gt;deutsch: &lt;\/strong&gt;Landesr\u00e4tin Waltraud Deeg und der Schnalser B\u00fcrgermeister Karl Josef Rainer bei einer Einbaumfahrt mit Kindern w\u00e4hrend ihres Besuches beim Schnalser Kindersommers im archeoParc&lt;\/em&gt;&lt;\/p&gt;&lt;p style=&quot;margin-left:2em;&quot;&gt;&lt;em&gt;&lt;strong&gt;italiano: &lt;\/strong&gt;L\u2019assessora provinciale Waltraud Deeg e il sindaco di Senales Karl Josef Rainer fanno un giro in piroga con dei bambini durante la visita del grest estivo all\u2018archeoParc&lt;\/em&gt;&lt;\/p&gt;&lt;p style=&quot;margin-left:2em;&quot;&gt;&lt;em&gt;&lt;strong&gt;english: &lt;\/strong&gt;The member of the Provincial Government Waltraud Deeg and the major of Senales Karl Josef Rainer trying out the dugout with some kids during the visit of the archeoParc summer school&lt;\/em&gt;&lt;\/p&gt;&lt;p&gt;&lt;strong&gt;Fotograf:&lt;\/strong&gt; &lt;em&gt;Karin Leiter&lt;\/em&gt;&lt;\/p&gt;&lt;p&gt;&lt;strong&gt;Gr\u00f6\u00dfe:&lt;\/strong&gt; &lt;em&gt;5184x3456px&lt;\/em&gt;&lt;\/p&gt;&lt;p&gt;&lt;strong&gt;Frei zur nicht-kommerziellen Ver\u00f6ffentlichung mit dem Vermerk:&lt;\/strong&gt; &lt;br&gt;&lt;em&gt;Provinz Bozen, photo: Karin Leiter&lt;\/em&gt;&lt;p&gt;&lt;a href=&quot;https:\/\/www.archeoparc.it\/wp-content\/uploads\/archeoparc-schnalstal-press-18012.jpg&quot; class=&quot;archeo_button&quot;&gt;Download&lt;\/a&gt; &lt;\/p&gt;' ><img src='https:\/\/www.archeoparc.it\/wp-content\/uploads\/archeoparc-schnalstal-press-18012-100x100.jpg'><\/a><\/li><li><a href='https:\/\/www.archeoparc.it\/wp-content\/uploads\/archeoparc-schnalstal-press-18011-1024x683.jpg' class='thickbox'  title='&lt;p&gt;&lt;strong&gt;Bildtext: &lt;\/strong&gt;&lt;\/p&gt;&lt;p style=&quot;margin-left:2em;&quot;&gt;&lt;em&gt;&lt;strong&gt;deutsch: &lt;\/strong&gt;Vorf\u00fchrung zur Gewinnung von L\u00e4rchenharz im Rahmen der Er\u00f6ffnung der Ausstellung \u201eBirkenteer und L\u00e4rchenterpentin. Die Gewinnung und Verarbeitung von Sekund\u00e4rprodukten aus dem Wald fr\u00fcher und heute.\u201c im archeoParc Schnalstal&lt;br \/&gt;v.l.n.r. Mauro Iori, Monclassico (TN), Michael Amort, Altrei&lt;\/em&gt;&lt;\/p&gt;&lt;p style=&quot;margin-left:2em;&quot;&gt;&lt;em&gt;&lt;strong&gt;italiano: &lt;\/strong&gt;Dimostrazione sulla raccolta di resina di larice in occasione dell\u2018inaugurazione della mostra \u201ePece e trementina. L\u2019uso dei prodotti secondari degli alberi dalla preistoria ad oggi.\u201c presso l\u2019archeoParc della val Senales &lt;br \/&gt;da sx a dx: Mauro Iori, Monclassico (TN), Michael Amort, Anterivo&lt;\/em&gt;&lt;\/p&gt;&lt;p style=&quot;margin-left:2em;&quot;&gt;&lt;em&gt;&lt;strong&gt;english: &lt;\/strong&gt;Exhibition on secondary products of the forest and on how humans used them since prehistoric times at archeoParc Val Senales&lt;br \/&gt;f.l.t.r. Mauro Iori, Monclassico (TN), Michael Amort, Anterivo&lt;\/em&gt;&lt;\/p&gt;&lt;p&gt;&lt;strong&gt;Fotograf:&lt;\/strong&gt; &lt;em&gt;Peter Santer&lt;\/em&gt;&lt;\/p&gt;&lt;p&gt;&lt;strong&gt;Gr\u00f6\u00dfe:&lt;\/strong&gt; &lt;em&gt;2500x1667px&lt;\/em&gt;&lt;\/p&gt;&lt;p&gt;&lt;strong&gt;Frei zur nicht-kommerziellen Ver\u00f6ffentlichung mit dem Vermerk:&lt;\/strong&gt; &lt;br&gt;&lt;em&gt;archeoParc Schnalstal, photo: Peter Santer&lt;\/em&gt;&lt;p&gt;&lt;a href=&quot;https:\/\/www.archeoparc.it\/wp-content\/uploads\/archeoparc-schnalstal-press-18011.jpg&quot; class=&quot;archeo_button&quot;&gt;Download&lt;\/a&gt; &lt;\/p&gt;' ><img src='https:\/\/www.archeoparc.it\/wp-content\/uploads\/archeoparc-schnalstal-press-18011-100x100.jpg'><\/a><\/li><li><a href='https:\/\/www.archeoparc.it\/wp-content\/uploads\/archeoparc-schnalstal-press-18010-1024x645.jpg' class='thickbox'  title='&lt;p&gt;&lt;strong&gt;Bildtext: &lt;\/strong&gt;&lt;\/p&gt;&lt;p style=&quot;margin-left:2em;&quot;&gt;&lt;em&gt;&lt;strong&gt;deutsch: &lt;\/strong&gt;Er\u00f6ffnung der Ausstellung \u201eBirkenteer und L\u00e4rchenterpentin. Die Gewinnung und Verarbeitung von Sekund\u00e4rprodukten aus dem Wald fr\u00fcher und heute.\u201c im archeoParc Schnalstal&lt;br \/&gt; v.l.n.r. stellvertretender Amtsdirektor des Forstinspektorat Meran Reinald Tirler, Direktor der Abteilung f\u00fcr Forstwirtschaft Mario Broll, Vorstandsmitglieder des Museumsvereins Gerhard M\u00fcller und Otto Rainer, archeoParc-Leiterin Johanna Niederkofler, B\u00fcrgermeister von Schnals Karl Josef Rainer&lt;\/em&gt;&lt;\/p&gt;&lt;p style=&quot;margin-left:2em;&quot;&gt;&lt;em&gt;&lt;strong&gt;italiano: &lt;\/strong&gt;Inaugurazione della mostra \u201ePece e trementina. L\u2019uso dei prodotti secondari degli alberi dalla preistoria ad oggi.\u201c presso l\u2019archeoParc della val Senales&lt;br \/&gt;da sx a dx: Reinald Tirler dell\u2019ispettorato forestale di Merano, direttore della Ripartizione foreste Mario Broll, membri del consiglio amministrativo dell\u2019Associazione museale Gerhard M\u00fcller und Otto Rainer, direttrice dell\u2019archeoParc Johanna Niederkofler, sindaco di Senales Karl Josef Rainer&lt;\/em&gt;&lt;\/p&gt;&lt;p style=&quot;margin-left:2em;&quot;&gt;&lt;em&gt;&lt;strong&gt;english: &lt;\/strong&gt;Exhibition on secondary products of the forest and on how humans used them since prehistoric times at archeoParc Val Senales&lt;br \/&gt;f.l.t.r. Reinald Tirler from the ispettorato forestale of Merano, director  Ripartizione foreste Mario Broll, museum association board members Gerhard M\u00fcller and Otto Rainer, archeoParc director Johanna Niederkofler, major of Senales Karl Josef Rainer&lt;\/em&gt;&lt;\/p&gt;&lt;p&gt;&lt;strong&gt;Fotograf:&lt;\/strong&gt; &lt;em&gt;Peter Santer&lt;\/em&gt;&lt;\/p&gt;&lt;p&gt;&lt;strong&gt;Gr\u00f6\u00dfe:&lt;\/strong&gt; &lt;em&gt;2117x1334px&lt;\/em&gt;&lt;\/p&gt;&lt;p&gt;&lt;strong&gt;Frei zur nicht-kommerziellen Ver\u00f6ffentlichung mit dem Vermerk:&lt;\/strong&gt; &lt;br&gt;&lt;em&gt;archeoParc Schnalstal, photo: Peter Santer&lt;\/em&gt;&lt;p&gt;&lt;a href=&quot;https:\/\/www.archeoparc.it\/wp-content\/uploads\/archeoparc-schnalstal-press-18010.jpg&quot; class=&quot;archeo_button&quot;&gt;Download&lt;\/a&gt; &lt;\/p&gt;' ><img src='https:\/\/www.archeoparc.it\/wp-content\/uploads\/archeoparc-schnalstal-press-18010-100x100.jpg'><\/a><\/li><li><a href='https:\/\/www.archeoparc.it\/wp-content\/uploads\/archeoparc-schnalstal-press-18009-1024x683.jpg' class='thickbox'  title='&lt;p&gt;&lt;strong&gt;Bildtext: &lt;\/strong&gt;&lt;\/p&gt;&lt;p style=&quot;margin-left:2em;&quot;&gt;&lt;em&gt;&lt;strong&gt;deutsch: &lt;\/strong&gt;Er\u00f6ffnung der Ausstellung \u201eBirkenteer und L\u00e4rchenterpentin. Die Gewinnung und Verarbeitung von Sekund\u00e4rprodukten aus dem Wald fr\u00fcher und heute.\u201c im archeoParc Schnalstal&lt;br \/&gt;v.l.n.r. archeoParc-Leiterin Johanna Niederkofler, L\u00f6rgetsammler Mauro Iori (Monclassico,TN), B\u00fcrgermeister von Schnals Karl Josef Rainer&lt;\/em&gt;&lt;\/p&gt;&lt;p style=&quot;margin-left:2em;&quot;&gt;&lt;em&gt;&lt;strong&gt;italiano: &lt;\/strong&gt;Inaugurazione della mostra \u201ePece e trementina. L\u2019uso dei prodotti secondari degli alberi dalla preistoria ad oggi.\u201c presso l\u2019archeoParc della val Senales&lt;br \/&gt; da sx a dx: direttrice dell\u2019archeoParc Johanna Niederkofler, raccoglitore di trementina Mauro Iori (Monclassico, TN), sindaco di Senales Karl Josef Rainer&lt;\/em&gt;&lt;\/p&gt;&lt;p style=&quot;margin-left:2em;&quot;&gt;&lt;em&gt;&lt;strong&gt;english: &lt;\/strong&gt;Exhibition on secondary products of the forest and on how humans used them since prehistoric times at archeoParc Val Senales&lt;br \/&gt;f.l.t.r. archeoParc director Johanna Niederkofler, larch resin gatherer Mauro Iori (Monclassico, TN), major of Senales Karl Josef Rainer&lt;\/em&gt;&lt;\/p&gt;&lt;p&gt;&lt;strong&gt;Fotograf:&lt;\/strong&gt; &lt;em&gt;Peter Santer&lt;\/em&gt;&lt;\/p&gt;&lt;p&gt;&lt;strong&gt;Gr\u00f6\u00dfe:&lt;\/strong&gt; &lt;em&gt;2500x1667px&lt;\/em&gt;&lt;\/p&gt;&lt;p&gt;&lt;strong&gt;Frei zur nicht-kommerziellen Ver\u00f6ffentlichung mit dem Vermerk:&lt;\/strong&gt; &lt;br&gt;&lt;em&gt;archeoParc Schnalstal, photo: Peter Santer&lt;\/em&gt;&lt;p&gt;&lt;a href=&quot;https:\/\/www.archeoparc.it\/wp-content\/uploads\/archeoparc-schnalstal-press-18009.jpg&quot; class=&quot;archeo_button&quot;&gt;Download&lt;\/a&gt; &lt;\/p&gt;' ><img src='https:\/\/www.archeoparc.it\/wp-content\/uploads\/archeoparc-schnalstal-press-18009-100x100.jpg'><\/a><\/li><li><a href='https:\/\/www.archeoparc.it\/wp-content\/uploads\/archeoparc-schnalstal-press-18008-1024x680.jpg' class='thickbox'  title='&lt;p&gt;&lt;strong&gt;Bildtext: &lt;\/strong&gt;&lt;\/p&gt;&lt;p style=&quot;margin-left:2em;&quot;&gt;&lt;em&gt;&lt;strong&gt;deutsch: &lt;\/strong&gt;Blick in die Ausstellung \u201cBirkenteer und L\u00e4rchenterpentin\u201c im archeoParc Schnalstal&lt;\/em&gt;&lt;\/p&gt;&lt;p style=&quot;margin-left:2em;&quot;&gt;&lt;em&gt;&lt;strong&gt;italiano: &lt;\/strong&gt;La mostra \u201ePece e trementina presso l\u2019archeoParc della val Senales&lt;\/em&gt;&lt;\/p&gt;&lt;p style=&quot;margin-left:2em;&quot;&gt;&lt;em&gt;&lt;strong&gt;english: &lt;\/strong&gt;Exhibition on secondary products of forests at archeoParc Val Senales&lt;\/em&gt;&lt;\/p&gt;&lt;p&gt;&lt;strong&gt;Fotograf:&lt;\/strong&gt; &lt;em&gt;Johanna Niederkofler&lt;\/em&gt;&lt;\/p&gt;&lt;p&gt;&lt;strong&gt;Gr\u00f6\u00dfe:&lt;\/strong&gt; &lt;em&gt;4288x2848px&lt;\/em&gt;&lt;\/p&gt;&lt;p&gt;&lt;strong&gt;Frei zur nicht-kommerziellen Ver\u00f6ffentlichung mit dem Vermerk:&lt;\/strong&gt; &lt;br&gt;&lt;em&gt;archeoParc Schnalstal, photo: Johanna Niederkofler&lt;\/em&gt;&lt;p&gt;&lt;a href=&quot;https:\/\/www.archeoparc.it\/wp-content\/uploads\/archeoparc-schnalstal-press-18008.jpg&quot; class=&quot;archeo_button&quot;&gt;Download&lt;\/a&gt; &lt;\/p&gt;' ><img src='https:\/\/www.archeoparc.it\/wp-content\/uploads\/archeoparc-schnalstal-press-18008-100x100.jpg'><\/a><\/li><li><a href='https:\/\/www.archeoparc.it\/wp-content\/uploads\/archeoparc-schnalstal-press-18007-1024x680.jpg' class='thickbox'  title='&lt;p&gt;&lt;strong&gt;Bildtext: &lt;\/strong&gt;&lt;\/p&gt;&lt;p style=&quot;margin-left:2em;&quot;&gt;&lt;em&gt;&lt;strong&gt;deutsch: &lt;\/strong&gt;Riechstation in der Ausstellung \u201cBirkenteer und L\u00e4rchenterpentin\u201c im archeoParc Schnalstal&lt;\/em&gt;&lt;\/p&gt;&lt;p style=&quot;margin-left:2em;&quot;&gt;&lt;em&gt;&lt;strong&gt;italiano: &lt;\/strong&gt;Annusare il bosco. Esperienza sensoriale nella mostra \u201ePece e trementina presso l\u2019archeoParc della val Senales&lt;\/em&gt;&lt;\/p&gt;&lt;p style=&quot;margin-left:2em;&quot;&gt;&lt;em&gt;&lt;strong&gt;english: &lt;\/strong&gt;Exhibition on secondary products of forests at archeoParc Val Senales&lt;\/em&gt;&lt;\/p&gt;&lt;p&gt;&lt;strong&gt;Fotograf:&lt;\/strong&gt; &lt;em&gt;Johanna Niederkofler&lt;\/em&gt;&lt;\/p&gt;&lt;p&gt;&lt;strong&gt;Gr\u00f6\u00dfe:&lt;\/strong&gt; &lt;em&gt;4288x2848px&lt;\/em&gt;&lt;\/p&gt;&lt;p&gt;&lt;strong&gt;Frei zur nicht-kommerziellen Ver\u00f6ffentlichung mit dem Vermerk:&lt;\/strong&gt; &lt;br&gt;&lt;em&gt;archeoParc Schnalstal, photo: Johanna Niederkofler&lt;\/em&gt;&lt;p&gt;&lt;a href=&quot;https:\/\/www.archeoparc.it\/wp-content\/uploads\/archeoparc-schnalstal-press-18007.jpg&quot; class=&quot;archeo_button&quot;&gt;Download&lt;\/a&gt; &lt;\/p&gt;' ><img src='https:\/\/www.archeoparc.it\/wp-content\/uploads\/archeoparc-schnalstal-press-18007-100x100.jpg'><\/a><\/li><li><a href='https:\/\/www.archeoparc.it\/wp-content\/uploads\/archeoparc-schnalstal-press-18006-1024x680.jpg' class='thickbox'  title='&lt;p&gt;&lt;strong&gt;Bildtext: &lt;\/strong&gt;&lt;\/p&gt;&lt;p style=&quot;margin-left:2em;&quot;&gt;&lt;em&gt;&lt;strong&gt;deutsch: &lt;\/strong&gt;Mit einer Kinderkonferenz im Freilichtbereich wurde im Rahmen des Internationalen Tags der Museen die Sommerferienbetreuung im archeoParc Schnalstal vorgestellt&lt;br \/&gt;&lt;br \/&gt; v.l.n.r.: archeoParc-Leiterin Johanna Niederkofler, Janik und Sara, die im letzten Jahr den Kindersommer besucht haben und B\u00fcrgermeister Karl Josef Rainer &lt;br \/&gt;13. Mai 2018&lt;\/em&gt;&lt;\/p&gt;&lt;p style=&quot;margin-left:2em;&quot;&gt;&lt;em&gt;&lt;strong&gt;italiano: &lt;\/strong&gt;Con una conferenza di bambini nell\u2019area all\u2019aperto viene presentato il grest estivo dell\u2019archeoParc in occasione della giornata internazionale dei musei&lt;br \/&gt;&lt;br \/&gt;da sx a dx: direttrice dell\u2019archeoParc Johanna Niederkofler, Janik e Sara che hanno frequentati il grest l\u2019anno scorso, sindaco di Senales Karl Josef Rainer &lt;br \/&gt;13 maggio 2018&lt;\/em&gt;&lt;\/p&gt;&lt;p style=&quot;margin-left:2em;&quot;&gt;&lt;em&gt;&lt;strong&gt;english: &lt;\/strong&gt;Presentation of the archeoParc Summer holiday camp at the open-air area during the International Museum Day&lt;br \/&gt;&lt;br \/&gt;left to right: archeoParc director Johanna Niederkofler, Janik, Sara, major of Senales Karl Josef Rainer &lt;br \/&gt;13. May 2018&lt;\/em&gt;&lt;\/p&gt;&lt;p&gt;&lt;strong&gt;Fotograf:&lt;\/strong&gt; &lt;em&gt;Simone Bacher&lt;\/em&gt;&lt;\/p&gt;&lt;p&gt;&lt;strong&gt;Gr\u00f6\u00dfe:&lt;\/strong&gt; &lt;em&gt;4288x2848px&lt;\/em&gt;&lt;\/p&gt;&lt;p&gt;&lt;strong&gt;Frei zur nicht-kommerziellen Ver\u00f6ffentlichung mit dem Vermerk:&lt;\/strong&gt; &lt;br&gt;&lt;em&gt;archeoParc Schnalstal, photo: Simone Bacher&lt;\/em&gt;&lt;p&gt;&lt;a href=&quot;https:\/\/www.archeoparc.it\/wp-content\/uploads\/archeoparc-schnalstal-press-18006.jpg&quot; class=&quot;archeo_button&quot;&gt;Download&lt;\/a&gt; &lt;\/p&gt;' ><img src='https:\/\/www.archeoparc.it\/wp-content\/uploads\/archeoparc-schnalstal-press-18006-100x100.jpg'><\/a><\/li><li><a href='https:\/\/www.archeoparc.it\/wp-content\/uploads\/archeoparc-schnalstal-press-17022-1024x678.jpg' class='thickbox'  title='&lt;p&gt;&lt;strong&gt;Bildtext: &lt;\/strong&gt;&lt;\/p&gt;&lt;p style=&quot;margin-left:2em;&quot;&gt;&lt;em&gt;&lt;strong&gt;deutsch: &lt;\/strong&gt;Eine der Mitmachstationen in der Ausstellung zum \u00d6tzifund im Besucherzentrum des archeoParc Schnalstal l\u00e4dt dazu ein \u00d6tzis Geschichte an einer Magnetwand zu gestalten&lt;\/em&gt;&lt;\/p&gt;&lt;p style=&quot;margin-left:2em;&quot;&gt;&lt;em&gt;&lt;strong&gt;italiano: &lt;\/strong&gt;Una delle attivit\u00e0 proposte ai visitatori nelle esposizioni nel centro visitatori dell\u2019archeoParc Val Senales \u00e8 comporre la storia di \u00d6tzi su una parete magnetica&lt;\/em&gt;&lt;\/p&gt;&lt;p style=&quot;margin-left:2em;&quot;&gt;&lt;em&gt;&lt;strong&gt;english: &lt;\/strong&gt;One of the hands-on activities proposed in the exhibitions inside the visitor\u2019s center of archeoParc Val Senales: composing \u00d6tzi\u2019s story on a magnetwall&lt;\/em&gt;&lt;\/p&gt;&lt;p&gt;&lt;strong&gt;Fotograf:&lt;\/strong&gt; &lt;em&gt;Johanna Niederkofler&lt;\/em&gt;&lt;\/p&gt;&lt;p&gt;&lt;strong&gt;Gr\u00f6\u00dfe:&lt;\/strong&gt; &lt;em&gt;3335x2208px&lt;\/em&gt;&lt;\/p&gt;&lt;p&gt;&lt;strong&gt;Frei zur nicht-kommerziellen Ver\u00f6ffentlichung mit dem Vermerk:&lt;\/strong&gt; &lt;br&gt;&lt;em&gt;archeoParc Schnalstal, photo: Johanna Niederkofler&lt;\/em&gt;&lt;p&gt;&lt;a href=&quot;https:\/\/www.archeoparc.it\/wp-content\/uploads\/archeoparc-schnalstal-press-17022.jpg&quot; class=&quot;archeo_button&quot;&gt;Download&lt;\/a&gt; &lt;\/p&gt;' ><img src='https:\/\/www.archeoparc.it\/wp-content\/uploads\/archeoparc-schnalstal-press-17022-100x100.jpg'><\/a><\/li><li><a href='https:\/\/www.archeoparc.it\/wp-content\/uploads\/archeoparc-schnalstal-press-17021-1024x680.jpg' class='thickbox'  title='&lt;p&gt;&lt;strong&gt;Bildtext: &lt;\/strong&gt;&lt;\/p&gt;&lt;p style=&quot;margin-left:2em;&quot;&gt;&lt;em&gt;&lt;strong&gt;deutsch: &lt;\/strong&gt;Vorf\u00fchrungen zum pr\u00e4historischen Feuerschlagen mit Pyrit, Feuerstein und Zunderschwamm finden t\u00e4glich im Freigel\u00e4nde des archeoParc Schnalstal statt&lt;\/em&gt;&lt;\/p&gt;&lt;p style=&quot;margin-left:2em;&quot;&gt;&lt;em&gt;&lt;strong&gt;italiano: &lt;\/strong&gt;Tutti i giorni all\u2019archeoParc Val Senales ci sono dimostrazioni dell\u2019accensione del fuoco a percussione con pirite, selce e fungo esca&lt;\/em&gt;&lt;\/p&gt;&lt;p style=&quot;margin-left:2em;&quot;&gt;&lt;em&gt;&lt;strong&gt;english: &lt;\/strong&gt;Daily demonstrations on how \u00d6tzi made fire with the assistance of pyrite, flint, and tinder fungus at the open-air area of archeoParc Val Senales&lt;\/em&gt;&lt;\/p&gt;&lt;p&gt;&lt;strong&gt;Fotograf:&lt;\/strong&gt; &lt;em&gt;Johanna Niederkofler&lt;\/em&gt;&lt;\/p&gt;&lt;p&gt;&lt;strong&gt;Gr\u00f6\u00dfe:&lt;\/strong&gt; &lt;em&gt;4288x2848px&lt;\/em&gt;&lt;\/p&gt;&lt;p&gt;&lt;strong&gt;Frei zur nicht-kommerziellen Ver\u00f6ffentlichung mit dem Vermerk:&lt;\/strong&gt; &lt;br&gt;&lt;em&gt;archeoParc Schnalstal, photo: Johanna Niederkofler&lt;\/em&gt;&lt;p&gt;&lt;a href=&quot;https:\/\/www.archeoparc.it\/wp-content\/uploads\/archeoparc-schnalstal-press-17021.jpg&quot; class=&quot;archeo_button&quot;&gt;Download&lt;\/a&gt; &lt;\/p&gt;' ><img src='https:\/\/www.archeoparc.it\/wp-content\/uploads\/archeoparc-schnalstal-press-17021-100x100.jpg'><\/a><\/li><li><a href='https:\/\/www.archeoparc.it\/wp-content\/uploads\/archeoparc-schnalstal-press-17020-1024x683.jpg' class='thickbox'  title='&lt;p&gt;&lt;strong&gt;Bildtext: &lt;\/strong&gt;&lt;\/p&gt;&lt;p style=&quot;margin-left:2em;&quot;&gt;&lt;em&gt;&lt;strong&gt;deutsch: &lt;\/strong&gt;Besucherwerkstatt Bogenschie\u00dfen im Freilichtbereich des archeoParc Schnalstal nahe der \u00d6tzifundstelle in S\u00fcdtirol&lt;\/em&gt;&lt;\/p&gt;&lt;p style=&quot;margin-left:2em;&quot;&gt;&lt;em&gt;&lt;strong&gt;italiano: &lt;\/strong&gt;Laboratorio didattico di tiro con l\u2019arco preistorico nell\u2019area all\u2019aperto dell\u2019archeoParc val Senales&lt;\/em&gt;&lt;\/p&gt;&lt;p style=&quot;margin-left:2em;&quot;&gt;&lt;em&gt;&lt;strong&gt;english: &lt;\/strong&gt;Hands-on activity on prehistoric archery at the open-air area of archeoParc Val Senales, near the finding spot of the Iceman&lt;\/em&gt;&lt;\/p&gt;&lt;p&gt;&lt;strong&gt;Fotograf:&lt;\/strong&gt; &lt;em&gt;Peter Santer&lt;\/em&gt;&lt;\/p&gt;&lt;p&gt;&lt;strong&gt;Gr\u00f6\u00dfe:&lt;\/strong&gt; &lt;em&gt;5760x3840px&lt;\/em&gt;&lt;\/p&gt;&lt;p&gt;&lt;strong&gt;Frei zur nicht-kommerziellen Ver\u00f6ffentlichung mit dem Vermerk:&lt;\/strong&gt; &lt;br&gt;&lt;em&gt;archeoParc Schnalstal, photo: Peter Santer&lt;\/em&gt;&lt;p&gt;&lt;a href=&quot;https:\/\/www.archeoparc.it\/wp-content\/uploads\/archeoparc-schnalstal-press-17020.jpg&quot; class=&quot;archeo_button&quot;&gt;Download&lt;\/a&gt; &lt;\/p&gt;' ><img src='https:\/\/www.archeoparc.it\/wp-content\/uploads\/archeoparc-schnalstal-press-17020-100x100.jpg'><\/a><\/li><li><a href='https:\/\/www.archeoparc.it\/wp-content\/uploads\/archeoparc-schnalstal-press-17023-1024x680.jpg' class='thickbox'  title='&lt;p&gt;&lt;strong&gt;Bildtext: &lt;\/strong&gt;&lt;\/p&gt;&lt;p style=&quot;margin-left:2em;&quot;&gt;&lt;em&gt;&lt;strong&gt;deutsch: &lt;\/strong&gt;Besucherwerkstatt Speckstein schleifen im Freilichtbereich des archeoParc Schnalstal&lt;\/em&gt;&lt;\/p&gt;&lt;p style=&quot;margin-left:2em;&quot;&gt;&lt;em&gt;&lt;strong&gt;italiano: &lt;\/strong&gt;Laboratorio didattico sulla lavorazione della steatite nell\u2019area all\u2019aperto dell\u2019archeoParc Val Senales&lt;\/em&gt;&lt;\/p&gt;&lt;p style=&quot;margin-left:2em;&quot;&gt;&lt;em&gt;&lt;strong&gt;english: &lt;\/strong&gt;Hands-on activity \u201cworking with soap stone\u201d at the open-air area of archeoParc Val Senales&lt;\/em&gt;&lt;\/p&gt;&lt;p&gt;&lt;strong&gt;Fotograf:&lt;\/strong&gt; &lt;em&gt;Johanna Niederkofler&lt;\/em&gt;&lt;\/p&gt;&lt;p&gt;&lt;strong&gt;Gr\u00f6\u00dfe:&lt;\/strong&gt; &lt;em&gt;4288x2848px&lt;\/em&gt;&lt;\/p&gt;&lt;p&gt;&lt;strong&gt;Frei zur nicht-kommerziellen Ver\u00f6ffentlichung mit dem Vermerk:&lt;\/strong&gt; &lt;br&gt;&lt;em&gt;archeoParc Schnalstal, photo: Johanna Niederkofler&lt;\/em&gt;&lt;p&gt;&lt;a href=&quot;https:\/\/www.archeoparc.it\/wp-content\/uploads\/archeoparc-schnalstal-press-17023.jpg&quot; class=&quot;archeo_button&quot;&gt;Download&lt;\/a&gt; &lt;\/p&gt;' ><img src='https:\/\/www.archeoparc.it\/wp-content\/uploads\/archeoparc-schnalstal-press-17023-100x100.jpg'><\/a><\/li><\/ul>\n\n\n\n<p><strong>2<a id=\"2017\"><\/a>017<\/strong><\/p>\n\n\n<ul  class=\"pressebilder\"><li><a href='https:\/\/www.archeoparc.it\/wp-content\/uploads\/archeoparc-schnalstal-press-17019-1024x757.jpg' class='thickbox'  title='&lt;p&gt;&lt;strong&gt;Bildtext: &lt;\/strong&gt;&lt;\/p&gt;&lt;p style=&quot;margin-left:2em;&quot;&gt;&lt;em&gt;&lt;strong&gt;deutsch: &lt;\/strong&gt;Vortrag zu arch\u00e4ologischen Neuigkeiten aus dem Schnalstal und Er\u00f6ffnung der Ausstellung \u201eDer \u00e4lteste Schneeschuh. Gletscherarch\u00e4ologie in S\u00fcdtirol.\u201c im archeoParc Schnalstal&lt;br \/&gt;archeoParc-Leiterin Johanna Niederkofler, Zoneninspektor des Amtes f\u00fcr Bodendenkm\u00e4ler Hubert Steiner&lt;\/em&gt;&lt;\/p&gt;&lt;p style=&quot;margin-left:2em;&quot;&gt;&lt;em&gt;&lt;strong&gt;italiano: &lt;\/strong&gt;Conferenza sulle novit\u00e0 archeologiche della Val Senales e inaugurazione della mostra \u201eLa ciaspola pi\u00f9 antica. L\u2019archeologia dei ghiacciai in Alto Adige.\u201c all\u2019archeoParc Val Senales&lt;br \/&gt;Johanna Niederkofler, direttrice dell\u2019archeoParc e Hubert Steiner, responsabile di zona ufficio beni archeologici di Bolzano &lt;\/em&gt;&lt;\/p&gt;&lt;p style=&quot;margin-left:2em;&quot;&gt;&lt;em&gt;&lt;strong&gt;english: &lt;\/strong&gt;Presentation of archaeological news and opening of the exhibition about glacier archaeology and the oldest snowshoe ever found at archeoParc Val Senales&lt;br \/&gt;archeoParc director Johanna Niederkofler and Hubert Steiner from the monument authority (Bolzano)&lt;\/em&gt;&lt;\/p&gt;&lt;p&gt;&lt;strong&gt;Fotograf:&lt;\/strong&gt; &lt;em&gt;Simone Bacher&lt;\/em&gt;&lt;\/p&gt;&lt;p&gt;&lt;strong&gt;Gr\u00f6\u00dfe:&lt;\/strong&gt; &lt;em&gt;3021x2233px&lt;\/em&gt;&lt;\/p&gt;&lt;p&gt;&lt;strong&gt;Frei zur nicht-kommerziellen Ver\u00f6ffentlichung mit dem Vermerk:&lt;\/strong&gt; &lt;br&gt;&lt;em&gt;archeoParc Schnalstal, photo: Simone Bacher&lt;\/em&gt;&lt;p&gt;&lt;a href=&quot;https:\/\/www.archeoparc.it\/wp-content\/uploads\/archeoparc-schnalstal-press-17019.jpg&quot; class=&quot;archeo_button&quot;&gt;Download&lt;\/a&gt; &lt;\/p&gt;' ><img src='https:\/\/www.archeoparc.it\/wp-content\/uploads\/archeoparc-schnalstal-press-17019-100x100.jpg'><\/a><\/li><li><a href='https:\/\/www.archeoparc.it\/wp-content\/uploads\/archeoparc-schnalstal-press-17018-1024x683.jpg' class='thickbox'  title='&lt;p&gt;&lt;strong&gt;Bildtext: &lt;\/strong&gt;&lt;\/p&gt;&lt;p style=&quot;margin-left:2em;&quot;&gt;&lt;em&gt;&lt;strong&gt;deutsch: &lt;\/strong&gt;Siegerehrung im Bewerb Bogenschie\u00dfen, Kategorie Herren, im Rahmen der Europameisterschaften f\u00fcr Pr\u00e4historische Waffen im Freilichtbereich des archeoParc Schnalstal &lt;br \/&gt;&lt;br \/&gt;v.l.n.r.: Daniel M\u00fcller, CH (3. Platz ), archeoParc-Leiterin Johanna Niederkofler, Kuno Bay, CH (1. Platz), Marco Maioli (2. Platz), archeoParc-Mitarbeiter Ernst Gamper, B\u00fcrgermeister von Schnals Karl Josef Rainer &lt;br \/&gt;September 2017&lt;\/em&gt;&lt;\/p&gt;&lt;p style=&quot;margin-left:2em;&quot;&gt;&lt;em&gt;&lt;strong&gt;italiano: &lt;\/strong&gt;Cerimonia di premiazione degli arcieri, categoria uomini, nel corso del campionato europeo di tiro con l\u2019arco preistorico e lancio con il propulsore all\u2019archeoParc Val Senales&lt;br \/&gt;&lt;br \/&gt;da sx a dx: Daniel M\u00fcller, CH (3. posto ), direttrice dell\u2019archeoParc Johanna Niederkofler, Kuno Bay, CH (1. posto), Marco Maioli (2. posto), Ernst Gamper, sindaco di Senales Karl Josef Rainer &lt;br \/&gt;Settembre 2017&lt;\/em&gt;&lt;\/p&gt;&lt;p style=&quot;margin-left:2em;&quot;&gt;&lt;em&gt;&lt;strong&gt;english: &lt;\/strong&gt;Presentation ceremony for the winners of the archery competition, category Men, during the European Championship for Prehistoric Weapons at archeoParc Val Senales &lt;br \/&gt;&lt;br \/&gt;f.l.t.r.: Daniel M\u00fcller, CH (3st place ), archeoParc director Johanna Niederkofler, Kuno Bay, CH (1rd place), Marco Maioli (2nd place), Ernst Gamper, mayor of Senales Karl Josef Rainer&lt;br \/&gt;September 2017&lt;\/em&gt;&lt;\/p&gt;&lt;p&gt;&lt;strong&gt;Fotograf:&lt;\/strong&gt; &lt;em&gt;Peter Santer&lt;\/em&gt;&lt;\/p&gt;&lt;p&gt;&lt;strong&gt;Gr\u00f6\u00dfe:&lt;\/strong&gt; &lt;em&gt;4496x2997px&lt;\/em&gt;&lt;\/p&gt;&lt;p&gt;&lt;strong&gt;Frei zur nicht-kommerziellen Ver\u00f6ffentlichung mit dem Vermerk:&lt;\/strong&gt; &lt;br&gt;&lt;em&gt;archeoParc Schnalstal, photo: Peter Santer&lt;\/em&gt;&lt;p&gt;&lt;a href=&quot;https:\/\/www.archeoparc.it\/wp-content\/uploads\/archeoparc-schnalstal-press-17018.jpg&quot; class=&quot;archeo_button&quot;&gt;Download&lt;\/a&gt; &lt;\/p&gt;' ><img src='https:\/\/www.archeoparc.it\/wp-content\/uploads\/archeoparc-schnalstal-press-17018-100x100.jpg'><\/a><\/li><li><a href='https:\/\/www.archeoparc.it\/wp-content\/uploads\/archeoparc-schnalstal-press-17017-1024x683.jpg' class='thickbox'  title='&lt;p&gt;&lt;strong&gt;Bildtext: &lt;\/strong&gt;&lt;\/p&gt;&lt;p style=&quot;margin-left:2em;&quot;&gt;&lt;em&gt;&lt;strong&gt;deutsch: &lt;\/strong&gt;Die Siegerinnen des Bewerbs Bogenschie\u00dfen, im Rahmen der Europameisterschaften f\u00fcr Pr\u00e4historische Waffen im archeoParc Schnalstal&lt;br \/&gt;&lt;br \/&gt; v.l.n.r.: Beatrix Rieger, D (2. Patz ), archeoParc-Mitarbeiter Ernst Gamper, Conny Heinzelmann, CH (1. Platz), B\u00e4rbel Berhorst, D (3. Platz), archeoParc-Leiterin Johanna Niederkofler, B\u00fcrgermeister von Schnals Karl Josef Rainer&lt;br \/&gt;September 2017&lt;\/em&gt;&lt;\/p&gt;&lt;p style=&quot;margin-left:2em;&quot;&gt;&lt;em&gt;&lt;strong&gt;italiano: &lt;\/strong&gt;La premiazione delle vincitrici del torneo di tiro con l\u2019arco all\u2019archeoParc Val Senales, tappa del campionato europeo per armi preistoriche&lt;br \/&gt;&lt;br \/&gt; da sx a dx: Beatrix Rieger, D (2. posto ), Ernst Gamper, Conny Heinzelmann, CH (1. posto), B\u00e4rbel Berhorst, D (3.posto), direttrice dell\u2018archeoParc Johanna Niederkofler, sindaco di Senales Karl Josef Rainer&lt;br \/&gt;Settembre 2017&lt;\/em&gt;&lt;\/p&gt;&lt;p style=&quot;margin-left:2em;&quot;&gt;&lt;em&gt;&lt;strong&gt;english: &lt;\/strong&gt;Presentation ceremony for the winners of the archery competition, category Women, during the European Championship for Prehistoric Weapons at archeoParc Val Senales&lt;&lt;br \/&gt;&lt;br \/&gt; f.l.t.r.: Beatrix Rieger, D (2st place ), Ernst Gamper, Conny Heinzelmann, CH (1rd place), B\u00e4rbel Berhorst, D (3nd place), archeoParc director Johanna Niederkofler, mayor of Senales Karl Josef Rainer&lt;br \/&gt;September 2017&lt;\/em&gt;&lt;\/p&gt;&lt;p&gt;&lt;strong&gt;Fotograf:&lt;\/strong&gt; &lt;em&gt;Peter Santer&lt;\/em&gt;&lt;\/p&gt;&lt;p&gt;&lt;strong&gt;Gr\u00f6\u00dfe:&lt;\/strong&gt; &lt;em&gt;4809x3206px&lt;\/em&gt;&lt;\/p&gt;&lt;p&gt;&lt;strong&gt;Frei zur nicht-kommerziellen Ver\u00f6ffentlichung mit dem Vermerk:&lt;\/strong&gt; &lt;br&gt;&lt;em&gt;archeoParc Schnalstal, photo: Peter Santer&lt;\/em&gt;&lt;p&gt;&lt;a href=&quot;https:\/\/www.archeoparc.it\/wp-content\/uploads\/archeoparc-schnalstal-press-17017.jpg&quot; class=&quot;archeo_button&quot;&gt;Download&lt;\/a&gt; &lt;\/p&gt;' ><img src='https:\/\/www.archeoparc.it\/wp-content\/uploads\/archeoparc-schnalstal-press-17017-100x100.jpg'><\/a><\/li><li><a href='https:\/\/www.archeoparc.it\/wp-content\/uploads\/archeoparc-schnalstal-press-17016-1024x683.jpg' class='thickbox'  title='&lt;p&gt;&lt;strong&gt;Bildtext: &lt;\/strong&gt;&lt;\/p&gt;&lt;p style=&quot;margin-left:2em;&quot;&gt;&lt;em&gt;&lt;strong&gt;deutsch: &lt;\/strong&gt;Europ\u00e4ische Meisterschaften im Pr\u00e4historischen Bogenschie\u00dfen und Speerschleudern im archeoParc Schnalstal&lt;br \/&gt;September 2017&lt;\/em&gt;&lt;\/p&gt;&lt;p style=&quot;margin-left:2em;&quot;&gt;&lt;em&gt;&lt;strong&gt;italiano: &lt;\/strong&gt;Campionati europei di tiro con l\u2019arco preistorico e lancio con il propulsore all\u2019archeoParc Val Senales&lt;br \/&gt;Settembre 2017&lt;\/em&gt;&lt;\/p&gt;&lt;p style=&quot;margin-left:2em;&quot;&gt;&lt;em&gt;&lt;strong&gt;english: &lt;\/strong&gt;European Championship for Prehistoric Weapons at archeoParc Val Senales&lt;br \/&gt;September 2017&lt;\/em&gt;&lt;\/p&gt;&lt;p&gt;&lt;strong&gt;Fotograf:&lt;\/strong&gt; &lt;em&gt;Peter Santer&lt;\/em&gt;&lt;\/p&gt;&lt;p&gt;&lt;strong&gt;Gr\u00f6\u00dfe:&lt;\/strong&gt; &lt;em&gt;5760x3840px&lt;\/em&gt;&lt;\/p&gt;&lt;p&gt;&lt;strong&gt;Frei zur nicht-kommerziellen Ver\u00f6ffentlichung mit dem Vermerk:&lt;\/strong&gt; &lt;br&gt;&lt;em&gt;archeoParc Schnalstal, photo: Peter Santer&lt;\/em&gt;&lt;p&gt;&lt;a href=&quot;https:\/\/www.archeoparc.it\/wp-content\/uploads\/archeoparc-schnalstal-press-17016.jpg&quot; class=&quot;archeo_button&quot;&gt;Download&lt;\/a&gt; &lt;\/p&gt;' ><img src='https:\/\/www.archeoparc.it\/wp-content\/uploads\/archeoparc-schnalstal-press-17016-100x100.jpg'><\/a><\/li><li><a href='https:\/\/www.archeoparc.it\/wp-content\/uploads\/archeoparc-schnalstal-press-17015-1024x683.jpg' class='thickbox'  title='&lt;p&gt;&lt;strong&gt;Bildtext: &lt;\/strong&gt;&lt;\/p&gt;&lt;p style=&quot;margin-left:2em;&quot;&gt;&lt;em&gt;&lt;strong&gt;deutsch: &lt;\/strong&gt;Europ\u00e4ische Meisterschaften im Pr\u00e4historischen Bogenschie\u00dfen und Speerschleudern im archeoParc Schnalstal&lt;br \/&gt;September 2017&lt;\/em&gt;&lt;\/p&gt;&lt;p style=&quot;margin-left:2em;&quot;&gt;&lt;em&gt;&lt;strong&gt;italiano: &lt;\/strong&gt;Campionati europei di tiro con l\u2019arco preistorico e lancio con il propulsore all\u2019archeoParc Val Senales&lt;br \/&gt;Settembre 2017&lt;\/em&gt;&lt;\/p&gt;&lt;p style=&quot;margin-left:2em;&quot;&gt;&lt;em&gt;&lt;strong&gt;english: &lt;\/strong&gt;European Championship for Prehistoric Weapons at archeoParc Val Senales&lt;br \/&gt;September 2017&lt;\/em&gt;&lt;\/p&gt;&lt;p&gt;&lt;strong&gt;Fotograf:&lt;\/strong&gt; &lt;em&gt;Peter Santer&lt;\/em&gt;&lt;\/p&gt;&lt;p&gt;&lt;strong&gt;Gr\u00f6\u00dfe:&lt;\/strong&gt; &lt;em&gt;5760x3840px&lt;\/em&gt;&lt;\/p&gt;&lt;p&gt;&lt;strong&gt;Frei zur nicht-kommerziellen Ver\u00f6ffentlichung mit dem Vermerk:&lt;\/strong&gt; &lt;br&gt;&lt;em&gt;archeoParc Schnalstal, photo: Peter Santer&lt;\/em&gt;&lt;p&gt;&lt;a href=&quot;https:\/\/www.archeoparc.it\/wp-content\/uploads\/archeoparc-schnalstal-press-17015.jpg&quot; class=&quot;archeo_button&quot;&gt;Download&lt;\/a&gt; &lt;\/p&gt;' ><img src='https:\/\/www.archeoparc.it\/wp-content\/uploads\/archeoparc-schnalstal-press-17015-100x100.jpg'><\/a><\/li><li><a href='https:\/\/www.archeoparc.it\/wp-content\/uploads\/archeoparc-schnalstal-press-17014-1024x683.jpg' class='thickbox'  title='&lt;p&gt;&lt;strong&gt;Bildtext: &lt;\/strong&gt;&lt;\/p&gt;&lt;p style=&quot;margin-left:2em;&quot;&gt;&lt;em&gt;&lt;strong&gt;deutsch: &lt;\/strong&gt;Europ\u00e4ische Meisterschaften im Pr\u00e4historischen Bogenschie\u00dfen und Speerschleudern im archeoParc Schnalstal&lt;br \/&gt;September 2017&lt;\/em&gt;&lt;\/p&gt;&lt;p style=&quot;margin-left:2em;&quot;&gt;&lt;em&gt;&lt;strong&gt;italiano: &lt;\/strong&gt;Campionati europei di tiro con l\u2019arco preistorico e lancio con il propulsore all\u2019archeoParc Val Senales&lt;br \/&gt;Settembre 2017&lt;\/em&gt;&lt;\/p&gt;&lt;p style=&quot;margin-left:2em;&quot;&gt;&lt;em&gt;&lt;strong&gt;english: &lt;\/strong&gt;European Championship for Prehistoric Weapons at archeoParc Val Senales&lt;br \/&gt;September 2017&lt;\/em&gt;&lt;\/p&gt;&lt;p&gt;&lt;strong&gt;Fotograf:&lt;\/strong&gt; &lt;em&gt;Peter Santer&lt;\/em&gt;&lt;\/p&gt;&lt;p&gt;&lt;strong&gt;Gr\u00f6\u00dfe:&lt;\/strong&gt; &lt;em&gt;5760x3840px&lt;\/em&gt;&lt;\/p&gt;&lt;p&gt;&lt;strong&gt;Frei zur nicht-kommerziellen Ver\u00f6ffentlichung mit dem Vermerk:&lt;\/strong&gt; &lt;br&gt;&lt;em&gt;archeoParc Schnalstal, photo: Peter Santer&lt;\/em&gt;&lt;p&gt;&lt;a href=&quot;https:\/\/www.archeoparc.it\/wp-content\/uploads\/archeoparc-schnalstal-press-17014.jpg&quot; class=&quot;archeo_button&quot;&gt;Download&lt;\/a&gt; &lt;\/p&gt;' ><img src='https:\/\/www.archeoparc.it\/wp-content\/uploads\/archeoparc-schnalstal-press-17014-100x100.jpg'><\/a><\/li><li><a href='https:\/\/www.archeoparc.it\/wp-content\/uploads\/archeoparc-schnalstal-press-17013-1024x680.jpg' class='thickbox'  title='&lt;p&gt;&lt;strong&gt;Bildtext: &lt;\/strong&gt;&lt;\/p&gt;&lt;p style=&quot;margin-left:2em;&quot;&gt;&lt;em&gt;&lt;strong&gt;deutsch: &lt;\/strong&gt;Die S\u00fcdtiroler Kinderbuchautorin und Illustratorin Linda Wolfsgruber und Museumsleiterin Johanna Niederkofler besuchen die gemeinsam gestalteten Ausstellungsbereiche im archeoParc Schnalstal&lt;\/em&gt;&lt;\/p&gt;&lt;p style=&quot;margin-left:2em;&quot;&gt;&lt;em&gt;&lt;strong&gt;italiano: &lt;\/strong&gt;L\u2019illustratrice Linda Wolfsgruber e la direttrice Johanna Niederkofler in visita alle nuove mostre dell\u2019archeoParc della val Senales&lt;\/em&gt;&lt;\/p&gt;&lt;p style=&quot;margin-left:2em;&quot;&gt;&lt;em&gt;&lt;strong&gt;english: &lt;\/strong&gt;The children\u2019s book illustrator Linda Wolfsgruber and archeoParc-director Johanna Niederkofler visiting the new exhibitions of archeoParc Val Senales&lt;\/em&gt;&lt;\/p&gt;&lt;p&gt;&lt;strong&gt;Fotograf:&lt;\/strong&gt; &lt;em&gt;Simone Bacher&lt;\/em&gt;&lt;\/p&gt;&lt;p&gt;&lt;strong&gt;Gr\u00f6\u00dfe:&lt;\/strong&gt; &lt;em&gt;4018x2669px&lt;\/em&gt;&lt;\/p&gt;&lt;p&gt;&lt;strong&gt;Frei zur nicht-kommerziellen Ver\u00f6ffentlichung mit dem Vermerk:&lt;\/strong&gt; &lt;br&gt;&lt;em&gt;archeoParc Schnalstal, photo: Simone Bacher&lt;\/em&gt;&lt;p&gt;&lt;a href=&quot;https:\/\/www.archeoparc.it\/wp-content\/uploads\/archeoparc-schnalstal-press-17013.jpg&quot; class=&quot;archeo_button&quot;&gt;Download&lt;\/a&gt; &lt;\/p&gt;' ><img src='https:\/\/www.archeoparc.it\/wp-content\/uploads\/archeoparc-schnalstal-press-17013-100x100.jpg'><\/a><\/li><li><a href='https:\/\/www.archeoparc.it\/wp-content\/uploads\/archeoparc-schnalstal-press-17011-1024x683.jpg' class='thickbox'  title='&lt;p&gt;&lt;strong&gt;Bildtext: &lt;\/strong&gt;&lt;\/p&gt;&lt;p style=&quot;margin-left:2em;&quot;&gt;&lt;em&gt;&lt;strong&gt;deutsch: &lt;\/strong&gt;Schnalstal: Gela Allmann mit einigen der Organisatoren der \u00d6tzi Glacier Tour nach der R\u00fcckkehr ins Tal&lt;br \/&gt;v.l.n.r.: Robert Ciatti, Bergf\u00fchrervereinigung Passeier-Schnals, Johanna Niederkofler, Leiterin des archeoParc Schnalstal, Gela Allmann, Elmar Pichler-Rolle, Direktor der Schnalstaler Gletscherbahnen&lt;br \/&gt;August 2017&lt;\/em&gt;&lt;\/p&gt;&lt;p style=&quot;margin-left:2em;&quot;&gt;&lt;em&gt;&lt;strong&gt;italiano: &lt;\/strong&gt;Val Senales: Gela Allmann con alcuni degli organizzatori dell\u2019\u00d6tzi Glacier Tour dopo l\u2019appuntamento speciale in sua compagnia&lt;br \/&gt; da sx a dx: Robert Ciatti, Guide alpine Passirio-Senales, Johanna Niederkofler, direttrice dell\u2019archeoParc Val Senales, Gela Allmann, Elmar Pichler-Rolle, direttore delle Funivie Ghiacciai Val Senales&lt;br \/&gt;Agosto 2017&lt;\/em&gt;&lt;\/p&gt;&lt;p style=&quot;margin-left:2em;&quot;&gt;&lt;em&gt;&lt;strong&gt;english: &lt;\/strong&gt;Val Senales Valley: Gela Allmann with some of the organizers of the \u00d6tzi Glacier Tour and the special appointment he attended&lt;br \/&gt;from left to right: Robert Ciatti, Guide alpine Passirio-Senales, Johanna Niederkofler, director of archeoParc Val Senales, Gela Allmann, Elmar Pichler-Rolle, managing director of Funivie Ghiacciai Val Senales &lt;br \/&gt;August 2017&lt;\/em&gt;&lt;\/p&gt;&lt;p&gt;&lt;strong&gt;Fotograf:&lt;\/strong&gt; &lt;em&gt;Peter Santer&lt;\/em&gt;&lt;\/p&gt;&lt;p&gt;&lt;strong&gt;Gr\u00f6\u00dfe:&lt;\/strong&gt; &lt;em&gt;5760x3840px&lt;\/em&gt;&lt;\/p&gt;&lt;p&gt;&lt;strong&gt;Frei zur nicht-kommerziellen Ver\u00f6ffentlichung mit dem Vermerk:&lt;\/strong&gt; &lt;br&gt;&lt;em&gt;archeoParc Schnalstal, photo: Peter Santer&lt;\/em&gt;&lt;p&gt;&lt;a href=&quot;https:\/\/www.archeoparc.it\/wp-content\/uploads\/archeoparc-schnalstal-press-17011.jpg&quot; class=&quot;archeo_button&quot;&gt;Download&lt;\/a&gt; &lt;\/p&gt;' ><img src='https:\/\/www.archeoparc.it\/wp-content\/uploads\/archeoparc-schnalstal-press-17011-100x100.jpg'><\/a><\/li><li><a href='https:\/\/www.archeoparc.it\/wp-content\/uploads\/archeoparc-schnalstal-press-17012-1024x683.jpg' class='thickbox'  title='&lt;p&gt;&lt;strong&gt;Bildtext: &lt;\/strong&gt;&lt;\/p&gt;&lt;p style=&quot;margin-left:2em;&quot;&gt;&lt;em&gt;&lt;strong&gt;deutsch: &lt;\/strong&gt;Schnalstal: Gela Allmann, Bergf\u00fchrer Robert Ciatti und die Teilnehmer der \u00d6tzi Glacier Tour bei der Felsmulde, in der \u00d6tzi entdeckt wurde &lt;br \/&gt;August 2017&lt;\/em&gt;&lt;\/p&gt;&lt;p style=&quot;margin-left:2em;&quot;&gt;&lt;em&gt;&lt;strong&gt;italiano: &lt;\/strong&gt;Val Senales: Gela Allmann, la guida alpina Robert Ciatti e i partecipanti dell\u2019\u00d6tzi Glacier Tour presso il luogo di ritrovamento di \u00d6tzi, l\u2019Uomo venuto dal ghiaccio&lt;br \/&gt;Agosto 2017&lt;\/em&gt;&lt;\/p&gt;&lt;p style=&quot;margin-left:2em;&quot;&gt;&lt;em&gt;&lt;strong&gt;english: &lt;\/strong&gt;Val Senales Valley: Gela Allmann, mountain guide Robert Ciatti and the participants in the \u00d6tzi Glacier Tour near the discovery site of \u00d6tzi, the Iceman&lt;br \/&gt;August 2017&lt;\/em&gt;&lt;\/p&gt;&lt;p&gt;&lt;strong&gt;Fotograf:&lt;\/strong&gt; &lt;em&gt;Peter Santer&lt;\/em&gt;&lt;\/p&gt;&lt;p&gt;&lt;strong&gt;Gr\u00f6\u00dfe:&lt;\/strong&gt; &lt;em&gt;5760x3840px&lt;\/em&gt;&lt;\/p&gt;&lt;p&gt;&lt;strong&gt;Frei zur nicht-kommerziellen Ver\u00f6ffentlichung mit dem Vermerk:&lt;\/strong&gt; &lt;br&gt;&lt;em&gt;archeoParc Schnalstal, photo: Peter Santer&lt;\/em&gt;&lt;p&gt;&lt;a href=&quot;https:\/\/www.archeoparc.it\/wp-content\/uploads\/archeoparc-schnalstal-press-17012.jpg&quot; class=&quot;archeo_button&quot;&gt;Download&lt;\/a&gt; &lt;\/p&gt;' ><img src='https:\/\/www.archeoparc.it\/wp-content\/uploads\/archeoparc-schnalstal-press-17012-100x100.jpg'><\/a><\/li><li><a href='https:\/\/www.archeoparc.it\/wp-content\/uploads\/archeoparc-schnalstal-press-17010-1024x683.jpg' class='thickbox'  title='&lt;p&gt;&lt;strong&gt;Bildtext: &lt;\/strong&gt;&lt;\/p&gt;&lt;p style=&quot;margin-left:2em;&quot;&gt;&lt;em&gt;&lt;strong&gt;deutsch: &lt;\/strong&gt;Schnalstal: Gela Allmann, Sportlerin und Model aus M\u00fcnchen, nimmt an einem Exklusivtermin der \u00d6tzi Glacier Tour teil&lt;br \/&gt; August 2017&lt;\/em&gt;&lt;\/p&gt;&lt;p style=&quot;margin-left:2em;&quot;&gt;&lt;em&gt;&lt;strong&gt;italiano: &lt;\/strong&gt;Val Senales: Reinhold Gela Allmann, sportiva e modella di Monaco di Baviera accompagna un appuntamento speciale dell\u2019\u00d6tzi Glacier Tour&lt;br \/&gt; Agosto 2017&lt;\/em&gt;&lt;\/p&gt;&lt;p style=&quot;margin-left:2em;&quot;&gt;&lt;em&gt;&lt;strong&gt;english: &lt;\/strong&gt;Val Senales Valley: Gela Allmann attending a special appointment of the \u00d6tzi Glacier Tour&lt;br \/&gt;August 2017&lt;\/em&gt;&lt;\/p&gt;&lt;p&gt;&lt;strong&gt;Fotograf:&lt;\/strong&gt; &lt;em&gt;Peter Santer&lt;\/em&gt;&lt;\/p&gt;&lt;p&gt;&lt;strong&gt;Gr\u00f6\u00dfe:&lt;\/strong&gt; &lt;em&gt;5760x3840px&lt;\/em&gt;&lt;\/p&gt;&lt;p&gt;&lt;strong&gt;Frei zur nicht-kommerziellen Ver\u00f6ffentlichung mit dem Vermerk:&lt;\/strong&gt; &lt;br&gt;&lt;em&gt;archeoParc Schnalstal, photo: Peter Santer&lt;\/em&gt;&lt;p&gt;&lt;a href=&quot;https:\/\/www.archeoparc.it\/wp-content\/uploads\/archeoparc-schnalstal-press-17010.jpg&quot; class=&quot;archeo_button&quot;&gt;Download&lt;\/a&gt; &lt;\/p&gt;' ><img src='https:\/\/www.archeoparc.it\/wp-content\/uploads\/archeoparc-schnalstal-press-17010-100x100.jpg'><\/a><\/li><li><a href='https:\/\/www.archeoparc.it\/wp-content\/uploads\/archeoparc-schnalstal-press-17009-1024x683.jpg' class='thickbox'  title='&lt;p&gt;&lt;strong&gt;Bildtext: &lt;\/strong&gt;&lt;\/p&gt;&lt;p style=&quot;margin-left:2em;&quot;&gt;&lt;em&gt;&lt;strong&gt;deutsch: &lt;\/strong&gt;Ein Blick in die neugestaltete Ausstellung des archeoParc Schnalstal&lt;br \/&gt;15. Juli 2017&lt;\/em&gt;&lt;\/p&gt;&lt;p style=&quot;margin-left:2em;&quot;&gt;&lt;em&gt;&lt;strong&gt;italiano: &lt;\/strong&gt;Uno sguardo sulla nuova mostra dell\u2019archeoParc Val Senales&lt;br \/&gt;15 luglio 2017&lt;\/em&gt;&lt;\/p&gt;&lt;p style=&quot;margin-left:2em;&quot;&gt;&lt;em&gt;&lt;strong&gt;english: &lt;\/strong&gt;A part of the new exhibition at archeoParc Val Senales&lt;br \/&gt;15. July 2017&lt;\/em&gt;&lt;\/p&gt;&lt;p&gt;&lt;strong&gt;Fotograf:&lt;\/strong&gt; &lt;em&gt;Peter Santer&lt;\/em&gt;&lt;\/p&gt;&lt;p&gt;&lt;strong&gt;Gr\u00f6\u00dfe:&lt;\/strong&gt; &lt;em&gt;5760x3840px&lt;\/em&gt;&lt;\/p&gt;&lt;p&gt;&lt;strong&gt;Frei zur nicht-kommerziellen Ver\u00f6ffentlichung mit dem Vermerk:&lt;\/strong&gt; &lt;br&gt;&lt;em&gt;archeoParc Schnalstal, photo: Peter Santer&lt;\/em&gt;&lt;p&gt;&lt;a href=&quot;https:\/\/www.archeoparc.it\/wp-content\/uploads\/archeoparc-schnalstal-press-17009.jpg&quot; class=&quot;archeo_button&quot;&gt;Download&lt;\/a&gt; &lt;\/p&gt;' ><img src='https:\/\/www.archeoparc.it\/wp-content\/uploads\/archeoparc-schnalstal-press-17009-100x100.jpg'><\/a><\/li><li><a href='https:\/\/www.archeoparc.it\/wp-content\/uploads\/archeoparc-schnalstal-press-17008-1024x683.jpg' class='thickbox'  title='&lt;p&gt;&lt;strong&gt;Bildtext: &lt;\/strong&gt;&lt;\/p&gt;&lt;p style=&quot;margin-left:2em;&quot;&gt;&lt;em&gt;&lt;strong&gt;deutsch: &lt;\/strong&gt;Landeshauptmann, B\u00fcrgermeister, sowie Direktorin und Vorstand des archeoParc bei der Jungfernfahrt mit dem Einbaum im neuen Freigel\u00e4nde des archeoParc Schnalstal&lt;br \/&gt;v.l.n.r.: archeoParc-Mitarbeiter Ernst Gamper, B\u00fcrgermeister Karl Josef Rainer, archeoParc-Leiterin Johanna Niederkofler, ehemaliger Vorstandspr\u00e4sident Alexander Rainer, aktuelle Vorstandspr\u00e4sidentin Sonja Santer, Landeshauptmann Arno Kompatscher &lt;br \/&gt;15. Juli 2017&lt;\/em&gt;&lt;\/p&gt;&lt;p style=&quot;margin-left:2em;&quot;&gt;&lt;em&gt;&lt;strong&gt;italiano: &lt;\/strong&gt;Il presidente della giunta provinciale, il sindaco di Senales, la direttrice dell\u2019archeoParc e membri dell\u2019associazione museale inaugurano la piroga monossile nella nuova area all\u2019aperto dell\u2019archeoParc &lt;br \/&gt;da sx a dx: il responsabile dell\u2019area all\u2018aperto Ernst Gamper, il sindaco Karl Josef Rainer, la direttrice dell\u2019archeoParc Johanna Niederkofler, presidente dell\u2019associazione museale fino al 2015 Alexander Rainer, l\u2019attuale presidente dell\u2019associazione museale Sonja Santer, il presidente della giunta provinciale Arno Kompatscher &lt;br \/&gt;15 luglio 2017&lt;\/em&gt;&lt;\/p&gt;&lt;p style=&quot;margin-left:2em;&quot;&gt;&lt;em&gt;&lt;strong&gt;english: &lt;\/strong&gt;The Governor of South Tyrol (Presidente della giunta provinciale), the major of Senales, museum director and members of the museum association during the maiden trip of the dugout in the new open-air area at archeoParc Val Senales&lt;br \/&gt;left to right: Ernst Gamper, major Karl Josef Rainer, director Johanna Niederkofler, former president of the museum association Alexander Rainer, president of the museum association Sonja Santer, Governor of South Tyrol (Presidente della giunta provinciale) Arno Kompatscher &lt;br \/&gt;15. July 2017&lt;\/em&gt;&lt;\/p&gt;&lt;p&gt;&lt;strong&gt;Fotograf:&lt;\/strong&gt; &lt;em&gt;Peter Santer&lt;\/em&gt;&lt;\/p&gt;&lt;p&gt;&lt;strong&gt;Gr\u00f6\u00dfe:&lt;\/strong&gt; &lt;em&gt;5760x3840px&lt;\/em&gt;&lt;\/p&gt;&lt;p&gt;&lt;strong&gt;Frei zur nicht-kommerziellen Ver\u00f6ffentlichung mit dem Vermerk:&lt;\/strong&gt; &lt;br&gt;&lt;em&gt;archeoParc Schnalstal, photo: Peter Santer&lt;\/em&gt;&lt;p&gt;&lt;a href=&quot;https:\/\/www.archeoparc.it\/wp-content\/uploads\/archeoparc-schnalstal-press-17008.jpg&quot; class=&quot;archeo_button&quot;&gt;Download&lt;\/a&gt; &lt;\/p&gt;' ><img src='https:\/\/www.archeoparc.it\/wp-content\/uploads\/archeoparc-schnalstal-press-17008-100x100.jpg'><\/a><\/li><li><a href='https:\/\/www.archeoparc.it\/wp-content\/uploads\/archeoparc-schnalstal-press-17006-1024x683.jpg' class='thickbox'  title='&lt;p&gt;&lt;strong&gt;Bildtext: &lt;\/strong&gt;&lt;\/p&gt;&lt;p style=&quot;margin-left:2em;&quot;&gt;&lt;em&gt;&lt;strong&gt;deutsch: &lt;\/strong&gt;Der Vorplatz des archeoParc Schnalstal kurz vor der Er\u00f6ffnungsfeier&lt;br \/&gt;15. Juli 2017&lt;\/em&gt;&lt;\/p&gt;&lt;p style=&quot;margin-left:2em;&quot;&gt;&lt;em&gt;&lt;strong&gt;italiano: &lt;\/strong&gt;La piazza antistante all\u2019archeoParc Val Senales poco prima della festa d\u2018inaugurazione&lt;br \/&gt;15 luglio 2017&lt;\/em&gt;&lt;\/p&gt;&lt;p style=&quot;margin-left:2em;&quot;&gt;&lt;em&gt;&lt;strong&gt;english: &lt;\/strong&gt;The archeoParc forecourt before the inauguration of the new exhibitions&lt;br \/&gt;15. July 2017&lt;\/em&gt;&lt;\/p&gt;&lt;p&gt;&lt;strong&gt;Fotograf:&lt;\/strong&gt; &lt;em&gt;Peter Santer&lt;\/em&gt;&lt;\/p&gt;&lt;p&gt;&lt;strong&gt;Gr\u00f6\u00dfe:&lt;\/strong&gt; &lt;em&gt;5760x3840px&lt;\/em&gt;&lt;\/p&gt;&lt;p&gt;&lt;strong&gt;Frei zur nicht-kommerziellen Ver\u00f6ffentlichung mit dem Vermerk:&lt;\/strong&gt; &lt;br&gt;&lt;em&gt;archeoParc Schnalstal, photo: Peter Santer&lt;\/em&gt;&lt;p&gt;&lt;a href=&quot;https:\/\/www.archeoparc.it\/wp-content\/uploads\/archeoparc-schnalstal-press-17006.jpg&quot; class=&quot;archeo_button&quot;&gt;Download&lt;\/a&gt; &lt;\/p&gt;' ><img src='https:\/\/www.archeoparc.it\/wp-content\/uploads\/archeoparc-schnalstal-press-17006-100x100.jpg'><\/a><\/li><li><a href='https:\/\/www.archeoparc.it\/wp-content\/uploads\/archeoparc-schnalstal-press-17007-1024x683.jpg' class='thickbox'  title='&lt;p&gt;&lt;strong&gt;Bildtext: &lt;\/strong&gt;&lt;\/p&gt;&lt;p style=&quot;margin-left:2em;&quot;&gt;&lt;em&gt;&lt;strong&gt;deutsch: &lt;\/strong&gt;Er\u00f6ffnungsfeier der neuen Ausstellungen und Areale im archeoParc Val Senales&lt;br \/&gt;v.l.n.r.: Landeshauptmann Arno Kompatscher, \u00d6tzifinderin Erika Simon, B\u00fcrgermeister von Schnals Karl Josef Rainer, archeoParc-Leiterin Johanna Niederkofler, Vereinspr\u00e4sidentin Sonja Santer, Vorstandsmitglied Gerhard M\u00fcller&lt;br \/&gt;15. Juli 2017&lt;\/em&gt;&lt;\/p&gt;&lt;p style=&quot;margin-left:2em;&quot;&gt;&lt;em&gt;&lt;strong&gt;italiano: &lt;\/strong&gt;Festa d\u2019inaugurazione delle nuove mostre e aree all\u2019archeoParc Val Senales&lt;br \/&gt;da sx a dx: Presidente della giunta provinciale Arno Kompatscher, scopritrice di \u00d6tzi Erika Simon, sindaco di Senales Karl Josef Rainer, direttrice dell\u2019archeoParc Johanna Niederkofler, presidente dell\u2019associazione museale Sonja Santer, membro del consiglio amministrativo Gerhard M\u00fcller &lt;br \/&gt;15 luglio 2017&lt;\/em&gt;&lt;\/p&gt;&lt;p style=&quot;margin-left:2em;&quot;&gt;&lt;em&gt;&lt;strong&gt;english: &lt;\/strong&gt;Opening ceremony of the new exhibition and areas at archeoParc Val Senales&lt;br \/&gt;from left to right: Governor of South Tyrol (Presidente della giunta provinciale) Arno Kompatscher, \u00d6tzifinder Erika Simon, major of Senales Karl Josef Rainer, archeoParc director Johanna Niederkofler, president of the museum association Sonja Santer, board member Gerhard M\u00fcller &lt;br \/&gt;15. July 2017&lt;\/em&gt;&lt;\/p&gt;&lt;p&gt;&lt;strong&gt;Fotograf:&lt;\/strong&gt; &lt;em&gt;Peter Santer&lt;\/em&gt;&lt;\/p&gt;&lt;p&gt;&lt;strong&gt;Gr\u00f6\u00dfe:&lt;\/strong&gt; &lt;em&gt;5760x3840px&lt;\/em&gt;&lt;\/p&gt;&lt;p&gt;&lt;strong&gt;Frei zur nicht-kommerziellen Ver\u00f6ffentlichung mit dem Vermerk:&lt;\/strong&gt; &lt;br&gt;&lt;em&gt;archeoParc Schnalstal, photo: Peter Santer&lt;\/em&gt;&lt;p&gt;&lt;a href=&quot;https:\/\/www.archeoparc.it\/wp-content\/uploads\/archeoparc-schnalstal-press-17007.jpg&quot; class=&quot;archeo_button&quot;&gt;Download&lt;\/a&gt; &lt;\/p&gt;' ><img src='https:\/\/www.archeoparc.it\/wp-content\/uploads\/archeoparc-schnalstal-press-17007-100x100.jpg'><\/a><\/li><li><a href='https:\/\/www.archeoparc.it\/wp-content\/uploads\/archeoparc-schnalstal-press-17005-1024x727.jpg' class='thickbox'  title='&lt;p&gt;&lt;strong&gt;Bildtext: &lt;\/strong&gt;&lt;\/p&gt;&lt;p style=&quot;margin-left:2em;&quot;&gt;&lt;em&gt;&lt;strong&gt;deutsch: &lt;\/strong&gt;Ein Blick in den neugestalteten Freilichtbereich des archeoParc Schnalstal mit dem Einbaumkanal und der Hausrekonstruktion Brescia-San Polo &lt;br \/&gt;Brescia-San Polo (I), 2.600 B.C.&lt;\/em&gt;&lt;\/p&gt;&lt;p style=&quot;margin-left:2em;&quot;&gt;&lt;em&gt;&lt;strong&gt;italiano: &lt;\/strong&gt;Una parte della nuova area all\u2019aperto all\u2019archeoParc Val Senales con il canale della piroga monossile e la ricostruzione della casa neolitica di Brescia-San Polo&lt;br \/&gt;Brescia-San Polo (I), 2.600 B.C.&lt;\/em&gt;&lt;\/p&gt;&lt;p style=&quot;margin-left:2em;&quot;&gt;&lt;em&gt;&lt;strong&gt;english: &lt;\/strong&gt;A part of the renewed open-air area at archeoParc Val Senales with the sewer for the dugout and the Neolithic house reconstruction Brescia-San Polo&lt;br \/&gt;Brescia-San Polo (I), 2.600 B.C.&lt;\/em&gt;&lt;\/p&gt;&lt;p&gt;&lt;strong&gt;Fotograf:&lt;\/strong&gt; &lt;em&gt;Simone Bacher&lt;\/em&gt;&lt;\/p&gt;&lt;p&gt;&lt;strong&gt;Gr\u00f6\u00dfe:&lt;\/strong&gt; &lt;em&gt;3302x2345px&lt;\/em&gt;&lt;\/p&gt;&lt;p&gt;&lt;strong&gt;Frei zur nicht-kommerziellen Ver\u00f6ffentlichung mit dem Vermerk:&lt;\/strong&gt; &lt;br&gt;&lt;em&gt;archeoParc Schnalstal, photo: Simone Bacher&lt;\/em&gt;&lt;p&gt;&lt;a href=&quot;https:\/\/www.archeoparc.it\/wp-content\/uploads\/archeoparc-schnalstal-press-17005.jpg&quot; class=&quot;archeo_button&quot;&gt;Download&lt;\/a&gt; &lt;\/p&gt;' ><img src='https:\/\/www.archeoparc.it\/wp-content\/uploads\/archeoparc-schnalstal-press-17005-100x100.jpg'><\/a><\/li><li><a href='https:\/\/www.archeoparc.it\/wp-content\/uploads\/archeoparc-schnalstal-press-17003-1024x680.jpg' class='thickbox'  title='&lt;p&gt;&lt;strong&gt;Bildtext: &lt;\/strong&gt;&lt;\/p&gt;&lt;p style=&quot;margin-left:2em;&quot;&gt;&lt;em&gt;&lt;strong&gt;deutsch: &lt;\/strong&gt;Jungsteinzeitliche Hausrekonstruktion mit Reetdach im neugestalteten Freilichtbereich des archeoParc Schnalstal&lt;br \/&gt; Brescia-San Polo (I), 2.600 B.C.&lt;\/em&gt;&lt;\/p&gt;&lt;p style=&quot;margin-left:2em;&quot;&gt;&lt;em&gt;&lt;strong&gt;italiano: &lt;\/strong&gt;Ricostruzione della casa neolitica con tetto in canna palustre nella nuova area all\u2019aperto archeoParc Val Senales&lt;br \/&gt;Brescia-San Polo (I), 2.600 B.C.&lt;\/em&gt;&lt;\/p&gt;&lt;p style=&quot;margin-left:2em;&quot;&gt;&lt;em&gt;&lt;strong&gt;english: &lt;\/strong&gt;Neolithic house reconstruction with a thatched roof at the new open-air area of archeoParc Val Senales &lt;br \/&gt;Brescia-San Polo (I), 2.600 B.C&lt;\/em&gt;&lt;\/p&gt;&lt;p&gt;&lt;strong&gt;Fotograf:&lt;\/strong&gt; &lt;em&gt;Johanna Niederkofler&lt;\/em&gt;&lt;\/p&gt;&lt;p&gt;&lt;strong&gt;Gr\u00f6\u00dfe:&lt;\/strong&gt; &lt;em&gt;4288x2848px&lt;\/em&gt;&lt;\/p&gt;&lt;p&gt;&lt;strong&gt;Frei zur nicht-kommerziellen Ver\u00f6ffentlichung mit dem Vermerk:&lt;\/strong&gt; &lt;br&gt;&lt;em&gt;archeoParc Schnalstal, photo: Johanna Niederkofler&lt;\/em&gt;&lt;p&gt;&lt;a href=&quot;https:\/\/www.archeoparc.it\/wp-content\/uploads\/archeoparc-schnalstal-press-17003.jpg&quot; class=&quot;archeo_button&quot;&gt;Download&lt;\/a&gt; &lt;\/p&gt;' ><img src='https:\/\/www.archeoparc.it\/wp-content\/uploads\/archeoparc-schnalstal-press-17003-100x100.jpg'><\/a><\/li><li><a href='https:\/\/www.archeoparc.it\/wp-content\/uploads\/archeoparc-schnalstal-press-17004-1024x680.jpg' class='thickbox'  title='&lt;p&gt;&lt;strong&gt;Bildtext: &lt;\/strong&gt;&lt;\/p&gt;&lt;p style=&quot;margin-left:2em;&quot;&gt;&lt;em&gt;&lt;strong&gt;deutsch: &lt;\/strong&gt;Blick ins Innere der jungsteinzeitliche Hausrekonstruktion Parma-Via Guidorossi im neuen Freilichtbereich des archeoParc Schnalstal&lt;br \/&gt;Parma-Via Guidorossi (I), 3310-2690 B.C.&lt;\/em&gt;&lt;\/p&gt;&lt;p style=&quot;margin-left:2em;&quot;&gt;&lt;em&gt;&lt;strong&gt;italiano: &lt;\/strong&gt;Uno sguardo all\u2019interno della casa neolitica ricostruita di Parma-Via Guidorossi nella nuova area all\u2019aperto dell\u2019archeoParc Val Senales&lt;br \/&gt;Parma-Via Guidorossi (I), 3310-2690 B.C.&lt;\/em&gt;&lt;\/p&gt;&lt;p style=&quot;margin-left:2em;&quot;&gt;&lt;em&gt;&lt;strong&gt;english: &lt;\/strong&gt;A glimpse into the Neolithic house reconstruction Parma-Via Guidorossi at the new open-air area of archeoParc Val Senales&lt;br \/&gt;Parma-Via Guidorossi (I), 3310-2690 B.C.&lt;\/em&gt;&lt;\/p&gt;&lt;p&gt;&lt;strong&gt;Fotograf:&lt;\/strong&gt; &lt;em&gt;Johanna Niederkofler&lt;\/em&gt;&lt;\/p&gt;&lt;p&gt;&lt;strong&gt;Gr\u00f6\u00dfe:&lt;\/strong&gt; &lt;em&gt;4288x2848px&lt;\/em&gt;&lt;\/p&gt;&lt;p&gt;&lt;strong&gt;Frei zur nicht-kommerziellen Ver\u00f6ffentlichung mit dem Vermerk:&lt;\/strong&gt; &lt;br&gt;&lt;em&gt;archeoParc Schnalstal, photo: Johanna Niederkofler&lt;\/em&gt;&lt;p&gt;&lt;a href=&quot;https:\/\/www.archeoparc.it\/wp-content\/uploads\/archeoparc-schnalstal-press-17004.jpg&quot; class=&quot;archeo_button&quot;&gt;Download&lt;\/a&gt; &lt;\/p&gt;' ><img src='https:\/\/www.archeoparc.it\/wp-content\/uploads\/archeoparc-schnalstal-press-17004-100x100.jpg'><\/a><\/li><li><a href='https:\/\/www.archeoparc.it\/wp-content\/uploads\/archeoparc-schnalstal-press-17002-1024x680.jpg' class='thickbox'  title='&lt;p&gt;&lt;strong&gt;Bildtext: &lt;\/strong&gt;&lt;\/p&gt;&lt;p style=&quot;margin-left:2em;&quot;&gt;&lt;em&gt;&lt;strong&gt;deutsch: &lt;\/strong&gt;Jungsteinzeitliche Hausrekonstruktion Villanders-Plunacker im neugestalteten Freilichtbereich des archeoParc Schnalstal&lt;br \/&gt;Villanders \u2013 Plunacker (I), 2710 B.C.&lt;\/em&gt;&lt;\/p&gt;&lt;p style=&quot;margin-left:2em;&quot;&gt;&lt;em&gt;&lt;strong&gt;italiano: &lt;\/strong&gt;Ricostruzione della casa neolitica Villandro-Plunacker nella nuova area all\u2019aperto archeoParc Val Senales&lt;br \/&gt;Villandro \u2013 Plunacker (I), 2710 B.C.&lt;\/em&gt;&lt;\/p&gt;&lt;p style=&quot;margin-left:2em;&quot;&gt;&lt;em&gt;&lt;strong&gt;english: &lt;\/strong&gt;Neolithic house reconstruction Villandro-Plunacker at the new open-air area of archeoParc Val Senales&lt;br \/&gt;Villandro \u2013 Plunacker (I), 2710 B.C.&lt;\/em&gt;&lt;\/p&gt;&lt;p&gt;&lt;strong&gt;Fotograf:&lt;\/strong&gt; &lt;em&gt;Johanna Niederkofler&lt;\/em&gt;&lt;\/p&gt;&lt;p&gt;&lt;strong&gt;Gr\u00f6\u00dfe:&lt;\/strong&gt; &lt;em&gt;4288x2848px&lt;\/em&gt;&lt;\/p&gt;&lt;p&gt;&lt;strong&gt;Frei zur nicht-kommerziellen Ver\u00f6ffentlichung mit dem Vermerk:&lt;\/strong&gt; &lt;br&gt;&lt;em&gt;archeoParc Schnalstal, photo: Johanna Niederkofler&lt;\/em&gt;&lt;p&gt;&lt;a href=&quot;https:\/\/www.archeoparc.it\/wp-content\/uploads\/archeoparc-schnalstal-press-17002.jpg&quot; class=&quot;archeo_button&quot;&gt;Download&lt;\/a&gt; &lt;\/p&gt;' ><img src='https:\/\/www.archeoparc.it\/wp-content\/uploads\/archeoparc-schnalstal-press-17002-100x100.jpg'><\/a><\/li><li><a href='https:\/\/www.archeoparc.it\/wp-content\/uploads\/archeoparc-schnalstal-press-17001-1024x680.jpg' class='thickbox'  title='&lt;p&gt;&lt;strong&gt;Bildtext: &lt;\/strong&gt;&lt;\/p&gt;&lt;p style=&quot;margin-left:2em;&quot;&gt;&lt;em&gt;&lt;strong&gt;deutsch: &lt;\/strong&gt;\u201eHausgruppe Alpent\u00e4ler\u201c: Rekonstruktionen jungsteinzeitlicher H\u00e4usern aus dem alpinen Raum im neugestalteten Freilichtbereich des archeoParc Schnalstal.&lt;\/em&gt;&lt;\/p&gt;&lt;p style=&quot;margin-left:2em;&quot;&gt;&lt;em&gt;&lt;strong&gt;italiano: &lt;\/strong&gt;\u201cCapanne valli alpine\u201d: Ricostruzioni di case neolitiche delle zone alpine nella nuova area all\u2019aperto archeoParc Val Senales&lt;\/em&gt;&lt;\/p&gt;&lt;p style=&quot;margin-left:2em;&quot;&gt;&lt;em&gt;&lt;strong&gt;english: &lt;\/strong&gt;\u201cHouses Alpine Valleys\u201d: Neolithic house reconstructions of the Alpine zones at the renewed open-air area of archeoParc Val Senales&lt;\/em&gt;&lt;\/p&gt;&lt;p&gt;&lt;strong&gt;Fotograf:&lt;\/strong&gt; &lt;em&gt;Johanna Niederkofler&lt;\/em&gt;&lt;\/p&gt;&lt;p&gt;&lt;strong&gt;Gr\u00f6\u00dfe:&lt;\/strong&gt; &lt;em&gt;4288x2848px&lt;\/em&gt;&lt;\/p&gt;&lt;p&gt;&lt;strong&gt;Frei zur nicht-kommerziellen Ver\u00f6ffentlichung mit dem Vermerk:&lt;\/strong&gt; &lt;br&gt;&lt;em&gt;archeoParc Schnalstal, photo: Johanna Niederkofler&lt;\/em&gt;&lt;p&gt;&lt;a href=&quot;https:\/\/www.archeoparc.it\/wp-content\/uploads\/archeoparc-schnalstal-press-17001.jpg&quot; class=&quot;archeo_button&quot;&gt;Download&lt;\/a&gt; &lt;\/p&gt;' ><img src='https:\/\/www.archeoparc.it\/wp-content\/uploads\/archeoparc-schnalstal-press-17001-100x100.jpg'><\/a><\/li><li><a href='https:\/\/www.archeoparc.it\/wp-content\/uploads\/archeoparc-schnalstal-press-16056-1024x768.jpg' class='thickbox'  title='&lt;p&gt;&lt;strong&gt;Bildtext: &lt;\/strong&gt;&lt;\/p&gt;&lt;p style=&quot;margin-left:2em;&quot;&gt;&lt;em&gt;&lt;strong&gt;deutsch: &lt;\/strong&gt;Bei den wechselnden Kurzworkshops im Freilichtbereich des archeoParc Schnalstal sind die Besucher eingeladen verschiedene Techniken und Materialien aus der \u00d6tzizeit kennen zu lernen und auszuprobieren. Hier wird Feuerstein (Silex) retouchiert&lt;\/em&gt;&lt;\/p&gt;&lt;p style=&quot;margin-left:2em;&quot;&gt;&lt;em&gt;&lt;strong&gt;italiano: &lt;\/strong&gt;Nei laboratori didattici nell\u2019area all\u2019aperto dell\u2019archeoParc Val Senales i visitatori sperimentano diverse tecniche artigianali antiche con materiali usati gi\u00e0 all\u2019epoca di \u00d6tzi. Qui si lavora la selce con il ritoccatore&lt;\/em&gt;&lt;\/p&gt;&lt;p style=&quot;margin-left:2em;&quot;&gt;&lt;em&gt;&lt;strong&gt;english: &lt;\/strong&gt;The visitors can try out ancient handicraft techniques and materials in the various hand-on activities at the open-air area of archeoParc Val Senales. Here a flintstone blade is shaped with a retoucheur&lt;\/em&gt;&lt;\/p&gt;&lt;p&gt;&lt;strong&gt;Fotograf:&lt;\/strong&gt; &lt;em&gt;Johanna Niederkofler&lt;\/em&gt;&lt;\/p&gt;&lt;p&gt;&lt;strong&gt;Gr\u00f6\u00dfe:&lt;\/strong&gt; &lt;em&gt;3648x2736px&lt;\/em&gt;&lt;\/p&gt;&lt;p&gt;&lt;strong&gt;Frei zur nicht-kommerziellen Ver\u00f6ffentlichung mit dem Vermerk:&lt;\/strong&gt; &lt;br&gt;&lt;em&gt;archeoParc Schnalstal, photo: Johanna Niederkofler&lt;\/em&gt;&lt;p&gt;&lt;a href=&quot;https:\/\/www.archeoparc.it\/wp-content\/uploads\/archeoparc-schnalstal-press-16056.jpg&quot; class=&quot;archeo_button&quot;&gt;Download&lt;\/a&gt; &lt;\/p&gt;' ><img src='https:\/\/www.archeoparc.it\/wp-content\/uploads\/archeoparc-schnalstal-press-16056-100x100.jpg'><\/a><\/li><li><a href='https:\/\/www.archeoparc.it\/wp-content\/uploads\/archeoparc-schnalstal-press-16055-1024x680.jpg' class='thickbox'  title='&lt;p&gt;&lt;strong&gt;Bildtext: &lt;\/strong&gt;&lt;\/p&gt;&lt;p style=&quot;margin-left:2em;&quot;&gt;&lt;em&gt;&lt;strong&gt;deutsch: &lt;\/strong&gt;T\u00e4glich wird in der Besucherwerkstatt im Freilichtbereich des archeoParc Schnalstal Stockbrot am Lagerfeuer gebacken&lt;\/em&gt;&lt;\/p&gt;&lt;p style=&quot;margin-left:2em;&quot;&gt;&lt;em&gt;&lt;strong&gt;italiano: &lt;\/strong&gt;Laboratorio didattico giornaliero della cottura del pane sul bastone nell\u2019area all\u2019aperto dell\u2019archeoParc Val Senales&lt;\/em&gt;&lt;\/p&gt;&lt;p style=&quot;margin-left:2em;&quot;&gt;&lt;em&gt;&lt;strong&gt;english: &lt;\/strong&gt;Hands-on activity beaking bread on the campfire at the open-air area of archeoParc Val Senales&lt;\/em&gt;&lt;\/p&gt;&lt;p&gt;&lt;strong&gt;Fotograf:&lt;\/strong&gt; &lt;em&gt;Johanna Niederkofler&lt;\/em&gt;&lt;\/p&gt;&lt;p&gt;&lt;strong&gt;Gr\u00f6\u00dfe:&lt;\/strong&gt; &lt;em&gt;4288x2848px&lt;\/em&gt;&lt;\/p&gt;&lt;p&gt;&lt;strong&gt;Frei zur nicht-kommerziellen Ver\u00f6ffentlichung mit dem Vermerk:&lt;\/strong&gt; &lt;br&gt;&lt;em&gt;archeoParc Schnalstal, photo: Johanna Niederkofler&lt;\/em&gt;&lt;p&gt;&lt;a href=&quot;https:\/\/www.archeoparc.it\/wp-content\/uploads\/archeoparc-schnalstal-press-16055.jpg&quot; class=&quot;archeo_button&quot;&gt;Download&lt;\/a&gt; &lt;\/p&gt;' ><img src='https:\/\/www.archeoparc.it\/wp-content\/uploads\/archeoparc-schnalstal-press-16055-100x100.jpg'><\/a><\/li><\/ul>\n\n\n\n<p><strong>2<a id=\"2016\"><\/a>016<\/strong><\/p>\n\n\n<ul  class=\"pressebilder\"><li><a href='https:\/\/www.archeoparc.it\/wp-content\/uploads\/archeoparc-schnalstal-press-16052-1024x680.jpg' class='thickbox'  title='&lt;p&gt;&lt;strong&gt;Bildtext: &lt;\/strong&gt;&lt;\/p&gt;&lt;p style=&quot;margin-left:2em;&quot;&gt;&lt;em&gt;&lt;strong&gt;deutsch: &lt;\/strong&gt;Beschilderung der Baustelle zu den Erweiterungsarbeiten im Freilichtbereich des archeoParc Schnalstal&lt;\/em&gt;&lt;\/p&gt;&lt;p style=&quot;margin-left:2em;&quot;&gt;&lt;em&gt;&lt;strong&gt;italiano: &lt;\/strong&gt;Cartello di cantiere dei lavori di ampliamento dell\u2019area all\u2019aperto dell\u2019archeoParc Val Senales&lt;\/em&gt;&lt;\/p&gt;&lt;p style=&quot;margin-left:2em;&quot;&gt;&lt;em&gt;&lt;strong&gt;english: &lt;\/strong&gt;The sign at the construction site announcing the enlargement of the open-air area of archeoParc Val Senales&lt;\/em&gt;&lt;\/p&gt;&lt;p&gt;&lt;strong&gt;Fotograf:&lt;\/strong&gt; &lt;em&gt;Johanna Niederkofler&lt;\/em&gt;&lt;\/p&gt;&lt;p&gt;&lt;strong&gt;Gr\u00f6\u00dfe:&lt;\/strong&gt; &lt;em&gt;4288x2848px&lt;\/em&gt;&lt;\/p&gt;&lt;p&gt;&lt;strong&gt;Frei zur nicht-kommerziellen Ver\u00f6ffentlichung mit dem Vermerk:&lt;\/strong&gt; &lt;br&gt;&lt;em&gt;archeoParc Schnalstal, photo: Johanna Niederkofler&lt;\/em&gt;&lt;p&gt;&lt;a href=&quot;https:\/\/www.archeoparc.it\/wp-content\/uploads\/archeoparc-schnalstal-press-16052.jpg&quot; class=&quot;archeo_button&quot;&gt;Download&lt;\/a&gt; &lt;\/p&gt;' ><img src='https:\/\/www.archeoparc.it\/wp-content\/uploads\/archeoparc-schnalstal-press-16052-100x100.jpg'><\/a><\/li><li><a href='https:\/\/www.archeoparc.it\/wp-content\/uploads\/archeoparc-schnalstal-press-16054-1024x768.jpg' class='thickbox'  title='&lt;p&gt;&lt;strong&gt;Bildtext: &lt;\/strong&gt;&lt;\/p&gt;&lt;p style=&quot;margin-left:2em;&quot;&gt;&lt;em&gt;&lt;strong&gt;deutsch: &lt;\/strong&gt;Schnalstal im Sommer 2016: Hans Kammerlander (links) mit Bergf\u00fchrer Robert Ciatti bei einem Sondertermin der \u00d6tzi Glacier Tour&lt;\/em&gt;&lt;\/p&gt;&lt;p style=&quot;margin-left:2em;&quot;&gt;&lt;em&gt;&lt;strong&gt;italiano: &lt;\/strong&gt;Val Senales, estate 2016: Hans Kammerlander (a sinistra) con la guida alpina Robert Ciatti a un appuntamento speciale dell\u2019\u00d6tzi Glacier Tour&lt;\/em&gt;&lt;\/p&gt;&lt;p style=&quot;margin-left:2em;&quot;&gt;&lt;em&gt;&lt;strong&gt;english: &lt;\/strong&gt;Val Senales Valley, summer 2016: Hans Kammerlander (on the left)and the alpine guide Robert Ciatti at a special appointment of the \u00d6tzi Glacier Tour&lt;\/em&gt;&lt;\/p&gt;&lt;p&gt;&lt;strong&gt;Fotograf:&lt;\/strong&gt; &lt;em&gt;Robert Ciatti&lt;\/em&gt;&lt;\/p&gt;&lt;p&gt;&lt;strong&gt;Gr\u00f6\u00dfe:&lt;\/strong&gt; &lt;em&gt;4608x3456px&lt;\/em&gt;&lt;\/p&gt;&lt;p&gt;&lt;strong&gt;Frei zur nicht-kommerziellen Ver\u00f6ffentlichung mit dem Vermerk:&lt;\/strong&gt; &lt;br&gt;&lt;em&gt;archeoParc Schnalstal, photo: Robert Ciatti&lt;\/em&gt;&lt;p&gt;&lt;a href=&quot;https:\/\/www.archeoparc.it\/wp-content\/uploads\/archeoparc-schnalstal-press-16054.jpg&quot; class=&quot;archeo_button&quot;&gt;Download&lt;\/a&gt; &lt;\/p&gt;' ><img src='https:\/\/www.archeoparc.it\/wp-content\/uploads\/archeoparc-schnalstal-press-16054-100x100.jpg'><\/a><\/li><li><a href='https:\/\/www.archeoparc.it\/wp-content\/uploads\/archeoparc-schnalstal-press-16048-1024x757.jpg' class='thickbox'  title='&lt;p&gt;&lt;strong&gt;Bildtext: &lt;\/strong&gt;&lt;\/p&gt;&lt;p style=&quot;margin-left:2em;&quot;&gt;&lt;em&gt;&lt;strong&gt;deutsch: &lt;\/strong&gt;Besucherwerkstatt Mehl mahlen auf der Steinm\u00fchle im Freilichtbereich des archeoParc Schnalstal&lt;\/em&gt;&lt;\/p&gt;&lt;p style=&quot;margin-left:2em;&quot;&gt;&lt;em&gt;&lt;strong&gt;italiano: &lt;\/strong&gt;Laboratorio didattico giornaliero della macinazione del grano con la macina di pietra nell\u2019area all\u2019aperto dell\u2019archeoParc Val Senales&lt;\/em&gt;&lt;\/p&gt;&lt;p style=&quot;margin-left:2em;&quot;&gt;&lt;em&gt;&lt;strong&gt;english: &lt;\/strong&gt;Daily hands-on activity at the open-air area of archeoParc Val Senales: Grinding flour on the Copper Age stone mill&lt;\/em&gt;&lt;\/p&gt;&lt;p&gt;&lt;strong&gt;Fotograf:&lt;\/strong&gt; &lt;em&gt;Johanna Niederkofler&lt;\/em&gt;&lt;\/p&gt;&lt;p&gt;&lt;strong&gt;Gr\u00f6\u00dfe:&lt;\/strong&gt; &lt;em&gt;2304x1704px&lt;\/em&gt;&lt;\/p&gt;&lt;p&gt;&lt;strong&gt;Frei zur nicht-kommerziellen Ver\u00f6ffentlichung mit dem Vermerk:&lt;\/strong&gt; &lt;br&gt;&lt;em&gt;archeoParc Schnalstal, photo: Johanna Niederkofler&lt;\/em&gt;&lt;p&gt;&lt;a href=&quot;https:\/\/www.archeoparc.it\/wp-content\/uploads\/archeoparc-schnalstal-press-16048.jpg&quot; class=&quot;archeo_button&quot;&gt;Download&lt;\/a&gt; &lt;\/p&gt;' ><img src='https:\/\/www.archeoparc.it\/wp-content\/uploads\/archeoparc-schnalstal-press-16048-100x100.jpg'><\/a><\/li><li><a href='https:\/\/www.archeoparc.it\/wp-content\/uploads\/archeoparc-schnalstal-press-16040-1024x683.jpg' class='thickbox'  title='&lt;p&gt;&lt;strong&gt;Bildtext: &lt;\/strong&gt;&lt;\/p&gt;&lt;p style=&quot;margin-left:2em;&quot;&gt;&lt;em&gt;&lt;strong&gt;deutsch: &lt;\/strong&gt;Siegerehrung Bewerb Bogenschie\u00dfen im Rahmen der Europameisterschaften f\u00fcr Pr\u00e4historische Waffen im Freilichtbereich des archeoParc Schnalstal&lt;\/em&gt;&lt;\/p&gt;&lt;p style=&quot;margin-left:2em;&quot;&gt;&lt;em&gt;&lt;strong&gt;italiano: &lt;\/strong&gt;Cerimonia di premiazione degli arcieri nel corso del campionato europeo di tiro con l\u2019arco preistorico e lancio con il propulsore all\u2019archeoParc Val Senales&lt;\/em&gt;&lt;\/p&gt;&lt;p style=&quot;margin-left:2em;&quot;&gt;&lt;em&gt;&lt;strong&gt;english: &lt;\/strong&gt;Presentation ceremony for the winners of the archery competition during the European Championship for Prehistoric Weapons at archeoParc Val Senales&lt;\/em&gt;&lt;\/p&gt;&lt;p&gt;&lt;strong&gt;Fotograf:&lt;\/strong&gt; &lt;em&gt;Peter Santer&lt;\/em&gt;&lt;\/p&gt;&lt;p&gt;&lt;strong&gt;Gr\u00f6\u00dfe:&lt;\/strong&gt; &lt;em&gt;5071x3381px&lt;\/em&gt;&lt;\/p&gt;&lt;p&gt;&lt;strong&gt;Frei zur nicht-kommerziellen Ver\u00f6ffentlichung mit dem Vermerk:&lt;\/strong&gt; &lt;br&gt;&lt;em&gt;archeoParc Schnalstal, photo: Peter Santer&lt;\/em&gt;&lt;p&gt;&lt;a href=&quot;https:\/\/www.archeoparc.it\/wp-content\/uploads\/archeoparc-schnalstal-press-16040.jpg&quot; class=&quot;archeo_button&quot;&gt;Download&lt;\/a&gt; &lt;\/p&gt;' ><img src='https:\/\/www.archeoparc.it\/wp-content\/uploads\/archeoparc-schnalstal-press-16040-100x100.jpg'><\/a><\/li><li><a href='https:\/\/www.archeoparc.it\/wp-content\/uploads\/archeoparc-schnalstal-press-16039-1024x683.jpg' class='thickbox'  title='&lt;p&gt;&lt;strong&gt;Bildtext: &lt;\/strong&gt;&lt;\/p&gt;&lt;p style=&quot;margin-left:2em;&quot;&gt;&lt;em&gt;&lt;strong&gt;deutsch: &lt;\/strong&gt;Siegerehrung Bewerb Bogenschie\u00dfen, Kategorie Kinder, im Rahmen der Europameisterschaften f\u00fcr Pr\u00e4historische Waffen im Freilichtbereich des archeoParc Schnalstal&lt;\/em&gt;&lt;\/p&gt;&lt;p style=&quot;margin-left:2em;&quot;&gt;&lt;em&gt;&lt;strong&gt;italiano: &lt;\/strong&gt;Cerimonia di premiazione degli arcieri, categoria bambini, nel corso del campionato europeo di tiro con l\u2019arco preistorico e lancio con il propulsore all\u2019archeoParc Val Senales&lt;\/em&gt;&lt;\/p&gt;&lt;p style=&quot;margin-left:2em;&quot;&gt;&lt;em&gt;&lt;strong&gt;english: &lt;\/strong&gt;Presentation ceremony for the winners of the archery competition, children category, during the European Championship for Prehistoric Weapons at archeoParc Val Senales&lt;\/em&gt;&lt;\/p&gt;&lt;p&gt;&lt;strong&gt;Fotograf:&lt;\/strong&gt; &lt;em&gt;Peter Santer&lt;\/em&gt;&lt;\/p&gt;&lt;p&gt;&lt;strong&gt;Gr\u00f6\u00dfe:&lt;\/strong&gt; &lt;em&gt;5262x3508px&lt;\/em&gt;&lt;\/p&gt;&lt;p&gt;&lt;strong&gt;Frei zur nicht-kommerziellen Ver\u00f6ffentlichung mit dem Vermerk:&lt;\/strong&gt; &lt;br&gt;&lt;em&gt;archeoParc Schnalstal, photo: Peter Santer&lt;\/em&gt;&lt;p&gt;&lt;a href=&quot;https:\/\/www.archeoparc.it\/wp-content\/uploads\/archeoparc-schnalstal-press-16039.jpg&quot; class=&quot;archeo_button&quot;&gt;Download&lt;\/a&gt; &lt;\/p&gt;' ><img src='https:\/\/www.archeoparc.it\/wp-content\/uploads\/archeoparc-schnalstal-press-16039-100x100.jpg'><\/a><\/li><li><a href='https:\/\/www.archeoparc.it\/wp-content\/uploads\/archeoparc-schnalstal-press-16035-1024x683.jpg' class='thickbox'  title='&lt;p&gt;&lt;strong&gt;Bildtext: &lt;\/strong&gt;&lt;\/p&gt;&lt;p style=&quot;margin-left:2em;&quot;&gt;&lt;em&gt;&lt;strong&gt;deutsch: &lt;\/strong&gt;Europ\u00e4ische Meisterschaften im Pr\u00e4historischen Bogenschie\u00dfen und Speerschleudern im archeoParc Schnalstal&lt;\/em&gt;&lt;\/p&gt;&lt;p style=&quot;margin-left:2em;&quot;&gt;&lt;em&gt;&lt;strong&gt;italiano: &lt;\/strong&gt;Campionati europei di tiro con l\u2019arco preistorico e lancio con il propulsore all\u2019archeoParc Val Senales&lt;\/em&gt;&lt;\/p&gt;&lt;p style=&quot;margin-left:2em;&quot;&gt;&lt;em&gt;&lt;strong&gt;english: &lt;\/strong&gt;European Championship for Prehistoric Weapons at archeoParc Val Senales&lt;\/em&gt;&lt;\/p&gt;&lt;p&gt;&lt;strong&gt;Fotograf:&lt;\/strong&gt; &lt;em&gt;Peter Santer&lt;\/em&gt;&lt;\/p&gt;&lt;p&gt;&lt;strong&gt;Gr\u00f6\u00dfe:&lt;\/strong&gt; &lt;em&gt;5760x3840px&lt;\/em&gt;&lt;\/p&gt;&lt;p&gt;&lt;strong&gt;Frei zur nicht-kommerziellen Ver\u00f6ffentlichung mit dem Vermerk:&lt;\/strong&gt; &lt;br&gt;&lt;em&gt;archeoParc Schnalstal, photo: Peter Santer&lt;\/em&gt;&lt;p&gt;&lt;a href=&quot;https:\/\/www.archeoparc.it\/wp-content\/uploads\/archeoparc-schnalstal-press-16035.jpg&quot; class=&quot;archeo_button&quot;&gt;Download&lt;\/a&gt; &lt;\/p&gt;' ><img src='https:\/\/www.archeoparc.it\/wp-content\/uploads\/archeoparc-schnalstal-press-16035-100x100.jpg'><\/a><\/li><li><a href='https:\/\/www.archeoparc.it\/wp-content\/uploads\/archeoparc-schnalstal-press-16036-1-1024x683.jpg' class='thickbox'  title='&lt;p&gt;&lt;strong&gt;Bildtext: &lt;\/strong&gt;&lt;\/p&gt;&lt;p style=&quot;margin-left:2em;&quot;&gt;&lt;em&gt;&lt;strong&gt;deutsch: &lt;\/strong&gt;Europ\u00e4ische Meisterschaften im Pr\u00e4historischen Bogenschie\u00dfen und Speerschleudern im archeoParc Schnalstal&lt;\/em&gt;&lt;\/p&gt;&lt;p style=&quot;margin-left:2em;&quot;&gt;&lt;em&gt;&lt;strong&gt;italiano: &lt;\/strong&gt;Campionati europei di tiro con l\u2019arco preistorico e lancio con il propulsore all\u2019archeoParc Val Senales&lt;\/em&gt;&lt;\/p&gt;&lt;p style=&quot;margin-left:2em;&quot;&gt;&lt;em&gt;&lt;strong&gt;english: &lt;\/strong&gt;European Championship for Prehistoric Weapons at archeoParc Val Senales&lt;\/em&gt;&lt;\/p&gt;&lt;p&gt;&lt;strong&gt;Fotograf:&lt;\/strong&gt; &lt;em&gt;Peter Santer&lt;\/em&gt;&lt;\/p&gt;&lt;p&gt;&lt;strong&gt;Gr\u00f6\u00dfe:&lt;\/strong&gt; &lt;em&gt;4294x2863px&lt;\/em&gt;&lt;\/p&gt;&lt;p&gt;&lt;strong&gt;Frei zur nicht-kommerziellen Ver\u00f6ffentlichung mit dem Vermerk:&lt;\/strong&gt; &lt;br&gt;&lt;em&gt;archeoParc Schnalstal, photo: Peter Santer&lt;\/em&gt;&lt;p&gt;&lt;a href=&quot;https:\/\/www.archeoparc.it\/wp-content\/uploads\/archeoparc-schnalstal-press-16036-1.jpg&quot; class=&quot;archeo_button&quot;&gt;Download&lt;\/a&gt; &lt;\/p&gt;' ><img src='https:\/\/www.archeoparc.it\/wp-content\/uploads\/archeoparc-schnalstal-press-16036-1-100x100.jpg'><\/a><\/li><li><a href='https:\/\/www.archeoparc.it\/wp-content\/uploads\/archeoparc-schnalstal-press-16037-1024x741.jpg' class='thickbox'  title='&lt;p&gt;&lt;strong&gt;Bildtext: &lt;\/strong&gt;&lt;\/p&gt;&lt;p style=&quot;margin-left:2em;&quot;&gt;&lt;em&gt;&lt;strong&gt;deutsch: &lt;\/strong&gt;Europ\u00e4ische Meisterschaften im Pr\u00e4historischen Bogenschie\u00dfen und Speerschleudern im archeoParc Schnalstal&lt;\/em&gt;&lt;\/p&gt;&lt;p style=&quot;margin-left:2em;&quot;&gt;&lt;em&gt;&lt;strong&gt;italiano: &lt;\/strong&gt;Campionati europei di tiro con l\u2019arco preistorico e lancio con il propulsore all\u2019archeoParc Val Senales&lt;\/em&gt;&lt;\/p&gt;&lt;p style=&quot;margin-left:2em;&quot;&gt;&lt;em&gt;&lt;strong&gt;english: &lt;\/strong&gt;European Championship for Prehistoric Weapons at archeoParc Val Senales&lt;\/em&gt;&lt;\/p&gt;&lt;p&gt;&lt;strong&gt;Fotograf:&lt;\/strong&gt; &lt;em&gt;Peter Santer&lt;\/em&gt;&lt;\/p&gt;&lt;p&gt;&lt;strong&gt;Gr\u00f6\u00dfe:&lt;\/strong&gt; &lt;em&gt;4954x3583px&lt;\/em&gt;&lt;\/p&gt;&lt;p&gt;&lt;strong&gt;Frei zur nicht-kommerziellen Ver\u00f6ffentlichung mit dem Vermerk:&lt;\/strong&gt; &lt;br&gt;&lt;em&gt;archeoParc Schnalstal, photo: Peter Santer&lt;\/em&gt;&lt;p&gt;&lt;a href=&quot;https:\/\/www.archeoparc.it\/wp-content\/uploads\/archeoparc-schnalstal-press-16037.jpg&quot; class=&quot;archeo_button&quot;&gt;Download&lt;\/a&gt; &lt;\/p&gt;' ><img src='https:\/\/www.archeoparc.it\/wp-content\/uploads\/archeoparc-schnalstal-press-16037-100x100.jpg'><\/a><\/li><li><a href='https:\/\/www.archeoparc.it\/wp-content\/uploads\/archeoparc-schnalstal-press-16038-1024x683.jpg' class='thickbox'  title='&lt;p&gt;&lt;strong&gt;Bildtext: &lt;\/strong&gt;&lt;\/p&gt;&lt;p style=&quot;margin-left:2em;&quot;&gt;&lt;em&gt;&lt;strong&gt;deutsch: &lt;\/strong&gt;Europ\u00e4ische Meisterschaften im Pr\u00e4historischen Bogenschie\u00dfen und Speerschleudern im archeoParc Schnalstal&lt;\/em&gt;&lt;\/p&gt;&lt;p style=&quot;margin-left:2em;&quot;&gt;&lt;em&gt;&lt;strong&gt;italiano: &lt;\/strong&gt;Campionati europei di tiro con l\u2019arco preistorico e lancio con il propulsore all\u2019archeoParc Val Senales&lt;\/em&gt;&lt;\/p&gt;&lt;p style=&quot;margin-left:2em;&quot;&gt;&lt;em&gt;&lt;strong&gt;english: &lt;\/strong&gt;European Championship for Prehistoric Weapons at archeoParc Val Senales&lt;\/em&gt;&lt;\/p&gt;&lt;p&gt;&lt;strong&gt;Fotograf:&lt;\/strong&gt; &lt;em&gt;Peter Santer&lt;\/em&gt;&lt;\/p&gt;&lt;p&gt;&lt;strong&gt;Gr\u00f6\u00dfe:&lt;\/strong&gt; &lt;em&gt;5760x3840px&lt;\/em&gt;&lt;\/p&gt;&lt;p&gt;&lt;strong&gt;Frei zur nicht-kommerziellen Ver\u00f6ffentlichung mit dem Vermerk:&lt;\/strong&gt; &lt;br&gt;&lt;em&gt;archeoParc Schnalstal, photo: Peter Santer&lt;\/em&gt;&lt;p&gt;&lt;a href=&quot;https:\/\/www.archeoparc.it\/wp-content\/uploads\/archeoparc-schnalstal-press-16038.jpg&quot; class=&quot;archeo_button&quot;&gt;Download&lt;\/a&gt; &lt;\/p&gt;' ><img src='https:\/\/www.archeoparc.it\/wp-content\/uploads\/archeoparc-schnalstal-press-16038-100x100.jpg'><\/a><\/li><li><a href='https:\/\/www.archeoparc.it\/wp-content\/uploads\/archeoParc-schnalstal-press-16034-1024x768.jpg' class='thickbox'  title='&lt;p&gt;&lt;strong&gt;Bildtext: &lt;\/strong&gt;&lt;\/p&gt;&lt;p style=&quot;margin-left:2em;&quot;&gt;&lt;em&gt;&lt;strong&gt;deutsch: &lt;\/strong&gt;Impulsreferat und Gespr\u00e4ch mit Herbert Niederfriniger der Firma Soligno Reinverbund GmbH \u201cBauen mit Holz heute\u201d im archeoParc Schnalstal, als Begleitveranstaltung zur aktuellen Sonderausstellung \u201cEin Haus wie damals\u201d.&lt;\/em&gt;&lt;\/p&gt;&lt;p style=&quot;margin-left:2em;&quot;&gt;&lt;em&gt;&lt;strong&gt;italiano: &lt;\/strong&gt;Conferenza con Herbert Niederfriniger della ditta Soligno Reinverbund srl \u201cCostruire con il legno oggi\u201dpresso l\u2019archeoParc Val Senales; evento collaterale della mostra temporanea \u201cLa casa di \u00d6tzi\u201d&lt;\/em&gt;&lt;\/p&gt;&lt;p style=&quot;margin-left:2em;&quot;&gt;&lt;em&gt;&lt;strong&gt;english: &lt;\/strong&gt;Presentation by Herbert Niederfriniger about wood in the modern building industry at archeoParc Val Senales; side-event of the current temporary exhibition&lt;\/em&gt;&lt;\/p&gt;&lt;p&gt;&lt;strong&gt;Fotograf:&lt;\/strong&gt; &lt;em&gt;Simone Bacher&lt;\/em&gt;&lt;\/p&gt;&lt;p&gt;&lt;strong&gt;Gr\u00f6\u00dfe:&lt;\/strong&gt; &lt;em&gt;4608x3456px&lt;\/em&gt;&lt;\/p&gt;&lt;p&gt;&lt;strong&gt;Frei zur nicht-kommerziellen Ver\u00f6ffentlichung mit dem Vermerk:&lt;\/strong&gt; &lt;br&gt;&lt;em&gt;archeoParc Schnalstal, photo: Simone Bacher&lt;\/em&gt;&lt;p&gt;&lt;a href=&quot;https:\/\/www.archeoparc.it\/wp-content\/uploads\/archeoParc-schnalstal-press-16034.jpg&quot; class=&quot;archeo_button&quot;&gt;Download&lt;\/a&gt; &lt;\/p&gt;' ><img src='https:\/\/www.archeoparc.it\/wp-content\/uploads\/archeoParc-schnalstal-press-16034-100x100.jpg'><\/a><\/li><li><a href='https:\/\/www.archeoparc.it\/wp-content\/uploads\/archeoParc-schnalstal-press-16032-1024x768.jpg' class='thickbox'  title='&lt;p&gt;&lt;strong&gt;Bildtext: &lt;\/strong&gt;&lt;\/p&gt;&lt;p style=&quot;margin-left:2em;&quot;&gt;&lt;em&gt;&lt;strong&gt;deutsch: &lt;\/strong&gt;Impulsreferat und Gespr\u00e4ch mit Herbert Niederfriniger der Firma Soligno Reinverbund GmbH \u201cBauen mit Holz heute\u201d im archeoParc Schnalstal, als Begleitveranstaltung zur aktuellen Sonderausstellung \u201cEin Haus wie damals\u201d.&lt;\/em&gt;&lt;\/p&gt;&lt;p style=&quot;margin-left:2em;&quot;&gt;&lt;em&gt;&lt;strong&gt;italiano: &lt;\/strong&gt;Conferenza con Herbert Niederfriniger della ditta Soligno Reinverbund srl \u201cCostruire con il legno oggi\u201dpresso l\u2019archeoParc Val Senales; evento collaterale della mostra temporanea \u201cLa casa di \u00d6tzi\u201d&lt;\/em&gt;&lt;\/p&gt;&lt;p style=&quot;margin-left:2em;&quot;&gt;&lt;em&gt;&lt;strong&gt;english: &lt;\/strong&gt;Presentation by Herbert Niederfriniger about wood in the modern building industry at archeoParc Val Senales; side-event of the current temporary exhibition&lt;\/em&gt;&lt;\/p&gt;&lt;p&gt;&lt;strong&gt;Fotograf:&lt;\/strong&gt; &lt;em&gt;Simone Bacher&lt;\/em&gt;&lt;\/p&gt;&lt;p&gt;&lt;strong&gt;Gr\u00f6\u00dfe:&lt;\/strong&gt; &lt;em&gt;4608x3456px&lt;\/em&gt;&lt;\/p&gt;&lt;p&gt;&lt;strong&gt;Frei zur nicht-kommerziellen Ver\u00f6ffentlichung mit dem Vermerk:&lt;\/strong&gt; &lt;br&gt;&lt;em&gt;archeoParc Schnalstal, photo: Simone Bacher&lt;\/em&gt;&lt;p&gt;&lt;a href=&quot;https:\/\/www.archeoparc.it\/wp-content\/uploads\/archeoParc-schnalstal-press-16032.jpg&quot; class=&quot;archeo_button&quot;&gt;Download&lt;\/a&gt; &lt;\/p&gt;' ><img src='https:\/\/www.archeoparc.it\/wp-content\/uploads\/archeoParc-schnalstal-press-16032-100x100.jpg'><\/a><\/li><li><a href='https:\/\/www.archeoparc.it\/wp-content\/uploads\/archeoParc-schnalstal-press-16033-1024x768.jpg' class='thickbox'  title='&lt;p&gt;&lt;strong&gt;Bildtext: &lt;\/strong&gt;&lt;\/p&gt;&lt;p style=&quot;margin-left:2em;&quot;&gt;&lt;em&gt;&lt;strong&gt;deutsch: &lt;\/strong&gt;Impulsreferat und Gespr\u00e4ch mit Herbert Niederfriniger der Firma Soligno Reinverbund GmbH \u201cBauen mit Holz heute\u201d im archeoParc Schnalstal, als Begleitveranstaltung zur aktuellen Sonderausstellung \u201cEin Haus wie damals\u201d.&lt;\/em&gt;&lt;\/p&gt;&lt;p style=&quot;margin-left:2em;&quot;&gt;&lt;em&gt;&lt;strong&gt;italiano: &lt;\/strong&gt;Conferenza con Herbert Niederfriniger della ditta Soligno Reinverbund srl \u201cCostruire con il legno oggi\u201dpresso l\u2019archeoParc Val Senales; evento collaterale della mostra temporanea \u201cLa casa di \u00d6tzi\u201d&lt;\/em&gt;&lt;\/p&gt;&lt;p style=&quot;margin-left:2em;&quot;&gt;&lt;em&gt;&lt;strong&gt;english: &lt;\/strong&gt;Presentation by Herbert Niederfriniger about wood in the modern building industry at archeoParc Val Senales; side-event of the current temporary exhibition&lt;\/em&gt;&lt;\/p&gt;&lt;p&gt;&lt;strong&gt;Fotograf:&lt;\/strong&gt; &lt;em&gt;Simone Bacher&lt;\/em&gt;&lt;\/p&gt;&lt;p&gt;&lt;strong&gt;Gr\u00f6\u00dfe:&lt;\/strong&gt; &lt;em&gt;4608x3456px&lt;\/em&gt;&lt;\/p&gt;&lt;p&gt;&lt;strong&gt;Frei zur nicht-kommerziellen Ver\u00f6ffentlichung mit dem Vermerk:&lt;\/strong&gt; &lt;br&gt;&lt;em&gt;archeoParc Schnalstal, photo: Simone Bacher&lt;\/em&gt;&lt;p&gt;&lt;a href=&quot;https:\/\/www.archeoparc.it\/wp-content\/uploads\/archeoParc-schnalstal-press-16033.jpg&quot; class=&quot;archeo_button&quot;&gt;Download&lt;\/a&gt; &lt;\/p&gt;' ><img src='https:\/\/www.archeoparc.it\/wp-content\/uploads\/archeoParc-schnalstal-press-16033-100x100.jpg'><\/a><\/li><li><a href='https:\/\/www.archeoparc.it\/wp-content\/uploads\/archeoParc-schnalstal-press-16031-1024x768.jpg' class='thickbox'  title='&lt;p&gt;&lt;strong&gt;Bildtext: &lt;\/strong&gt;&lt;\/p&gt;&lt;p style=&quot;margin-left:2em;&quot;&gt;&lt;em&gt;&lt;strong&gt;deutsch: &lt;\/strong&gt;Impulsreferat und Gespr\u00e4ch mit Herbert Niederfriniger der Firma Soligno Reinverbund GmbH \u201cBauen mit Holz heute\u201d im archeoParc Schnalstal, als Begleitveranstaltung zur aktuellen Sonderausstellung \u201cEin Haus wie damals\u201d.&lt;\/em&gt;&lt;\/p&gt;&lt;p style=&quot;margin-left:2em;&quot;&gt;&lt;em&gt;&lt;strong&gt;italiano: &lt;\/strong&gt;Conferenza con Herbert Niederfriniger della ditta Soligno Reinverbund srl \u201cCostruire con il legno oggi\u201dpresso l\u2019archeoParc Val Senales; evento collaterale della mostra temporanea \u201cLa casa di \u00d6tzi\u201d&lt;\/em&gt;&lt;\/p&gt;&lt;p style=&quot;margin-left:2em;&quot;&gt;&lt;em&gt;&lt;strong&gt;english: &lt;\/strong&gt;Presentation by Herbert Niederfriniger about wood in the modern building industry at archeoParc Val Senales; side-event of the current temporary exhibition&lt;\/em&gt;&lt;\/p&gt;&lt;p&gt;&lt;strong&gt;Fotograf:&lt;\/strong&gt; &lt;em&gt;Simone Bacher&lt;\/em&gt;&lt;\/p&gt;&lt;p&gt;&lt;strong&gt;Gr\u00f6\u00dfe:&lt;\/strong&gt; &lt;em&gt;4608x3456px&lt;\/em&gt;&lt;\/p&gt;&lt;p&gt;&lt;strong&gt;Frei zur nicht-kommerziellen Ver\u00f6ffentlichung mit dem Vermerk:&lt;\/strong&gt; &lt;br&gt;&lt;em&gt;archeoParc Schnalstal, photo: Simone Bacher&lt;\/em&gt;&lt;p&gt;&lt;a href=&quot;https:\/\/www.archeoparc.it\/wp-content\/uploads\/archeoParc-schnalstal-press-16031.jpg&quot; class=&quot;archeo_button&quot;&gt;Download&lt;\/a&gt; &lt;\/p&gt;' ><img src='https:\/\/www.archeoparc.it\/wp-content\/uploads\/archeoParc-schnalstal-press-16031-100x100.jpg'><\/a><\/li><li><a href='https:\/\/www.archeoparc.it\/wp-content\/uploads\/archeoParc-schnalstal-press-16028-1024x684.jpg' class='thickbox'  title='&lt;p&gt;&lt;strong&gt;Bildtext: &lt;\/strong&gt;&lt;\/p&gt;&lt;p style=&quot;margin-left:2em;&quot;&gt;&lt;em&gt;&lt;strong&gt;deutsch: &lt;\/strong&gt;Er\u00f6ffnung der Ausstellung \u201eEin Haus wie damals. Bauen mit Holz, Lehm und Reet seit 5.000 Jahren\u201c im archeoParc Schnalstal v.l.n.r. Raffaella Poggiani Keller, Johanna Niederkofler, Gianni Bodini, Wulf Hein, Karl Josef Rainer&lt;\/em&gt;&lt;\/p&gt;&lt;p style=&quot;margin-left:2em;&quot;&gt;&lt;em&gt;&lt;strong&gt;italiano: &lt;\/strong&gt;Inaugurazione della mostra \u201eLa casa di \u00d6tzi. La ricostruzione di una capanna preistorica\u201c presso l\u2019archeoParc della val Senales. da sinistra: Raffaella Poggiani Keller, Johanna Niederkofler, Gianni Bodini, Wulf Hein, Karl Josef Rainer&lt;\/em&gt;&lt;\/p&gt;&lt;p style=&quot;margin-left:2em;&quot;&gt;&lt;em&gt;&lt;strong&gt;english: &lt;\/strong&gt;Exhibition on a Cupper Age house reconstruction and it\u2019s building materials still used in creating modern environmentally sustainable buildings at archeoParc Val Senales f.l.t.r. Raffaella Poggiani Keller, Johanna Niederkofler, Gianni Bodini, Wulf Hein, Karl Josef Rainer&lt;\/em&gt;&lt;\/p&gt;&lt;p&gt;&lt;strong&gt;Fotograf:&lt;\/strong&gt; &lt;em&gt;Simone Bacher&lt;\/em&gt;&lt;\/p&gt;&lt;p&gt;&lt;strong&gt;Gr\u00f6\u00dfe:&lt;\/strong&gt; &lt;em&gt;6016x4016px&lt;\/em&gt;&lt;\/p&gt;&lt;p&gt;&lt;strong&gt;Frei zur nicht-kommerziellen Ver\u00f6ffentlichung mit dem Vermerk:&lt;\/strong&gt; &lt;br&gt;&lt;em&gt;archeoParc Schnalstal, photo: Simone Bacher&lt;\/em&gt;&lt;p&gt;&lt;a href=&quot;https:\/\/www.archeoparc.it\/wp-content\/uploads\/archeoParc-schnalstal-press-16028.jpg&quot; class=&quot;archeo_button&quot;&gt;Download&lt;\/a&gt; &lt;\/p&gt;' ><img src='https:\/\/www.archeoparc.it\/wp-content\/uploads\/archeoParc-schnalstal-press-16028-100x100.jpg'><\/a><\/li><li><a href='https:\/\/www.archeoparc.it\/wp-content\/uploads\/archeoParc-schnalstal-press-16029-1024x684.jpg' class='thickbox'  title='&lt;p&gt;&lt;strong&gt;Bildtext: &lt;\/strong&gt;&lt;\/p&gt;&lt;p style=&quot;margin-left:2em;&quot;&gt;&lt;em&gt;&lt;strong&gt;deutsch: &lt;\/strong&gt;Er\u00f6ffnung der Ausstellung \u201eEin Haus wie damals. Bauen mit Holz, Lehm und Reet seit 5.000 Jahren\u201c im archeoParc Schnalstal v.l.n.r.  Johanna Niederkofler, Annaluisa Pedrotti, Karl Josef Rainer, Gianni Bodini&lt;\/em&gt;&lt;\/p&gt;&lt;p style=&quot;margin-left:2em;&quot;&gt;&lt;em&gt;&lt;strong&gt;italiano: &lt;\/strong&gt;Inaugurazione della mostra \u201eLa casa di \u00d6tzi. La ricostruzione di una capanna preistorica\u201c presso l\u2019archeoParc della val Senales. da sinistra: Johanna Niederkofler, Annaluisa Pedrotti, Karl Josef Rainer, Gianni Bodini&lt;\/em&gt;&lt;\/p&gt;&lt;p style=&quot;margin-left:2em;&quot;&gt;&lt;em&gt;&lt;strong&gt;english: &lt;\/strong&gt;Exhibition on a Cupper Age house reconstruction and it\u2019s building materials still used in creating modern environmentally sustainable buildings at archeoParc Val Senales f.l.t.r. Johanna Niederkofler, Annaluisa Pedrotti, Karl Josef Rainer, Gianni Bodini&lt;\/em&gt;&lt;\/p&gt;&lt;p&gt;&lt;strong&gt;Fotograf:&lt;\/strong&gt; &lt;em&gt;Simone Bacher&lt;\/em&gt;&lt;\/p&gt;&lt;p&gt;&lt;strong&gt;Gr\u00f6\u00dfe:&lt;\/strong&gt; &lt;em&gt;6016x4016px&lt;\/em&gt;&lt;\/p&gt;&lt;p&gt;&lt;strong&gt;Frei zur nicht-kommerziellen Ver\u00f6ffentlichung mit dem Vermerk:&lt;\/strong&gt; &lt;br&gt;&lt;em&gt;archeoParc Schnalstal, photo: Simone Bacher&lt;\/em&gt;&lt;p&gt;&lt;a href=&quot;https:\/\/www.archeoparc.it\/wp-content\/uploads\/archeoParc-schnalstal-press-16029.jpg&quot; class=&quot;archeo_button&quot;&gt;Download&lt;\/a&gt; &lt;\/p&gt;' ><img src='https:\/\/www.archeoparc.it\/wp-content\/uploads\/archeoParc-schnalstal-press-16029-100x100.jpg'><\/a><\/li><li><a href='https:\/\/www.archeoparc.it\/wp-content\/uploads\/archeoParc-schnalstal-press-16030-1024x684.jpg' class='thickbox'  title='&lt;p&gt;&lt;strong&gt;Bildtext: &lt;\/strong&gt;&lt;\/p&gt;&lt;p style=&quot;margin-left:2em;&quot;&gt;&lt;em&gt;&lt;strong&gt;deutsch: &lt;\/strong&gt;Er\u00f6ffnung der Ausstellung \u201eEin Haus wie damals. Bauen mit Holz, Lehm und Reet seit 5.000 Jahren\u201c im archeoParc Schnalstal v.l.n.r. Wulf Hein, Johanna Niederkofler, Sonja Santer, Karl Josef Rainer&lt;\/em&gt;&lt;\/p&gt;&lt;p style=&quot;margin-left:2em;&quot;&gt;&lt;em&gt;&lt;strong&gt;italiano: &lt;\/strong&gt;Inaugurazione della mostra \u201eLa casa di \u00d6tzi. La ricostruzione di una capanna preistorica\u201c presso l\u2019archeoParc della val Senales da sinistra: Wulf Hein, Johanna Niederkofler, Sonja Santer, Karl Josef Rainer&lt;\/em&gt;&lt;\/p&gt;&lt;p style=&quot;margin-left:2em;&quot;&gt;&lt;em&gt;&lt;strong&gt;english: &lt;\/strong&gt;Exhibition on a Cupper Age house reconstruction and it\u2019s building materials still used in creating modern environmentally sustainable buildings at archeoParc Val Senales f.l.t.r.Wulf Hein, Johanna Niederkofler, Sonja Santer, Karl Josef Rainer&lt;\/em&gt;&lt;\/p&gt;&lt;p&gt;&lt;strong&gt;Fotograf:&lt;\/strong&gt; &lt;em&gt;Simone Bacher&lt;\/em&gt;&lt;\/p&gt;&lt;p&gt;&lt;strong&gt;Gr\u00f6\u00dfe:&lt;\/strong&gt; &lt;em&gt;6016x4016px&lt;\/em&gt;&lt;\/p&gt;&lt;p&gt;&lt;strong&gt;Frei zur nicht-kommerziellen Ver\u00f6ffentlichung mit dem Vermerk:&lt;\/strong&gt; &lt;br&gt;&lt;em&gt;archeoParc Schnalstal, photo: Simone Bacher&lt;\/em&gt;&lt;p&gt;&lt;a href=&quot;https:\/\/www.archeoparc.it\/wp-content\/uploads\/archeoParc-schnalstal-press-16030.jpg&quot; class=&quot;archeo_button&quot;&gt;Download&lt;\/a&gt; &lt;\/p&gt;' ><img src='https:\/\/www.archeoparc.it\/wp-content\/uploads\/archeoParc-schnalstal-press-16030-100x100.jpg'><\/a><\/li><li><a href='https:\/\/www.archeoparc.it\/wp-content\/uploads\/archeoparc-schnalstal-press-16026-1024x680.jpg' class='thickbox'  title='&lt;p&gt;&lt;strong&gt;Bildtext: &lt;\/strong&gt;&lt;\/p&gt;&lt;p style=&quot;margin-left:2em;&quot;&gt;&lt;em&gt;&lt;strong&gt;deutsch: &lt;\/strong&gt;Materialtaststation in derAusstellung \u201eEin Haus wie damals. Bauen mit Holz, Lehm und Reet seit 5.000 Jahren\u201c im archeoParc Schnalstal&lt;\/em&gt;&lt;\/p&gt;&lt;p style=&quot;margin-left:2em;&quot;&gt;&lt;em&gt;&lt;strong&gt;italiano: &lt;\/strong&gt;Materiali edili dalla preistoria ad oggi nella mostra \u201eLa casa di \u00d6tzi. La ricostruzione di una capanna preistorica\u201c presso l\u2018archeoParc della val Senales&lt;\/em&gt;&lt;\/p&gt;&lt;p style=&quot;margin-left:2em;&quot;&gt;&lt;em&gt;&lt;strong&gt;english: &lt;\/strong&gt;Exhibition on a Cupper Age house reconstruction and it\u2018s building materials still used in creating modern environmentally sustainable buildings at archeoParc Val Senales&lt;\/em&gt;&lt;\/p&gt;&lt;p&gt;&lt;strong&gt;Fotograf:&lt;\/strong&gt; &lt;em&gt;Johanna Niederkofler&lt;\/em&gt;&lt;\/p&gt;&lt;p&gt;&lt;strong&gt;Gr\u00f6\u00dfe:&lt;\/strong&gt; &lt;em&gt;4288x2848px&lt;\/em&gt;&lt;\/p&gt;&lt;p&gt;&lt;strong&gt;Frei zur nicht-kommerziellen Ver\u00f6ffentlichung mit dem Vermerk:&lt;\/strong&gt; &lt;br&gt;&lt;em&gt;archeoParc Schnalstal, Johanna Niederkofler&lt;\/em&gt;&lt;p&gt;&lt;a href=&quot;https:\/\/www.archeoparc.it\/wp-content\/uploads\/archeoparc-schnalstal-press-16026.jpg&quot; class=&quot;archeo_button&quot;&gt;Download&lt;\/a&gt; &lt;\/p&gt;' ><img src='https:\/\/www.archeoparc.it\/wp-content\/uploads\/archeoparc-schnalstal-press-16026-100x100.jpg'><\/a><\/li><li><a href='https:\/\/www.archeoparc.it\/wp-content\/uploads\/archeoparc-schnalstal-press-16022-1024x680.jpg' class='thickbox'  title='&lt;p&gt;&lt;strong&gt;Bildtext: &lt;\/strong&gt;&lt;\/p&gt;&lt;p style=&quot;margin-left:2em;&quot;&gt;&lt;em&gt;&lt;strong&gt;deutsch: &lt;\/strong&gt;Hausportr\u00e4ts Luisa Tentonello, Richard Fliri und Fam. Christoph und Verena Walln\u00f6fer in der Ausstellung \u201eEin Haus wie damals. Bauen mit Holz, Lehm und Reet seit 5.000 Jahren\u201c im archeoParc Schnalstal&lt;\/em&gt;&lt;\/p&gt;&lt;p style=&quot;margin-left:2em;&quot;&gt;&lt;em&gt;&lt;strong&gt;italiano: &lt;\/strong&gt;Presentazione di tre case moderne costruite con materiali edili naturali nella mostra \u201eLa casa di \u00d6tzi.\u201c presso l\u2018archeoParc della val Senales&lt;\/em&gt;&lt;\/p&gt;&lt;p style=&quot;margin-left:2em;&quot;&gt;&lt;em&gt;&lt;strong&gt;english: &lt;\/strong&gt;Exhibition on a Cupper Age house reconstruction and it\u2018s building materials still used in creating modern environmentally sustainable buildings at archeoParc Val Senales&lt;\/em&gt;&lt;\/p&gt;&lt;p&gt;&lt;strong&gt;Fotograf:&lt;\/strong&gt; &lt;em&gt;Johanna Niederkofler&lt;\/em&gt;&lt;\/p&gt;&lt;p&gt;&lt;strong&gt;Gr\u00f6\u00dfe:&lt;\/strong&gt; &lt;em&gt;4288x2848px&lt;\/em&gt;&lt;\/p&gt;&lt;p&gt;&lt;strong&gt;Frei zur nicht-kommerziellen Ver\u00f6ffentlichung mit dem Vermerk:&lt;\/strong&gt; &lt;br&gt;&lt;em&gt;archeoParc Schnalstal, photo: Johanna Niederkofler&lt;\/em&gt;&lt;p&gt;&lt;a href=&quot;https:\/\/www.archeoparc.it\/wp-content\/uploads\/archeoparc-schnalstal-press-16022.jpg&quot; class=&quot;archeo_button&quot;&gt;Download&lt;\/a&gt; &lt;\/p&gt;' ><img src='https:\/\/www.archeoparc.it\/wp-content\/uploads\/archeoparc-schnalstal-press-16022-100x100.jpg'><\/a><\/li><li><a href='https:\/\/www.archeoparc.it\/wp-content\/uploads\/archeoparc-schnalstal-press-16024-1024x680.jpg' class='thickbox'  title='&lt;p&gt;&lt;strong&gt;Bildtext: &lt;\/strong&gt;&lt;\/p&gt;&lt;p style=&quot;margin-left:2em;&quot;&gt;&lt;em&gt;&lt;strong&gt;deutsch: &lt;\/strong&gt;Ein Blick durch den Bauzaun in der Ausstellung \u201eEin Haus wie damals. Bauen mit Holz, Lehm und Reet seit 5.000 Jahren\u201c im archeoParc Schnalstal&lt;\/em&gt;&lt;\/p&gt;&lt;p style=&quot;margin-left:2em;&quot;&gt;&lt;em&gt;&lt;strong&gt;italiano: &lt;\/strong&gt;Fotografie del cantiere di una capanna preistorica di Gianni Bodini nascoste nella parete della mostra \u201eLa casa di \u00d6tzi. La ricostruzione di una capanna preistorica\u201c presso l\u2018archeoParc della val Senales&lt;\/em&gt;&lt;\/p&gt;&lt;p style=&quot;margin-left:2em;&quot;&gt;&lt;em&gt;&lt;strong&gt;english: &lt;\/strong&gt;Exhibition on a Cupper Age house reconstruction and it\u2018s building materials still used in creating modern environmentally sustainable buildings at archeoParc Val Senales&lt;\/em&gt;&lt;\/p&gt;&lt;p&gt;&lt;strong&gt;Fotograf:&lt;\/strong&gt; &lt;em&gt;Johanna Niederkofler&lt;\/em&gt;&lt;\/p&gt;&lt;p&gt;&lt;strong&gt;Gr\u00f6\u00dfe:&lt;\/strong&gt; &lt;em&gt;4288x2848px&lt;\/em&gt;&lt;\/p&gt;&lt;p&gt;&lt;strong&gt;Frei zur nicht-kommerziellen Ver\u00f6ffentlichung mit dem Vermerk:&lt;\/strong&gt; &lt;br&gt;&lt;em&gt;archeoParc Schnalstal, photo: Johanna Niederkofler&lt;\/em&gt;&lt;p&gt;&lt;a href=&quot;https:\/\/www.archeoparc.it\/wp-content\/uploads\/archeoparc-schnalstal-press-16024.jpg&quot; class=&quot;archeo_button&quot;&gt;Download&lt;\/a&gt; &lt;\/p&gt;' ><img src='https:\/\/www.archeoparc.it\/wp-content\/uploads\/archeoparc-schnalstal-press-16024-100x100.jpg'><\/a><\/li><li><a href='https:\/\/www.archeoparc.it\/wp-content\/uploads\/archeoparc-schnalstal-press-16023-1024x680.jpg' class='thickbox'  title='&lt;p&gt;&lt;strong&gt;Bildtext: &lt;\/strong&gt;&lt;\/p&gt;&lt;p style=&quot;margin-left:2em;&quot;&gt;&lt;em&gt;&lt;strong&gt;deutsch: &lt;\/strong&gt;Ein Blick durch den Bauzaun in der Ausstellung \u201eEin Haus wie damals. Bauen mit Holz, Lehm und Reet seit 5.000 Jahren\u201c im archeoParc Schnalstal&lt;\/em&gt;&lt;\/p&gt;&lt;p style=&quot;margin-left:2em;&quot;&gt;&lt;em&gt;&lt;strong&gt;italiano: &lt;\/strong&gt;Fotografie del cantiere di una capanna preistorica di Gianni Bodini nascoste nella parete della mostra \u201eLa casa di \u00d6tzi. La ricostruzione di una capanna preistorica\u201c presso l\u2018archeoParc della val Senales&lt;\/em&gt;&lt;\/p&gt;&lt;p style=&quot;margin-left:2em;&quot;&gt;&lt;em&gt;&lt;strong&gt;english: &lt;\/strong&gt;Exhibition on a Cupper Age house reconstruction and it\u2018s building materials still used in creating modern environmentally sustainable buildings at archeoParc Val Senales&lt;\/em&gt;&lt;\/p&gt;&lt;p&gt;&lt;strong&gt;Fotograf:&lt;\/strong&gt; &lt;em&gt;Johanna Niederkofler&lt;\/em&gt;&lt;\/p&gt;&lt;p&gt;&lt;strong&gt;Gr\u00f6\u00dfe:&lt;\/strong&gt; &lt;em&gt;4288x2848px&lt;\/em&gt;&lt;\/p&gt;&lt;p&gt;&lt;strong&gt;Frei zur nicht-kommerziellen Ver\u00f6ffentlichung mit dem Vermerk:&lt;\/strong&gt; &lt;br&gt;&lt;em&gt;archeoParc Schnalstal, photo: Johanna Niederkofler&lt;\/em&gt;&lt;p&gt;&lt;a href=&quot;https:\/\/www.archeoparc.it\/wp-content\/uploads\/archeoparc-schnalstal-press-16023.jpg&quot; class=&quot;archeo_button&quot;&gt;Download&lt;\/a&gt; &lt;\/p&gt;' ><img src='https:\/\/www.archeoparc.it\/wp-content\/uploads\/archeoparc-schnalstal-press-16023-100x100.jpg'><\/a><\/li><li><a href='https:\/\/www.archeoparc.it\/wp-content\/uploads\/archeoparc-schnalstal-press-16025-1024x680.jpg' class='thickbox'  title='&lt;p&gt;&lt;strong&gt;Bildtext: &lt;\/strong&gt;&lt;\/p&gt;&lt;p style=&quot;margin-left:2em;&quot;&gt;&lt;em&gt;&lt;strong&gt;deutsch: &lt;\/strong&gt;Ausstellung im archeoParc Schnalstal&lt;\/em&gt;&lt;\/p&gt;&lt;p style=&quot;margin-left:2em;&quot;&gt;&lt;em&gt;&lt;strong&gt;italiano: &lt;\/strong&gt;Mostra temporanea nell&#039;archeoParc della val Senales&lt;\/em&gt;&lt;\/p&gt;&lt;p style=&quot;margin-left:2em;&quot;&gt;&lt;em&gt;&lt;strong&gt;english: &lt;\/strong&gt;Exhibition on a Cupper Age house reconstruction and it&#039;s building materials still used in creating modern environmentally sustainable buildings at archeoParc Val Senales&lt;\/em&gt;&lt;\/p&gt;&lt;p&gt;&lt;strong&gt;Fotograf:&lt;\/strong&gt; &lt;em&gt;Johanna Niederkofler&lt;\/em&gt;&lt;\/p&gt;&lt;p&gt;&lt;strong&gt;Gr\u00f6\u00dfe:&lt;\/strong&gt; &lt;em&gt;4288x2848px&lt;\/em&gt;&lt;\/p&gt;&lt;p&gt;&lt;strong&gt;Frei zur nicht-kommerziellen Ver\u00f6ffentlichung mit dem Vermerk:&lt;\/strong&gt; &lt;br&gt;&lt;em&gt;archeoParc Schnalstal, photo: Johanna Niederkofler&lt;\/em&gt;&lt;p&gt;&lt;a href=&quot;https:\/\/www.archeoparc.it\/wp-content\/uploads\/archeoparc-schnalstal-press-16025.jpg&quot; class=&quot;archeo_button&quot;&gt;Download&lt;\/a&gt; &lt;\/p&gt;' ><img src='https:\/\/www.archeoparc.it\/wp-content\/uploads\/archeoparc-schnalstal-press-16025-100x100.jpg'><\/a><\/li><li><a href='https:\/\/www.archeoparc.it\/wp-content\/uploads\/archeoparc-schnalstal-press-16021-1024x682.jpg' class='thickbox'  title='&lt;p&gt;&lt;strong&gt;Bildtext: &lt;\/strong&gt;&lt;\/p&gt;&lt;p style=&quot;margin-left:2em;&quot;&gt;&lt;em&gt;&lt;strong&gt;deutsch: &lt;\/strong&gt;Fotoausstellung \u00bbCimelia\u00ab im archeoParc Schnalstal der Karthauser Fotografin Daniela Brugger&lt;\/em&gt;&lt;\/p&gt;&lt;p style=&quot;margin-left:2em;&quot;&gt;&lt;em&gt;&lt;strong&gt;italiano: &lt;\/strong&gt;La mostra fotografica \u00bbCimelia\u00ab di Daniela Brugger esposta nella caffetteria dell\u2019archeoParc&lt;\/em&gt;&lt;\/p&gt;&lt;p style=&quot;margin-left:2em;&quot;&gt;&lt;em&gt;&lt;strong&gt;english: &lt;\/strong&gt;The exhibition \u00bbCimelia\u00ab by the South Tyrolean photographer Daniela Brugger&lt;\/em&gt;&lt;\/p&gt;&lt;p&gt;&lt;strong&gt;Fotograf:&lt;\/strong&gt; &lt;em&gt;Daniela Brugger&lt;\/em&gt;&lt;\/p&gt;&lt;p&gt;&lt;strong&gt;Gr\u00f6\u00dfe:&lt;\/strong&gt; &lt;em&gt;4928x3280px&lt;\/em&gt;&lt;\/p&gt;&lt;p&gt;&lt;strong&gt;Frei zur nicht-kommerziellen Ver\u00f6ffentlichung mit dem Vermerk:&lt;\/strong&gt; &lt;br&gt;&lt;em&gt;private, photo: Daniela Brugger&lt;\/em&gt;&lt;p&gt;&lt;a href=&quot;https:\/\/www.archeoparc.it\/wp-content\/uploads\/archeoparc-schnalstal-press-16021.jpg&quot; class=&quot;archeo_button&quot;&gt;Download&lt;\/a&gt; &lt;\/p&gt;' ><img src='https:\/\/www.archeoparc.it\/wp-content\/uploads\/archeoparc-schnalstal-press-16021-100x100.jpg'><\/a><\/li><li><a href='https:\/\/www.archeoparc.it\/wp-content\/uploads\/archeoparc-schnalstal-press-16020-682x1024.jpg' class='thickbox'  title='&lt;p&gt;&lt;strong&gt;Bildtext: &lt;\/strong&gt;&lt;\/p&gt;&lt;p style=&quot;margin-left:2em;&quot;&gt;&lt;em&gt;&lt;strong&gt;deutsch: &lt;\/strong&gt;Daniela Brugger zeigt 2016 in der archeoParc-Cafeteria die Fotoausstellung \u00bbCimelia\u00ab&lt;\/em&gt;&lt;\/p&gt;&lt;p style=&quot;margin-left:2em;&quot;&gt;&lt;em&gt;&lt;strong&gt;italiano: &lt;\/strong&gt;La fotografa altoatesina Daniela Brugger espone le sue opere nella mostra \u00bbCimelia\u00ab presso la caffetteria dell\u2019archeoParc&lt;\/em&gt;&lt;\/p&gt;&lt;p style=&quot;margin-left:2em;&quot;&gt;&lt;em&gt;&lt;strong&gt;english: &lt;\/strong&gt;The photographer of the exhibition \u00bbCimelia\u00ab at archeoParc Val Senales, Daniela Brugger&lt;\/em&gt;&lt;\/p&gt;&lt;p&gt;&lt;strong&gt;Fotograf:&lt;\/strong&gt; &lt;em&gt;Daniela Brugger&lt;\/em&gt;&lt;\/p&gt;&lt;p&gt;&lt;strong&gt;Gr\u00f6\u00dfe:&lt;\/strong&gt; &lt;em&gt;1342x2016px&lt;\/em&gt;&lt;\/p&gt;&lt;p&gt;&lt;strong&gt;Frei zur nicht-kommerziellen Ver\u00f6ffentlichung mit dem Vermerk:&lt;\/strong&gt; &lt;br&gt;&lt;em&gt;private, photo: Daniela Brugger&lt;\/em&gt;&lt;p&gt;&lt;a href=&quot;https:\/\/www.archeoparc.it\/wp-content\/uploads\/archeoparc-schnalstal-press-16020.jpg&quot; class=&quot;archeo_button&quot;&gt;Download&lt;\/a&gt; &lt;\/p&gt;' ><img src='https:\/\/www.archeoparc.it\/wp-content\/uploads\/archeoparc-schnalstal-press-16020-100x100.jpg'><\/a><\/li><li><a href='https:\/\/www.archeoparc.it\/wp-content\/uploads\/archeoparc-schnalstal-press-16010-1024x768.jpg' class='thickbox'  title='&lt;p&gt;&lt;strong&gt;Bildtext: &lt;\/strong&gt;&lt;\/p&gt;&lt;p style=&quot;margin-left:2em;&quot;&gt;&lt;em&gt;&lt;strong&gt;deutsch: &lt;\/strong&gt;Erste Bogenschie\u00dfversuche in der Besucherwerkstatt des archeoParc Schnalstal nahe der \u00d6tzifundstelle in S\u00fcdtirol&lt;\/em&gt;&lt;\/p&gt;&lt;p style=&quot;margin-left:2em;&quot;&gt;&lt;em&gt;&lt;strong&gt;italiano: &lt;\/strong&gt;Laboratorio didattico di tiro con l\u2019arco preistorico nell\u2019archeoParc della val Senales&lt;\/em&gt;&lt;\/p&gt;&lt;p style=&quot;margin-left:2em;&quot;&gt;&lt;em&gt;&lt;strong&gt;english: &lt;\/strong&gt;Children hands-on workshop on prehistoric archery at the archeological open-air museum in Val Senales valley, where the Iceman, was found&lt;\/em&gt;&lt;\/p&gt;&lt;p&gt;&lt;strong&gt;Fotograf:&lt;\/strong&gt; &lt;em&gt;ganeshGraphics&lt;\/em&gt;&lt;\/p&gt;&lt;p&gt;&lt;strong&gt;Gr\u00f6\u00dfe:&lt;\/strong&gt; &lt;em&gt;3648x2736px&lt;\/em&gt;&lt;\/p&gt;&lt;p&gt;&lt;strong&gt;Frei zur nicht-kommerziellen Ver\u00f6ffentlichung mit dem Vermerk:&lt;\/strong&gt; &lt;br&gt;&lt;em&gt;archeoParc Schnalstal, photo: ganeshGraphics&lt;\/em&gt;&lt;p&gt;&lt;a href=&quot;https:\/\/www.archeoparc.it\/wp-content\/uploads\/archeoparc-schnalstal-press-16010.jpg&quot; class=&quot;archeo_button&quot;&gt;Download&lt;\/a&gt; &lt;\/p&gt;' ><img src='https:\/\/www.archeoparc.it\/wp-content\/uploads\/archeoparc-schnalstal-press-16010-100x100.jpg'><\/a><\/li><li><a href='https:\/\/www.archeoparc.it\/wp-content\/uploads\/archeoparc-schnalstal-press-16004-1024x683.jpg' class='thickbox'  title='&lt;p&gt;&lt;strong&gt;Bildtext: &lt;\/strong&gt;&lt;\/p&gt;&lt;p style=&quot;margin-left:2em;&quot;&gt;&lt;em&gt;&lt;strong&gt;deutsch: &lt;\/strong&gt;Unterwegs auf dem Arch\u00e4ologischen Wanderweg A2, der unter anderem zur \u00d6tzifundstelle im S\u00fcdtiroler Schnalstal f\u00fchrt&lt;\/em&gt;&lt;\/p&gt;&lt;p style=&quot;margin-left:2em;&quot;&gt;&lt;em&gt;&lt;strong&gt;italiano: &lt;\/strong&gt;Lungo l\u2019Itinerario Archeologico A2 che porta al luogo di ritrovamento dell\u2019Uomo venuto dal ghiaccio in val Senales&lt;\/em&gt;&lt;\/p&gt;&lt;p style=&quot;margin-left:2em;&quot;&gt;&lt;em&gt;&lt;strong&gt;english: &lt;\/strong&gt;Along the Archeological Trail A2 close to the discovery site of the Iceman in Val Senales valley&lt;\/em&gt;&lt;\/p&gt;&lt;p&gt;&lt;strong&gt;Fotograf:&lt;\/strong&gt; &lt;em&gt;Peter Santer&lt;\/em&gt;&lt;\/p&gt;&lt;p&gt;&lt;strong&gt;Gr\u00f6\u00dfe:&lt;\/strong&gt; &lt;em&gt;5616x3744px&lt;\/em&gt;&lt;\/p&gt;&lt;p&gt;&lt;strong&gt;Frei zur nicht-kommerziellen Ver\u00f6ffentlichung mit dem Vermerk:&lt;\/strong&gt; &lt;br&gt;&lt;em&gt;archeoParc Schnalstal, photo: Peter Santer&lt;\/em&gt;&lt;p&gt;&lt;a href=&quot;https:\/\/www.archeoparc.it\/wp-content\/uploads\/archeoparc-schnalstal-press-16004.jpg&quot; class=&quot;archeo_button&quot;&gt;Download&lt;\/a&gt; &lt;\/p&gt;' ><img src='https:\/\/www.archeoparc.it\/wp-content\/uploads\/archeoparc-schnalstal-press-16004-100x100.jpg'><\/a><\/li><li><a href='https:\/\/www.archeoparc.it\/wp-content\/uploads\/archeoparc-schnalstal-press-16006-1024x683.jpg' class='thickbox'  title='&lt;p&gt;&lt;strong&gt;Bildtext: &lt;\/strong&gt;&lt;\/p&gt;&lt;p style=&quot;margin-left:2em;&quot;&gt;&lt;em&gt;&lt;strong&gt;deutsch: &lt;\/strong&gt;Die \u00d6tzi Glacier Tour quert den Alpenhauptkamm &lt;\/em&gt;&lt;\/p&gt;&lt;p style=&quot;margin-left:2em;&quot;&gt;&lt;em&gt;&lt;strong&gt;italiano: &lt;\/strong&gt;L\u2019\u00d6tzi Glacier Tour attraversa la cresta principale delle alpi&lt;\/em&gt;&lt;\/p&gt;&lt;p style=&quot;margin-left:2em;&quot;&gt;&lt;em&gt;&lt;strong&gt;english: &lt;\/strong&gt;The \u00d6tzi Glacier Tour crosses the main chain of the alps&lt;\/em&gt;&lt;\/p&gt;&lt;p&gt;&lt;strong&gt;Fotograf:&lt;\/strong&gt; &lt;em&gt;Peter Santer&lt;\/em&gt;&lt;\/p&gt;&lt;p&gt;&lt;strong&gt;Gr\u00f6\u00dfe:&lt;\/strong&gt; &lt;em&gt;5616x3744px&lt;\/em&gt;&lt;\/p&gt;&lt;p&gt;&lt;strong&gt;Frei zur nicht-kommerziellen Ver\u00f6ffentlichung mit dem Vermerk:&lt;\/strong&gt; &lt;br&gt;&lt;em&gt;archeoParc Schnalstal, photo: Peter Santer&lt;\/em&gt;&lt;p&gt;&lt;a href=&quot;https:\/\/www.archeoparc.it\/wp-content\/uploads\/archeoparc-schnalstal-press-16006.jpg&quot; class=&quot;archeo_button&quot;&gt;Download&lt;\/a&gt; &lt;\/p&gt;' ><img src='https:\/\/www.archeoparc.it\/wp-content\/uploads\/archeoparc-schnalstal-press-16006-100x100.jpg'><\/a><\/li><\/ul>\n\n\n\n<p><strong>2<a id=\"2015\"><\/a>015<\/strong><\/p>\n\n\n<ul  class=\"pressebilder\"><li><a href='https:\/\/www.archeoparc.it\/wp-content\/uploads\/archeoparc-schnalstal-press-16053-1024x683.jpg' class='thickbox'  title='&lt;p&gt;&lt;strong&gt;Bildtext: &lt;\/strong&gt;&lt;\/p&gt;&lt;p style=&quot;margin-left:2em;&quot;&gt;&lt;em&gt;&lt;strong&gt;deutsch: &lt;\/strong&gt;Schnalstal im Sommer 2015: Reinhold Messner mit den Organisatoren der \u00d6tzi Glacier Tour und des von ihm begleiteten Sondertermins. V.l.n.r. Pr\u00e4sident des Tourismusvereins Schnalstal Alexander Rainer, Reinhold Messner, Direktor des Tourismusvereins Schnalstal Manfred Waldner, archeoParc-Direktorin Johanna Niederkofler, B\u00fcrgermeister Karl Josef Rainer&lt;\/em&gt;&lt;\/p&gt;&lt;p style=&quot;margin-left:2em;&quot;&gt;&lt;em&gt;&lt;strong&gt;italiano: &lt;\/strong&gt;Val Senales, estate 2015: Reinhold Messner con gli organizzatori dell\u2019\u00d6tzi Glacier Tour dopo l\u2019appuntamento speciale in sua compagnia. Da sinistra: presidente dell\u2019associazione turisitca Val Senales Alexander Rainer, Reinhold Messner, direttore dell\u2019associazione turistica Val Senales Manfred Waldner, direttrice dell\u2019archeoParc Johanna Niederkofler, sindaco Karl Josef Rainer&lt;\/em&gt;&lt;\/p&gt;&lt;p style=&quot;margin-left:2em;&quot;&gt;&lt;em&gt;&lt;strong&gt;english: &lt;\/strong&gt;Val Senales Valley, summer 2015: Reinhold Messner with the organizers of the \u00d6tzi Glacier Tour after the special appointment he attended. f.l.t.r.: president of the tourist association Val Senales Valley Alexander Rainer, Reinhold Messner, director of the tourist association Val Senales Valley Manfred Waldner, archeoParc-director Johanna Niederkofler, mayor Karl Josef Rainer&lt;\/em&gt;&lt;\/p&gt;&lt;p&gt;&lt;strong&gt;Fotograf:&lt;\/strong&gt; &lt;em&gt;Peter Santer&lt;\/em&gt;&lt;\/p&gt;&lt;p&gt;&lt;strong&gt;Gr\u00f6\u00dfe:&lt;\/strong&gt; &lt;em&gt;4696x3130px&lt;\/em&gt;&lt;\/p&gt;&lt;p&gt;&lt;strong&gt;Frei zur nicht-kommerziellen Ver\u00f6ffentlichung mit dem Vermerk:&lt;\/strong&gt; &lt;br&gt;&lt;em&gt;archeoParc Schnalstal, photo: Peter Santer&lt;\/em&gt;&lt;p&gt;&lt;a href=&quot;https:\/\/www.archeoparc.it\/wp-content\/uploads\/archeoparc-schnalstal-press-16053.jpg&quot; class=&quot;archeo_button&quot;&gt;Download&lt;\/a&gt; &lt;\/p&gt;' ><img src='https:\/\/www.archeoparc.it\/wp-content\/uploads\/archeoparc-schnalstal-press-16053-100x100.jpg'><\/a><\/li><li><a href='https:\/\/www.archeoparc.it\/wp-content\/uploads\/archeoparc-schnalstal-press-16045-680x1024.jpg' class='thickbox'  title='&lt;p&gt;&lt;strong&gt;Bildtext: &lt;\/strong&gt;&lt;\/p&gt;&lt;p style=&quot;margin-left:2em;&quot;&gt;&lt;em&gt;&lt;strong&gt;deutsch: &lt;\/strong&gt;Ein Blick in die Sonderausstellung 2015 \u201eIn Wort und Schrift. Sprechen und Schreiben durch die Jahrtausende\u201c im archeoParc Schnalstal&lt;\/em&gt;&lt;\/p&gt;&lt;p style=&quot;margin-left:2em;&quot;&gt;&lt;em&gt;&lt;strong&gt;italiano: &lt;\/strong&gt;Mostra temporanea 2015 \u201dMa \u00d6tzi, che lingua parlava? Parlare e scrivere \u2013 ieri e oggi\u201c presso l\u2019archeoParc Val Senales&lt;\/em&gt;&lt;\/p&gt;&lt;p style=&quot;margin-left:2em;&quot;&gt;&lt;em&gt;&lt;strong&gt;english: &lt;\/strong&gt;Temporary exhibition 2015 on the origin and development of human language at archeoParc Val Senales&lt;\/em&gt;&lt;\/p&gt;&lt;p&gt;&lt;strong&gt;Fotograf:&lt;\/strong&gt; &lt;em&gt;Johanna Niederkofler&lt;\/em&gt;&lt;\/p&gt;&lt;p&gt;&lt;strong&gt;Gr\u00f6\u00dfe:&lt;\/strong&gt; &lt;em&gt;2848x4288px&lt;\/em&gt;&lt;\/p&gt;&lt;p&gt;&lt;strong&gt;Frei zur nicht-kommerziellen Ver\u00f6ffentlichung mit dem Vermerk:&lt;\/strong&gt; &lt;br&gt;&lt;em&gt;archeoParc Schnalstal, photo: Johanna Niederkofler&lt;\/em&gt;&lt;p&gt;&lt;a href=&quot;https:\/\/www.archeoparc.it\/wp-content\/uploads\/archeoparc-schnalstal-press-16045.jpg&quot; class=&quot;archeo_button&quot;&gt;Download&lt;\/a&gt; &lt;\/p&gt;' ><img src='https:\/\/www.archeoparc.it\/wp-content\/uploads\/archeoparc-schnalstal-press-16045-100x100.jpg'><\/a><\/li><li><a href='https:\/\/www.archeoparc.it\/wp-content\/uploads\/archeoparc-schnalstal-press-16044-1024x680.jpg' class='thickbox'  title='&lt;p&gt;&lt;strong&gt;Bildtext: &lt;\/strong&gt;&lt;\/p&gt;&lt;p style=&quot;margin-left:2em;&quot;&gt;&lt;em&gt;&lt;strong&gt;deutsch: &lt;\/strong&gt;Ein Blick in die Sonderausstellung 2015 \u201eIn Wort und Schrift. Sprechen und Schreiben durch die Jahrtausende\u201c im archeoParc Schnalstal&lt;\/em&gt;&lt;\/p&gt;&lt;p style=&quot;margin-left:2em;&quot;&gt;&lt;em&gt;&lt;strong&gt;italiano: &lt;\/strong&gt;Mostra temporanea 2015\u201eMa \u00d6tzi, che lingua parlava? Parlare e scrivere \u2013 ieri e oggi\u201c presso l\u2019archeoParc Val Senales&lt;\/em&gt;&lt;\/p&gt;&lt;p style=&quot;margin-left:2em;&quot;&gt;&lt;em&gt;&lt;strong&gt;english: &lt;\/strong&gt;Temporary exhibition 2015 on the origin and development of human language at archeoParc Val Senales&lt;\/em&gt;&lt;\/p&gt;&lt;p&gt;&lt;strong&gt;Fotograf:&lt;\/strong&gt; &lt;em&gt;Johanna Niederkofler&lt;\/em&gt;&lt;\/p&gt;&lt;p&gt;&lt;strong&gt;Gr\u00f6\u00dfe:&lt;\/strong&gt; &lt;em&gt;4288x2848px&lt;\/em&gt;&lt;\/p&gt;&lt;p&gt;&lt;strong&gt;Frei zur nicht-kommerziellen Ver\u00f6ffentlichung mit dem Vermerk:&lt;\/strong&gt; &lt;br&gt;&lt;em&gt;archeoParc Schnalstal, photo: Johanna Niederkofler&lt;\/em&gt;&lt;p&gt;&lt;a href=&quot;https:\/\/www.archeoparc.it\/wp-content\/uploads\/archeoparc-schnalstal-press-16044.jpg&quot; class=&quot;archeo_button&quot;&gt;Download&lt;\/a&gt; &lt;\/p&gt;' ><img src='https:\/\/www.archeoparc.it\/wp-content\/uploads\/archeoparc-schnalstal-press-16044-100x100.jpg'><\/a><\/li><li><a href='https:\/\/www.archeoparc.it\/wp-content\/uploads\/archeoparc-schnalstal-press-16042-1024x684.jpg' class='thickbox'  title='&lt;p&gt;&lt;strong&gt;Bildtext: &lt;\/strong&gt;&lt;\/p&gt;&lt;p style=&quot;margin-left:2em;&quot;&gt;&lt;em&gt;&lt;strong&gt;deutsch: &lt;\/strong&gt;Die Kuratorin, Simona Marchesini, sowie die Ehreng\u00e4ste Landesrat Florian Mussner und B\u00fcrgermeister Karl Josef Rainer, bei der Er\u00f6ffnung der Sonderausstellung 2015 \u201eIn Wort und Schrift. Sprechen und Schreiben durch die Jahrtausende\u201c im archeoParc Schnalstal.&lt;\/em&gt;&lt;\/p&gt;&lt;p style=&quot;margin-left:2em;&quot;&gt;&lt;em&gt;&lt;strong&gt;italiano: &lt;\/strong&gt;La curatrice, Simona Marchesini, con gli ospiti d\u2019onore l\u2019assessore provinciale Florian Mussner e il sindaco di Senales Karl Josef Rainer, all\u2019inaugurazione della mostra temporanea 2015 \u201cMa \u00d6tzi, che lingua parlava? Parlare e scrivere \u2013 ieri e oggi\u201d presso l\u2019archeoParc Val Senales.&lt;\/em&gt;&lt;\/p&gt;&lt;p style=&quot;margin-left:2em;&quot;&gt;&lt;em&gt;&lt;strong&gt;english: &lt;\/strong&gt;The curator, Simona Marchesini, and the guests of honor, the member of the Provincial Government Florian Mussner and the mayor of Senales Karl Josef Rainer, at the opening ceremony of the exhibition on the origin and development of human language at archeoParc Val Senales, 2015.&lt;\/em&gt;&lt;\/p&gt;&lt;p&gt;&lt;strong&gt;Fotograf:&lt;\/strong&gt; &lt;em&gt;Gianni Bodini&lt;\/em&gt;&lt;\/p&gt;&lt;p&gt;&lt;strong&gt;Gr\u00f6\u00dfe:&lt;\/strong&gt; &lt;em&gt;6016x4016px&lt;\/em&gt;&lt;\/p&gt;&lt;p&gt;&lt;strong&gt;Frei zur nicht-kommerziellen Ver\u00f6ffentlichung mit dem Vermerk:&lt;\/strong&gt; &lt;br&gt;&lt;em&gt;archeoParc Schnalstal, photo: Gianni Bodini&lt;\/em&gt;&lt;p&gt;&lt;a href=&quot;https:\/\/www.archeoparc.it\/wp-content\/uploads\/archeoparc-schnalstal-press-16042.jpg&quot; class=&quot;archeo_button&quot;&gt;Download&lt;\/a&gt; &lt;\/p&gt;' ><img src='https:\/\/www.archeoparc.it\/wp-content\/uploads\/archeoparc-schnalstal-press-16042-100x100.jpg'><\/a><\/li><li><a href='https:\/\/www.archeoparc.it\/wp-content\/uploads\/archeoparc-schnalstal-press-16043-1024x684.jpg' class='thickbox'  title='&lt;p&gt;&lt;strong&gt;Bildtext: &lt;\/strong&gt;&lt;\/p&gt;&lt;p style=&quot;margin-left:2em;&quot;&gt;&lt;em&gt;&lt;strong&gt;deutsch: &lt;\/strong&gt;Die Kuratorinnen, die Pr\u00e4sidentin des Museumsvereins und die Ehreng\u00e4ste bei der Er\u00f6ffnung der Sonderausstellung 2015 \u201eIn Wort und Schrift. Sprechen und Schreiben durch die Jahrtausende\u201c im archeoParc Schnalstal. v.l.n.r. Landesrat Florian Mussner, Kuratorin Simona Marchesini, Museumsleiterin Johanna Niederkofler, Vereinspr\u00e4sidentin Sonja Santer, B\u00fcrgermeister Karl Josef Rainer&lt;\/em&gt;&lt;\/p&gt;&lt;p style=&quot;margin-left:2em;&quot;&gt;&lt;em&gt;&lt;strong&gt;italiano: &lt;\/strong&gt;Le curatrici, la presidente dell\u2019associazione museale e gli ospiti d\u2019onore all\u2019inaugurazione della mostra temporanea 2015 \u201cMa \u00d6tzi, che lingua parlava? Parlare e scrivere \u2013 ieri e oggi\u201d presso l\u2019archeoParc Val Senales. da sinistra: assessore provinciale Florian Mussner, curatrice Simona Marchesini, direttrice dell\u2019archeoParc Johanna Niederkofler, presidente dell\u2019associazione museale Sonja Santer, sindaco di Senales Karl Josef Rainer &lt;\/em&gt;&lt;\/p&gt;&lt;p style=&quot;margin-left:2em;&quot;&gt;&lt;em&gt;&lt;strong&gt;english: &lt;\/strong&gt;Curators and guests of honor at the opening ceremony of the exhibition on the origin and development of human language at archeoParc Val Senales, 2015. f.l.t.r Florian Mussner, Simona Marchesini, Johanna Niederkofler, Sonja Santer, Karl Josef Rainer&lt;\/em&gt;&lt;\/p&gt;&lt;p&gt;&lt;strong&gt;Fotograf:&lt;\/strong&gt; &lt;em&gt;Gianni Bodini&lt;\/em&gt;&lt;\/p&gt;&lt;p&gt;&lt;strong&gt;Gr\u00f6\u00dfe:&lt;\/strong&gt; &lt;em&gt;6016x4016px&lt;\/em&gt;&lt;\/p&gt;&lt;p&gt;&lt;strong&gt;Frei zur nicht-kommerziellen Ver\u00f6ffentlichung mit dem Vermerk:&lt;\/strong&gt; &lt;br&gt;&lt;em&gt;archeoParc Schnalstal, photo: Gianni Bodini&lt;\/em&gt;&lt;p&gt;&lt;a href=&quot;https:\/\/www.archeoparc.it\/wp-content\/uploads\/archeoparc-schnalstal-press-16043.jpg&quot; class=&quot;archeo_button&quot;&gt;Download&lt;\/a&gt; &lt;\/p&gt;' ><img src='https:\/\/www.archeoparc.it\/wp-content\/uploads\/archeoparc-schnalstal-press-16043-100x100.jpg'><\/a><\/li><li><a href='https:\/\/www.archeoparc.it\/wp-content\/uploads\/archeoparc-schnalstal-press-16046-1024x680.jpg' class='thickbox'  title='&lt;p&gt;&lt;strong&gt;Bildtext: &lt;\/strong&gt;&lt;\/p&gt;&lt;p style=&quot;margin-left:2em;&quot;&gt;&lt;em&gt;&lt;strong&gt;deutsch: &lt;\/strong&gt;Besucherwerkstatt Brot backen im Freilichtbereich des archeoParc Schnalstal&lt;\/em&gt;&lt;\/p&gt;&lt;p style=&quot;margin-left:2em;&quot;&gt;&lt;em&gt;&lt;strong&gt;italiano: &lt;\/strong&gt;Laboratorio didattico sulla panificazione nell\u2019area all\u2019aperto dell\u2019archeoParc Val Senales&lt;\/em&gt;&lt;\/p&gt;&lt;p style=&quot;margin-left:2em;&quot;&gt;&lt;em&gt;&lt;strong&gt;english: &lt;\/strong&gt;Hands-on activity \u201cbaking bread\u201d at the open-air area of archeoParc Val Senales&lt;\/em&gt;&lt;\/p&gt;&lt;p&gt;&lt;strong&gt;Fotograf:&lt;\/strong&gt; &lt;em&gt;Johanna Niederkofler&lt;\/em&gt;&lt;\/p&gt;&lt;p&gt;&lt;strong&gt;Gr\u00f6\u00dfe:&lt;\/strong&gt; &lt;em&gt;4288x2848px&lt;\/em&gt;&lt;\/p&gt;&lt;p&gt;&lt;strong&gt;Frei zur nicht-kommerziellen Ver\u00f6ffentlichung mit dem Vermerk:&lt;\/strong&gt; &lt;br&gt;&lt;em&gt;archeoParc Schnalstal, photo: Johanna Niederkofler&lt;\/em&gt;&lt;p&gt;&lt;a href=&quot;https:\/\/www.archeoparc.it\/wp-content\/uploads\/archeoparc-schnalstal-press-16046.jpg&quot; class=&quot;archeo_button&quot;&gt;Download&lt;\/a&gt; &lt;\/p&gt;' ><img src='https:\/\/www.archeoparc.it\/wp-content\/uploads\/archeoparc-schnalstal-press-16046-100x100.jpg'><\/a><\/li><li><a href='https:\/\/www.archeoparc.it\/wp-content\/uploads\/archeoparc-schnalstal-press-16047-1024x1019.jpg' class='thickbox'  title='&lt;p&gt;&lt;strong&gt;Bildtext: &lt;\/strong&gt;&lt;\/p&gt;&lt;p style=&quot;margin-left:2em;&quot;&gt;&lt;em&gt;&lt;strong&gt;deutsch: &lt;\/strong&gt;Schnalstal im Sommer 2015: Reinhold Messner an der Felsmulde, in der \u00d6tzi entdeckt wurde, w\u00e4hrend einer \u00d6tzi Glacier Tour&lt;\/em&gt;&lt;\/p&gt;&lt;p style=&quot;margin-left:2em;&quot;&gt;&lt;em&gt;&lt;strong&gt;italiano: &lt;\/strong&gt;Val Senales, estate 2015: Reinhold Messner presso la conca nella quale \u00e8 stato ritrovato \u00d6tzi, l\u2019Uomo venuto dal ghiaccio, durante l\u2019\u00d6tzi Glacier Tour&lt;\/em&gt;&lt;\/p&gt;&lt;p style=&quot;margin-left:2em;&quot;&gt;&lt;em&gt;&lt;strong&gt;english: &lt;\/strong&gt;Val Senales Valley, summer 2015: Reinhold Messner near the discovery site of \u00d6tzi, the Iceman, during the \u00d6tzi Glacier Tour&lt;\/em&gt;&lt;\/p&gt;&lt;p&gt;&lt;strong&gt;Fotograf:&lt;\/strong&gt; &lt;em&gt;Peter Santer&lt;\/em&gt;&lt;\/p&gt;&lt;p&gt;&lt;strong&gt;Gr\u00f6\u00dfe:&lt;\/strong&gt; &lt;em&gt;3762x3744px&lt;\/em&gt;&lt;\/p&gt;&lt;p&gt;&lt;strong&gt;Frei zur nicht-kommerziellen Ver\u00f6ffentlichung mit dem Vermerk:&lt;\/strong&gt; &lt;br&gt;&lt;em&gt;archeoParc Schnalstal, photo: Peter Santer&lt;\/em&gt;&lt;p&gt;&lt;a href=&quot;https:\/\/www.archeoparc.it\/wp-content\/uploads\/archeoparc-schnalstal-press-16047.jpg&quot; class=&quot;archeo_button&quot;&gt;Download&lt;\/a&gt; &lt;\/p&gt;' ><img src='https:\/\/www.archeoparc.it\/wp-content\/uploads\/archeoparc-schnalstal-press-16047-100x100.jpg'><\/a><\/li><li><a href='https:\/\/www.archeoparc.it\/wp-content\/uploads\/archeoparc-schnalstal-press-16041-1018x1024.jpg' class='thickbox'  title='&lt;p&gt;&lt;strong&gt;Bildtext: &lt;\/strong&gt;&lt;\/p&gt;&lt;p style=&quot;margin-left:2em;&quot;&gt;&lt;em&gt;&lt;strong&gt;deutsch: &lt;\/strong&gt;Schnalstal im Sommer 2015: Reinhold Messner an der Felsmulde, in der \u00d6tzi entdeckt wurde, w\u00e4hrend einer \u00d6tzi Glacier Tour&lt;\/em&gt;&lt;\/p&gt;&lt;p style=&quot;margin-left:2em;&quot;&gt;&lt;em&gt;&lt;strong&gt;italiano: &lt;\/strong&gt;Val Senales, estate 2015: Reinhold Messner presso la conca nella quale \u00e8 stato ritrovato \u00d6tzi, l\u2019Uomo venuto dal ghiaccio, durante l\u2019\u00d6tzi Glacier Tour&lt;\/em&gt;&lt;\/p&gt;&lt;p style=&quot;margin-left:2em;&quot;&gt;&lt;em&gt;&lt;strong&gt;english: &lt;\/strong&gt;Val Senales Valley, summer 2015: Reinhold Messner near the discovery site of \u00d6tzi, the Iceman, during the \u00d6tzi Glacier Tour&lt;\/em&gt;&lt;\/p&gt;&lt;p&gt;&lt;strong&gt;Fotograf:&lt;\/strong&gt; &lt;em&gt;Peter Santer&lt;\/em&gt;&lt;\/p&gt;&lt;p&gt;&lt;strong&gt;Gr\u00f6\u00dfe:&lt;\/strong&gt; &lt;em&gt;3718x3739px&lt;\/em&gt;&lt;\/p&gt;&lt;p&gt;&lt;strong&gt;Frei zur nicht-kommerziellen Ver\u00f6ffentlichung mit dem Vermerk:&lt;\/strong&gt; &lt;br&gt;&lt;em&gt;archeoParc Schnalstal, photo: Peter Santer&lt;\/em&gt;&lt;p&gt;&lt;a href=&quot;https:\/\/www.archeoparc.it\/wp-content\/uploads\/archeoparc-schnalstal-press-16041.jpg&quot; class=&quot;archeo_button&quot;&gt;Download&lt;\/a&gt; &lt;\/p&gt;' ><img src='https:\/\/www.archeoparc.it\/wp-content\/uploads\/archeoparc-schnalstal-press-16041-100x100.jpg'><\/a><\/li><\/ul>\n","protected":false},"excerpt":{"rendered":"<p>For publications, you will find a small, current selection of image material here that is available from the archeoParc. Please contact the museum management if you would like to use [&hellip;]<\/p>\n","protected":false},"author":6,"featured_media":0,"parent":945,"menu_order":0,"comment_status":"closed","ping_status":"open","template":"","meta":{"_acf_changed":false,"_tec_requires_first_save":true,"_EventAllDay":false,"_EventTimezone":"","_EventStartDate":"","_EventEndDate":"","_EventStartDateUTC":"","_EventEndDateUTC":"","_EventShowMap":false,"_EventShowMapLink":false,"_EventURL":"","_EventCost":"","_EventCostDescription":"","_EventCurrencySymbol":"","_EventCurrencyCode":"","_EventCurrencyPosition":"","_EventDateTimeSeparator":"","_EventTimeRangeSeparator":"","_EventOrganizerID":[],"_EventVenueID":[],"_OrganizerEmail":"","_OrganizerPhone":"","_OrganizerWebsite":"","_VenueAddress":"","_VenueCity":"","_VenueCountry":"","_VenueProvince":"","_VenueState":"","_VenueZip":"","_VenuePhone":"","_VenueURL":"","_VenueStateProvince":"","_VenueLat":"","_VenueLng":"","_VenueShowMap":false,"_VenueShowMapLink":false,"_tribe_blocks_recurrence_rules":"","_tribe_blocks_recurrence_description":"","_tribe_blocks_recurrence_exclusions":"","footnotes":""},"tags":[],"class_list":["post-953","page","type-page","status-publish","hentry"],"acf":[],"yoast_head":"<!-- This site is optimized with the Yoast SEO plugin v27.5 - https:\/\/yoast.com\/product\/yoast-seo-wordpress\/ -->\n<title>Press Images | archeoParc Schnalstal<\/title>\n<meta name=\"robots\" content=\"index, follow, max-snippet:-1, max-image-preview:large, max-video-preview:-1\" \/>\n<link rel=\"canonical\" href=\"https:\/\/www.archeoparc.it\/en\/press-office\/press-images\/\" \/>\n<meta name=\"twitter:label1\" content=\"Est. reading time\" \/>\n\t<meta name=\"twitter:data1\" content=\"1 minute\" \/>\n<script type=\"application\/ld+json\" class=\"yoast-schema-graph\">{\"@context\":\"https:\\\/\\\/schema.org\",\"@graph\":[{\"@type\":\"WebPage\",\"@id\":\"https:\\\/\\\/www.archeoparc.it\\\/en\\\/press-office\\\/press-images\\\/\",\"url\":\"https:\\\/\\\/www.archeoparc.it\\\/en\\\/press-office\\\/press-images\\\/\",\"name\":\"Press Images | archeoParc Schnalstal\",\"isPartOf\":{\"@id\":\"https:\\\/\\\/www.archeoparc.it\\\/#website\"},\"datePublished\":\"2012-12-13T20:35:05+00:00\",\"dateModified\":\"2025-04-24T11:03:09+00:00\",\"breadcrumb\":{\"@id\":\"https:\\\/\\\/www.archeoparc.it\\\/en\\\/press-office\\\/press-images\\\/#breadcrumb\"},\"inLanguage\":\"en-US\",\"potentialAction\":[{\"@type\":\"ReadAction\",\"target\":[\"https:\\\/\\\/www.archeoparc.it\\\/en\\\/press-office\\\/press-images\\\/\"]}]},{\"@type\":\"BreadcrumbList\",\"@id\":\"https:\\\/\\\/www.archeoparc.it\\\/en\\\/press-office\\\/press-images\\\/#breadcrumb\",\"itemListElement\":[{\"@type\":\"ListItem\",\"position\":1,\"name\":\"Press Office\",\"item\":\"https:\\\/\\\/www.archeoparc.it\\\/en\\\/press-office\\\/\"},{\"@type\":\"ListItem\",\"position\":2,\"name\":\"Press Images\"}]},{\"@type\":\"WebSite\",\"@id\":\"https:\\\/\\\/www.archeoparc.it\\\/#website\",\"url\":\"https:\\\/\\\/www.archeoparc.it\\\/\",\"name\":\"archeoParc Schnalstal\",\"description\":\"Arch\u00e4ologisches Freilichtmuseum\",\"publisher\":{\"@id\":\"https:\\\/\\\/www.archeoparc.it\\\/#organization\"},\"potentialAction\":[{\"@type\":\"SearchAction\",\"target\":{\"@type\":\"EntryPoint\",\"urlTemplate\":\"https:\\\/\\\/www.archeoparc.it\\\/?s={search_term_string}\"},\"query-input\":{\"@type\":\"PropertyValueSpecification\",\"valueRequired\":true,\"valueName\":\"search_term_string\"}}],\"inLanguage\":\"en-US\"},{\"@type\":\"Organization\",\"@id\":\"https:\\\/\\\/www.archeoparc.it\\\/#organization\",\"name\":\"archeoparc Schnalstal\",\"url\":\"https:\\\/\\\/www.archeoparc.it\\\/\",\"logo\":{\"@type\":\"ImageObject\",\"inLanguage\":\"en-US\",\"@id\":\"https:\\\/\\\/www.archeoparc.it\\\/#\\\/schema\\\/logo\\\/image\\\/\",\"url\":\"https:\\\/\\\/www.archeoparc.it\\\/wp-content\\\/uploads\\\/cropped-archeoparc_logo_sw.png\",\"contentUrl\":\"https:\\\/\\\/www.archeoparc.it\\\/wp-content\\\/uploads\\\/cropped-archeoparc_logo_sw.png\",\"width\":654,\"height\":211,\"caption\":\"archeoparc Schnalstal\"},\"image\":{\"@id\":\"https:\\\/\\\/www.archeoparc.it\\\/#\\\/schema\\\/logo\\\/image\\\/\"}}]}<\/script>\n<!-- \/ Yoast SEO plugin. -->","yoast_head_json":{"title":"Press Images | archeoParc Schnalstal","robots":{"index":"index","follow":"follow","max-snippet":"max-snippet:-1","max-image-preview":"max-image-preview:large","max-video-preview":"max-video-preview:-1"},"canonical":"https:\/\/www.archeoparc.it\/en\/press-office\/press-images\/","twitter_misc":{"Est. reading time":"1 minute"},"schema":{"@context":"https:\/\/schema.org","@graph":[{"@type":"WebPage","@id":"https:\/\/www.archeoparc.it\/en\/press-office\/press-images\/","url":"https:\/\/www.archeoparc.it\/en\/press-office\/press-images\/","name":"Press Images | archeoParc Schnalstal","isPartOf":{"@id":"https:\/\/www.archeoparc.it\/#website"},"datePublished":"2012-12-13T20:35:05+00:00","dateModified":"2025-04-24T11:03:09+00:00","breadcrumb":{"@id":"https:\/\/www.archeoparc.it\/en\/press-office\/press-images\/#breadcrumb"},"inLanguage":"en-US","potentialAction":[{"@type":"ReadAction","target":["https:\/\/www.archeoparc.it\/en\/press-office\/press-images\/"]}]},{"@type":"BreadcrumbList","@id":"https:\/\/www.archeoparc.it\/en\/press-office\/press-images\/#breadcrumb","itemListElement":[{"@type":"ListItem","position":1,"name":"Press Office","item":"https:\/\/www.archeoparc.it\/en\/press-office\/"},{"@type":"ListItem","position":2,"name":"Press Images"}]},{"@type":"WebSite","@id":"https:\/\/www.archeoparc.it\/#website","url":"https:\/\/www.archeoparc.it\/","name":"archeoParc Schnalstal","description":"Arch\u00e4ologisches Freilichtmuseum","publisher":{"@id":"https:\/\/www.archeoparc.it\/#organization"},"potentialAction":[{"@type":"SearchAction","target":{"@type":"EntryPoint","urlTemplate":"https:\/\/www.archeoparc.it\/?s={search_term_string}"},"query-input":{"@type":"PropertyValueSpecification","valueRequired":true,"valueName":"search_term_string"}}],"inLanguage":"en-US"},{"@type":"Organization","@id":"https:\/\/www.archeoparc.it\/#organization","name":"archeoparc Schnalstal","url":"https:\/\/www.archeoparc.it\/","logo":{"@type":"ImageObject","inLanguage":"en-US","@id":"https:\/\/www.archeoparc.it\/#\/schema\/logo\/image\/","url":"https:\/\/www.archeoparc.it\/wp-content\/uploads\/cropped-archeoparc_logo_sw.png","contentUrl":"https:\/\/www.archeoparc.it\/wp-content\/uploads\/cropped-archeoparc_logo_sw.png","width":654,"height":211,"caption":"archeoparc Schnalstal"},"image":{"@id":"https:\/\/www.archeoparc.it\/#\/schema\/logo\/image\/"}}]}},"_links":{"self":[{"href":"https:\/\/www.archeoparc.it\/en\/wp-json\/wp\/v2\/pages\/953","targetHints":{"allow":["GET"]}}],"collection":[{"href":"https:\/\/www.archeoparc.it\/en\/wp-json\/wp\/v2\/pages"}],"about":[{"href":"https:\/\/www.archeoparc.it\/en\/wp-json\/wp\/v2\/types\/page"}],"author":[{"embeddable":true,"href":"https:\/\/www.archeoparc.it\/en\/wp-json\/wp\/v2\/users\/6"}],"replies":[{"embeddable":true,"href":"https:\/\/www.archeoparc.it\/en\/wp-json\/wp\/v2\/comments?post=953"}],"version-history":[{"count":6,"href":"https:\/\/www.archeoparc.it\/en\/wp-json\/wp\/v2\/pages\/953\/revisions"}],"predecessor-version":[{"id":52935,"href":"https:\/\/www.archeoparc.it\/en\/wp-json\/wp\/v2\/pages\/953\/revisions\/52935"}],"up":[{"embeddable":true,"href":"https:\/\/www.archeoparc.it\/en\/wp-json\/wp\/v2\/pages\/945"}],"wp:attachment":[{"href":"https:\/\/www.archeoparc.it\/en\/wp-json\/wp\/v2\/media?parent=953"}],"wp:term":[{"taxonomy":"post_tag","embeddable":true,"href":"https:\/\/www.archeoparc.it\/en\/wp-json\/wp\/v2\/tags?post=953"}],"curies":[{"name":"wp","href":"https:\/\/api.w.org\/{rel}","templated":true}]}}