{"id":852,"date":"2012-12-13T21:15:26","date_gmt":"2012-12-13T20:15:26","guid":{"rendered":"http:\/\/archeo.pixelcreatures.at\/?page_id=852"},"modified":"2025-05-01T14:25:12","modified_gmt":"2025-05-01T12:25:12","slug":"da-vedere","status":"publish","type":"page","link":"https:\/\/www.archeoparc.it\/it\/visita\/da-vedere\/","title":{"rendered":"Da vedere"},"content":{"rendered":"<p>Il Neolitico in 5.000 mq. L\u2019archeoParc \u00e8 situato in Val Senales\/Alto Adige, a poca distanza dal sito di ritrovamento di \u00d6tzi. Il parco-museo didattico all&#8217;aperto racconta come e dove l\u2019Uomo venuto dal ghiaccio viveva insieme ai suoi contemporanei 5300 anni fa e della fortunata serie di coincidenze che hanno portato alla sua scoperta&#8230;<\/p>\n<p>Ecco cosa significa: Vi invitiamo a visitare due mostre permanenti e l&#8217;area all&#8217;aperto con ricostruzioni di case neolitiche. Qui si svolge il programma giornaliero\u00a0 composto da dimostrazioni e attivit\u00e0 per i visitatori. Insieme cerchiamo di ricostruire un pezzo della preistoria, di avvicinarci ad essa e di toccarla con mano.<\/p>\n<p>Il nostro approccio ludico-creativo viene reso possibile anche dai colleghi del <a title=\"Museo Archeologico di Bolzano\" href=\"https:\/\/www.iceman.it\/oetzi-luomo-venuto-dal-ghiaccio\/\" target=\"_blank\" rel=\"noopener noreferrer\">Museo Archeologico di Bolzano<\/a>, che provvedono alla conservazione e presentazione al pubblico della vera mummia dei ghiacci e dei suoi reperti originali.<\/p>\n<p>Le attrattive all\u2019archeoParc sono molteplici. Tra tutte, le dieci preferite dai visitatori sono:<\/p>\n<p><div class=\"arconix-column-one-fourth\"><\/div> <div class=\"arconix-column-one-half\">\n<ul>\n<li>l&#8217;esposizione &#8220;Ma \u00d6tzi, dove viveva?&#8221; con<a href=\"https:\/\/www.archeoparc.it\/it\/visita\/da-vedere\/#mostra\"> le repliche dell&#8217;equipaggiamento di \u00d6tzi\u00a0<\/a><\/li>\n<li>la <a href=\"https:\/\/www.archeoparc.it\/it\/visita\/da-vedere\/#dimostrazione-fuoco\">dimostrazione dell&#8217;accensione del fuoco<\/a> nella casa ricostruita Villanders-Plunacker<\/li>\n<li>la vista sul luogo di ritrovamento attraverso <a href=\"https:\/\/www.archeoparc.it\/it\/visita\/da-vedere\/#cannocchiale\">il cannocchiale<\/a><\/li>\n<li><a href=\"https:\/\/www.archeoparc.it\/it\/visita\/da-vedere\/#area-laboratori\">l&#8217;area laboratori<\/a> con la capanna del pane<\/li>\n<li><a href=\"https:\/\/www.archeoparc.it\/it\/visita\/da-vedere\/#pontile\">il pontile della piroga monossile<\/a><\/li>\n<li><a href=\"https:\/\/www.archeoparc.it\/it\/visita\/da-vedere\/#area-tiro-con-arco\">l&#8217;area del tiro con l&#8217;arco<\/a><\/li>\n<li><a href=\"https:\/\/www.archeoparc.it\/it\/visita\/da-vedere\/#caffetteria\">la caffetteria<\/a><\/li>\n<li><a href=\"https:\/\/www.archeoparc.it\/it\/visita\/da-vedere\/#bookshop\">il bookshop<\/a><\/li>\n<\/ul>\n<\/div><div class=\"arconix-column-one-fourth arconix-column-last\"><\/div><div style=\"clear:both;\"><\/div><\/p>\n<p><iframe loading=\"lazy\"  id=\"_ytid_82790\"  width=\"480\" height=\"270\"  data-origwidth=\"480\" data-origheight=\"270\"  data-relstop=\"1\" src=\"https:\/\/www.youtube.com\/embed\/qTo5MUODhts?enablejsapi=1&#038;autoplay=0&#038;cc_load_policy=0&#038;cc_lang_pref=&#038;iv_load_policy=1&#038;loop=0&#038;rel=0&#038;fs=1&#038;playsinline=0&#038;autohide=2&#038;theme=dark&#038;color=red&#038;controls=1&#038;disablekb=0&#038;\" class=\"__youtube_prefs__  epyt-is-override  no-lazyload\" title=\"YouTube player\"  allow=\"fullscreen; accelerometer; autoplay; clipboard-write; encrypted-media; gyroscope; picture-in-picture; web-share\" referrerpolicy=\"strict-origin-when-cross-origin\" allowfullscreen data-no-lazy=\"1\" data-skipgform_ajax_framebjll=\"\"><\/iframe><\/p>\n<p>A seconda dell&#8217;interesse e del tempo a disposizione potete scegliere tra tre persorsi:<\/p>\n<div class=\"arconix-column-one-half\">\n<p><img loading=\"lazy\" decoding=\"async\" class=\"size-full wp-image-9828\" src=\"https:\/\/www.archeoparc.it\/wp-content\/uploads\/archeoparc-schnalstal-press-17002.jpg\" alt=\"Jungsteinzeitliche Hausrekonstruktion Villanders-Plunacker im neugestalteten Freilichtbereich des archeoParc Schnalstal&lt;br\/&gt; Ricostruzione della casa neolitica Villandro-Plunacker nella nuova area all\u0092aperto archeoParc Val Senales &lt;br\/&gt;Neolithic house reconstruction Villandro-Plunacker at the new open-air area of archeoParc Val Senales &lt;br\/&gt;&lt;br\/&gt; Villanders \u0096 Plunacker (I), 2710 B.C.\" width=\"4288\" height=\"2848\" srcset=\"https:\/\/www.archeoparc.it\/wp-content\/uploads\/archeoparc-schnalstal-press-17002.jpg 4288w, https:\/\/www.archeoparc.it\/wp-content\/uploads\/archeoparc-schnalstal-press-17002-300x200.jpg 300w, https:\/\/www.archeoparc.it\/wp-content\/uploads\/archeoparc-schnalstal-press-17002-1024x680.jpg 1024w, https:\/\/www.archeoparc.it\/wp-content\/uploads\/archeoparc-schnalstal-press-17002-676x449.jpg 676w\" sizes=\"auto, (max-width: 4288px) 100vw, 4288px\" \/><\/p>\n<\/div><div class=\"arconix-column-one-half arconix-column-last\">\n<p>Percorso 1 comprende le esposizioni indoor, le capanne Valli Alpine con la capanna delle dimostrazioni (dimostrazione del accensione del fuoco), il bookshop e la caffetteria.<\/p>\n<\/div><div style=\"clear:both;\"><\/div><\/p>\n<div class=\"arconix-column-one-half\">\n<p><img loading=\"lazy\" decoding=\"async\" width=\"3648\" height=\"2736\" class=\"wp-image-5877 size-full\" src=\"https:\/\/www.archeoparc.it\/wp-content\/uploads\/archeoparc-schnalstal-press-16009.jpg\" alt=\"&quot;Zwei\" srcset=\"https:\/\/www.archeoparc.it\/wp-content\/uploads\/archeoparc-schnalstal-press-16009.jpg 3648w, https:\/\/www.archeoparc.it\/wp-content\/uploads\/archeoparc-schnalstal-press-16009-300x225.jpg 300w, https:\/\/www.archeoparc.it\/wp-content\/uploads\/archeoparc-schnalstal-press-16009-1024x768.jpg 1024w, https:\/\/www.archeoparc.it\/wp-content\/uploads\/archeoparc-schnalstal-press-16009-676x507.jpg 676w\" sizes=\"auto, (max-width: 3648px) 100vw, 3648px\" \/><\/p>\n<\/div><div class=\"arconix-column-one-half arconix-column-last\">\n<p>Percorso 2 con le capanne Prealpi Settentrionali e l&#8217;area laboratori.<\/p>\n<\/div><div style=\"clear:both;\"><\/div><\/p>\n<div class=\"arconix-column-one-half\">\n<p><img loading=\"lazy\" decoding=\"async\" width=\"3302\" height=\"2345\" class=\"size-full wp-image-10396\" src=\"https:\/\/www.archeoparc.it\/wp-content\/uploads\/archeoparc-schnalstal-press-17005-1.jpg\" alt=\"&quot;Ein\" srcset=\"https:\/\/www.archeoparc.it\/wp-content\/uploads\/archeoparc-schnalstal-press-17005-1.jpg 3302w, https:\/\/www.archeoparc.it\/wp-content\/uploads\/archeoparc-schnalstal-press-17005-1-1536x1091.jpg 1536w, https:\/\/www.archeoparc.it\/wp-content\/uploads\/archeoparc-schnalstal-press-17005-1-2048x1454.jpg 2048w, https:\/\/www.archeoparc.it\/wp-content\/uploads\/archeoparc-schnalstal-press-17005-1-300x213.jpg 300w, https:\/\/www.archeoparc.it\/wp-content\/uploads\/archeoparc-schnalstal-press-17005-1-1024x727.jpg 1024w, https:\/\/www.archeoparc.it\/wp-content\/uploads\/archeoparc-schnalstal-press-17005-1-676x480.jpg 676w\" sizes=\"auto, (max-width: 3302px) 100vw, 3302px\" \/><\/p>\n<\/div><div class=\"arconix-column-one-half arconix-column-last\">\n<p>Percorso 3 con le capanne Pianura del Po, il pontile della piroga monossile e l&#8217;area del tiro con l&#8217;arco.<\/p>\n<\/div><div style=\"clear:both;\"><\/div><\/p>\n<p>Per una visita breve si adice il Percorso 1 (circa un&#8217;ora). A chi \u00e8 interessato a tecniche artigianali antiche e alle famiglie con bambini consigliamo di visitare l\u2019area laboratori, il poligono del tiro con l\u2019arco e il pontile della piroga monossile, programmando 3 &#8211; 4 ore di permanenza.<\/p>\n<p>Il Percorso 3 rimane chiuso in caso di umidit\u00e0 del suolo e con condizioni atmosferiche avverse. Per il Percorso 1 \u00e8 acquistabile un biglietto a parte.<br \/>\n<a title=\"Orari d'apertura\" href=\"https:\/\/www.archeoparc.it\/it\/visita\/info-pratiche\/#orari\">Orari d&#8217;apertura<\/a><br \/>\n<a title=\"prezzi\" href=\"https:\/\/www.archeoparc.it\/it\/visita\/info-pratiche\/#tariffe\">Prezzi<\/a><br \/>\n<a title=\"calendario\" href=\"https:\/\/www.archeoparc.it\/it\/calendario\/\">Calendario<\/a><\/p>\n<h1><\/h1>\n<h1 style=\"text-align: center;\">IL CENTRO VISITATORI<\/h1>\n<p>Nel centro visistatori si trovano l&#8217;atrio, le sale espositive, il bookshop, la caffetteria e il cinema.<\/p>\n<p><strong>\u00a0<\/strong><\/p>\n<blockquote>\n<h2>Mostre in corso<\/h2>\n<p>Percorso 1<\/p>\n<p>Nelle mostre permanenti <a href=\"https:\/\/www.archeoparc.it\/it\/chi-siamo\/mostre\/\">&#8220;Ma \u00d6tzi, dove viveva?&#8221;<\/a> e <a href=\"https:\/\/www.archeoparc.it\/it\/chi-siamo\/mostre\/\">&#8220;La scoperta&#8221;<\/a> articolate sui tre piani del centro visitatori, i visitatori trovano pannelli descrittivi e esponati sulla storia del ritrovamento e sull&#8217;ambiente di vita di \u00d6tzi, repliche fedeli del suo abbigliamento e equipaggiamento da toccare, stazioni mediali e interattive e un modello della conca rocciosa nella quale fu trovata la mummia. Per bambini e visitatori &#8220;tocca a fuga&#8221; versioni di testo su misura.<\/p>\n<p>A cadenze regolari organizziamo anche <a href=\"https:\/\/www.archeoparc.it\/it\/chi-siamo\/mostre\/#mostre-temporanee-in-corso\">mostre temporanee<\/a> a tema. La mostra temporanea 2020 &#8220;Il pane&#8221; si dedica alla storia della panificazione. Nella caffetteria saranno esposte fotografie di Caroline Renzler.<\/p>\n<div data-carousel-extra='{\"blog_id\":1,\"permalink\":\"https:\\\/\\\/www.archeoparc.it\\\/it\\\/visita\\\/da-vedere\\\/\"}' class=\"tiled-gallery type-square\" data-original-width=\"500\"><div class=\"tiled-gallery-item\"><a border=\"0\" href=\"https:\/\/www.archeoparc.it\/it\/2018\/giornata-internazionale-dei-musei-2018\/rekonstruktionen-von-oetzis-kleidung-und-ausruestungsgegenstaenden-zum-anfassen-in-der-ausstellung-flora-fauna-menschricostruzioni-dell%c2%92abbigliamento-e-dell%c2%92equipaggiamento-di-oetzi-da-t-2\/\"><img decoding=\"async\" data-attachment-id=\"15993\" data-orig-file=\"https:\/\/www.archeoparc.it\/wp-content\/uploads\/archeoparc-schnalstal-18007.jpg\" data-orig-size=\"1200,797\" data-comments-opened=\"0\" data-image-meta=\"{&quot;aperture&quot;:&quot;13&quot;,&quot;credit&quot;:&quot;www.archeoparc.it&quot;,&quot;camera&quot;:&quot;NIKON D90&quot;,&quot;caption&quot;:&quot;&quot;,&quot;created_timestamp&quot;:&quot;1501766599&quot;,&quot;copyright&quot;:&quot;archeoParc Schnalstal, photo: Johanna Niederkofler&quot;,&quot;focal_length&quot;:&quot;35&quot;,&quot;iso&quot;:&quot;250&quot;,&quot;shutter_speed&quot;:&quot;0.625&quot;,&quot;title&quot;:&quot;Rekonstruktionen von \\u00d6tzis Kleidung und Ausr\\u00fcstungsgegenst\\u00e4nden zum Anfassen in der Ausstellung \\&quot;Flora, Fauna, Mensch\\&quot;&lt;br \\\/&gt;Ricostruzioni dell\\u0092abbigliamento e dell\\u0092equipaggiamento di \\u00d6tzi da toccare nella mostra \\u0093Ma \\u00d6tzi, dove viveva?\\u0094 &lt;br \\\/&gt; In the exhibition \\u0093Primitive? Skilled!\\u0094 visitors can see and touch reconstructions of \\u00d6tzi\\u0092s cloths and equipment&quot;,&quot;orientation&quot;:&quot;1&quot;}\" data-image-title=\"Rekonstruktionen von \u00d6tzis Kleidung und Ausr\u00fcstungsgegenst\u00e4nden zum Anfassen in der Ausstellung &#8220;Flora, Fauna, Mensch&#8221;&lt;br \/&gt;Ricostruzioni dell\u0092abbigliamento e dell\u0092equipaggiamento di \u00d6tzi da toccare nella mostra \u0093Ma \u00d6tzi, dove viveva?\u0094 &lt;br \/&gt; In the exhibition \u0093Primitive? Skilled!\u0094 visitors can see and touch reconstructions of \u00d6tzi\u0092s cloths and equipment\" data-image-description=\"&lt;p&gt;www.archeoparc.it&lt;\/p&gt;\n\" data-medium-file=\"https:\/\/www.archeoparc.it\/wp-content\/uploads\/archeoparc-schnalstal-18007-300x199.jpg\" data-large-file=\"https:\/\/www.archeoparc.it\/wp-content\/uploads\/archeoparc-schnalstal-18007-1024x680.jpg\" style=\"margin: 2px\" src=\"https:\/\/www.archeoparc.it\/wp-content\/uploads\/archeoparc-schnalstal-18007-494x494.jpg\" width=494 height=494 title=\"Rekonstruktionen von \u00d6tzis Kleidung und Ausr\u00fcstungsgegenst\u00e4nden zum Anfassen in der Ausstellung &quot;Flora, Fauna, Mensch&quot;&lt;br \/&gt;Ricostruzioni dell\u0092abbigliamento e dell\u0092equipaggiamento di \u00d6tzi da toccare nella mostra \u0093Ma \u00d6tzi, dove viveva?\u0094 &lt;br \/&gt; In the exhibition \u0093Primitive? Skilled!\u0094 visitors can see and touch reconstructions of \u00d6tzi\u0092s cloths and equipment\" \/><\/a><div class=\"tiled-gallery-caption\">archeoParc Schnalstal, photo: Johanna Niederkofler<\/div><\/div><div class=\"tiled-gallery-item\"><a border=\"0\" href=\"https:\/\/www.archeoparc.it\/it\/?attachment_id=15991\"><img decoding=\"async\" data-attachment-id=\"15991\" data-orig-file=\"https:\/\/www.archeoparc.it\/wp-content\/uploads\/archeoparc-schnalstal-18006.jpg\" data-orig-size=\"1200,794\" data-comments-opened=\"0\" data-image-meta=\"{&quot;aperture&quot;:&quot;1.8&quot;,&quot;credit&quot;:&quot;www.archeoparc.it&quot;,&quot;camera&quot;:&quot;NIKON D90&quot;,&quot;caption&quot;:&quot;&quot;,&quot;created_timestamp&quot;:&quot;1501605277&quot;,&quot;copyright&quot;:&quot;archeoParc Schnalstal, photo: Johanna Niederkofler&quot;,&quot;focal_length&quot;:&quot;35&quot;,&quot;iso&quot;:&quot;2000&quot;,&quot;shutter_speed&quot;:&quot;0.003125&quot;,&quot;title&quot;:&quot;Eine der Mitmachstationen in der Ausstellung zum \\u00d6tzifund &lt;br \\\/&gt;Una delle attivit\\u00e0 proposte ai visitatori nell&#039;esposizione \\&quot;La scoperta\\&quot;&lt;br \\\/&gt;One of the hands-on activities proposed in the exhibition \\&quot;The discovery\\&quot;&quot;,&quot;orientation&quot;:&quot;1&quot;}\" data-image-title=\"Eine der Mitmachstationen in der Ausstellung zum \u00d6tzifund &lt;br \/&gt;Una delle attivit\u00e0 proposte ai visitatori nell&#8217;esposizione &#8220;La scoperta&#8221;&lt;br \/&gt;One of the hands-on activities proposed in the exhibition &#8220;The discovery&#8221;\" data-image-description=\"&lt;p&gt;www.archeoparc.it&lt;\/p&gt;\n\" data-medium-file=\"https:\/\/www.archeoparc.it\/wp-content\/uploads\/archeoparc-schnalstal-18006-300x199.jpg\" data-large-file=\"https:\/\/www.archeoparc.it\/wp-content\/uploads\/archeoparc-schnalstal-18006-1024x678.jpg\" style=\"margin: 2px\" src=\"https:\/\/www.archeoparc.it\/wp-content\/uploads\/archeoparc-schnalstal-18006-162x162.jpg\" width=162 height=162 title=\"Eine der Mitmachstationen in der Ausstellung zum \u00d6tzifund &lt;br \/&gt;Una delle attivit\u00e0 proposte ai visitatori nell&#039;esposizione &quot;La scoperta&quot;&lt;br \/&gt;One of the hands-on activities proposed in the exhibition &quot;The discovery&quot;\" \/><\/a><div class=\"tiled-gallery-caption\">archeoParc Schnalstal, photo: Johanna Niederkofler<\/div><\/div><div class=\"tiled-gallery-item\"><a border=\"0\" href=\"https:\/\/www.archeoparc.it\/it\/?attachment_id=15995\"><img decoding=\"async\" data-attachment-id=\"15995\" data-orig-file=\"https:\/\/www.archeoparc.it\/wp-content\/uploads\/archeoparc-schnalstal-18009-1.jpg\" data-orig-size=\"1900,1267\" data-comments-opened=\"0\" data-image-meta=\"{&quot;aperture&quot;:&quot;0&quot;,&quot;credit&quot;:&quot;www.archeoparc.it&quot;,&quot;camera&quot;:&quot;&quot;,&quot;caption&quot;:&quot;&quot;,&quot;created_timestamp&quot;:&quot;0&quot;,&quot;copyright&quot;:&quot;archeoParc Schnalstal, photo: Peter Santer&quot;,&quot;focal_length&quot;:&quot;0&quot;,&quot;iso&quot;:&quot;0&quot;,&quot;shutter_speed&quot;:&quot;0&quot;,&quot;title&quot;:&quot;Modell der \\u00d6tzifundstelle im Ma\\u00dfstab 1:3&lt;br \\\/&gt;Modello in scala 1:3 della conca rocciosa dove fu trovato \\u00d6tzi&lt;br \\\/&gt;\\u00d6tzi\\u0092s discovery site in 1:3 scale&quot;,&quot;orientation&quot;:&quot;0&quot;}\" data-image-title=\"Modell der \u00d6tzifundstelle im Ma\u00dfstab 1:3&lt;br \/&gt;Modello in scala 1:3 della conca rocciosa dove fu trovato \u00d6tzi&lt;br \/&gt;\u00d6tzi\u0092s discovery site in 1:3 scale\" data-image-description=\"&lt;p&gt;www.archeoparc.it&lt;\/p&gt;\n\" data-medium-file=\"https:\/\/www.archeoparc.it\/wp-content\/uploads\/archeoparc-schnalstal-18009-1-300x200.jpg\" data-large-file=\"https:\/\/www.archeoparc.it\/wp-content\/uploads\/archeoparc-schnalstal-18009-1-1024x683.jpg\" style=\"margin: 2px\" src=\"https:\/\/www.archeoparc.it\/wp-content\/uploads\/archeoparc-schnalstal-18009-1-162x162.jpg\" width=162 height=162 title=\"Modell der \u00d6tzifundstelle im Ma\u00dfstab 1:3&lt;br \/&gt;Modello in scala 1:3 della conca rocciosa dove fu trovato \u00d6tzi&lt;br \/&gt;\u00d6tzi\u0092s discovery site in 1:3 scale\" \/><\/a><div class=\"tiled-gallery-caption\">archeoParc Schnalstal, photo: Peter Santer<\/div><\/div><div class=\"tiled-gallery-item\"><a border=\"0\" href=\"https:\/\/www.archeoparc.it\/it\/?attachment_id=16005\"><img decoding=\"async\" data-attachment-id=\"16005\" data-orig-file=\"https:\/\/www.archeoparc.it\/wp-content\/uploads\/archeoparc-schnalstal-18008.jpg\" data-orig-size=\"1200,797\" data-comments-opened=\"0\" data-image-meta=\"{&quot;aperture&quot;:&quot;1.8&quot;,&quot;credit&quot;:&quot;www.archeoparc.it&quot;,&quot;camera&quot;:&quot;NIKON D90&quot;,&quot;caption&quot;:&quot;&quot;,&quot;created_timestamp&quot;:&quot;1504712096&quot;,&quot;copyright&quot;:&quot;archeoParc Schnalstal, photo:Johanna Niederkofler&quot;,&quot;focal_length&quot;:&quot;35&quot;,&quot;iso&quot;:&quot;500&quot;,&quot;shutter_speed&quot;:&quot;0.05&quot;,&quot;title&quot;:&quot;Modell eines pr\\u00e4historischen Auwaldes in der Ausstellung \\u0084Flora Fauna Mensch\\u0093&lt;br \\\/&gt;Ricostruzione di un bosco preistorico nella mostra \\u0084Ma \\u00d6tzi, dove viveva?\\u0094 &lt;br \\\/&gt; The reconstruction of a prehistoric wood in the exhibition \\u0093Primitive? Skilled!\\u0094&quot;,&quot;orientation&quot;:&quot;1&quot;}\" data-image-title=\"Modell eines pr\u00e4historischen Auwaldes in der Ausstellung \u0084Flora Fauna Mensch\u0093&lt;br \/&gt;Ricostruzione di un bosco preistorico nella mostra \u0084Ma \u00d6tzi, dove viveva?\u0094 &lt;br \/&gt; The reconstruction of a prehistoric wood in the exhibition \u0093Primitive? Skilled!\u0094\" data-image-description=\"&lt;p&gt;www.archeoparc.it&lt;\/p&gt;\n\" data-medium-file=\"https:\/\/www.archeoparc.it\/wp-content\/uploads\/archeoparc-schnalstal-18008-300x199.jpg\" data-large-file=\"https:\/\/www.archeoparc.it\/wp-content\/uploads\/archeoparc-schnalstal-18008-1024x680.jpg\" style=\"margin: 2px\" src=\"https:\/\/www.archeoparc.it\/wp-content\/uploads\/archeoparc-schnalstal-18008-162x162.jpg\" width=162 height=162 title=\"Modell eines pr\u00e4historischen Auwaldes in der Ausstellung \u0084Flora Fauna Mensch\u0093&lt;br \/&gt;Ricostruzione di un bosco preistorico nella mostra \u0084Ma \u00d6tzi, dove viveva?\u0094 &lt;br \/&gt; The reconstruction of a prehistoric wood in the exhibition \u0093Primitive? Skilled!\u0094\" \/><\/a><div class=\"tiled-gallery-caption\">archeoParc Schnalstal, photo:Johanna Niederkofler<\/div><\/div><\/div><\/blockquote>\n<p>Cosa trovate ancora nel centro visitatori:<br \/>\n<a href=\"https:\/\/www.archeoparc.it\/it\/visita\/da-vedere\/#caffetteria\">caffetteria<\/a><br \/>\n<a href=\"https:\/\/www.archeoparc.it\/it\/visita\/da-vedere\/#bookshop\">bookshop<\/a><\/p>\n<h1 style=\"text-align: center;\"><\/h1>\n<h1 style=\"text-align: center;\">L&#8217;AREA\u00a0 ALL&#8217;APERTO<\/h1>\n<blockquote>\n<h2>Capann<a id=\"capanne-neolitiche\"><\/a>e neolitiche<\/h2>\n<p>Percorso 1 (e altri)<\/p>\n<p>Nell\u2019area all\u2019aperto si trovano nove capanne neolitiche a grandezza naturale, per la cui ricostruzione ci siamo avvalsi dei dati archeologici di scavo tratti da diversi villaggi neolitici e di materiali analoghi, per quanto noto, agli originali.<\/p>\n<p>Le ricostruzioni sono raggruppati in tre&#8221;villaggi&#8221;: capanne delle Valli alpine, capanne delle Prealpi Settentrionali e capanne della Pianura del Po. Ci danno un&#8217;idea di come si costruiva e viveva ai tempi di \u00d6tzi.<\/p>\n<div data-carousel-extra='{\"blog_id\":1,\"permalink\":\"https:\\\/\\\/www.archeoparc.it\\\/it\\\/visita\\\/da-vedere\\\/\"}' class=\"tiled-gallery type-square\" data-original-width=\"500\"><div class=\"tiled-gallery-item\"><a border=\"0\" href=\"https:\/\/www.archeoparc.it\/it\/?attachment_id=15481\"><img decoding=\"async\" data-attachment-id=\"15481\" data-orig-file=\"https:\/\/www.archeoparc.it\/wp-content\/uploads\/archeoparc-schnalstal-17022.jpg\" data-orig-size=\"1200,797\" data-comments-opened=\"0\" data-image-meta=\"{&quot;aperture&quot;:&quot;1.8&quot;,&quot;credit&quot;:&quot;www.archeoparc.it&quot;,&quot;camera&quot;:&quot;NIKON D90&quot;,&quot;caption&quot;:&quot;&quot;,&quot;created_timestamp&quot;:&quot;1478707740&quot;,&quot;copyright&quot;:&quot;archeoParc Schnalstal, photo: Johanna Niederkofler&quot;,&quot;focal_length&quot;:&quot;35&quot;,&quot;iso&quot;:&quot;200&quot;,&quot;shutter_speed&quot;:&quot;0.000625&quot;,&quot;title&quot;:&quot;Die Hausrekonstruktion Brescia-San Polo &lt;br \\\/&gt;La casa neolitica ricostruita Brescia-San Polo&lt;br \\\/&gt;The house reconstruction Brescia-San Polo&lt;br \\\/&gt;&lt;br \\\/&gt;2.600 B.C.&lt;br \\\/&gt;Brescia-San Polo, I&quot;,&quot;orientation&quot;:&quot;1&quot;}\" data-image-title=\"Die Hausrekonstruktion Brescia-San Polo &lt;br \/&gt;La casa neolitica ricostruita Brescia-San Polo&lt;br \/&gt;The house reconstruction Brescia-San Polo&lt;br \/&gt;&lt;br \/&gt;2.600 B.C.&lt;br \/&gt;Brescia-San Polo, I\" data-image-description=\"&lt;p&gt;www.archeoparc.it&lt;\/p&gt;\n\" data-medium-file=\"https:\/\/www.archeoparc.it\/wp-content\/uploads\/archeoparc-schnalstal-17022-300x199.jpg\" data-large-file=\"https:\/\/www.archeoparc.it\/wp-content\/uploads\/archeoparc-schnalstal-17022-1024x680.jpg\" style=\"margin: 2px\" src=\"https:\/\/www.archeoparc.it\/wp-content\/uploads\/archeoparc-schnalstal-17022-494x494.jpg\" width=494 height=494 title=\"Die Hausrekonstruktion Brescia-San Polo &lt;br \/&gt;La casa neolitica ricostruita Brescia-San Polo&lt;br \/&gt;The house reconstruction Brescia-San Polo&lt;br \/&gt;&lt;br \/&gt;2.600 B.C.&lt;br \/&gt;Brescia-San Polo, I\" \/><\/a><div class=\"tiled-gallery-caption\">archeoParc Schnalstal, photo: Johanna Niederkofler<\/div><\/div><div class=\"tiled-gallery-item\"><a border=\"0\" href=\"https:\/\/www.archeoparc.it\/it\/?attachment_id=15509\"><img decoding=\"async\" data-attachment-id=\"15509\" data-orig-file=\"https:\/\/www.archeoparc.it\/wp-content\/uploads\/archeoparc-schnalstal-17030.jpg\" data-orig-size=\"1200,900\" data-comments-opened=\"0\" data-image-meta=\"{&quot;aperture&quot;:&quot;5.6&quot;,&quot;credit&quot;:&quot;www.archeoparc.it&quot;,&quot;camera&quot;:&quot;E-3&quot;,&quot;caption&quot;:&quot;&quot;,&quot;created_timestamp&quot;:&quot;1309622034&quot;,&quot;copyright&quot;:&quot;archeoParc Schnalstal, photo: ganeshGraphics&quot;,&quot;focal_length&quot;:&quot;21&quot;,&quot;iso&quot;:&quot;100&quot;,&quot;shutter_speed&quot;:&quot;0.005&quot;,&quot;title&quot;:&quot;Zwei jungsteinzeitliche Hausmodelle im Freilichtbereich des archeoParc Schnalstal&lt;br \\\/&gt;Due ricostruzioni di capanne dell\\u0092epoca di \\u00d6tzi nell\\u0092area all\\u0092aperto dell\\u0092archeoParc della val Senales &lt;br \\\/&gt; Two neolithic house reconstructions at the archeoParc Val Senales&lt;br \\\/&gt;&lt;br \\\/&gt;Alleshausen-Grundwiesen (D), 2900-2600 B.C.&quot;,&quot;orientation&quot;:&quot;1&quot;}\" data-image-title=\"Zwei jungsteinzeitliche Hausmodelle im Freilichtbereich des archeoParc Schnalstal&lt;br \/&gt;Due ricostruzioni di capanne dell\u0092epoca di \u00d6tzi nell\u0092area all\u0092aperto dell\u0092archeoParc della val Senales &lt;br \/&gt; Two neolithic house reconstructions at the archeoParc Val Senales&lt;br \/&gt;&lt;br \/&gt;Alleshausen-Grundwiesen (D), 2900-2600 B.C.\" data-image-description=\"&lt;p&gt;www.archeoparc.it&lt;\/p&gt;\n\" data-medium-file=\"https:\/\/www.archeoparc.it\/wp-content\/uploads\/archeoparc-schnalstal-17030-300x225.jpg\" data-large-file=\"https:\/\/www.archeoparc.it\/wp-content\/uploads\/archeoparc-schnalstal-17030-1024x768.jpg\" style=\"margin: 2px\" src=\"https:\/\/www.archeoparc.it\/wp-content\/uploads\/archeoparc-schnalstal-17030-162x162.jpg\" width=162 height=162 title=\"Zwei jungsteinzeitliche Hausmodelle im Freilichtbereich des archeoParc Schnalstal&lt;br \/&gt;Due ricostruzioni di capanne dell\u0092epoca di \u00d6tzi nell\u0092area all\u0092aperto dell\u0092archeoParc della val Senales &lt;br \/&gt; Two neolithic house reconstructions at the archeoParc Val Senales&lt;br \/&gt;&lt;br \/&gt;Alleshausen-Grundwiesen (D), 2900-2600 B.C.\" \/><\/a><div class=\"tiled-gallery-caption\">archeoParc Schnalstal, photo: ganeshGraphics<\/div><\/div><div class=\"tiled-gallery-item\"><a border=\"0\" href=\"https:\/\/www.archeoparc.it\/it\/?attachment_id=15479\"><img decoding=\"async\" data-attachment-id=\"15479\" data-orig-file=\"https:\/\/www.archeoparc.it\/wp-content\/uploads\/archeoparc-schnalstal-17021.jpg\" data-orig-size=\"1200,797\" data-comments-opened=\"0\" data-image-meta=\"{&quot;aperture&quot;:&quot;1.8&quot;,&quot;credit&quot;:&quot;www.archeoparc.it&quot;,&quot;camera&quot;:&quot;NIKON D90&quot;,&quot;caption&quot;:&quot;&quot;,&quot;created_timestamp&quot;:&quot;1479480565&quot;,&quot;copyright&quot;:&quot;archeoParc Schnalstal, photo: Johanna Niederkofler&quot;,&quot;focal_length&quot;:&quot;35&quot;,&quot;iso&quot;:&quot;500&quot;,&quot;shutter_speed&quot;:&quot;0.0005&quot;,&quot;title&quot;:&quot;Hausrekonstruktion Villanders-Plunacker im archeoParcfreigl\\u00e4nde&lt;br \\\/&gt;Casa neolitica ricostruita Villanders-Plunacker, nell\\u0092area all\\u0092aperto dell\\u0092archeoParc Val Senales&lt;br \\\/&gt;Neolitic housereconstruction Villanders-Plunacker at the open-air area of archeoParc Val Senales &lt;br \\\/&gt;&lt;br \\\/&gt; 2710 B.C.&lt;br \\\/&gt;Villanders-Plunacker, I&quot;,&quot;orientation&quot;:&quot;1&quot;}\" data-image-title=\"Hausrekonstruktion Villanders-Plunacker im archeoParcfreigl\u00e4nde&lt;br \/&gt;Casa neolitica ricostruita Villanders-Plunacker, nell\u0092area all\u0092aperto dell\u0092archeoParc Val Senales&lt;br \/&gt;Neolitic housereconstruction Villanders-Plunacker at the open-air area of archeoParc Val Senales &lt;br \/&gt;&lt;br \/&gt; 2710 B.C.&lt;br \/&gt;Villanders-Plunacker, I\" data-image-description=\"&lt;p&gt;www.archeoparc.it&lt;\/p&gt;\n\" data-medium-file=\"https:\/\/www.archeoparc.it\/wp-content\/uploads\/archeoparc-schnalstal-17021-300x199.jpg\" data-large-file=\"https:\/\/www.archeoparc.it\/wp-content\/uploads\/archeoparc-schnalstal-17021-1024x680.jpg\" style=\"margin: 2px\" src=\"https:\/\/www.archeoparc.it\/wp-content\/uploads\/archeoparc-schnalstal-17021-162x162.jpg\" width=162 height=162 title=\"Hausrekonstruktion Villanders-Plunacker im archeoParcfreigl\u00e4nde&lt;br \/&gt;Casa neolitica ricostruita Villanders-Plunacker, nell\u0092area all\u0092aperto dell\u0092archeoParc Val Senales&lt;br \/&gt;Neolitic housereconstruction Villanders-Plunacker at the open-air area of archeoParc Val Senales &lt;br \/&gt;&lt;br \/&gt; 2710 B.C.&lt;br \/&gt;Villanders-Plunacker, I\" \/><\/a><div class=\"tiled-gallery-caption\">archeoParc Schnalstal, photo: Johanna Niederkofler<\/div><\/div><div class=\"tiled-gallery-item\"><a border=\"0\" href=\"https:\/\/www.archeoparc.it\/it\/?attachment_id=15511\"><img decoding=\"async\" data-attachment-id=\"15511\" data-orig-file=\"https:\/\/www.archeoparc.it\/wp-content\/uploads\/archeoparc-schnalstal-17031.jpg\" data-orig-size=\"1200,797\" data-comments-opened=\"0\" data-image-meta=\"{&quot;aperture&quot;:&quot;9&quot;,&quot;credit&quot;:&quot;www.archeoparc.it&quot;,&quot;camera&quot;:&quot;NIKON D90&quot;,&quot;caption&quot;:&quot;&quot;,&quot;created_timestamp&quot;:&quot;1284898654&quot;,&quot;copyright&quot;:&quot;archeoParc Schnalstal, photo: Johanna Niederkofler&quot;,&quot;focal_length&quot;:&quot;48&quot;,&quot;iso&quot;:&quot;200&quot;,&quot;shutter_speed&quot;:&quot;0.005&quot;,&quot;title&quot;:&quot;Jungsteinzeitliches Hausmodell im Freilichtbereich des archeoParc&lt;br \\\/&gt;Ricostruzione di una capanna dell\\u0092epoca di \\u00d6tzi nell\\u0092area all\\u0092aperto dell\\u0092archeoParc &lt;br \\\/&gt;Neolithic house reconstruction at the open-air area of archeoParc Val Senales &lt;br \\\/&gt;&lt;br \\\/&gt;Arbon Bleiche (CH), 3384-3370 B.C.&quot;,&quot;orientation&quot;:&quot;1&quot;}\" data-image-title=\"Jungsteinzeitliches Hausmodell im Freilichtbereich des archeoParc&lt;br \/&gt;Ricostruzione di una capanna dell\u0092epoca di \u00d6tzi nell\u0092area all\u0092aperto dell\u0092archeoParc &lt;br \/&gt;Neolithic house reconstruction at the open-air area of archeoParc Val Senales &lt;br \/&gt;&lt;br \/&gt;Arbon Bleiche (CH), 3384-3370 B.C.\" data-image-description=\"&lt;p&gt;www.archeoparc.it&lt;\/p&gt;\n\" data-medium-file=\"https:\/\/www.archeoparc.it\/wp-content\/uploads\/archeoparc-schnalstal-17031-300x199.jpg\" data-large-file=\"https:\/\/www.archeoparc.it\/wp-content\/uploads\/archeoparc-schnalstal-17031-1024x680.jpg\" style=\"margin: 2px\" src=\"https:\/\/www.archeoparc.it\/wp-content\/uploads\/archeoparc-schnalstal-17031-162x162.jpg\" width=162 height=162 title=\"Jungsteinzeitliches Hausmodell im Freilichtbereich des archeoParc&lt;br \/&gt;Ricostruzione di una capanna dell\u0092epoca di \u00d6tzi nell\u0092area all\u0092aperto dell\u0092archeoParc &lt;br \/&gt;Neolithic house reconstruction at the open-air area of archeoParc Val Senales &lt;br \/&gt;&lt;br \/&gt;Arbon Bleiche (CH), 3384-3370 B.C.\" \/><\/a><div class=\"tiled-gallery-caption\">archeoParc Schnalstal, photo: Johanna Niederkofler<\/div><\/div><\/div><\/blockquote>\n<blockquote>\n<h2>Colture, es<a id=\"campo\"><\/a>senze legnose e piante selvatiche<\/h2>\n<p>Percorso 1 (e altri)<\/p>\n<p>Il ritrovamento di \u00d6tzi ha evidenziato come l\u2019uomo nel tardo Neolitico conoscesse gi\u00e0 un gran numero di piante utili. Solo tra i materiali vegetali impiegati per i suoi oggetti si contano una ventina di essenze legnose. Nella nostra area all\u2019aperto sono oggi visibili esemplari di <a href=\"https:\/\/www.archeoparc.it\/it\/chi-siamo\/mostre\/\">ciascuna specie<\/a>.<\/p>\n<p>Nei campo e negli orti sperimentali crescono anche cereali e legumi coltivati sin dai tempi di \u00d6tzi: orzo, farro piccolo, farro grande, lenticchie, piselli, fave, papaveri, lino e altre specie da raccolto o coloranti.<\/p>\n<div data-carousel-extra='{\"blog_id\":1,\"permalink\":\"https:\\\/\\\/www.archeoparc.it\\\/it\\\/visita\\\/da-vedere\\\/\"}' class=\"tiled-gallery type-square\" data-original-width=\"500\"><div class=\"tiled-gallery-item\"><a border=\"0\" href=\"https:\/\/www.archeoparc.it\/it\/archeologia-val-senales\/sito-ritrovamento-oetzi\/schlehe-im-archeoparc-freilichtbereichprugnolo-selvatico-nella-zona-all%c2%92aperto-dell%c2%92archeoparcblackthorn-at-the-archeoparc-outside-areaprunus-spinosa-l-2\/\"><img decoding=\"async\" data-attachment-id=\"14330\" data-orig-file=\"https:\/\/www.archeoparc.it\/wp-content\/uploads\/archeoparc-schnalstal-16202.jpg\" data-orig-size=\"1200,786\" data-comments-opened=\"0\" data-image-meta=\"{&quot;aperture&quot;:&quot;0&quot;,&quot;credit&quot;:&quot;www.archeoparc.it&quot;,&quot;camera&quot;:&quot;&quot;,&quot;caption&quot;:&quot;&quot;,&quot;created_timestamp&quot;:&quot;0&quot;,&quot;copyright&quot;:&quot;archeoParc Schnalstal, photo: none&quot;,&quot;focal_length&quot;:&quot;0&quot;,&quot;iso&quot;:&quot;0&quot;,&quot;shutter_speed&quot;:&quot;0&quot;,&quot;title&quot;:&quot;Schlehe im archeoParc-Freilichtbereich&lt;br \\\/&gt;Prugnolo selvatico nella zona all\\u0092aperto dell\\u0092archeoParc&lt;br \\\/&gt;Blackthorn at the archeoParc outside area&lt;br \\\/&gt;&lt;br \\\/&gt;Prunus spinosa L.&quot;,&quot;orientation&quot;:&quot;0&quot;}\" data-image-title=\"Schlehe im archeoParc-Freilichtbereich&lt;br \/&gt;Prugnolo selvatico nella zona all\u0092aperto dell\u0092archeoParc&lt;br \/&gt;Blackthorn at the archeoParc outside area&lt;br \/&gt;&lt;br \/&gt;Prunus spinosa L.\" data-image-description=\"&lt;p&gt;www.archeoparc.it&lt;\/p&gt;\n\" data-medium-file=\"https:\/\/www.archeoparc.it\/wp-content\/uploads\/archeoparc-schnalstal-16202-300x197.jpg\" data-large-file=\"https:\/\/www.archeoparc.it\/wp-content\/uploads\/archeoparc-schnalstal-16202-1024x671.jpg\" style=\"margin: 2px\" src=\"https:\/\/www.archeoparc.it\/wp-content\/uploads\/archeoparc-schnalstal-16202-494x494.jpg\" width=494 height=494 title=\"Schlehe im archeoParc-Freilichtbereich&lt;br \/&gt;Prugnolo selvatico nella zona all\u0092aperto dell\u0092archeoParc&lt;br \/&gt;Blackthorn at the archeoParc outside area&lt;br \/&gt;&lt;br \/&gt;Prunus spinosa L.\" \/><\/a><div class=\"tiled-gallery-caption\">archeoParc Schnalstal, photo: none<\/div><\/div><div class=\"tiled-gallery-item\"><a border=\"0\" href=\"https:\/\/www.archeoparc.it\/it\/archeologia-val-senales\/sito-ritrovamento-oetzi\/latschenkiefer-im-archeoparc-freilichtbereichpino-mugo-nella-zona-all%c2%92aperto-dell%c2%92archeoparc-mugo-pine-at-the-archeoparc-outside-area-pinus-mugo-2\/\"><img decoding=\"async\" data-attachment-id=\"14316\" data-orig-file=\"https:\/\/www.archeoparc.it\/wp-content\/uploads\/archeoparc-schnalstal-16228.jpg\" data-orig-size=\"1200,1600\" data-comments-opened=\"0\" data-image-meta=\"{&quot;aperture&quot;:&quot;4.4&quot;,&quot;credit&quot;:&quot;www.archeoparc.it&quot;,&quot;camera&quot;:&quot;PhotoPC 3100Z&quot;,&quot;caption&quot;:&quot;EPSON DSC picture&quot;,&quot;created_timestamp&quot;:&quot;1060769718&quot;,&quot;copyright&quot;:&quot;archeoParc Schnalstal, photo: none&quot;,&quot;focal_length&quot;:&quot;11.6&quot;,&quot;iso&quot;:&quot;100&quot;,&quot;shutter_speed&quot;:&quot;0.00327653997379&quot;,&quot;title&quot;:&quot;Latschenkiefer im archeoParc-Freilichtbereich&lt;br \\\/&gt;Pino mugo nella zona all\\u0092aperto dell\\u0092archeoParc&lt;br \\\/&gt; Mugo pine at the archeoParc outside area &lt;br \\\/&gt;&lt;br \\\/&gt;Pinus mugo&quot;,&quot;orientation&quot;:&quot;1&quot;}\" data-image-title=\"Latschenkiefer im archeoParc-Freilichtbereich&lt;br \/&gt;Pino mugo nella zona all\u0092aperto dell\u0092archeoParc&lt;br \/&gt; Mugo pine at the archeoParc outside area &lt;br \/&gt;&lt;br \/&gt;Pinus mugo\" data-image-description=\"&lt;p&gt;www.archeoparc.it&lt;\/p&gt;\n\" data-medium-file=\"https:\/\/www.archeoparc.it\/wp-content\/uploads\/archeoparc-schnalstal-16228-225x300.jpg\" data-large-file=\"https:\/\/www.archeoparc.it\/wp-content\/uploads\/archeoparc-schnalstal-16228-768x1024.jpg\" style=\"margin: 2px\" src=\"https:\/\/www.archeoparc.it\/wp-content\/uploads\/archeoparc-schnalstal-16228-162x162.jpg\" width=162 height=162 title=\"Latschenkiefer im archeoParc-Freilichtbereich&lt;br \/&gt;Pino mugo nella zona all\u0092aperto dell\u0092archeoParc&lt;br \/&gt; Mugo pine at the archeoParc outside area &lt;br \/&gt;&lt;br \/&gt;Pinus mugo\" \/><\/a><div class=\"tiled-gallery-caption\">EPSON DSC picture<\/div><\/div><div class=\"tiled-gallery-item\"><a border=\"0\" href=\"https:\/\/www.archeoparc.it\/it\/archeologia-val-senales\/sito-ritrovamento-oetzi\/hagebuttenstrauch-im-archeoparc-freilichtbereich-rosa-canina-nella-zona-all%c2%92aperto-dell%c2%92archeoparcdog-rose-at-the-archeoparc-outside-area-rosa-canina-2\/\"><img decoding=\"async\" data-attachment-id=\"14328\" data-orig-file=\"https:\/\/www.archeoparc.it\/wp-content\/uploads\/archeoparc-schnalstal-16201.jpg\" data-orig-size=\"1200,1833\" data-comments-opened=\"0\" data-image-meta=\"{&quot;aperture&quot;:&quot;0&quot;,&quot;credit&quot;:&quot;www.archeoparc.it&quot;,&quot;camera&quot;:&quot;&quot;,&quot;caption&quot;:&quot;&quot;,&quot;created_timestamp&quot;:&quot;0&quot;,&quot;copyright&quot;:&quot;archeoParc Schnalstal, photo: none&quot;,&quot;focal_length&quot;:&quot;0&quot;,&quot;iso&quot;:&quot;0&quot;,&quot;shutter_speed&quot;:&quot;0&quot;,&quot;title&quot;:&quot;Hagebuttenstrauch im archeoParc-Freilichtbereich&lt;br \\\/&gt; Rosa canina nella zona all\\u0092aperto dell\\u0092archeoParc&lt;br \\\/&gt;Dog-rose at the archeoParc outside area &lt;br \\\/&gt;&lt;br \\\/&gt;Rosa canina&quot;,&quot;orientation&quot;:&quot;0&quot;}\" data-image-title=\"Hagebuttenstrauch im archeoParc-Freilichtbereich&lt;br \/&gt; Rosa canina nella zona all\u0092aperto dell\u0092archeoParc&lt;br \/&gt;Dog-rose at the archeoParc outside area &lt;br \/&gt;&lt;br \/&gt;Rosa canina\" data-image-description=\"&lt;p&gt;www.archeoparc.it&lt;\/p&gt;\n\" data-medium-file=\"https:\/\/www.archeoparc.it\/wp-content\/uploads\/archeoparc-schnalstal-16201-196x300.jpg\" data-large-file=\"https:\/\/www.archeoparc.it\/wp-content\/uploads\/archeoparc-schnalstal-16201-670x1024.jpg\" style=\"margin: 2px\" src=\"https:\/\/www.archeoparc.it\/wp-content\/uploads\/archeoparc-schnalstal-16201-162x162.jpg\" width=162 height=162 title=\"Hagebuttenstrauch im archeoParc-Freilichtbereich&lt;br \/&gt; Rosa canina nella zona all\u0092aperto dell\u0092archeoParc&lt;br \/&gt;Dog-rose at the archeoParc outside area &lt;br \/&gt;&lt;br \/&gt;Rosa canina\" \/><\/a><div class=\"tiled-gallery-caption\">archeoParc Schnalstal, photo: none<\/div><\/div><div class=\"tiled-gallery-item\"><a border=\"0\" href=\"https:\/\/www.archeoparc.it\/it\/archeologia-val-senales\/sito-ritrovamento-oetzi\/leinernte-im-archaeobotanischen-gartenraccolta-del-lino-nel-giardino-archeobotanicotesting-flax-harvesting-techniques-at-archeoparc-3-2\/\"><img decoding=\"async\" data-attachment-id=\"14324\" data-orig-file=\"https:\/\/www.archeoparc.it\/wp-content\/uploads\/archeoparc-schnalstal-16232.jpg\" data-orig-size=\"1200,900\" data-comments-opened=\"0\" data-image-meta=\"{&quot;aperture&quot;:&quot;2.4&quot;,&quot;credit&quot;:&quot;www.archeoparc.it&quot;,&quot;camera&quot;:&quot;PhotoPC 3100Z&quot;,&quot;caption&quot;:&quot;EPSON DSC picture&quot;,&quot;created_timestamp&quot;:&quot;1062000718&quot;,&quot;copyright&quot;:&quot;archeoParc Schnalstal, photo: none&quot;,&quot;focal_length&quot;:&quot;17.5&quot;,&quot;iso&quot;:&quot;100&quot;,&quot;shutter_speed&quot;:&quot;0.0098231827112&quot;,&quot;title&quot;:&quot;Leinernte im arch\\u00e4obotanischen Garten&lt;br \\\/&gt;Raccolta del lino nel giardino archeobotanico&lt;br \\\/&gt;Testing flax harvesting techniques at archeoParc&quot;,&quot;orientation&quot;:&quot;1&quot;}\" data-image-title=\"Leinernte im arch\u00e4obotanischen Garten&lt;br \/&gt;Raccolta del lino nel giardino archeobotanico&lt;br \/&gt;Testing flax harvesting techniques at archeoParc\" data-image-description=\"&lt;p&gt;www.archeoparc.it&lt;\/p&gt;\n\" data-medium-file=\"https:\/\/www.archeoparc.it\/wp-content\/uploads\/archeoparc-schnalstal-16232-300x225.jpg\" data-large-file=\"https:\/\/www.archeoparc.it\/wp-content\/uploads\/archeoparc-schnalstal-16232-1024x768.jpg\" style=\"margin: 2px\" src=\"https:\/\/www.archeoparc.it\/wp-content\/uploads\/archeoparc-schnalstal-16232-162x162.jpg\" width=162 height=162 title=\"Leinernte im arch\u00e4obotanischen Garten&lt;br \/&gt;Raccolta del lino nel giardino archeobotanico&lt;br \/&gt;Testing flax harvesting techniques at archeoParc\" \/><\/a><div class=\"tiled-gallery-caption\">EPSON DSC picture<\/div><\/div><\/div><\/blockquote>\n<blockquote>\n<h2>Il cannoc<a id=\"cannocchiale\"><\/a>chiale<\/h2>\n<p>Percorso 1<\/p>\n<p>Il Giogo di Tisa, luogo di ritrovamento di \u00d6tzi a 3.210 m di quota, \u00e8 visibile dal nostro percorso all\u2019aperto. 5 km in linea d\u2019aria, 1.700 metri di dislivello e una giornata di cammino separano l\u2019archeoParc dal sito di ritrovamento della mummia.<\/p>\n<p>Chi desidera visitarlo pu\u00f2 partecipare a una delle nostre escursioni guidate in programma ogni marted\u00ec.<br \/>\n<a href=\"https:\/\/www.archeoparc.it\/it\/oetzi-glacier-tour\/\">&gt;\u00d6tzi Glacier Tour<\/a><\/p><\/blockquote>\n<h1 style=\"text-align: center;\">LE DIMOSTR<a id=\"dimostrazioni\"><\/a>AZIONI<\/h1>\n<blockquote>\n<h2><strong>Dimostraz<a id=\"dimostrazione-fuoco\"><\/a>ione &#8220;fuoco&#8221;<\/strong><\/h2>\n<p>Percorso 1<\/p>\n<p>Ogni giorno all&#8217;archeoParc proponiamo ai visitatori dimostrazioni sull\u2019accensione del fuoco con la pirite, la selce e il fungo esca (Fomes fomentarius). Ogni ora piena.<\/p>\n<div data-carousel-extra='{\"blog_id\":1,\"permalink\":\"https:\\\/\\\/www.archeoparc.it\\\/it\\\/visita\\\/da-vedere\\\/\"}' class=\"tiled-gallery type-square\" data-original-width=\"500\"><div class=\"tiled-gallery-item\"><a border=\"0\" href=\"https:\/\/www.archeoparc.it\/it\/?attachment_id=15999\"><img decoding=\"async\" data-attachment-id=\"15999\" data-orig-file=\"https:\/\/www.archeoparc.it\/wp-content\/uploads\/archeoparc-schnalstal-18011.jpg\" data-orig-size=\"1200,797\" data-comments-opened=\"0\" data-image-meta=\"{&quot;aperture&quot;:&quot;1.8&quot;,&quot;credit&quot;:&quot;www.archeoparc.it&quot;,&quot;camera&quot;:&quot;NIKON D90&quot;,&quot;caption&quot;:&quot;&quot;,&quot;created_timestamp&quot;:&quot;1501608113&quot;,&quot;copyright&quot;:&quot;archeoParc Schnalstal, photo: Johanna Niederkfofler&quot;,&quot;focal_length&quot;:&quot;35&quot;,&quot;iso&quot;:&quot;2000&quot;,&quot;shutter_speed&quot;:&quot;0.04&quot;,&quot;title&quot;:&quot;Vorf\\u00fchrung zum jungsteinzeitlichen Feuerschlagen&lt;br \\\/&gt;Dimostrazione dell?accensione del fuoco a percussione&lt;br \\\/&gt;Dimostration on how to make fire the way \\u00d6tzi did&quot;,&quot;orientation&quot;:&quot;1&quot;}\" data-image-title=\"Vorf\u00fchrung zum jungsteinzeitlichen Feuerschlagen&lt;br \/&gt;Dimostrazione dell?accensione del fuoco a percussione&lt;br \/&gt;Dimostration on how to make fire the way \u00d6tzi did\" data-image-description=\"&lt;p&gt;www.archeoparc.it&lt;\/p&gt;\n\" data-medium-file=\"https:\/\/www.archeoparc.it\/wp-content\/uploads\/archeoparc-schnalstal-18011-300x199.jpg\" data-large-file=\"https:\/\/www.archeoparc.it\/wp-content\/uploads\/archeoparc-schnalstal-18011-1024x680.jpg\" style=\"margin: 2px\" src=\"https:\/\/www.archeoparc.it\/wp-content\/uploads\/archeoparc-schnalstal-18011-494x494.jpg\" width=494 height=494 title=\"Vorf\u00fchrung zum jungsteinzeitlichen Feuerschlagen&lt;br \/&gt;Dimostrazione dell?accensione del fuoco a percussione&lt;br \/&gt;Dimostration on how to make fire the way \u00d6tzi did\" \/><\/a><div class=\"tiled-gallery-caption\">archeoParc Schnalstal, photo: Johanna Niederkfofler<\/div><\/div><div class=\"tiled-gallery-item\"><a border=\"0\" href=\"https:\/\/www.archeoparc.it\/it\/?attachment_id=16001\"><img decoding=\"async\" data-attachment-id=\"16001\" data-orig-file=\"https:\/\/www.archeoparc.it\/wp-content\/uploads\/archeoparc-schnalstal-18012.jpg\" data-orig-size=\"1200,797\" data-comments-opened=\"0\" data-image-meta=\"{&quot;aperture&quot;:&quot;5.6&quot;,&quot;credit&quot;:&quot;www.archeoparc.it&quot;,&quot;camera&quot;:&quot;NIKON D90&quot;,&quot;caption&quot;:&quot;&quot;,&quot;created_timestamp&quot;:&quot;1501607921&quot;,&quot;copyright&quot;:&quot;archeoParc Schnalstal, photo: Johanna Niederkfofler&quot;,&quot;focal_length&quot;:&quot;35&quot;,&quot;iso&quot;:&quot;2000&quot;,&quot;shutter_speed&quot;:&quot;0.0769230769231&quot;,&quot;title&quot;:&quot;Feuerstelle aus Lehm im Steinzeithaus Villanders-Plunacker&lt;br \\\/&gt;Focolare in creta nella casa Villanders-Plunacker&lt;br \\\/&gt;Fireplace in the house Villanders-Plunacker&quot;,&quot;orientation&quot;:&quot;1&quot;}\" data-image-title=\"Feuerstelle aus Lehm im Steinzeithaus Villanders-Plunacker&lt;br \/&gt;Focolare in creta nella casa Villanders-Plunacker&lt;br \/&gt;Fireplace in the house Villanders-Plunacker\" data-image-description=\"&lt;p&gt;www.archeoparc.it&lt;\/p&gt;\n\" data-medium-file=\"https:\/\/www.archeoparc.it\/wp-content\/uploads\/archeoparc-schnalstal-18012-300x199.jpg\" data-large-file=\"https:\/\/www.archeoparc.it\/wp-content\/uploads\/archeoparc-schnalstal-18012-1024x680.jpg\" style=\"margin: 2px\" src=\"https:\/\/www.archeoparc.it\/wp-content\/uploads\/archeoparc-schnalstal-18012-162x162.jpg\" width=162 height=162 title=\"Feuerstelle aus Lehm im Steinzeithaus Villanders-Plunacker&lt;br \/&gt;Focolare in creta nella casa Villanders-Plunacker&lt;br \/&gt;Fireplace in the house Villanders-Plunacker\" \/><\/a><div class=\"tiled-gallery-caption\">archeoParc Schnalstal, photo: Johanna Niederkfofler<\/div><\/div><div class=\"tiled-gallery-item\"><a border=\"0\" href=\"https:\/\/www.archeoparc.it\/it\/?attachment_id=15997\"><img decoding=\"async\" data-attachment-id=\"15997\" data-orig-file=\"https:\/\/www.archeoparc.it\/wp-content\/uploads\/archeoparc-schnalstal-17025.jpg\" data-orig-size=\"1200,797\" data-comments-opened=\"0\" data-image-meta=\"{&quot;aperture&quot;:&quot;1.8&quot;,&quot;credit&quot;:&quot;&quot;,&quot;camera&quot;:&quot;NIKON D90&quot;,&quot;caption&quot;:&quot;&quot;,&quot;created_timestamp&quot;:&quot;1471450819&quot;,&quot;copyright&quot;:&quot;&quot;,&quot;focal_length&quot;:&quot;35&quot;,&quot;iso&quot;:&quot;1000&quot;,&quot;shutter_speed&quot;:&quot;0.05&quot;,&quot;title&quot;:&quot;Vorf\\u00fchrung zum jungsteinzeitlichen Feuerschlagen im Steinzeithausl&lt;br \\\/&gt;Dimostrazione dell\\u0092accensione del fuoco a percussione&lt;br \\\/&gt;Dimostration on how to make fire the way \\u00d6tzi did&quot;,&quot;orientation&quot;:&quot;1&quot;}\" data-image-title=\"Vorf\u00fchrung zum jungsteinzeitlichen Feuerschlagen im Steinzeithausl&lt;br \/&gt;Dimostrazione dell\u0092accensione del fuoco a percussione&lt;br \/&gt;Dimostration on how to make fire the way \u00d6tzi did\" data-image-description=\"\" data-medium-file=\"https:\/\/www.archeoparc.it\/wp-content\/uploads\/archeoparc-schnalstal-17025-300x199.jpg\" data-large-file=\"https:\/\/www.archeoparc.it\/wp-content\/uploads\/archeoparc-schnalstal-17025-1024x680.jpg\" style=\"margin: 2px\" src=\"https:\/\/www.archeoparc.it\/wp-content\/uploads\/archeoparc-schnalstal-17025-162x162.jpg\" width=162 height=162 title=\"Vorf\u00fchrung zum jungsteinzeitlichen Feuerschlagen im Steinzeithausl&lt;br \/&gt;Dimostrazione dell\u0092accensione del fuoco a percussione&lt;br \/&gt;Dimostration on how to make fire the way \u00d6tzi did\" \/><\/a><\/div><div class=\"tiled-gallery-item\"><a border=\"0\" href=\"https:\/\/www.archeoparc.it\/it\/?attachment_id=16003\"><img decoding=\"async\" data-attachment-id=\"16003\" data-orig-file=\"https:\/\/www.archeoparc.it\/wp-content\/uploads\/archeoparc-schnalstal-18010.jpg\" data-orig-size=\"1200,797\" data-comments-opened=\"0\" data-image-meta=\"{&quot;aperture&quot;:&quot;1.8&quot;,&quot;credit&quot;:&quot;&quot;,&quot;camera&quot;:&quot;NIKON D90&quot;,&quot;caption&quot;:&quot;&quot;,&quot;created_timestamp&quot;:&quot;1471450838&quot;,&quot;copyright&quot;:&quot;&quot;,&quot;focal_length&quot;:&quot;35&quot;,&quot;iso&quot;:&quot;1000&quot;,&quot;shutter_speed&quot;:&quot;0.02&quot;,&quot;title&quot;:&quot;Vorf\\u00fchrung zum jungsteinzeitlichen Feuerschlagen&lt;br \\\/&gt;Dimostrazione dell?accensione del fuoco a percussione&lt;br \\\/&gt;Dimostration on how to make fire the way \\u00d6tzi did&quot;,&quot;orientation&quot;:&quot;1&quot;}\" data-image-title=\"Vorf\u00fchrung zum jungsteinzeitlichen Feuerschlagen&lt;br \/&gt;Dimostrazione dell?accensione del fuoco a percussione&lt;br \/&gt;Dimostration on how to make fire the way \u00d6tzi did\" data-image-description=\"\" data-medium-file=\"https:\/\/www.archeoparc.it\/wp-content\/uploads\/archeoparc-schnalstal-18010-300x199.jpg\" data-large-file=\"https:\/\/www.archeoparc.it\/wp-content\/uploads\/archeoparc-schnalstal-18010-1024x680.jpg\" style=\"margin: 2px\" src=\"https:\/\/www.archeoparc.it\/wp-content\/uploads\/archeoparc-schnalstal-18010-162x162.jpg\" width=162 height=162 title=\"Vorf\u00fchrung zum jungsteinzeitlichen Feuerschlagen&lt;br \/&gt;Dimostrazione dell?accensione del fuoco a percussione&lt;br \/&gt;Dimostration on how to make fire the way \u00d6tzi did\" \/><\/a><\/div><\/div><\/blockquote>\n<blockquote>\n<h2>Altre dimostrazioni di tecniche preistoriche<\/h2>\n<p>Percorso 2 e 3<\/p>\n<p>In alcuni giorni si aggiungono anche prove di fusione di metallo, scheggiatura delle pietre, produzione di pece di betulla, filatura del lino e altro ancora.<br \/>\n<a href=\"https:\/\/www.archeoparc.it\/it\/calendario\/\">&gt;Calendario<\/a><\/p>\n<div data-carousel-extra='{\"blog_id\":1,\"permalink\":\"https:\\\/\\\/www.archeoparc.it\\\/it\\\/visita\\\/da-vedere\\\/\"}' class=\"tiled-gallery type-square\" data-original-width=\"500\"><div class=\"tiled-gallery-item\"><a border=\"0\" href=\"https:\/\/www.archeoparc.it\/it\/?attachment_id=15489\"><img decoding=\"async\" data-attachment-id=\"15489\" data-orig-file=\"https:\/\/www.archeoparc.it\/wp-content\/uploads\/archeoparc-schnalstal-16250.jpg\" data-orig-size=\"1200,797\" data-comments-opened=\"0\" data-image-meta=\"{&quot;aperture&quot;:&quot;5.6&quot;,&quot;credit&quot;:&quot;www.archeoparc.it&quot;,&quot;camera&quot;:&quot;NIKON D90&quot;,&quot;caption&quot;:&quot;&quot;,&quot;created_timestamp&quot;:&quot;1284913715&quot;,&quot;copyright&quot;:&quot;archeoParc Schnalstal, photo: Johanna Niederkofler&quot;,&quot;focal_length&quot;:&quot;200&quot;,&quot;iso&quot;:&quot;200&quot;,&quot;shutter_speed&quot;:&quot;0.01&quot;,&quot;title&quot;:&quot;Vorf\\u00fchrung zum jungsteinzeitlichen Kupferguss im archeoParc Schnalstal&lt;br \\\/&gt;Dimostrazione della fusione del rame all\\u0092archeoParc Val Senales&lt;br \\\/&gt;Demonstration of smelting copper at archeoParc Val Senales&quot;,&quot;orientation&quot;:&quot;1&quot;}\" data-image-title=\"Vorf\u00fchrung zum jungsteinzeitlichen Kupferguss im archeoParc Schnalstal&lt;br \/&gt;Dimostrazione della fusione del rame all\u0092archeoParc Val Senales&lt;br \/&gt;Demonstration of smelting copper at archeoParc Val Senales\" data-image-description=\"&lt;p&gt;www.archeoparc.it&lt;\/p&gt;\n\" data-medium-file=\"https:\/\/www.archeoparc.it\/wp-content\/uploads\/archeoparc-schnalstal-16250-300x199.jpg\" data-large-file=\"https:\/\/www.archeoparc.it\/wp-content\/uploads\/archeoparc-schnalstal-16250-1024x680.jpg\" style=\"margin: 2px\" src=\"https:\/\/www.archeoparc.it\/wp-content\/uploads\/archeoparc-schnalstal-16250-494x494.jpg\" width=494 height=494 title=\"Vorf\u00fchrung zum jungsteinzeitlichen Kupferguss im archeoParc Schnalstal&lt;br \/&gt;Dimostrazione della fusione del rame all\u0092archeoParc Val Senales&lt;br \/&gt;Demonstration of smelting copper at archeoParc Val Senales\" \/><\/a><div class=\"tiled-gallery-caption\">archeoParc Schnalstal, photo: Johanna Niederkofler<\/div><\/div><div class=\"tiled-gallery-item\"><a border=\"0\" href=\"https:\/\/www.archeoparc.it\/it\/?attachment_id=15487\"><img decoding=\"async\" data-attachment-id=\"15487\" data-orig-file=\"https:\/\/www.archeoparc.it\/wp-content\/uploads\/archeoparc-schnalstal-17023.jpg\" data-orig-size=\"1200,931\" data-comments-opened=\"0\" data-image-meta=\"{&quot;aperture&quot;:&quot;8&quot;,&quot;credit&quot;:&quot;www.archeoparc.it&quot;,&quot;camera&quot;:&quot;NIKON D200&quot;,&quot;caption&quot;:&quot;&quot;,&quot;created_timestamp&quot;:&quot;1468156396&quot;,&quot;copyright&quot;:&quot;archeoParc Schnalstal, photo: Gianni Bodini&quot;,&quot;focal_length&quot;:&quot;32&quot;,&quot;iso&quot;:&quot;100&quot;,&quot;shutter_speed&quot;:&quot;0.004&quot;,&quot;title&quot;:&quot;Vorf\\u00fchrung zum Spinnen von Flachs mit einer Spinnwirtel nach jungsteinzeitlichem Vorbild im archeoParc Schnalstal&lt;br \\\/&gt;Dimostrazione della filatura di lino con un fuso a mano secondo modello neolitico all\\u0092archeoParc Val Senales&lt;br \\\/&gt;Demonstration of spinning of linen at archeoParc Val Senales&quot;,&quot;orientation&quot;:&quot;1&quot;}\" data-image-title=\"Vorf\u00fchrung zum Spinnen von Flachs mit einer Spinnwirtel nach jungsteinzeitlichem Vorbild im archeoParc Schnalstal&lt;br \/&gt;Dimostrazione della filatura di lino con un fuso a mano secondo modello neolitico all\u0092archeoParc Val Senales&lt;br \/&gt;Demonstration of spinning of linen at archeoParc Val Senales\" data-image-description=\"&lt;p&gt;www.archeoparc.it&lt;\/p&gt;\n\" data-medium-file=\"https:\/\/www.archeoparc.it\/wp-content\/uploads\/archeoparc-schnalstal-17023-300x233.jpg\" data-large-file=\"https:\/\/www.archeoparc.it\/wp-content\/uploads\/archeoparc-schnalstal-17023-1024x794.jpg\" style=\"margin: 2px\" src=\"https:\/\/www.archeoparc.it\/wp-content\/uploads\/archeoparc-schnalstal-17023-162x162.jpg\" width=162 height=162 title=\"Vorf\u00fchrung zum Spinnen von Flachs mit einer Spinnwirtel nach jungsteinzeitlichem Vorbild im archeoParc Schnalstal&lt;br \/&gt;Dimostrazione della filatura di lino con un fuso a mano secondo modello neolitico all\u0092archeoParc Val Senales&lt;br \/&gt;Demonstration of spinning of linen at archeoParc Val Senales\" \/><\/a><div class=\"tiled-gallery-caption\">archeoParc Schnalstal, photo: Gianni Bodini<\/div><\/div><div class=\"tiled-gallery-item\"><a border=\"0\" href=\"https:\/\/www.archeoparc.it\/it\/?attachment_id=15485\"><img decoding=\"async\" data-attachment-id=\"15485\" data-orig-file=\"https:\/\/www.archeoparc.it\/wp-content\/uploads\/archeoparc-schnalstal-17024.jpg\" data-orig-size=\"1200,797\" data-comments-opened=\"0\" data-image-meta=\"{&quot;aperture&quot;:&quot;5.6&quot;,&quot;credit&quot;:&quot;Johanna Niederkofler&quot;,&quot;camera&quot;:&quot;NIKON D90&quot;,&quot;caption&quot;:&quot;&quot;,&quot;created_timestamp&quot;:&quot;1438097106&quot;,&quot;copyright&quot;:&quot;archeoParc Schnalstal, photo: Johanna Niederkofler&quot;,&quot;focal_length&quot;:&quot;20&quot;,&quot;iso&quot;:&quot;3200&quot;,&quot;shutter_speed&quot;:&quot;0.025&quot;,&quot;title&quot;:&quot;Vorf\\u00fchrung zur Zubereitung steinzeitlicher Speisen im archeoParc Schnalstal&lt;br \\\/&gt;Dimostrazione sulla cucina ai tempi di \\u00d6tzi all\\u0092archeoParc Val Senales&lt;br \\\/&gt;Demonstration of cooking a Neolithic meala t archeoParc Val Senales&quot;,&quot;orientation&quot;:&quot;1&quot;}\" data-image-title=\"Vorf\u00fchrung zur Zubereitung steinzeitlicher Speisen im archeoParc Schnalstal&lt;br \/&gt;Dimostrazione sulla cucina ai tempi di \u00d6tzi all\u0092archeoParc Val Senales&lt;br \/&gt;Demonstration of cooking a Neolithic meala t archeoParc Val Senales\" data-image-description=\"\" data-medium-file=\"https:\/\/www.archeoparc.it\/wp-content\/uploads\/archeoparc-schnalstal-17024-300x199.jpg\" data-large-file=\"https:\/\/www.archeoparc.it\/wp-content\/uploads\/archeoparc-schnalstal-17024-1024x680.jpg\" style=\"margin: 2px\" src=\"https:\/\/www.archeoparc.it\/wp-content\/uploads\/archeoparc-schnalstal-17024-162x162.jpg\" width=162 height=162 title=\"Vorf\u00fchrung zur Zubereitung steinzeitlicher Speisen im archeoParc Schnalstal&lt;br \/&gt;Dimostrazione sulla cucina ai tempi di \u00d6tzi all\u0092archeoParc Val Senales&lt;br \/&gt;Demonstration of cooking a Neolithic meala t archeoParc Val Senales\" \/><\/a><div class=\"tiled-gallery-caption\">archeoParc Schnalstal, photo: Johanna Niederkofler<\/div><\/div><div class=\"tiled-gallery-item\"><a border=\"0\" href=\"https:\/\/www.archeoparc.it\/it\/?attachment_id=16025\"><img decoding=\"async\" data-attachment-id=\"16025\" data-orig-file=\"https:\/\/www.archeoparc.it\/wp-content\/uploads\/archeoparc-schnalstal-18022.jpg\" data-orig-size=\"1200,797\" data-comments-opened=\"0\" data-image-meta=\"{&quot;aperture&quot;:&quot;4&quot;,&quot;credit&quot;:&quot;www.archeoparc.it&quot;,&quot;camera&quot;:&quot;NIKON D90&quot;,&quot;caption&quot;:&quot;&quot;,&quot;created_timestamp&quot;:&quot;1506615534&quot;,&quot;copyright&quot;:&quot;archeoParc Schnalstal, photo: Johanna Niederkofer&quot;,&quot;focal_length&quot;:&quot;35&quot;,&quot;iso&quot;:&quot;500&quot;,&quot;shutter_speed&quot;:&quot;0.04&quot;,&quot;title&quot;:&quot;Vorf\\u00fchrung zum Fischr\\u00e4uchern&lt;br \\\/&gt;Dimostrazione dell\\u0092affumicatura del pesce&lt;br \\\/&gt;Demonstration of fishsmoking&quot;,&quot;orientation&quot;:&quot;1&quot;}\" data-image-title=\"Vorf\u00fchrung zum Fischr\u00e4uchern&lt;br \/&gt;Dimostrazione dell\u0092affumicatura del pesce&lt;br \/&gt;Demonstration of fishsmoking\" data-image-description=\"&lt;p&gt;www.archeoparc.it&lt;\/p&gt;\n\" data-medium-file=\"https:\/\/www.archeoparc.it\/wp-content\/uploads\/archeoparc-schnalstal-18022-300x199.jpg\" data-large-file=\"https:\/\/www.archeoparc.it\/wp-content\/uploads\/archeoparc-schnalstal-18022-1024x680.jpg\" style=\"margin: 2px\" src=\"https:\/\/www.archeoparc.it\/wp-content\/uploads\/archeoparc-schnalstal-18022-162x162.jpg\" width=162 height=162 title=\"Vorf\u00fchrung zum Fischr\u00e4uchern&lt;br \/&gt;Dimostrazione dell\u0092affumicatura del pesce&lt;br \/&gt;Demonstration of fishsmoking\" \/><\/a><div class=\"tiled-gallery-caption\">archeoParc Schnalstal, photo: Johanna Niederkofer<\/div><\/div><\/div><\/blockquote>\n<h1><\/h1>\n<h1 style=\"text-align: center;\">LABORATORI PER I VISITATORI<\/h1>\n<p>\u201cAll\u2019archeoParc c\u2019\u00e8 sempre qualcosa da fare\u201d, ha scritto una visitatrice nel libro del museo. Probabilmente si riferiva al ricco programma di attivit\u00e0 (senza prenotazione!) che ogni giorno invita a cimentarsi nelle tecniche artigianali del passato. Una visita nell&#8217;area tiro con l&#8217;arco, al pontile della piroga monosille e nell&#8217;area laboratori garantisce divertimento per tutti, adulti e bambini.<br \/>\n<a href=\"https:\/\/www.archeoparc.it\/it\/calendario\/\">&gt;Calendario<\/a><br \/>\n<a href=\"https:\/\/www.archeoparc.it\/it\/gruppi\/\">&gt;Gruppi<\/a><\/p>\n<blockquote>\n<h2>Area labor<a id=\"area-laboratori\"><\/a>atori con capanna del pane<\/h2>\n<p>Percorso 2<\/p>\n<p>Cuoio, libro di tiglio, selce&#8230; materiali per noi del tutto insoliti, ma molto usati ai tempi di \u00d6tzi. Brevi Laboratori, che cambiano ogni due o tre giorni, invitano a usarli, imitando gesti e tecniche artigianali della lontana preistoria. Ci vogliono solo un p\u00f2 di pazienza, di rispetto e di tempo per riuscirci! L&#8217;oggetto autofabbricato viene portato a casa come ricordo.<br \/>\n<a href=\"https:\/\/www.archeoparc.it\/it\/calendario\/\">&gt;Calendario<\/a><\/p>\n<p>Inoltre nella capanna del pane una macina in pietra e un forno a cupola illustrano con quali mezzi semplici si macinava il grano e si cuoceva il pane ai tempi di \u00d6tzi. Volete provare voi stessi un&#8217;altra variante divertente?\u00a0 Macinate a mano la farina e poi cuocete l&#8217;impasto avvolto su un ramo di nocciolo sulle braci del fal\u00f2. Eveline Vatamaniuc e il suo staff vi mostreranno come riuscirci al meglio.<\/p>\n<div data-carousel-extra='{\"blog_id\":1,\"permalink\":\"https:\\\/\\\/www.archeoparc.it\\\/it\\\/visita\\\/da-vedere\\\/\"}' class=\"tiled-gallery type-square\" data-original-width=\"500\"><div class=\"tiled-gallery-item\"><a border=\"0\" href=\"https:\/\/www.archeoparc.it\/it\/?attachment_id=16009\"><img decoding=\"async\" data-attachment-id=\"16009\" data-orig-file=\"https:\/\/www.archeoparc.it\/wp-content\/uploads\/archeoparc-schnalstal-18014.jpg\" data-orig-size=\"1200,797\" data-comments-opened=\"0\" data-image-meta=\"{&quot;aperture&quot;:&quot;5.6&quot;,&quot;credit&quot;:&quot;www.archeoparc.it&quot;,&quot;camera&quot;:&quot;NIKON D90&quot;,&quot;caption&quot;:&quot;&quot;,&quot;created_timestamp&quot;:&quot;1508238531&quot;,&quot;copyright&quot;:&quot;archeoParc Schnalstal, photo: Johanna Niederkofler&quot;,&quot;focal_length&quot;:&quot;35&quot;,&quot;iso&quot;:&quot;200&quot;,&quot;shutter_speed&quot;:&quot;0.02&quot;,&quot;title&quot;:&quot;Eingangsbereich der Besucherwerkstatt&lt;br \\\/&gt;Banco di benvenuto dell\\u0092area laboratori&lt;br \\\/&gt;Welcome desk at the workshop area&quot;,&quot;orientation&quot;:&quot;1&quot;}\" data-image-title=\"Eingangsbereich der Besucherwerkstatt&lt;br \/&gt;Banco di benvenuto dell\u0092area laboratori&lt;br \/&gt;Welcome desk at the workshop area\" data-image-description=\"&lt;p&gt;www.archeoparc.it&lt;\/p&gt;\n\" data-medium-file=\"https:\/\/www.archeoparc.it\/wp-content\/uploads\/archeoparc-schnalstal-18014-300x199.jpg\" data-large-file=\"https:\/\/www.archeoparc.it\/wp-content\/uploads\/archeoparc-schnalstal-18014-1024x680.jpg\" style=\"margin: 2px\" src=\"https:\/\/www.archeoparc.it\/wp-content\/uploads\/archeoparc-schnalstal-18014-245x245.jpg\" width=245 height=245 title=\"Eingangsbereich der Besucherwerkstatt&lt;br \/&gt;Banco di benvenuto dell\u0092area laboratori&lt;br \/&gt;Welcome desk at the workshop area\" \/><\/a><div class=\"tiled-gallery-caption\">archeoParc Schnalstal, photo: Johanna Niederkofler<\/div><\/div><div class=\"tiled-gallery-item\"><a border=\"0\" href=\"https:\/\/www.archeoparc.it\/it\/?attachment_id=16007\"><img decoding=\"async\" data-attachment-id=\"16007\" data-orig-file=\"https:\/\/www.archeoparc.it\/wp-content\/uploads\/archeoparc-schnalstal-18013.jpg\" data-orig-size=\"1200,797\" data-comments-opened=\"0\" data-image-meta=\"{&quot;aperture&quot;:&quot;5.6&quot;,&quot;credit&quot;:&quot;www.archeoparc.it&quot;,&quot;camera&quot;:&quot;NIKON D90&quot;,&quot;caption&quot;:&quot;&quot;,&quot;created_timestamp&quot;:&quot;1508238473&quot;,&quot;copyright&quot;:&quot;archeoParc Schnalstal, photo: Johanna Niederkofler&quot;,&quot;focal_length&quot;:&quot;35&quot;,&quot;iso&quot;:&quot;200&quot;,&quot;shutter_speed&quot;:&quot;0.0015625&quot;,&quot;title&quot;:&quot;Ein Blick in die Besucherwerkstatt&lt;br \\\/&gt;L\\u0092area laboratori&lt;br \\\/&gt;Workshop area&quot;,&quot;orientation&quot;:&quot;1&quot;}\" data-image-title=\"Ein Blick in die Besucherwerkstatt&lt;br \/&gt;L\u0092area laboratori&lt;br \/&gt;Workshop area\" data-image-description=\"&lt;p&gt;www.archeoparc.it&lt;\/p&gt;\n\" data-medium-file=\"https:\/\/www.archeoparc.it\/wp-content\/uploads\/archeoparc-schnalstal-18013-300x199.jpg\" data-large-file=\"https:\/\/www.archeoparc.it\/wp-content\/uploads\/archeoparc-schnalstal-18013-1024x680.jpg\" style=\"margin: 2px\" src=\"https:\/\/www.archeoparc.it\/wp-content\/uploads\/archeoparc-schnalstal-18013-245x245.jpg\" width=245 height=245 title=\"Ein Blick in die Besucherwerkstatt&lt;br \/&gt;L\u0092area laboratori&lt;br \/&gt;Workshop area\" \/><\/a><div class=\"tiled-gallery-caption\">archeoParc Schnalstal, photo: Johanna Niederkofler<\/div><\/div><div class=\"tiled-gallery-item\"><a border=\"0\" href=\"https:\/\/www.archeoparc.it\/it\/scuole\/mehl-mahlen-auf-der-steinmuehle-im-freilichtbereich-des-archeoparc-schnalstalmacinare-il-grano-con-la-macina-di-pietra-nell%c2%92area-all%c2%92aperto-dellarcheoparcgrinding-flour-on-the-copper-age-s-2\/\"><img decoding=\"async\" data-attachment-id=\"15513\" data-orig-file=\"https:\/\/www.archeoparc.it\/wp-content\/uploads\/archeoparc-schnalstal-17032.jpg\" data-orig-size=\"1200,888\" data-comments-opened=\"0\" data-image-meta=\"{&quot;aperture&quot;:&quot;2.8&quot;,&quot;credit&quot;:&quot;www.archeoparc.it&quot;,&quot;camera&quot;:&quot;Konica Digital Camera KD-400Z&quot;,&quot;caption&quot;:&quot;&quot;,&quot;created_timestamp&quot;:&quot;1201651966&quot;,&quot;copyright&quot;:&quot;archeoParc Schnalstal, photo:Johanna Niederkofler&quot;,&quot;focal_length&quot;:&quot;8&quot;,&quot;iso&quot;:&quot;100&quot;,&quot;shutter_speed&quot;:&quot;0.0222&quot;,&quot;title&quot;:&quot;Mehl mahlen auf der Steinm\\u00fchle im Freilichtbereich des archeoParc Schnalstal&lt;br \\\/&gt;Macinare il grano con la macina di pietra nell\\u0092area all\\u0092aperto dell&#039;archeoParc&lt;br \\\/&gt;Grinding flour on the Copper Age stone mill at the open-air area of archeoParc&quot;,&quot;orientation&quot;:&quot;1&quot;}\" data-image-title=\"Mehl mahlen auf der Steinm\u00fchle im Freilichtbereich des archeoParc Schnalstal&lt;br \/&gt;Macinare il grano con la macina di pietra nell\u0092area all\u0092aperto dell&#8217;archeoParc&lt;br \/&gt;Grinding flour on the Copper Age stone mill at the open-air area of archeoParc\" data-image-description=\"&lt;p&gt;www.archeoparc.it&lt;\/p&gt;\n\" data-medium-file=\"https:\/\/www.archeoparc.it\/wp-content\/uploads\/archeoparc-schnalstal-17032-300x222.jpg\" data-large-file=\"https:\/\/www.archeoparc.it\/wp-content\/uploads\/archeoparc-schnalstal-17032-1024x758.jpg\" style=\"margin: 2px\" src=\"https:\/\/www.archeoparc.it\/wp-content\/uploads\/archeoparc-schnalstal-17032-162x162.jpg\" width=162 height=162 title=\"Mehl mahlen auf der Steinm\u00fchle im Freilichtbereich des archeoParc Schnalstal&lt;br \/&gt;Macinare il grano con la macina di pietra nell\u0092area all\u0092aperto dell&#039;archeoParc&lt;br \/&gt;Grinding flour on the Copper Age stone mill at the open-air area of archeoParc\" \/><\/a><div class=\"tiled-gallery-caption\">archeoParc Schnalstal, photo:Johanna Niederkofler<\/div><\/div><div class=\"tiled-gallery-item\"><a border=\"0\" href=\"https:\/\/www.archeoparc.it\/it\/?attachment_id=15483\"><img decoding=\"async\" data-attachment-id=\"15483\" data-orig-file=\"https:\/\/www.archeoparc.it\/wp-content\/uploads\/archeoparc-schnalstal-16292.jpg\" data-orig-size=\"1200,797\" data-comments-opened=\"0\" data-image-meta=\"{&quot;aperture&quot;:&quot;5.3&quot;,&quot;credit&quot;:&quot;www.archeoparc.it&quot;,&quot;camera&quot;:&quot;NIKON D90&quot;,&quot;caption&quot;:&quot;&quot;,&quot;created_timestamp&quot;:&quot;1437488431&quot;,&quot;copyright&quot;:&quot;archeoParc Schnalstal, photo:&quot;,&quot;focal_length&quot;:&quot;120&quot;,&quot;iso&quot;:&quot;3200&quot;,&quot;shutter_speed&quot;:&quot;0.00125&quot;,&quot;title&quot;:&quot;Teig zum Stockbrot backen in der Besucherwerkstatt im archeoParc Schnalstal&lt;br \\\/&gt;Impasto per il laboratorio della panificazione nell\\u0092archeoParc Val Senales&lt;br \\\/&gt;Pastry for the hands-on activity Baking bread at archeoParc Val Senales&quot;,&quot;orientation&quot;:&quot;1&quot;}\" data-image-title=\"Teig zum Stockbrot backen in der Besucherwerkstatt im archeoParc Schnalstal&lt;br \/&gt;Impasto per il laboratorio della panificazione nell\u0092archeoParc Val Senales&lt;br \/&gt;Pastry for the hands-on activity Baking bread at archeoParc Val Senales\" data-image-description=\"&lt;p&gt;www.archeoparc.it&lt;\/p&gt;\n\" data-medium-file=\"https:\/\/www.archeoparc.it\/wp-content\/uploads\/archeoparc-schnalstal-16292-300x199.jpg\" data-large-file=\"https:\/\/www.archeoparc.it\/wp-content\/uploads\/archeoparc-schnalstal-16292-1024x680.jpg\" style=\"margin: 2px\" src=\"https:\/\/www.archeoparc.it\/wp-content\/uploads\/archeoparc-schnalstal-16292-162x162.jpg\" width=162 height=162 title=\"Teig zum Stockbrot backen in der Besucherwerkstatt im archeoParc Schnalstal&lt;br \/&gt;Impasto per il laboratorio della panificazione nell\u0092archeoParc Val Senales&lt;br \/&gt;Pastry for the hands-on activity Baking bread at archeoParc Val Senales\" \/><\/a><div class=\"tiled-gallery-caption\">archeoParc Schnalstal, photo:<\/div><\/div><div class=\"tiled-gallery-item\"><a border=\"0\" href=\"https:\/\/www.archeoparc.it\/it\/?attachment_id=15515\"><img decoding=\"async\" data-attachment-id=\"15515\" data-orig-file=\"https:\/\/www.archeoparc.it\/wp-content\/uploads\/archeoparc-schnalstal-17033.jpg\" data-orig-size=\"1200,797\" data-comments-opened=\"0\" data-image-meta=\"{&quot;aperture&quot;:&quot;1.8&quot;,&quot;credit&quot;:&quot;www.archeoparc.it&quot;,&quot;camera&quot;:&quot;NIKON D90&quot;,&quot;caption&quot;:&quot;&quot;,&quot;created_timestamp&quot;:&quot;1471451101&quot;,&quot;copyright&quot;:&quot;archeoParc Schnalstal, photo: Johanna Niederkofler&quot;,&quot;focal_length&quot;:&quot;35&quot;,&quot;iso&quot;:&quot;1000&quot;,&quot;shutter_speed&quot;:&quot;0.0005&quot;,&quot;title&quot;:&quot;T\\u00e4glich wird im Freilichtbereich des archeoParc Schnalstal Stockbrot am Lagerfeuer gebacken&lt;br \\\/&gt;Laboratorio didattico giornaliero della cottura del pane sul bastone nell\\u0092area all\\u0092aperto dell\\u0092archeoParc Val Senales&lt;br \\\/&gt;Hands-on activity beaking bread on the campfire at the open-air area of archeoParc Val Senales&quot;,&quot;orientation&quot;:&quot;1&quot;}\" data-image-title=\"T\u00e4glich wird im Freilichtbereich des archeoParc Schnalstal Stockbrot am Lagerfeuer gebacken&lt;br \/&gt;Laboratorio didattico giornaliero della cottura del pane sul bastone nell\u0092area all\u0092aperto dell\u0092archeoParc Val Senales&lt;br \/&gt;Hands-on activity beaking bread on the campfire at the open-air area of archeoParc Val Senales\" data-image-description=\"&lt;p&gt;www.archeoparc.it&lt;\/p&gt;\n\" data-medium-file=\"https:\/\/www.archeoparc.it\/wp-content\/uploads\/archeoparc-schnalstal-17033-300x199.jpg\" data-large-file=\"https:\/\/www.archeoparc.it\/wp-content\/uploads\/archeoparc-schnalstal-17033-1024x680.jpg\" style=\"margin: 2px\" src=\"https:\/\/www.archeoparc.it\/wp-content\/uploads\/archeoparc-schnalstal-17033-162x162.jpg\" width=162 height=162 title=\"T\u00e4glich wird im Freilichtbereich des archeoParc Schnalstal Stockbrot am Lagerfeuer gebacken&lt;br \/&gt;Laboratorio didattico giornaliero della cottura del pane sul bastone nell\u0092area all\u0092aperto dell\u0092archeoParc Val Senales&lt;br \/&gt;Hands-on activity beaking bread on the campfire at the open-air area of archeoParc Val Senales\" \/><\/a><div class=\"tiled-gallery-caption\">archeoParc Schnalstal, photo: Johanna Niederkofler<\/div><\/div><div class=\"tiled-gallery-item\"><a border=\"0\" href=\"https:\/\/www.archeoparc.it\/it\/?attachment_id=15519\"><img decoding=\"async\" data-attachment-id=\"15519\" data-orig-file=\"https:\/\/www.archeoparc.it\/wp-content\/uploads\/archeoparc-schnalstal-17035.jpg\" data-orig-size=\"1200,800\" data-comments-opened=\"0\" data-image-meta=\"{&quot;aperture&quot;:&quot;9&quot;,&quot;credit&quot;:&quot;www.archeoparc.it&quot;,&quot;camera&quot;:&quot;Canon EOS 550D&quot;,&quot;caption&quot;:&quot;&quot;,&quot;created_timestamp&quot;:&quot;1495380074&quot;,&quot;copyright&quot;:&quot;archeoParc Schnalstal, photo: Elena Serina&quot;,&quot;focal_length&quot;:&quot;35&quot;,&quot;iso&quot;:&quot;100&quot;,&quot;shutter_speed&quot;:&quot;0.005&quot;,&quot;title&quot;:&quot;Zwirnen von Bast in der Besucherwerkstatt im archeoParc&lt;br \\\/&gt;Imparare la tecnica del filo ritorto all&#039;archeoParc&lt;br \\\/&gt;Learning the twisting technique at archeoParc Val Senales&quot;,&quot;orientation&quot;:&quot;1&quot;}\" data-image-title=\"Zwirnen von Bast in der Besucherwerkstatt im archeoParc&lt;br \/&gt;Imparare la tecnica del filo ritorto all&#8217;archeoParc&lt;br \/&gt;Learning the twisting technique at archeoParc Val Senales\" data-image-description=\"&lt;p&gt;www.archeoparc.it&lt;\/p&gt;\n\" data-medium-file=\"https:\/\/www.archeoparc.it\/wp-content\/uploads\/archeoparc-schnalstal-17035-300x200.jpg\" data-large-file=\"https:\/\/www.archeoparc.it\/wp-content\/uploads\/archeoparc-schnalstal-17035-1024x683.jpg\" style=\"margin: 2px\" src=\"https:\/\/www.archeoparc.it\/wp-content\/uploads\/archeoparc-schnalstal-17035-162x162.jpg\" width=162 height=162 title=\"Zwirnen von Bast in der Besucherwerkstatt im archeoParc&lt;br \/&gt;Imparare la tecnica del filo ritorto all&#039;archeoParc&lt;br \/&gt;Learning the twisting technique at archeoParc Val Senales\" \/><\/a><div class=\"tiled-gallery-caption\">archeoParc Schnalstal, photo: Elena Serina<\/div><\/div><div class=\"tiled-gallery-item\"><a border=\"0\" href=\"https:\/\/www.archeoparc.it\/it\/?attachment_id=15521\"><img decoding=\"async\" data-attachment-id=\"15521\" data-orig-file=\"https:\/\/www.archeoparc.it\/wp-content\/uploads\/archeoparc-schnalstal-17036.jpg\" data-orig-size=\"1200,1807\" data-comments-opened=\"0\" data-image-meta=\"{&quot;aperture&quot;:&quot;5&quot;,&quot;credit&quot;:&quot;www.archeoparc.it&quot;,&quot;camera&quot;:&quot;NIKON D90&quot;,&quot;caption&quot;:&quot;&quot;,&quot;created_timestamp&quot;:&quot;1344249836&quot;,&quot;copyright&quot;:&quot;archeoParc Schnalstal, photo: Johanna Niederkofler&quot;,&quot;focal_length&quot;:&quot;31&quot;,&quot;iso&quot;:&quot;200&quot;,&quot;shutter_speed&quot;:&quot;0.005&quot;,&quot;title&quot;:&quot;Ernst Gamper erkl\\u00e4rt in der Besucherwerkstatt wie Hirschgeweih bearbeitet wird&lt;br \\\/&gt;Ernst Gamper spiega il laboratorio della lavorazione del palco di cervo&lt;br \\\/&gt;Ernst Gamper explains the hands-on activity with deer antlers&quot;,&quot;orientation&quot;:&quot;1&quot;}\" data-image-title=\"Ernst Gamper erkl\u00e4rt in der Besucherwerkstatt wie Hirschgeweih bearbeitet wird&lt;br \/&gt;Ernst Gamper spiega il laboratorio della lavorazione del palco di cervo&lt;br \/&gt;Ernst Gamper explains the hands-on activity with deer antlers\" data-image-description=\"&lt;p&gt;www.archeoparc.it&lt;\/p&gt;\n\" data-medium-file=\"https:\/\/www.archeoparc.it\/wp-content\/uploads\/archeoparc-schnalstal-17036-199x300.jpg\" data-large-file=\"https:\/\/www.archeoparc.it\/wp-content\/uploads\/archeoparc-schnalstal-17036-680x1024.jpg\" style=\"margin: 2px\" src=\"https:\/\/www.archeoparc.it\/wp-content\/uploads\/archeoparc-schnalstal-17036-162x162.jpg\" width=162 height=162 title=\"Ernst Gamper erkl\u00e4rt in der Besucherwerkstatt wie Hirschgeweih bearbeitet wird&lt;br \/&gt;Ernst Gamper spiega il laboratorio della lavorazione del palco di cervo&lt;br \/&gt;Ernst Gamper explains the hands-on activity with deer antlers\" \/><\/a><div class=\"tiled-gallery-caption\">archeoParc Schnalstal, photo: Johanna Niederkofler<\/div><\/div><div class=\"tiled-gallery-item\"><a border=\"0\" href=\"https:\/\/www.archeoparc.it\/it\/?attachment_id=15523\"><img decoding=\"async\" data-attachment-id=\"15523\" data-orig-file=\"https:\/\/www.archeoparc.it\/wp-content\/uploads\/archeoparc-schnalstal-17037.jpg\" data-orig-size=\"1200,797\" data-comments-opened=\"0\" data-image-meta=\"{&quot;aperture&quot;:&quot;1.8&quot;,&quot;credit&quot;:&quot;www.archeoparc.it&quot;,&quot;camera&quot;:&quot;NIKON D90&quot;,&quot;caption&quot;:&quot;&quot;,&quot;created_timestamp&quot;:&quot;1470840147&quot;,&quot;copyright&quot;:&quot;archeoParc Schnalstal, photo:Johanna Niederkofler&quot;,&quot;focal_length&quot;:&quot;35&quot;,&quot;iso&quot;:&quot;200&quot;,&quot;shutter_speed&quot;:&quot;0.0004&quot;,&quot;title&quot;:&quot;Besucherwerkstatt Zwirnbinden&lt;br \\\/&gt;Laboratorio dell&#039;intreccio di fibre ritorte&lt;br \\\/&gt;Hands-on activity Fiber weaving&quot;,&quot;orientation&quot;:&quot;1&quot;}\" data-image-title=\"Besucherwerkstatt Zwirnbinden&lt;br \/&gt;Laboratorio dell&#8217;intreccio di fibre ritorte&lt;br \/&gt;Hands-on activity Fiber weaving\" data-image-description=\"&lt;p&gt;www.archeoparc.it&lt;\/p&gt;\n\" data-medium-file=\"https:\/\/www.archeoparc.it\/wp-content\/uploads\/archeoparc-schnalstal-17037-300x199.jpg\" data-large-file=\"https:\/\/www.archeoparc.it\/wp-content\/uploads\/archeoparc-schnalstal-17037-1024x680.jpg\" style=\"margin: 2px\" src=\"https:\/\/www.archeoparc.it\/wp-content\/uploads\/archeoparc-schnalstal-17037-162x162.jpg\" width=162 height=162 title=\"Besucherwerkstatt Zwirnbinden&lt;br \/&gt;Laboratorio dell&#039;intreccio di fibre ritorte&lt;br \/&gt;Hands-on activity Fiber weaving\" \/><\/a><div class=\"tiled-gallery-caption\">archeoParc Schnalstal, photo:Johanna Niederkofler<\/div><\/div><\/div><\/blockquote>\n<blockquote>\n<h2>Area tiro con l\u2019<a id=\"area-tiro-con-arco\"><\/a>arco<\/h2>\n<p>Percorso 3<\/p>\n<p>Qui potrete, dopo una breve introduzione, cimentarvi nel tiro con un arco di legno simile a quello di \u00d6tzi. L&#8217;area \u00e8 dotata di diversi paglioni e alcuni bersagli in 3D. Accessibile in condizioni meteo adeguate.<\/p>\n<div data-carousel-extra='{\"blog_id\":1,\"permalink\":\"https:\\\/\\\/www.archeoparc.it\\\/it\\\/visita\\\/da-vedere\\\/\"}' class=\"tiled-gallery type-square\" data-original-width=\"500\"><div class=\"tiled-gallery-item\"><a border=\"0\" href=\"https:\/\/www.archeoparc.it\/it\/?attachment_id=15437\"><img decoding=\"async\" data-attachment-id=\"15437\" data-orig-file=\"https:\/\/www.archeoparc.it\/wp-content\/uploads\/archeoparc-schnalstal-16763.jpg\" data-orig-size=\"1200,797\" data-comments-opened=\"0\" data-image-meta=\"{&quot;aperture&quot;:&quot;4.5&quot;,&quot;credit&quot;:&quot;www.archeoparc.it&quot;,&quot;camera&quot;:&quot;NIKON D90&quot;,&quot;caption&quot;:&quot;&quot;,&quot;created_timestamp&quot;:&quot;1477485761&quot;,&quot;copyright&quot;:&quot;archeoParc Schnalstal, photo:Johanna Niederkofler&quot;,&quot;focal_length&quot;:&quot;35&quot;,&quot;iso&quot;:&quot;200&quot;,&quot;shutter_speed&quot;:&quot;0.0125&quot;,&quot;title&quot;:&quot;Bogenschie\\u00dfen im archeoParc als Teil eines Vermittlungsprogramms f\\u00fcr Schulklassen im archeoParc Schnalstal&lt;br \\\/&gt;Prove di tiro con l\\u0092arco con una scolaresca nel corso di una visita guidata all\\u0091archeoParc Val Senales&lt;br \\\/&gt;Shooting with bow and arrow during a guided tour with a school class at archeoParc Val Senales&quot;,&quot;orientation&quot;:&quot;1&quot;}\" data-image-title=\"Bogenschie\u00dfen im archeoParc als Teil eines Vermittlungsprogramms f\u00fcr Schulklassen im archeoParc Schnalstal&lt;br \/&gt;Prove di tiro con l\u0092arco con una scolaresca nel corso di una visita guidata all\u0091archeoParc Val Senales&lt;br \/&gt;Shooting with bow and arrow during a guided tour with a school class at archeoParc Val Senales\" data-image-description=\"&lt;p&gt;www.archeoparc.it&lt;\/p&gt;\n\" data-medium-file=\"https:\/\/www.archeoparc.it\/wp-content\/uploads\/archeoparc-schnalstal-16763-300x199.jpg\" data-large-file=\"https:\/\/www.archeoparc.it\/wp-content\/uploads\/archeoparc-schnalstal-16763-1024x680.jpg\" style=\"margin: 2px\" src=\"https:\/\/www.archeoparc.it\/wp-content\/uploads\/archeoparc-schnalstal-16763-162x162.jpg\" width=162 height=162 title=\"Bogenschie\u00dfen im archeoParc als Teil eines Vermittlungsprogramms f\u00fcr Schulklassen im archeoParc Schnalstal&lt;br \/&gt;Prove di tiro con l\u0092arco con una scolaresca nel corso di una visita guidata all\u0091archeoParc Val Senales&lt;br \/&gt;Shooting with bow and arrow during a guided tour with a school class at archeoParc Val Senales\" \/><\/a><div class=\"tiled-gallery-caption\">archeoParc Schnalstal, photo:Johanna Niederkofler<\/div><\/div><div class=\"tiled-gallery-item\"><a border=\"0\" href=\"https:\/\/www.archeoparc.it\/it\/?attachment_id=15517\"><img decoding=\"async\" data-attachment-id=\"15517\" data-orig-file=\"https:\/\/www.archeoparc.it\/wp-content\/uploads\/archeoparc-schnalstal-17029.jpg\" data-orig-size=\"1200,900\" data-comments-opened=\"0\" data-image-meta=\"{&quot;aperture&quot;:&quot;5.6&quot;,&quot;credit&quot;:&quot;www.archeoparc.it&quot;,&quot;camera&quot;:&quot;E-3&quot;,&quot;caption&quot;:&quot;&quot;,&quot;created_timestamp&quot;:&quot;1309622693&quot;,&quot;copyright&quot;:&quot;archeoParc Schnalstal, photo: ganeshGraphics&quot;,&quot;focal_length&quot;:&quot;21&quot;,&quot;iso&quot;:&quot;125&quot;,&quot;shutter_speed&quot;:&quot;0.0125&quot;,&quot;title&quot;:&quot;Erste Bogenschie\\u00dfversuche in der Besucherwerkstatt im archeoParc Schnalstal &lt;br \\\/&gt; Laboratorio didattico di tiro con l\\u0092arco preistorico nell\\u0092archeoParc della val Senales &lt;br \\\/&gt; Children hands-on workshop on prehistoric archery at the archeoParcVal Senales&quot;,&quot;orientation&quot;:&quot;1&quot;}\" data-image-title=\"Erste Bogenschie\u00dfversuche in der Besucherwerkstatt im archeoParc Schnalstal &lt;br \/&gt; Laboratorio didattico di tiro con l\u0092arco preistorico nell\u0092archeoParc della val Senales &lt;br \/&gt; Children hands-on workshop on prehistoric archery at the archeoParcVal Senales\" data-image-description=\"&lt;p&gt;www.archeoparc.it&lt;\/p&gt;\n\" data-medium-file=\"https:\/\/www.archeoparc.it\/wp-content\/uploads\/archeoparc-schnalstal-17029-300x225.jpg\" data-large-file=\"https:\/\/www.archeoparc.it\/wp-content\/uploads\/archeoparc-schnalstal-17029-1024x768.jpg\" style=\"margin: 2px\" src=\"https:\/\/www.archeoparc.it\/wp-content\/uploads\/archeoparc-schnalstal-17029-162x162.jpg\" width=162 height=162 title=\"Erste Bogenschie\u00dfversuche in der Besucherwerkstatt im archeoParc Schnalstal &lt;br \/&gt; Laboratorio didattico di tiro con l\u0092arco preistorico nell\u0092archeoParc della val Senales &lt;br \/&gt; Children hands-on workshop on prehistoric archery at the archeoParcVal Senales\" \/><\/a><div class=\"tiled-gallery-caption\">archeoParc Schnalstal, photo: ganeshGraphics<\/div><\/div><div class=\"tiled-gallery-item\"><a border=\"0\" href=\"https:\/\/www.archeoparc.it\/it\/?attachment_id=15445\"><img decoding=\"async\" data-attachment-id=\"15445\" data-orig-file=\"https:\/\/www.archeoparc.it\/wp-content\/uploads\/archeoparc-schnalstal-16660-1.jpg\" data-orig-size=\"1200,797\" data-comments-opened=\"0\" data-image-meta=\"{&quot;aperture&quot;:&quot;1.8&quot;,&quot;credit&quot;:&quot;www.archeoparc.it&quot;,&quot;camera&quot;:&quot;NIKON D90&quot;,&quot;caption&quot;:&quot;&quot;,&quot;created_timestamp&quot;:&quot;1471452443&quot;,&quot;copyright&quot;:&quot;archeoParc Schnalstal, photo: Johanna Niederkofler&quot;,&quot;focal_length&quot;:&quot;35&quot;,&quot;iso&quot;:&quot;200&quot;,&quot;shutter_speed&quot;:&quot;0.0008&quot;,&quot;title&quot;:&quot;Bogenschie\\u00dfen im Freilichtbereich des archeoParc Schnalstal&lt;br \\\/&gt;Prove di tiro con l\\u0092arco nell\\u0092area all\\u0092aperto dell\\u0092archeoParc Val Senales&lt;br \\\/&gt;bow and arrow on the archery range at the  outside area of archeoParc Val Senales valley&quot;,&quot;orientation&quot;:&quot;1&quot;}\" data-image-title=\"Bogenschie\u00dfen im Freilichtbereich des archeoParc Schnalstal&lt;br \/&gt;Prove di tiro con l\u0092arco nell\u0092area all\u0092aperto dell\u0092archeoParc Val Senales&lt;br \/&gt;bow and arrow on the archery range at the  outside area of archeoParc Val Senales valley\" data-image-description=\"&lt;p&gt;www.archeoparc.it&lt;\/p&gt;\n\" data-medium-file=\"https:\/\/www.archeoparc.it\/wp-content\/uploads\/archeoparc-schnalstal-16660-1-300x199.jpg\" data-large-file=\"https:\/\/www.archeoparc.it\/wp-content\/uploads\/archeoparc-schnalstal-16660-1-1024x680.jpg\" style=\"margin: 2px\" src=\"https:\/\/www.archeoparc.it\/wp-content\/uploads\/archeoparc-schnalstal-16660-1-162x162.jpg\" width=162 height=162 title=\"Bogenschie\u00dfen im Freilichtbereich des archeoParc Schnalstal&lt;br \/&gt;Prove di tiro con l\u0092arco nell\u0092area all\u0092aperto dell\u0092archeoParc Val Senales&lt;br \/&gt;bow and arrow on the archery range at the  outside area of archeoParc Val Senales valley\" \/><\/a><div class=\"tiled-gallery-caption\">archeoParc Schnalstal, photo: Johanna Niederkofler<\/div><\/div><\/div><\/blockquote>\n<blockquote>\n<h2>Pont<a id=\"pontile\"><\/a>ile della piroga monossile<\/h2>\n<p>Percorso 3<\/p>\n<p>Chi vuole scoprire come si navigava su laghi e fiumi nelle Alpi e sud e a nord di esse? Una piroga monossile di sei metri di lunghezza fatta di un unico tronco di abete bianca, invita a un giro di prova. Un mediatore museale \u00e8 a bordo con voi. Accesibile in condizioni meteo adeguate.<\/p>\n<div data-carousel-extra='{\"blog_id\":1,\"permalink\":\"https:\\\/\\\/www.archeoparc.it\\\/it\\\/visita\\\/da-vedere\\\/\"}' class=\"tiled-gallery type-square\" data-original-width=\"500\"><div class=\"tiled-gallery-item\"><a border=\"0\" href=\"https:\/\/www.archeoparc.it\/it\/visita\/da-vedere\/jungfernfahrt-mit-dem-einbaum-im-archheoparc-teichla-prima-prova-su-acqua-della-monossile-nel-laghetto-dell%c2%91archeoparcthe-maiden-trip-of-he-dug-out-at-the-archeoparc-lakeoctober-2016-4\/\"><img decoding=\"async\" data-attachment-id=\"15367\" data-orig-file=\"https:\/\/www.archeoparc.it\/wp-content\/uploads\/archeoparc-schnalstal-16749.jpg\" data-orig-size=\"1200,797\" data-comments-opened=\"0\" data-image-meta=\"{&quot;aperture&quot;:&quot;5&quot;,&quot;credit&quot;:&quot;www.archeoparc.it&quot;,&quot;camera&quot;:&quot;NIKON D90&quot;,&quot;caption&quot;:&quot;&quot;,&quot;created_timestamp&quot;:&quot;1477400583&quot;,&quot;copyright&quot;:&quot;archeoParc Schnalstal, photo:Johanna Niederkofler&quot;,&quot;focal_length&quot;:&quot;35&quot;,&quot;iso&quot;:&quot;200&quot;,&quot;shutter_speed&quot;:&quot;0.01&quot;,&quot;title&quot;:&quot;Jungfernfahrt mit dem Einbaum im archheoParc-Teich&lt;br \\\/&gt;La prima prova su acqua della monossile nel laghetto dell\\u0091archeoParc&lt;br \\\/&gt;The maiden trip of he dug out at the archeoParc lake&lt;br \\\/&gt;&lt;br \\\/&gt;October 2016&quot;,&quot;orientation&quot;:&quot;1&quot;}\" data-image-title=\"Jungfernfahrt mit dem Einbaum im archheoParc-Teich&lt;br \/&gt;La prima prova su acqua della monossile nel laghetto dell\u0091archeoParc&lt;br \/&gt;The maiden trip of he dug out at the archeoParc lake&lt;br \/&gt;&lt;br \/&gt;October 2016\" data-image-description=\"&lt;p&gt;www.archeoparc.it&lt;\/p&gt;\n\" data-medium-file=\"https:\/\/www.archeoparc.it\/wp-content\/uploads\/archeoparc-schnalstal-16749-300x199.jpg\" data-large-file=\"https:\/\/www.archeoparc.it\/wp-content\/uploads\/archeoparc-schnalstal-16749-1024x680.jpg\" style=\"margin: 2px\" src=\"https:\/\/www.archeoparc.it\/wp-content\/uploads\/archeoparc-schnalstal-16749-494x494.jpg\" width=494 height=494 title=\"Jungfernfahrt mit dem Einbaum im archheoParc-Teich&lt;br \/&gt;La prima prova su acqua della monossile nel laghetto dell\u0091archeoParc&lt;br \/&gt;The maiden trip of he dug out at the archeoParc lake&lt;br \/&gt;&lt;br \/&gt;October 2016\" \/><\/a><div class=\"tiled-gallery-caption\">archeoParc Schnalstal, photo:Johanna Niederkofler<\/div><\/div><div class=\"tiled-gallery-item\"><a border=\"0\" href=\"https:\/\/www.archeoparc.it\/it\/2019\/internationaler-museumstag-19-5-2019\/einbaumfahren-ausprobieren-im-archeoparcun-giro-in-piroga-monossile-all%c2%92archeoparc-val-senalestrying-out-a-dug-out-at-archeoparc-val-senales-2\/\"><img decoding=\"async\" data-attachment-id=\"16015\" data-orig-file=\"https:\/\/www.archeoparc.it\/wp-content\/uploads\/archeoparc-schnalstal-18015.jpg\" data-orig-size=\"1200,797\" data-comments-opened=\"0\" data-image-meta=\"{&quot;aperture&quot;:&quot;2.8&quot;,&quot;credit&quot;:&quot;www.archeoparc.it&quot;,&quot;camera&quot;:&quot;NIKON D90&quot;,&quot;caption&quot;:&quot;&quot;,&quot;created_timestamp&quot;:&quot;1501670350&quot;,&quot;copyright&quot;:&quot;archeoParc Schnalstal, photo: Johanna Niederkfofler&quot;,&quot;focal_length&quot;:&quot;35&quot;,&quot;iso&quot;:&quot;250&quot;,&quot;shutter_speed&quot;:&quot;0.0004&quot;,&quot;title&quot;:&quot;Einbaumfahren ausprobieren im archeoParc&lt;br \\\/&gt;Un giro in piroga monossile all\\u0092archeoParc Val Senales&lt;br \\\/&gt;Trying out a dug out at archeoParc Val Senales&quot;,&quot;orientation&quot;:&quot;1&quot;}\" data-image-title=\"Einbaumfahren ausprobieren im archeoParc&lt;br \/&gt;Un giro in piroga monossile all\u0092archeoParc Val Senales&lt;br \/&gt;Trying out a dug out at archeoParc Val Senales\" data-image-description=\"&lt;p&gt;www.archeoparc.it&lt;\/p&gt;\n\" data-medium-file=\"https:\/\/www.archeoparc.it\/wp-content\/uploads\/archeoparc-schnalstal-18015-300x199.jpg\" data-large-file=\"https:\/\/www.archeoparc.it\/wp-content\/uploads\/archeoparc-schnalstal-18015-1024x680.jpg\" style=\"margin: 2px\" src=\"https:\/\/www.archeoparc.it\/wp-content\/uploads\/archeoparc-schnalstal-18015-162x162.jpg\" width=162 height=162 title=\"Einbaumfahren ausprobieren im archeoParc&lt;br \/&gt;Un giro in piroga monossile all\u0092archeoParc Val Senales&lt;br \/&gt;Trying out a dug out at archeoParc Val Senales\" \/><\/a><div class=\"tiled-gallery-caption\">archeoParc Schnalstal, photo: Johanna Niederkfofler<\/div><\/div><div class=\"tiled-gallery-item\"><a border=\"0\" href=\"https:\/\/www.archeoparc.it\/it\/?attachment_id=16013\"><img decoding=\"async\" data-attachment-id=\"16013\" data-orig-file=\"https:\/\/www.archeoparc.it\/wp-content\/uploads\/archeoparc-schnalstal-18017.jpg\" data-orig-size=\"1200,797\" data-comments-opened=\"0\" data-image-meta=\"{&quot;aperture&quot;:&quot;3.2&quot;,&quot;credit&quot;:&quot;www.archeoparc.it&quot;,&quot;camera&quot;:&quot;NIKON D90&quot;,&quot;caption&quot;:&quot;&quot;,&quot;created_timestamp&quot;:&quot;1504706660&quot;,&quot;copyright&quot;:&quot;archeoParc Schnalstal, photo: Johanna Niederkofler&quot;,&quot;focal_length&quot;:&quot;35&quot;,&quot;iso&quot;:&quot;500&quot;,&quot;shutter_speed&quot;:&quot;0.00025&quot;,&quot;title&quot;:&quot;Der Einbaum-Steg&lt;br \\\/&gt;Il pontile monossile&lt;br \\\/&gt;The canoe stop&quot;,&quot;orientation&quot;:&quot;1&quot;}\" data-image-title=\"Der Einbaum-Steg&lt;br \/&gt;Il pontile monossile&lt;br \/&gt;The canoe stop\" data-image-description=\"&lt;p&gt;www.archeoparc.it&lt;\/p&gt;\n\" data-medium-file=\"https:\/\/www.archeoparc.it\/wp-content\/uploads\/archeoparc-schnalstal-18017-300x199.jpg\" data-large-file=\"https:\/\/www.archeoparc.it\/wp-content\/uploads\/archeoparc-schnalstal-18017-1024x680.jpg\" style=\"margin: 2px\" src=\"https:\/\/www.archeoparc.it\/wp-content\/uploads\/archeoparc-schnalstal-18017-162x162.jpg\" width=162 height=162 title=\"Der Einbaum-Steg&lt;br \/&gt;Il pontile monossile&lt;br \/&gt;The canoe stop\" \/><\/a><div class=\"tiled-gallery-caption\">archeoParc Schnalstal, photo: Johanna Niederkofler<\/div><\/div><div class=\"tiled-gallery-item\"><a border=\"0\" href=\"https:\/\/www.archeoparc.it\/it\/?attachment_id=16011\"><img decoding=\"async\" data-attachment-id=\"16011\" data-orig-file=\"https:\/\/www.archeoparc.it\/wp-content\/uploads\/archeoparc-schnalstal-18016.jpg\" data-orig-size=\"1200,797\" data-comments-opened=\"0\" data-image-meta=\"{&quot;aperture&quot;:&quot;2.2&quot;,&quot;credit&quot;:&quot;www.archeoparc.it&quot;,&quot;camera&quot;:&quot;NIKON D90&quot;,&quot;caption&quot;:&quot;&quot;,&quot;created_timestamp&quot;:&quot;1501767296&quot;,&quot;copyright&quot;:&quot;archeoParc Schnalstal, photo: Johanna Niederkofler&quot;,&quot;focal_length&quot;:&quot;35&quot;,&quot;iso&quot;:&quot;250&quot;,&quot;shutter_speed&quot;:&quot;0.000625&quot;,&quot;title&quot;:&quot;Einbaum-Paddel&lt;br \\\/&gt;Pagaie in legno&lt;br \\\/&gt;Paddels&quot;,&quot;orientation&quot;:&quot;1&quot;}\" data-image-title=\"Einbaum-Paddel&lt;br \/&gt;Pagaie in legno&lt;br \/&gt;Paddels\" data-image-description=\"&lt;p&gt;www.archeoparc.it&lt;\/p&gt;\n\" data-medium-file=\"https:\/\/www.archeoparc.it\/wp-content\/uploads\/archeoparc-schnalstal-18016-300x199.jpg\" data-large-file=\"https:\/\/www.archeoparc.it\/wp-content\/uploads\/archeoparc-schnalstal-18016-1024x680.jpg\" style=\"margin: 2px\" src=\"https:\/\/www.archeoparc.it\/wp-content\/uploads\/archeoparc-schnalstal-18016-162x162.jpg\" width=162 height=162 title=\"Einbaum-Paddel&lt;br \/&gt;Pagaie in legno&lt;br \/&gt;Paddels\" \/><\/a><div class=\"tiled-gallery-caption\">archeoParc Schnalstal, photo: Johanna Niederkofler<\/div><\/div><\/div><\/blockquote>\n<p>Cos&#8217;altro trovate lungo i percorsi 2 e 3:<\/p>\n<ul>\n<li>un forno a cupola in argilla<\/li>\n<li>il laghetto con i pesci<\/li>\n<li>la cava d&#8217;argilla<\/li>\n<li>la fossa per la cottura della ceramica<\/li>\n<li>l&#8217;affumicatore per il pesce<\/li>\n<\/ul>\n<h1 style=\"text-align: center;\"><\/h1>\n<h1 style=\"text-align: center;\">L\u2019AREA RELAX E RISTORO<\/h1>\n<p>L\u2019archeoParc non offre solo momenti di scoperta e apprendimento, ma anche di relax. Cos\u00ec la vostra giornata sar\u00e0 davvero completa!<\/p>\n<blockquote>\n<h2>Caffe<a id=\"caffetteria\"><\/a>tteria<\/h2>\n<p>La caffetteria panoramica, al terzo piano del museo, \u00e8 l\u2019ideale per una pausa ristoratrice. Waltraud Rainer e collaboratori propongono bevande, spuntini, torte, gelati confezionati, come pure vini e distillati di produzione locale; anche servizio take away.<\/p>\n<p>Tra le specialit\u00e0 tipiche del nostro buffet, le preferite dai visitatori grandi e piccini sono:<\/p>\n<p>\u2022 lo strudel di mele preparato dal pasticciere Walter del vicino paese di Monte Santa Caterina<br \/>\n\u2022 il toast del contadino (pane di segale con speck, cipolle, pomodori e copertura di formaggio gratinato)<br \/>\n\u2022 la merenda di \u00d6tzi (formaggio del vicino maso Oberniederhof, speck o Kaminwurzen di cervo e Sch\u00fcttelbrot).<\/p>\n<p>Nell\u2019angolo della lettura sono consultabili i libri che abbiamo selezionato per voi dalla nostra biblioteca. Abbiamo pensato anche ai fumatori, riservando loro lo spazio in veranda.<\/p>\n<p>Nella caffetteria si svolgono occasionalmente piccole mostre, conferenze e manifestazioni varie; lo spazio pu\u00f2 essere anche affittato per <a href=\"https:\/\/www.archeoparc.it\/it\/gruppi\/eventi-privati\/\">eventi privati<\/a>.<\/p>\n<p><img loading=\"lazy\" decoding=\"async\" class=\"wp-image-9767\" src=\"https:\/\/www.archeoparc.it\/wp-content\/uploads\/archeoparc-schnalstal-17026-1024x680.jpg\" alt=\"archeoParc-Cafeteria&lt;br\/&gt;caffetteria dell\u0092archeoParc&lt;br\/&gt; Cafeteria\" width=\"510\" height=\"339\" srcset=\"https:\/\/www.archeoparc.it\/wp-content\/uploads\/archeoparc-schnalstal-17026-1024x680.jpg 1024w, https:\/\/www.archeoparc.it\/wp-content\/uploads\/archeoparc-schnalstal-17026-300x200.jpg 300w, https:\/\/www.archeoparc.it\/wp-content\/uploads\/archeoparc-schnalstal-17026-676x449.jpg 676w, https:\/\/www.archeoparc.it\/wp-content\/uploads\/archeoparc-schnalstal-17026.jpg 1200w\" sizes=\"auto, (max-width: 510px) 100vw, 510px\" \/><\/p><\/blockquote>\n<blockquote>\n<h2>Books<a id=\"bookshop\"><\/a>hop<\/h2>\n<p>Prima o dopo la visita dell\u2019archeoParc vi invitiamo a una sosta nel nostro shop al piano terra, dove si possono acquistare libri, prodotti tessili, giochi, cartoline illustrate e altri souvenir. Magdalena Alber e collaboratori saranno lieti di consigliarvi nella scelta!<\/p>\n<p>I nostri bestseller:<\/p>\n<p>\u2022 la maglietta rossa per ragazzi con il \u201ccacciatore preistorico\u201d e il logo archeoParc<br \/>\n\u2022 le tisane del Neolitico<br \/>\n\u2022 le tazze con l\u2019arciere e il logo archeoParc<br \/>\n\u2022 \u201c\u00d6tzi. L\u2019uomo venuto dal ghiaccio\u201d, libro di Angelika Fleckinger<br \/>\n\u2022 \u201cLa mummia dei ghiacci\u201d, libro di Gudrun Sulzenbacher<br \/>\n\u2022 \u201cSteinzeit selbst erleben\u201d, libro di Friedrich Seeberger.<\/p>\n<p>Alcuni dei prodotti in vendita sono realizzati appositamente per noi, come le borse che l\u2019altoatesina Maria Puff Gius confeziona riutilizzando i nostri vecchi striscioni pubblicitari. Acquistando questi articoli sostenete le attivit\u00e0 educative dell\u2019archeoParc.<\/p>\n<div data-carousel-extra='{\"blog_id\":1,\"permalink\":\"https:\\\/\\\/www.archeoparc.it\\\/it\\\/visita\\\/da-vedere\\\/\"}' class=\"tiled-gallery type-square\" data-original-width=\"500\"><div class=\"tiled-gallery-item\"><a border=\"0\" href=\"https:\/\/www.archeoparc.it\/it\/?attachment_id=15497\"><img decoding=\"async\" data-attachment-id=\"15497\" data-orig-file=\"https:\/\/www.archeoparc.it\/wp-content\/uploads\/archeoparc-schnalstal-16289.jpg\" data-orig-size=\"1200,797\" data-comments-opened=\"0\" data-image-meta=\"{&quot;aperture&quot;:&quot;9&quot;,&quot;credit&quot;:&quot;www.archeoparc.it&quot;,&quot;camera&quot;:&quot;NIKON D90&quot;,&quot;caption&quot;:&quot;&quot;,&quot;created_timestamp&quot;:&quot;1436457812&quot;,&quot;copyright&quot;:&quot;archeoParc Schnalstal, photo: Johanna Niederkofler&quot;,&quot;focal_length&quot;:&quot;31&quot;,&quot;iso&quot;:&quot;1250&quot;,&quot;shutter_speed&quot;:&quot;0.0333333333333&quot;,&quot;title&quot;:&quot;Museumsshop&lt;br \\\/&gt;Shop del museo&lt;br \\\/&gt;Bookshop&quot;,&quot;orientation&quot;:&quot;1&quot;}\" data-image-title=\"Museumsshop&lt;br \/&gt;Shop del museo&lt;br \/&gt;Bookshop\" data-image-description=\"&lt;p&gt;www.archeoparc.it&lt;\/p&gt;\n\" data-medium-file=\"https:\/\/www.archeoparc.it\/wp-content\/uploads\/archeoparc-schnalstal-16289-300x199.jpg\" data-large-file=\"https:\/\/www.archeoparc.it\/wp-content\/uploads\/archeoparc-schnalstal-16289-1024x680.jpg\" style=\"margin: 2px\" src=\"https:\/\/www.archeoparc.it\/wp-content\/uploads\/archeoparc-schnalstal-16289-245x245.jpg\" width=245 height=245 title=\"Museumsshop&lt;br \/&gt;Shop del museo&lt;br \/&gt;Bookshop\" \/><\/a><div class=\"tiled-gallery-caption\">archeoParc Schnalstal, photo: Johanna Niederkofler<\/div><\/div><div class=\"tiled-gallery-item\"><a border=\"0\" href=\"https:\/\/www.archeoparc.it\/it\/?attachment_id=15495\"><img decoding=\"async\" data-attachment-id=\"15495\" data-orig-file=\"https:\/\/www.archeoparc.it\/wp-content\/uploads\/archeoparc-schnalstal-16287.jpg\" data-orig-size=\"1200,797\" data-comments-opened=\"0\" data-image-meta=\"{&quot;aperture&quot;:&quot;9&quot;,&quot;credit&quot;:&quot;www.archeoparc.it&quot;,&quot;camera&quot;:&quot;NIKON D90&quot;,&quot;caption&quot;:&quot;&quot;,&quot;created_timestamp&quot;:&quot;1436457590&quot;,&quot;copyright&quot;:&quot;archeoParc Schnalstal, photo: Johanna Niederkofler&quot;,&quot;focal_length&quot;:&quot;130&quot;,&quot;iso&quot;:&quot;1250&quot;,&quot;shutter_speed&quot;:&quot;0.0333333333333&quot;,&quot;title&quot;:&quot;Museumsshop&lt;br \\\/&gt;Shop del museo&lt;br \\\/&gt;Bookshop&quot;,&quot;orientation&quot;:&quot;1&quot;}\" data-image-title=\"Museumsshop&lt;br \/&gt;Shop del museo&lt;br \/&gt;Bookshop\" data-image-description=\"&lt;p&gt;www.archeoparc.it&lt;\/p&gt;\n\" data-medium-file=\"https:\/\/www.archeoparc.it\/wp-content\/uploads\/archeoparc-schnalstal-16287-300x199.jpg\" data-large-file=\"https:\/\/www.archeoparc.it\/wp-content\/uploads\/archeoparc-schnalstal-16287-1024x680.jpg\" style=\"margin: 2px\" src=\"https:\/\/www.archeoparc.it\/wp-content\/uploads\/archeoparc-schnalstal-16287-245x245.jpg\" width=245 height=245 title=\"Museumsshop&lt;br \/&gt;Shop del museo&lt;br \/&gt;Bookshop\" \/><\/a><div class=\"tiled-gallery-caption\">archeoParc Schnalstal, photo: Johanna Niederkofler<\/div><\/div><div class=\"tiled-gallery-item\"><a border=\"0\" href=\"https:\/\/www.archeoparc.it\/it\/?attachment_id=15493\"><img decoding=\"async\" data-attachment-id=\"15493\" data-orig-file=\"https:\/\/www.archeoparc.it\/wp-content\/uploads\/archeoparc-schnalstal-16286.jpg\" data-orig-size=\"1200,797\" data-comments-opened=\"0\" data-image-meta=\"{&quot;aperture&quot;:&quot;9&quot;,&quot;credit&quot;:&quot;www.archeoparc.it&quot;,&quot;camera&quot;:&quot;NIKON D90&quot;,&quot;caption&quot;:&quot;&quot;,&quot;created_timestamp&quot;:&quot;1436456991&quot;,&quot;copyright&quot;:&quot;archeoParc Schnalstal, photo: Johanna Niederkofler&quot;,&quot;focal_length&quot;:&quot;24&quot;,&quot;iso&quot;:&quot;1250&quot;,&quot;shutter_speed&quot;:&quot;0.0333333333333&quot;,&quot;title&quot;:&quot;Museumsshop&lt;br \\\/&gt;Shop del museo&lt;br \\\/&gt;Bookshop&quot;,&quot;orientation&quot;:&quot;1&quot;}\" data-image-title=\"Museumsshop&lt;br \/&gt;Shop del museo&lt;br \/&gt;Bookshop\" data-image-description=\"&lt;p&gt;www.archeoparc.it&lt;\/p&gt;\n\" data-medium-file=\"https:\/\/www.archeoparc.it\/wp-content\/uploads\/archeoparc-schnalstal-16286-300x199.jpg\" data-large-file=\"https:\/\/www.archeoparc.it\/wp-content\/uploads\/archeoparc-schnalstal-16286-1024x680.jpg\" style=\"margin: 2px\" src=\"https:\/\/www.archeoparc.it\/wp-content\/uploads\/archeoparc-schnalstal-16286-162x162.jpg\" width=162 height=162 title=\"Museumsshop&lt;br \/&gt;Shop del museo&lt;br \/&gt;Bookshop\" \/><\/a><div class=\"tiled-gallery-caption\">archeoParc Schnalstal, photo: Johanna Niederkofler<\/div><\/div><div class=\"tiled-gallery-item\"><a border=\"0\" href=\"https:\/\/www.archeoparc.it\/it\/?attachment_id=15491\"><img decoding=\"async\" data-attachment-id=\"15491\" data-orig-file=\"https:\/\/www.archeoparc.it\/wp-content\/uploads\/archeoparc-schnalstal-16278.jpg\" data-orig-size=\"1200,1807\" data-comments-opened=\"0\" data-image-meta=\"{&quot;aperture&quot;:&quot;9&quot;,&quot;credit&quot;:&quot;www.archeoparc.it&quot;,&quot;camera&quot;:&quot;NIKON D90&quot;,&quot;caption&quot;:&quot;&quot;,&quot;created_timestamp&quot;:&quot;1436455575&quot;,&quot;copyright&quot;:&quot;archeoParc Schnalstal, photo: Johanna Niederkofler&quot;,&quot;focal_length&quot;:&quot;26&quot;,&quot;iso&quot;:&quot;1250&quot;,&quot;shutter_speed&quot;:&quot;0.0333333333333&quot;,&quot;title&quot;:&quot;Museumsshop&lt;br \\\/&gt;Shop del museo&lt;br \\\/&gt;Bookshop&quot;,&quot;orientation&quot;:&quot;1&quot;}\" data-image-title=\"Museumsshop&lt;br \/&gt;Shop del museo&lt;br \/&gt;Bookshop\" data-image-description=\"&lt;p&gt;www.archeoparc.it&lt;\/p&gt;\n\" data-medium-file=\"https:\/\/www.archeoparc.it\/wp-content\/uploads\/archeoparc-schnalstal-16278-199x300.jpg\" data-large-file=\"https:\/\/www.archeoparc.it\/wp-content\/uploads\/archeoparc-schnalstal-16278-680x1024.jpg\" style=\"margin: 2px\" src=\"https:\/\/www.archeoparc.it\/wp-content\/uploads\/archeoparc-schnalstal-16278-162x162.jpg\" width=162 height=162 title=\"Museumsshop&lt;br \/&gt;Shop del museo&lt;br \/&gt;Bookshop\" \/><\/a><div class=\"tiled-gallery-caption\">archeoParc Schnalstal, photo: Johanna Niederkofler<\/div><\/div><div class=\"tiled-gallery-item\"><a border=\"0\" href=\"https:\/\/www.archeoparc.it\/it\/?attachment_id=15499\"><img decoding=\"async\" data-attachment-id=\"15499\" data-orig-file=\"https:\/\/www.archeoparc.it\/wp-content\/uploads\/archeoparc-schnalstal-16284.jpg\" data-orig-size=\"1200,797\" data-comments-opened=\"0\" data-image-meta=\"{&quot;aperture&quot;:&quot;9&quot;,&quot;credit&quot;:&quot;www.archeoparc.it&quot;,&quot;camera&quot;:&quot;NIKON D90&quot;,&quot;caption&quot;:&quot;&quot;,&quot;created_timestamp&quot;:&quot;1436456450&quot;,&quot;copyright&quot;:&quot;archeoParc Schnalstal, photo: Johanna Niederkofler&quot;,&quot;focal_length&quot;:&quot;24&quot;,&quot;iso&quot;:&quot;1250&quot;,&quot;shutter_speed&quot;:&quot;0.0333333333333&quot;,&quot;title&quot;:&quot;Museumsshop&lt;br \\\/&gt;Shop del museo&lt;br \\\/&gt;Bookshop&quot;,&quot;orientation&quot;:&quot;1&quot;}\" data-image-title=\"Museumsshop&lt;br \/&gt;Shop del museo&lt;br \/&gt;Bookshop\" data-image-description=\"&lt;p&gt;www.archeoparc.it&lt;\/p&gt;\n\" data-medium-file=\"https:\/\/www.archeoparc.it\/wp-content\/uploads\/archeoparc-schnalstal-16284-300x199.jpg\" data-large-file=\"https:\/\/www.archeoparc.it\/wp-content\/uploads\/archeoparc-schnalstal-16284-1024x680.jpg\" style=\"margin: 2px\" src=\"https:\/\/www.archeoparc.it\/wp-content\/uploads\/archeoparc-schnalstal-16284-162x162.jpg\" width=162 height=162 title=\"Museumsshop&lt;br \/&gt;Shop del museo&lt;br \/&gt;Bookshop\" \/><\/a><div class=\"tiled-gallery-caption\">archeoParc Schnalstal, photo: Johanna Niederkofler<\/div><\/div><\/div>\n<p><strong>Libri<\/strong><br \/>\n\u00d6tzi<br \/>\nTecniche artigianali preistoriche e fabbricazione di un arco<br \/>\nRicette con le erbe selvatiche<br \/>\nLibri per ragazzi<br \/>\nMateriali didattici<br \/>\nGuide turistiche ed escursionistiche<br \/>\nCartine topografiche<\/p>\n<p><strong>Prodotti tessili<\/strong><br \/>\nMagliette per adulti e bambini<br \/>\nCappelli e pantofole in feltro<\/p>\n<p><strong>Bambini<\/strong><br \/>\nGiochi, animali di peluche, sonagli, telai da tessitura, colori, lenti di ingrandimento, coltellini per bambini e altro ancora.<\/p>\n<p><strong>Mangiare e bere<\/strong><br \/>\nTisane alle erbe (mix \u201cNeolitico\u201d e \u201cPaleolitico\u201d)<br \/>\nCioccolato al latte di pecora<br \/>\nSch\u00fcttelbrot (pane di Fi\u00e8) del <a href=\"https:\/\/www.merano-suedtirol.it\/it\/val-senales\/mangiare-bere\/cucina-altoatesina\/prodotti-della-val-senales\/panificio-santer.html\">Panificio Santer<\/a> di Certosa<br \/>\nFormaggio, speck, salumi e miele dell\u2019agriturismo <a href=\"https:\/\/www.infangl.com\/it\">Infanglhof<\/a> della Val di Fosse<br \/>\nMarmellate, gelatine e sciroppi del maso <a href=\"https:\/\/www.brugghof-schnalstal.it\/it\/\">Au\u00dferbrugghof<\/a> di Monte Santa Caterina<br \/>\nSucchi di mela puri, succhi misti e chips di mela del maso <a href=\"https:\/\/www.merano-suedtirol.it\/it\/val-senales\/mangiare-bere\/cucina-altoatesina\/botteghe-del-contadino\/nischlhof.html\">Nischlhof<\/a> di Monte Santa Caterina<br \/>\nBarrette di muesli della <a href=\"https:\/\/it.konditorei-weithaler.it\/gsundundguat\">Pasticceria Weithaler<\/a> di Monte Santa Caterina<br \/>\nVini di <a href=\"https:\/\/www.unterortl.it\/it\/home\/1-0.html\">Unterortl<\/a> e <a href=\"https:\/\/www.venosta.net\/it\/castelbello-ciardes\/gustare-degustare\/via-vinum-venostis\/vendita-e-degustazione\/rid-264694d06af742befc5a53baa09390ac-weingut-oberschlossbauer-juval.html\">Oberschlossbauer<\/a> sulla collina di Juval, all&#8217;imbocco della Val Senales<\/p>\n<p><strong>Articoli vari<\/strong><br \/>\nAcciarini, cartoline illustrate, saponi al latte di pecora, gioielli, recipienti in corteccia di betulla, aghi e perle d\u2019osso, frecce di legno e selce, pietre, borse, tazze, matite, spille, portachiavi, segnalibri, stampini per biscotti, audio-libri, cd ecc.<\/p>\n<p>Il nostro shop effettua su richiesta anche spedizioni a domicilio. Servizio con pagamento anticipato, include il prezzo degli articoli acquistati, le spese di spedizione e una commissione di 5 Euro (non prevista per acquisti superiori ai 50 Euro).<br \/>\n<a href=\"https:\/\/www.archeoparc.it\/it\/contatti\/\">&gt;Contatto<\/a><\/p><\/blockquote>\n","protected":false},"excerpt":{"rendered":"<p>Il Neolitico in 5.000 mq. L\u2019archeoParc \u00e8 situato in Val Senales\/Alto Adige, a poca distanza dal sito di ritrovamento di \u00d6tzi. Il parco-museo didattico all&#8217;aperto racconta come e dove l\u2019Uomo [&hellip;]<\/p>\n","protected":false},"author":6,"featured_media":0,"parent":848,"menu_order":0,"comment_status":"closed","ping_status":"open","template":"","meta":{"_acf_changed":false,"_tec_requires_first_save":true,"_EventAllDay":false,"_EventTimezone":"","_EventStartDate":"","_EventEndDate":"","_EventStartDateUTC":"","_EventEndDateUTC":"","_EventShowMap":false,"_EventShowMapLink":false,"_EventURL":"","_EventCost":"","_EventCostDescription":"","_EventCurrencySymbol":"","_EventCurrencyCode":"","_EventCurrencyPosition":"","_EventDateTimeSeparator":"","_EventTimeRangeSeparator":"","_EventOrganizerID":[],"_EventVenueID":[],"_OrganizerEmail":"","_OrganizerPhone":"","_OrganizerWebsite":"","_VenueAddress":"","_VenueCity":"","_VenueCountry":"","_VenueProvince":"","_VenueState":"","_VenueZip":"","_VenuePhone":"","_VenueURL":"","_VenueStateProvince":"","_VenueLat":"","_VenueLng":"","_VenueShowMap":false,"_VenueShowMapLink":false,"_tribe_blocks_recurrence_rules":"","_tribe_blocks_recurrence_description":"","_tribe_blocks_recurrence_exclusions":"","footnotes":""},"tags":[],"class_list":["post-852","page","type-page","status-publish","hentry"],"acf":[],"yoast_head":"<!-- This site is optimized with the Yoast SEO plugin v27.5 - https:\/\/yoast.com\/product\/yoast-seo-wordpress\/ -->\n<title>Da vedere | archeoParc Schnalstal<\/title>\n<meta name=\"robots\" content=\"index, follow, max-snippet:-1, max-image-preview:large, max-video-preview:-1\" \/>\n<link rel=\"canonical\" href=\"https:\/\/www.archeoparc.it\/it\/visita\/da-vedere\/\" \/>\n<meta name=\"twitter:label1\" content=\"Tempo di lettura stimato\" \/>\n\t<meta name=\"twitter:data1\" content=\"4 minuti\" \/>\n<script type=\"application\/ld+json\" class=\"yoast-schema-graph\">{\"@context\":\"https:\\\/\\\/schema.org\",\"@graph\":[{\"@type\":\"WebPage\",\"@id\":\"https:\\\/\\\/www.archeoparc.it\\\/it\\\/visita\\\/da-vedere\\\/\",\"url\":\"https:\\\/\\\/www.archeoparc.it\\\/it\\\/visita\\\/da-vedere\\\/\",\"name\":\"Da vedere | archeoParc Schnalstal\",\"isPartOf\":{\"@id\":\"https:\\\/\\\/www.archeoparc.it\\\/#website\"},\"primaryImageOfPage\":{\"@id\":\"https:\\\/\\\/www.archeoparc.it\\\/it\\\/visita\\\/da-vedere\\\/#primaryimage\"},\"image\":{\"@id\":\"https:\\\/\\\/www.archeoparc.it\\\/it\\\/visita\\\/da-vedere\\\/#primaryimage\"},\"thumbnailUrl\":\"https:\\\/\\\/www.archeoparc.it\\\/wp-content\\\/uploads\\\/archeoparc-schnalstal-press-17002.jpg\",\"datePublished\":\"2012-12-13T20:15:26+00:00\",\"dateModified\":\"2025-05-01T12:25:12+00:00\",\"breadcrumb\":{\"@id\":\"https:\\\/\\\/www.archeoparc.it\\\/it\\\/visita\\\/da-vedere\\\/#breadcrumb\"},\"inLanguage\":\"it-IT\",\"potentialAction\":[{\"@type\":\"ReadAction\",\"target\":[\"https:\\\/\\\/www.archeoparc.it\\\/it\\\/visita\\\/da-vedere\\\/\"]}]},{\"@type\":\"ImageObject\",\"inLanguage\":\"it-IT\",\"@id\":\"https:\\\/\\\/www.archeoparc.it\\\/it\\\/visita\\\/da-vedere\\\/#primaryimage\",\"url\":\"https:\\\/\\\/www.archeoparc.it\\\/wp-content\\\/uploads\\\/archeoparc-schnalstal-press-17002.jpg\",\"contentUrl\":\"https:\\\/\\\/www.archeoparc.it\\\/wp-content\\\/uploads\\\/archeoparc-schnalstal-press-17002.jpg\"},{\"@type\":\"BreadcrumbList\",\"@id\":\"https:\\\/\\\/www.archeoparc.it\\\/it\\\/visita\\\/da-vedere\\\/#breadcrumb\",\"itemListElement\":[{\"@type\":\"ListItem\",\"position\":1,\"name\":\"La visita\",\"item\":\"https:\\\/\\\/www.archeoparc.it\\\/it\\\/visita\\\/\"},{\"@type\":\"ListItem\",\"position\":2,\"name\":\"Da vedere\"}]},{\"@type\":\"WebSite\",\"@id\":\"https:\\\/\\\/www.archeoparc.it\\\/#website\",\"url\":\"https:\\\/\\\/www.archeoparc.it\\\/\",\"name\":\"archeoParc Schnalstal\",\"description\":\"Arch\u00e4ologisches Freilichtmuseum\",\"publisher\":{\"@id\":\"https:\\\/\\\/www.archeoparc.it\\\/#organization\"},\"potentialAction\":[{\"@type\":\"SearchAction\",\"target\":{\"@type\":\"EntryPoint\",\"urlTemplate\":\"https:\\\/\\\/www.archeoparc.it\\\/?s={search_term_string}\"},\"query-input\":{\"@type\":\"PropertyValueSpecification\",\"valueRequired\":true,\"valueName\":\"search_term_string\"}}],\"inLanguage\":\"it-IT\"},{\"@type\":\"Organization\",\"@id\":\"https:\\\/\\\/www.archeoparc.it\\\/#organization\",\"name\":\"archeoparc Schnalstal\",\"url\":\"https:\\\/\\\/www.archeoparc.it\\\/\",\"logo\":{\"@type\":\"ImageObject\",\"inLanguage\":\"it-IT\",\"@id\":\"https:\\\/\\\/www.archeoparc.it\\\/#\\\/schema\\\/logo\\\/image\\\/\",\"url\":\"https:\\\/\\\/www.archeoparc.it\\\/wp-content\\\/uploads\\\/cropped-archeoparc_logo_sw.png\",\"contentUrl\":\"https:\\\/\\\/www.archeoparc.it\\\/wp-content\\\/uploads\\\/cropped-archeoparc_logo_sw.png\",\"width\":654,\"height\":211,\"caption\":\"archeoparc Schnalstal\"},\"image\":{\"@id\":\"https:\\\/\\\/www.archeoparc.it\\\/#\\\/schema\\\/logo\\\/image\\\/\"}}]}<\/script>\n<!-- \/ Yoast SEO plugin. -->","yoast_head_json":{"title":"Da vedere | archeoParc Schnalstal","robots":{"index":"index","follow":"follow","max-snippet":"max-snippet:-1","max-image-preview":"max-image-preview:large","max-video-preview":"max-video-preview:-1"},"canonical":"https:\/\/www.archeoparc.it\/it\/visita\/da-vedere\/","twitter_misc":{"Tempo di lettura stimato":"4 minuti"},"schema":{"@context":"https:\/\/schema.org","@graph":[{"@type":"WebPage","@id":"https:\/\/www.archeoparc.it\/it\/visita\/da-vedere\/","url":"https:\/\/www.archeoparc.it\/it\/visita\/da-vedere\/","name":"Da vedere | archeoParc Schnalstal","isPartOf":{"@id":"https:\/\/www.archeoparc.it\/#website"},"primaryImageOfPage":{"@id":"https:\/\/www.archeoparc.it\/it\/visita\/da-vedere\/#primaryimage"},"image":{"@id":"https:\/\/www.archeoparc.it\/it\/visita\/da-vedere\/#primaryimage"},"thumbnailUrl":"https:\/\/www.archeoparc.it\/wp-content\/uploads\/archeoparc-schnalstal-press-17002.jpg","datePublished":"2012-12-13T20:15:26+00:00","dateModified":"2025-05-01T12:25:12+00:00","breadcrumb":{"@id":"https:\/\/www.archeoparc.it\/it\/visita\/da-vedere\/#breadcrumb"},"inLanguage":"it-IT","potentialAction":[{"@type":"ReadAction","target":["https:\/\/www.archeoparc.it\/it\/visita\/da-vedere\/"]}]},{"@type":"ImageObject","inLanguage":"it-IT","@id":"https:\/\/www.archeoparc.it\/it\/visita\/da-vedere\/#primaryimage","url":"https:\/\/www.archeoparc.it\/wp-content\/uploads\/archeoparc-schnalstal-press-17002.jpg","contentUrl":"https:\/\/www.archeoparc.it\/wp-content\/uploads\/archeoparc-schnalstal-press-17002.jpg"},{"@type":"BreadcrumbList","@id":"https:\/\/www.archeoparc.it\/it\/visita\/da-vedere\/#breadcrumb","itemListElement":[{"@type":"ListItem","position":1,"name":"La visita","item":"https:\/\/www.archeoparc.it\/it\/visita\/"},{"@type":"ListItem","position":2,"name":"Da vedere"}]},{"@type":"WebSite","@id":"https:\/\/www.archeoparc.it\/#website","url":"https:\/\/www.archeoparc.it\/","name":"archeoParc Schnalstal","description":"Arch\u00e4ologisches Freilichtmuseum","publisher":{"@id":"https:\/\/www.archeoparc.it\/#organization"},"potentialAction":[{"@type":"SearchAction","target":{"@type":"EntryPoint","urlTemplate":"https:\/\/www.archeoparc.it\/?s={search_term_string}"},"query-input":{"@type":"PropertyValueSpecification","valueRequired":true,"valueName":"search_term_string"}}],"inLanguage":"it-IT"},{"@type":"Organization","@id":"https:\/\/www.archeoparc.it\/#organization","name":"archeoparc Schnalstal","url":"https:\/\/www.archeoparc.it\/","logo":{"@type":"ImageObject","inLanguage":"it-IT","@id":"https:\/\/www.archeoparc.it\/#\/schema\/logo\/image\/","url":"https:\/\/www.archeoparc.it\/wp-content\/uploads\/cropped-archeoparc_logo_sw.png","contentUrl":"https:\/\/www.archeoparc.it\/wp-content\/uploads\/cropped-archeoparc_logo_sw.png","width":654,"height":211,"caption":"archeoparc Schnalstal"},"image":{"@id":"https:\/\/www.archeoparc.it\/#\/schema\/logo\/image\/"}}]}},"_links":{"self":[{"href":"https:\/\/www.archeoparc.it\/it\/wp-json\/wp\/v2\/pages\/852","targetHints":{"allow":["GET"]}}],"collection":[{"href":"https:\/\/www.archeoparc.it\/it\/wp-json\/wp\/v2\/pages"}],"about":[{"href":"https:\/\/www.archeoparc.it\/it\/wp-json\/wp\/v2\/types\/page"}],"author":[{"embeddable":true,"href":"https:\/\/www.archeoparc.it\/it\/wp-json\/wp\/v2\/users\/6"}],"replies":[{"embeddable":true,"href":"https:\/\/www.archeoparc.it\/it\/wp-json\/wp\/v2\/comments?post=852"}],"version-history":[{"count":11,"href":"https:\/\/www.archeoparc.it\/it\/wp-json\/wp\/v2\/pages\/852\/revisions"}],"predecessor-version":[{"id":53320,"href":"https:\/\/www.archeoparc.it\/it\/wp-json\/wp\/v2\/pages\/852\/revisions\/53320"}],"up":[{"embeddable":true,"href":"https:\/\/www.archeoparc.it\/it\/wp-json\/wp\/v2\/pages\/848"}],"wp:attachment":[{"href":"https:\/\/www.archeoparc.it\/it\/wp-json\/wp\/v2\/media?parent=852"}],"wp:term":[{"taxonomy":"post_tag","embeddable":true,"href":"https:\/\/www.archeoparc.it\/it\/wp-json\/wp\/v2\/tags?post=852"}],"curies":[{"name":"wp","href":"https:\/\/api.w.org\/{rel}","templated":true}]}}