{"id":879,"date":"2012-12-13T21:30:47","date_gmt":"2012-12-13T20:30:47","guid":{"rendered":"http:\/\/archeo.pixelcreatures.at\/?page_id=879"},"modified":"2024-09-28T14:21:19","modified_gmt":"2024-09-28T12:21:19","slug":"campi-estivi","status":"publish","type":"page","link":"https:\/\/www.archeoparc.it\/it\/gruppi\/campi-estivi\/","title":{"rendered":"Campi estivi"},"content":{"rendered":"\n<h3 class=\"wp-block-heading\">Desiderate visitare l&#8217;archeoParc con un gruppo di ragazzi a luglio o agosto?<\/h3>\n\n\n\n<p>Quando in fondovalle le giornate si fanno torride e le notti brevi, \u00e8 tempo di svago! E cosa c\u2019\u00e8 di meglio di una gita con i bambini al fresco in Val Senales, per un viaggio a ritroso nella preistoria? Magari anche senza auto, ma con l\u2019autobus n. 161 (partenze ogni ora) che vi porter\u00e0 praticamente sulla soglia del nostro museo.<\/p>\n\n\n\n<p>In estate offriamo visite guidate nelle seguenti lingue: italiano, tedesco, inglese o anche italiano-tedesco.<\/p>\n\n\n\n<p><a title=\"Campi estivi\" href=\"https:\/\/www.archeoparc.it\/it\/gruppi\/campi-estivi\/#pittura-rupestre\">Pitture rupestri (dai 5 anni in su)<\/a><br><a title=\"Falsificazione preistorica\" href=\"https:\/\/www.archeoparc.it\/it\/gruppi\/campi-estivi\/#falsificazione-preistorica\">Falsificazione preistorica (dai 7 anni in su)<\/a><br><a title=\"A caccia con \u00d6tzi\" href=\"https:\/\/www.archeoparc.it\/it\/gruppi\/campi-estivi\/#modello-arco\">A caccia con \u00d6tzi (dai 9 anni in su)<\/a><br><a title=\"Campi estivi\" href=\"https:\/\/www.archeoparc.it\/it\/gruppi\/campi-estivi\/logistica-preistorica\">Logistica preistorica (dagli 11 anni in su)<\/a><\/p>\n\n\n\n<p><a title=\"Campi estivi\" href=\"https:\/\/www.archeoparc.it\/it\/gruppi\/campi-estivi\/#giornata-neolitica-6h\">Giornata neolitica 6 h (dagli 8 anni in su)<\/a><br><a title=\"Campi estivi\" href=\"https:\/\/www.archeoparc.it\/it\/gruppi\/campi-estivi\/giornata-neolitica-24h\">Giornata neolitica 24 h (dai 10 anni in su)<\/a><\/p>\n\n\n\n<p><a href=\"https:\/\/www.archeoparc.it\/#visita-autonoma-piccoli-gruppi\">Visita autonoma in piccoli gruppi<\/a><\/p>\n\n\n\n<p>Con il vostro gruppo potete effettuare anche i programmi di visita rivolti alle scuole. Qualora per\u00f2 i vostri figli vi avessero gi\u00e0 partecipato, vi consigliamo uno dei nostri campi estivi, che hanno programmi diversi da quelli delle scolaresche.<\/p>\n\n\n\n<p>Possibilit\u00e0 di organizzare anche programmi di visita \u201csu misura\u201d. Contattateci.<br><a title=\"Contatti\" href=\"https:\/\/www.archeoparc.it\/it\/contatti\/\">Contatti<\/a><\/p>\n\n\n\n<hr class=\"wp-block-separator has-alpha-channel-opacity\"\/>\n\n\n\n<div class=\"wp-block-columns is-layout-flex wp-container-core-columns-is-layout-28f84493 wp-block-columns-is-layout-flex\">\n<div class=\"wp-block-column is-layout-flow wp-block-column-is-layout-flow\" style=\"flex-basis:33.33%\">\n<figure class=\"wp-block-image size-large\"><img loading=\"lazy\" decoding=\"async\" width=\"1024\" height=\"724\" src=\"https:\/\/www.archeoparc.it\/wp-content\/uploads\/archeoParc-schnalstal-platzhalter-e1458314677915-1024x724.jpg\" alt=\"\" class=\"wp-image-14236\" srcset=\"https:\/\/www.archeoparc.it\/wp-content\/uploads\/archeoParc-schnalstal-platzhalter-e1458314677915-1024x724.jpg 1024w, https:\/\/www.archeoparc.it\/wp-content\/uploads\/archeoParc-schnalstal-platzhalter-e1458314677915-300x212.jpg 300w, https:\/\/www.archeoparc.it\/wp-content\/uploads\/archeoParc-schnalstal-platzhalter-e1458314677915-676x478.jpg 676w\" sizes=\"auto, (max-width: 1024px) 100vw, 1024px\" \/><\/figure>\n<\/div>\n\n\n\n<div class=\"wp-block-column is-layout-flow wp-block-column-is-layout-flow\" style=\"flex-basis:66.66%\">\n<h2 class=\"wp-block-heading\" id=\"pittura-rupestre\">Pitture rupestri<\/h2>\n\n\n\n<p>(k1) Carbone vegetale, pietre ocra, terre colorate e una sostanza legante: cos\u00ec i nostri antenati preparavano i colori per dipingere. Dopo una breve visita dialogica, li imiteremo anche noi fabbricandoci un pennello con un rametto e realizzando quindi una piccola pittura rupestre. In attesa che i colori asciughino, proveremo a macinare i cereali con una mola primitiva e a cuocere il pane sul focolare aperto.<\/p>\n\n\n\n<p><strong>Target:<\/strong> bambini dai 5 anni in su<br><strong>Durata:<\/strong> 2,5 ore<br><strong>Tariffa:<\/strong> 11 euro<br><a href=\"https:\/\/www.archeoparc.it\/it\/gruppi\/info-pratiche\/\">Prenotazione e info pratiche<\/a><\/p>\n<\/div>\n<\/div>\n\n\n\n<hr class=\"wp-block-separator has-alpha-channel-opacity\"\/>\n\n\n\n<div class=\"wp-block-columns is-layout-flex wp-container-core-columns-is-layout-28f84493 wp-block-columns-is-layout-flex\">\n<div class=\"wp-block-column is-layout-flow wp-block-column-is-layout-flow\" style=\"flex-basis:33.33%\">\n<figure class=\"wp-block-image size-large\"><img loading=\"lazy\" decoding=\"async\" width=\"1024\" height=\"724\" src=\"https:\/\/www.archeoparc.it\/wp-content\/uploads\/archeoParc-schnalstal-platzhalter-e1458314677915-1024x724.jpg\" alt=\"\" class=\"wp-image-14236\" srcset=\"https:\/\/www.archeoparc.it\/wp-content\/uploads\/archeoParc-schnalstal-platzhalter-e1458314677915-1024x724.jpg 1024w, https:\/\/www.archeoparc.it\/wp-content\/uploads\/archeoParc-schnalstal-platzhalter-e1458314677915-300x212.jpg 300w, https:\/\/www.archeoparc.it\/wp-content\/uploads\/archeoParc-schnalstal-platzhalter-e1458314677915-676x478.jpg 676w\" sizes=\"auto, (max-width: 1024px) 100vw, 1024px\" \/><\/figure>\n<\/div>\n\n\n\n<div class=\"wp-block-column is-layout-flow wp-block-column-is-layout-flow\" style=\"flex-basis:66.66%\">\n<h2 class=\"wp-block-heading\" id=\"falsificazione-preistorica\">Falsificazione preistorica<\/h2>\n\n\n\n<p>(k2) Incredibile ma vero: gi\u00e0 i nostri antenati preistorici hanno fabbricato delle falsificazioni. Infatti, archeologi hanno trovato denti canini di vari animali selvatici imitati in legno. Insieme scopriamo questi reperti speciali e ci immaginiamo un nostro personale giallo preistorico al riguardo. In seguito costruiamo un ciondolo in corteccia di pioppo da portare a casa come souvenir. Infine prepariamo il pane sul bastone attorno al focolare.<\/p>\n\n\n\n<p><strong>Target:<\/strong> bambini dai 7 anni in su<br><strong>Durata:<\/strong> 2,5 ore<br><strong>Tariffa:<\/strong> 11 euro<br><a href=\"https:\/\/www.archeoparc.it\/it\/gruppi\/info-pratiche\/\">Prenotazione e info pratiche<\/a><\/p>\n<\/div>\n<\/div>\n\n\n\n<hr class=\"wp-block-separator has-alpha-channel-opacity\"\/>\n\n\n\n<div class=\"wp-block-columns is-layout-flex wp-container-core-columns-is-layout-28f84493 wp-block-columns-is-layout-flex\">\n<div class=\"wp-block-column is-layout-flow wp-block-column-is-layout-flow\" style=\"flex-basis:33.33%\">\n<figure class=\"wp-block-image size-large\"><img loading=\"lazy\" decoding=\"async\" width=\"1024\" height=\"724\" src=\"https:\/\/www.archeoparc.it\/wp-content\/uploads\/archeoParc-schnalstal-platzhalter-e1458314677915-1024x724.jpg\" alt=\"\" class=\"wp-image-14236\" srcset=\"https:\/\/www.archeoparc.it\/wp-content\/uploads\/archeoParc-schnalstal-platzhalter-e1458314677915-1024x724.jpg 1024w, https:\/\/www.archeoparc.it\/wp-content\/uploads\/archeoParc-schnalstal-platzhalter-e1458314677915-300x212.jpg 300w, https:\/\/www.archeoparc.it\/wp-content\/uploads\/archeoParc-schnalstal-platzhalter-e1458314677915-676x478.jpg 676w\" sizes=\"auto, (max-width: 1024px) 100vw, 1024px\" \/><\/figure>\n<\/div>\n\n\n\n<div class=\"wp-block-column is-layout-flow wp-block-column-is-layout-flow\" style=\"flex-basis:66.66%\">\n<h2 class=\"wp-block-heading\" id=\"modello-arco\">A caccia con \u00d6tzi<\/h2>\n\n\n\n<p>(k3) \u00d6tzi percorreva le nostre montagne e valli pi\u00f9 di 5.000 anni fa, portando con s\u00e9 una faretra con dentro delle frecce e un arco ancora non finito. In seguito ad una breve introduzione intaglieremo insieme un modello di un arco in legno di nocciolo che i ragazzi si porteranno a casa come ricordo. Concludiamo il programma con dei tentativi di tiro con l\u2019arco.<\/p>\n\n\n\n<p><strong>Target:<\/strong> bambini dai 9 anni in su<br><strong>Durata:<\/strong> 2,5 ore<br><strong>Tariffa:<\/strong> 11 euro<br><a href=\"https:\/\/www.archeoparc.it\/it\/gruppi\/info-pratiche\/\">Prenotazione e info pratiche<\/a><\/p>\n<\/div>\n<\/div>\n\n\n\n<hr class=\"wp-block-separator has-alpha-channel-opacity\"\/>\n\n\n\n<div class=\"wp-block-columns is-layout-flex wp-container-core-columns-is-layout-28f84493 wp-block-columns-is-layout-flex\">\n<div class=\"wp-block-column is-layout-flow wp-block-column-is-layout-flow\" style=\"flex-basis:33.33%\">\n<figure class=\"wp-block-image size-large\" id=\"logistica-preistorica\"><img loading=\"lazy\" decoding=\"async\" width=\"1024\" height=\"724\" src=\"https:\/\/www.archeoparc.it\/wp-content\/uploads\/archeoParc-schnalstal-platzhalter-e1458314677915-1024x724.jpg\" alt=\"\" class=\"wp-image-14236\" srcset=\"https:\/\/www.archeoparc.it\/wp-content\/uploads\/archeoParc-schnalstal-platzhalter-e1458314677915-1024x724.jpg 1024w, https:\/\/www.archeoparc.it\/wp-content\/uploads\/archeoParc-schnalstal-platzhalter-e1458314677915-300x212.jpg 300w, https:\/\/www.archeoparc.it\/wp-content\/uploads\/archeoParc-schnalstal-platzhalter-e1458314677915-676x478.jpg 676w\" sizes=\"auto, (max-width: 1024px) 100vw, 1024px\" \/><\/figure>\n<\/div>\n\n\n\n<div class=\"wp-block-column is-layout-flow wp-block-column-is-layout-flow\" style=\"flex-basis:66.66%\">\n<h2 class=\"wp-block-heading\" id=\"logistica-preistorica\">Logistica preistorica<\/h2>\n\n\n\n<p>(k4) Mentre oggi per le piccole esigenze di trasporto ci sono tupperware, pellicole e alluminio, \u00d6tzi utilizzava due contenitori in corteccia di betulla e un piccolo marsupio in cuoio. Dopo una breve visita dialogica alla mostra permanente, proveremo anche noi a confezionare un borsellino di cuoio in cui riporre i nostri piccoli tesori. Per finire ci attende una prova di tiro con il propulsore preistorico.<\/p>\n\n\n\n<p><strong>Target:<\/strong> ragazzi dagli 11 anni in su<br><strong>Durata:<\/strong> 2,5 ore<br><strong>Tariffa:<\/strong> 11 euro<br><a href=\"https:\/\/www.archeoparc.it\/it\/gruppi\/info-pratiche\/\">Prenotazione e info pratiche<\/a><\/p>\n<\/div>\n<\/div>\n\n\n\n<hr class=\"wp-block-separator has-alpha-channel-opacity\"\/>\n\n\n\n<div class=\"wp-block-columns is-layout-flex wp-container-core-columns-is-layout-28f84493 wp-block-columns-is-layout-flex\">\n<div class=\"wp-block-column is-layout-flow wp-block-column-is-layout-flow\" style=\"flex-basis:33.33%\">\n<figure class=\"wp-block-image size-large\"><img loading=\"lazy\" decoding=\"async\" width=\"1024\" height=\"724\" src=\"https:\/\/www.archeoparc.it\/wp-content\/uploads\/archeoParc-schnalstal-platzhalter-e1458314677915-1024x724.jpg\" alt=\"\" class=\"wp-image-14236\" srcset=\"https:\/\/www.archeoparc.it\/wp-content\/uploads\/archeoParc-schnalstal-platzhalter-e1458314677915-1024x724.jpg 1024w, https:\/\/www.archeoparc.it\/wp-content\/uploads\/archeoParc-schnalstal-platzhalter-e1458314677915-300x212.jpg 300w, https:\/\/www.archeoparc.it\/wp-content\/uploads\/archeoParc-schnalstal-platzhalter-e1458314677915-676x478.jpg 676w\" sizes=\"auto, (max-width: 1024px) 100vw, 1024px\" \/><\/figure>\n<\/div>\n\n\n\n<div class=\"wp-block-column is-layout-flow wp-block-column-is-layout-flow\" style=\"flex-basis:66.66%\">\n<h2 class=\"wp-block-heading\" id=\"giornata-neolitica-6h\">Giornata neolitica 6 h<\/h2>\n\n\n\n<p>(k5) Sei ore immersi nella vita di 5.300 anni fa. Vivere come \u00d6tzi. Per il nostro pasto neolitico raccogliamo delle erbe spontanee commestibili sul prato e nel bosco. Accendiamo il fuoco con selce e pirite e maciniamo del grano sulla macina in pietra. Nel programma potrebbero figurare la cottura del pane nel forno a cupola in creta oppure la preparazione di una zuppa di orzo direttamente sul fuoco aperto. Il programma definitivo viene concordato da due mediatori culturali dell\u2019archeoParc insieme all\u2019accompagnatore del gruppo a seconda delle necessit\u00e0 e desideri specifici del gruppo.<\/p>\n\n\n\n<p>Il programma varia da una giornata neolitica all\u2019altra.<\/p>\n\n\n\n<p><strong>Target:<\/strong> bambini dagli 8 anni in su<br><strong>Durata:<\/strong> ca. 6 ore<br><strong>Tariffa:<\/strong>&nbsp; 35 \u20ac\/persona (min. 450 \u20ac)<br><strong>!<\/strong> Max 30 partecipanti. La tariffa comprende un pasto. Per le Giornate neolitiche si accettano prenotazioni per per un solo gruppo al giorno. Si consiglia di prenotare con largo anticipo (in ogni caso almeno sei settimane prima della data scelta per la Giornata neolitica).<br><a href=\"https:\/\/www.archeoparc.it\/it\/gruppi\/info-pratiche\/\">Prenotazione e info pratiche<\/a><\/p>\n<\/div>\n<\/div>\n\n\n\n<hr class=\"wp-block-separator has-alpha-channel-opacity\"\/>\n\n\n\n<div class=\"wp-block-columns is-layout-flex wp-container-core-columns-is-layout-28f84493 wp-block-columns-is-layout-flex\">\n<div class=\"wp-block-column is-layout-flow wp-block-column-is-layout-flow\" style=\"flex-basis:33.33%\">\n<figure class=\"wp-block-image size-large\"><img loading=\"lazy\" decoding=\"async\" width=\"1024\" height=\"724\" src=\"https:\/\/www.archeoparc.it\/wp-content\/uploads\/archeoParc-schnalstal-platzhalter-e1458314677915-1024x724.jpg\" alt=\"\" class=\"wp-image-14236\" srcset=\"https:\/\/www.archeoparc.it\/wp-content\/uploads\/archeoParc-schnalstal-platzhalter-e1458314677915-1024x724.jpg 1024w, https:\/\/www.archeoparc.it\/wp-content\/uploads\/archeoParc-schnalstal-platzhalter-e1458314677915-300x212.jpg 300w, https:\/\/www.archeoparc.it\/wp-content\/uploads\/archeoParc-schnalstal-platzhalter-e1458314677915-676x478.jpg 676w\" sizes=\"auto, (max-width: 1024px) 100vw, 1024px\" \/><\/figure>\n<\/div>\n\n\n\n<div class=\"wp-block-column is-layout-flow wp-block-column-is-layout-flow\" style=\"flex-basis:66.66%\">\n<h2 class=\"wp-block-heading\" id=\"giornata-neolitica-24h\">Giornata neolitica 24 h<\/h2>\n\n\n\n<p>(k6) 24 ore immersi nella vita di 5.300 anni fa. Vivere come \u00d6tzi. Per il nostro pasto neolitico raccogliamo delle erbe spontanee commestibili sul prato e nel bosco. Ci prepariamo un giaciglio notturno nelle capanne neolitiche ricostruite nell\u2019area all\u2019aperto, accendiamo il fuoco con selce e pirite e maciniamo del grano sulla macina in pietra. Nel programma potrebbero figurare la cottura del pane nel forno a cupola in creta oppure la preparazione di una zuppa di orzo direttamente sul fuoco aperto, ma anche un fal\u00f2 notturno o la cottura di oggetti in ceramica in fossa interrata. Il programma definitivo viene concordato da due mediatori culturali dell\u2019archeoParc insieme all\u2019iaccompagnatore del gruppo a seconda delle necessit\u00e0 e desideri specifici del gruppo.<\/p>\n\n\n\n<p>Il programma varia da una giornata neolitica all\u2019altra.<\/p>\n\n\n\n<p><strong>Target:<\/strong> dai 10 anni in su<br><strong>Durata:<\/strong> ca. 24 ore<br><strong>Tariffa:<\/strong>&nbsp; 60 \u20ac\/persona (min. 750 \u20ac)<br><strong>!<\/strong> Max 25 partecipanti. La tariffa comprende due pasti. Per le Giornate neolitiche si accettano prenotazioni per per un solo gruppo al giorno. Si consiglia di prenotare con largo anticipo (in ogni caso almeno sei settimane prima della data scelta per la Giornata neolitica).<br><a href=\"https:\/\/www.archeoparc.it\/it\/gruppi\/info-pratiche\/\">Prenotazione e info pratiche<\/a><\/p>\n<\/div>\n<\/div>\n\n\n\n<hr class=\"wp-block-separator has-alpha-channel-opacity\"\/>\n\n\n\n<div class=\"wp-block-columns is-layout-flex wp-container-core-columns-is-layout-28f84493 wp-block-columns-is-layout-flex\">\n<div class=\"wp-block-column is-layout-flow wp-block-column-is-layout-flow\" style=\"flex-basis:33.33%\">\n<figure class=\"wp-block-image size-large\"><img loading=\"lazy\" decoding=\"async\" width=\"1024\" height=\"724\" src=\"https:\/\/www.archeoparc.it\/wp-content\/uploads\/archeoParc-schnalstal-platzhalter-e1458314677915-1024x724.jpg\" alt=\"\" class=\"wp-image-14236\" srcset=\"https:\/\/www.archeoparc.it\/wp-content\/uploads\/archeoParc-schnalstal-platzhalter-e1458314677915-1024x724.jpg 1024w, https:\/\/www.archeoparc.it\/wp-content\/uploads\/archeoParc-schnalstal-platzhalter-e1458314677915-300x212.jpg 300w, https:\/\/www.archeoparc.it\/wp-content\/uploads\/archeoParc-schnalstal-platzhalter-e1458314677915-676x478.jpg 676w\" sizes=\"auto, (max-width: 1024px) 100vw, 1024px\" \/><\/figure>\n<\/div>\n\n\n\n<div class=\"wp-block-column is-layout-flow wp-block-column-is-layout-flow\" style=\"flex-basis:66.66%\">\n<h4 class=\"wp-block-heading\" id=\"visita-autonoma-piccoli-gruppi\">Visita autonoma in piccoli gruppi<\/h4>\n\n\n\n<p>(k7) Introduzione per una visita autonoma in piena estate.<br><br>La visita per conto proprio all\u2019archeoParc pu\u00f2, in piena estate, rappresentare un\u2019alternativa valida per i gruppi estivi: attrezzati con informazioni utili e un kit esplorativo partite suddivisi in piccoli gruppi per il vostro viaggio nel tempo nel villaggio preistorico di \u00d6tzi. Volete esplorare come veri archeologi oppure sperimentare come \u00d6tzi lavorava le pietre? Vi muovete nelle nostre aree interne ed esterne e partecipate a due o tre attivit\u00e0 del nostro <a href=\"https:\/\/www.archeoparc.it\/it\/calendario\/\">programma giornaliero<\/a>. Durante la vostra visita c\u2019\u00e8 tempo di visitare il parco giochi confinante all\u2019archeParc e consumare l\u00ec la merenda da voi portata. Ci siete anche voi?<br><br><strong>Target:<\/strong> tutte le et\u00e0<br><strong>Durata: <\/strong>minimo tre ore, massimo 6 ore<br><strong>Tariffa:<\/strong> <a href=\"https:\/\/www.archeoparc.it\/it\/visita\/info-pratiche\/#tariffe\">Biglietto ridotto percorso 1-3<\/a><br>! Max. 75 partecipanti. Questa offerta \u00e8 adatta a gruppi con tanti accompagnatori che vogliono trascorrere molto tempo nell\u2019archeoParc. Prenotare tale offerta \u00e8 ragionevole ad esempio in piena estate, quando il nostro parco e dunque le nostre attivit\u00e0 sono pienamente operativi. Questa offerta non pu\u00f2 essere prenotata contemporaneamente da pi\u00f9 di un gruppo.<br><a href=\"https:\/\/www.archeoparc.it\/it\/gruppi\/info-pratiche\/\">Prenotazione e info pratiche<\/a><\/p>\n<\/div>\n<\/div>\n","protected":false},"excerpt":{"rendered":"<p>Desiderate visitare l&#8217;archeoParc con un gruppo di ragazzi a luglio o agosto? Quando in fondovalle le giornate si fanno torride e le notti brevi, \u00e8 tempo di svago! E cosa [&hellip;]<\/p>\n","protected":false},"author":6,"featured_media":0,"parent":867,"menu_order":0,"comment_status":"closed","ping_status":"open","template":"","meta":{"_acf_changed":false,"_tec_requires_first_save":true,"_EventAllDay":false,"_EventTimezone":"","_EventStartDate":"","_EventEndDate":"","_EventStartDateUTC":"","_EventEndDateUTC":"","_EventShowMap":false,"_EventShowMapLink":false,"_EventURL":"","_EventCost":"","_EventCostDescription":"","_EventCurrencySymbol":"","_EventCurrencyCode":"","_EventCurrencyPosition":"","_EventDateTimeSeparator":"","_EventTimeRangeSeparator":"","_EventOrganizerID":[],"_EventVenueID":[],"_OrganizerEmail":"","_OrganizerPhone":"","_OrganizerWebsite":"","_VenueAddress":"","_VenueCity":"","_VenueCountry":"","_VenueProvince":"","_VenueState":"","_VenueZip":"","_VenuePhone":"","_VenueURL":"","_VenueStateProvince":"","_VenueLat":"","_VenueLng":"","_VenueShowMap":false,"_VenueShowMapLink":false,"_tribe_blocks_recurrence_rules":"","_tribe_blocks_recurrence_description":"","_tribe_blocks_recurrence_exclusions":"","footnotes":""},"tags":[],"class_list":["post-879","page","type-page","status-publish","hentry"],"acf":[],"yoast_head":"<!-- This site is optimized with the Yoast SEO plugin v27.5 - https:\/\/yoast.com\/product\/yoast-seo-wordpress\/ -->\n<title>Campi estivi | archeoParc Schnalstal<\/title>\n<meta name=\"robots\" content=\"index, follow, max-snippet:-1, max-image-preview:large, max-video-preview:-1\" \/>\n<link rel=\"canonical\" href=\"https:\/\/www.archeoparc.it\/it\/gruppi\/campi-estivi\/\" \/>\n<meta name=\"twitter:label1\" content=\"Tempo di lettura stimato\" \/>\n\t<meta name=\"twitter:data1\" content=\"8 minuti\" \/>\n<script type=\"application\/ld+json\" class=\"yoast-schema-graph\">{\"@context\":\"https:\\\/\\\/schema.org\",\"@graph\":[{\"@type\":\"WebPage\",\"@id\":\"https:\\\/\\\/www.archeoparc.it\\\/it\\\/gruppi\\\/campi-estivi\\\/\",\"url\":\"https:\\\/\\\/www.archeoparc.it\\\/it\\\/gruppi\\\/campi-estivi\\\/\",\"name\":\"Campi estivi | archeoParc Schnalstal\",\"isPartOf\":{\"@id\":\"https:\\\/\\\/www.archeoparc.it\\\/#website\"},\"primaryImageOfPage\":{\"@id\":\"https:\\\/\\\/www.archeoparc.it\\\/it\\\/gruppi\\\/campi-estivi\\\/#primaryimage\"},\"image\":{\"@id\":\"https:\\\/\\\/www.archeoparc.it\\\/it\\\/gruppi\\\/campi-estivi\\\/#primaryimage\"},\"thumbnailUrl\":\"https:\\\/\\\/www.archeoparc.it\\\/wp-content\\\/uploads\\\/archeoParc-schnalstal-platzhalter-e1458314677915-1024x724.jpg\",\"datePublished\":\"2012-12-13T20:30:47+00:00\",\"dateModified\":\"2024-09-28T12:21:19+00:00\",\"breadcrumb\":{\"@id\":\"https:\\\/\\\/www.archeoparc.it\\\/it\\\/gruppi\\\/campi-estivi\\\/#breadcrumb\"},\"inLanguage\":\"it-IT\",\"potentialAction\":[{\"@type\":\"ReadAction\",\"target\":[\"https:\\\/\\\/www.archeoparc.it\\\/it\\\/gruppi\\\/campi-estivi\\\/\"]}]},{\"@type\":\"ImageObject\",\"inLanguage\":\"it-IT\",\"@id\":\"https:\\\/\\\/www.archeoparc.it\\\/it\\\/gruppi\\\/campi-estivi\\\/#primaryimage\",\"url\":\"https:\\\/\\\/www.archeoparc.it\\\/wp-content\\\/uploads\\\/archeoParc-schnalstal-platzhalter-e1458314677915-1024x724.jpg\",\"contentUrl\":\"https:\\\/\\\/www.archeoparc.it\\\/wp-content\\\/uploads\\\/archeoParc-schnalstal-platzhalter-e1458314677915-1024x724.jpg\"},{\"@type\":\"BreadcrumbList\",\"@id\":\"https:\\\/\\\/www.archeoparc.it\\\/it\\\/gruppi\\\/campi-estivi\\\/#breadcrumb\",\"itemListElement\":[{\"@type\":\"ListItem\",\"position\":1,\"name\":\"Gruppi\",\"item\":\"https:\\\/\\\/www.archeoparc.it\\\/it\\\/gruppi\\\/\"},{\"@type\":\"ListItem\",\"position\":2,\"name\":\"Campi estivi\"}]},{\"@type\":\"WebSite\",\"@id\":\"https:\\\/\\\/www.archeoparc.it\\\/#website\",\"url\":\"https:\\\/\\\/www.archeoparc.it\\\/\",\"name\":\"archeoParc Schnalstal\",\"description\":\"Arch\u00e4ologisches Freilichtmuseum\",\"publisher\":{\"@id\":\"https:\\\/\\\/www.archeoparc.it\\\/#organization\"},\"potentialAction\":[{\"@type\":\"SearchAction\",\"target\":{\"@type\":\"EntryPoint\",\"urlTemplate\":\"https:\\\/\\\/www.archeoparc.it\\\/?s={search_term_string}\"},\"query-input\":{\"@type\":\"PropertyValueSpecification\",\"valueRequired\":true,\"valueName\":\"search_term_string\"}}],\"inLanguage\":\"it-IT\"},{\"@type\":\"Organization\",\"@id\":\"https:\\\/\\\/www.archeoparc.it\\\/#organization\",\"name\":\"archeoparc Schnalstal\",\"url\":\"https:\\\/\\\/www.archeoparc.it\\\/\",\"logo\":{\"@type\":\"ImageObject\",\"inLanguage\":\"it-IT\",\"@id\":\"https:\\\/\\\/www.archeoparc.it\\\/#\\\/schema\\\/logo\\\/image\\\/\",\"url\":\"https:\\\/\\\/www.archeoparc.it\\\/wp-content\\\/uploads\\\/cropped-archeoparc_logo_sw.png\",\"contentUrl\":\"https:\\\/\\\/www.archeoparc.it\\\/wp-content\\\/uploads\\\/cropped-archeoparc_logo_sw.png\",\"width\":654,\"height\":211,\"caption\":\"archeoparc Schnalstal\"},\"image\":{\"@id\":\"https:\\\/\\\/www.archeoparc.it\\\/#\\\/schema\\\/logo\\\/image\\\/\"}}]}<\/script>\n<!-- \/ Yoast SEO plugin. -->","yoast_head_json":{"title":"Campi estivi | archeoParc Schnalstal","robots":{"index":"index","follow":"follow","max-snippet":"max-snippet:-1","max-image-preview":"max-image-preview:large","max-video-preview":"max-video-preview:-1"},"canonical":"https:\/\/www.archeoparc.it\/it\/gruppi\/campi-estivi\/","twitter_misc":{"Tempo di lettura stimato":"8 minuti"},"schema":{"@context":"https:\/\/schema.org","@graph":[{"@type":"WebPage","@id":"https:\/\/www.archeoparc.it\/it\/gruppi\/campi-estivi\/","url":"https:\/\/www.archeoparc.it\/it\/gruppi\/campi-estivi\/","name":"Campi estivi | archeoParc Schnalstal","isPartOf":{"@id":"https:\/\/www.archeoparc.it\/#website"},"primaryImageOfPage":{"@id":"https:\/\/www.archeoparc.it\/it\/gruppi\/campi-estivi\/#primaryimage"},"image":{"@id":"https:\/\/www.archeoparc.it\/it\/gruppi\/campi-estivi\/#primaryimage"},"thumbnailUrl":"https:\/\/www.archeoparc.it\/wp-content\/uploads\/archeoParc-schnalstal-platzhalter-e1458314677915-1024x724.jpg","datePublished":"2012-12-13T20:30:47+00:00","dateModified":"2024-09-28T12:21:19+00:00","breadcrumb":{"@id":"https:\/\/www.archeoparc.it\/it\/gruppi\/campi-estivi\/#breadcrumb"},"inLanguage":"it-IT","potentialAction":[{"@type":"ReadAction","target":["https:\/\/www.archeoparc.it\/it\/gruppi\/campi-estivi\/"]}]},{"@type":"ImageObject","inLanguage":"it-IT","@id":"https:\/\/www.archeoparc.it\/it\/gruppi\/campi-estivi\/#primaryimage","url":"https:\/\/www.archeoparc.it\/wp-content\/uploads\/archeoParc-schnalstal-platzhalter-e1458314677915-1024x724.jpg","contentUrl":"https:\/\/www.archeoparc.it\/wp-content\/uploads\/archeoParc-schnalstal-platzhalter-e1458314677915-1024x724.jpg"},{"@type":"BreadcrumbList","@id":"https:\/\/www.archeoparc.it\/it\/gruppi\/campi-estivi\/#breadcrumb","itemListElement":[{"@type":"ListItem","position":1,"name":"Gruppi","item":"https:\/\/www.archeoparc.it\/it\/gruppi\/"},{"@type":"ListItem","position":2,"name":"Campi estivi"}]},{"@type":"WebSite","@id":"https:\/\/www.archeoparc.it\/#website","url":"https:\/\/www.archeoparc.it\/","name":"archeoParc Schnalstal","description":"Arch\u00e4ologisches Freilichtmuseum","publisher":{"@id":"https:\/\/www.archeoparc.it\/#organization"},"potentialAction":[{"@type":"SearchAction","target":{"@type":"EntryPoint","urlTemplate":"https:\/\/www.archeoparc.it\/?s={search_term_string}"},"query-input":{"@type":"PropertyValueSpecification","valueRequired":true,"valueName":"search_term_string"}}],"inLanguage":"it-IT"},{"@type":"Organization","@id":"https:\/\/www.archeoparc.it\/#organization","name":"archeoparc Schnalstal","url":"https:\/\/www.archeoparc.it\/","logo":{"@type":"ImageObject","inLanguage":"it-IT","@id":"https:\/\/www.archeoparc.it\/#\/schema\/logo\/image\/","url":"https:\/\/www.archeoparc.it\/wp-content\/uploads\/cropped-archeoparc_logo_sw.png","contentUrl":"https:\/\/www.archeoparc.it\/wp-content\/uploads\/cropped-archeoparc_logo_sw.png","width":654,"height":211,"caption":"archeoparc Schnalstal"},"image":{"@id":"https:\/\/www.archeoparc.it\/#\/schema\/logo\/image\/"}}]}},"_links":{"self":[{"href":"https:\/\/www.archeoparc.it\/it\/wp-json\/wp\/v2\/pages\/879","targetHints":{"allow":["GET"]}}],"collection":[{"href":"https:\/\/www.archeoparc.it\/it\/wp-json\/wp\/v2\/pages"}],"about":[{"href":"https:\/\/www.archeoparc.it\/it\/wp-json\/wp\/v2\/types\/page"}],"author":[{"embeddable":true,"href":"https:\/\/www.archeoparc.it\/it\/wp-json\/wp\/v2\/users\/6"}],"replies":[{"embeddable":true,"href":"https:\/\/www.archeoparc.it\/it\/wp-json\/wp\/v2\/comments?post=879"}],"version-history":[{"count":11,"href":"https:\/\/www.archeoparc.it\/it\/wp-json\/wp\/v2\/pages\/879\/revisions"}],"predecessor-version":[{"id":48120,"href":"https:\/\/www.archeoparc.it\/it\/wp-json\/wp\/v2\/pages\/879\/revisions\/48120"}],"up":[{"embeddable":true,"href":"https:\/\/www.archeoparc.it\/it\/wp-json\/wp\/v2\/pages\/867"}],"wp:attachment":[{"href":"https:\/\/www.archeoparc.it\/it\/wp-json\/wp\/v2\/media?parent=879"}],"wp:term":[{"taxonomy":"post_tag","embeddable":true,"href":"https:\/\/www.archeoparc.it\/it\/wp-json\/wp\/v2\/tags?post=879"}],"curies":[{"name":"wp","href":"https:\/\/api.w.org\/{rel}","templated":true}]}}