{"id":935,"date":"2012-12-13T21:37:20","date_gmt":"2012-12-13T20:37:20","guid":{"rendered":"http:\/\/archeo.pixelcreatures.at\/?page_id=935"},"modified":"2026-03-09T14:58:42","modified_gmt":"2026-03-09T13:58:42","slug":"associazione-museale","status":"publish","type":"page","link":"https:\/\/www.archeoparc.it\/it\/chi-siamo\/associazione-museale\/","title":{"rendered":"Associazione museale"},"content":{"rendered":"\n<p>Il Museo archeoParc \u00e8 gestito dal Comune di Senales, che nel 2007 ha delegato la conduzione della struttura all\u2019associazione privata \u201carcheoParc Schnals Museumsverein\u201d. L\u2019associazione, riconosciuta ufficialmente, conta attualmente 40 membri e opera senza scopo di lucro, su base volontaria. Il gruppo gestisce sia l\u2019archeoParc sia il Museo e Centro Culturale campus transumanza.<\/p>\n\n\n\n<p>A partire dal marzo 2026, la presidenza dell\u2019associazione \u00e8 affidata a Peter Gr\u00fcner. Nel consiglio direttivo siedono anche Dietmar Rainer (vicepresidente), Benjamin Raffeiner, Otto Rainer e Walter Zerpelloni.<\/p>\n\n\n\n<p>L\u2019associazione impiega quattro collaboratori a tempo pieno durante tutto l\u2019anno e circa dodici collaboratori stagionali tra marzo e novembre (equivalenti a circa 6 unit\u00e0 a tempo pieno). Chi desidera saperne di pi\u00f9 sulle nostre attivit\u00e0 pu\u00f2 consultare di seguito un breve riassunto dei nostri anni passati.<\/p>\n\n\n\n<p><a title=\"Statuti\" href=\"https:\/\/www.archeoparc.it\/wp-content\/uploads\/statuto_associazione_archeoparc.pdf\" target=\"_blank\" rel=\"noopener noreferrer\">&gt;Statuti [pdf]<\/a><br><a title=\"Modulo di adesione\" href=\"https:\/\/www.archeoparc.it\/wp-content\/uploads\/modulo_adesione_associazion_archeoparc.pdf\" target=\"_blank\" rel=\"noopener noreferrer\">&gt;Modulo di adesione [pdf]<\/a><\/p>\n\n\n\n<p>Per saperne di pi\u00f9 sulle nostre attivit\u00e0, pubblichiamo di seguito una breve rassegna di quanto realizzato negli scorsi anni:<\/p>\n\n\n\n<div style=\"height:50px\" aria-hidden=\"true\" class=\"wp-block-spacer\"><\/div>\n\n\n\n<h2 class=\"wp-block-heading\">2025<\/h2>\n\n\n\n<figure class=\"wp-block-gallery has-nested-images columns-5 is-cropped wp-block-gallery-2 is-layout-flex wp-block-gallery-is-layout-flex\" style=\"border-style:none;border-width:0px;border-top-left-radius:0px;border-top-right-radius:0px;border-bottom-left-radius:0px;border-bottom-right-radius:0px\">\n<figure class=\"wp-block-image size-large\"><img loading=\"lazy\" decoding=\"async\" width=\"1200\" height=\"800\" data-id=\"52378\" src=\"https:\/\/www.archeoparc.it\/wp-content\/uploads\/archeoparc-schnalstal-25012-1200x800.jpg\" alt=\"Sonderausstellung \u201eGlaciers and Me\u201c mit Jessie Pitt und Daniela Brugger im archeoParc<br\/&gt;Mostra temporanea \u201eGlaciers and Me\u201c con Jessie Pitt e Daniela Brugger all\u2018archeoParc <br\/&gt;Temporary exibition by Jessie Pitt and Daniela Brugger at the archeoParc<br\/&gt;<br\/&gt;April 2025\" class=\"wp-image-52378\" style=\"aspect-ratio:4\/3\" srcset=\"https:\/\/www.archeoparc.it\/wp-content\/uploads\/archeoparc-schnalstal-25012-1200x800.jpg 1200w, https:\/\/www.archeoparc.it\/wp-content\/uploads\/archeoparc-schnalstal-25012-300x200.jpg 300w, https:\/\/www.archeoparc.it\/wp-content\/uploads\/archeoparc-schnalstal-25012-1536x1024.jpg 1536w, https:\/\/www.archeoparc.it\/wp-content\/uploads\/archeoparc-schnalstal-25012-2048x1365.jpg 2048w\" sizes=\"auto, (max-width: 1200px) 100vw, 1200px\" \/><\/figure>\n\n\n\n<figure class=\"wp-block-image size-large\"><img loading=\"lazy\" decoding=\"async\" width=\"842\" height=\"1200\" data-id=\"52396\" src=\"https:\/\/www.archeoparc.it\/wp-content\/uploads\/archeoparc-schnalstal-25018-842x1200.jpg\" alt=\"Sonderausstellung \u201eGlaciers and Me\u201c mit Jessie Pitt und Daniela Brugger im archeoParc<br\/&gt;Mostra temporanea \u201eGlaciers and Me\u201c con Jessie Pitt e Daniela Brugger all\u2018archeoParc <br\/&gt;Temporary exibition by Jessie Pitt and Daniela Brugger at the archeoParc<br\/&gt;<br\/&gt;April 2025\" class=\"wp-image-52396\" style=\"aspect-ratio:4\/3\" srcset=\"https:\/\/www.archeoparc.it\/wp-content\/uploads\/archeoparc-schnalstal-25018-842x1200.jpg 842w, https:\/\/www.archeoparc.it\/wp-content\/uploads\/archeoparc-schnalstal-25018-210x300.jpg 210w, https:\/\/www.archeoparc.it\/wp-content\/uploads\/archeoparc-schnalstal-25018-1077x1536.jpg 1077w, https:\/\/www.archeoparc.it\/wp-content\/uploads\/archeoparc-schnalstal-25018-1436x2048.jpg 1436w\" sizes=\"auto, (max-width: 842px) 100vw, 842px\" \/><\/figure>\n\n\n\n<figure class=\"wp-block-image size-large\"><img loading=\"lazy\" decoding=\"async\" width=\"1200\" height=\"800\" data-id=\"52206\" src=\"https:\/\/www.archeoparc.it\/wp-content\/uploads\/archeoparc-schnalstal-25011-1200x800.jpg\" alt=\"Fotoausstellung von Simone Santer im archeoParc<br\/&gt;Mostra fotografica di Simone Santer all\u2018archeoParc <br\/&gt;Photo exibition by Simone Santer at the archeoParc<br\/&gt;<br\/&gt;April 2025\" class=\"wp-image-52206\" style=\"aspect-ratio:4\/3\" srcset=\"https:\/\/www.archeoparc.it\/wp-content\/uploads\/archeoparc-schnalstal-25011-1200x800.jpg 1200w, https:\/\/www.archeoparc.it\/wp-content\/uploads\/archeoparc-schnalstal-25011-300x200.jpg 300w, https:\/\/www.archeoparc.it\/wp-content\/uploads\/archeoparc-schnalstal-25011-1536x1024.jpg 1536w, https:\/\/www.archeoparc.it\/wp-content\/uploads\/archeoparc-schnalstal-25011-2048x1365.jpg 2048w\" sizes=\"auto, (max-width: 1200px) 100vw, 1200px\" \/><\/figure>\n\n\n\n<figure class=\"wp-block-image size-medium\"><img loading=\"lazy\" decoding=\"async\" width=\"300\" height=\"225\" data-id=\"60853\" src=\"https:\/\/www.archeoparc.it\/wp-content\/uploads\/archeoparc-schnalstal-25217-300x225.jpeg\" alt=\"Blick in die Sonderausstellung \u201eWege aus Gras und Fels\u201c<<br\/&gt;Mostra temporanea <br\/&gt;Temporary exhibition<br\/&gt;<br\/&gt;June 2025\" class=\"wp-image-60853\" style=\"aspect-ratio:4\/3\" srcset=\"https:\/\/www.archeoparc.it\/wp-content\/uploads\/archeoparc-schnalstal-25217-300x225.jpeg 300w, https:\/\/www.archeoparc.it\/wp-content\/uploads\/archeoparc-schnalstal-25217.jpeg 960w\" sizes=\"auto, (max-width: 300px) 100vw, 300px\" \/><\/figure>\n\n\n\n<figure class=\"wp-block-image size-medium\"><img loading=\"lazy\" decoding=\"async\" width=\"300\" height=\"225\" data-id=\"53683\" src=\"https:\/\/www.archeoparc.it\/wp-content\/uploads\/startbox-kids-in-museums-manifesto-300x225.jpg\" alt=\"\" class=\"wp-image-53683\" style=\"aspect-ratio:4\/3\" srcset=\"https:\/\/www.archeoparc.it\/wp-content\/uploads\/startbox-kids-in-museums-manifesto-300x225.jpg 300w, https:\/\/www.archeoparc.it\/wp-content\/uploads\/startbox-kids-in-museums-manifesto.jpg 340w\" sizes=\"auto, (max-width: 300px) 100vw, 300px\" \/><\/figure>\n<\/figure>\n\n\n\n<p>All\u2019archeoParc iniziamo la stagione con gioia ed entusiasmo. L&#8217;apertura del museo della filiale della trasumanza del campus \u00e8 imminente. Il museo e centro culturale \u00e8 dedicato alla guida locale delle pecore, riconosciuta dall&#8217;UNESCO come patrimonio culturale immateriale nel 2019. La sua istituzione \u00e8 stata finanziata da fondi provenienti dal Fondo di Recupero Covid dell&#8217;UE Next Generation (PNRR). Il comune di Schnals affider\u00e0 la gestione dell&#8217;associazione museale al museo.<\/p>\n\n\n\n<p>In occasione della Giornata Internazionale della Famiglia a maggio, l&#8217;associazione museale decide di firmare il documento di politica della fondazione britannica <a href=\"https:\/\/kidsinmuseums.org.uk\/resources\/kids-in-museums-manifesto\/\" target=\"_blank\" rel=\"noreferrer noopener\">Kids in Museums<\/a> e, insieme a partner del lavoro per bambini e giovani (VKE Schnals e Jugendtreff Time Out), di fare il punto sulle famiglie del gruppo di utenti e raccogliere idee per uno sviluppo ulteriore orientato alle esigenze delle famiglie.<\/p>\n\n\n\n<p>In occasione dell&#8217;inaugurazione del campus transhumanza, l&#8217;associazione museale organizza il programma di accompagnamento e una mostra sulle numerose attivit\u00e0 dell&#8217;associazione nella valle. A ci\u00f2 seguir\u00e0 l&#8217;ulteriore sviluppo della collaborazione con le associazioni locali. Sono previsti \u201ccolloqui tra associazioni\u201d e i risultati dovrebbero confluire nella definizione del programma e nel suo ulteriore sviluppo. Come primo passo, il consiglio direttivo ha cooptato nel direttivo rappresentanti delle associazioni contadine e delle organizzazioni per bambini e giovani della valle.<\/p>\n\n\n\n<p>Cos\u00ec il consiglio direttivo, insieme a diversi pareri e studi di esperti, anch\u2019essi finanziati con fondi del progetto PNRR, e con il Comune e l\u2019assessorato alla cultura, ha potuto presentare proposte per lo sviluppo a breve e medio termine delle attivit\u00e0 associative, integrando la gestione del campus transhumanza, e iniziare a discuterle internamente e con partner in Italia e all\u2019estero.<\/p>\n\n\n\n<p>Le mostre del 2025:<\/p>\n\n\n\n<ul class=\"wp-block-list\">\n<li>Glaciers and Me con opere di Daniela Brugger e Jessie Pitt<\/li>\n\n\n\n<li>Mostra fotografica di Simone Santer<\/li>\n\n\n\n<li>Wege aus Fels und Gras<\/li>\n\n\n\n<li>Mostra di graffiti del centro giovani Time Out<\/li>\n<\/ul>\n\n\n\n<div style=\"height:50px\" aria-hidden=\"true\" class=\"wp-block-spacer\"><\/div>\n\n\n\n<h2 class=\"wp-block-heading\">2024<\/h2>\n\n\n\n<figure class=\"wp-block-gallery has-nested-images columns-5 is-cropped wp-block-gallery-3 is-layout-flex wp-block-gallery-is-layout-flex\">\n<figure class=\"wp-block-image size-large\"><img loading=\"lazy\" decoding=\"async\" width=\"1024\" height=\"768\" data-id=\"41956\" src=\"https:\/\/www.archeoparc.it\/wp-content\/uploads\/archeoparc-schnalstal-24008-1024x768.jpg\" alt=\"Er\u00f6ffnung der Sch\u00fclerausstellung Grundschule Taisten im archeoParc Schnalstal<br\/&gt;Inaugurazione della mostra scolaresca della Scuola elementare di Tesido<br\/&gt;Inauguration of the children\u2019s Exhibition Tesido<br\/&gt;<br\/&gt;May 2024\" class=\"wp-image-41956\" style=\"aspect-ratio:4\/3\" srcset=\"https:\/\/www.archeoparc.it\/wp-content\/uploads\/archeoparc-schnalstal-24008-1024x768.jpg 1024w, https:\/\/www.archeoparc.it\/wp-content\/uploads\/archeoparc-schnalstal-24008-300x225.jpg 300w, https:\/\/www.archeoparc.it\/wp-content\/uploads\/archeoparc-schnalstal-24008-1536x1152.jpg 1536w, https:\/\/www.archeoparc.it\/wp-content\/uploads\/archeoparc-schnalstal-24008-2048x1536.jpg 2048w\" sizes=\"auto, (max-width: 1024px) 100vw, 1024px\" \/><\/figure>\n\n\n\n<figure class=\"wp-block-image size-large\"><img loading=\"lazy\" decoding=\"async\" width=\"1200\" height=\"900\" data-id=\"48811\" src=\"https:\/\/www.archeoparc.it\/wp-content\/uploads\/archeoparc-schnalstal-24014-1200x900.jpg\" alt=\"Der Bogenparcour im Bodenwald<br\/&gt;Il percorso di tiro con l'arco nel bosco \u201eBodenwald\u201c<br\/&gt;The Tournament site in the \u201eBodenwald\u201c forest\" class=\"wp-image-48811\" style=\"aspect-ratio:4\/3\" srcset=\"https:\/\/www.archeoparc.it\/wp-content\/uploads\/archeoparc-schnalstal-24014-1200x900.jpg 1200w, https:\/\/www.archeoparc.it\/wp-content\/uploads\/archeoparc-schnalstal-24014-300x225.jpg 300w, https:\/\/www.archeoparc.it\/wp-content\/uploads\/archeoparc-schnalstal-24014-1536x1152.jpg 1536w, https:\/\/www.archeoparc.it\/wp-content\/uploads\/archeoparc-schnalstal-24014.jpg 1800w\" sizes=\"auto, (max-width: 1200px) 100vw, 1200px\" \/><\/figure>\n\n\n\n<figure class=\"wp-block-image size-large\"><img loading=\"lazy\" decoding=\"async\" width=\"600\" height=\"849\" data-id=\"42424\" src=\"https:\/\/www.archeoparc.it\/wp-content\/uploads\/600_1366_vignette_2408-INR-JEA2024-affiches-A3-FRA-page-0001-1.jpg\" alt=\"\" class=\"wp-image-42424\" style=\"aspect-ratio:4\/3\" srcset=\"https:\/\/www.archeoparc.it\/wp-content\/uploads\/600_1366_vignette_2408-INR-JEA2024-affiches-A3-FRA-page-0001-1.jpg 600w, https:\/\/www.archeoparc.it\/wp-content\/uploads\/600_1366_vignette_2408-INR-JEA2024-affiches-A3-FRA-page-0001-1-212x300.jpg 212w\" sizes=\"auto, (max-width: 600px) 100vw, 600px\" \/><\/figure>\n\n\n\n<figure class=\"wp-block-image size-large\"><img loading=\"lazy\" decoding=\"async\" width=\"1200\" height=\"900\" data-id=\"49422\" src=\"https:\/\/www.archeoparc.it\/wp-content\/uploads\/archeoparc-schnalstal-24029-1200x900.jpg\" alt=\"Werkkurs Eltern-Kind-Bogenbauwochenende im archeoParc<br\/&gt;corso di artigianato antico weekend di costruzione archi nell\u2019archeoParc<br\/&gt;craft class weekend of arch construction at the archeoParc.<br\/&gt;<br\/&gt;October 2024\" class=\"wp-image-49422\" style=\"aspect-ratio:4\/3\" srcset=\"https:\/\/www.archeoparc.it\/wp-content\/uploads\/archeoparc-schnalstal-24029-1200x900.jpg 1200w, https:\/\/www.archeoparc.it\/wp-content\/uploads\/archeoparc-schnalstal-24029-300x225.jpg 300w, https:\/\/www.archeoparc.it\/wp-content\/uploads\/archeoparc-schnalstal-24029-1536x1152.jpg 1536w, https:\/\/www.archeoparc.it\/wp-content\/uploads\/archeoparc-schnalstal-24029.jpg 2048w\" sizes=\"auto, (max-width: 1200px) 100vw, 1200px\" \/><\/figure>\n\n\n\n<figure class=\"wp-block-image size-large\"><img loading=\"lazy\" decoding=\"async\" width=\"1200\" height=\"936\" data-id=\"48884\" src=\"https:\/\/www.archeoparc.it\/wp-content\/uploads\/archeoparc-schnalstal-24019-1200x936.jpg\" alt=\"Werkst\u00fccke Ferienbetreuung<br\/&gt;Lavori di bricolage dell\u0092estate bambini<br\/&gt;Children\u0092s work pieces<br\/&gt;<br\/&gt;Kindersommer\" class=\"wp-image-48884\" style=\"aspect-ratio:4\/3\" srcset=\"https:\/\/www.archeoparc.it\/wp-content\/uploads\/archeoparc-schnalstal-24019-1200x936.jpg 1200w, https:\/\/www.archeoparc.it\/wp-content\/uploads\/archeoparc-schnalstal-24019-300x234.jpg 300w, https:\/\/www.archeoparc.it\/wp-content\/uploads\/archeoparc-schnalstal-24019-1536x1198.jpg 1536w, https:\/\/www.archeoparc.it\/wp-content\/uploads\/archeoparc-schnalstal-24019.jpg 1800w\" sizes=\"auto, (max-width: 1200px) 100vw, 1200px\" \/><\/figure>\n<\/figure>\n\n\n\n<p>Il 2024 \u00e8 stato caratterizzato da lavori di ricostruzione e di cambiamento. Grazie all\u2019impegno del consiglio direttivo e del team del museo, si \u00e8 riusciti a ideare una serie di eventi che invita gli interessati ad approfondire i nostri temi: i cosiddetti \u201cWerkkurse\u201d (laboratori). I primi corsi si sono svolti in estate e in autunno.<\/p>\n\n\n\n<p>Inoltre, i presidenti volontari e il team di direzione hanno lavorato allo sviluppo dello scambio con i partner turistici locali e al potenziamento dell\u2019offerta per i membri dell\u2019associazione. Le prime idee dei \u201cGastwirte-Gespr\u00e4che\u201d (incontri con i ristoratori) e l\u2019offerta ampliata per i soci sono gi\u00e0 confluite nella pianificazione del programma 2025.<\/p>\n\n\n\n<p>In primavera e in estate, l\u2019associazione del museo ha incontrato l\u2019assessore provinciale Philipp Achammer e i rappresentanti dell\u2019assessorato alla cultura da lui guidato per colloqui sullo sviluppo dei contributi finanziari. Come il Comune di Senales, anche l\u2019assessorato alla cultura \u00e8 interessato a rendere sicuro nel lungo periodo il finanziamento di base della nostra istituzione \u2013 un segno particolare di apprezzamento per il nostro lavoro, che dopo gli ultimi anni ci rende particolarmente felici.<\/p>\n\n\n\n<p>Tra i momenti salienti del 2024, oltre alla mostra \u201cMoos. Die Kulturgeschichte der Moose\u201d e alla mostra fotografica di Nereo Ongaro, vi sono i seguenti eventi e progetti:<\/p>\n\n\n\n<ul class=\"wp-block-list\">\n<li>la tavola rotonda \u201cStorie di Confine\u201d<\/li>\n\n\n\n<li>il progetto scolastico con la scuola primaria di Tesido <em>\u201cAbenteuer Erde\u201d<\/em><\/li>\n\n\n\n<li>le celebrazioni per i 60 anni di partenariato con il Rhein-Pfalz-Kreis<\/li>\n\n\n\n<li>l\u2019offerta di assistenza durante le vacanze di Ognissanti <em>\u201cKinderwerkwoche\u201d<\/em> (settimana di laboratori per bambini)<\/li>\n<\/ul>\n\n\n\n<div style=\"height:50px\" aria-hidden=\"true\" class=\"wp-block-spacer\"><\/div>\n\n\n\n<h2 class=\"wp-block-heading\">2023<\/h2>\n\n\n\n<figure class=\"wp-block-gallery has-nested-images columns-5 is-cropped wp-block-gallery-4 is-layout-flex wp-block-gallery-is-layout-flex\">\n<figure class=\"wp-block-image size-large\"><img loading=\"lazy\" decoding=\"async\" width=\"1024\" height=\"683\" data-id=\"37301\" src=\"https:\/\/www.archeoparc.it\/wp-content\/uploads\/archeoParc_Jubil_fb_23_fb-1024x683.jpg\" alt=\"\" class=\"wp-image-37301\" style=\"aspect-ratio:4\/3\" srcset=\"https:\/\/www.archeoparc.it\/wp-content\/uploads\/archeoParc_Jubil_fb_23_fb-1024x683.jpg 1024w, https:\/\/www.archeoparc.it\/wp-content\/uploads\/archeoParc_Jubil_fb_23_fb-520x347.jpg 520w, https:\/\/www.archeoparc.it\/wp-content\/uploads\/archeoParc_Jubil_fb_23_fb-300x200.jpg 300w, https:\/\/www.archeoparc.it\/wp-content\/uploads\/archeoParc_Jubil_fb_23_fb-1536x1024.jpg 1536w, https:\/\/www.archeoparc.it\/wp-content\/uploads\/archeoParc_Jubil_fb_23_fb-676x451.jpg 676w, https:\/\/www.archeoparc.it\/wp-content\/uploads\/archeoParc_Jubil_fb_23_fb.jpg 2048w\" sizes=\"auto, (max-width: 1024px) 100vw, 1024px\" \/><\/figure>\n\n\n\n<figure class=\"wp-block-image size-large\"><img loading=\"lazy\" decoding=\"async\" width=\"1024\" height=\"768\" data-id=\"37288\" src=\"https:\/\/www.archeoparc.it\/wp-content\/uploads\/archeoparc-schnalstal-press2301-1024x768.jpg\" alt=\"20 Jahre Arbeitsjubil\u00e4umVentesimo anniversario di lavoro20 year work aniversary f.l.t.r. Hannelore Tumler, Martha Pazeller\" class=\"wp-image-37288\" style=\"aspect-ratio:4\/3\" srcset=\"https:\/\/www.archeoparc.it\/wp-content\/uploads\/archeoparc-schnalstal-press2301-1024x768.jpg 1024w, https:\/\/www.archeoparc.it\/wp-content\/uploads\/archeoparc-schnalstal-press2301-300x225.jpg 300w, https:\/\/www.archeoparc.it\/wp-content\/uploads\/archeoparc-schnalstal-press2301-676x507.jpg 676w, https:\/\/www.archeoparc.it\/wp-content\/uploads\/archeoparc-schnalstal-press2301.jpg 1200w\" sizes=\"auto, (max-width: 1024px) 100vw, 1024px\" \/><\/figure>\n\n\n\n<figure class=\"wp-block-image size-large\"><img loading=\"lazy\" decoding=\"async\" width=\"1024\" height=\"680\" data-id=\"37411\" src=\"https:\/\/www.archeoparc.it\/wp-content\/uploads\/archeoparc-schnalstal-press-2302-1024x680.jpg\" alt=\"Neuer archeoParc-VorstandIl nuovo comitato direttivo dell\u0092archeoParcNew board members of the Museum Association f.l.t.r. Daniela Brugger, Johanna Niederkofler, Karl Josef Rainer, Patrizia PixnerMarch 2023\" class=\"wp-image-37411\" style=\"aspect-ratio:4\/3\" srcset=\"https:\/\/www.archeoparc.it\/wp-content\/uploads\/archeoparc-schnalstal-press-2302-1024x680.jpg 1024w, https:\/\/www.archeoparc.it\/wp-content\/uploads\/archeoparc-schnalstal-press-2302-300x200.jpg 300w, https:\/\/www.archeoparc.it\/wp-content\/uploads\/archeoparc-schnalstal-press-2302-1536x1020.jpg 1536w, https:\/\/www.archeoparc.it\/wp-content\/uploads\/archeoparc-schnalstal-press-2302-2048x1360.jpg 2048w, https:\/\/www.archeoparc.it\/wp-content\/uploads\/archeoparc-schnalstal-press-2302-676x449.jpg 676w\" sizes=\"auto, (max-width: 1024px) 100vw, 1024px\" \/><\/figure>\n\n\n\n<figure class=\"wp-block-image size-large\"><img loading=\"lazy\" decoding=\"async\" width=\"1024\" height=\"768\" data-id=\"37843\" src=\"https:\/\/www.archeoparc.it\/wp-content\/uploads\/archeoparc-schnalstal-press-23003-1024x768.jpg\" alt=\"Er\u00f6ffnung der Fotoausstellung von Norbert Sachsalber und AktionstagInaugurazione della mostra fotografica sulla fauna della val SenalesOpening of the temprary exhibition on lokal wild life f.l.t.r. Karl Josef Rainer, Kathi Weithaler, Norbert Sachsalber, Johanna Niederkofler, Markus GurschlerMay 2023\" class=\"wp-image-37843\" style=\"aspect-ratio:4\/3\" srcset=\"https:\/\/www.archeoparc.it\/wp-content\/uploads\/archeoparc-schnalstal-press-23003-1024x768.jpg 1024w, https:\/\/www.archeoparc.it\/wp-content\/uploads\/archeoparc-schnalstal-press-23003-300x225.jpg 300w, https:\/\/www.archeoparc.it\/wp-content\/uploads\/archeoparc-schnalstal-press-23003-1536x1152.jpg 1536w, https:\/\/www.archeoparc.it\/wp-content\/uploads\/archeoparc-schnalstal-press-23003-2048x1536.jpg 2048w, https:\/\/www.archeoparc.it\/wp-content\/uploads\/archeoparc-schnalstal-press-23003-676x507.jpg 676w\" sizes=\"auto, (max-width: 1024px) 100vw, 1024px\" \/><\/figure>\n\n\n\n<figure class=\"wp-block-image size-large\"><img loading=\"lazy\" decoding=\"async\" width=\"1024\" height=\"768\" data-id=\"38478\" src=\"https:\/\/www.archeoparc.it\/wp-content\/uploads\/archeoparc-schnalstal-23030-1024x768.jpg\" alt=\"Die Sieger des Bogenbewerbs der Europameisterschaften f\u00fcr Pr\u00e4historische Waffen im archeoParc Schnalstal<br\/&gt;La premiazione dei vincitori del torneo di tiro con l\u0091arco all\u0092archeoParc Val Senales, tappa del campionato europeo per armi preistoriche<br\/&gt;Presentation ceremony for the winners of the bow competition, og the European Championship for Prehistoric Weapons at archeoParc Val Senales<br\/&gt;<br\/&gt;f.l.t.r.: Kuno Bay (2nd place), Joachim Marz (1st place), Edgar Wittemann (3rd place)<br\/&gt;<br\/&gt;September 2023\" class=\"wp-image-38478\" style=\"aspect-ratio:4\/3\" srcset=\"https:\/\/www.archeoparc.it\/wp-content\/uploads\/archeoparc-schnalstal-23030-1024x768.jpg 1024w, https:\/\/www.archeoparc.it\/wp-content\/uploads\/archeoparc-schnalstal-23030-300x225.jpg 300w, https:\/\/www.archeoparc.it\/wp-content\/uploads\/archeoparc-schnalstal-23030-1536x1152.jpg 1536w, https:\/\/www.archeoparc.it\/wp-content\/uploads\/archeoparc-schnalstal-23030-676x507.jpg 676w, https:\/\/www.archeoparc.it\/wp-content\/uploads\/archeoparc-schnalstal-23030.jpg 2048w\" sizes=\"auto, (max-width: 1024px) 100vw, 1024px\" \/><\/figure>\n<\/figure>\n\n\n\n<p>Sono trascorsi di nuovo quattro anni e l\u2019associazione del museo elegge un nuovo consiglio direttivo. La dott.ssa Sonja Santer passa la presidenza dell\u2019associazione a Karl Josef Rainer. Insieme a Patrizia Pixner, Daniela Brugger e a membri cooptati provenienti da organizzazioni partner, egli \u2013 in qualit\u00e0 di sindaco in carica \u2013 guida le attivit\u00e0 dell\u2019associazione.<\/p>\n\n\n\n<p>Per la prima volta dal 2019, grazie all\u2019impegno del consiglio uscente e di quello in carica, insieme al team del museo, si riesce nuovamente ad aprire regolarmente sette giorni su sette.<\/p>\n\n\n\n<p>Durante la cena invernale, l\u2019associazione del museo premia i collaboratori di lunga data per cinque, dieci, quindici e vent\u2019anni di attivit\u00e0. Il riconoscimento per vent\u2019anni di impegno viene conferito a Martha Rainer Pazeller e Hannelore Rainer Tumler.<\/p>\n\n\n\n<p>La mostra \u201chidden places\u201d, inaugurata nel 2022, prosegue. A maggio inauguriamo nella caffetteria la mostra fotografica di Norbert Sachsalber.<\/p>\n\n\n\n<p>Grazie ai finanziamenti del fondo europeo di ripresa Covid \u201cNext Generation EU\u201d (PNRR), l\u2019associazione del museo pu\u00f2 dotare il proprio team di direzione di moderne apparecchiature elettroniche. A partire da giugno, queste \u2013 insieme al collegamento alla rete in fibra ottica \u2013 permettono il telelavoro e l\u2019ulteriore sviluppo della digitalizzazione.<\/p>\n\n\n\n<div style=\"height:50px\" aria-hidden=\"true\" class=\"wp-block-spacer\"><\/div>\n\n\n\n<h2 class=\"wp-block-heading\">202<a id=\"2022\"><\/a>2<\/h2>\n\n\n\n<figure class=\"wp-block-gallery has-nested-images columns-5 is-cropped wp-block-gallery-5 is-layout-flex wp-block-gallery-is-layout-flex\">\n<figure class=\"wp-block-image size-large\"><img loading=\"lazy\" decoding=\"async\" width=\"1024\" height=\"683\" data-id=\"34688\" src=\"https:\/\/www.archeoparc.it\/wp-content\/uploads\/archeoparc-schnalstal-press-22001-1024x683.jpg\" alt=\"Er\u00f6ffnung der Sonderausstellung \u0084Hidden places\u0093 im archeoParc Schnalstal<br\/&gt;v.l.n.r.: Gerhard M\u00fcller, Vorstandsmitglied im Museumsverein, Norbert Sachsalber, die archeoParc-Leiterin Johanna Niederkofler, Peter Santer und Karl Josef Rainer, B\u00fcrgermeister der Gemeinde Schnals <br\/&gt;Inaugurazione della mostra temporanea \u0084Hidden places\u0093 nell\u0092archeoParc Val Senales<br\/&gt; da sx a dx: Gerhard M\u00fcller dell\u0092associazione museale, Norbert Sachsalber, Johanna Niederkofler, la direttrice dell\u0092archeoParc, Peter Santer e il sindaco di Senales Karl Josef Rainer<br\/&gt;Inauguration of the temprary exibition 2022 at the archeoParc Val Senales<br\/&gt;f.l.t.r.: Gerhard M\u00fcller, museum association, Norbert Sachsalber, Johanna Niederkofler, director of the archeoParc, Peter Santer, Karl Josef Rainer, major of Senales <br\/&gt;<br\/&gt;July 2022\" class=\"wp-image-34688\" srcset=\"https:\/\/www.archeoparc.it\/wp-content\/uploads\/archeoparc-schnalstal-press-22001-1024x683.jpg 1024w, https:\/\/www.archeoparc.it\/wp-content\/uploads\/archeoparc-schnalstal-press-22001-300x200.jpg 300w, https:\/\/www.archeoparc.it\/wp-content\/uploads\/archeoparc-schnalstal-press-22001-1536x1024.jpg 1536w, https:\/\/www.archeoparc.it\/wp-content\/uploads\/archeoparc-schnalstal-press-22001-2048x1365.jpg 2048w, https:\/\/www.archeoparc.it\/wp-content\/uploads\/archeoparc-schnalstal-press-22001-676x451.jpg 676w\" sizes=\"auto, (max-width: 1024px) 100vw, 1024px\" \/><\/figure>\n\n\n\n<figure class=\"wp-block-image size-large\"><img loading=\"lazy\" decoding=\"async\" width=\"1024\" height=\"683\" data-id=\"34691\" src=\"https:\/\/www.archeoparc.it\/wp-content\/uploads\/archeoparc-schnalstal-press-22002-1024x683.jpg\" alt=\"Sonderausstellung zu den Schnalser Naturdenkm\u00e4lern und Schutzgebieten im archeoParc Schnalstal<br\/&gt;Mostra temporanea sui monumenti naturali e sulle zone prottette della Val Venales nell\u0092archeoParc Val Senales<br\/&gt;Temporary exibition at archeoParc Val Senales <br\/&gt;July 2022\" class=\"wp-image-34691\" srcset=\"https:\/\/www.archeoparc.it\/wp-content\/uploads\/archeoparc-schnalstal-press-22002-1024x683.jpg 1024w, https:\/\/www.archeoparc.it\/wp-content\/uploads\/archeoparc-schnalstal-press-22002-300x200.jpg 300w, https:\/\/www.archeoparc.it\/wp-content\/uploads\/archeoparc-schnalstal-press-22002-1536x1024.jpg 1536w, https:\/\/www.archeoparc.it\/wp-content\/uploads\/archeoparc-schnalstal-press-22002-2048x1365.jpg 2048w, https:\/\/www.archeoparc.it\/wp-content\/uploads\/archeoparc-schnalstal-press-22002-676x451.jpg 676w\" sizes=\"auto, (max-width: 1024px) 100vw, 1024px\" \/><\/figure>\n\n\n\n<figure class=\"wp-block-image size-large\"><img loading=\"lazy\" decoding=\"async\" width=\"1024\" height=\"552\" data-id=\"35090\" src=\"https:\/\/www.archeoparc.it\/wp-content\/uploads\/esf-fse_logo_kurz_rgb-1024x552.jpg\" alt=\"\" class=\"wp-image-35090\" srcset=\"https:\/\/www.archeoparc.it\/wp-content\/uploads\/esf-fse_logo_kurz_rgb-1024x552.jpg 1024w, https:\/\/www.archeoparc.it\/wp-content\/uploads\/esf-fse_logo_kurz_rgb-300x162.jpg 300w, https:\/\/www.archeoparc.it\/wp-content\/uploads\/esf-fse_logo_kurz_rgb-676x364.jpg 676w, https:\/\/www.archeoparc.it\/wp-content\/uploads\/esf-fse_logo_kurz_rgb.jpg 1535w\" sizes=\"auto, (max-width: 1024px) 100vw, 1024px\" \/><\/figure>\n\n\n\n<figure class=\"wp-block-image size-large\"><img loading=\"lazy\" decoding=\"async\" width=\"567\" height=\"378\" data-id=\"34749\" src=\"https:\/\/www.archeoparc.it\/wp-content\/uploads\/archeoparc-schnalstal-22011.jpg\" alt=\"Besuch der Delegation vom Willandra national parc, Australien, im archeoParc Schnals Besucherzentrum und Freilichtbereich<br\/&gt;visita della delegazione dal Willandra national parc in Australia nel centro visitatori e nell\u2019area all\u2019aperto dell\u2019archeoParc Val Senales<br\/&gt;a delegation from Willandra national parc, Australia, visits the indoor-exhibitions and openair area of the archeoParc Val senales<br\/&gt;<br\/&gt;July 2022\" class=\"wp-image-34749\" srcset=\"https:\/\/www.archeoparc.it\/wp-content\/uploads\/archeoparc-schnalstal-22011.jpg 567w, https:\/\/www.archeoparc.it\/wp-content\/uploads\/archeoparc-schnalstal-22011-300x200.jpg 300w\" sizes=\"auto, (max-width: 567px) 100vw, 567px\" \/><\/figure>\n\n\n\n<figure class=\"wp-block-image size-large\"><img loading=\"lazy\" decoding=\"async\" width=\"1024\" height=\"678\" data-id=\"35176\" src=\"https:\/\/www.archeoparc.it\/wp-content\/uploads\/archeoparc-schnalstal-22015-1024x678.jpg\" alt=\"Europ\u00e4ische Meisterschaften im Pr\u00e4historischen Bogenschie\u00dfen im Schnalstal<br\/&gt;Campionati europei di tiro con l\u0092arco preistorico nella Val Senales<br\/&gt;European Championship for prehistoric archery in the Val Senales valley<br\/&gt;<br\/&gt;archeoParc Schnalstal<br\/&gt;24.-25. September 2022\" class=\"wp-image-35176\" srcset=\"https:\/\/www.archeoparc.it\/wp-content\/uploads\/archeoparc-schnalstal-22015-1024x678.jpg 1024w, https:\/\/www.archeoparc.it\/wp-content\/uploads\/archeoparc-schnalstal-22015-300x200.jpg 300w, https:\/\/www.archeoparc.it\/wp-content\/uploads\/archeoparc-schnalstal-22015-1536x1017.jpg 1536w, https:\/\/www.archeoparc.it\/wp-content\/uploads\/archeoparc-schnalstal-22015-2048x1357.jpg 2048w, https:\/\/www.archeoparc.it\/wp-content\/uploads\/archeoparc-schnalstal-22015-676x448.jpg 676w\" sizes=\"auto, (max-width: 1024px) 100vw, 1024px\" \/><\/figure>\n<\/figure>\n\n\n\n<p>All\u2019archeoParc ci confrontiamo, come in molti altri luoghi, con la carenza di personale. Grazie all\u2019impegno e alla creativit\u00e0 del piccolo team, si riesce comunque a garantire un servizio speciale con visite guidate cinque giorni alla settimana e la realizzazione di attivit\u00e0 prenotate per scuole e altri gruppi. Insieme all\u2019amministrazione comunale e alle organizzazioni partner riflettiamo inoltre sulle possibilit\u00e0 di estendere le attivit\u00e0 associative anche alla stagione invernale.<\/p>\n\n\n\n<p>Per la prima volta organizziamo quattro settimane di assistenza estiva per bambini in et\u00e0 prescolare, commissionate dal Comune di Senales, analogamente alle settimane di assistenza per bambini della scuola primaria.<\/p>\n\n\n\n<p>Le mostre del 2022:<\/p>\n\n\n\n<ul class=\"wp-block-list\">\n<li>hidden places. Monumenti naturali e aree protette in Val Senales<\/li>\n\n\n\n<li>20 anni archeoParc<\/li>\n<\/ul>\n\n\n\n<div style=\"height:50px\" aria-hidden=\"true\" class=\"wp-block-spacer\"><\/div>\n\n\n\n<h2 class=\"wp-block-heading\">20<a id=\"2021\"><\/a>21<\/h2>\n\n\n\n<figure class=\"wp-block-gallery has-nested-images columns-6 is-cropped wp-block-gallery-6 is-layout-flex wp-block-gallery-is-layout-flex\">\n<figure class=\"wp-block-image size-large\"><img loading=\"lazy\" decoding=\"async\" width=\"1024\" height=\"682\" data-id=\"30854\" src=\"https:\/\/www.archeoparc.it\/wp-content\/uploads\/archeoparc-schnalstal-21017-1024x682.jpg\" alt=\"\u00d6tzi Glacier Tour with Thomas Huber<br\/&gt;<br\/&gt; July 2021\" class=\"wp-image-30854\" srcset=\"https:\/\/www.archeoparc.it\/wp-content\/uploads\/archeoparc-schnalstal-21017-1024x682.jpg 1024w, https:\/\/www.archeoparc.it\/wp-content\/uploads\/archeoparc-schnalstal-21017-520x347.jpg 520w, https:\/\/www.archeoparc.it\/wp-content\/uploads\/archeoparc-schnalstal-21017-300x200.jpg 300w, https:\/\/www.archeoparc.it\/wp-content\/uploads\/archeoparc-schnalstal-21017-676x450.jpg 676w, https:\/\/www.archeoparc.it\/wp-content\/uploads\/archeoparc-schnalstal-21017.jpg 1280w\" sizes=\"auto, (max-width: 1024px) 100vw, 1024px\" \/><\/figure>\n\n\n\n<figure class=\"wp-block-image size-large\"><img loading=\"lazy\" decoding=\"async\" width=\"1024\" height=\"768\" data-id=\"31499\" src=\"https:\/\/www.archeoparc.it\/wp-content\/uploads\/archeoparc-schnalstal-21029-1024x768.jpg\" alt=\"\" class=\"wp-image-31499\" srcset=\"https:\/\/www.archeoparc.it\/wp-content\/uploads\/archeoparc-schnalstal-21029-1024x768.jpg 1024w, https:\/\/www.archeoparc.it\/wp-content\/uploads\/archeoparc-schnalstal-21029-300x225.jpg 300w, https:\/\/www.archeoparc.it\/wp-content\/uploads\/archeoparc-schnalstal-21029-1536x1151.jpg 1536w, https:\/\/www.archeoparc.it\/wp-content\/uploads\/archeoparc-schnalstal-21029-676x507.jpg 676w, https:\/\/www.archeoparc.it\/wp-content\/uploads\/archeoparc-schnalstal-21029.jpg 2048w\" sizes=\"auto, (max-width: 1024px) 100vw, 1024px\" \/><\/figure>\n\n\n\n<figure class=\"wp-block-image size-large\"><img loading=\"lazy\" decoding=\"async\" width=\"1024\" height=\"767\" data-id=\"31517\" src=\"https:\/\/www.archeoparc.it\/wp-content\/uploads\/archeoparc-schnalstal-21035-1024x767.jpg\" alt=\"\" class=\"wp-image-31517\" srcset=\"https:\/\/www.archeoparc.it\/wp-content\/uploads\/archeoparc-schnalstal-21035-1024x767.jpg 1024w, https:\/\/www.archeoparc.it\/wp-content\/uploads\/archeoparc-schnalstal-21035-300x225.jpg 300w, https:\/\/www.archeoparc.it\/wp-content\/uploads\/archeoparc-schnalstal-21035-676x506.jpg 676w, https:\/\/www.archeoparc.it\/wp-content\/uploads\/archeoparc-schnalstal-21035.jpg 1200w\" sizes=\"auto, (max-width: 1024px) 100vw, 1024px\" \/><\/figure>\n\n\n\n<figure class=\"wp-block-image size-large\"><img loading=\"lazy\" decoding=\"async\" width=\"1024\" height=\"768\" data-id=\"31511\" src=\"https:\/\/www.archeoparc.it\/wp-content\/uploads\/archeoparc-schnalstal-21033-1024x768.jpg\" alt=\"\" class=\"wp-image-31511\" srcset=\"https:\/\/www.archeoparc.it\/wp-content\/uploads\/archeoparc-schnalstal-21033-1024x768.jpg 1024w, https:\/\/www.archeoparc.it\/wp-content\/uploads\/archeoparc-schnalstal-21033-300x225.jpg 300w, https:\/\/www.archeoparc.it\/wp-content\/uploads\/archeoparc-schnalstal-21033-1536x1151.jpg 1536w, https:\/\/www.archeoparc.it\/wp-content\/uploads\/archeoparc-schnalstal-21033-676x507.jpg 676w, https:\/\/www.archeoparc.it\/wp-content\/uploads\/archeoparc-schnalstal-21033.jpg 2048w\" sizes=\"auto, (max-width: 1024px) 100vw, 1024px\" \/><\/figure>\n\n\n\n<figure class=\"wp-block-image size-large\"><img loading=\"lazy\" decoding=\"async\" width=\"1024\" height=\"768\" data-id=\"31490\" src=\"https:\/\/www.archeoparc.it\/wp-content\/uploads\/archeoparc-schnalstal-press-21013-1024x768.jpg\" alt=\"Jubil\u00e4umsgeb\u00e4ck anl\u00e4sslich 30 Jahre \u00d6tzi und 20 Jahre archeoParc<br\/&gt; Pasticcini d\u2019anniversario per 30 anni dalla scoperta di \u00d6tzi per i 20 anni dell\u2019archeoParc<br\/&gt; Anniversary cake in occasion of 30 years of science with the Iceman and 20 years of archeoParc <br\/&gt;<br\/&gt;September 2021\" class=\"wp-image-31490\" srcset=\"https:\/\/www.archeoparc.it\/wp-content\/uploads\/archeoparc-schnalstal-press-21013-1024x768.jpg 1024w, https:\/\/www.archeoparc.it\/wp-content\/uploads\/archeoparc-schnalstal-press-21013-300x225.jpg 300w, https:\/\/www.archeoparc.it\/wp-content\/uploads\/archeoparc-schnalstal-press-21013-1536x1151.jpg 1536w, https:\/\/www.archeoparc.it\/wp-content\/uploads\/archeoparc-schnalstal-press-21013-676x507.jpg 676w, https:\/\/www.archeoparc.it\/wp-content\/uploads\/archeoparc-schnalstal-press-21013.jpg 2048w\" sizes=\"auto, (max-width: 1024px) 100vw, 1024px\" \/><\/figure>\n\n\n\n<figure class=\"wp-block-image size-large\"><img loading=\"lazy\" decoding=\"async\" width=\"1024\" height=\"683\" data-id=\"31838\" src=\"https:\/\/www.archeoparc.it\/wp-content\/uploads\/archeoparc-schnalstal-21061-1024x683.jpg\" alt=\"European Championship for Prehistoric Weapons at archeoParc Val Senales<br\/&gt;<br\/&gt;September 2021\" class=\"wp-image-31838\" srcset=\"https:\/\/www.archeoparc.it\/wp-content\/uploads\/archeoparc-schnalstal-21061-1024x683.jpg 1024w, https:\/\/www.archeoparc.it\/wp-content\/uploads\/archeoparc-schnalstal-21061-520x347.jpg 520w, https:\/\/www.archeoparc.it\/wp-content\/uploads\/archeoparc-schnalstal-21061-300x200.jpg 300w, https:\/\/www.archeoparc.it\/wp-content\/uploads\/archeoparc-schnalstal-21061-676x451.jpg 676w, https:\/\/www.archeoparc.it\/wp-content\/uploads\/archeoparc-schnalstal-21061.jpg 1200w\" sizes=\"auto, (max-width: 1024px) 100vw, 1024px\" \/><\/figure>\n<\/figure>\n\n\n\n<p>Anno due della pandemia nell\u2019archeoParc:<\/p>\n\n\n\n<p>A maggio inauguriamo la stagione proprio nella Giornata internazionale dei musei e proponiamo un concorso creativo con lo scopo di trovare la ricetta per la torta perfetta per festeggiare i 30 anni della scoperta di \u00d6tzi e i 20 anni dell\u2019inaugurazione dell\u2019archeoParc a settembre. Siamo molto contenti che, grazie all\u2019impegno di alcuni insegnanti e dei nostri mediatori culturali, nelle prime settimane primaverili possiamo ripartire anche con le visite guidate per scolaresche.<\/p>\n\n\n\n<p>A luglio lo scalatore estremo bavarese Thomas Huber accompagna un appuntamento dell\u2019\u00d6tzi Glacier Tour. Per la prima volta organizziamo, insieme alla&nbsp;<a title=\"\" href=\"https:\/\/www.merano-suedtirol.it\/it\/val-senales.html\" target=\"_blank\" rel=\"noopener\">societ\u00e0 cooperativa turistica Val Senales<\/a>, alla <a title=\"\" href=\"https:\/\/www.merano-suedtirol.it\/it\/naturno.html\" target=\"_blank\" rel=\"noopener\">societ\u00e0 cooperativa turistica Naturno<\/a> e all&#8217;<a title=\"\" href=\"https:\/\/www.valsenales.com\/it\/\" target=\"_blank\" rel=\"noopener\">Alpin Arena Senales<\/a> degli eventi collaterali a Naturno e a Madonna di Senales.<\/p>\n\n\n\n<p>In autunno viene premiata la ricetta vincente per la torta d\u2019anniversario per i 30 anni di \u00d6tzi e i 20 anni dell\u2019archeoParc \u2013 grazie a Marie Mittelberger die Meltina per la bellissima idea! \u2013 e <a href=\"https:\/\/www.archeoparc.it\/it\/notizie\/?y=2021#31544\">invitiamo amici e visitatori a realizzarla a casa per festeggiare insieme a noi.<\/a><\/p>\n\n\n\n<p>La mostra temporanea \u201cIl pane\u201d e la mostra fotografica di Caroline Renzler rimangono accessibili per tutta la stagione e a fine settembre si svolgono per la nona volta i campionati europei di armi preistorici all\u2019archeoParc, evento sportivo disdetto nel 2020. A partire rispettivamente da agosto e ottobre, viene avviato, come in tutti i musei italiani, il tentativo di contenere la pandemia introducendo l\u2019obbligo di portare con s\u00e9 un certificato verde covid-19 valido per entrare nella struttura museale, sperando di poter al pi\u00f9 presto rimuovere le barriere di accesso.<\/p>\n\n\n\n<div style=\"height:50px\" aria-hidden=\"true\" class=\"wp-block-spacer\"><\/div>\n\n\n\n<h2 class=\"wp-block-heading\">20<a id=\"2020\"><\/a>20<\/h2>\n\n\n\n<figure class=\"wp-block-gallery has-nested-images columns-6 is-cropped wp-block-gallery-7 is-layout-flex wp-block-gallery-is-layout-flex\">\n<figure class=\"wp-block-image size-large\"><img loading=\"lazy\" decoding=\"async\" width=\"1024\" height=\"683\" data-id=\"25993\" src=\"https:\/\/www.archeoparc.it\/wp-content\/uploads\/archeoparc-20001-2-1024x683.jpg\" alt=\"\" class=\"wp-image-25993\" srcset=\"https:\/\/www.archeoparc.it\/wp-content\/uploads\/archeoparc-20001-2-1024x683.jpg 1024w, https:\/\/www.archeoparc.it\/wp-content\/uploads\/archeoparc-20001-2-300x200.jpg 300w, https:\/\/www.archeoparc.it\/wp-content\/uploads\/archeoparc-20001-2-1536x1024.jpg 1536w, https:\/\/www.archeoparc.it\/wp-content\/uploads\/archeoparc-20001-2-676x451.jpg 676w, https:\/\/www.archeoparc.it\/wp-content\/uploads\/archeoparc-20001-2.jpg 1920w\" sizes=\"auto, (max-width: 1024px) 100vw, 1024px\" \/><\/figure>\n\n\n\n<figure class=\"wp-block-image size-large\"><img loading=\"lazy\" decoding=\"async\" width=\"1024\" height=\"683\" data-id=\"25996\" src=\"https:\/\/www.archeoparc.it\/wp-content\/uploads\/archeoparc-20002-1-1024x683.jpg\" alt=\"\" class=\"wp-image-25996\" srcset=\"https:\/\/www.archeoparc.it\/wp-content\/uploads\/archeoparc-20002-1-1024x683.jpg 1024w, https:\/\/www.archeoparc.it\/wp-content\/uploads\/archeoparc-20002-1-300x200.jpg 300w, https:\/\/www.archeoparc.it\/wp-content\/uploads\/archeoparc-20002-1-1536x1024.jpg 1536w, https:\/\/www.archeoparc.it\/wp-content\/uploads\/archeoparc-20002-1-676x451.jpg 676w, https:\/\/www.archeoparc.it\/wp-content\/uploads\/archeoparc-20002-1.jpg 1920w\" sizes=\"auto, (max-width: 1024px) 100vw, 1024px\" \/><\/figure>\n\n\n\n<figure class=\"wp-block-image size-large\"><img loading=\"lazy\" decoding=\"async\" width=\"1024\" height=\"683\" data-id=\"26003\" src=\"https:\/\/www.archeoparc.it\/wp-content\/uploads\/archeoparc-20002-2-1024x683.jpg\" alt=\"\" class=\"wp-image-26003\" srcset=\"https:\/\/www.archeoparc.it\/wp-content\/uploads\/archeoparc-20002-2-1024x683.jpg 1024w, https:\/\/www.archeoparc.it\/wp-content\/uploads\/archeoparc-20002-2-300x200.jpg 300w, https:\/\/www.archeoparc.it\/wp-content\/uploads\/archeoparc-20002-2-676x451.jpg 676w, https:\/\/www.archeoparc.it\/wp-content\/uploads\/archeoparc-20002-2.jpg 1200w\" sizes=\"auto, (max-width: 1024px) 100vw, 1024px\" \/><\/figure>\n\n\n\n<figure class=\"wp-block-image size-large\"><img loading=\"lazy\" decoding=\"async\" width=\"1024\" height=\"683\" data-id=\"26000\" src=\"https:\/\/www.archeoparc.it\/wp-content\/uploads\/archeoparc-20001-3-1024x683.jpg\" alt=\"\" class=\"wp-image-26000\" srcset=\"https:\/\/www.archeoparc.it\/wp-content\/uploads\/archeoparc-20001-3-1024x683.jpg 1024w, https:\/\/www.archeoparc.it\/wp-content\/uploads\/archeoparc-20001-3-300x200.jpg 300w, https:\/\/www.archeoparc.it\/wp-content\/uploads\/archeoparc-20001-3-676x451.jpg 676w, https:\/\/www.archeoparc.it\/wp-content\/uploads\/archeoparc-20001-3.jpg 1200w\" sizes=\"auto, (max-width: 1024px) 100vw, 1024px\" \/><\/figure>\n\n\n\n<figure class=\"wp-block-image size-large\"><img loading=\"lazy\" decoding=\"async\" width=\"1024\" height=\"683\" data-id=\"25990\" src=\"https:\/\/www.archeoparc.it\/wp-content\/uploads\/archeoparc-20003-1-1024x683.jpg\" alt=\"\" class=\"wp-image-25990\" srcset=\"https:\/\/www.archeoparc.it\/wp-content\/uploads\/archeoparc-20003-1-1024x683.jpg 1024w, https:\/\/www.archeoparc.it\/wp-content\/uploads\/archeoparc-20003-1-300x200.jpg 300w, https:\/\/www.archeoparc.it\/wp-content\/uploads\/archeoparc-20003-1-1536x1024.jpg 1536w, https:\/\/www.archeoparc.it\/wp-content\/uploads\/archeoparc-20003-1-676x451.jpg 676w, https:\/\/www.archeoparc.it\/wp-content\/uploads\/archeoparc-20003-1.jpg 1920w\" sizes=\"auto, (max-width: 1024px) 100vw, 1024px\" \/><\/figure>\n\n\n\n<figure class=\"wp-block-image size-large\"><img loading=\"lazy\" decoding=\"async\" width=\"1024\" height=\"917\" data-id=\"25987\" src=\"https:\/\/www.archeoparc.it\/wp-content\/uploads\/archeoparc-20001-1-1024x917.jpg\" alt=\"\" class=\"wp-image-25987\" srcset=\"https:\/\/www.archeoparc.it\/wp-content\/uploads\/archeoparc-20001-1-1024x917.jpg 1024w, https:\/\/www.archeoparc.it\/wp-content\/uploads\/archeoparc-20001-1-300x269.jpg 300w, https:\/\/www.archeoparc.it\/wp-content\/uploads\/archeoparc-20001-1-676x606.jpg 676w, https:\/\/www.archeoparc.it\/wp-content\/uploads\/archeoparc-20001-1.jpg 1200w\" sizes=\"auto, (max-width: 1024px) 100vw, 1024px\" \/><\/figure>\n<\/figure>\n\n\n\n<p>Alla fine di febbraio l\u2019avvento della pandemia sventa i programmi per l\u2019anno corrente. La stagione si apre a giugno, anzich\u00e9 a Pasqua, con adattamenti nella gestione della visita. Ad agosto la direttrice Johanna Niederkofler ci lascia per il concedo di maternit\u00e0 e Simone Bacher torna dal concedo parentale per occuparsi, insieme a Magdalena Alber dell\u2019organizzazione e dell\u2019amministrazione.<\/p>\n\n\n\n<p>Mostre temporanee 2020:<br>\u2022&nbsp;&nbsp;&nbsp;&nbsp;&nbsp;&nbsp;&nbsp;&nbsp;&nbsp;&nbsp;&nbsp;&nbsp; Il pane. La storia della panificazione<br>\u2022&nbsp;&nbsp;&nbsp;&nbsp;&nbsp;&nbsp;&nbsp;&nbsp;&nbsp;&nbsp;&nbsp;&nbsp; mostra fotografica di Caroline Renzler<\/p>\n\n\n\n<div style=\"height:50px\" aria-hidden=\"true\" class=\"wp-block-spacer\"><\/div>\n\n\n\n<h2 class=\"wp-block-heading\">20<a id=\"2019\"><\/a>19<\/h2>\n\n\n\n<figure class=\"wp-block-gallery has-nested-images columns-6 is-cropped wp-block-gallery-8 is-layout-flex wp-block-gallery-is-layout-flex\">\n<figure class=\"wp-block-image size-large\"><img loading=\"lazy\" decoding=\"async\" width=\"1024\" height=\"621\" data-id=\"18366\" src=\"https:\/\/www.archeoparc.it\/wp-content\/uploads\/archeoparc-schnalstal-19005-1-1024x621.jpg\" alt=\"\" class=\"wp-image-18366\" srcset=\"https:\/\/www.archeoparc.it\/wp-content\/uploads\/archeoparc-schnalstal-19005-1-1024x621.jpg 1024w, https:\/\/www.archeoparc.it\/wp-content\/uploads\/archeoparc-schnalstal-19005-1-300x182.jpg 300w, https:\/\/www.archeoparc.it\/wp-content\/uploads\/archeoparc-schnalstal-19005-1-676x410.jpg 676w\" sizes=\"auto, (max-width: 1024px) 100vw, 1024px\" \/><\/figure>\n\n\n\n<figure class=\"wp-block-image size-large\"><img loading=\"lazy\" decoding=\"async\" width=\"1024\" height=\"680\" data-id=\"19864\" src=\"https:\/\/www.archeoparc.it\/wp-content\/uploads\/archeoparc-schnalstal-19018-1-1024x680.jpg\" alt=\"\" class=\"wp-image-19864\" srcset=\"https:\/\/www.archeoparc.it\/wp-content\/uploads\/archeoparc-schnalstal-19018-1-1024x680.jpg 1024w, https:\/\/www.archeoparc.it\/wp-content\/uploads\/archeoparc-schnalstal-19018-1-300x200.jpg 300w, https:\/\/www.archeoparc.it\/wp-content\/uploads\/archeoparc-schnalstal-19018-1-676x449.jpg 676w, https:\/\/www.archeoparc.it\/wp-content\/uploads\/archeoparc-schnalstal-19018-1.jpg 1200w\" sizes=\"auto, (max-width: 1024px) 100vw, 1024px\" \/><\/figure>\n\n\n\n<figure class=\"wp-block-image size-large\"><img loading=\"lazy\" decoding=\"async\" width=\"1024\" height=\"680\" data-id=\"20551\" src=\"https:\/\/www.archeoparc.it\/wp-content\/uploads\/archeoparc-schnalstal-19035-1024x680.jpg\" alt=\"\" class=\"wp-image-20551\" srcset=\"https:\/\/www.archeoparc.it\/wp-content\/uploads\/archeoparc-schnalstal-19035-1024x680.jpg 1024w, https:\/\/www.archeoparc.it\/wp-content\/uploads\/archeoparc-schnalstal-19035-300x200.jpg 300w, https:\/\/www.archeoparc.it\/wp-content\/uploads\/archeoparc-schnalstal-19035-676x449.jpg 676w, https:\/\/www.archeoparc.it\/wp-content\/uploads\/archeoparc-schnalstal-19035.jpg 1200w\" sizes=\"auto, (max-width: 1024px) 100vw, 1024px\" \/><\/figure>\n\n\n\n<figure class=\"wp-block-image size-large\"><img loading=\"lazy\" decoding=\"async\" width=\"1024\" height=\"683\" data-id=\"20925\" src=\"https:\/\/www.archeoparc.it\/wp-content\/uploads\/archeoparc-schnalstal-19054-1024x683.jpg\" alt=\"\" class=\"wp-image-20925\" srcset=\"https:\/\/www.archeoparc.it\/wp-content\/uploads\/archeoparc-schnalstal-19054-1024x683.jpg 1024w, https:\/\/www.archeoparc.it\/wp-content\/uploads\/archeoparc-schnalstal-19054-300x200.jpg 300w, https:\/\/www.archeoparc.it\/wp-content\/uploads\/archeoparc-schnalstal-19054-676x451.jpg 676w, https:\/\/www.archeoparc.it\/wp-content\/uploads\/archeoparc-schnalstal-19054.jpg 1200w\" sizes=\"auto, (max-width: 1024px) 100vw, 1024px\" \/><\/figure>\n\n\n\n<figure class=\"wp-block-image size-large\"><img loading=\"lazy\" decoding=\"async\" width=\"1024\" height=\"683\" data-id=\"20931\" src=\"https:\/\/www.archeoparc.it\/wp-content\/uploads\/archeoparc-schnalstal-19056-1024x683.jpg\" alt=\"\" class=\"wp-image-20931\" srcset=\"https:\/\/www.archeoparc.it\/wp-content\/uploads\/archeoparc-schnalstal-19056-1024x683.jpg 1024w, https:\/\/www.archeoparc.it\/wp-content\/uploads\/archeoparc-schnalstal-19056-300x200.jpg 300w, https:\/\/www.archeoparc.it\/wp-content\/uploads\/archeoparc-schnalstal-19056-676x451.jpg 676w, https:\/\/www.archeoparc.it\/wp-content\/uploads\/archeoparc-schnalstal-19056.jpg 1200w\" sizes=\"auto, (max-width: 1024px) 100vw, 1024px\" \/><\/figure>\n\n\n\n<figure class=\"wp-block-image size-large\"><img loading=\"lazy\" decoding=\"async\" width=\"1024\" height=\"683\" data-id=\"21783\" src=\"https:\/\/www.archeoparc.it\/wp-content\/uploads\/archeoparc-schnalstal-19031-2-1024x683.jpg\" alt=\"\" class=\"wp-image-21783\" srcset=\"https:\/\/www.archeoparc.it\/wp-content\/uploads\/archeoparc-schnalstal-19031-2-1024x683.jpg 1024w, https:\/\/www.archeoparc.it\/wp-content\/uploads\/archeoparc-schnalstal-19031-2-300x200.jpg 300w, https:\/\/www.archeoparc.it\/wp-content\/uploads\/archeoparc-schnalstal-19031-2-676x451.jpg 676w\" sizes=\"auto, (max-width: 1024px) 100vw, 1024px\" \/><\/figure>\n<\/figure>\n\n\n\n<p>Sono passati altri quattro anni ed \u00e8 arrivato il momento di rieleggere il nostro consiglio amministrativo. Dopo l\u2019assemblea generale a fine inverno la dott.ssa Sonja Santer viene confermata come presidente dell\u2019associazione museale.<\/p>\n\n\n\n<p>Nell\u2019area all\u2019aperto I lavori continuano: cinque capanne vengono intonacate con argilla, l\u2019area di tiro con l\u2019arco e la palizzata esterna vengono terminate. Grazie alla provincia e al comune, che hanno finanziato I lavori, all\u2019ispettorato forestale di Merano e a vicini e amici che ci hanno dato una grande mano a realizzare la bellissima area all\u2019aperto!<\/p>\n\n\n\n<p>I punti salenti della stagione, a parte la mostra temporanea \u201cVene d\u2019acqua\u201d, realizzata in collaborazione con Gianni Bodini e la mostra fotografica di Philipp Schraut, sono:<\/p>\n\n\n\n<ul class=\"wp-block-list\">\n<li>il Flint Knapping Symposium,<\/li>\n\n\n\n<li>la partecipazione alle Giornate Europee dell\u2019Archeologia con due manifestazioni e<\/li>\n\n\n\n<li>gli appuntamenti speciali dell\u2019\u00d6tzi Glacier Tour con Axel Naglich e Simon Messner<\/li>\n<\/ul>\n\n\n\n<div style=\"height:50px\" aria-hidden=\"true\" class=\"wp-block-spacer\"><\/div>\n\n\n\n<h2 class=\"wp-block-heading\">20<a id=\"2018\"><\/a>18<\/h2>\n\n\n\n<figure class=\"wp-block-gallery has-nested-images columns-6 is-cropped wp-block-gallery-9 is-layout-flex wp-block-gallery-is-layout-flex\">\n<figure class=\"wp-block-image size-large\"><img loading=\"lazy\" decoding=\"async\" width=\"1024\" height=\"680\" data-id=\"16097\" src=\"https:\/\/www.archeoparc.it\/wp-content\/uploads\/archeoparc-schnalstal-18036-1024x680.jpg\" alt=\"\" class=\"wp-image-16097\" srcset=\"https:\/\/www.archeoparc.it\/wp-content\/uploads\/archeoparc-schnalstal-18036-1024x680.jpg 1024w, https:\/\/www.archeoparc.it\/wp-content\/uploads\/archeoparc-schnalstal-18036-300x200.jpg 300w, https:\/\/www.archeoparc.it\/wp-content\/uploads\/archeoparc-schnalstal-18036-676x449.jpg 676w, https:\/\/www.archeoparc.it\/wp-content\/uploads\/archeoparc-schnalstal-18036.jpg 1200w\" sizes=\"auto, (max-width: 1024px) 100vw, 1024px\" \/><\/figure>\n\n\n\n<figure class=\"wp-block-image size-large\"><img loading=\"lazy\" decoding=\"async\" width=\"1024\" height=\"680\" data-id=\"16077\" src=\"https:\/\/www.archeoparc.it\/wp-content\/uploads\/archeoparc-schnalstal-press-18006-1024x680.jpg\" alt=\"\" class=\"wp-image-16077\" srcset=\"https:\/\/www.archeoparc.it\/wp-content\/uploads\/archeoparc-schnalstal-press-18006-1024x680.jpg 1024w, https:\/\/www.archeoparc.it\/wp-content\/uploads\/archeoparc-schnalstal-press-18006-300x200.jpg 300w, https:\/\/www.archeoparc.it\/wp-content\/uploads\/archeoparc-schnalstal-press-18006-676x449.jpg 676w\" sizes=\"auto, (max-width: 1024px) 100vw, 1024px\" \/><\/figure>\n\n\n\n<figure class=\"wp-block-image size-large\"><img loading=\"lazy\" decoding=\"async\" width=\"1024\" height=\"683\" data-id=\"16147\" src=\"https:\/\/www.archeoparc.it\/wp-content\/uploads\/archeoparc-schnalstal-18045-1024x683.jpg\" alt=\"\" class=\"wp-image-16147\" srcset=\"https:\/\/www.archeoparc.it\/wp-content\/uploads\/archeoparc-schnalstal-18045-1024x683.jpg 1024w, https:\/\/www.archeoparc.it\/wp-content\/uploads\/archeoparc-schnalstal-18045-300x200.jpg 300w, https:\/\/www.archeoparc.it\/wp-content\/uploads\/archeoparc-schnalstal-18045-676x451.jpg 676w, https:\/\/www.archeoparc.it\/wp-content\/uploads\/archeoparc-schnalstal-18045.jpg 1200w\" sizes=\"auto, (max-width: 1024px) 100vw, 1024px\" \/><\/figure>\n\n\n\n<figure class=\"wp-block-image size-large\"><img loading=\"lazy\" decoding=\"async\" width=\"1024\" height=\"683\" data-id=\"16139\" src=\"https:\/\/www.archeoparc.it\/wp-content\/uploads\/archeoparc-schnalstal-18052-1024x683.jpg\" alt=\"\" class=\"wp-image-16139\" srcset=\"https:\/\/www.archeoparc.it\/wp-content\/uploads\/archeoparc-schnalstal-18052-1024x683.jpg 1024w, https:\/\/www.archeoparc.it\/wp-content\/uploads\/archeoparc-schnalstal-18052-300x200.jpg 300w, https:\/\/www.archeoparc.it\/wp-content\/uploads\/archeoparc-schnalstal-18052-676x451.jpg 676w, https:\/\/www.archeoparc.it\/wp-content\/uploads\/archeoparc-schnalstal-18052.jpg 1200w\" sizes=\"auto, (max-width: 1024px) 100vw, 1024px\" \/><\/figure>\n\n\n\n<figure class=\"wp-block-image size-large\"><img loading=\"lazy\" decoding=\"async\" width=\"1024\" height=\"768\" data-id=\"13617\" src=\"https:\/\/www.archeoparc.it\/wp-content\/uploads\/archeoparc-schnalstal-18056-1024x768.jpg\" alt=\"\" class=\"wp-image-13617\" srcset=\"https:\/\/www.archeoparc.it\/wp-content\/uploads\/archeoparc-schnalstal-18056-1024x768.jpg 1024w, https:\/\/www.archeoparc.it\/wp-content\/uploads\/archeoparc-schnalstal-18056-300x225.jpg 300w, https:\/\/www.archeoparc.it\/wp-content\/uploads\/archeoparc-schnalstal-18056-676x507.jpg 676w, https:\/\/www.archeoparc.it\/wp-content\/uploads\/archeoparc-schnalstal-18056.jpg 1200w\" sizes=\"auto, (max-width: 1024px) 100vw, 1024px\" \/><\/figure>\n\n\n\n<figure class=\"wp-block-image size-large\"><img loading=\"lazy\" decoding=\"async\" width=\"1024\" height=\"683\" data-id=\"16175\" src=\"https:\/\/www.archeoparc.it\/wp-content\/uploads\/archeoparc-schnalstal-press-18012-1024x683.jpg\" alt=\"\" class=\"wp-image-16175\" srcset=\"https:\/\/www.archeoparc.it\/wp-content\/uploads\/archeoparc-schnalstal-press-18012-1024x683.jpg 1024w, https:\/\/www.archeoparc.it\/wp-content\/uploads\/archeoparc-schnalstal-press-18012-300x200.jpg 300w, https:\/\/www.archeoparc.it\/wp-content\/uploads\/archeoparc-schnalstal-press-18012-676x451.jpg 676w\" sizes=\"auto, (max-width: 1024px) 100vw, 1024px\" \/><\/figure>\n<\/figure>\n\n\n\n<p>Prima stagione completa con i nuovi percorsi espositivi e le nuove attivit\u00e0. Con nostra soddisfazione, le cose prendono gradualmente forma cos\u00ec come progettato. Anche il cantiere museale procede. La Scuola estiva per bambini e ragazzi della Val Senales ha riaperto i battenti; a inizio luglio l\u2019assessora alla famiglia Waltraud Deeg ha fatto visita al gruppo.<\/p>\n\n\n\n<p>In giugno si \u00e8 svolto il Simposio internazionale sulla costruzione degli archi da tiro; nel tardo autunno sono stati ultimati il laboratorio estivo e la sala polifunzionale.<\/p>\n\n\n\n<p>Mostre temporanee:<br>\u2022&nbsp;&nbsp;&nbsp;&nbsp;&nbsp;&nbsp;&nbsp;&nbsp;&nbsp;&nbsp;&nbsp;Pece e trementina<br>\u2022&nbsp;&nbsp;&nbsp;&nbsp;&nbsp;&nbsp;&nbsp;&nbsp;&nbsp;&nbsp;&nbsp;Opere grafiche di Helene Lageder<\/p>\n\n\n\n<div style=\"height:50px\" aria-hidden=\"true\" class=\"wp-block-spacer\"><\/div>\n\n\n\n<h2 class=\"wp-block-heading\">2<a id=\"2017\"><\/a>017<\/h2>\n\n\n\n<figure class=\"wp-block-gallery has-nested-images columns-6 is-cropped wp-block-gallery-10 is-layout-flex wp-block-gallery-is-layout-flex\">\n<figure class=\"wp-block-image size-large\"><img loading=\"lazy\" decoding=\"async\" width=\"1024\" height=\"683\" data-id=\"15791\" src=\"https:\/\/www.archeoparc.it\/wp-content\/uploads\/archeoparc-schnalstal-press-17007-1-1024x683.jpg\" alt=\"\" class=\"wp-image-15791\" srcset=\"https:\/\/www.archeoparc.it\/wp-content\/uploads\/archeoparc-schnalstal-press-17007-1-1024x683.jpg 1024w, https:\/\/www.archeoparc.it\/wp-content\/uploads\/archeoparc-schnalstal-press-17007-1-300x200.jpg 300w, https:\/\/www.archeoparc.it\/wp-content\/uploads\/archeoparc-schnalstal-press-17007-1-676x451.jpg 676w\" sizes=\"auto, (max-width: 1024px) 100vw, 1024px\" \/><\/figure>\n\n\n\n<figure class=\"wp-block-image size-large\"><img loading=\"lazy\" decoding=\"async\" width=\"1024\" height=\"683\" data-id=\"15789\" src=\"https:\/\/www.archeoparc.it\/wp-content\/uploads\/archeoparc-schnalstal-press-17006-1-1024x683.jpg\" alt=\"\" class=\"wp-image-15789\" srcset=\"https:\/\/www.archeoparc.it\/wp-content\/uploads\/archeoparc-schnalstal-press-17006-1-1024x683.jpg 1024w, https:\/\/www.archeoparc.it\/wp-content\/uploads\/archeoparc-schnalstal-press-17006-1-300x200.jpg 300w, https:\/\/www.archeoparc.it\/wp-content\/uploads\/archeoparc-schnalstal-press-17006-1-676x451.jpg 676w\" sizes=\"auto, (max-width: 1024px) 100vw, 1024px\" \/><\/figure>\n\n\n\n<figure class=\"wp-block-image size-large\"><img loading=\"lazy\" decoding=\"async\" width=\"1024\" height=\"683\" data-id=\"15795\" src=\"https:\/\/www.archeoparc.it\/wp-content\/uploads\/archeoparc-schnalstal-press-17009-1-1024x683.jpg\" alt=\"\" class=\"wp-image-15795\" srcset=\"https:\/\/www.archeoparc.it\/wp-content\/uploads\/archeoparc-schnalstal-press-17009-1-1024x683.jpg 1024w, https:\/\/www.archeoparc.it\/wp-content\/uploads\/archeoparc-schnalstal-press-17009-1-300x200.jpg 300w, https:\/\/www.archeoparc.it\/wp-content\/uploads\/archeoparc-schnalstal-press-17009-1-676x451.jpg 676w\" sizes=\"auto, (max-width: 1024px) 100vw, 1024px\" \/><\/figure>\n\n\n\n<figure class=\"wp-block-image size-large\"><img loading=\"lazy\" decoding=\"async\" width=\"1024\" height=\"683\" data-id=\"15713\" src=\"https:\/\/www.archeoparc.it\/wp-content\/uploads\/archeoparc-schnalstal-17116-1024x683.jpg\" alt=\"\" class=\"wp-image-15713\" srcset=\"https:\/\/www.archeoparc.it\/wp-content\/uploads\/archeoparc-schnalstal-17116-1024x683.jpg 1024w, https:\/\/www.archeoparc.it\/wp-content\/uploads\/archeoparc-schnalstal-17116-300x200.jpg 300w, https:\/\/www.archeoparc.it\/wp-content\/uploads\/archeoparc-schnalstal-17116-676x451.jpg 676w, https:\/\/www.archeoparc.it\/wp-content\/uploads\/archeoparc-schnalstal-17116.jpg 1200w\" sizes=\"auto, (max-width: 1024px) 100vw, 1024px\" \/><\/figure>\n\n\n\n<figure class=\"wp-block-image size-large\"><img loading=\"lazy\" decoding=\"async\" width=\"1024\" height=\"683\" data-id=\"15689\" src=\"https:\/\/www.archeoparc.it\/wp-content\/uploads\/archeoparc-schnalstal-17104-1024x683.jpg\" alt=\"\" class=\"wp-image-15689\" srcset=\"https:\/\/www.archeoparc.it\/wp-content\/uploads\/archeoparc-schnalstal-17104-1024x683.jpg 1024w, https:\/\/www.archeoparc.it\/wp-content\/uploads\/archeoparc-schnalstal-17104-300x200.jpg 300w, https:\/\/www.archeoparc.it\/wp-content\/uploads\/archeoparc-schnalstal-17104-676x451.jpg 676w, https:\/\/www.archeoparc.it\/wp-content\/uploads\/archeoparc-schnalstal-17104.jpg 1200w\" sizes=\"auto, (max-width: 1024px) 100vw, 1024px\" \/><\/figure>\n\n\n\n<figure class=\"wp-block-image size-large\"><img loading=\"lazy\" decoding=\"async\" width=\"1024\" height=\"683\" data-id=\"15751\" src=\"https:\/\/www.archeoparc.it\/wp-content\/uploads\/archeoparc-schnalstal-17135-1024x683.jpg\" alt=\"\" class=\"wp-image-15751\" srcset=\"https:\/\/www.archeoparc.it\/wp-content\/uploads\/archeoparc-schnalstal-17135-1024x683.jpg 1024w, https:\/\/www.archeoparc.it\/wp-content\/uploads\/archeoparc-schnalstal-17135-300x200.jpg 300w, https:\/\/www.archeoparc.it\/wp-content\/uploads\/archeoparc-schnalstal-17135-676x451.jpg 676w, https:\/\/www.archeoparc.it\/wp-content\/uploads\/archeoparc-schnalstal-17135.jpg 1200w\" sizes=\"auto, (max-width: 1024px) 100vw, 1024px\" \/><\/figure>\n<\/figure>\n\n\n\n<p>Un altro traguardo raggiunto: inaugurate a luglio le due nuove mostre permanenti (\u201cMa \u00d6tzi, dove viveva\u201d e \u201cLa scoperta\u201d), con la partecipazione alla cerimonia del presidente della Giunta provinciale, Arno Kompatscher, e del sindaco di Senales, Karl Josef Rainer.<\/p>\n\n\n\n<p>Le novit\u00e0 includono una prima parte dei nuovi percorsi all\u2019aperto. Il percorso 1 presenta il gruppo di case \u201cValli alpine\u201d con ricostruzioni abitative di Villandro-Plunacker e Villanuova sul Clisi-Monte Covolo; il percorso 2 comprende il pontile della piroga monossile e il nuovo laboratorio per i visitatori. Infine i modelli abitativi di Alleshausen-Grundwiese e Arbon-Bleiche 3, realizzati nel 2001, sono ora riuniti nel gruppo di case \u201cPrealpi settentrionali\u201d.<\/p>\n\n\n\n<p>Oltre alla grande festa inaugurale con <u><a title=\"partner\" href=\"https:\/\/www.archeoparc.it\/it\/chi-siamo\/partner\/\">partner<\/a><\/u>, amici, colleghi e visitatori, si svolgono piccole mostre e altri progetti:<\/p>\n\n\n\n<ul class=\"wp-block-list\">\n<li>in marzo, grazie all\u2019interessamento del direttore delle Funivie Ghiacciai Val Senales, Elmar Pichler Rolle, l\u2019ingresso all\u2019archeoParc viene inserito in due abbonamenti locali: la Summer Card dell\u2019Associazione Turistica e la Glacier Card delle Funivie Ghiacciai Val Senales;<\/li>\n\n\n\n<li>su incarico del Comune organizziamo cinque settimane di attivit\u00e0 estive per i bambini di Senales e dintorni; inoltre collaboriamo alla manutenzione del verde urbano e allo sgombero neve nei mesi invernali, il che ci consente di assumere a tempo pieno uno dei nostri due addetti al settore impianti tecnici e giardini;<\/li>\n\n\n\n<li>l\u2019\u00d6tzi Glacier Tour acquisisce da marzo un nuovo partner, la societ\u00e0 Funivie Ghiacciai Val Senales, e in agosto accoglie una partecipante d\u2019eccezione, la scialpinista e trailrunner Gela Allmann. In novembre la direttrice museale Johanna Niederkofler presenta il progetto archeoParc a una conferenza in Toscana. A dicembre iniziano le visite guidate per conto dell\u2019Associazione Turistica: l\u2019idea di una piccola attivit\u00e0 invernale, finanziata con fondi della promozione turistica, trova sempre pi\u00f9 sostenitori \u2026<\/li>\n\n\n\n<li>in collaborazione con l\u2019Ufficio Beni Archeologici organizziamo una piccola mostra sulla ciaspola neolitica di Senales-Gurgler Eishoch e la mostra fotografica \u201cEdition Aurina\u201d di Konrad Laimer.<\/li>\n<\/ul>\n\n\n\n<p>Nel 2017, ancor pi\u00f9 che negli anni precedenti, sono davvero in molti a impegnarsi a favore e all\u2019interno dell\u2019archeoParc. Ringraziamo perci\u00f2 tutti coloro che hanno sempre creduto nel potenziale della nostra struttura e nel nostro progetto di rilancio avviato nel 2011!<\/p>\n\n\n\n<p>Ad multos annos, archeoParc! Per il bene della Val Senales, dell\u2019Alto Adige e di noi tutti!<\/p>\n\n\n\n<div style=\"height:50px\" aria-hidden=\"true\" class=\"wp-block-spacer\"><\/div>\n\n\n\n<h2 class=\"wp-block-heading\">20<a id=\"2016\"><\/a>16<\/h2>\n\n\n\n<figure class=\"wp-block-gallery has-nested-images columns-6 is-cropped wp-block-gallery-11 is-layout-flex wp-block-gallery-is-layout-flex\">\n\n\n\n\n\n\n\n\n\n<\/figure>\n\n\n\n<p>Iniziati in aprile i lavori di ampliamento dell\u2019area all\u2019aperto. Ogni giorno osserviamo soddisfatti i progressi compiuti anche grazie alla fondamentale collaborazione dell\u2019Ispettorato Forestale di Merano e di esperti da varie regioni. Un sentito grazie alla Provincia e al nostro Comune per il sostegno finanziario delle nuove opere, ma anche ai tanti volontari locali e agli amici che ci danno una mano. Il cantiere per la ricostruzione di una capanna di Brescia-San Polo forma l\u2019oggetto di studio per la mostra temporanea di quest\u2019anno, intitolata \u201cLa casa di \u00d6tzi\u201d.<\/p>\n\n\n\n<p>La caffetteria ospita la mostra \u201cCimelia\u201d, con immagini della fotografa locale Daniela Brugger.<\/p>\n\n\n\n<p>Grazie a una campagna pubblicitaria dell\u2019Associazione Turistica, l\u2019\u00d6tzi Glacier Tour registra un record di partecipanti; appuntamenti speciali con gli scalatori Hans Kammerlander e Tamara Lunger.<\/p>\n\n\n\n<p>I 25 anni dal ritrovamento di \u00d6tzi sono celebrati a settembre con manifestazioni a Bolzano, in Val Senales e nella \u00d6tztal. L\u2019archeoParc ospita un incontro con esperti e protagonisti all\u2019epoca dei fatti del 1991.<\/p>\n\n\n\n<p>Firmata a dicembre la conversione del contratto a termine in contratto a tempo indeterminato per la dott.ssa Simone Bacher, che dal settembre 2014 collabora come braccio destro della direttrice museale.<\/p>\n\n\n\n<div style=\"height:50px\" aria-hidden=\"true\" class=\"wp-block-spacer\"><\/div>\n\n\n\n<h2 class=\"wp-block-heading\"><a id=\"2015\"><\/a>2015<\/h2>\n\n\n\n<figure class=\"wp-block-gallery has-nested-images columns-7 is-cropped wp-block-gallery-12 is-layout-flex wp-block-gallery-is-layout-flex\">\n\n\n\n\n\n\n\n\n\n\n\n<\/figure>\n\n\n\n<p>Dopo otto anni Alexander Rainer passa la presidenza dell\u2019associazione museale alla dott.ssa Sonja Santer di Certosa. Il Comune di Senales e l\u2019Ispettorato Forestale di Merano concordano di proseguire la gi\u00e0 consolidata collaborazione per i lavori di rinnovo dell\u2019area all\u2019aperto.<\/p>\n\n\n\n<p>Oltre a partecipare di nuovo al \u201cPaleofestival\u201d di La Spezia, quest\u2019anno proponiamo per la prima volta un workshop anche al \u201cLernfest\u201d presso il Centro Convegni dell\u2019Abbazia di Novacella. Parallelamente al progetto di ampliamento museale, lavoriamo anche al nuovo sito web dell\u2019archeoParc. In settembre accogliamo per la quarta volta il Campionato Europeo di Tiro con armi preistoriche.<\/p>\n\n\n\n<p>A luglio un \u00d6tzi Glacier Tour con la partecipazione speciale di Reinhold Messner: un appuntamento da non perdere per gli appassionati di storia e ghiacciai.<\/p>\n\n\n\n<p>Le mostre 2015:<\/p>\n\n\n\n<ul class=\"wp-block-list\">\n<li>Ma \u00d6tzi, che lingua parlava?<\/li>\n\n\n\n<li>In malga<\/li>\n\n\n\n<li>Legno Lana Uova<\/li>\n<\/ul>\n\n\n\n<div style=\"height:50px\" aria-hidden=\"true\" class=\"wp-block-spacer\"><\/div>\n\n\n\n<h2 class=\"wp-block-heading\"><a id=\"2014\"><\/a>2014<\/h2>\n\n\n\n<p>Quest\u2019anno riapriamo ai visitatori solo in giugno. Un\u2019occhiata al consuntivo 2013 ci ha costretti infatti ad accorciare la stagione museale. Fortunatamente quasi tutti i collaboratori si adeguano alla situazione.<\/p>\n\n\n\n<p>Procedono i colloqui per la ristrutturazione dell\u2019archeoParc, in estate riceviamo i primi impegni scritti di finanziamento. In settembre comincia a lavorare con noi la dott.ssa Simone Bacher, che coadiuver\u00e0 la direttrice durante i lavori di ampliamento museale.<\/p>\n\n\n\n<p>Punti salienti dell\u2019anno sono la mostra sulla storia del flauto, la terza edizione del Campionato Europeo di Tiro con armi preistoriche e due progetti di collaborazione, rispettivamente con:<\/p>\n\n\n\n<ul class=\"wp-block-list\">\n<li>Progetto Alteritas Verona<\/li>\n\n\n\n<li>il settore Marketing del S\u00fcdtiroler Bauernbund.<\/li>\n<\/ul>\n\n\n\n<p><strong><a title=\"2013\" href=\"https:\/\/www.archeoparc.it\/it\/chi-siamo\/associazione-museale\/2\/#2013\">2013&nbsp;<\/a>&nbsp; <a title=\"2012\" href=\"https:\/\/www.archeoparc.it\/it\/chi-siamo\/associazione-museale\/2\/#2012\">2012<\/a>&nbsp;&nbsp; <a title=\"2011\" href=\"https:\/\/www.archeoparc.it\/it\/chi-siamo\/associazione-museale\/2\/#2011\">2011<\/a>&nbsp;&nbsp; <a title=\"altri anni\" href=\"https:\/\/www.archeoparc.it\/it\/chi-siamo\/associazione-museale\/2\/#2010\">avanti<\/a><\/strong><\/p>\n\n\n\n<!--nextpage-->\n\n\n\n<p><strong><a title=\"Associazione museale\" href=\"https:\/\/www.archeoparc.it\/it\/chi-siamo\/associazione-museale\/\">oggi<\/a><\/strong><\/p>\n\n\n\n<p><strong><a title=\"2015\" href=\"https:\/\/www.archeoparc.it\/it\/chi-siamo\/associazione-museale\/#2015\">2015<\/a><\/strong><\/p>\n\n\n\n<p><strong><a title=\"Associazione museale\" href=\"https:\/\/www.archeoparc.it\/it\/chi-siamo\/associazione-museale\/#2014\">2014<\/a><\/strong><\/p>\n\n\n\n<h2 class=\"wp-block-heading\">Archivio<\/h2>\n\n\n\n<h2 class=\"wp-block-heading\"><a id=\"2013\"><\/a>2013<\/h2>\n\n\n\n<p>In gennaio viene presentato e discusso con visitatori, esperti e pubblici amministratori un progetto di massima per la ristrutturazione e l\u2019ampliamento dell\u2019archeoParc. A fine anno arriva il via libera per la sua attuazione.<\/p>\n\n\n\n<p>In luglio debutta \u201cSignore cacciatore e Signora segretaria\u201d, rappresentazione pantomimica in costume che ripercorre la storia dell\u2019umanit\u00e0.<br>In settembre, su invito dei comuni gemellati del Landkreis Rhein-Pfalz (D), l\u2019archeoParc partecipa con un proprio stand alla festa della citt\u00e0 di Ludwigshafen.<\/p>\n\n\n\n<p>Il direttivo dell\u2019Associazione Museale riunito a fine estate delibera l\u2019apertura dell\u2019archeoParc sette giorni su sette a partire dalla stagione 2014.<\/p>\n\n\n\n<p>Principali eventi dell\u2019anno:<\/p>\n\n\n\n<ul class=\"wp-block-list\">\n<li>Progetto \u201cIl mio archeoParc 2016&#8243; con le scuole del comune di Senales<\/li>\n\n\n\n<li>Mostra temporanea \u201cChe pesci pigliare?\u201d<\/li>\n\n\n\n<li>Campionato Europeo di Tiro con armi preistoriche<\/li>\n<\/ul>\n\n\n\n<h2 class=\"wp-block-heading\"><a id=\"2012\"><\/a>2012<\/h2>\n\n\n\n<p>Angelika Fleckinger, Direttrice del Museo Archeologico dell\u2019Alto Adige, viene cooptata in febbraio dal direttivo dell\u2019Associazione Museale. Insieme alla Direttrice Johanna Niederkofler partecipa, su invito, alla \u201cInternational Archeological Education Expo\u201d in Corea del Sud. Per il nostro museo si tratta del primo impegno extraeuropeo!<\/p>\n\n\n\n<p>L\u2019archeoParc, l\u2019Associazione Turistica Val Senales e l\u2019Associazione Guide Alpine ridefiniscono insieme l\u2019\u201c\u00d6tzi Glacier Tour\u201d, escursione con cadenza settimanale al sito di ritrovamento della mummia dei ghiacci. Tra gli accompagnatori una guida d\u2019eccezione: Hans Kammerlander.<\/p>\n\n\n\n<p>La ditta Fj\u00e4ll R\u00e4ven, da anni fornitrice di abbigliamento per il nostro staff, finanzia la realizzazione di una nuova mappa dell\u2019archeoParc e dei suoi dintorni, distribuita ai visitatori dal mese di agosto.<\/p>\n\n\n\n<p>Per la Direttrice del museo si moltiplicano le partecipazioni a convegni e conferenze in Italia e all\u2019estero. In collaborazione con l\u2019Ispettorato Forestale, nell\u2019area all\u2019aperto vengono installati nuovi tavoli e panche.<\/p>\n\n\n\n<p>Principali eventi dell\u2019anno:<\/p>\n\n\n\n<ul class=\"wp-block-list\">\n<li>Dieci anni di archeoParc<\/li>\n\n\n\n<li>Raduno internazionale di lavoratori della selce<\/li>\n\n\n\n<li>Mostra temporanea \u201cFilo fuso\u201d?<\/li>\n\n\n\n<li>Campionato Europeo di Tiro con armi preistoriche<\/li>\n<\/ul>\n\n\n\n<h2 class=\"wp-block-heading\"><a id=\"2011\"><\/a>2011<\/h2>\n\n\n\n<figure class=\"wp-block-gallery has-nested-images columns-7 is-cropped wp-block-gallery-13 is-layout-flex wp-block-gallery-is-layout-flex\">\n\n\n\n\n\n\n\n\n\n\n\n<\/figure>\n\n\n\n<p>Si festeggiano i 20 anni dalla scoperta di \u00d6tzi e i 10 anni dalla fondazione del Museo. Il lavoro \u00e8 tanto e serve la squadra al completo; per fortuna a settembre, dopo un periodo di malattia, rientra anche il nostro collaboratore Ernst Gamper. La celebrazione commemorativa del 19 settembre, in programma presso il sito di ritrovamento della mummia, viene spostata all\u2019archeoParc a causa dei 60 centimetri di neve fresca caduti in quota nei giorni precedenti.<\/p>\n\n\n\n<p>Convegno \u201cWir kommen wieder\u201d, dedicato ai visitatori ripetitivi dei parchi archeologici.<\/p>\n\n\n\n<p>In occasione di un convegno a Sveg (SE), Irene Egger e Johanna Niederkofler presentano il progetto di un dizionario fraseologico per agevolare i collaboratori dei parchi archeologici nella comunicazione con il pubblico straniero.<\/p>\n\n\n\n<p>Per la prima volta si svolgono tre mostre in un anno, organizzate rispettivamente in collaborazione con una scuola elementare, una fotografa e un costruttore di archi primitivi:<\/p>\n\n\n\n<ul class=\"wp-block-list\">\n<li>la mostra scolaresca &#8220;Steinzeit hautnah&#8221;<\/li>\n\n\n\n<li>la mostra fotografica &#8220;M\u00e9moires&#8221;<\/li>\n\n\n\n<li>Tiro con l\u2019arco ieri e oggi<\/li>\n<\/ul>\n\n\n\n<p>L\u2019Associazione Museale elegge il suo secondo direttivo e approva i nuovi statuti<a title=\"nuovi statuti\" href=\"https:\/\/www.archeoparc.it\/wp-content\/uploads\/statuto_associazione_archeoparc.pdf\" target=\"_blank\" rel=\"noopener noreferrer\"> [pdf]<\/a>; su disposizione della Giunta provinciale di Bolzano acquista inoltre la personalit\u00e0 giuridica.<\/p>\n\n\n\n<p>L\u2019Azienda Energetica Spa, da dieci anni sponsor dell\u2019archeoParc, conferma il suo finanziamento per il prossimo anno. Un fatto tutt\u2019altro che scontato, come dimostra la Cassa Rurale di Senales che annuncia invece la cessazione della propria partnership, anch\u2019essa decennale, con il nostro ente.<\/p>\n\n\n\n<p>A fine anno un tavolo di esperti comincia a discutere sulla ristrutturazione e l\u2019ampliamento dei percorsi espositivi dell\u2019archeoParc.<\/p>\n\n\n\n<p>Vengono deliberati l\u2019ampliamento d\u2019organico con la figura in prova di \u201cvicedirettore\/trice del Museo\u201d, nonch\u00e9 il restyling del nostro sito web.<\/p>\n\n\n\n<h2 class=\"wp-block-heading\"><a id=\"2010\"><\/a>2010<\/h2>\n\n\n\n<p>La dott.ssa Karin Dalla Torre, Direttrice della Ripartizione Cultura, invita a valutare l\u2019incorporazione dell\u2019archeoParc con il Museo Archeologico dell\u2019Alto Adige. La stima dei costi elaborata da Johanna Niederkofler e Angelika Fleckinger, direttrici dei due enti interessati, induce tuttavia ad abbandonare il progetto. In compenso arriva la buona notizia che il contributo provinciale all\u2019archeoParc sar\u00e0 triplicato superando i 50.000 euro.<\/p>\n\n\n\n<p>Lo staff dell\u2019archeoParc, nell\u2019ambito di un progetto biennale finanziato dalla UE, avvia una collaborazione didattica con otto partner di sei diversi Paesi europei.<\/p>\n\n\n\n<p>In primavera la scuola elementare di Certosa di Senales presenta la mostra temporanea \u201cZeitreise\u201d, dedicata al tema del fuoco. In autunno l\u2019archeoParc partecipa a \u201cKulturlarch\u201d, rassegna di eventi promossa dall\u2019<a title=\"www.kulturverein-schnals.it\" href=\"http:\/\/www.kulturverein-schnals.it\/index.php?lang=it\" target=\"_blank\" rel=\"noopener noreferrer\">Associazione Culturale di Senales<\/a>.<\/p>\n\n\n\n<p>L\u2019archeoParc ospita il secondo <a title=\"www.textilforum.org\" href=\"https:\/\/www.textileforum.org\/en\/\" target=\"_blank\" rel=\"noopener noreferrer\">European Textile Forum<\/a>.<\/p>\n\n\n\n<h2 class=\"wp-block-heading\"><a id=\"2009\"><\/a>2009<\/h2>\n\n\n\n<p>\u201cRafia, ortiche e giuncacee\u201d \u00e8 il titolo della mostra di quest\u2019anno dedicata all\u2019arte tessitoria. archeoParc e Museo Archeologico dell\u2019Alto Adige organizzano insieme il primo \u201cWeekend per famiglie\u201d: dopo la visita all\u2019esposizione di Bolzano, i partecipanti raggiungono il nostro parco archeologico dove vivranno per un giorno e una notte come ai tempi di \u00d6tzi.<\/p>\n\n\n\n<h2 class=\"wp-block-heading\"><a id=\"2008\"><\/a>2008<\/h2>\n\n\n\n<p>Franz M\u00fcller del Parco Naturale Gruppo di Tessa e Johanna Niederkofler organizzano \u201cSulle tracce di \u00d6tzi in Val di Tisa\u201d, un\u2019escursione per bambini guidata da collaboratori del Parco naturale e del nostro Museo; l\u2019iniziativa si ripete a cadenze regolari per tutta l\u2019estate.<\/p>\n\n\n\n<p>Le \u201cGiornate neolitiche\u201d offrono l\u2019occasione alle scolaresche di trascorrere un giorno e una notte all\u2019archeoParc vivendo come ai tempi di \u00d6tzi. Il progetto riscuote l\u2019entusiasmo di alunni e insegnanti, come pure del nostro staff.<\/p>\n\n\n\n<p>Prima collaborazione con il <a title=\"www.abbazianovacella.it\" href=\"http:\/\/www.abbazianovacella.it\/it\/centro-convegni\/chi-siamo\/il-centro-convegni.html\" target=\"_blank\" rel=\"noopener noreferrer\">Centro Convegni Abbazia di Novacella<\/a>. La nostra Direttrice e il dottor Peter Sader organizzano \u201cDa grande voglio fare l\u2019archeologo\u201d, una settimana didattica con simulazioni di scavo durante la quale i bambini familiarizzano con le attivit\u00e0 tipiche di questa figura professionale.<\/p>\n\n\n\n<p>In qualit\u00e0 di associazione otteniamo per la prima volta il contributo alla promozione culturale, l\u2019ultimo di una serie di provvidenze destinate a finanziare le nostre attivit\u00e0 correnti.<\/p>\n\n\n\n<h2 class=\"wp-block-heading\"><a id=\"2007\"><\/a>2007<\/h2>\n\n\n\n<p>L\u2019associazione \u201carcheoParc Schnals Museumsverein\u201d, fondata in marzo, assume la gestione di \u201carcheoParc Val Senales Spa\u201d, che contestualmente cessa la propria attivit\u00e0. Il Comune di Senales, divenuto proprietario della nostra struttura, sosterr\u00e0 l\u2019operato della neonata Associazione Museale con un contributo annuo di 50.000 euro. Alexander Rainer \u00e8 eletto Presidente.<\/p>\n\n\n\n<p>Nell\u2019ambito di un progetto europeo Leader con il <a title=\"www.federseemuseum.de\" href=\"http:\/\/www.federseemuseum.de\/\" target=\"_blank\" rel=\"noopener noreferrer\">Federseemuseum<\/a> di Bad Buchau (D) si elaborano nuove idee per migliorare l\u2019offerta didattica e si organizza la mostra \u201cZwischenzeiten\u201d, dedicata alle attivit\u00e0 dell\u2019anno agricolo nella preistoria.<\/p>\n\n\n\n<p>L\u2019attuale Direttore Hannes Egger inaugura \u201cUrKult-KULTur\u201d, la sua ultima mostra all\u2019archeoParc, che raccoglie opere dell\u2019artista brissinese Judith Wieser. In autunno subentra al suo posto Johanna Niederkofler.<\/p>\n\n\n\n<h2 class=\"wp-block-heading\"><a id=\"2006\"><\/a>2006<\/h2>\n\n\n\n<p>L\u2019archeoParc ospita due eventi temporanei: la mostra \u201cSteinzeit erleben\u201d organizzata dalla Scuola elementare di Castelbello e la mostra fotografica \u201cSakrale Bauten\u201d di Gianni Bodini.<\/p>\n\n\n\n<p>Manfred Waldner, Direttore dell\u2019Associazione Turistica Val Senales, insieme al dottor Hannes Egger e all\u2019orafo di Naturno <a title=\"www.konradlaimer.it\" href=\"https:\/\/www.konradlaimer.it\/it\/home\/\" target=\"_blank\" rel=\"noopener noreferrer\">Konrad Laimer<\/a>, elabora un programma di dimostrazioni sulla fusione del rame nella preistoria.<br>La Ripartizione provinciale al Turismo assume in carico il finanziamento della formazione del nostro personale.<\/p>\n\n\n\n<p>Per la prima volta l\u2019archeoParc rimane chiuso nella stagione invernale.<\/p>\n\n\n\n<h2 class=\"wp-block-heading\"><a id=\"2005\"><\/a>2005<\/h2>\n\n\n\n<p>Il dottor Hannes Egger assume la direzione dell\u2019archeoParc. La mostra temporanea di quest\u2019anno, allestita nell\u2019area all\u2019aperto, presenta sculture in marmo realizzate dai fratelli Joos della Val Venosta.<\/p>\n\n\n\n<h2 class=\"wp-block-heading\"><a id=\"2004\"><\/a>2004<\/h2>\n\n\n\n<p>Debutta online la seconda versione del nostro sito web. L\u2019archeoParc collabora alla mostra itinerante \u201cKulturpflanzen der Alpen\u201c, organizzata dal <a title=\"www.berggetreide.ch\" href=\"http:\/\/www.berggetreide.ch\/VfaK.html\" target=\"_blank\" rel=\"noopener noreferrer\">Verein f\u00fcr Alpine Kulturpflanzen<\/a> (Associazione svizzera per le colture agricole alpine) e presentata nelle tappe finali anche presso le scuole agrarie dell\u2019Alto Adige.<\/p>\n\n\n\n<h2 class=\"wp-block-heading\"><a id=\"2003\"><\/a>2003<\/h2>\n\n\n\n<p>Passaggio di consegne alla direzione del Museo dalla dott.ssa Silvia Renhart alla dott.ssa Johanna Platzgummer. L\u2019archeoParc ospita la mostra \u201cUrm\u00fctter der Steinzeit\u201d proveniente dalla Germania e un\u2019altra esposizione sullo sviluppo della ceramica in Italia nella preistoria e protostoria. Nell\u2019area all\u2019aperto viene costruito un secondo forno primitivo per la cottura del pane.<\/p>\n\n\n\n<p>Da aprile i laboratori didattici si svolgono in tutti i giorni di apertura del Museo.<\/p>\n\n\n\n<h2 class=\"wp-block-heading\"><a id=\"2002\"><\/a>2002<\/h2>\n\n\n\n<p>L\u2019archeoParc \u00e8 nominato allo <a title=\"www.europeanmuseumforum.info\" href=\"http:\/\/www.europeanmuseumforum.info\/\" target=\"_blank\" rel=\"noopener noreferrer\">European Museums of the Year Award<\/a>. Con il supporto dei colleghi del Federseemuseum di Bad Buchau (D) viene ricostruito, vicino al nostro laghetto, un affumicatoio dell\u2019et\u00e0 del Bronzo. Il nostro staff allestisce inoltre un breve percorso didattico sulle piante selvatiche commestibili. Si inaugura la mostra d\u2019arte \u201cEin Kleid f\u00fcr \u00d6tzi\u201d.<\/p>\n\n\n\n<h2 class=\"wp-block-heading\"><a id=\"2001\"><\/a>2001<\/h2>\n\n\n\n<p>Il 16 settembre, tre giorni prima del decennale della scoperta di \u00d6tzi, viene inaugurato l\u2019archeoParc: alla grande festa sulla piazza antistante il museo partecipano 1.500 persone (!). La formazione del giovane staff, e inizialmente anche la direzione museale, sono affidate alla dott.ssa Silvia Renhart.<\/p>\n\n\n\n<p>La stampa internazionale di settore giudica positivamente sia l\u2019architettura sia il percorso espositivo del nuovo museo. In occasione della sua inaugurazione si tiene un convengo scientifico su temi di archeologia e didattica della preistoria.<\/p>\n\n\n\n<h2 class=\"wp-block-heading\"><a id=\"2000\"><\/a>2000<\/h2>\n\n\n\n<p>La dott.ssa Silvia Renhart e il suo staff lavorano al programma espositivo e divulgativo dell\u2019archeoParc. L\u2019ingegner Erich Erlacher progetta l\u2019involucro esterno dell\u2019edificio.<\/p>\n\n\n\n<p>L\u2019Ispettorato Forestale di Merano, con il coordinamento di Herbert Niederfriniger e la direzione tecnica di Wulf Hein, provvede all\u2019allestimento dell\u2019area all\u2019aperto e alle ricostruzioni di alcune capanne neolitiche.<\/p>\n\n\n\n<p>Il progetto museale \u00e8 coordinato da Karl Laterner e Richard Spechtenhauser, all\u2019epoca rispettivamente Presidente dell\u2019Associazione Culturale e vicesindaco di Senales. I relativi finanziamenti provengono da un progetto Interreg II, dal Comune di Senales, dalla Provincia Autonoma di Bolzano, dal Raiffeisenverband S\u00fcdtirol e dall\u2019Azienda Energetica Spa.<\/p>\n\n\n\n<p>L\u2019iniziativa \u201cMangiare come ai tempi di \u00d6tzi\u201d coinvolge alberghi e ristoranti della Val Senales, invitati a proporre menu a base di erbe selvatiche, cereali e leguminose note sin dal Neolitico, nonch\u00e9 a servire le pietanze in ciotole e piatti primitivi.<\/p>\n\n\n\n<p>A Madonna di Senales aderiscono all\u2019iniziativa gastronomica gli hotel <a title=\"www.goldenes-kreuz.com\" href=\"http:\/\/www.goldenes-kreuz.com\/it\/informazioni\/index\/1-0.html\" target=\"_blank\" rel=\"noopener noreferrer\">Croce d&#8217;Oro<\/a> e <a title=\"www.adlernest.com\" href=\"http:\/\/www.adlernest.com\/it.html\" target=\"_blank\" rel=\"noopener noreferrer\">Aquila Nera<\/a>.<\/p>\n\n\n\n<h2 class=\"wp-block-heading\"><a id=\"1998\"><\/a>1998<\/h2>\n\n\n\n<p>Petra Tappeiner e Elisabeth Rainer inaugurano i <a title=\"Scuole\" href=\"https:\/\/www.archeoparc.it\/it\/scuole\/\">laboratori didattici per scuole<\/a> e gruppi, che si svolgono proprio sul terreno dove nei prossimi anni sorger\u00e0 l\u2019archeoParc.<\/p>\n","protected":false},"excerpt":{"rendered":"<p>Il Museo archeoParc \u00e8 gestito dal Comune di Senales, che nel 2007 ha delegato la conduzione della struttura all\u2019associazione privata \u201carcheoParc Schnals Museumsverein\u201d. L\u2019associazione, riconosciuta ufficialmente, conta attualmente 40 membri [&hellip;]<\/p>\n","protected":false},"author":6,"featured_media":0,"parent":907,"menu_order":0,"comment_status":"closed","ping_status":"open","template":"","meta":{"_acf_changed":false,"_tec_requires_first_save":true,"_EventAllDay":false,"_EventTimezone":"","_EventStartDate":"","_EventEndDate":"","_EventStartDateUTC":"","_EventEndDateUTC":"","_EventShowMap":false,"_EventShowMapLink":false,"_EventURL":"","_EventCost":"","_EventCostDescription":"","_EventCurrencySymbol":"","_EventCurrencyCode":"","_EventCurrencyPosition":"","_EventDateTimeSeparator":"","_EventTimeRangeSeparator":"","_EventOrganizerID":[],"_EventVenueID":[],"_OrganizerEmail":"","_OrganizerPhone":"","_OrganizerWebsite":"","_VenueAddress":"","_VenueCity":"","_VenueCountry":"","_VenueProvince":"","_VenueState":"","_VenueZip":"","_VenuePhone":"","_VenueURL":"","_VenueStateProvince":"","_VenueLat":"","_VenueLng":"","_VenueShowMap":false,"_VenueShowMapLink":false,"_tribe_blocks_recurrence_rules":"","_tribe_blocks_recurrence_description":"","_tribe_blocks_recurrence_exclusions":"","footnotes":""},"tags":[],"class_list":["post-935","page","type-page","status-publish","hentry"],"acf":[],"yoast_head":"<!-- This site is optimized with the Yoast SEO plugin v27.5 - https:\/\/yoast.com\/product\/yoast-seo-wordpress\/ -->\n<title>Associazione museale | archeoParc Schnalstal<\/title>\n<meta name=\"robots\" content=\"index, follow, max-snippet:-1, max-image-preview:large, max-video-preview:-1\" \/>\n<link rel=\"canonical\" href=\"https:\/\/www.archeoparc.it\/it\/chi-siamo\/associazione-museale\/\" \/>\n<link rel=\"next\" href=\"https:\/\/www.archeoparc.it\/it\/chi-siamo\/associazione-museale\/2\/\" \/>\n<meta name=\"twitter:label1\" content=\"Tempo di lettura stimato\" \/>\n\t<meta name=\"twitter:data1\" content=\"39 minuti\" \/>\n<script type=\"application\/ld+json\" class=\"yoast-schema-graph\">{\"@context\":\"https:\\\/\\\/schema.org\",\"@graph\":[{\"@type\":\"WebPage\",\"@id\":\"https:\\\/\\\/www.archeoparc.it\\\/it\\\/chi-siamo\\\/associazione-museale\\\/\",\"url\":\"https:\\\/\\\/www.archeoparc.it\\\/it\\\/chi-siamo\\\/associazione-museale\\\/\",\"name\":\"Associazione museale | archeoParc Schnalstal\",\"isPartOf\":{\"@id\":\"https:\\\/\\\/www.archeoparc.it\\\/#website\"},\"primaryImageOfPage\":{\"@id\":\"https:\\\/\\\/www.archeoparc.it\\\/it\\\/chi-siamo\\\/associazione-museale\\\/#primaryimage\"},\"image\":{\"@id\":\"https:\\\/\\\/www.archeoparc.it\\\/it\\\/chi-siamo\\\/associazione-museale\\\/#primaryimage\"},\"thumbnailUrl\":\"https:\\\/\\\/www.archeoparc.it\\\/wp-content\\\/uploads\\\/archeoparc-schnalstal-25012-1200x800.jpg\",\"datePublished\":\"2012-12-13T20:37:20+00:00\",\"dateModified\":\"2026-03-09T13:58:42+00:00\",\"inLanguage\":\"it-IT\",\"potentialAction\":[{\"@type\":\"ReadAction\",\"target\":[\"https:\\\/\\\/www.archeoparc.it\\\/it\\\/chi-siamo\\\/associazione-museale\\\/\"]}]},{\"@type\":\"ImageObject\",\"inLanguage\":\"it-IT\",\"@id\":\"https:\\\/\\\/www.archeoparc.it\\\/it\\\/chi-siamo\\\/associazione-museale\\\/#primaryimage\",\"url\":\"https:\\\/\\\/www.archeoparc.it\\\/wp-content\\\/uploads\\\/archeoparc-schnalstal-25012-1200x800.jpg\",\"contentUrl\":\"https:\\\/\\\/www.archeoparc.it\\\/wp-content\\\/uploads\\\/archeoparc-schnalstal-25012-1200x800.jpg\"},{\"@type\":\"WebSite\",\"@id\":\"https:\\\/\\\/www.archeoparc.it\\\/#website\",\"url\":\"https:\\\/\\\/www.archeoparc.it\\\/\",\"name\":\"archeoParc Schnalstal\",\"description\":\"Arch\u00e4ologisches Freilichtmuseum\",\"publisher\":{\"@id\":\"https:\\\/\\\/www.archeoparc.it\\\/#organization\"},\"potentialAction\":[{\"@type\":\"SearchAction\",\"target\":{\"@type\":\"EntryPoint\",\"urlTemplate\":\"https:\\\/\\\/www.archeoparc.it\\\/?s={search_term_string}\"},\"query-input\":{\"@type\":\"PropertyValueSpecification\",\"valueRequired\":true,\"valueName\":\"search_term_string\"}}],\"inLanguage\":\"it-IT\"},{\"@type\":\"Organization\",\"@id\":\"https:\\\/\\\/www.archeoparc.it\\\/#organization\",\"name\":\"archeoparc Schnalstal\",\"url\":\"https:\\\/\\\/www.archeoparc.it\\\/\",\"logo\":{\"@type\":\"ImageObject\",\"inLanguage\":\"it-IT\",\"@id\":\"https:\\\/\\\/www.archeoparc.it\\\/#\\\/schema\\\/logo\\\/image\\\/\",\"url\":\"https:\\\/\\\/www.archeoparc.it\\\/wp-content\\\/uploads\\\/cropped-archeoparc_logo_sw.png\",\"contentUrl\":\"https:\\\/\\\/www.archeoparc.it\\\/wp-content\\\/uploads\\\/cropped-archeoparc_logo_sw.png\",\"width\":654,\"height\":211,\"caption\":\"archeoparc Schnalstal\"},\"image\":{\"@id\":\"https:\\\/\\\/www.archeoparc.it\\\/#\\\/schema\\\/logo\\\/image\\\/\"}}]}<\/script>\n<!-- \/ Yoast SEO plugin. -->","yoast_head_json":{"title":"Associazione museale | archeoParc Schnalstal","robots":{"index":"index","follow":"follow","max-snippet":"max-snippet:-1","max-image-preview":"max-image-preview:large","max-video-preview":"max-video-preview:-1"},"canonical":"https:\/\/www.archeoparc.it\/it\/chi-siamo\/associazione-museale\/","next":"https:\/\/www.archeoparc.it\/it\/chi-siamo\/associazione-museale\/2\/","twitter_misc":{"Tempo di lettura stimato":"39 minuti"},"schema":{"@context":"https:\/\/schema.org","@graph":[{"@type":"WebPage","@id":"https:\/\/www.archeoparc.it\/it\/chi-siamo\/associazione-museale\/","url":"https:\/\/www.archeoparc.it\/it\/chi-siamo\/associazione-museale\/","name":"Associazione museale | archeoParc Schnalstal","isPartOf":{"@id":"https:\/\/www.archeoparc.it\/#website"},"primaryImageOfPage":{"@id":"https:\/\/www.archeoparc.it\/it\/chi-siamo\/associazione-museale\/#primaryimage"},"image":{"@id":"https:\/\/www.archeoparc.it\/it\/chi-siamo\/associazione-museale\/#primaryimage"},"thumbnailUrl":"https:\/\/www.archeoparc.it\/wp-content\/uploads\/archeoparc-schnalstal-25012-1200x800.jpg","datePublished":"2012-12-13T20:37:20+00:00","dateModified":"2026-03-09T13:58:42+00:00","inLanguage":"it-IT","potentialAction":[{"@type":"ReadAction","target":["https:\/\/www.archeoparc.it\/it\/chi-siamo\/associazione-museale\/"]}]},{"@type":"ImageObject","inLanguage":"it-IT","@id":"https:\/\/www.archeoparc.it\/it\/chi-siamo\/associazione-museale\/#primaryimage","url":"https:\/\/www.archeoparc.it\/wp-content\/uploads\/archeoparc-schnalstal-25012-1200x800.jpg","contentUrl":"https:\/\/www.archeoparc.it\/wp-content\/uploads\/archeoparc-schnalstal-25012-1200x800.jpg"},{"@type":"WebSite","@id":"https:\/\/www.archeoparc.it\/#website","url":"https:\/\/www.archeoparc.it\/","name":"archeoParc Schnalstal","description":"Arch\u00e4ologisches Freilichtmuseum","publisher":{"@id":"https:\/\/www.archeoparc.it\/#organization"},"potentialAction":[{"@type":"SearchAction","target":{"@type":"EntryPoint","urlTemplate":"https:\/\/www.archeoparc.it\/?s={search_term_string}"},"query-input":{"@type":"PropertyValueSpecification","valueRequired":true,"valueName":"search_term_string"}}],"inLanguage":"it-IT"},{"@type":"Organization","@id":"https:\/\/www.archeoparc.it\/#organization","name":"archeoparc Schnalstal","url":"https:\/\/www.archeoparc.it\/","logo":{"@type":"ImageObject","inLanguage":"it-IT","@id":"https:\/\/www.archeoparc.it\/#\/schema\/logo\/image\/","url":"https:\/\/www.archeoparc.it\/wp-content\/uploads\/cropped-archeoparc_logo_sw.png","contentUrl":"https:\/\/www.archeoparc.it\/wp-content\/uploads\/cropped-archeoparc_logo_sw.png","width":654,"height":211,"caption":"archeoparc Schnalstal"},"image":{"@id":"https:\/\/www.archeoparc.it\/#\/schema\/logo\/image\/"}}]}},"_links":{"self":[{"href":"https:\/\/www.archeoparc.it\/it\/wp-json\/wp\/v2\/pages\/935","targetHints":{"allow":["GET"]}}],"collection":[{"href":"https:\/\/www.archeoparc.it\/it\/wp-json\/wp\/v2\/pages"}],"about":[{"href":"https:\/\/www.archeoparc.it\/it\/wp-json\/wp\/v2\/types\/page"}],"author":[{"embeddable":true,"href":"https:\/\/www.archeoparc.it\/it\/wp-json\/wp\/v2\/users\/6"}],"replies":[{"embeddable":true,"href":"https:\/\/www.archeoparc.it\/it\/wp-json\/wp\/v2\/comments?post=935"}],"version-history":[{"count":33,"href":"https:\/\/www.archeoparc.it\/it\/wp-json\/wp\/v2\/pages\/935\/revisions"}],"predecessor-version":[{"id":69582,"href":"https:\/\/www.archeoparc.it\/it\/wp-json\/wp\/v2\/pages\/935\/revisions\/69582"}],"up":[{"embeddable":true,"href":"https:\/\/www.archeoparc.it\/it\/wp-json\/wp\/v2\/pages\/907"}],"wp:attachment":[{"href":"https:\/\/www.archeoparc.it\/it\/wp-json\/wp\/v2\/media?parent=935"}],"wp:term":[{"taxonomy":"post_tag","embeddable":true,"href":"https:\/\/www.archeoparc.it\/it\/wp-json\/wp\/v2\/tags?post=935"}],"curies":[{"name":"wp","href":"https:\/\/api.w.org\/{rel}","templated":true}]}}