{"id":974,"date":"2012-12-13T21:43:24","date_gmt":"2012-12-13T20:43:24","guid":{"rendered":"http:\/\/archeo.pixelcreatures.at\/?page_id=974"},"modified":"2026-01-13T09:57:29","modified_gmt":"2026-01-13T08:57:29","slug":"oetzi-glacier-tour","status":"publish","type":"page","link":"https:\/\/www.archeoparc.it\/it\/oetzi-glacier-tour\/","title":{"rendered":"\u00d6tzi Glacier Tour"},"content":{"rendered":"\n<p>Il ritrovamento pi\u00f9 spettacolare mai fatto su un ghiacciaio \u00e8 proprio lui: \u00d6tzi, l\u2019uomo venuto dal Ghiaccio, rinvenuto sul nostro ghiacciaio nel 1991. L\u2019\u00d6tzi Glacier Tour vi conduce a piedi o con gli sci al luogo del ritrovamento di \u00d6tzi, partendo da Maso Corto, ultima localit\u00e0 della Val Senales, fino al <a title=\"Sito Ritrovamento \u00d6tzi\" href=\"https:\/\/www.archeoparc.it\/it\/archeologia-val-senales\/sito-ritrovamento-oetzi\/\">Giogo di Tisa<\/a> (3.210 m). Il Tour guidato non solo raggiunge vari punti di interesse paesaggistico e archeologico ma offre anche la possibilit\u00e0 di provare una Via Ferrata, da percorrere in cordata con alcuni passaggi su roccia e assicurati su funi metalliche. Programmato per ogni marted\u00ec o su prenotazione in versione privata. L\u2019evento \u00e8 sostenuto dall\u2019 <a href=\"https:\/\/www.archeoparc.it\/it\/chi-siamo\/associazione-museale\/\">archeoParc<\/a>, <a href=\"https:\/\/www.valsenales.com\/it\/\">Alpin Arena Senales<\/a> e le Guide Alpine, per garantirvi un\u2019esperienza unica e in sicurezza. <\/p>\n\n\n\n<p><strong>Periodo:<\/strong> giugno \u2013 ottobre (escursione estiva) e novembre \u2013 maggio (sci-alpinistica).<br><strong>Requisiti per la partecipazione:<\/strong> buona condizione fisica e psichica, non \u00e8 richiesta la padronanza delle tecniche alpinistiche. Per l\u2019escursione sci-alpinistica \u00e8 richiesta una buona padronanza della tecnica di discesa, e non necessariamente un\u2019esperienza di sci-alpinismo. Per il gruppo famiglia \u00e8 richiesta un minimo di esperienza e &nbsp;dimestichezza con l\u2019ambiente di Alta Montagna. Inoltre, si consiglia a tutti gli interessati all\u2019\u00d6tzi Glacier Tour di partecipare all\u2019incontro informativo il giorno precedente al Tour.<\/p>\n\n\n\n<hr class=\"wp-block-separator has-alpha-channel-opacity\"\/>\n\n\n\n<p class=\"has-text-align-center\"><a title=\"Trekking\" href=\"https:\/\/www.archeoparc.it\/it\/oetzi-glacier-tour\/#trekking\">Trekking <\/a>&#8211; <a title=\"Tour scialpinistico\" href=\"https:\/\/www.archeoparc.it\/it\/oetzi-glacier-tour\/#tour-skialpinistico\">Tour scialpinistico<\/a> &#8211; <a title=\"Guide alpine\" href=\"https:\/\/www.archeoparc.it\/it\/oetzi-glacier-tour\/#guide\">Guide alpine<\/a> &#8211; <a href=\"https:\/\/www.archeoparc.it\/it\/oetzi-glacier-tour\/#eventi\">Eventi <\/a>&#8211; <a title=\"Calendario\" href=\"https:\/\/www.archeoparc.it\/it\/oetzi-glacier-tour\/#calendario\">Calendario<\/a> &#8211; <a title=\"Info e prenotazioni\" href=\"https:\/\/www.archeoparc.it\/it\/oetzi-glacier-tour\/#info\">Info e prenotazioni<\/a> &#8211; <a href=\"https:\/\/www.archeoparc.it\/it\/oetzi-glacier-tour\/#indicazioni\">Indicazioni utili<\/a><\/p>\n\n\n\n<hr class=\"wp-block-separator has-alpha-channel-opacity\"\/>\n\n\n\n<figure class=\"wp-block-image aligncenter\"><a href=\"https:\/\/www.archeoparc.it\/wp-content\/uploads\/archeoparc-schnalstal-21021.jpg\"><img loading=\"lazy\" decoding=\"async\" width=\"1024\" height=\"682\" src=\"https:\/\/www.archeoparc.it\/wp-content\/uploads\/archeoparc-schnalstal-21021-1024x682.jpg\" alt=\"\" class=\"wp-image-30779\" srcset=\"https:\/\/www.archeoparc.it\/wp-content\/uploads\/archeoparc-schnalstal-21021-1024x682.jpg 1024w, https:\/\/www.archeoparc.it\/wp-content\/uploads\/archeoparc-schnalstal-21021-300x200.jpg 300w, https:\/\/www.archeoparc.it\/wp-content\/uploads\/archeoparc-schnalstal-21021-676x450.jpg 676w, https:\/\/www.archeoparc.it\/wp-content\/uploads\/archeoparc-schnalstal-21021.jpg 1280w\" sizes=\"auto, (max-width: 1024px) 100vw, 1024px\" \/><\/a><figcaption class=\"wp-element-caption\">archeoParc Schnalstal, photo:Peter Santer<\/figcaption><\/figure>\n\n\n\n<h2 class=\"wp-block-heading\">T<a id=\"trekking\"><\/a>rekking<\/h2>\n\n\n\n<p>Ritrovo a Maso Corto e salita in funivia alla Stazione a Monte Grawand (3.205 m). Si percorre il ghiacciaio del Giogo Alto (2.800 m) fino alla Croda Nera e al giogo Hauslabjoch (3.280 m). Breve discesa fino al Giogo di Tisa (3.210 m), quale luogo di ritrovamento dell\u2019Uomo venuto dal Ghiaccio. Di seguito si prosegue fino al Rifugio Similaun, qui si effettua una pausa e ristoro. Nel pomeriggio lunga discesa lungo la valle di Tisa fino a Vernago (1.700 m). Trasferimento a Maso Corto.<\/p>\n\n\n\n<p><strong>Periodo:<\/strong> met\u00e0 giugno \u2013 met\u00e0 ottobre (a seconda dell\u2019innevamento).<br><strong>Requisiti per la partecipazione: <\/strong>dislivello \u2191500 m e \u21932.000 m, tempo di percorrenza 7-8 ore e circa 10 km di sviluppo.<\/p>\n\n\n\n<figure class=\"wp-block-gallery has-nested-images columns-7 is-cropped wp-block-gallery-2 is-layout-flex wp-block-gallery-is-layout-flex\">\n<figure class=\"wp-block-image size-large\"><img loading=\"lazy\" decoding=\"async\" width=\"1024\" height=\"682\" data-id=\"30809\" src=\"https:\/\/www.archeoparc.it\/wp-content\/uploads\/archeoparc-schnalstal-21002-1024x682.jpg\" alt=\"\u00d6tzi Glacier Tour with Thomas Huber July 2021\" class=\"wp-image-30809\" srcset=\"https:\/\/www.archeoparc.it\/wp-content\/uploads\/archeoparc-schnalstal-21002-1024x682.jpg 1024w, https:\/\/www.archeoparc.it\/wp-content\/uploads\/archeoparc-schnalstal-21002-300x200.jpg 300w, https:\/\/www.archeoparc.it\/wp-content\/uploads\/archeoparc-schnalstal-21002-676x450.jpg 676w, https:\/\/www.archeoparc.it\/wp-content\/uploads\/archeoparc-schnalstal-21002.jpg 1280w\" sizes=\"auto, (max-width: 1024px) 100vw, 1024px\" \/><\/figure>\n\n\n\n<figure class=\"wp-block-image size-large\"><img loading=\"lazy\" decoding=\"async\" width=\"1024\" height=\"682\" data-id=\"30839\" src=\"https:\/\/www.archeoparc.it\/wp-content\/uploads\/archeoparc-schnalstal-21012-1024x682.jpg\" alt=\"\u00d6tzi Glacier Tour with Thomas Huber July 2021\" class=\"wp-image-30839\" srcset=\"https:\/\/www.archeoparc.it\/wp-content\/uploads\/archeoparc-schnalstal-21012-1024x682.jpg 1024w, https:\/\/www.archeoparc.it\/wp-content\/uploads\/archeoparc-schnalstal-21012-300x200.jpg 300w, https:\/\/www.archeoparc.it\/wp-content\/uploads\/archeoparc-schnalstal-21012-676x450.jpg 676w, https:\/\/www.archeoparc.it\/wp-content\/uploads\/archeoparc-schnalstal-21012.jpg 1280w\" sizes=\"auto, (max-width: 1024px) 100vw, 1024px\" \/><\/figure>\n\n\n\n<figure class=\"wp-block-image size-large\"><img loading=\"lazy\" decoding=\"async\" width=\"1024\" height=\"682\" data-id=\"30833\" src=\"https:\/\/www.archeoparc.it\/wp-content\/uploads\/archeoparc-schnalstal-21010-1024x682.jpg\" alt=\"\u00d6tzi Glacier Tour with Thomas Huber July 2021\" class=\"wp-image-30833\" srcset=\"https:\/\/www.archeoparc.it\/wp-content\/uploads\/archeoparc-schnalstal-21010-1024x682.jpg 1024w, https:\/\/www.archeoparc.it\/wp-content\/uploads\/archeoparc-schnalstal-21010-300x200.jpg 300w, https:\/\/www.archeoparc.it\/wp-content\/uploads\/archeoparc-schnalstal-21010-676x450.jpg 676w, https:\/\/www.archeoparc.it\/wp-content\/uploads\/archeoparc-schnalstal-21010.jpg 1280w\" sizes=\"auto, (max-width: 1024px) 100vw, 1024px\" \/><\/figure>\n\n\n\n<figure class=\"wp-block-image size-large\"><img loading=\"lazy\" decoding=\"async\" width=\"1024\" height=\"682\" data-id=\"30827\" src=\"https:\/\/www.archeoparc.it\/wp-content\/uploads\/archeoparc-schnalstal-21008-1024x682.jpg\" alt=\"\u00d6tzi Glacier Tour with Thomas Huber July 2021\" class=\"wp-image-30827\" srcset=\"https:\/\/www.archeoparc.it\/wp-content\/uploads\/archeoparc-schnalstal-21008-1024x682.jpg 1024w, https:\/\/www.archeoparc.it\/wp-content\/uploads\/archeoparc-schnalstal-21008-300x200.jpg 300w, https:\/\/www.archeoparc.it\/wp-content\/uploads\/archeoparc-schnalstal-21008-676x450.jpg 676w, https:\/\/www.archeoparc.it\/wp-content\/uploads\/archeoparc-schnalstal-21008.jpg 1280w\" sizes=\"auto, (max-width: 1024px) 100vw, 1024px\" \/><\/figure>\n\n\n\n<figure class=\"wp-block-image size-large\"><img loading=\"lazy\" decoding=\"async\" width=\"1024\" height=\"682\" data-id=\"30794\" src=\"https:\/\/www.archeoparc.it\/wp-content\/uploads\/archeoparc-schnalstal-21024-1024x682.jpg\" alt=\"\u00d6tzi Glacier Tour with Thomas Huber July 2021\" class=\"wp-image-30794\" srcset=\"https:\/\/www.archeoparc.it\/wp-content\/uploads\/archeoparc-schnalstal-21024-1024x682.jpg 1024w, https:\/\/www.archeoparc.it\/wp-content\/uploads\/archeoparc-schnalstal-21024-300x200.jpg 300w, https:\/\/www.archeoparc.it\/wp-content\/uploads\/archeoparc-schnalstal-21024-676x450.jpg 676w, https:\/\/www.archeoparc.it\/wp-content\/uploads\/archeoparc-schnalstal-21024.jpg 1280w\" sizes=\"auto, (max-width: 1024px) 100vw, 1024px\" \/><\/figure>\n\n\n\n<figure class=\"wp-block-image size-large\"><img loading=\"lazy\" decoding=\"async\" width=\"1024\" height=\"682\" data-id=\"30782\" src=\"https:\/\/www.archeoparc.it\/wp-content\/uploads\/archeoparc-schnalstal-21022-1024x682.jpg\" alt=\"\u00d6tzi Glacier Tour with Thomas Huber July 2021\" class=\"wp-image-30782\" srcset=\"https:\/\/www.archeoparc.it\/wp-content\/uploads\/archeoparc-schnalstal-21022-1024x682.jpg 1024w, https:\/\/www.archeoparc.it\/wp-content\/uploads\/archeoparc-schnalstal-21022-520x347.jpg 520w, https:\/\/www.archeoparc.it\/wp-content\/uploads\/archeoparc-schnalstal-21022-300x200.jpg 300w, https:\/\/www.archeoparc.it\/wp-content\/uploads\/archeoparc-schnalstal-21022-676x450.jpg 676w, https:\/\/www.archeoparc.it\/wp-content\/uploads\/archeoparc-schnalstal-21022.jpg 1280w\" sizes=\"auto, (max-width: 1024px) 100vw, 1024px\" \/><\/figure>\n\n\n\n<figure class=\"wp-block-image size-large\"><img loading=\"lazy\" decoding=\"async\" width=\"1024\" height=\"682\" data-id=\"30800\" src=\"https:\/\/www.archeoparc.it\/wp-content\/uploads\/archeoparc-schnalstal-21026-1024x682.jpg\" alt=\"\u00d6tzi Glacier Tour with Thomas Huber July 2021\" class=\"wp-image-30800\" srcset=\"https:\/\/www.archeoparc.it\/wp-content\/uploads\/archeoparc-schnalstal-21026-1024x682.jpg 1024w, https:\/\/www.archeoparc.it\/wp-content\/uploads\/archeoparc-schnalstal-21026-300x200.jpg 300w, https:\/\/www.archeoparc.it\/wp-content\/uploads\/archeoparc-schnalstal-21026-676x450.jpg 676w, https:\/\/www.archeoparc.it\/wp-content\/uploads\/archeoparc-schnalstal-21026.jpg 1280w\" sizes=\"auto, (max-width: 1024px) 100vw, 1024px\" \/><\/figure>\n<\/figure>\n\n\n\n<hr class=\"wp-block-separator has-alpha-channel-opacity\"\/>\n\n\n\n<h2 class=\"wp-block-heading\" id=\"tour-skialpinistico\">S<a id=\"tour-scialpinistico\"><\/a>ci alpinistica<\/h2>\n\n\n\n<p>Ritrovo a Maso Corto e salita in funivia alla Stazione a Monte Grawand (3.205 m). Si percorre il ghiacciaio del Giogo Alto (2.800 m) fino alla Croda Nera e al giogo Hauslabjoch (3.280 m). Breve discesa fino al Giogo di Tisa (3.210 m), al luogo di ritrovamento dell\u2019Uomo venuto dal Ghiaccio. Dopo una breve sosta, risalita al giogo Hauslabjoch e &nbsp;bella discesa nella valle del Giogo Alto di Senales, di seguito si ritorna sulle piste da sci per scendere a Maso Corto. <\/p>\n\n\n\n<p>Variante dal sito di ritrovamento di \u00d6tzi in condizioni di buon innevamento: discesa con gli sci fino al rifugio Similaun (3.019 m) e quindi lungo la val di Tisa fino al lago di Vernago e rientro a Maso Corto.<\/p>\n\n\n\n<p><strong>Periodo:<\/strong> circa met\u00e0 novembre- inizio maggio (a seconda dell\u2019innevamento)<br><strong>Requisiti per la partecipazione:<\/strong> dislivello \u2191600 m circa e \u21932.100 m circa, tempo di percorrenza 7 ore; buona condizione fisica generale, buona padronanza della tecnica cristiania (esperienza scialpinistica non necessaria).<\/p>\n\n\n\n<p>-&gt; <a title=\"Noleggio sci\" href=\"https:\/\/www.rentandgo.it\/ita\/noleggio-sci\/senales-schnalstal\/sportservice-erwin-stricker-schnals\" target=\"_blank\" rel=\"noopener noreferrer\">Noleggio sci<\/a><\/p>\n\n\n\n<figure class=\"wp-block-gallery has-nested-images columns-7 is-cropped wp-block-gallery-3 is-layout-flex wp-block-gallery-is-layout-flex\">\n<figure class=\"wp-block-image size-large\"><img loading=\"lazy\" decoding=\"async\" width=\"1024\" height=\"683\" data-id=\"18363\" src=\"https:\/\/www.archeoparc.it\/wp-content\/uploads\/archeoparc-schnalstal-19004-1-1024x683.jpg\" alt=\"\" class=\"wp-image-18363\" srcset=\"https:\/\/www.archeoparc.it\/wp-content\/uploads\/archeoparc-schnalstal-19004-1-1024x683.jpg 1024w, https:\/\/www.archeoparc.it\/wp-content\/uploads\/archeoparc-schnalstal-19004-1-300x200.jpg 300w, https:\/\/www.archeoparc.it\/wp-content\/uploads\/archeoparc-schnalstal-19004-1-676x451.jpg 676w\" sizes=\"auto, (max-width: 1024px) 100vw, 1024px\" \/><\/figure>\n\n\n\n<figure class=\"wp-block-image size-large\"><img loading=\"lazy\" decoding=\"async\" width=\"1024\" height=\"683\" data-id=\"18386\" src=\"https:\/\/www.archeoparc.it\/wp-content\/uploads\/PET1903_PET1903_FR5C1306-1024x683.jpg\" alt=\"\" class=\"wp-image-18386\" srcset=\"https:\/\/www.archeoparc.it\/wp-content\/uploads\/PET1903_PET1903_FR5C1306-1024x683.jpg 1024w, https:\/\/www.archeoparc.it\/wp-content\/uploads\/PET1903_PET1903_FR5C1306-300x200.jpg 300w, https:\/\/www.archeoparc.it\/wp-content\/uploads\/PET1903_PET1903_FR5C1306-676x451.jpg 676w, https:\/\/www.archeoparc.it\/wp-content\/uploads\/PET1903_PET1903_FR5C1306.jpg 1200w\" sizes=\"auto, (max-width: 1024px) 100vw, 1024px\" \/><\/figure>\n\n\n\n<figure class=\"wp-block-image size-large\"><img loading=\"lazy\" decoding=\"async\" width=\"1024\" height=\"683\" data-id=\"18404\" src=\"https:\/\/www.archeoparc.it\/wp-content\/uploads\/PET1903_PET1903_FR5C1701-1024x683.jpg\" alt=\"\" class=\"wp-image-18404\" srcset=\"https:\/\/www.archeoparc.it\/wp-content\/uploads\/PET1903_PET1903_FR5C1701-1024x683.jpg 1024w, https:\/\/www.archeoparc.it\/wp-content\/uploads\/PET1903_PET1903_FR5C1701-300x200.jpg 300w, https:\/\/www.archeoparc.it\/wp-content\/uploads\/PET1903_PET1903_FR5C1701-676x451.jpg 676w, https:\/\/www.archeoparc.it\/wp-content\/uploads\/PET1903_PET1903_FR5C1701.jpg 1200w\" sizes=\"auto, (max-width: 1024px) 100vw, 1024px\" \/><\/figure>\n\n\n\n<figure class=\"wp-block-image size-large\"><img loading=\"lazy\" decoding=\"async\" width=\"683\" height=\"1024\" data-id=\"18369\" src=\"https:\/\/www.archeoparc.it\/wp-content\/uploads\/archeoparc-schnalstal-19006-1-683x1024.jpg\" alt=\"\" class=\"wp-image-18369\" srcset=\"https:\/\/www.archeoparc.it\/wp-content\/uploads\/archeoparc-schnalstal-19006-1-683x1024.jpg 683w, https:\/\/www.archeoparc.it\/wp-content\/uploads\/archeoparc-schnalstal-19006-1-200x300.jpg 200w, https:\/\/www.archeoparc.it\/wp-content\/uploads\/archeoparc-schnalstal-19006-1-676x1014.jpg 676w, https:\/\/www.archeoparc.it\/wp-content\/uploads\/archeoparc-schnalstal-19006-1.jpg 2000w\" sizes=\"auto, (max-width: 683px) 100vw, 683px\" \/><\/figure>\n\n\n\n<figure class=\"wp-block-image size-large\"><img loading=\"lazy\" decoding=\"async\" width=\"1024\" height=\"683\" data-id=\"18383\" src=\"https:\/\/www.archeoparc.it\/wp-content\/uploads\/PET1903_PET1903_FR5C1292-1024x683.jpg\" alt=\"\" class=\"wp-image-18383\" srcset=\"https:\/\/www.archeoparc.it\/wp-content\/uploads\/PET1903_PET1903_FR5C1292-1024x683.jpg 1024w, https:\/\/www.archeoparc.it\/wp-content\/uploads\/PET1903_PET1903_FR5C1292-300x200.jpg 300w, https:\/\/www.archeoparc.it\/wp-content\/uploads\/PET1903_PET1903_FR5C1292-676x451.jpg 676w, https:\/\/www.archeoparc.it\/wp-content\/uploads\/PET1903_PET1903_FR5C1292.jpg 1200w\" sizes=\"auto, (max-width: 1024px) 100vw, 1024px\" \/><\/figure>\n\n\n\n<figure class=\"wp-block-image size-large\"><img loading=\"lazy\" decoding=\"async\" width=\"1024\" height=\"683\" data-id=\"18401\" src=\"https:\/\/www.archeoparc.it\/wp-content\/uploads\/PET1903_PET1903_FR5C1654-1024x683.jpg\" alt=\"\" class=\"wp-image-18401\" srcset=\"https:\/\/www.archeoparc.it\/wp-content\/uploads\/PET1903_PET1903_FR5C1654-1024x683.jpg 1024w, https:\/\/www.archeoparc.it\/wp-content\/uploads\/PET1903_PET1903_FR5C1654-300x200.jpg 300w, https:\/\/www.archeoparc.it\/wp-content\/uploads\/PET1903_PET1903_FR5C1654-676x451.jpg 676w, https:\/\/www.archeoparc.it\/wp-content\/uploads\/PET1903_PET1903_FR5C1654.jpg 1200w\" sizes=\"auto, (max-width: 1024px) 100vw, 1024px\" \/><\/figure>\n\n\n\n<figure class=\"wp-block-image size-large\"><img loading=\"lazy\" decoding=\"async\" width=\"1024\" height=\"686\" data-id=\"18372\" src=\"https:\/\/www.archeoparc.it\/wp-content\/uploads\/archeoparc-schnalstal-19007-1-1024x686.jpg\" alt=\"Abfahrt im Neuschnee im Rahmen der \u00d6tzi Glacier Tour mit Axel Naglich am Schnalstaler Gletscher <br\/&gt; Discesa nella neve fresca nell\u0092ambito dell\u0092\u00d6tzi Glacier Tour con Axel Naglich nella Val Senales <br\/&gt; \u00d6tzi Glacier Tour with Axel Naglich in Val Senales Valley in northern Italy\" class=\"wp-image-18372\" srcset=\"https:\/\/www.archeoparc.it\/wp-content\/uploads\/archeoparc-schnalstal-19007-1-1024x686.jpg 1024w, https:\/\/www.archeoparc.it\/wp-content\/uploads\/archeoparc-schnalstal-19007-1-1536x1029.jpg 1536w, https:\/\/www.archeoparc.it\/wp-content\/uploads\/archeoparc-schnalstal-19007-1-2048x1371.jpg 2048w, https:\/\/www.archeoparc.it\/wp-content\/uploads\/archeoparc-schnalstal-19007-1-520x347.jpg 520w, https:\/\/www.archeoparc.it\/wp-content\/uploads\/archeoparc-schnalstal-19007-1-300x200.jpg 300w, https:\/\/www.archeoparc.it\/wp-content\/uploads\/archeoparc-schnalstal-19007-1-676x453.jpg 676w\" sizes=\"auto, (max-width: 1024px) 100vw, 1024px\" \/><\/figure>\n<\/figure>\n\n\n\n<hr class=\"wp-block-separator has-alpha-channel-opacity\"\/>\n\n\n\n<h2 class=\"wp-block-heading\">L<a id=\"guide\"><\/a>e guide alpine<\/h2>\n\n\n\n<p>Tutti gli \u00d6tzi Glacier Tour, estivi e invernali, sono pianificati e condotti da Guide Alpine diplomate che svolgono con passione e professionalit\u00e0 il loro lavoro.<\/p>\n\n\n\n<p>Le guide alpine predispongono i percorsi assicurando i passaggi pi\u00f9 impegnativi su roccia, ghiaccio e neve. Preparano le attrezzature a noleggio per i partecipanti e verificano la funzionalit\u00e0 del loro abbigliamento ed equipaggiamento prima della partenza. Durante l\u2019escursione forniscono informazioni sulla flora, la fauna, il clima e la geologia del territorio, inoltre cenni sulla storia del ritrovamento di \u00d6tzi, come pure sulle norme comportamentali da osservare in Alta Montagna e sui ghiacciai. L\u2019\u00d6tzi Glacier Tour \u00e8 uno degli itinerari preferiti dalle nostre Guide Alpine, non solo per il fascino del percorso, ma soprattutto per l\u2019entusiasmo che suscita nei partecipanti di ogni parte del mondo. Lo confermano le parole di un\u2019intervista a Luis Pirpamer, ex Guida Alpina, esperto di \u00d6tzi e accompagnatore di questo tour fino all\u2019et\u00e0 di 74 anni:<\/p>\n\n\n\n<p>\u201cPer me il momento pi\u00f9 bello in montagna \u00e8 alla fine dell\u2019escursione, quando vedo nei partecipanti la gioia e la soddisfazione per un\u2019esperienza che non si aspettavano. Mi basta guardarli negli occhi per capire che sono felici.\u201c<\/p>\n\n\n\n<div style=\"height:20px\" aria-hidden=\"true\" class=\"wp-block-spacer\"><\/div>\n\n\n\n<div class=\"wp-block-columns is-layout-flex wp-container-core-columns-is-layout-28f84493 wp-block-columns-is-layout-flex\">\n<div class=\"wp-block-column is-layout-flow wp-block-column-is-layout-flow\" style=\"flex-basis:33.33%\">\n<figure class=\"wp-block-image size-full is-resized alignnone wp-image-5787\" style=\"margin-right:0;margin-left:0\"><img loading=\"lazy\" decoding=\"async\" width=\"96\" height=\"113\" src=\"https:\/\/www.archeoparc.it\/wp-content\/uploads\/archeoparc-schnalstal-16323.jpg\" alt=\"Robert Ciatti<br\/&gt;\u00d6tzi Glacier Tour\" class=\"wp-image-5787\" style=\"width:131px;height:auto\"\/><figcaption class=\"wp-element-caption\">private<\/figcaption><\/figure>\n<\/div>\n\n\n\n<div class=\"wp-block-column is-layout-flow wp-block-column-is-layout-flow\" style=\"flex-basis:66.66%\">\n<p><strong>Robert Ciatti<\/strong><br>IT\/DE\/EN<\/p>\n\n\n\n<p>Guida alpina professionale, residente in Val Passiria, ama esplorare le nostre montagne con o senza sci. Da vent\u2019anni, pi\u00f9 volte alla settimana, accompagna giornalisti, appassionati di avventura ecc. al sito di \u00d6tzi. \u201cQuesta \u00e8 un\u2019escursione che mi piace tantissimo. Pi\u00f9 di tutto mi affascinano i paesaggi dell\u2019Alta Montagna, meravigliosi d\u2019estate come d\u2019inverno.\u201c<\/p>\n<\/div>\n<\/div>\n\n\n\n<div class=\"wp-block-columns is-layout-flex wp-container-core-columns-is-layout-28f84493 wp-block-columns-is-layout-flex\">\n<div class=\"wp-block-column is-layout-flow wp-block-column-is-layout-flow\" style=\"flex-basis:33.33%\">\n<figure class=\"wp-block-image size-full is-resized alignnone wp-image-5784\" style=\"margin-right:0;margin-left:0\"><img loading=\"lazy\" decoding=\"async\" width=\"96\" height=\"100\" src=\"https:\/\/www.archeoparc.it\/wp-content\/uploads\/archeoparc-schnalstal-16324.jpg\" alt=\"Georg Hofer<br\/&gt;\u00d6tzi Glacier Tour\" class=\"wp-image-5784\" style=\"width:131px;height:auto\"\/><figcaption class=\"wp-element-caption\">private<\/figcaption><\/figure>\n<\/div>\n\n\n\n<div class=\"wp-block-column is-layout-flow wp-block-column-is-layout-flow\" style=\"flex-basis:66.66%\">\n<p><strong>Georg Hofer<\/strong><br>IT\/DE\/EN<\/p>\n\n\n\n<p>Attratto sin da bambino dalle montagne della sua regione, opera da dieci anni come guida alpina in Val Passiria e in Val Senales. Considera l\u2019\u00d6tzi Glacier Tour come uno degli itinerari alpinistici pi\u00f9 gratificanti in assoluto: \u201cCamminare tra rocce e ghiacci, lungo sentieri antichissimi, \u00e8 un\u2019esperienza straordinaria\u201d.<\/p>\n<\/div>\n<\/div>\n\n\n\n<div style=\"height:20px\" aria-hidden=\"true\" class=\"wp-block-spacer\"><\/div>\n\n\n\n<hr class=\"wp-block-separator has-alpha-channel-opacity\"\/>\n\n\n\n<h2 class=\"wp-block-heading\" id=\"eventi\">Eventi<\/h2>\n\n\n\n<p>[Nessun evento in programma al momento]<br><\/p>\n\n\n\n<p><strong>Eventi passati<\/strong><br>2021 \u00d6tzi Glacier Tour e Side-Events con <a title=\"\u00d6tzi Glacier Tour mit Thomas Huber (Huberbuam)\" href=\"https:\/\/www.archeoparc.it\/it\/notizie\/?y=2021#30887\">Thomas Huber (Huberbuam)<\/a><br>2019 \u00d6tzi Glacier Tour con <a title=\"\u00d6tzi Glacier Tour mit Simon Messner\" href=\"https:\/\/www.archeoparc.it\/it\/notizie\/?y=2019#21812\">Simon Messner<\/a><br>2019 \u00d6tzi Glacier Tour con <a title=\"\u00d6tzi Glacier Tour mit Axel Naglich\" href=\"https:\/\/www.archeoparc.it\/it\/notizie\/?y=2019#18417\">Axel Naglich<\/a><br>2018 \u00d6tzi Glacier Tour con<a title=\"\u00d6tzi Glacier Tour mit Nikolaus Huber\" href=\"https:\/\/www.archeoparc.it\/it\/notizie\/?y=2018#16291\"> Nikolaus Gruber<\/a><br>2017 \u00d6tzi Glacier Tour con <a title=\"\u00d6tzi Glacier Tour mit Gela Allmann\" href=\"https:\/\/www.archeoparc.it\/it\/notizie\/?y=2017#10326\">Gela Allmann<\/a><br>2016 \u00d6tzi Glacier Tour con <a title=\"\u00d6tzi Glacier Tour mit Tamara Lunger\" href=\"https:\/\/www.archeoparc.it\/it\/notizie\/?y=2016#8021\">Tamara Lunger<\/a><br>2016 \u00d6tzi Glacier Tour con <a title=\"\u00d6tzi Glacier Tour mit Hans Kammerlander\" href=\"https:\/\/www.archeoparc.it\/it\/notizie\/?y=2016#7256\">Hans Kammerlander<\/a><br>2015 \u00d6tzi Glacier Tour con <a title=\"\u00d6tzi Glacier Tour mit Simon Gietl\" href=\"https:\/\/www.archeoparc.it\/it\/notizie\/?y=2015#2953\" target=\"_blank\" rel=\"noopener\">Simon Gietl<\/a><br>2015 \u00d6tzi Glacier Tour con<a title=\"\u00d6tzi Glacier Tour mit Reinhold Messner\" href=\"https:\/\/www.archeoparc.it\/it\/notizie\/?y=2015#2855\"> Reinhold Messner<\/a><br>2012 \u00d6tzi Glacier Tour con Hans Kammerlander<\/p>\n\n\n\n<div style=\"height:20px\" aria-hidden=\"true\" class=\"wp-block-spacer\"><\/div>\n\n\n\n<hr class=\"wp-block-separator has-alpha-channel-opacity\"\/>\n\n\n\n<h2 class=\"wp-block-heading\">C<a id=\"calendario\"><\/a>alendario<\/h2>\n\n\n\n<p>L\u2019\u00d6tzi Glacier Tour si effettua ogni marted\u00ec oppure come escursione privata con prenotazione in qualunque giorno della settimana.<\/p>\n\n\n\n<div style=\"height:20px\" aria-hidden=\"true\" class=\"wp-block-spacer\"><\/div>\n\n\n\n<h3 class=\"wp-block-heading\">Prossime date<\/h3>\n\n\n\n<div style=\"height:10px\" aria-hidden=\"true\" class=\"wp-block-spacer\"><\/div>\n\n\n\n<div class=\"wp-block-columns is-layout-flex wp-container-core-columns-is-layout-f1061711 wp-block-columns-is-layout-flex\" style=\"border-width:2px;padding-right:var(--wp--preset--spacing--20);padding-left:var(--wp--preset--spacing--20)\">\n<div class=\"wp-block-column is-layout-flow wp-block-column-is-layout-flow\"><link rel='stylesheet' id='tec-variables-skeleton-css' href='https:\/\/www.archeoparc.it\/wp-content\/plugins\/the-events-calendar\/common\/build\/css\/variables-skeleton.css?ver=6.10.3' type='text\/css' media='all' \/>\n<link rel='stylesheet' id='tribe-common-skeleton-style-css' href='https:\/\/www.archeoparc.it\/wp-content\/plugins\/the-events-calendar\/common\/build\/css\/common-skeleton.css?ver=6.10.3' type='text\/css' media='all' \/>\n<link rel='stylesheet' id='tribe-events-views-v2-bootstrap-datepicker-styles-css' href='https:\/\/www.archeoparc.it\/wp-content\/plugins\/the-events-calendar\/vendor\/bootstrap-datepicker\/css\/bootstrap-datepicker.standalone.min.css?ver=6.15.20' type='text\/css' media='all' \/>\n<link rel='stylesheet' id='tribe-tooltipster-css-css' href='https:\/\/www.archeoparc.it\/wp-content\/plugins\/the-events-calendar\/common\/vendor\/tooltipster\/tooltipster.bundle.min.css?ver=6.10.3' type='text\/css' media='all' \/>\n<link rel='stylesheet' id='tribe-events-views-v2-skeleton-css' href='https:\/\/www.archeoparc.it\/wp-content\/plugins\/the-events-calendar\/build\/css\/views-skeleton.css?ver=6.15.20' type='text\/css' media='all' \/>\n<link rel='stylesheet' id='tribe-events-pro-views-v2-skeleton-css' href='https:\/\/www.archeoparc.it\/wp-content\/plugins\/events-calendar-pro\/build\/css\/views-skeleton.css?ver=7.7.14' type='text\/css' media='all' \/>\n<link rel='stylesheet' id='tec-variables-full-css' href='https:\/\/www.archeoparc.it\/wp-content\/plugins\/the-events-calendar\/common\/build\/css\/variables-full.css?ver=6.10.3' type='text\/css' media='all' \/>\n<link rel='stylesheet' id='tribe-common-full-style-css' href='https:\/\/www.archeoparc.it\/wp-content\/plugins\/the-events-calendar\/common\/build\/css\/common-full.css?ver=6.10.3' type='text\/css' media='all' \/>\n<link rel='stylesheet' id='tribe-events-views-v2-full-css' href='https:\/\/www.archeoparc.it\/wp-content\/plugins\/the-events-calendar\/build\/css\/views-full.css?ver=6.15.20' type='text\/css' media='all' \/>\n<link rel='stylesheet' id='tribe-events-pro-views-v2-full-css' href='https:\/\/www.archeoparc.it\/wp-content\/plugins\/events-calendar-pro\/build\/css\/views-full.css?ver=7.7.14' type='text\/css' media='all' \/>\n<link rel='stylesheet' id='tribe-events-pro-views-v2-print-css' href='https:\/\/www.archeoparc.it\/wp-content\/plugins\/events-calendar-pro\/build\/css\/views-print.css?ver=7.7.14' type='text\/css' media='print' \/>\n<link rel='stylesheet' id='tribe-events-views-v2-print-css' href='https:\/\/www.archeoparc.it\/wp-content\/plugins\/the-events-calendar\/build\/css\/views-print.css?ver=6.15.20' type='text\/css' media='print' \/>\n<div\n\t class=\"tribe-common tribe-events tribe-events-view tribe-events-view--summary tribe-events-view--list alignwide tribe-events-view--shortcode tribe-events-view--shortcode-0b2cde8e tribe-events-pro\" \tdata-js=\"tribe-events-view\"\n\tdata-view-rest-url=\"https:\/\/www.archeoparc.it\/it\/wp-json\/tribe\/views\/v2\/html\"\n\tdata-view-rest-method=\"GET\"\n\t\tdata-view-manage-url=\"\"\n\t\t\tdata-view-shortcode=\"0b2cde8e\"\n\t\t\t\tdata-view-breakpoint-pointer=\"db6d2f20-8bb6-4c0c-9b6a-42d2e0603974\"\n\t>\n\t<section class=\"tribe-common-l-container tribe-events-l-container\">\n\t\t<div\n\tclass=\"tribe-events-view-loader tribe-common-a11y-hidden\"\n\trole=\"alert\"\n\taria-live=\"polite\"\n>\n\t<span class=\"tribe-events-view-loader__text tribe-common-a11y-visual-hide\">\n\t\t6 eventi trovato.\t<\/span>\n\t<div class=\"tribe-events-view-loader__dots tribe-common-c-loader\">\n\t\t<svg\n\t class=\"tribe-common-c-svgicon tribe-common-c-svgicon--dot tribe-common-c-loader__dot tribe-common-c-loader__dot--first\" \taria-hidden=\"true\"\n\tviewBox=\"0 0 15 15\"\n\txmlns=\"http:\/\/www.w3.org\/2000\/svg\"\n>\n\t<circle cx=\"7.5\" cy=\"7.5\" r=\"7.5\"\/>\n<\/svg>\n\t\t<svg\n\t class=\"tribe-common-c-svgicon tribe-common-c-svgicon--dot tribe-common-c-loader__dot tribe-common-c-loader__dot--second\" \taria-hidden=\"true\"\n\tviewBox=\"0 0 15 15\"\n\txmlns=\"http:\/\/www.w3.org\/2000\/svg\"\n>\n\t<circle cx=\"7.5\" cy=\"7.5\" r=\"7.5\"\/>\n<\/svg>\n\t\t<svg\n\t class=\"tribe-common-c-svgicon tribe-common-c-svgicon--dot tribe-common-c-loader__dot tribe-common-c-loader__dot--third\" \taria-hidden=\"true\"\n\tviewBox=\"0 0 15 15\"\n\txmlns=\"http:\/\/www.w3.org\/2000\/svg\"\n>\n\t<circle cx=\"7.5\" cy=\"7.5\" r=\"7.5\"\/>\n<\/svg>\n\t<\/div>\n<\/div>\n\n\t\t<script type=\"application\/ld+json\">\r\n[{\"@context\":\"http:\/\/schema.org\",\"@type\":\"Event\",\"name\":\"\\u00d6tzi Glacier Tour Trekking\",\"description\":\"&lt;p&gt;L\\u2019escursione di 7-8 ore \\u00e8 molto varia e attraversa la cresta principale delle Alpi. Accompagnato da una guida alpina il tour culminer\\u00e0 con la visita del luogo di ritrovamento di [&hellip;]&lt;\/p&gt;\\\\n\",\"image\":\"https:\/\/www.archeoparc.it\/wp-content\/uploads\/archeoparc-schnalstal-17143.jpg\",\"url\":\"https:\/\/www.archeoparc.it\/it\/event\/ogt-sommer\/2026-07-07\/\",\"eventAttendanceMode\":\"https:\/\/schema.org\/OfflineEventAttendanceMode\",\"eventStatus\":\"https:\/\/schema.org\/EventScheduled\",\"startDate\":\"2026-07-07T06:30:00+02:00\",\"endDate\":\"2026-07-07T17:00:00+02:00\",\"performer\":\"Organization\"},{\"@context\":\"http:\/\/schema.org\",\"@type\":\"Event\",\"name\":\"\\u00d6tzi Glacier Tour Trekking\",\"description\":\"&lt;p&gt;L\\u2019escursione di 7-8 ore \\u00e8 molto varia e attraversa la cresta principale delle Alpi. Accompagnato da una guida alpina il tour culminer\\u00e0 con la visita del luogo di ritrovamento di [&hellip;]&lt;\/p&gt;\\\\n\",\"image\":\"https:\/\/www.archeoparc.it\/wp-content\/uploads\/archeoparc-schnalstal-17143.jpg\",\"url\":\"https:\/\/www.archeoparc.it\/it\/event\/ogt-sommer\/2026-07-14\/\",\"eventAttendanceMode\":\"https:\/\/schema.org\/OfflineEventAttendanceMode\",\"eventStatus\":\"https:\/\/schema.org\/EventScheduled\",\"startDate\":\"2026-07-14T06:30:00+02:00\",\"endDate\":\"2026-07-14T17:00:00+02:00\",\"performer\":\"Organization\"},{\"@context\":\"http:\/\/schema.org\",\"@type\":\"Event\",\"name\":\"\\u00d6tzi Glacier Tour Trekking\",\"description\":\"&lt;p&gt;L\\u2019escursione di 7-8 ore \\u00e8 molto varia e attraversa la cresta principale delle Alpi. Accompagnato da una guida alpina il tour culminer\\u00e0 con la visita del luogo di ritrovamento di [&hellip;]&lt;\/p&gt;\\\\n\",\"image\":\"https:\/\/www.archeoparc.it\/wp-content\/uploads\/archeoparc-schnalstal-17143.jpg\",\"url\":\"https:\/\/www.archeoparc.it\/it\/event\/ogt-sommer\/2026-07-21\/\",\"eventAttendanceMode\":\"https:\/\/schema.org\/OfflineEventAttendanceMode\",\"eventStatus\":\"https:\/\/schema.org\/EventScheduled\",\"startDate\":\"2026-07-21T06:30:00+02:00\",\"endDate\":\"2026-07-21T17:00:00+02:00\",\"performer\":\"Organization\"},{\"@context\":\"http:\/\/schema.org\",\"@type\":\"Event\",\"name\":\"\\u00d6tzi Glacier Tour Trekking\",\"description\":\"&lt;p&gt;L\\u2019escursione di 7-8 ore \\u00e8 molto varia e attraversa la cresta principale delle Alpi. Accompagnato da una guida alpina il tour culminer\\u00e0 con la visita del luogo di ritrovamento di [&hellip;]&lt;\/p&gt;\\\\n\",\"image\":\"https:\/\/www.archeoparc.it\/wp-content\/uploads\/archeoparc-schnalstal-17143.jpg\",\"url\":\"https:\/\/www.archeoparc.it\/it\/event\/ogt-sommer\/2026-07-28\/\",\"eventAttendanceMode\":\"https:\/\/schema.org\/OfflineEventAttendanceMode\",\"eventStatus\":\"https:\/\/schema.org\/EventScheduled\",\"startDate\":\"2026-07-28T06:30:00+02:00\",\"endDate\":\"2026-07-28T17:00:00+02:00\",\"performer\":\"Organization\"},{\"@context\":\"http:\/\/schema.org\",\"@type\":\"Event\",\"name\":\"\\u00d6tzi Glacier Tour Trekking\",\"description\":\"&lt;p&gt;L\\u2019escursione di 7-8 ore \\u00e8 molto varia e attraversa la cresta principale delle Alpi. Accompagnato da una guida alpina il tour culminer\\u00e0 con la visita del luogo di ritrovamento di [&hellip;]&lt;\/p&gt;\\\\n\",\"image\":\"https:\/\/www.archeoparc.it\/wp-content\/uploads\/archeoparc-schnalstal-17143.jpg\",\"url\":\"https:\/\/www.archeoparc.it\/it\/event\/ogt-sommer\/2026-08-04\/\",\"eventAttendanceMode\":\"https:\/\/schema.org\/OfflineEventAttendanceMode\",\"eventStatus\":\"https:\/\/schema.org\/EventScheduled\",\"startDate\":\"2026-08-04T06:30:00+02:00\",\"endDate\":\"2026-08-04T17:00:00+02:00\",\"performer\":\"Organization\"},{\"@context\":\"http:\/\/schema.org\",\"@type\":\"Event\",\"name\":\"\\u00d6tzi Glacier Tour Trekking\",\"description\":\"&lt;p&gt;L\\u2019escursione di 7-8 ore \\u00e8 molto varia e attraversa la cresta principale delle Alpi. Accompagnato da una guida alpina il tour culminer\\u00e0 con la visita del luogo di ritrovamento di [&hellip;]&lt;\/p&gt;\\\\n\",\"image\":\"https:\/\/www.archeoparc.it\/wp-content\/uploads\/archeoparc-schnalstal-17143.jpg\",\"url\":\"https:\/\/www.archeoparc.it\/it\/event\/ogt-sommer\/2026-08-11\/\",\"eventAttendanceMode\":\"https:\/\/schema.org\/OfflineEventAttendanceMode\",\"eventStatus\":\"https:\/\/schema.org\/EventScheduled\",\"startDate\":\"2026-08-11T06:30:00+02:00\",\"endDate\":\"2026-08-11T17:00:00+02:00\",\"performer\":\"Organization\"}]\r\n<\/script>\n\t\t<script data-js=\"tribe-events-view-data\" type=\"application\/json\">\n\t{\"slug\":\"summary\",\"prev_url\":\"https:\\\/\\\/www.archeoparc.it\\\/it\\\/Eventi\\\/summary\\\/?rest_route=%2Fwp%2Fv2%2Fpages%2F974&shortcode=0b2cde8e&eventDisplay=past\",\"next_url\":\"https:\\\/\\\/www.archeoparc.it\\\/it\\\/Eventi\\\/summary\\\/pagina\\\/2\\\/?shortcode=0b2cde8e\",\"view_class\":\"Tribe\\\\Events\\\\Pro\\\\Views\\\\V2\\\\Views\\\\Summary_View\",\"view_slug\":\"summary\",\"view_label\":\"Sommario\",\"title\":\"Display of Eventi from 29. Aprile \\u2013 11. Agosto \\u2013 archeoParc Schnalstal\",\"events\":[10009108,10009109,10009110,10009111,10009112,10009113],\"url\":\"https:\\\/\\\/www.archeoparc.it\\\/it\\\/Eventi\\\/summary\\\/?shortcode=0b2cde8e\",\"url_event_date\":false,\"bar\":{\"keyword\":\"\",\"date\":\"\"},\"today\":\"2026-04-29 00:00:00\",\"now\":\"2026-04-29 05:20:23\",\"home_url\":\"https:\\\/\\\/www.archeoparc.it\\\/it\\\/\",\"rest_url\":\"https:\\\/\\\/www.archeoparc.it\\\/it\\\/wp-json\\\/tribe\\\/views\\\/v2\\\/html\",\"rest_method\":\"GET\",\"rest_nonce\":\"\",\"should_manage_url\":false,\"today_url\":\"https:\\\/\\\/www.archeoparc.it\\\/it\\\/Eventi\\\/summary\\\/?rest_route=%2Fwp%2Fv2%2Fpages%2F974&shortcode=0b2cde8e\",\"today_title\":\"Clicca per selezionare la data di oggi\",\"today_label\":\"Oggi\",\"prev_label\":\"\",\"next_label\":\"\",\"date_formats\":{\"compact\":\"d.m.Y\",\"month_and_year_compact\":\"m.Y\",\"month_and_year\":\"F Y\",\"time_range_separator\":\" - \",\"date_time_separator\":\" - \"},\"messages\":[],\"start_of_week\":\"1\",\"header_title\":\"\",\"header_title_element\":\"h1\",\"content_title\":\"\",\"show_content_title\":false,\"breadcrumbs\":[],\"backlink\":false,\"before_events\":\"\",\"after_events\":\"\",\"display_events_bar\":true,\"disable_event_search\":true,\"live_refresh\":false,\"ical\":{\"display_link\":true,\"link\":{\"url\":\"https:\\\/\\\/www.archeoparc.it\\\/it\\\/Eventi\\\/summary\\\/?shortcode=0b2cde8e&#038;ical=1\",\"text\":\"Esporta Eventi\",\"title\":\"Usa questo per condividere i dati del calendario con Google Calendar, Apple iCal e altre applicazioni compatibili\"}},\"container_classes\":[\"tribe-common\",\"tribe-events\",\"tribe-events-view\",\"tribe-events-view--summary\",\"tribe-events-view--list\",\"alignwide\",\"tribe-events-view--shortcode\",\"tribe-events-view--shortcode-0b2cde8e\",\"tribe-events-pro\"],\"container_data\":{\"shortcode\":\"0b2cde8e\"},\"is_past\":false,\"breakpoints\":{\"xsmall\":500,\"medium\":768,\"full\":960},\"breakpoint_pointer\":\"db6d2f20-8bb6-4c0c-9b6a-42d2e0603974\",\"is_initial_load\":false,\"public_views\":{\"list\":{\"view_class\":\"Tribe\\\\Events\\\\Views\\\\V2\\\\Views\\\\List_View\",\"view_url\":\"https:\\\/\\\/www.archeoparc.it\\\/it\\\/Eventi\\\/elenco\\\/?shortcode=0b2cde8e\",\"view_label\":\"Lista\",\"aria_label\":\"Display Eventi in Lista View\"},\"photo\":{\"view_class\":\"Tribe\\\\Events\\\\Pro\\\\Views\\\\V2\\\\Views\\\\Photo_View\",\"view_url\":\"https:\\\/\\\/www.archeoparc.it\\\/it\\\/Eventi\\\/foto\\\/?shortcode=0b2cde8e\",\"view_label\":\"Foto\",\"aria_label\":\"Display Eventi in Foto View\"}},\"show_latest_past\":true,\"past\":false,\"show_now\":true,\"now_label\":\"Ora\",\"now_label_mobile\":\"Ora\",\"show_end\":true,\"selected_start_datetime\":\"2026-04-29\",\"selected_start_date_mobile\":\"29.04.2026\",\"selected_start_date_label\":\"29. Aprile\",\"selected_end_datetime\":\"2026-08-11\",\"selected_end_date_mobile\":\"11.08.2026\",\"selected_end_date_label\":\"11. Agosto\",\"datepicker_date\":\"29.04.2026\",\"events_by_date\":{\"2026-07-07\":{\"2026-07-07 06:30:00 - 10009108\":10009108},\"2026-07-14\":{\"2026-07-14 06:30:00 - 10009109\":10009109},\"2026-07-21\":{\"2026-07-21 06:30:00 - 10009110\":10009110},\"2026-07-28\":{\"2026-07-28 06:30:00 - 10009111\":10009111},\"2026-08-04\":{\"2026-08-04 06:30:00 - 10009112\":10009112},\"2026-08-11\":{\"2026-08-11 06:30:00 - 10009113\":10009113}},\"subscribe_links\":{\"gcal\":{\"label\":\"Google Calendar\",\"single_label\":\"Aggiungi a Google Calendar\",\"visible\":true,\"block_slug\":\"hasGoogleCalendar\"},\"ical\":{\"label\":\"iCalendar\",\"single_label\":\"Aggiungi a iCalendar\",\"visible\":true,\"block_slug\":\"hasiCal\"},\"outlook-365\":{\"label\":\"Outlook 365\",\"single_label\":\"Outlook 365\",\"visible\":true,\"block_slug\":\"hasOutlook365\"},\"outlook-live\":{\"label\":\"Outlook Live\",\"single_label\":\"Outlook Live\",\"visible\":true,\"block_slug\":\"hasOutlookLive\"},\"ics\":{\"label\":\"Esporta il file .ics\",\"single_label\":\"Esporta il file .ics\",\"visible\":true,\"block_slug\":null},\"outlook-ics\":{\"label\":\"Esporta file .ics di Outlook\",\"single_label\":\"Esporta file .ics di Outlook\",\"visible\":true,\"block_slug\":null}},\"layout\":\"horizontal\",\"filterbar_state\":\"open\",\"filters\":[{\"filter_object\":{\"type\":\"select\",\"name\":\"Veranstaltung Kategorie\",\"slug\":\"filterbar_category\",\"priority\":1,\"values\":[{\"name\":\"Sortierung-it\",\"depth\":0,\"value\":964,\"data\":{\"slug\":\"sortierung\"},\"class\":\"tribe-parent-cat tribe-events-category-sortierung parent-964 has-child closed\"},{\"name\":\"Laboratori\",\"depth\":1,\"value\":968,\"data\":{\"slug\":\"kalender-mitmachangebote\"},\"class\":\"tribe-child-cat tribe-events-category-kalender-mitmachangebote child-964\"},{\"name\":\"Dimostrazioni artigianali\",\"depth\":1,\"value\":969,\"data\":{\"slug\":\"kalender-handwerksdemos\"},\"class\":\"tribe-child-cat tribe-events-category-kalender-handwerksdemos child-964\"},{\"name\":\"Corsi\",\"depth\":1,\"value\":970,\"data\":{\"slug\":\"kalender-kurse\"},\"class\":\"tribe-child-cat tribe-events-category-kalender-kurse child-964\"},{\"name\":\"Eventi\",\"depth\":1,\"value\":971,\"data\":{\"slug\":\"kalender-veranstaltungen\"},\"class\":\"tribe-child-cat tribe-events-category-kalender-veranstaltungen child-964\"},{\"name\":\"Associazione museale\",\"depth\":1,\"value\":972,\"data\":{\"slug\":\"kalender-verein\"},\"class\":\"tribe-child-cat tribe-events-category-kalender-verein child-964\"}],\"free\":null,\"currentValue\":[],\"isActiveFilter\":true,\"queryArgs\":[],\"joinClause\":\"\",\"whereClause\":\"\",\"stack_managed\":false},\"label\":\"Veranstaltung Kategorie\",\"selections_count\":\"\",\"selections\":\"\",\"toggle_id\":\"filterbar_category-toggle-db6d2f20-8bb6-4c0c-9b6a-42d2e0603974\",\"container_id\":\"filterbar_category-container-db6d2f20-8bb6-4c0c-9b6a-42d2e0603974\",\"pill_toggle_id\":\"filterbar_category-pill-toggle-db6d2f20-8bb6-4c0c-9b6a-42d2e0603974\",\"is_open\":false,\"name\":\"tribe_eventcategory[]\",\"fields\":[{\"type\":\"dropdown\",\"value\":\"\",\"id\":\"tribe-events-filterbar-c2e38f7d-filterbar_category\",\"name\":\"tribe_eventcategory[]\",\"options\":[{\"text\":\"Sortierung-it\",\"id\":\"964\",\"value\":964},{\"text\":\"Laboratori\",\"id\":\"968\",\"value\":968},{\"text\":\"Dimostrazioni artigianali\",\"id\":\"969\",\"value\":969},{\"text\":\"Corsi\",\"id\":\"970\",\"value\":970},{\"text\":\"Eventi\",\"id\":\"971\",\"value\":971},{\"text\":\"Associazione museale\",\"id\":\"972\",\"value\":972}]}],\"type\":\"dropdown\"}],\"selected_filters\":[],\"mobile_initial_state_control\":true,\"display_recurring_toggle\":false,\"_context\":{\"slug\":\"summary\",\"should_manage_url\":false},\"text\":\"Loading...\",\"classes\":[\"tribe-common-c-loader__dot\",\"tribe-common-c-loader__dot--third\"]}<\/script>\n\n\t\t\n\t\t\n<header  class=\"tribe-events-header\" >\n\t<div class=\"tribe-events-header__content-title\">\n\t<h1 class=\"screen-reader-text tec-a11y-title-hidden\">Eventi<\/h1><\/div>\n\n\t\n\t\n\t\n\t<div class=\"tribe-events-c-top-bar tribe-events-header__top-bar\">\n\n\t<nav class=\"tribe-events-c-top-bar__nav tribe-common-a11y-hidden\" aria-label=\"Top eventi list pagination\">\n\t<ul class=\"tribe-events-c-top-bar__nav-list\">\n\t\t<li class=\"tribe-events-c-top-bar__nav-list-item\">\n\t<a\n\t\thref=\"https:\/\/www.archeoparc.it\/it\/Eventi\/summary\/?rest_route=%2Fwp%2Fv2%2Fpages%2F974&#038;shortcode=0b2cde8e&#038;eventDisplay=past\"\n\t\tclass=\"tribe-common-c-btn-icon tribe-common-c-btn-icon--caret-left tribe-events-c-top-bar__nav-link tribe-events-c-top-bar__nav-link--prev\"\n\t\taria-label=\"Previous Eventi\"\n\t\ttitle=\"Previous Eventi\"\n\t\tdata-js=\"tribe-events-view-link\"\n\t>\n\t\t<svg\n\t class=\"tribe-common-c-svgicon tribe-common-c-svgicon--caret-left tribe-common-c-btn-icon__icon-svg tribe-events-c-top-bar__nav-link-icon-svg\" \taria-hidden=\"true\"\n\tviewBox=\"0 0 10 16\"\n\txmlns=\"http:\/\/www.w3.org\/2000\/svg\"\n>\n\t<path d=\"M9.7 14.4l-1.5 1.5L.3 8 8.2.1l1.5 1.5L3.3 8l6.4 6.4z\"\/>\n<\/svg>\n\t<\/a>\n<\/li>\n\n\t\t<li class=\"tribe-events-c-top-bar__nav-list-item\">\n\t<a\n\t\thref=\"https:\/\/www.archeoparc.it\/it\/Eventi\/summary\/pagina\/2\/?shortcode=0b2cde8e\"\n\t\tclass=\"tribe-common-c-btn-icon tribe-common-c-btn-icon--caret-right tribe-events-c-top-bar__nav-link tribe-events-c-top-bar__nav-link--next\"\n\t\taria-label=\"Eventi successivi\"\n\t\ttitle=\"Eventi successivi\"\n\t\tdata-js=\"tribe-events-view-link\"\n\t>\n\t\t<svg\n\t class=\"tribe-common-c-svgicon tribe-common-c-svgicon--caret-right tribe-common-c-btn-icon__icon-svg tribe-events-c-top-bar__nav-link-icon-svg\" \taria-hidden=\"true\"\n\tviewBox=\"0 0 10 16\"\n\txmlns=\"http:\/\/www.w3.org\/2000\/svg\"\n>\n\t<path d=\"M.3 1.6L1.8.1 9.7 8l-7.9 7.9-1.5-1.5L6.7 8 .3 1.6z\"\/>\n<\/svg>\n\t<\/a>\n<\/li>\n\t<\/ul>\n<\/nav>\n\n\t<a\n\thref=\"https:\/\/www.archeoparc.it\/it\/Eventi\/summary\/?rest_route=%2Fwp%2Fv2%2Fpages%2F974&#038;shortcode=0b2cde8e\"\n\tclass=\"tribe-common-c-btn-border-small tribe-events-c-top-bar__today-button tribe-common-a11y-hidden\"\n\tdata-js=\"tribe-events-view-link\"\n\taria-description=\"Clicca per selezionare la data di oggi\"\n>\n\tOggi<\/a>\n\n\t<div class=\"tribe-events-c-top-bar__datepicker\">\n\t<button\n\t\tclass=\"tribe-common-c-btn__clear tribe-common-h3 tribe-common-h--alt tribe-events-c-top-bar__datepicker-button\"\n\t\tdata-js=\"tribe-events-top-bar-datepicker-button\"\n\t\ttype=\"button\"\n\t\taria-label=\"Click to toggle datepicker\"\n\t\ttitle=\"Click to toggle datepicker\"\n\t>\n\t\t<time\n\t\t\tdatetime=\"2026-04-29\"\n\t\t\tclass=\"tribe-events-c-top-bar__datepicker-time\"\n\t\t>\n\t\t\t\t\t\t\t<span class=\"tribe-events-c-top-bar__datepicker-mobile\">\n\t\t\t\t\tOra\t\t\t\t<\/span>\n\t\t\t\t<span class=\"tribe-events-c-top-bar__datepicker-desktop tribe-common-a11y-hidden\">\n\t\t\t\t\tOra\t\t\t\t<\/span>\n\t\t\t\t\t<\/time>\n\t\t\t\t\t<span class=\"tribe-events-c-top-bar__datepicker-separator\"> &#8211; <\/span>\n\t\t\t<time\n\t\t\t\tdatetime=\"2026-08-11\"\n\t\t\t\tclass=\"tribe-events-c-top-bar__datepicker-time\"\n\t\t\t>\n\t\t\t\t<span class=\"tribe-events-c-top-bar__datepicker-mobile\">\n\t\t\t\t\t11.08.2026\t\t\t\t<\/span>\n\t\t\t\t<span class=\"tribe-events-c-top-bar__datepicker-desktop tribe-common-a11y-hidden\">\n\t\t\t\t\t11. Agosto\t\t\t\t<\/span>\n\t\t\t<\/time>\n\t\t\t\t<svg\n\t class=\"tribe-common-c-svgicon tribe-common-c-svgicon--caret-down tribe-events-c-top-bar__datepicker-button-icon-svg\" \taria-hidden=\"true\"\n\tviewBox=\"0 0 10 7\"\n\txmlns=\"http:\/\/www.w3.org\/2000\/svg\"\n>\n\t<path fill-rule=\"evenodd\" clip-rule=\"evenodd\" d=\"M1.008.609L5 4.6 8.992.61l.958.958L5 6.517.05 1.566l.958-.958z\" class=\"tribe-common-c-svgicon__svg-fill\"\/>\n<\/svg>\n\t<\/button>\n\t<label\n\t\tclass=\"tribe-events-c-top-bar__datepicker-label tribe-common-a11y-visual-hide\"\n\t\tfor=\"tribe-events-top-bar-date\"\n\t>\n\t\tSelect date.\t<\/label>\n\t<input\n\t\ttype=\"text\"\n\t\tclass=\"tribe-events-c-top-bar__datepicker-input tribe-common-a11y-visual-hide\"\n\t\tdata-js=\"tribe-events-top-bar-date\"\n\t\tid=\"tribe-events-top-bar-date\"\n\t\tname=\"tribe-events-views[tribe-bar-date]\"\n\t\tvalue=\"29.04.2026\"\n\t\ttabindex=\"-1\"\n\t\tautocomplete=\"off\"\n\t\treadonly=\"readonly\"\n\t\/>\n\t<div class=\"tribe-events-c-top-bar__datepicker-container\" data-js=\"tribe-events-top-bar-datepicker-container\"><\/div>\n\t<template class=\"tribe-events-c-top-bar__datepicker-template-prev-icon\">\n\t\t<svg\n\t class=\"tribe-common-c-svgicon tribe-common-c-svgicon--caret-left tribe-events-c-top-bar__datepicker-nav-icon-svg\" \taria-hidden=\"true\"\n\tviewBox=\"0 0 10 16\"\n\txmlns=\"http:\/\/www.w3.org\/2000\/svg\"\n>\n\t<path d=\"M9.7 14.4l-1.5 1.5L.3 8 8.2.1l1.5 1.5L3.3 8l6.4 6.4z\"\/>\n<\/svg>\n\t<\/template>\n\t<template class=\"tribe-events-c-top-bar__datepicker-template-next-icon\">\n\t\t<svg\n\t class=\"tribe-common-c-svgicon tribe-common-c-svgicon--caret-right tribe-events-c-top-bar__datepicker-nav-icon-svg\" \taria-hidden=\"true\"\n\tviewBox=\"0 0 10 16\"\n\txmlns=\"http:\/\/www.w3.org\/2000\/svg\"\n>\n\t<path d=\"M.3 1.6L1.8.1 9.7 8l-7.9 7.9-1.5-1.5L6.7 8 .3 1.6z\"\/>\n<\/svg>\n\t<\/template>\n<\/div>\n\n\t\n\t<div class=\"tribe-events-c-top-bar__actions tribe-common-a11y-hidden\">\n\t<\/div>\n\n<\/div>\n<\/header>\n\n\t\t\n\t\t<ul class=\"tribe-events-pro-summary\">\n\n\t\t\t\t\t\t\t\n\t\t\t\t\t\t\t\t\t\n\t\t\t\t\t<li class=\"tribe-events-pro-summary__month-block\">\n\t\t\t\t\n\t\t\t\t<h2 class=\"tribe-events-pro-summary__month-separator\">\n\t<time\n\t\tclass=\"tribe-common-h7 tribe-common-h6--min-medium tribe-common-h--alt tribe-events-pro-summary__event-date-tag tribe-events-pro-summary__month-separator-text\"\n\t\tdatetime=\"2026-07\"\n\t>\n\t\tLug 2026\t<\/time>\n<\/h2>\n\n\t\t\t\t\t\t\t\t\t\t<ul class=\"tribe-events-pro-summary__month-event-list\">\n\t\t\t\t\n\t\t\t\t<li  class=\"tribe-common-g-row tribe-events-pro-summary__event-row\" >\n\t<div class=\"tribe-common-g-col tribe-events-pro-summary__event-date-tag\">\n\t<h3>\n\t\t<time class=\"tribe-events-pro-summary__event-date-tag-datetime\" datetime=\"2026-07-07\">\n\t\t\t<span class=\"tribe-events-pro-summary__event-date-tag-weekday\">\n\t\t\t\tMar\t\t\t<\/span>\n\t\t\t<span class=\"tribe-common-h5 tribe-common-h4--min-medium tribe-events-pro-summary__event-date-tag-daynum\">\n\t\t\t7\t\t\t<\/span>\n\t\t<\/time>\n\t<\/h3>\n<\/div>\n\t<ul class=\"tribe-common-g-col tribe-events-pro-summary__event-wrapper\" role=\"presentation\">\n\t\t\t\t\t\t\t\t<li  class=\"tribe-common-g-row tribe-common-g-row--gutters\" >\n\t<article  class=\"tribe-events-pro-summary__event tribe-events-pro-summary__event-details post-10009108 tribe_events type-tribe_events status-publish has-post-thumbnail hentry tribe_events_cat-startseite-highlight-serie tribe_events_cat-kalender-verein tribe_events_cat-trekkingtour-it tribe_events_cat-erwachsene-it tribe_events_cat-mehrsprachig-it tribe_events_cat-anmeldung-erforderlich-it tribe_events_cat-info-witterung-it cat_startseite-highlight-serie cat_kalender-verein cat_trekkingtour-it cat_erwachsene-it cat_mehrsprachig-it cat_anmeldung-erforderlich-it cat_info-witterung-it tribe-recurring-event tribe-recurring-event-parent\" >\n\n\t\t<header class=\"tribe-events-pro-summary__event-header\">\n\t\t\t<div class=\"tribe-common-b3 tribe-events-pro-summary__event-datetime-wrapper\">\n\t<time\n\t\tclass=\"tribe-events-pro-summary__event-datetime\"\n\t\tdatetime=\"2026-07-07\"\n\t\ttitle=\"2026-07-07 06:30:00 :: 2026-07-07 17:00:00\"\n\t>\n\t\t\t\t\t<span class=\"tribe-event-date-start\">\n\t6:30<\/span>\n&#8211; <span class=\"tribe-event-date-end\">\n\t17:00<\/span>\n\t\t\t<\/time>\n\t\t\n<span class=\"tribe-events-calendar-series-archive__container\">\n\t<a\n\t\thref=\"https:\/\/www.archeoparc.it\/it\/series\/otzi-glacier-tour-trekking\/\"\n\t\taria-label=\"Event series: \u00d6tzi Glacier Tour Trekking\"\n\t\tclass=\"tribe-events-calendar-series-archive__link\"\n\t>\n\t\t\n<svg  class=\"tribe-common-c-svgicon tribe-common-c-svgicon--series tribe-events-series-archive__icon\"  width=\"14\" height=\"12\" viewBox=\"0 0 14 12\" fill=\"none\" xmlns=\"http:\/\/www.w3.org\/2000\/svg\" aria-hidden=\"true\">\n\t<rect x=\"0.5\" y=\"4.5\" width=\"9\" height=\"7\" \/>\n\t<path d=\"M2 2.5H11.5V10\" \/>\n\t<path d=\"M4 0.5H13.5V8\" \/>\n<\/svg>\n\t<\/a>\n<\/span>\n<\/div>\n\t\t\t\t<h4 class=\"tribe-common-h8 tribe-common-h7--min-medium tribe-events-pro-summary__event-title\">\n\t\t\t\t<a\n\t\t\thref=\"https:\/\/www.archeoparc.it\/it\/event\/ogt-sommer\/2026-07-07\/\"\n\t\t\ttitle=\"\u00d6tzi Glacier Tour Trekking\"\n\t\t\trel=\"bookmark\"\n\t\t\tclass=\"tribe-events-pro-summary__event-title-link tribe-common-anchor-thin\"\n\t\t>\n\t\t\t\u00d6tzi Glacier Tour Trekking\t\t<\/a>\n\t<\/h4>\n\t\t\t\t\t<\/header>\n\n\t<\/article>\n<\/li>\n\t\t\t<\/ul>\n<\/li>\n\n\n\t\t\t\t\t\t\t\t\t\t\t\n\t\t\t\t\n\t\t\t\t\n\t\t\t\t\n\t\t\t\t<li  class=\"tribe-common-g-row tribe-events-pro-summary__event-row\" >\n\t<div class=\"tribe-common-g-col tribe-events-pro-summary__event-date-tag\">\n\t<h3>\n\t\t<time class=\"tribe-events-pro-summary__event-date-tag-datetime\" datetime=\"2026-07-14\">\n\t\t\t<span class=\"tribe-events-pro-summary__event-date-tag-weekday\">\n\t\t\t\tMar\t\t\t<\/span>\n\t\t\t<span class=\"tribe-common-h5 tribe-common-h4--min-medium tribe-events-pro-summary__event-date-tag-daynum\">\n\t\t\t14\t\t\t<\/span>\n\t\t<\/time>\n\t<\/h3>\n<\/div>\n\t<ul class=\"tribe-common-g-col tribe-events-pro-summary__event-wrapper\" role=\"presentation\">\n\t\t\t\t\t\t\t\t<li  class=\"tribe-common-g-row tribe-common-g-row--gutters\" >\n\t<article  class=\"tribe-events-pro-summary__event tribe-events-pro-summary__event-details post-10009109 tribe_events type-tribe_events status-publish has-post-thumbnail hentry tribe_events_cat-startseite-highlight-serie tribe_events_cat-kalender-verein tribe_events_cat-trekkingtour-it tribe_events_cat-erwachsene-it tribe_events_cat-mehrsprachig-it tribe_events_cat-anmeldung-erforderlich-it tribe_events_cat-info-witterung-it cat_startseite-highlight-serie cat_kalender-verein cat_trekkingtour-it cat_erwachsene-it cat_mehrsprachig-it cat_anmeldung-erforderlich-it cat_info-witterung-it tribe-recurring-event tribe-recurring-event-parent\" >\n\n\t\t<header class=\"tribe-events-pro-summary__event-header\">\n\t\t\t<div class=\"tribe-common-b3 tribe-events-pro-summary__event-datetime-wrapper\">\n\t<time\n\t\tclass=\"tribe-events-pro-summary__event-datetime\"\n\t\tdatetime=\"2026-07-14\"\n\t\ttitle=\"2026-07-14 06:30:00 :: 2026-07-14 17:00:00\"\n\t>\n\t\t\t\t\t<span class=\"tribe-event-date-start\">\n\t6:30<\/span>\n&#8211; <span class=\"tribe-event-date-end\">\n\t17:00<\/span>\n\t\t\t<\/time>\n\t\t\n<span class=\"tribe-events-calendar-series-archive__container\">\n\t<a\n\t\thref=\"https:\/\/www.archeoparc.it\/it\/series\/otzi-glacier-tour-trekking\/\"\n\t\taria-label=\"Event series: \u00d6tzi Glacier Tour Trekking\"\n\t\tclass=\"tribe-events-calendar-series-archive__link\"\n\t>\n\t\t\n<svg  class=\"tribe-common-c-svgicon tribe-common-c-svgicon--series tribe-events-series-archive__icon\"  width=\"14\" height=\"12\" viewBox=\"0 0 14 12\" fill=\"none\" xmlns=\"http:\/\/www.w3.org\/2000\/svg\" aria-hidden=\"true\">\n\t<rect x=\"0.5\" y=\"4.5\" width=\"9\" height=\"7\" \/>\n\t<path d=\"M2 2.5H11.5V10\" \/>\n\t<path d=\"M4 0.5H13.5V8\" \/>\n<\/svg>\n\t<\/a>\n<\/span>\n<\/div>\n\t\t\t\t<h4 class=\"tribe-common-h8 tribe-common-h7--min-medium tribe-events-pro-summary__event-title\">\n\t\t\t\t<a\n\t\t\thref=\"https:\/\/www.archeoparc.it\/it\/event\/ogt-sommer\/2026-07-14\/\"\n\t\t\ttitle=\"\u00d6tzi Glacier Tour Trekking\"\n\t\t\trel=\"bookmark\"\n\t\t\tclass=\"tribe-events-pro-summary__event-title-link tribe-common-anchor-thin\"\n\t\t>\n\t\t\t\u00d6tzi Glacier Tour Trekking\t\t<\/a>\n\t<\/h4>\n\t\t\t\t\t<\/header>\n\n\t<\/article>\n<\/li>\n\t\t\t<\/ul>\n<\/li>\n\n\n\t\t\t\t\t\t\t\t\t\t\t\n\t\t\t\t\n\t\t\t\t\n\t\t\t\t\n\t\t\t\t<li  class=\"tribe-common-g-row tribe-events-pro-summary__event-row\" >\n\t<div class=\"tribe-common-g-col tribe-events-pro-summary__event-date-tag\">\n\t<h3>\n\t\t<time class=\"tribe-events-pro-summary__event-date-tag-datetime\" datetime=\"2026-07-21\">\n\t\t\t<span class=\"tribe-events-pro-summary__event-date-tag-weekday\">\n\t\t\t\tMar\t\t\t<\/span>\n\t\t\t<span class=\"tribe-common-h5 tribe-common-h4--min-medium tribe-events-pro-summary__event-date-tag-daynum\">\n\t\t\t21\t\t\t<\/span>\n\t\t<\/time>\n\t<\/h3>\n<\/div>\n\t<ul class=\"tribe-common-g-col tribe-events-pro-summary__event-wrapper\" role=\"presentation\">\n\t\t\t\t\t\t\t\t<li  class=\"tribe-common-g-row tribe-common-g-row--gutters\" >\n\t<article  class=\"tribe-events-pro-summary__event tribe-events-pro-summary__event-details post-10009110 tribe_events type-tribe_events status-publish has-post-thumbnail hentry tribe_events_cat-startseite-highlight-serie tribe_events_cat-kalender-verein tribe_events_cat-trekkingtour-it tribe_events_cat-erwachsene-it tribe_events_cat-mehrsprachig-it tribe_events_cat-anmeldung-erforderlich-it tribe_events_cat-info-witterung-it cat_startseite-highlight-serie cat_kalender-verein cat_trekkingtour-it cat_erwachsene-it cat_mehrsprachig-it cat_anmeldung-erforderlich-it cat_info-witterung-it tribe-recurring-event tribe-recurring-event-parent\" >\n\n\t\t<header class=\"tribe-events-pro-summary__event-header\">\n\t\t\t<div class=\"tribe-common-b3 tribe-events-pro-summary__event-datetime-wrapper\">\n\t<time\n\t\tclass=\"tribe-events-pro-summary__event-datetime\"\n\t\tdatetime=\"2026-07-21\"\n\t\ttitle=\"2026-07-21 06:30:00 :: 2026-07-21 17:00:00\"\n\t>\n\t\t\t\t\t<span class=\"tribe-event-date-start\">\n\t6:30<\/span>\n&#8211; <span class=\"tribe-event-date-end\">\n\t17:00<\/span>\n\t\t\t<\/time>\n\t\t\n<span class=\"tribe-events-calendar-series-archive__container\">\n\t<a\n\t\thref=\"https:\/\/www.archeoparc.it\/it\/series\/otzi-glacier-tour-trekking\/\"\n\t\taria-label=\"Event series: \u00d6tzi Glacier Tour Trekking\"\n\t\tclass=\"tribe-events-calendar-series-archive__link\"\n\t>\n\t\t\n<svg  class=\"tribe-common-c-svgicon tribe-common-c-svgicon--series tribe-events-series-archive__icon\"  width=\"14\" height=\"12\" viewBox=\"0 0 14 12\" fill=\"none\" xmlns=\"http:\/\/www.w3.org\/2000\/svg\" aria-hidden=\"true\">\n\t<rect x=\"0.5\" y=\"4.5\" width=\"9\" height=\"7\" \/>\n\t<path d=\"M2 2.5H11.5V10\" \/>\n\t<path d=\"M4 0.5H13.5V8\" \/>\n<\/svg>\n\t<\/a>\n<\/span>\n<\/div>\n\t\t\t\t<h4 class=\"tribe-common-h8 tribe-common-h7--min-medium tribe-events-pro-summary__event-title\">\n\t\t\t\t<a\n\t\t\thref=\"https:\/\/www.archeoparc.it\/it\/event\/ogt-sommer\/2026-07-21\/\"\n\t\t\ttitle=\"\u00d6tzi Glacier Tour Trekking\"\n\t\t\trel=\"bookmark\"\n\t\t\tclass=\"tribe-events-pro-summary__event-title-link tribe-common-anchor-thin\"\n\t\t>\n\t\t\t\u00d6tzi Glacier Tour Trekking\t\t<\/a>\n\t<\/h4>\n\t\t\t\t\t<\/header>\n\n\t<\/article>\n<\/li>\n\t\t\t<\/ul>\n<\/li>\n\n\n\t\t\t\t\t\t\t\t\t\t\t\n\t\t\t\t\n\t\t\t\t\n\t\t\t\t\n\t\t\t\t<li  class=\"tribe-common-g-row tribe-events-pro-summary__event-row\" >\n\t<div class=\"tribe-common-g-col tribe-events-pro-summary__event-date-tag\">\n\t<h3>\n\t\t<time class=\"tribe-events-pro-summary__event-date-tag-datetime\" datetime=\"2026-07-28\">\n\t\t\t<span class=\"tribe-events-pro-summary__event-date-tag-weekday\">\n\t\t\t\tMar\t\t\t<\/span>\n\t\t\t<span class=\"tribe-common-h5 tribe-common-h4--min-medium tribe-events-pro-summary__event-date-tag-daynum\">\n\t\t\t28\t\t\t<\/span>\n\t\t<\/time>\n\t<\/h3>\n<\/div>\n\t<ul class=\"tribe-common-g-col tribe-events-pro-summary__event-wrapper\" role=\"presentation\">\n\t\t\t\t\t\t\t\t<li  class=\"tribe-common-g-row tribe-common-g-row--gutters\" >\n\t<article  class=\"tribe-events-pro-summary__event tribe-events-pro-summary__event-details post-10009111 tribe_events type-tribe_events status-publish has-post-thumbnail hentry tribe_events_cat-startseite-highlight-serie tribe_events_cat-kalender-verein tribe_events_cat-trekkingtour-it tribe_events_cat-erwachsene-it tribe_events_cat-mehrsprachig-it tribe_events_cat-anmeldung-erforderlich-it tribe_events_cat-info-witterung-it cat_startseite-highlight-serie cat_kalender-verein cat_trekkingtour-it cat_erwachsene-it cat_mehrsprachig-it cat_anmeldung-erforderlich-it cat_info-witterung-it tribe-recurring-event tribe-recurring-event-parent\" >\n\n\t\t<header class=\"tribe-events-pro-summary__event-header\">\n\t\t\t<div class=\"tribe-common-b3 tribe-events-pro-summary__event-datetime-wrapper\">\n\t<time\n\t\tclass=\"tribe-events-pro-summary__event-datetime\"\n\t\tdatetime=\"2026-07-28\"\n\t\ttitle=\"2026-07-28 06:30:00 :: 2026-07-28 17:00:00\"\n\t>\n\t\t\t\t\t<span class=\"tribe-event-date-start\">\n\t6:30<\/span>\n&#8211; <span class=\"tribe-event-date-end\">\n\t17:00<\/span>\n\t\t\t<\/time>\n\t\t\n<span class=\"tribe-events-calendar-series-archive__container\">\n\t<a\n\t\thref=\"https:\/\/www.archeoparc.it\/it\/series\/otzi-glacier-tour-trekking\/\"\n\t\taria-label=\"Event series: \u00d6tzi Glacier Tour Trekking\"\n\t\tclass=\"tribe-events-calendar-series-archive__link\"\n\t>\n\t\t\n<svg  class=\"tribe-common-c-svgicon tribe-common-c-svgicon--series tribe-events-series-archive__icon\"  width=\"14\" height=\"12\" viewBox=\"0 0 14 12\" fill=\"none\" xmlns=\"http:\/\/www.w3.org\/2000\/svg\" aria-hidden=\"true\">\n\t<rect x=\"0.5\" y=\"4.5\" width=\"9\" height=\"7\" \/>\n\t<path d=\"M2 2.5H11.5V10\" \/>\n\t<path d=\"M4 0.5H13.5V8\" \/>\n<\/svg>\n\t<\/a>\n<\/span>\n<\/div>\n\t\t\t\t<h4 class=\"tribe-common-h8 tribe-common-h7--min-medium tribe-events-pro-summary__event-title\">\n\t\t\t\t<a\n\t\t\thref=\"https:\/\/www.archeoparc.it\/it\/event\/ogt-sommer\/2026-07-28\/\"\n\t\t\ttitle=\"\u00d6tzi Glacier Tour Trekking\"\n\t\t\trel=\"bookmark\"\n\t\t\tclass=\"tribe-events-pro-summary__event-title-link tribe-common-anchor-thin\"\n\t\t>\n\t\t\t\u00d6tzi Glacier Tour Trekking\t\t<\/a>\n\t<\/h4>\n\t\t\t\t\t<\/header>\n\n\t<\/article>\n<\/li>\n\t\t\t<\/ul>\n<\/li>\n\n\n\t\t\t\t\t\t\t\t\t\t\t\n\t\t\t\t\t\t\t\t\t\t\t\t\t\t\t<\/ul>\n\t\t\t\t\t<\/li>\n\t\t\t\t\t\n\t\t\t\t\t<li class=\"tribe-events-pro-summary__month-block\">\n\t\t\t\t\n\t\t\t\t<h2 class=\"tribe-events-pro-summary__month-separator\">\n\t<time\n\t\tclass=\"tribe-common-h7 tribe-common-h6--min-medium tribe-common-h--alt tribe-events-pro-summary__event-date-tag tribe-events-pro-summary__month-separator-text\"\n\t\tdatetime=\"2026-08\"\n\t>\n\t\tAgo 2026\t<\/time>\n<\/h2>\n\n\t\t\t\t\t\t\t\t\t\t<ul class=\"tribe-events-pro-summary__month-event-list\">\n\t\t\t\t\n\t\t\t\t<li  class=\"tribe-common-g-row tribe-events-pro-summary__event-row\" >\n\t<div class=\"tribe-common-g-col tribe-events-pro-summary__event-date-tag\">\n\t<h3>\n\t\t<time class=\"tribe-events-pro-summary__event-date-tag-datetime\" datetime=\"2026-08-04\">\n\t\t\t<span class=\"tribe-events-pro-summary__event-date-tag-weekday\">\n\t\t\t\tMar\t\t\t<\/span>\n\t\t\t<span class=\"tribe-common-h5 tribe-common-h4--min-medium tribe-events-pro-summary__event-date-tag-daynum\">\n\t\t\t4\t\t\t<\/span>\n\t\t<\/time>\n\t<\/h3>\n<\/div>\n\t<ul class=\"tribe-common-g-col tribe-events-pro-summary__event-wrapper\" role=\"presentation\">\n\t\t\t\t\t\t\t\t<li  class=\"tribe-common-g-row tribe-common-g-row--gutters\" >\n\t<article  class=\"tribe-events-pro-summary__event tribe-events-pro-summary__event-details post-10009112 tribe_events type-tribe_events status-publish has-post-thumbnail hentry tribe_events_cat-startseite-highlight-serie tribe_events_cat-kalender-verein tribe_events_cat-trekkingtour-it tribe_events_cat-erwachsene-it tribe_events_cat-mehrsprachig-it tribe_events_cat-anmeldung-erforderlich-it tribe_events_cat-info-witterung-it cat_startseite-highlight-serie cat_kalender-verein cat_trekkingtour-it cat_erwachsene-it cat_mehrsprachig-it cat_anmeldung-erforderlich-it cat_info-witterung-it tribe-recurring-event tribe-recurring-event-parent\" >\n\n\t\t<header class=\"tribe-events-pro-summary__event-header\">\n\t\t\t<div class=\"tribe-common-b3 tribe-events-pro-summary__event-datetime-wrapper\">\n\t<time\n\t\tclass=\"tribe-events-pro-summary__event-datetime\"\n\t\tdatetime=\"2026-08-04\"\n\t\ttitle=\"2026-08-04 06:30:00 :: 2026-08-04 17:00:00\"\n\t>\n\t\t\t\t\t<span class=\"tribe-event-date-start\">\n\t6:30<\/span>\n&#8211; <span class=\"tribe-event-date-end\">\n\t17:00<\/span>\n\t\t\t<\/time>\n\t\t\n<span class=\"tribe-events-calendar-series-archive__container\">\n\t<a\n\t\thref=\"https:\/\/www.archeoparc.it\/it\/series\/otzi-glacier-tour-trekking\/\"\n\t\taria-label=\"Event series: \u00d6tzi Glacier Tour Trekking\"\n\t\tclass=\"tribe-events-calendar-series-archive__link\"\n\t>\n\t\t\n<svg  class=\"tribe-common-c-svgicon tribe-common-c-svgicon--series tribe-events-series-archive__icon\"  width=\"14\" height=\"12\" viewBox=\"0 0 14 12\" fill=\"none\" xmlns=\"http:\/\/www.w3.org\/2000\/svg\" aria-hidden=\"true\">\n\t<rect x=\"0.5\" y=\"4.5\" width=\"9\" height=\"7\" \/>\n\t<path d=\"M2 2.5H11.5V10\" \/>\n\t<path d=\"M4 0.5H13.5V8\" \/>\n<\/svg>\n\t<\/a>\n<\/span>\n<\/div>\n\t\t\t\t<h4 class=\"tribe-common-h8 tribe-common-h7--min-medium tribe-events-pro-summary__event-title\">\n\t\t\t\t<a\n\t\t\thref=\"https:\/\/www.archeoparc.it\/it\/event\/ogt-sommer\/2026-08-04\/\"\n\t\t\ttitle=\"\u00d6tzi Glacier Tour Trekking\"\n\t\t\trel=\"bookmark\"\n\t\t\tclass=\"tribe-events-pro-summary__event-title-link tribe-common-anchor-thin\"\n\t\t>\n\t\t\t\u00d6tzi Glacier Tour Trekking\t\t<\/a>\n\t<\/h4>\n\t\t\t\t\t<\/header>\n\n\t<\/article>\n<\/li>\n\t\t\t<\/ul>\n<\/li>\n\n\n\t\t\t\t\t\t\t\t\t\t\t\n\t\t\t\t\n\t\t\t\t\n\t\t\t\t\n\t\t\t\t<li  class=\"tribe-common-g-row tribe-events-pro-summary__event-row\" >\n\t<div class=\"tribe-common-g-col tribe-events-pro-summary__event-date-tag\">\n\t<h3>\n\t\t<time class=\"tribe-events-pro-summary__event-date-tag-datetime\" datetime=\"2026-08-11\">\n\t\t\t<span class=\"tribe-events-pro-summary__event-date-tag-weekday\">\n\t\t\t\tMar\t\t\t<\/span>\n\t\t\t<span class=\"tribe-common-h5 tribe-common-h4--min-medium tribe-events-pro-summary__event-date-tag-daynum\">\n\t\t\t11\t\t\t<\/span>\n\t\t<\/time>\n\t<\/h3>\n<\/div>\n\t<ul class=\"tribe-common-g-col tribe-events-pro-summary__event-wrapper\" role=\"presentation\">\n\t\t\t\t\t\t\t\t<li  class=\"tribe-common-g-row tribe-common-g-row--gutters\" >\n\t<article  class=\"tribe-events-pro-summary__event tribe-events-pro-summary__event-details post-10009113 tribe_events type-tribe_events status-publish has-post-thumbnail hentry tribe_events_cat-startseite-highlight-serie tribe_events_cat-kalender-verein tribe_events_cat-trekkingtour-it tribe_events_cat-erwachsene-it tribe_events_cat-mehrsprachig-it tribe_events_cat-anmeldung-erforderlich-it tribe_events_cat-info-witterung-it cat_startseite-highlight-serie cat_kalender-verein cat_trekkingtour-it cat_erwachsene-it cat_mehrsprachig-it cat_anmeldung-erforderlich-it cat_info-witterung-it tribe-recurring-event tribe-recurring-event-parent\" >\n\n\t\t<header class=\"tribe-events-pro-summary__event-header\">\n\t\t\t<div class=\"tribe-common-b3 tribe-events-pro-summary__event-datetime-wrapper\">\n\t<time\n\t\tclass=\"tribe-events-pro-summary__event-datetime\"\n\t\tdatetime=\"2026-08-11\"\n\t\ttitle=\"2026-08-11 06:30:00 :: 2026-08-11 17:00:00\"\n\t>\n\t\t\t\t\t<span class=\"tribe-event-date-start\">\n\t6:30<\/span>\n&#8211; <span class=\"tribe-event-date-end\">\n\t17:00<\/span>\n\t\t\t<\/time>\n\t\t\n<span class=\"tribe-events-calendar-series-archive__container\">\n\t<a\n\t\thref=\"https:\/\/www.archeoparc.it\/it\/series\/otzi-glacier-tour-trekking\/\"\n\t\taria-label=\"Event series: \u00d6tzi Glacier Tour Trekking\"\n\t\tclass=\"tribe-events-calendar-series-archive__link\"\n\t>\n\t\t\n<svg  class=\"tribe-common-c-svgicon tribe-common-c-svgicon--series tribe-events-series-archive__icon\"  width=\"14\" height=\"12\" viewBox=\"0 0 14 12\" fill=\"none\" xmlns=\"http:\/\/www.w3.org\/2000\/svg\" aria-hidden=\"true\">\n\t<rect x=\"0.5\" y=\"4.5\" width=\"9\" height=\"7\" \/>\n\t<path d=\"M2 2.5H11.5V10\" \/>\n\t<path d=\"M4 0.5H13.5V8\" \/>\n<\/svg>\n\t<\/a>\n<\/span>\n<\/div>\n\t\t\t\t<h4 class=\"tribe-common-h8 tribe-common-h7--min-medium tribe-events-pro-summary__event-title\">\n\t\t\t\t<a\n\t\t\thref=\"https:\/\/www.archeoparc.it\/it\/event\/ogt-sommer\/2026-08-11\/\"\n\t\t\ttitle=\"\u00d6tzi Glacier Tour Trekking\"\n\t\t\trel=\"bookmark\"\n\t\t\tclass=\"tribe-events-pro-summary__event-title-link tribe-common-anchor-thin\"\n\t\t>\n\t\t\t\u00d6tzi Glacier Tour Trekking\t\t<\/a>\n\t<\/h4>\n\t\t\t\t\t<\/header>\n\n\t<\/article>\n<\/li>\n\t\t\t<\/ul>\n<\/li>\n\n\n\t\t\t\t\t\t\t\t\t\t\t<\/ul>\n\t\t\t<\/li>\n\t\t<\/ul>\n\n\t\t<nav class=\"tribe-events-pro-summary-nav tribe-events-c-nav\" aria-label=\"Bottom eventi list pagination\">\n\t<ul class=\"tribe-events-c-nav__list\">\n\t\t<li class=\"tribe-events-c-nav__list-item tribe-events-c-nav__list-item--prev\">\n\t<a\n\t\thref=\"https:\/\/www.archeoparc.it\/it\/Eventi\/summary\/?rest_route=%2Fwp%2Fv2%2Fpages%2F974&#038;shortcode=0b2cde8e&#038;eventDisplay=past\"\n\t\trel=\"prev\"\n\t\tclass=\"tribe-common-b2 tribe-common-b1--min-medium tribe-events-c-nav__prev\"\n\t\tdata-js=\"tribe-events-view-link\"\n\t\taria-label=\"Previous Eventi\"\n\t\ttitle=\"Previous Eventi\"\n\t>\n\t\t<svg\n\t class=\"tribe-common-c-svgicon tribe-common-c-svgicon--caret-left tribe-events-c-nav__prev-icon-svg\" \taria-hidden=\"true\"\n\tviewBox=\"0 0 10 16\"\n\txmlns=\"http:\/\/www.w3.org\/2000\/svg\"\n>\n\t<path d=\"M9.7 14.4l-1.5 1.5L.3 8 8.2.1l1.5 1.5L3.3 8l6.4 6.4z\"\/>\n<\/svg>\n\t\t<span class=\"tribe-events-c-nav__prev-label\">\n\t\t\tPrevious <span class=\"tribe-events-c-nav__prev-label-plural tribe-common-a11y-visual-hide\">Eventi<\/span>\t\t<\/span>\n\t<\/a>\n<\/li>\n\n\t\t<li class=\"tribe-events-c-nav__list-item tribe-events-c-nav__list-item--today\">\n\t<a\n\t\thref=\"https:\/\/www.archeoparc.it\/it\/Eventi\/summary\/?rest_route=%2Fwp%2Fv2%2Fpages%2F974&#038;shortcode=0b2cde8e\"\n\t\tclass=\"tribe-common-b2 tribe-events-c-nav__today\"\n\t\tdata-js=\"tribe-events-view-link\"\n\t\taria-label=\"Clicca per selezionare la data di oggi\"\n\t\ttitle=\"Clicca per selezionare la data di oggi\"\n\t>\n\t\tOggi\t<\/a>\n<\/li>\n\n\t\t<li class=\"tribe-events-c-nav__list-item tribe-events-c-nav__list-item--next\">\n\t<a\n\t\thref=\"https:\/\/www.archeoparc.it\/it\/Eventi\/summary\/pagina\/2\/?shortcode=0b2cde8e\"\n\t\trel=\"next\"\n\t\tclass=\"tribe-common-b2 tribe-common-b1--min-medium tribe-events-c-nav__next\"\n\t\tdata-js=\"tribe-events-view-link\"\n\t\taria-label=\"Eventi successivi\"\n\t\ttitle=\"Eventi successivi\"\n\t>\n\t\t<span class=\"tribe-events-c-nav__next-label\">\n\t\t\t<span class=\"tribe-events-c-nav__next-label-plural tribe-common-a11y-visual-hide\">Eventi<\/span> successivi\t\t<\/span>\n\t\t<svg\n\t class=\"tribe-common-c-svgicon tribe-common-c-svgicon--caret-right tribe-events-c-nav__next-icon-svg\" \taria-hidden=\"true\"\n\tviewBox=\"0 0 10 16\"\n\txmlns=\"http:\/\/www.w3.org\/2000\/svg\"\n>\n\t<path d=\"M.3 1.6L1.8.1 9.7 8l-7.9 7.9-1.5-1.5L6.7 8 .3 1.6z\"\/>\n<\/svg>\n\t<\/a>\n<\/li>\n\t<\/ul>\n<\/nav>\n\n\t\t<div class=\"tribe-events-c-subscribe-dropdown__container\">\n\t<div class=\"tribe-events-c-subscribe-dropdown\">\n\t\t<div class=\"tribe-common-c-btn-border tribe-events-c-subscribe-dropdown__button\">\n\t\t\t<button\n\t\t\t\tclass=\"tribe-events-c-subscribe-dropdown__button-text tribe-common-c-btn--clear\"\n\t\t\t\taria-expanded=\"false\"\n\t\t\t\taria-controls=\"tribe-events-subscribe-dropdown-content\"\n\t\t\t\taria-label=\"\"\n\t\t\t>\n\t\t\t\tIscriviti al calendario\t\t\t<\/button>\n\t\t\t<svg\n\t class=\"tribe-common-c-svgicon tribe-common-c-svgicon--caret-down tribe-events-c-subscribe-dropdown__button-icon\" \taria-hidden=\"true\"\n\tviewBox=\"0 0 10 7\"\n\txmlns=\"http:\/\/www.w3.org\/2000\/svg\"\n>\n\t<path fill-rule=\"evenodd\" clip-rule=\"evenodd\" d=\"M1.008.609L5 4.6 8.992.61l.958.958L5 6.517.05 1.566l.958-.958z\" class=\"tribe-common-c-svgicon__svg-fill\"\/>\n<\/svg>\n\t\t<\/div>\n\t\t<div id=\"tribe-events-c-subscribe-dropdown-content\" class=\"tribe-events-c-subscribe-dropdown__content\">\n\t\t\t<ul class=\"tribe-events-c-subscribe-dropdown__list\">\n\t\t\t\t\t\t\t\t\t\n<li class=\"tribe-events-c-subscribe-dropdown__list-item tribe-events-c-subscribe-dropdown__list-item--gcal\">\n\t<a\n\t\thref=\"https:\/\/www.google.com\/calendar\/render?cid=webcal%3A%2F%2Fwww.archeoparc.it%2Fit%2F%3Fpost_type%3Dtribe_events%26ical%3D1%26eventDisplay%3Dlist%26tribe_events_cat%3Dskitour-it%252Ctrekkingtour-it%26post_tag%3Doegt-sommer%252Coegt-winter-it%252Coegt-family-it%252Coegt-family-sommer-2\"\n\t\tclass=\"tribe-events-c-subscribe-dropdown__list-item-link\"\n\t\ttarget=\"_blank\"\n\t\trel=\"noopener noreferrer nofollow noindex\"\n\t>\n\t\tGoogle Calendar\t<\/a>\n<\/li>\n\t\t\t\t\t\t\t\t\t\n<li class=\"tribe-events-c-subscribe-dropdown__list-item tribe-events-c-subscribe-dropdown__list-item--ical\">\n\t<a\n\t\thref=\"webcal:\/\/www.archeoparc.it\/it\/?post_type=tribe_events&#038;ical=1&#038;eventDisplay=list&#038;tribe_events_cat=skitour-it%2Ctrekkingtour-it&#038;post_tag=oegt-sommer%2Coegt-winter-it%2Coegt-family-it%2Coegt-family-sommer-2\"\n\t\tclass=\"tribe-events-c-subscribe-dropdown__list-item-link\"\n\t\ttarget=\"_blank\"\n\t\trel=\"noopener noreferrer nofollow noindex\"\n\t>\n\t\tiCalendar\t<\/a>\n<\/li>\n\t\t\t\t\t\t\t\t\t\n<li class=\"tribe-events-c-subscribe-dropdown__list-item tribe-events-c-subscribe-dropdown__list-item--outlook-365\">\n\t<a\n\t\thref=\"https:\/\/outlook.office.com\/owa?path=\/calendar\/action\/compose&#038;rru=addsubscription&#038;url=webcal%3A%2F%2Fwww.archeoparc.it%2Fit%2F%3Fpost_type%3Dtribe_events%26ical%3D1%26eventDisplay%3Dlist%26tribe_events_cat%3Dskitour-it%252Ctrekkingtour-it%26post_tag%3Doegt-sommer%252Coegt-winter-it%252Coegt-family-it%252Coegt-family-sommer-2&#038;name=archeoParc+Schnalstal+Display+of+Eventi+from++\u2013++\u2013+archeoParc+Schnalstal\"\n\t\tclass=\"tribe-events-c-subscribe-dropdown__list-item-link\"\n\t\ttarget=\"_blank\"\n\t\trel=\"noopener noreferrer nofollow noindex\"\n\t>\n\t\tOutlook 365\t<\/a>\n<\/li>\n\t\t\t\t\t\t\t\t\t\n<li class=\"tribe-events-c-subscribe-dropdown__list-item tribe-events-c-subscribe-dropdown__list-item--outlook-live\">\n\t<a\n\t\thref=\"https:\/\/outlook.live.com\/owa?path=\/calendar\/action\/compose&#038;rru=addsubscription&#038;url=webcal%3A%2F%2Fwww.archeoparc.it%2Fit%2F%3Fpost_type%3Dtribe_events%26ical%3D1%26eventDisplay%3Dlist%26tribe_events_cat%3Dskitour-it%252Ctrekkingtour-it%26post_tag%3Doegt-sommer%252Coegt-winter-it%252Coegt-family-it%252Coegt-family-sommer-2&#038;name=archeoParc+Schnalstal+Display+of+Eventi+from++\u2013++\u2013+archeoParc+Schnalstal\"\n\t\tclass=\"tribe-events-c-subscribe-dropdown__list-item-link\"\n\t\ttarget=\"_blank\"\n\t\trel=\"noopener noreferrer nofollow noindex\"\n\t>\n\t\tOutlook Live\t<\/a>\n<\/li>\n\t\t\t\t\t\t\t\t\t\n<li class=\"tribe-events-c-subscribe-dropdown__list-item tribe-events-c-subscribe-dropdown__list-item--ics\">\n\t<a\n\t\thref=\"https:\/\/www.archeoparc.it\/it\/Eventi\/summary\/?shortcode=0b2cde8e&#038;ical=1\"\n\t\tclass=\"tribe-events-c-subscribe-dropdown__list-item-link\"\n\t\ttarget=\"_blank\"\n\t\trel=\"noopener noreferrer nofollow noindex\"\n\t>\n\t\tEsporta il file .ics\t<\/a>\n<\/li>\n\t\t\t\t\t\t\t\t\t\n<li class=\"tribe-events-c-subscribe-dropdown__list-item tribe-events-c-subscribe-dropdown__list-item--outlook-ics\">\n\t<a\n\t\thref=\"https:\/\/www.archeoparc.it\/it\/Eventi\/summary\/?shortcode=0b2cde8e&#038;outlook-ical=1#038;ical=1\"\n\t\tclass=\"tribe-events-c-subscribe-dropdown__list-item-link\"\n\t\ttarget=\"_blank\"\n\t\trel=\"noopener noreferrer nofollow noindex\"\n\t>\n\t\tEsporta file .ics di Outlook\t<\/a>\n<\/li>\n\t\t\t\t\t\t\t<\/ul>\n\t\t<\/div>\n\t<\/div>\n<\/div>\n\n\t\t\n\t<\/section>\n<\/div>\n\n<script data-js='tribe-events-view-nonce-data' type='application\/json'>{\"tvn1\":\"e71639d723\",\"tvn2\":\"\"}<\/script><\/div>\n<\/div>\n\n\n\n<p><a title=\"Calendario\" href=\"https:\/\/www.archeoparc.it\/it\/calendario\/\">Tutte le date<\/a><\/p>\n\n\n\n<div style=\"height:20px\" aria-hidden=\"true\" class=\"wp-block-spacer\"><\/div>\n\n\n\n<hr class=\"wp-block-separator has-alpha-channel-opacity\"\/>\n\n\n\n<h2 class=\"wp-block-heading\">I<a id=\"info\"><\/a>nfo e p<a id=\"prenotazioni\"><\/a>renotazioni<\/h2>\n\n\n\n<p>Per domande e prenotazioni potete rivolgervi all\u2019ArcheoParc, dove Silvia e Lena saranno liete di assistervi nella pianificazione del tour:<\/p>\n\n\n\n<p><strong>Info e prenotazioni<\/strong><br>entro le ore 17:00 del giorno precedente:<br>Tel.: +39 0473 676 020<br><a title=\"archeoParc\" href=\"https:\/\/www.archeoparc.it\/it\/oetzi-glacier-tour\/\" target=\"_blank\" rel=\"noopener noreferrer\">info@archeoparc.it<\/a><\/p>\n\n\n\n<h3 class=\"wp-block-heading\" style=\"padding-top:var(--wp--preset--spacing--20);padding-bottom:var(--wp--preset--spacing--20)\"><a class=\"archeo_button\" title=\"Iscrizione online\" href=\"https:\/\/www.archeoparc.it\/it\/oetzi-glacier-tour\/iscrizione\/\">Iscrizione online<\/a><\/h3>\n\n\n\n<p>All\u2019atto della prenotazione vi sar\u00e0 richiesto un numero di cellulare, in caso di necessit\u00e0 la Guida Alpina vi contatter\u00e0 la sera prima dell\u2019escursione per eventuali dettagli e conferme.<\/p>\n\n\n\n<div style=\"height:20px\" aria-hidden=\"true\" class=\"wp-block-spacer\"><\/div>\n\n\n\n<hr class=\"wp-block-separator has-alpha-channel-opacity\"\/>\n\n\n\n<h2 class=\"wp-block-heading\" id=\"indicazioni\">Indicazioni utili<\/h2>\n\n\n\n<div style=\"height:20px\" aria-hidden=\"true\" class=\"wp-block-spacer\"><\/div>\n\n\n\n<div class=\"wp-block-columns is-layout-flex wp-container-core-columns-is-layout-28f84493 wp-block-columns-is-layout-flex\">\n<div class=\"wp-block-column is-layout-flow wp-block-column-is-layout-flow\" style=\"flex-basis:20%\">\n<p>Punto di ritrovo:<\/p>\n<\/div>\n\n\n\n<div class=\"wp-block-column is-layout-flow wp-block-column-is-layout-flow\" style=\"flex-basis:80%\">\n<p>Maso Corto, Meetingpoint \u00d6tzi Glacier Tour (google maps: <a href=\"http:\/\/goo.gl\/maps\/ja3ij\">http:\/\/goo.gl\/maps\/ja3ij<\/a>)<br>tra le ore 6:30 e le 8:30 (l\u2019ora precisa \u00e8 comunicata al momento della prenotazione<\/p>\n<\/div>\n<\/div>\n\n\n\n<div class=\"wp-block-columns is-layout-flex wp-container-core-columns-is-layout-28f84493 wp-block-columns-is-layout-flex\">\n<div class=\"wp-block-column is-layout-flow wp-block-column-is-layout-flow\" style=\"flex-basis:20%\">\n<p>Numero dei partecipanti:<\/p>\n<\/div>\n\n\n\n<div class=\"wp-block-column is-layout-flow wp-block-column-is-layout-flow\" style=\"flex-basis:80%\">\n<p>min. tre persone (su richiesta e con un sovrapprezzo \u00e8 ammesso anche un numero di partecipanti inferiore)<\/p>\n<\/div>\n<\/div>\n\n\n\n<div class=\"wp-block-columns is-layout-flex wp-container-core-columns-is-layout-28f84493 wp-block-columns-is-layout-flex\">\n<div class=\"wp-block-column is-layout-flow wp-block-column-is-layout-flow\" style=\"flex-basis:20%\">\n<p>Abbigliamento personale:<\/p>\n<\/div>\n\n\n\n<div class=\"wp-block-column is-layout-flow wp-block-column-is-layout-flow\" style=\"flex-basis:80%\">\n<p>Scarponi e abbigliamento da montagna, ghette antineve, guanti, berretto caldo, occhiali da sole, giacca impermeabile, zaino leggero con bevande e provviste per la giornata. Per il periodo invernale si necessita di attrezzatura da scialpinismo personale o a noleggio. -&gt; <a href=\"https:\/\/www.rentandgo.it\/ita\/noleggio-sci\/senales-schnalstal\/sportservice-erwin-stricker-schnals\" target=\"_blank\" rel=\"noreferrer noopener\">Noleggio sci<\/a><\/p>\n\n\n\n<p>Attrezzatura tecnica fornita: per l\u2019escursione estiva sarete forniti del materiale tecnico necessario come imbracatura e ramponcini da ghiaccio. Per il tour invernale, in caso di necessit\u00e0 sarete forniti del set (ARTVA, pala e sonda), da definire al pi\u00f9 presto con la Guida Alpina.<\/p>\n\n\n\n<p>Scarponi &amp; Ramponi: i ramponcini che solitamente usiamo e che vi verranno forniti sono ben adattabili a qualsiasi scarpone da montagna. Per l\u2019escursione \u00d6tzi Glacier Tour non \u00e8&nbsp; indispensabile usare un rampone da ghiaccio. Si consiglia di usare scarponi da montagna, resistenti alla neve e con suola vibram.<\/p>\n\n\n\n<p>Alimentazione:&nbsp; durante l\u2019escursione estiva si arriva al Rifugio Similaun all\u2019incirca verso l\u2019ora di pranzo e nel tardo pomeriggio al Maso Tisa. Nonostante ci\u00f2, \u00e8 consigliabile portarsi qualcosa di energetico e da bere per le piccole pause che si effettueranno lungo il tragitto. Per il tour invernale non ci sono possibilit\u00e0 di ristoro o rifugi.<\/p>\n\n\n\n<p>Attrezzatura personale: le ghette da neve sono molto utili in caso di considerevole innevamento, proteggono le caviglie dal freddo e dalla neve. Anche con temperature miti si consigliano i guanti, che proteggono da escoriazioni provocate da roccia e ghiaccio. Un berretto caldo \u00e8 indispensabile a queste quote, dove il meteo cambia rapidamente. Inoltre, la neve\/ghiaccio riflette l\u201980% dei raggi solari, si consiglia di proteggersi con occhiali da sole con fattore di protezione 3.<\/p>\n\n\n\n<p>Consigli sull\u2019abbigliamento: organizzati per temperature rigide, per il caldo c\u2019\u00e8 sempre un rimedio. Consulta le<a href=\"https:\/\/meteo.provincia.bz.it\/tempo-montagna.asp\" target=\"_blank\" rel=\"noreferrer noopener\"> previsioni meteo<\/a> per avere informazioni sulla temperatura a 3000 mt, oppure guarda la <a href=\"https:\/\/www.foto-webcam.eu\/webcam\/tisenjoch\/\" target=\"_blank\" rel=\"noreferrer noopener\">webcam<\/a> al Giogo di Tisa, gestita dall\u2019Universit\u00e0 di Innsbruck. Oltre alle foto attuali, potrai vedere le condizioni meteo e la temperatura dell\u2019aria.<\/p>\n<\/div>\n<\/div>\n\n\n\n<div class=\"wp-block-columns is-layout-flex wp-container-core-columns-is-layout-28f84493 wp-block-columns-is-layout-flex\">\n<div class=\"wp-block-column is-layout-flow wp-block-column-is-layout-flow\" style=\"flex-basis:20%\">\n<p>Servizi inclusi nel prezzo:<\/p>\n<\/div>\n\n\n\n<div class=\"wp-block-column is-layout-flow wp-block-column-is-layout-flow\" style=\"flex-basis:80%\">\n<p>Guida Alpina professionale con fornitura del materiale tecnico necessario, ticket per funivia Alpin Arena Senales, ticket entrata ArcheoParc Senales e attestato di partecipazione \u00d6tzi Glacier Tour.<\/p>\n<\/div>\n<\/div>\n\n\n\n<div class=\"wp-block-columns is-layout-flex wp-container-core-columns-is-layout-28f84493 wp-block-columns-is-layout-flex\">\n<div class=\"wp-block-column is-layout-flow wp-block-column-is-layout-flow\" style=\"flex-basis:20%\">\n<p>Prezzo:<\/p>\n<\/div>\n\n\n\n<div class=\"wp-block-column is-layout-flow wp-block-column-is-layout-flow\" style=\"flex-basis:80%\">\n<p>160 euro a persona (fino al 31 gennaio 2025: 140 euro)<br>La quota di partecipazione pu\u00f2 essere versata all\u2019atto della prenotazione, con rilascio di ricevuta da presentare alla Guida Alpina alla partenza dell\u2019escursione. In alternativa \u00e8 possibile pagare direttamente il giorno dell\u2019escursione.<\/p>\n\n\n\n<p>Se desiderate una fattura intestata, richiedetela espressamente inviando i vostri dati di fatturazione completi di codice fiscale o partita IVA a: <a href=\"mailto:info@archeoparc.it\">info@archeoparc.it<\/a><\/p>\n<\/div>\n<\/div>\n\n\n\n<div class=\"wp-block-columns is-layout-flex wp-container-core-columns-is-layout-28f84493 wp-block-columns-is-layout-flex\">\n<div class=\"wp-block-column is-layout-flow wp-block-column-is-layout-flow\" style=\"flex-basis:20%\">\n<p>Disdetta prenotazione e costi:<\/p>\n<\/div>\n\n\n\n<div class=\"wp-block-column is-layout-flow wp-block-column-is-layout-flow\" style=\"flex-basis:80%\">\n<p>Se annullate con anticipo di 7 gg dall\u2019evento: pagherete il 50% del prezzo, se annullate con anticipo inferiore ai 7gg dall\u2019evento: 100% del prezzo.<\/p>\n\n\n\n<p>La nostra disdetta prima dell\u2019escursione: in caso di maltempo, la Guida Alpina ha facolt\u00e0 di annullare l\u2019escursione e concordare con i partecipanti un\u2019altra data per il suo svolgimento. L\u2019escursione pu\u00f2 essere annullata anche qualora non si raggiunga un numero sufficiente di iscrizioni. Le eventuali quote gi\u00e0 versate saranno interamente rimborsate.<\/p>\n\n\n\n<p>Non si ha invece diritto al rimborso o alla riduzione della quota di partecipazione se il Tour viene modificato o interrotto all\u2019improvviso, durante la sua esecuzione, per motivi di sicurezza o condizioni meteo.<\/p>\n<\/div>\n<\/div>\n\n\n\n<div class=\"wp-block-columns is-layout-flex wp-container-core-columns-is-layout-28f84493 wp-block-columns-is-layout-flex\">\n<div class=\"wp-block-column is-layout-flow wp-block-column-is-layout-flow\" style=\"flex-basis:20%\">\n<p>Ulteriori informazioni:<\/p>\n<\/div>\n\n\n\n<div class=\"wp-block-column is-layout-flow wp-block-column-is-layout-flow\" style=\"flex-basis:80%\">\n<p>L\u2019\u00d6tzi Glacier Tour \u00e8 adatto e proponibile anche a giovani minorenni. In tal caso prenotate uno dei nostri <a href=\"https:\/\/www.archeoparc.it\/it\/calendario\/\">appuntamenti con la famiglia<\/a> o <a href=\"https:\/\/www.archeoparc.it\/it\/gruppi\/famiglie\/#oegt-family\">un appuntamento privato<\/a>. In questo modo le nostre Guide Alpine potranno soddisfare al meglio le vostre esigenze famigliari, anche nel caso di gruppi o coppie di adulti.<\/p>\n\n\n\n<p>Condizione psico-fisica richiesta: i requisiti dell\u2019escursione variano in base al periodo dell\u2019anno e alle condizioni nivo-meteo del giorno. Di seguito alcuni elementi per riflettere sulle proprie capacit\u00e0 e attitudini psico-fisiche: <a href=\"https:\/\/www.archeoparc.it\/it\/oetzi-glacier-tour\/#trekking\">requisiti trekking<\/a> e <a href=\"https:\/\/www.archeoparc.it\/it\/oetzi-glacier-tour\/#tour-scialpinistico\">requisiti tour scialpinistico.<\/a> Forse questi interrogativi vi aiuteranno per un\u2019autovalutazione, sui requisiti dell\u2019escursione in Alta Montagna sia estiva che invernale:<\/p>\n\n\n\n<p>Quali escursioni ho praticato in passato? La mia condizione psico-fisica attuale \u00e8 adeguata all\u2019\u00d6tzi Glacier Tour? Gli obiettivi di questo percorso sono troppo grandi per me? Quali sono le mie capacit\u00e0 di progressione e movimento in un terreno (neve, ghiaccio, roccia, cresta) di Alta Montagna? Come affronter\u00f2 la situazione in caso di sfinimento fisico o paura?<\/p>\n\n\n\n<p>Cani: l\u2019escursione che viene normalmente proposta non \u00e8 adeguata ne consigliabile da percorrere con il cane. Se avete l\u2019intenzione di effettuare l\u2019escursione con il vostro cane, vi preghiamo di prenotare un\u2019escursione privata. La nostra Guida Alpina sceglier\u00e0 l\u2019itinerario adatto e idoneo per il vostro cane, evitando la via ferrata e i passaggi pi\u00f9 critici. Vi facciamo presente che per salire in funivia con il cane \u00e8 richiesta la museruola.<\/p>\n\n\n\n<p>Snowboard: Vi preghiamo di prenotare un\u2019escursione privata.<\/p>\n\n\n\n<p>Splitboard: \u00c8 possibile partecipare alla programmata sci-alpinistica.<\/p>\n\n\n\n<p>Ciaspole: Per partecipare all\u2019\u00d6tzi Glacier Tour con le racchette da neve, si deve tener conto che l\u2019escursione termina alla Stazione a Monte Grawand entro le 16.30 per poter scendere con la funivia a Maso Corto. Si prega di prenotare un appuntamento privato e calcolare che la tariffa del tour sar\u00e0 maggiorata del costo del ticket di discesa in funivia.<\/p>\n\n\n\n<p>Noleggio Sci Maso Corto: Skiservice Erwin Stricker Senales, Tel. +39 0473 662112, <a href=\"https:\/\/www.rentandgo.it\/ita\/stores\/product\/sportservice-erwin-stricker-schnals\/1672527600\/1672959600\" target=\"_blank\" rel=\"noreferrer noopener\">Online-Reservierung<\/a>. Orario di servizio 8:30 \u2013 17:00. \u00c8 possibile ritirare il materiale il giorno precedente, senza costi aggiuntivi dopo le ore 15:00, oppure organizzare telefonicamente il ritiro per il giorno dell\u2019escursione alle ore 8:30 del mattino. In ogni caso informateci se ritarderete di qualche minuto all\u2019appuntamento con la Guida. La riconsegna del materiale pu\u00f2 essere fatta entro le ore 17:00, oppure senza costi aggiuntivi entro le ore 10:00 del giorno seguente.<\/p>\n\n\n\n<p>Varianti di percorso: Oltre ai percorsi che le nostre Guide Alpine effettuano nelle date programmate, ci sono anche altre varianti di percorso per raggiungere il sito di \u00d6tzi. Molte volte viene richiesta un\u2019escursione privata con partenza dal Rifugio Bella Vista, che passando per il luogo del ritrovamento di \u00d6tzi, poi termina al Rifugio Similaun. Oppure alpinisti pi\u00f9 esperti richiedono di abbinare all\u2019\u00d6tzi Glacier Tour la cima di Finale o Similaun. Per queste esigenze personalizzate vi preghiamo di contattarci, le nostre Guide Alpine vi faranno un\u2019offerta adeguata alla vostra richiesta.<\/p>\n\n\n\n<p>Arrivo a Maso Corto: con la propria auto o in taxi (es. servizio navetta Norbert Sachsalber, Tel. +39 348 0001612). Purtroppo, l\u2019utilizzo dei mezzi pubblici non \u00e8 conveniente, in quanto gli orari non sono favorevoli all\u2019\u00d6tzi Glacier Tour. In caso di difficolt\u00e0 a raggiungere Maso Corto parla con il tuo albergatore o con noi, che troveremo una soluzione. A volte \u00e8 possibile organizzare dei viaggi in comune.<\/p>\n\n\n\n<p>Parcheggi: A Maso Corto parcheggiate nella grande area dell\u2019Alpin Arena Senales (nel periodo invernale senza costi). A Vernago possibilit\u00e0 di parcheggio vicino alla chiesetta oppure vicino al muro della diga.<\/p>\n<\/div>\n<\/div>\n","protected":false},"excerpt":{"rendered":"<p>Il ritrovamento pi\u00f9 spettacolare mai fatto su un ghiacciaio \u00e8 proprio lui: \u00d6tzi, l\u2019uomo venuto dal Ghiaccio, rinvenuto sul nostro ghiacciaio nel 1991. L\u2019\u00d6tzi Glacier Tour vi conduce a piedi [&hellip;]<\/p>\n","protected":false},"author":6,"featured_media":0,"parent":0,"menu_order":0,"comment_status":"closed","ping_status":"open","template":"","meta":{"_acf_changed":false,"_tec_requires_first_save":true,"_EventAllDay":false,"_EventTimezone":"","_EventStartDate":"","_EventEndDate":"","_EventStartDateUTC":"","_EventEndDateUTC":"","_EventShowMap":false,"_EventShowMapLink":false,"_EventURL":"","_EventCost":"","_EventCostDescription":"","_EventCurrencySymbol":"","_EventCurrencyCode":"","_EventCurrencyPosition":"","_EventDateTimeSeparator":"","_EventTimeRangeSeparator":"","_EventOrganizerID":[],"_EventVenueID":[],"_OrganizerEmail":"","_OrganizerPhone":"","_OrganizerWebsite":"","_VenueAddress":"","_VenueCity":"","_VenueCountry":"","_VenueProvince":"","_VenueState":"","_VenueZip":"","_VenuePhone":"","_VenueURL":"","_VenueStateProvince":"","_VenueLat":"","_VenueLng":"","_VenueShowMap":false,"_VenueShowMapLink":false,"_tribe_blocks_recurrence_rules":"","_tribe_blocks_recurrence_description":"","_tribe_blocks_recurrence_exclusions":"","footnotes":""},"tags":[],"class_list":["post-974","page","type-page","status-publish","hentry"],"acf":[],"yoast_head":"<!-- This site is optimized with the Yoast SEO plugin v27.5 - https:\/\/yoast.com\/product\/yoast-seo-wordpress\/ -->\n<title>\u00d6tzi Glacier Tour | archeoParc Schnalstal<\/title>\n<meta name=\"description\" content=\"L\u2019\u00d6tzi Glacier Tour vi conduce a piedi o con gli sci al luogo del ritrovamento di \u00d6tzi, partendo da Maso Corto fino al Giogo di Tisa.\" \/>\n<meta name=\"robots\" content=\"index, follow, max-snippet:-1, max-image-preview:large, max-video-preview:-1\" \/>\n<link rel=\"canonical\" href=\"https:\/\/www.archeoparc.it\/it\/oetzi-glacier-tour\/\" \/>\n<meta name=\"twitter:label1\" content=\"Tempo di lettura stimato\" \/>\n\t<meta name=\"twitter:data1\" content=\"16 minuti\" \/>\n<script type=\"application\/ld+json\" class=\"yoast-schema-graph\">{\"@context\":\"https:\\\/\\\/schema.org\",\"@graph\":[{\"@type\":\"WebPage\",\"@id\":\"https:\\\/\\\/www.archeoparc.it\\\/it\\\/oetzi-glacier-tour\\\/\",\"url\":\"https:\\\/\\\/www.archeoparc.it\\\/it\\\/oetzi-glacier-tour\\\/\",\"name\":\"\u00d6tzi Glacier Tour | archeoParc Schnalstal\",\"isPartOf\":{\"@id\":\"https:\\\/\\\/www.archeoparc.it\\\/#website\"},\"primaryImageOfPage\":{\"@id\":\"https:\\\/\\\/www.archeoparc.it\\\/it\\\/oetzi-glacier-tour\\\/#primaryimage\"},\"image\":{\"@id\":\"https:\\\/\\\/www.archeoparc.it\\\/it\\\/oetzi-glacier-tour\\\/#primaryimage\"},\"thumbnailUrl\":\"https:\\\/\\\/www.archeoparc.it\\\/wp-content\\\/uploads\\\/archeoparc-schnalstal-21021-1024x682.jpg\",\"datePublished\":\"2012-12-13T20:43:24+00:00\",\"dateModified\":\"2026-01-13T08:57:29+00:00\",\"description\":\"L\u2019\u00d6tzi Glacier Tour vi conduce a piedi o con gli sci al luogo del ritrovamento di \u00d6tzi, partendo da Maso Corto fino al Giogo di Tisa.\",\"inLanguage\":\"it-IT\",\"potentialAction\":[{\"@type\":\"ReadAction\",\"target\":[\"https:\\\/\\\/www.archeoparc.it\\\/it\\\/oetzi-glacier-tour\\\/\"]}]},{\"@type\":\"ImageObject\",\"inLanguage\":\"it-IT\",\"@id\":\"https:\\\/\\\/www.archeoparc.it\\\/it\\\/oetzi-glacier-tour\\\/#primaryimage\",\"url\":\"https:\\\/\\\/www.archeoparc.it\\\/wp-content\\\/uploads\\\/archeoparc-schnalstal-21021-1024x682.jpg\",\"contentUrl\":\"https:\\\/\\\/www.archeoparc.it\\\/wp-content\\\/uploads\\\/archeoparc-schnalstal-21021-1024x682.jpg\"},{\"@type\":\"WebSite\",\"@id\":\"https:\\\/\\\/www.archeoparc.it\\\/#website\",\"url\":\"https:\\\/\\\/www.archeoparc.it\\\/\",\"name\":\"archeoParc Schnalstal\",\"description\":\"Arch\u00e4ologisches Freilichtmuseum\",\"publisher\":{\"@id\":\"https:\\\/\\\/www.archeoparc.it\\\/#organization\"},\"potentialAction\":[{\"@type\":\"SearchAction\",\"target\":{\"@type\":\"EntryPoint\",\"urlTemplate\":\"https:\\\/\\\/www.archeoparc.it\\\/?s={search_term_string}\"},\"query-input\":{\"@type\":\"PropertyValueSpecification\",\"valueRequired\":true,\"valueName\":\"search_term_string\"}}],\"inLanguage\":\"it-IT\"},{\"@type\":\"Organization\",\"@id\":\"https:\\\/\\\/www.archeoparc.it\\\/#organization\",\"name\":\"archeoparc Schnalstal\",\"url\":\"https:\\\/\\\/www.archeoparc.it\\\/\",\"logo\":{\"@type\":\"ImageObject\",\"inLanguage\":\"it-IT\",\"@id\":\"https:\\\/\\\/www.archeoparc.it\\\/#\\\/schema\\\/logo\\\/image\\\/\",\"url\":\"https:\\\/\\\/www.archeoparc.it\\\/wp-content\\\/uploads\\\/cropped-archeoparc_logo_sw.png\",\"contentUrl\":\"https:\\\/\\\/www.archeoparc.it\\\/wp-content\\\/uploads\\\/cropped-archeoparc_logo_sw.png\",\"width\":654,\"height\":211,\"caption\":\"archeoparc Schnalstal\"},\"image\":{\"@id\":\"https:\\\/\\\/www.archeoparc.it\\\/#\\\/schema\\\/logo\\\/image\\\/\"}}]}<\/script>\n<!-- \/ Yoast SEO plugin. -->","yoast_head_json":{"title":"\u00d6tzi Glacier Tour | archeoParc Schnalstal","description":"L\u2019\u00d6tzi Glacier Tour vi conduce a piedi o con gli sci al luogo del ritrovamento di \u00d6tzi, partendo da Maso Corto fino al Giogo di Tisa.","robots":{"index":"index","follow":"follow","max-snippet":"max-snippet:-1","max-image-preview":"max-image-preview:large","max-video-preview":"max-video-preview:-1"},"canonical":"https:\/\/www.archeoparc.it\/it\/oetzi-glacier-tour\/","twitter_misc":{"Tempo di lettura stimato":"16 minuti"},"schema":{"@context":"https:\/\/schema.org","@graph":[{"@type":"WebPage","@id":"https:\/\/www.archeoparc.it\/it\/oetzi-glacier-tour\/","url":"https:\/\/www.archeoparc.it\/it\/oetzi-glacier-tour\/","name":"\u00d6tzi Glacier Tour | archeoParc Schnalstal","isPartOf":{"@id":"https:\/\/www.archeoparc.it\/#website"},"primaryImageOfPage":{"@id":"https:\/\/www.archeoparc.it\/it\/oetzi-glacier-tour\/#primaryimage"},"image":{"@id":"https:\/\/www.archeoparc.it\/it\/oetzi-glacier-tour\/#primaryimage"},"thumbnailUrl":"https:\/\/www.archeoparc.it\/wp-content\/uploads\/archeoparc-schnalstal-21021-1024x682.jpg","datePublished":"2012-12-13T20:43:24+00:00","dateModified":"2026-01-13T08:57:29+00:00","description":"L\u2019\u00d6tzi Glacier Tour vi conduce a piedi o con gli sci al luogo del ritrovamento di \u00d6tzi, partendo da Maso Corto fino al Giogo di Tisa.","inLanguage":"it-IT","potentialAction":[{"@type":"ReadAction","target":["https:\/\/www.archeoparc.it\/it\/oetzi-glacier-tour\/"]}]},{"@type":"ImageObject","inLanguage":"it-IT","@id":"https:\/\/www.archeoparc.it\/it\/oetzi-glacier-tour\/#primaryimage","url":"https:\/\/www.archeoparc.it\/wp-content\/uploads\/archeoparc-schnalstal-21021-1024x682.jpg","contentUrl":"https:\/\/www.archeoparc.it\/wp-content\/uploads\/archeoparc-schnalstal-21021-1024x682.jpg"},{"@type":"WebSite","@id":"https:\/\/www.archeoparc.it\/#website","url":"https:\/\/www.archeoparc.it\/","name":"archeoParc Schnalstal","description":"Arch\u00e4ologisches Freilichtmuseum","publisher":{"@id":"https:\/\/www.archeoparc.it\/#organization"},"potentialAction":[{"@type":"SearchAction","target":{"@type":"EntryPoint","urlTemplate":"https:\/\/www.archeoparc.it\/?s={search_term_string}"},"query-input":{"@type":"PropertyValueSpecification","valueRequired":true,"valueName":"search_term_string"}}],"inLanguage":"it-IT"},{"@type":"Organization","@id":"https:\/\/www.archeoparc.it\/#organization","name":"archeoparc Schnalstal","url":"https:\/\/www.archeoparc.it\/","logo":{"@type":"ImageObject","inLanguage":"it-IT","@id":"https:\/\/www.archeoparc.it\/#\/schema\/logo\/image\/","url":"https:\/\/www.archeoparc.it\/wp-content\/uploads\/cropped-archeoparc_logo_sw.png","contentUrl":"https:\/\/www.archeoparc.it\/wp-content\/uploads\/cropped-archeoparc_logo_sw.png","width":654,"height":211,"caption":"archeoparc Schnalstal"},"image":{"@id":"https:\/\/www.archeoparc.it\/#\/schema\/logo\/image\/"}}]}},"_links":{"self":[{"href":"https:\/\/www.archeoparc.it\/it\/wp-json\/wp\/v2\/pages\/974","targetHints":{"allow":["GET"]}}],"collection":[{"href":"https:\/\/www.archeoparc.it\/it\/wp-json\/wp\/v2\/pages"}],"about":[{"href":"https:\/\/www.archeoparc.it\/it\/wp-json\/wp\/v2\/types\/page"}],"author":[{"embeddable":true,"href":"https:\/\/www.archeoparc.it\/it\/wp-json\/wp\/v2\/users\/6"}],"replies":[{"embeddable":true,"href":"https:\/\/www.archeoparc.it\/it\/wp-json\/wp\/v2\/comments?post=974"}],"version-history":[{"count":54,"href":"https:\/\/www.archeoparc.it\/it\/wp-json\/wp\/v2\/pages\/974\/revisions"}],"predecessor-version":[{"id":66286,"href":"https:\/\/www.archeoparc.it\/it\/wp-json\/wp\/v2\/pages\/974\/revisions\/66286"}],"wp:attachment":[{"href":"https:\/\/www.archeoparc.it\/it\/wp-json\/wp\/v2\/media?parent=974"}],"wp:term":[{"taxonomy":"post_tag","embeddable":true,"href":"https:\/\/www.archeoparc.it\/it\/wp-json\/wp\/v2\/tags?post=974"}],"curies":[{"name":"wp","href":"https:\/\/api.w.org\/{rel}","templated":true}]}}