{"id":982,"date":"2012-12-13T21:43:48","date_gmt":"2012-12-13T20:43:48","guid":{"rendered":"http:\/\/archeo.pixelcreatures.at\/?page_id=982"},"modified":"2023-04-18T13:54:28","modified_gmt":"2023-04-18T11:54:28","slug":"itinerari-archeologici","status":"publish","type":"page","link":"https:\/\/www.archeoparc.it\/it\/archeologia-val-senales\/itinerari-archeologici\/","title":{"rendered":"Itinerari Archeologici"},"content":{"rendered":"<p>Nel 1998 si \u00e8 pensato fosse giunto il momento di far conoscere al vasto pubblico i luoghi dei rinvenimenti avvenuti in quegli anni: cos\u00ec sono nati gli itinerari archeologici della Val Senales.<\/p>\n<p>Ogni itinerario collega vari siti di interesse, segnalati in loco da stele informative in rame installate dall\u2019<a title=\"www.kulturverein-schnals.it\" href=\"http:\/\/www.kulturverein-schnals.it\/index.php?lang=it\" target=\"_blank\" rel=\"noopener noreferrer\">Associazione Culturale di Senales<\/a> in collaborazione con <a title=\"Pro Vita Alpina\" href=\"http:\/\/www.provitaalpina.com\/\" target=\"_blank\" rel=\"noopener noreferrer\">Pro Vita Alpina \u00d6tztal <\/a>(A). Tutti i percorsi sono contraddistinti da speciali segnavia con il pittogramma dell\u2019ascia di \u00d6tzi e indicati nelle carte escursionistiche della zona (Tabacco scala 1:25.000, fogli 43, 44 e 04; Kompass scala 1:50.000, fogli 42,43,52 e 53; Freytag&amp;Berndt scala 1:50.000, fogli S2 e S8 ).<\/p>\n<p>Sempre nel 1998 \u00e8 stata realizzata anche una guida degli itinerari archeologici, le cui mappe si possono scaricare qui di seguito. Il volume \u00e8 andato presto esaurito, ma nel 2011, in occasione del ventennale del ritrovamento di \u00d6tzi, \u00e8 stato ripubblicato in edizione ridotta e aggiornata. Contestualmente \u00e8 uscita anche una nuova mappa riassuntiva, disponibile gratuitamente allo shop del nostro Museo.<\/p>\n<p>&nbsp;<\/p>\n<p><strong>Caminando lungo gli Itinerari Archeologici<br \/>\n<\/strong><\/p>\n<div data-carousel-extra='{\"blog_id\":1,\"permalink\":\"https:\\\/\\\/www.archeoparc.it\\\/it\\\/archeologia-val-senales\\\/itinerari-archeologici\\\/\"}' class=\"tiled-gallery type-square\" data-original-width=\"500\"><div class=\"tiled-gallery-item\"><a border=\"0\" href=\"https:\/\/www.archeoparc.it\/it\/archeologia-val-senales\/itinerari-archeologici\/schalenstein-lousplatt-oberhalb-kastelbellpietra-a-copelle-sopra-castelbellocupstone-above-the-village-of-castelbello-2\/\"><img decoding=\"async\" data-attachment-id=\"13948\" data-orig-file=\"https:\/\/www.archeoparc.it\/wp-content\/uploads\/archeoparc-schnalstal-16013.jpg\" data-orig-size=\"1200,803\" data-comments-opened=\"0\" data-image-meta=\"{&quot;aperture&quot;:&quot;5&quot;,&quot;credit&quot;:&quot;www.archeoparc.it&quot;,&quot;camera&quot;:&quot;NIKON D200&quot;,&quot;caption&quot;:&quot;&quot;,&quot;created_timestamp&quot;:&quot;1285663758&quot;,&quot;copyright&quot;:&quot;private, photo: Gianni Bodini&quot;,&quot;focal_length&quot;:&quot;18&quot;,&quot;iso&quot;:&quot;100&quot;,&quot;shutter_speed&quot;:&quot;0.0111111111111&quot;,&quot;title&quot;:&quot;Schalenstein Lousplatt oberhalb Kastelbell&lt;br \\\/&gt;Pietra a copelle sopra Castelbello&lt;br \\\/&gt;Cupstone above the village of Castelbello&quot;,&quot;orientation&quot;:&quot;1&quot;}\" data-image-title=\"Schalenstein Lousplatt oberhalb Kastelbell&lt;br \/&gt;Pietra a copelle sopra Castelbello&lt;br \/&gt;Cupstone above the village of Castelbello\" data-image-description=\"&lt;p&gt;www.archeoparc.it&lt;\/p&gt;\n\" data-medium-file=\"https:\/\/www.archeoparc.it\/wp-content\/uploads\/archeoparc-schnalstal-16013-300x201.jpg\" data-large-file=\"https:\/\/www.archeoparc.it\/wp-content\/uploads\/archeoparc-schnalstal-16013-1024x685.jpg\" style=\"margin: 2px\" src=\"https:\/\/www.archeoparc.it\/wp-content\/uploads\/archeoparc-schnalstal-16013-245x245.jpg\" width=245 height=245 title=\"Schalenstein Lousplatt oberhalb Kastelbell&lt;br \/&gt;Pietra a copelle sopra Castelbello&lt;br \/&gt;Cupstone above the village of Castelbello\" \/><\/a><div class=\"tiled-gallery-caption\">private, photo: Gianni Bodini<\/div><\/div><div class=\"tiled-gallery-item\"><a border=\"0\" href=\"https:\/\/www.archeoparc.it\/it\/archeologia-val-senales\/itinerari-archeologici\/sogenannte-schneckenhuette-im-tisentallriparo-pastorale-antico-in-val-di-tisaold-enclosure-for-herd-animals-an-sheperds-shelter-in-val-di-tisa-valley-2\/\"><img decoding=\"async\" data-attachment-id=\"13946\" data-orig-file=\"https:\/\/www.archeoparc.it\/wp-content\/uploads\/archeoparc-schnalstal-16012.jpg\" data-orig-size=\"1200,803\" data-comments-opened=\"0\" data-image-meta=\"{&quot;aperture&quot;:&quot;8&quot;,&quot;credit&quot;:&quot;www.archeoparc.it&quot;,&quot;camera&quot;:&quot;NIKON D200&quot;,&quot;caption&quot;:&quot;&quot;,&quot;created_timestamp&quot;:&quot;1277202101&quot;,&quot;copyright&quot;:&quot;private, photo: Gianni Bodini&quot;,&quot;focal_length&quot;:&quot;18&quot;,&quot;iso&quot;:&quot;100&quot;,&quot;shutter_speed&quot;:&quot;0.004&quot;,&quot;title&quot;:&quot;Sogenannte Schneckenh\\u00fctte im Tisentall&lt;br \\\/&gt;Riparo pastorale antico in val di Tisa&lt;br \\\/&gt;Old enclosure for herd-animals an sheperd&#039;s shelter in Val di Tisa valley&quot;,&quot;orientation&quot;:&quot;1&quot;}\" data-image-title=\"Sogenannte Schneckenh\u00fctte im Tisentall&lt;br \/&gt;Riparo pastorale antico in val di Tisa&lt;br \/&gt;Old enclosure for herd-animals an sheperd&#8217;s shelter in Val di Tisa valley\" data-image-description=\"&lt;p&gt;www.archeoparc.it&lt;\/p&gt;\n\" data-medium-file=\"https:\/\/www.archeoparc.it\/wp-content\/uploads\/archeoparc-schnalstal-16012-300x201.jpg\" data-large-file=\"https:\/\/www.archeoparc.it\/wp-content\/uploads\/archeoparc-schnalstal-16012-1024x685.jpg\" style=\"margin: 2px\" src=\"https:\/\/www.archeoparc.it\/wp-content\/uploads\/archeoparc-schnalstal-16012-245x245.jpg\" width=245 height=245 title=\"Sogenannte Schneckenh\u00fctte im Tisentall&lt;br \/&gt;Riparo pastorale antico in val di Tisa&lt;br \/&gt;Old enclosure for herd-animals an sheperd&#039;s shelter in Val di Tisa valley\" \/><\/a><div class=\"tiled-gallery-caption\">private, photo: Gianni Bodini<\/div><\/div><div class=\"tiled-gallery-item\"><a border=\"0\" href=\"https:\/\/www.archeoparc.it\/it\/archeologia-val-senales\/itinerari-archeologici\/ehemaliger-viehpferch-im-finailtalrecintazione-pastorale-antica-in-val-finaleold-enclosure-for-herd-animals-in-val-finale-valley-2\/\"><img decoding=\"async\" data-attachment-id=\"13932\" data-orig-file=\"https:\/\/www.archeoparc.it\/wp-content\/uploads\/archeoparc-schnalstal-16003.jpg\" data-orig-size=\"1200,803\" data-comments-opened=\"0\" data-image-meta=\"{&quot;aperture&quot;:&quot;6.3&quot;,&quot;credit&quot;:&quot;www.archeoparc.it&quot;,&quot;camera&quot;:&quot;NIKON D200&quot;,&quot;caption&quot;:&quot;&quot;,&quot;created_timestamp&quot;:&quot;1186837716&quot;,&quot;copyright&quot;:&quot;private, photo: Gianni Bodini&quot;,&quot;focal_length&quot;:&quot;20&quot;,&quot;iso&quot;:&quot;100&quot;,&quot;shutter_speed&quot;:&quot;0.00625&quot;,&quot;title&quot;:&quot;Ehemaliger Viehpferch im Finailtal&lt;br \\\/&gt;Recintazione pastorale antica in val Finale&lt;br \\\/&gt;Old enclosure for herd-animals in Val Finale valley&quot;,&quot;orientation&quot;:&quot;1&quot;}\" data-image-title=\"Ehemaliger Viehpferch im Finailtal&lt;br \/&gt;Recintazione pastorale antica in val Finale&lt;br \/&gt;Old enclosure for herd-animals in Val Finale valley\" data-image-description=\"&lt;p&gt;www.archeoparc.it&lt;\/p&gt;\n\" data-medium-file=\"https:\/\/www.archeoparc.it\/wp-content\/uploads\/archeoparc-schnalstal-16003-300x201.jpg\" data-large-file=\"https:\/\/www.archeoparc.it\/wp-content\/uploads\/archeoparc-schnalstal-16003-1024x685.jpg\" style=\"margin: 2px\" src=\"https:\/\/www.archeoparc.it\/wp-content\/uploads\/archeoparc-schnalstal-16003-162x162.jpg\" width=162 height=162 title=\"Ehemaliger Viehpferch im Finailtal&lt;br \/&gt;Recintazione pastorale antica in val Finale&lt;br \/&gt;Old enclosure for herd-animals in Val Finale valley\" \/><\/a><div class=\"tiled-gallery-caption\">private, photo: Gianni Bodini<\/div><\/div><div class=\"tiled-gallery-item\"><a border=\"0\" href=\"https:\/\/www.archeoparc.it\/it\/archeologia-val-senales\/itinerari-archeologici\/alter-hirtenunterstandriparo-di-pastori-anticoold-sheperds-shelter-2\/\"><img decoding=\"async\" data-attachment-id=\"13930\" data-orig-file=\"https:\/\/www.archeoparc.it\/wp-content\/uploads\/archeoparc-schnalstal-16002.jpg\" data-orig-size=\"1200,803\" data-comments-opened=\"0\" data-image-meta=\"{&quot;aperture&quot;:&quot;0&quot;,&quot;credit&quot;:&quot;www.archeoparc.it&quot;,&quot;camera&quot;:&quot;NIKON D200&quot;,&quot;caption&quot;:&quot;&quot;,&quot;created_timestamp&quot;:&quot;1173628032&quot;,&quot;copyright&quot;:&quot;private, photo: Gianni Bodini&quot;,&quot;focal_length&quot;:&quot;0&quot;,&quot;iso&quot;:&quot;100&quot;,&quot;shutter_speed&quot;:&quot;0.002&quot;,&quot;title&quot;:&quot;Alter Hirtenunterstand&lt;br \\\/&gt;Riparo di pastori antico&lt;br \\\/&gt;Old sheperd&#039;s shelter&quot;,&quot;orientation&quot;:&quot;1&quot;}\" data-image-title=\"Alter Hirtenunterstand&lt;br \/&gt;Riparo di pastori antico&lt;br \/&gt;Old sheperd&#8217;s shelter\" data-image-description=\"&lt;p&gt;www.archeoparc.it&lt;\/p&gt;\n\" data-medium-file=\"https:\/\/www.archeoparc.it\/wp-content\/uploads\/archeoparc-schnalstal-16002-300x201.jpg\" data-large-file=\"https:\/\/www.archeoparc.it\/wp-content\/uploads\/archeoparc-schnalstal-16002-1024x685.jpg\" style=\"margin: 2px\" src=\"https:\/\/www.archeoparc.it\/wp-content\/uploads\/archeoparc-schnalstal-16002-162x162.jpg\" width=162 height=162 title=\"Alter Hirtenunterstand&lt;br \/&gt;Riparo di pastori antico&lt;br \/&gt;Old sheperd&#039;s shelter\" \/><\/a><div class=\"tiled-gallery-caption\">private, photo: Gianni Bodini<\/div><\/div><div class=\"tiled-gallery-item\"><a border=\"0\" href=\"https:\/\/www.archeoparc.it\/it\/archeologia-val-senales\/itinerari-archeologici\/untergrueblplatte-oberhalb-latschpietra-a-copelle-in-localita-untergrueblplatte-nei-pressi-di-lacescupstone-above-laces-in-val-venosta-valley-2\/\"><img decoding=\"async\" data-attachment-id=\"13928\" data-orig-file=\"https:\/\/www.archeoparc.it\/wp-content\/uploads\/archeoparc-schnalstal-16001.jpg\" data-orig-size=\"1200,803\" data-comments-opened=\"0\" data-image-meta=\"{&quot;aperture&quot;:&quot;7.1&quot;,&quot;credit&quot;:&quot;www.archeoparc.it&quot;,&quot;camera&quot;:&quot;NIKON D200&quot;,&quot;caption&quot;:&quot;&quot;,&quot;created_timestamp&quot;:&quot;1162120134&quot;,&quot;copyright&quot;:&quot;private, photo: Gianni Bodini&quot;,&quot;focal_length&quot;:&quot;20&quot;,&quot;iso&quot;:&quot;200&quot;,&quot;shutter_speed&quot;:&quot;0.005&quot;,&quot;title&quot;:&quot;Untergr\\u00fcblplatte oberhalb Latsch&lt;br \\\/&gt;Pietra a copelle in localit\\u00e0 Untergr\\u00fcblplatte nei pressi di Laces&lt;br \\\/&gt;Cupstone above Laces in Val Venosta valley&quot;,&quot;orientation&quot;:&quot;1&quot;}\" data-image-title=\"Untergr\u00fcblplatte oberhalb Latsch&lt;br \/&gt;Pietra a copelle in localit\u00e0 Untergr\u00fcblplatte nei pressi di Laces&lt;br \/&gt;Cupstone above Laces in Val Venosta valley\" data-image-description=\"&lt;p&gt;www.archeoparc.it&lt;\/p&gt;\n\" data-medium-file=\"https:\/\/www.archeoparc.it\/wp-content\/uploads\/archeoparc-schnalstal-16001-300x201.jpg\" data-large-file=\"https:\/\/www.archeoparc.it\/wp-content\/uploads\/archeoparc-schnalstal-16001-1024x685.jpg\" style=\"margin: 2px\" src=\"https:\/\/www.archeoparc.it\/wp-content\/uploads\/archeoparc-schnalstal-16001-162x162.jpg\" width=162 height=162 title=\"Untergr\u00fcblplatte oberhalb Latsch&lt;br \/&gt;Pietra a copelle in localit\u00e0 Untergr\u00fcblplatte nei pressi di Laces&lt;br \/&gt;Cupstone above Laces in Val Venosta valley\" \/><\/a><div class=\"tiled-gallery-caption\">private, photo: Gianni Bodini<\/div><\/div><div class=\"tiled-gallery-item\"><a border=\"0\" href=\"https:\/\/www.archeoparc.it\/it\/archeologia-val-senales\/itinerari-archeologici\/blick-vom-langgrubjoch-ins-matscher-talvista-dal-giogo-di-fossalunga-in-val-di-maziaval-di-mazia-valley-2-2\/\"><img decoding=\"async\" data-attachment-id=\"13922\" data-orig-file=\"https:\/\/www.archeoparc.it\/wp-content\/uploads\/archeoparc-schnalstal-16033.jpg\" data-orig-size=\"1200,801\" data-comments-opened=\"0\" data-image-meta=\"{&quot;aperture&quot;:&quot;7.1&quot;,&quot;credit&quot;:&quot;www.archeoparc.it&quot;,&quot;camera&quot;:&quot;NIKON D600&quot;,&quot;caption&quot;:&quot;&quot;,&quot;created_timestamp&quot;:&quot;1409224832&quot;,&quot;copyright&quot;:&quot;private, photo: Gianni Bodini&quot;,&quot;focal_length&quot;:&quot;55&quot;,&quot;iso&quot;:&quot;100&quot;,&quot;shutter_speed&quot;:&quot;0.005&quot;,&quot;title&quot;:&quot;Blick vom Langgrubjoch ins Matscher Tal&lt;br \\\/&gt;Vista dal giogo di Fossalunga in val di Mazia&lt;br \\\/&gt;Val di Mazia valley&quot;,&quot;orientation&quot;:&quot;1&quot;}\" data-image-title=\"Blick vom Langgrubjoch ins Matscher Tal&lt;br \/&gt;Vista dal giogo di Fossalunga in val di Mazia&lt;br \/&gt;Val di Mazia valley\" data-image-description=\"&lt;p&gt;www.archeoparc.it&lt;\/p&gt;\n\" data-medium-file=\"https:\/\/www.archeoparc.it\/wp-content\/uploads\/archeoparc-schnalstal-16033-300x200.jpg\" data-large-file=\"https:\/\/www.archeoparc.it\/wp-content\/uploads\/archeoparc-schnalstal-16033-1024x684.jpg\" style=\"margin: 2px\" src=\"https:\/\/www.archeoparc.it\/wp-content\/uploads\/archeoparc-schnalstal-16033-162x162.jpg\" width=162 height=162 title=\"Blick vom Langgrubjoch ins Matscher Tal&lt;br \/&gt;Vista dal giogo di Fossalunga in val di Mazia&lt;br \/&gt;Val di Mazia valley\" \/><\/a><div class=\"tiled-gallery-caption\">private, photo: Gianni Bodini<\/div><\/div><div class=\"tiled-gallery-item\"><a border=\"0\" href=\"https:\/\/www.archeoparc.it\/it\/archeologia-val-senales\/itinerari-archeologici\/blick-vom-langgrubjoch-ins-matscher-talvista-dal-giogo-di-fossalunga-in-val-di-maziaval-di-mazia-valley-3\/\"><img decoding=\"async\" data-attachment-id=\"13920\" data-orig-file=\"https:\/\/www.archeoparc.it\/wp-content\/uploads\/archeoparc-schnalstal-16032.jpg\" data-orig-size=\"1200,801\" data-comments-opened=\"0\" data-image-meta=\"{&quot;aperture&quot;:&quot;9&quot;,&quot;credit&quot;:&quot;www.archeoparc.it&quot;,&quot;camera&quot;:&quot;NIKON D600&quot;,&quot;caption&quot;:&quot;&quot;,&quot;created_timestamp&quot;:&quot;1409218787&quot;,&quot;copyright&quot;:&quot;private, photo: Gianni Bodini&quot;,&quot;focal_length&quot;:&quot;24&quot;,&quot;iso&quot;:&quot;100&quot;,&quot;shutter_speed&quot;:&quot;0.003125&quot;,&quot;title&quot;:&quot;Blick vom Langgrubjoch ins Matscher Tal&lt;br \\\/&gt;Vista dal giogo di Fossalunga in val di Mazia&lt;br \\\/&gt;Val di Mazia valley&quot;,&quot;orientation&quot;:&quot;1&quot;}\" data-image-title=\"Blick vom Langgrubjoch ins Matscher Tal&lt;br \/&gt;Vista dal giogo di Fossalunga in val di Mazia&lt;br \/&gt;Val di Mazia valley\" data-image-description=\"&lt;p&gt;www.archeoparc.it&lt;\/p&gt;\n\" data-medium-file=\"https:\/\/www.archeoparc.it\/wp-content\/uploads\/archeoparc-schnalstal-16032-300x200.jpg\" data-large-file=\"https:\/\/www.archeoparc.it\/wp-content\/uploads\/archeoparc-schnalstal-16032-1024x684.jpg\" style=\"margin: 2px\" src=\"https:\/\/www.archeoparc.it\/wp-content\/uploads\/archeoparc-schnalstal-16032-162x162.jpg\" width=162 height=162 title=\"Blick vom Langgrubjoch ins Matscher Tal&lt;br \/&gt;Vista dal giogo di Fossalunga in val di Mazia&lt;br \/&gt;Val di Mazia valley\" \/><\/a><div class=\"tiled-gallery-caption\">private, photo: Gianni Bodini<\/div><\/div><div class=\"tiled-gallery-item\"><a border=\"0\" href=\"https:\/\/www.archeoparc.it\/it\/archeologia-val-senales\/itinerari-archeologici\/manaidtalval-manaidval-manaid-valley-2\/\"><img decoding=\"async\" data-attachment-id=\"13918\" data-orig-file=\"https:\/\/www.archeoparc.it\/wp-content\/uploads\/archeoparc-schnalstal-16030.jpg\" data-orig-size=\"1200,801\" data-comments-opened=\"0\" data-image-meta=\"{&quot;aperture&quot;:&quot;6.3&quot;,&quot;credit&quot;:&quot;www.archeoparc.it&quot;,&quot;camera&quot;:&quot;NIKON D600&quot;,&quot;caption&quot;:&quot;&quot;,&quot;created_timestamp&quot;:&quot;1413623666&quot;,&quot;copyright&quot;:&quot;private, photo: Gianni Bodini&quot;,&quot;focal_length&quot;:&quot;31&quot;,&quot;iso&quot;:&quot;100&quot;,&quot;shutter_speed&quot;:&quot;0.00625&quot;,&quot;title&quot;:&quot;Manaidtal&lt;br \\\/&gt;val Manaid&lt;br \\\/&gt;val Manaid valley&quot;,&quot;orientation&quot;:&quot;1&quot;}\" data-image-title=\"Manaidtal&lt;br \/&gt;val Manaid&lt;br \/&gt;val Manaid valley\" data-image-description=\"&lt;p&gt;www.archeoparc.it&lt;\/p&gt;\n\" data-medium-file=\"https:\/\/www.archeoparc.it\/wp-content\/uploads\/archeoparc-schnalstal-16030-300x200.jpg\" data-large-file=\"https:\/\/www.archeoparc.it\/wp-content\/uploads\/archeoparc-schnalstal-16030-1024x684.jpg\" style=\"margin: 2px\" src=\"https:\/\/www.archeoparc.it\/wp-content\/uploads\/archeoparc-schnalstal-16030-162x162.jpg\" width=162 height=162 title=\"Manaidtal&lt;br \/&gt;val Manaid&lt;br \/&gt;val Manaid valley\" \/><\/a><div class=\"tiled-gallery-caption\">private, photo: Gianni Bodini<\/div><\/div><div class=\"tiled-gallery-item\"><a border=\"0\" href=\"https:\/\/www.archeoparc.it\/it\/archeologia-val-senales\/itinerari-archeologici\/schlandrauntal-mit-kortscheralmmalga-di-corzes-in-val-di-silandrostable-in-val-di-silandro-valley-2\/\"><img decoding=\"async\" data-attachment-id=\"13904\" data-orig-file=\"https:\/\/www.archeoparc.it\/wp-content\/uploads\/archeoparc-schnalstal-16022.jpg\" data-orig-size=\"1200,803\" data-comments-opened=\"0\" data-image-meta=\"{&quot;aperture&quot;:&quot;9&quot;,&quot;credit&quot;:&quot;www.archeoparc.it&quot;,&quot;camera&quot;:&quot;NIKON D200&quot;,&quot;caption&quot;:&quot;&quot;,&quot;created_timestamp&quot;:&quot;1370271586&quot;,&quot;copyright&quot;:&quot;private, photo: Gianni Bodini&quot;,&quot;focal_length&quot;:&quot;55&quot;,&quot;iso&quot;:&quot;200&quot;,&quot;shutter_speed&quot;:&quot;0.003125&quot;,&quot;title&quot;:&quot;Schlandrauntal mit Kortscheralm&lt;br \\\/&gt;Malga di Corzes in val di Silandro&lt;br \\\/&gt;Stable in Val di Silandro valley&quot;,&quot;orientation&quot;:&quot;1&quot;}\" data-image-title=\"Schlandrauntal mit Kortscheralm&lt;br \/&gt;Malga di Corzes in val di Silandro&lt;br \/&gt;Stable in Val di Silandro valley\" data-image-description=\"&lt;p&gt;www.archeoparc.it&lt;\/p&gt;\n\" data-medium-file=\"https:\/\/www.archeoparc.it\/wp-content\/uploads\/archeoparc-schnalstal-16022-300x201.jpg\" data-large-file=\"https:\/\/www.archeoparc.it\/wp-content\/uploads\/archeoparc-schnalstal-16022-1024x685.jpg\" style=\"margin: 2px\" src=\"https:\/\/www.archeoparc.it\/wp-content\/uploads\/archeoparc-schnalstal-16022-162x162.jpg\" width=162 height=162 title=\"Schlandrauntal mit Kortscheralm&lt;br \/&gt;Malga di Corzes in val di Silandro&lt;br \/&gt;Stable in Val di Silandro valley\" \/><\/a><div class=\"tiled-gallery-caption\">private, photo: Gianni Bodini<\/div><\/div><div class=\"tiled-gallery-item\"><a border=\"0\" href=\"https:\/\/www.archeoparc.it\/it\/archeologia-val-senales\/itinerari-archeologici\/blick-von-der-sogenannten-schneckenhuette-im-tisental-nach-vernagtvista-dalla-val-di-tisa-sul-lago-artificiale-di-vernagoview-from-val-di-tisa-valley-2\/\"><img decoding=\"async\" data-attachment-id=\"13902\" data-orig-file=\"https:\/\/www.archeoparc.it\/wp-content\/uploads\/archeoparc-schnalstal-16021.jpg\" data-orig-size=\"1200,803\" data-comments-opened=\"0\" data-image-meta=\"{&quot;aperture&quot;:&quot;10&quot;,&quot;credit&quot;:&quot;www.archeoparc.it&quot;,&quot;camera&quot;:&quot;NIKON D200&quot;,&quot;caption&quot;:&quot;&quot;,&quot;created_timestamp&quot;:&quot;1347720593&quot;,&quot;copyright&quot;:&quot;private, photo: Gianni Bodini&quot;,&quot;focal_length&quot;:&quot;112&quot;,&quot;iso&quot;:&quot;200&quot;,&quot;shutter_speed&quot;:&quot;0.0025&quot;,&quot;title&quot;:&quot;Blick von der sogenannten Schneckenh\\u00fctte im Tisental nach Vernagt&lt;br \\\/&gt;Vista dalla val di Tisa sul lago artificiale di Vernago&lt;br \\\/&gt;View from Val di Tisa valley&quot;,&quot;orientation&quot;:&quot;1&quot;}\" data-image-title=\"Blick von der sogenannten Schneckenh\u00fctte im Tisental nach Vernagt&lt;br \/&gt;Vista dalla val di Tisa sul lago artificiale di Vernago&lt;br \/&gt;View from Val di Tisa valley\" data-image-description=\"&lt;p&gt;www.archeoparc.it&lt;\/p&gt;\n\" data-medium-file=\"https:\/\/www.archeoparc.it\/wp-content\/uploads\/archeoparc-schnalstal-16021-300x201.jpg\" data-large-file=\"https:\/\/www.archeoparc.it\/wp-content\/uploads\/archeoparc-schnalstal-16021-1024x685.jpg\" style=\"margin: 2px\" src=\"https:\/\/www.archeoparc.it\/wp-content\/uploads\/archeoparc-schnalstal-16021-162x162.jpg\" width=162 height=162 title=\"Blick von der sogenannten Schneckenh\u00fctte im Tisental nach Vernagt&lt;br \/&gt;Vista dalla val di Tisa sul lago artificiale di Vernago&lt;br \/&gt;View from Val di Tisa valley\" \/><\/a><div class=\"tiled-gallery-caption\">private, photo: Gianni Bodini<\/div><\/div><div class=\"tiled-gallery-item\"><a border=\"0\" href=\"https:\/\/www.archeoparc.it\/it\/archeologia-val-senales\/itinerari-archeologici\/sonnenberg-oberhalb-stabenmonte-mezzodi-sopra-stavamonte-mezzodi-mountain-above-the-village-of-stava-2\/\"><img decoding=\"async\" data-attachment-id=\"13894\" data-orig-file=\"https:\/\/www.archeoparc.it\/wp-content\/uploads\/archeoparc-schnalstal-16017.jpg\" data-orig-size=\"1200,803\" data-comments-opened=\"0\" data-image-meta=\"{&quot;aperture&quot;:&quot;9&quot;,&quot;credit&quot;:&quot;www.archeoparc.it&quot;,&quot;camera&quot;:&quot;NIKON D200&quot;,&quot;caption&quot;:&quot;&quot;,&quot;created_timestamp&quot;:&quot;1319887813&quot;,&quot;copyright&quot;:&quot;private, photo: Gianni Bodini&quot;,&quot;focal_length&quot;:&quot;50&quot;,&quot;iso&quot;:&quot;100&quot;,&quot;shutter_speed&quot;:&quot;0.003125&quot;,&quot;title&quot;:&quot;Sonnenberg oberhalb Staben&lt;br \\\/&gt;Monte Mezzod\\u00ec sopra Stava&lt;br \\\/&gt;Monte Mezzod\\u00ec mountain above the village of Stava&quot;,&quot;orientation&quot;:&quot;1&quot;}\" data-image-title=\"Sonnenberg oberhalb Staben&lt;br \/&gt;Monte Mezzod\u00ec sopra Stava&lt;br \/&gt;Monte Mezzod\u00ec mountain above the village of Stava\" data-image-description=\"&lt;p&gt;www.archeoparc.it&lt;\/p&gt;\n\" data-medium-file=\"https:\/\/www.archeoparc.it\/wp-content\/uploads\/archeoparc-schnalstal-16017-300x201.jpg\" data-large-file=\"https:\/\/www.archeoparc.it\/wp-content\/uploads\/archeoparc-schnalstal-16017-1024x685.jpg\" style=\"margin: 2px\" src=\"https:\/\/www.archeoparc.it\/wp-content\/uploads\/archeoparc-schnalstal-16017-162x162.jpg\" width=162 height=162 title=\"Sonnenberg oberhalb Staben&lt;br \/&gt;Monte Mezzod\u00ec sopra Stava&lt;br \/&gt;Monte Mezzod\u00ec mountain above the village of Stava\" \/><\/a><div class=\"tiled-gallery-caption\">private, photo: Gianni Bodini<\/div><\/div><div class=\"tiled-gallery-item\"><a border=\"0\" href=\"https:\/\/www.archeoparc.it\/it\/archeologia-val-senales\/itinerari-archeologici\/sonnenberg-mittscharsmonte-mezzodi-e-ciardesmonte-mezzodi-mountain-and-the-village-of-ciardes-2\/\"><img decoding=\"async\" data-attachment-id=\"13890\" data-orig-file=\"https:\/\/www.archeoparc.it\/wp-content\/uploads\/archeoparc-schnalstal-16014.jpg\" data-orig-size=\"1200,803\" data-comments-opened=\"0\" data-image-meta=\"{&quot;aperture&quot;:&quot;8&quot;,&quot;credit&quot;:&quot;www.archeoparc.it&quot;,&quot;camera&quot;:&quot;NIKON D200&quot;,&quot;caption&quot;:&quot;&quot;,&quot;created_timestamp&quot;:&quot;1285665309&quot;,&quot;copyright&quot;:&quot;private, photo: Gianni Bodini&quot;,&quot;focal_length&quot;:&quot;90&quot;,&quot;iso&quot;:&quot;100&quot;,&quot;shutter_speed&quot;:&quot;0.004&quot;,&quot;title&quot;:&quot;Sonnenberg mitTschars&lt;br \\\/&gt;Monte Mezzod\\u00ec e Ciardes&lt;br \\\/&gt;Monte Mezzod\\u00ec mountain and the village of Ciardes&quot;,&quot;orientation&quot;:&quot;1&quot;}\" data-image-title=\"Sonnenberg mitTschars&lt;br \/&gt;Monte Mezzod\u00ec e Ciardes&lt;br \/&gt;Monte Mezzod\u00ec mountain and the village of Ciardes\" data-image-description=\"&lt;p&gt;www.archeoparc.it&lt;\/p&gt;\n\" data-medium-file=\"https:\/\/www.archeoparc.it\/wp-content\/uploads\/archeoparc-schnalstal-16014-300x201.jpg\" data-large-file=\"https:\/\/www.archeoparc.it\/wp-content\/uploads\/archeoparc-schnalstal-16014-1024x685.jpg\" style=\"margin: 2px\" src=\"https:\/\/www.archeoparc.it\/wp-content\/uploads\/archeoparc-schnalstal-16014-162x162.jpg\" width=162 height=162 title=\"Sonnenberg mitTschars&lt;br \/&gt;Monte Mezzod\u00ec e Ciardes&lt;br \/&gt;Monte Mezzod\u00ec mountain and the village of Ciardes\" \/><\/a><div class=\"tiled-gallery-caption\">private, photo: Gianni Bodini<\/div><\/div><div class=\"tiled-gallery-item\"><a border=\"0\" href=\"https:\/\/www.archeoparc.it\/it\/archeologia-val-senales\/itinerari-archeologici\/kortscher-see-im-schlandrauntallago-di-corzes-in-val-di-silandrotarn-in-val-di-silandro-valley-2\/\"><img decoding=\"async\" data-attachment-id=\"13938\" data-orig-file=\"https:\/\/www.archeoparc.it\/wp-content\/uploads\/archeoparc-schnalstal-16007.jpg\" data-orig-size=\"1200,900\" data-comments-opened=\"0\" data-image-meta=\"{&quot;aperture&quot;:&quot;4&quot;,&quot;credit&quot;:&quot;www.archeoparc.it&quot;,&quot;camera&quot;:&quot;Canon PowerShot A710 IS&quot;,&quot;caption&quot;:&quot;&quot;,&quot;created_timestamp&quot;:&quot;1213014758&quot;,&quot;copyright&quot;:&quot;private, photo: Gianni Bodini&quot;,&quot;focal_length&quot;:&quot;7.701&quot;,&quot;iso&quot;:&quot;0&quot;,&quot;shutter_speed&quot;:&quot;0.0015625&quot;,&quot;title&quot;:&quot;Kortscher See im Schlandrauntal&lt;br \\\/&gt;Lago di Corzes in val di Silandro&lt;br \\\/&gt;Tarn in Val di Silandro valley&quot;,&quot;orientation&quot;:&quot;1&quot;}\" data-image-title=\"Kortscher See im Schlandrauntal&lt;br \/&gt;Lago di Corzes in val di Silandro&lt;br \/&gt;Tarn in Val di Silandro valley\" data-image-description=\"&lt;p&gt;www.archeoparc.it&lt;\/p&gt;\n\" data-medium-file=\"https:\/\/www.archeoparc.it\/wp-content\/uploads\/archeoparc-schnalstal-16007-300x225.jpg\" data-large-file=\"https:\/\/www.archeoparc.it\/wp-content\/uploads\/archeoparc-schnalstal-16007-1024x768.jpg\" style=\"margin: 2px\" src=\"https:\/\/www.archeoparc.it\/wp-content\/uploads\/archeoparc-schnalstal-16007-162x162.jpg\" width=162 height=162 title=\"Kortscher See im Schlandrauntal&lt;br \/&gt;Lago di Corzes in val di Silandro&lt;br \/&gt;Tarn in Val di Silandro valley\" \/><\/a><div class=\"tiled-gallery-caption\">private, photo: Gianni Bodini<\/div><\/div><div class=\"tiled-gallery-item\"><a border=\"0\" href=\"https:\/\/www.archeoparc.it\/it\/archeologia-val-senales\/itinerari-archeologici\/obermairalm-oberhalb-katharinabergmalga-di-mara-sopra-monte-santa-catarinasummer-stable-malga-di-mara-above-the-village-of-monte-santa-catarina-3\/\"><img decoding=\"async\" data-attachment-id=\"13934\" data-orig-file=\"https:\/\/www.archeoparc.it\/wp-content\/uploads\/archeoparc-schnalstal-16004.jpg\" data-orig-size=\"1200,803\" data-comments-opened=\"0\" data-image-meta=\"{&quot;aperture&quot;:&quot;8&quot;,&quot;credit&quot;:&quot;www.archeoparc.it&quot;,&quot;camera&quot;:&quot;NIKON D200&quot;,&quot;caption&quot;:&quot;&quot;,&quot;created_timestamp&quot;:&quot;1193922833&quot;,&quot;copyright&quot;:&quot;private, photo: Gianni Bodini&quot;,&quot;focal_length&quot;:&quot;20&quot;,&quot;iso&quot;:&quot;100&quot;,&quot;shutter_speed&quot;:&quot;0.004&quot;,&quot;title&quot;:&quot;Obermairalm oberhalb Katharinaberg&lt;br \\\/&gt;Malga di Mara sopra Monte Santa Catarina&lt;br \\\/&gt;Summer stable Malga di Mara above the village of Monte Santa Catarina&quot;,&quot;orientation&quot;:&quot;1&quot;}\" data-image-title=\"Obermairalm oberhalb Katharinaberg&lt;br \/&gt;Malga di Mara sopra Monte Santa Catarina&lt;br \/&gt;Summer stable Malga di Mara above the village of Monte Santa Catarina\" data-image-description=\"&lt;p&gt;www.archeoparc.it&lt;\/p&gt;\n\" data-medium-file=\"https:\/\/www.archeoparc.it\/wp-content\/uploads\/archeoparc-schnalstal-16004-300x201.jpg\" data-large-file=\"https:\/\/www.archeoparc.it\/wp-content\/uploads\/archeoparc-schnalstal-16004-1024x685.jpg\" style=\"margin: 2px\" src=\"https:\/\/www.archeoparc.it\/wp-content\/uploads\/archeoparc-schnalstal-16004-162x162.jpg\" width=162 height=162 title=\"Obermairalm oberhalb Katharinaberg&lt;br \/&gt;Malga di Mara sopra Monte Santa Catarina&lt;br \/&gt;Summer stable Malga di Mara above the village of Monte Santa Catarina\" \/><\/a><div class=\"tiled-gallery-caption\">private, photo: Gianni Bodini<\/div><\/div><\/div>\n<p>&nbsp;<\/p>\n<p><strong>A2, A3 e A4 nei giorni della transumanza<br \/>\n<\/strong><\/p>\n<div data-carousel-extra='{\"blog_id\":1,\"permalink\":\"https:\\\/\\\/www.archeoparc.it\\\/it\\\/archeologia-val-senales\\\/itinerari-archeologici\\\/\"}' class=\"tiled-gallery type-square\" data-original-width=\"500\"><div class=\"tiled-gallery-item\"><a border=\"0\" href=\"https:\/\/www.archeoparc.it\/it\/archeologia-val-senales\/itinerari-archeologici\/unterhalb-der-similaunhuetteprima-di-arrivare-al-rifugio-similaunsheep-and-sheperds-in-val-di-tisa-valley-2\/\"><img decoding=\"async\" data-attachment-id=\"13942\" data-orig-file=\"https:\/\/www.archeoparc.it\/wp-content\/uploads\/archeoparc-schnalstal-16010.jpg\" data-orig-size=\"1200,900\" data-comments-opened=\"0\" data-image-meta=\"{&quot;aperture&quot;:&quot;3.5&quot;,&quot;credit&quot;:&quot;www.archeoparc.it&quot;,&quot;camera&quot;:&quot;Canon PowerShot A710 IS&quot;,&quot;caption&quot;:&quot;&quot;,&quot;created_timestamp&quot;:&quot;1221469225&quot;,&quot;copyright&quot;:&quot;private, photo: Gianni Bodini&quot;,&quot;focal_length&quot;:&quot;5.8&quot;,&quot;iso&quot;:&quot;0&quot;,&quot;shutter_speed&quot;:&quot;0.0166666666667&quot;,&quot;title&quot;:&quot;Unterhalb der Similaunh\\u00fctte&lt;br \\\/&gt;Prima di arrivare al rifugio Similaun&lt;br \\\/&gt;Sheep and sheperds in Val di Tisa valley&quot;,&quot;orientation&quot;:&quot;1&quot;}\" data-image-title=\"Unterhalb der Similaunh\u00fctte&lt;br \/&gt;Prima di arrivare al rifugio Similaun&lt;br \/&gt;Sheep and sheperds in Val di Tisa valley\" data-image-description=\"&lt;p&gt;www.archeoparc.it&lt;\/p&gt;\n\" data-medium-file=\"https:\/\/www.archeoparc.it\/wp-content\/uploads\/archeoparc-schnalstal-16010-300x225.jpg\" data-large-file=\"https:\/\/www.archeoparc.it\/wp-content\/uploads\/archeoparc-schnalstal-16010-1024x768.jpg\" style=\"margin: 2px\" src=\"https:\/\/www.archeoparc.it\/wp-content\/uploads\/archeoparc-schnalstal-16010-162x162.jpg\" width=162 height=162 title=\"Unterhalb der Similaunh\u00fctte&lt;br \/&gt;Prima di arrivare al rifugio Similaun&lt;br \/&gt;Sheep and sheperds in Val di Tisa valley\" \/><\/a><div class=\"tiled-gallery-caption\">private, photo: Gianni Bodini<\/div><\/div><div class=\"tiled-gallery-item\"><a border=\"0\" href=\"https:\/\/www.archeoparc.it\/it\/archeologia-val-senales\/itinerari-archeologici\/schafe-am-weg-vom-taschljoechl-nach-kortschpecore-in-val-di-silandrosheep-in-val-di-silandro-valley-2\/\"><img decoding=\"async\" data-attachment-id=\"13940\" data-orig-file=\"https:\/\/www.archeoparc.it\/wp-content\/uploads\/archeoparc-schnalstal-16008.jpg\" data-orig-size=\"1200,803\" data-comments-opened=\"0\" data-image-meta=\"{&quot;aperture&quot;:&quot;9&quot;,&quot;credit&quot;:&quot;www.archeoparc.it&quot;,&quot;camera&quot;:&quot;NIKON D200&quot;,&quot;caption&quot;:&quot;&quot;,&quot;created_timestamp&quot;:&quot;1221478455&quot;,&quot;copyright&quot;:&quot;private, photo: Gianni Bodini&quot;,&quot;focal_length&quot;:&quot;20&quot;,&quot;iso&quot;:&quot;100&quot;,&quot;shutter_speed&quot;:&quot;0.003125&quot;,&quot;title&quot;:&quot;Schafe am Weg vom Taschlj\\u00f6chl nach Kortsch&lt;br \\\/&gt;Pecore in val di Silandro&lt;br \\\/&gt;Sheep in Val di Silandro valley&quot;,&quot;orientation&quot;:&quot;1&quot;}\" data-image-title=\"Schafe am Weg vom Taschlj\u00f6chl nach Kortsch&lt;br \/&gt;Pecore in val di Silandro&lt;br \/&gt;Sheep in Val di Silandro valley\" data-image-description=\"&lt;p&gt;www.archeoparc.it&lt;\/p&gt;\n\" data-medium-file=\"https:\/\/www.archeoparc.it\/wp-content\/uploads\/archeoparc-schnalstal-16008-300x201.jpg\" data-large-file=\"https:\/\/www.archeoparc.it\/wp-content\/uploads\/archeoparc-schnalstal-16008-1024x685.jpg\" style=\"margin: 2px\" src=\"https:\/\/www.archeoparc.it\/wp-content\/uploads\/archeoparc-schnalstal-16008-162x162.jpg\" width=162 height=162 title=\"Schafe am Weg vom Taschlj\u00f6chl nach Kortsch&lt;br \/&gt;Pecore in val di Silandro&lt;br \/&gt;Sheep in Val di Silandro valley\" \/><\/a><div class=\"tiled-gallery-caption\">private, photo: Gianni Bodini<\/div><\/div><div class=\"tiled-gallery-item\"><a border=\"0\" href=\"https:\/\/www.archeoparc.it\/it\/archeologia-val-senales\/itinerari-archeologici\/schafe-am-niederjochferner-unterhalb-des-tisenjochspecore-attaversando-la-vedretta-del-giogo-basso-sheep-crossing-the-glacier-and-in-the-background-the-discovery-site-of-the-iceman-2\/\"><img decoding=\"async\" data-attachment-id=\"13926\" data-orig-file=\"https:\/\/www.archeoparc.it\/wp-content\/uploads\/archeoparc-schnalstal-16035.jpg\" data-orig-size=\"1200,786\" data-comments-opened=\"0\" data-image-meta=\"{&quot;aperture&quot;:&quot;0&quot;,&quot;credit&quot;:&quot;www.archeoparc.it&quot;,&quot;camera&quot;:&quot;&quot;,&quot;caption&quot;:&quot;&quot;,&quot;created_timestamp&quot;:&quot;1242040078&quot;,&quot;copyright&quot;:&quot;private, photo: Gianni Bodini&quot;,&quot;focal_length&quot;:&quot;0&quot;,&quot;iso&quot;:&quot;0&quot;,&quot;shutter_speed&quot;:&quot;0&quot;,&quot;title&quot;:&quot;Schafe am Niederjochferner unterhalb des Tisenjochs&lt;br \\\/&gt;Pecore attaversando la Vedretta del Giogo Basso &lt;br \\\/&gt;Sheep crossing the glacier and in the background the discovery site of the Iceman&quot;,&quot;orientation&quot;:&quot;1&quot;}\" data-image-title=\"Schafe am Niederjochferner unterhalb des Tisenjochs&lt;br \/&gt;Pecore attaversando la Vedretta del Giogo Basso &lt;br \/&gt;Sheep crossing the glacier and in the background the discovery site of the Iceman\" data-image-description=\"&lt;p&gt;www.archeoparc.it&lt;\/p&gt;\n\" data-medium-file=\"https:\/\/www.archeoparc.it\/wp-content\/uploads\/archeoparc-schnalstal-16035-300x197.jpg\" data-large-file=\"https:\/\/www.archeoparc.it\/wp-content\/uploads\/archeoparc-schnalstal-16035-1024x671.jpg\" style=\"margin: 2px\" src=\"https:\/\/www.archeoparc.it\/wp-content\/uploads\/archeoparc-schnalstal-16035-162x162.jpg\" width=162 height=162 title=\"Schafe am Niederjochferner unterhalb des Tisenjochs&lt;br \/&gt;Pecore attaversando la Vedretta del Giogo Basso &lt;br \/&gt;Sheep crossing the glacier and in the background the discovery site of the Iceman\" \/><\/a><div class=\"tiled-gallery-caption\">private, photo: Gianni Bodini<\/div><\/div><div class=\"tiled-gallery-item\"><a border=\"0\" href=\"https:\/\/www.archeoparc.it\/it\/archeologia-val-senales\/itinerari-archeologici\/schafe-am-weg-vom-taschljoechl-nach-lazaunpecore-scendendo-dal-giogo-tascasheep-in-val-di-lazaun-valley-2\/\"><img decoding=\"async\" data-attachment-id=\"13924\" data-orig-file=\"https:\/\/www.archeoparc.it\/wp-content\/uploads\/archeoparc-schnalstal-16034.jpg\" data-orig-size=\"1200,803\" data-comments-opened=\"0\" data-image-meta=\"{&quot;aperture&quot;:&quot;11&quot;,&quot;credit&quot;:&quot;www.archeoparc.it&quot;,&quot;camera&quot;:&quot;NIKON D200&quot;,&quot;caption&quot;:&quot;&quot;,&quot;created_timestamp&quot;:&quot;1276265761&quot;,&quot;copyright&quot;:&quot;private, photo: Gianni Bodini&quot;,&quot;focal_length&quot;:&quot;32&quot;,&quot;iso&quot;:&quot;100&quot;,&quot;shutter_speed&quot;:&quot;0.002&quot;,&quot;title&quot;:&quot;Schafe am Weg vom Taschlj\\u00f6chl nach Lazaun&lt;br \\\/&gt;Pecore scendendo dal giogo Tasca&lt;br \\\/&gt;Sheep in val di Lazaun valley&quot;,&quot;orientation&quot;:&quot;1&quot;}\" data-image-title=\"Schafe am Weg vom Taschlj\u00f6chl nach Lazaun&lt;br \/&gt;Pecore scendendo dal giogo Tasca&lt;br \/&gt;Sheep in val di Lazaun valley\" data-image-description=\"&lt;p&gt;www.archeoparc.it&lt;\/p&gt;\n\" data-medium-file=\"https:\/\/www.archeoparc.it\/wp-content\/uploads\/archeoparc-schnalstal-16034-300x201.jpg\" data-large-file=\"https:\/\/www.archeoparc.it\/wp-content\/uploads\/archeoparc-schnalstal-16034-1024x685.jpg\" style=\"margin: 2px\" src=\"https:\/\/www.archeoparc.it\/wp-content\/uploads\/archeoparc-schnalstal-16034-162x162.jpg\" width=162 height=162 title=\"Schafe am Weg vom Taschlj\u00f6chl nach Lazaun&lt;br \/&gt;Pecore scendendo dal giogo Tasca&lt;br \/&gt;Sheep in val di Lazaun valley\" \/><\/a><div class=\"tiled-gallery-caption\">private, photo: Gianni Bodini<\/div><\/div><div class=\"tiled-gallery-item\"><a border=\"0\" href=\"https:\/\/www.archeoparc.it\/it\/archeologia-val-senales\/itinerari-archeologici\/sogenannte-schneckenhuette-im-tisentallriparo-pastorale-antico-in-val-di-tisaold-enclosure-for-herd-animals-an-sheperds-shelter-in-val-di-tisa-valley-2\/\"><img decoding=\"async\" data-attachment-id=\"13946\" data-orig-file=\"https:\/\/www.archeoparc.it\/wp-content\/uploads\/archeoparc-schnalstal-16012.jpg\" data-orig-size=\"1200,803\" data-comments-opened=\"0\" data-image-meta=\"{&quot;aperture&quot;:&quot;8&quot;,&quot;credit&quot;:&quot;www.archeoparc.it&quot;,&quot;camera&quot;:&quot;NIKON D200&quot;,&quot;caption&quot;:&quot;&quot;,&quot;created_timestamp&quot;:&quot;1277202101&quot;,&quot;copyright&quot;:&quot;private, photo: Gianni Bodini&quot;,&quot;focal_length&quot;:&quot;18&quot;,&quot;iso&quot;:&quot;100&quot;,&quot;shutter_speed&quot;:&quot;0.004&quot;,&quot;title&quot;:&quot;Sogenannte Schneckenh\\u00fctte im Tisentall&lt;br \\\/&gt;Riparo pastorale antico in val di Tisa&lt;br \\\/&gt;Old enclosure for herd-animals an sheperd&#039;s shelter in Val di Tisa valley&quot;,&quot;orientation&quot;:&quot;1&quot;}\" data-image-title=\"Sogenannte Schneckenh\u00fctte im Tisentall&lt;br \/&gt;Riparo pastorale antico in val di Tisa&lt;br \/&gt;Old enclosure for herd-animals an sheperd&#8217;s shelter in Val di Tisa valley\" data-image-description=\"&lt;p&gt;www.archeoparc.it&lt;\/p&gt;\n\" data-medium-file=\"https:\/\/www.archeoparc.it\/wp-content\/uploads\/archeoparc-schnalstal-16012-300x201.jpg\" data-large-file=\"https:\/\/www.archeoparc.it\/wp-content\/uploads\/archeoparc-schnalstal-16012-1024x685.jpg\" style=\"margin: 2px\" src=\"https:\/\/www.archeoparc.it\/wp-content\/uploads\/archeoparc-schnalstal-16012-162x162.jpg\" width=162 height=162 title=\"Sogenannte Schneckenh\u00fctte im Tisentall&lt;br \/&gt;Riparo pastorale antico in val di Tisa&lt;br \/&gt;Old enclosure for herd-animals an sheperd&#039;s shelter in Val di Tisa valley\" \/><\/a><div class=\"tiled-gallery-caption\">private, photo: Gianni Bodini<\/div><\/div><div class=\"tiled-gallery-item\"><a border=\"0\" href=\"https:\/\/www.archeoparc.it\/it\/archeologia-val-senales\/itinerari-archeologici\/kortscher-see-im-schlandrauntallago-di-corzes-in-val-di-silandrotarn-in-val-di-silandro-valley-2\/\"><img decoding=\"async\" data-attachment-id=\"13938\" data-orig-file=\"https:\/\/www.archeoparc.it\/wp-content\/uploads\/archeoparc-schnalstal-16007.jpg\" data-orig-size=\"1200,900\" data-comments-opened=\"0\" data-image-meta=\"{&quot;aperture&quot;:&quot;4&quot;,&quot;credit&quot;:&quot;www.archeoparc.it&quot;,&quot;camera&quot;:&quot;Canon PowerShot A710 IS&quot;,&quot;caption&quot;:&quot;&quot;,&quot;created_timestamp&quot;:&quot;1213014758&quot;,&quot;copyright&quot;:&quot;private, photo: Gianni Bodini&quot;,&quot;focal_length&quot;:&quot;7.701&quot;,&quot;iso&quot;:&quot;0&quot;,&quot;shutter_speed&quot;:&quot;0.0015625&quot;,&quot;title&quot;:&quot;Kortscher See im Schlandrauntal&lt;br \\\/&gt;Lago di Corzes in val di Silandro&lt;br \\\/&gt;Tarn in Val di Silandro valley&quot;,&quot;orientation&quot;:&quot;1&quot;}\" data-image-title=\"Kortscher See im Schlandrauntal&lt;br \/&gt;Lago di Corzes in val di Silandro&lt;br \/&gt;Tarn in Val di Silandro valley\" data-image-description=\"&lt;p&gt;www.archeoparc.it&lt;\/p&gt;\n\" data-medium-file=\"https:\/\/www.archeoparc.it\/wp-content\/uploads\/archeoparc-schnalstal-16007-300x225.jpg\" data-large-file=\"https:\/\/www.archeoparc.it\/wp-content\/uploads\/archeoparc-schnalstal-16007-1024x768.jpg\" style=\"margin: 2px\" src=\"https:\/\/www.archeoparc.it\/wp-content\/uploads\/archeoparc-schnalstal-16007-162x162.jpg\" width=162 height=162 title=\"Kortscher See im Schlandrauntal&lt;br \/&gt;Lago di Corzes in val di Silandro&lt;br \/&gt;Tarn in Val di Silandro valley\" \/><\/a><div class=\"tiled-gallery-caption\">private, photo: Gianni Bodini<\/div><\/div><\/div>\n<p>&nbsp;<\/p>\n<p><strong>Musei e luogi culturali lungo gli Itinerari Archeologici<br \/>\n<\/strong><\/p>\n<div data-carousel-extra='{\"blog_id\":1,\"permalink\":\"https:\\\/\\\/www.archeoparc.it\\\/it\\\/archeologia-val-senales\\\/itinerari-archeologici\\\/\"}' class=\"tiled-gallery type-square\" data-original-width=\"500\"><div class=\"tiled-gallery-item\"><a border=\"0\" href=\"https:\/\/www.archeoparc.it\/it\/archeologia-val-senales\/itinerari-archeologici\/archaeologische-zone-ganglegg-bei-schludernszona-archeologica-del-ganglegg-nei-pressi-di-sludernoarcheological-site-of-ganglegg-close-to-sluderno-2\/\"><img decoding=\"async\" data-attachment-id=\"13944\" data-orig-file=\"https:\/\/www.archeoparc.it\/wp-content\/uploads\/archeoparc-schnalstal-16011.jpg\" data-orig-size=\"1200,803\" data-comments-opened=\"0\" data-image-meta=\"{&quot;aperture&quot;:&quot;5&quot;,&quot;credit&quot;:&quot;www.archeoparc.it&quot;,&quot;camera&quot;:&quot;NIKON D200&quot;,&quot;caption&quot;:&quot;&quot;,&quot;created_timestamp&quot;:&quot;1239621947&quot;,&quot;copyright&quot;:&quot;private, photo: Gianni Bodini&quot;,&quot;focal_length&quot;:&quot;18&quot;,&quot;iso&quot;:&quot;100&quot;,&quot;shutter_speed&quot;:&quot;0.01&quot;,&quot;title&quot;:&quot;Arch\\u00e4ologische Zone Ganglegg bei Schluderns&lt;br \\\/&gt;Zona archeologica del Ganglegg nei pressi di Sluderno&lt;br \\\/&gt;Archeological site of Ganglegg close to Sluderno&quot;,&quot;orientation&quot;:&quot;1&quot;}\" data-image-title=\"Arch\u00e4ologische Zone Ganglegg bei Schluderns&lt;br \/&gt;Zona archeologica del Ganglegg nei pressi di Sluderno&lt;br \/&gt;Archeological site of Ganglegg close to Sluderno\" data-image-description=\"&lt;p&gt;www.archeoparc.it&lt;\/p&gt;\n\" data-medium-file=\"https:\/\/www.archeoparc.it\/wp-content\/uploads\/archeoparc-schnalstal-16011-300x201.jpg\" data-large-file=\"https:\/\/www.archeoparc.it\/wp-content\/uploads\/archeoparc-schnalstal-16011-1024x685.jpg\" style=\"margin: 2px\" src=\"https:\/\/www.archeoparc.it\/wp-content\/uploads\/archeoparc-schnalstal-16011-162x162.jpg\" width=162 height=162 title=\"Arch\u00e4ologische Zone Ganglegg bei Schluderns&lt;br \/&gt;Zona archeologica del Ganglegg nei pressi di Sluderno&lt;br \/&gt;Archeological site of Ganglegg close to Sluderno\" \/><\/a><div class=\"tiled-gallery-caption\">private, photo: Gianni Bodini<\/div><\/div><div class=\"tiled-gallery-item\"><a border=\"0\" href=\"https:\/\/www.archeoparc.it\/it\/archeologia-val-senales\/itinerari-archeologici\/st-aegidius-oberhalb-kortschsan-egidio-sopra-corcessaint-giles-church-above-the-village-of-corces-2\/\"><img decoding=\"async\" data-attachment-id=\"13916\" data-orig-file=\"https:\/\/www.archeoparc.it\/wp-content\/uploads\/archeoparc-schnalstal-16029.jpg\" data-orig-size=\"1200,803\" data-comments-opened=\"0\" data-image-meta=\"{&quot;aperture&quot;:&quot;6.3&quot;,&quot;credit&quot;:&quot;www.archeoparc.it&quot;,&quot;camera&quot;:&quot;NIKON D200&quot;,&quot;caption&quot;:&quot;&quot;,&quot;created_timestamp&quot;:&quot;1352457160&quot;,&quot;copyright&quot;:&quot;private, photo: Gianni Bodini&quot;,&quot;focal_length&quot;:&quot;125&quot;,&quot;iso&quot;:&quot;100&quot;,&quot;shutter_speed&quot;:&quot;0.00625&quot;,&quot;title&quot;:&quot;St. \\u00c4gidius oberhalb Kortsch&lt;br \\\/&gt;San Egidio sopra Corces&lt;br \\\/&gt;Saint Giles church above the village of Corces&quot;,&quot;orientation&quot;:&quot;1&quot;}\" data-image-title=\"St. \u00c4gidius oberhalb Kortsch&lt;br \/&gt;San Egidio sopra Corces&lt;br \/&gt;Saint Giles church above the village of Corces\" data-image-description=\"&lt;p&gt;www.archeoparc.it&lt;\/p&gt;\n\" data-medium-file=\"https:\/\/www.archeoparc.it\/wp-content\/uploads\/archeoparc-schnalstal-16029-300x201.jpg\" data-large-file=\"https:\/\/www.archeoparc.it\/wp-content\/uploads\/archeoparc-schnalstal-16029-1024x685.jpg\" style=\"margin: 2px\" src=\"https:\/\/www.archeoparc.it\/wp-content\/uploads\/archeoparc-schnalstal-16029-162x162.jpg\" width=162 height=162 title=\"St. \u00c4gidius oberhalb Kortsch&lt;br \/&gt;San Egidio sopra Corces&lt;br \/&gt;Saint Giles church above the village of Corces\" \/><\/a><div class=\"tiled-gallery-caption\">private, photo: Gianni Bodini<\/div><\/div><div class=\"tiled-gallery-item\"><a border=\"0\" href=\"https:\/\/www.archeoparc.it\/it\/archeologia-val-senales\/itinerari-archeologici\/detail-des-kupferzeitlichen-menhirs-in-der-latscher-bichlkirchedetaglio-della-statua-stele-preistorica-di-lacesdetail-of-the-cupper-age-menhir-of-laces-2\/\"><img decoding=\"async\" data-attachment-id=\"13892\" data-orig-file=\"https:\/\/www.archeoparc.it\/wp-content\/uploads\/archeoparc-schnalstal-16016.jpg\" data-orig-size=\"1200,803\" data-comments-opened=\"0\" data-image-meta=\"{&quot;aperture&quot;:&quot;4.5&quot;,&quot;credit&quot;:&quot;www.archeoparc.it&quot;,&quot;camera&quot;:&quot;NIKON D200&quot;,&quot;caption&quot;:&quot;&quot;,&quot;created_timestamp&quot;:&quot;1317637686&quot;,&quot;copyright&quot;:&quot;private, photo: Gianni Bodini&quot;,&quot;focal_length&quot;:&quot;78&quot;,&quot;iso&quot;:&quot;100&quot;,&quot;shutter_speed&quot;:&quot;0.1&quot;,&quot;title&quot;:&quot;Detail des kupferzeitlichen Menhirs in der Latscher Bichlkirche&lt;br \\\/&gt;Detaglio della statua stele preistorica di Laces&lt;br \\\/&gt;Detail of the cupper-age menhir of Laces&quot;,&quot;orientation&quot;:&quot;1&quot;}\" data-image-title=\"Detail des kupferzeitlichen Menhirs in der Latscher Bichlkirche&lt;br \/&gt;Detaglio della statua stele preistorica di Laces&lt;br \/&gt;Detail of the cupper-age menhir of Laces\" data-image-description=\"&lt;p&gt;www.archeoparc.it&lt;\/p&gt;\n\" data-medium-file=\"https:\/\/www.archeoparc.it\/wp-content\/uploads\/archeoparc-schnalstal-16016-300x201.jpg\" data-large-file=\"https:\/\/www.archeoparc.it\/wp-content\/uploads\/archeoparc-schnalstal-16016-1024x685.jpg\" style=\"margin: 2px\" src=\"https:\/\/www.archeoparc.it\/wp-content\/uploads\/archeoparc-schnalstal-16016-162x162.jpg\" width=162 height=162 title=\"Detail des kupferzeitlichen Menhirs in der Latscher Bichlkirche&lt;br \/&gt;Detaglio della statua stele preistorica di Laces&lt;br \/&gt;Detail of the cupper-age menhir of Laces\" \/><\/a><div class=\"tiled-gallery-caption\">private, photo: Gianni Bodini<\/div><\/div><div class=\"tiled-gallery-item\"><a border=\"0\" href=\"https:\/\/www.archeoparc.it\/it\/archeologia-val-senales\/itinerari-archeologici\/obermairalm-oberhalb-katharinabergmalga-di-mara-sopra-monte-santa-catarinasummer-stable-malga-di-mara-above-the-village-of-monte-santa-catarina-2-2\/\"><img decoding=\"async\" data-attachment-id=\"13936\" data-orig-file=\"https:\/\/www.archeoparc.it\/wp-content\/uploads\/archeoparc-schnalstal-16005.jpg\" data-orig-size=\"1200,803\" data-comments-opened=\"0\" data-image-meta=\"{&quot;aperture&quot;:&quot;9&quot;,&quot;credit&quot;:&quot;www.archeoparc.it&quot;,&quot;camera&quot;:&quot;NIKON D200&quot;,&quot;caption&quot;:&quot;&quot;,&quot;created_timestamp&quot;:&quot;1193923038&quot;,&quot;copyright&quot;:&quot;private, photo: Gianni Bodini&quot;,&quot;focal_length&quot;:&quot;20&quot;,&quot;iso&quot;:&quot;100&quot;,&quot;shutter_speed&quot;:&quot;0.004&quot;,&quot;title&quot;:&quot;Obermairalm oberhalb Katharinaberg&lt;br \\\/&gt;Malga di Mara sopra Monte Santa Catarina&lt;br \\\/&gt;Summer stable Malga di Mara above the village of Monte Santa Catarina&quot;,&quot;orientation&quot;:&quot;1&quot;}\" data-image-title=\"Obermairalm oberhalb Katharinaberg&lt;br \/&gt;Malga di Mara sopra Monte Santa Catarina&lt;br \/&gt;Summer stable Malga di Mara above the village of Monte Santa Catarina\" data-image-description=\"&lt;p&gt;www.archeoparc.it&lt;\/p&gt;\n\" data-medium-file=\"https:\/\/www.archeoparc.it\/wp-content\/uploads\/archeoparc-schnalstal-16005-300x201.jpg\" data-large-file=\"https:\/\/www.archeoparc.it\/wp-content\/uploads\/archeoparc-schnalstal-16005-1024x685.jpg\" style=\"margin: 2px\" src=\"https:\/\/www.archeoparc.it\/wp-content\/uploads\/archeoparc-schnalstal-16005-162x162.jpg\" width=162 height=162 title=\"Obermairalm oberhalb Katharinaberg&lt;br \/&gt;Malga di Mara sopra Monte Santa Catarina&lt;br \/&gt;Summer stable Malga di Mara above the village of Monte Santa Catarina\" \/><\/a><div class=\"tiled-gallery-caption\">private, photo: Gianni Bodini<\/div><\/div><div class=\"tiled-gallery-item\"><a border=\"0\" href=\"https:\/\/www.archeoparc.it\/it\/archeologia-val-senales\/itinerari-archeologici\/obermairalm-oberhalb-katharinabergmalga-di-mara-sopra-monte-santa-catarinasummer-stable-malga-di-mara-above-the-village-of-monte-santa-catarina-3\/\"><img decoding=\"async\" data-attachment-id=\"13934\" data-orig-file=\"https:\/\/www.archeoparc.it\/wp-content\/uploads\/archeoparc-schnalstal-16004.jpg\" data-orig-size=\"1200,803\" data-comments-opened=\"0\" data-image-meta=\"{&quot;aperture&quot;:&quot;8&quot;,&quot;credit&quot;:&quot;www.archeoparc.it&quot;,&quot;camera&quot;:&quot;NIKON D200&quot;,&quot;caption&quot;:&quot;&quot;,&quot;created_timestamp&quot;:&quot;1193922833&quot;,&quot;copyright&quot;:&quot;private, photo: Gianni Bodini&quot;,&quot;focal_length&quot;:&quot;20&quot;,&quot;iso&quot;:&quot;100&quot;,&quot;shutter_speed&quot;:&quot;0.004&quot;,&quot;title&quot;:&quot;Obermairalm oberhalb Katharinaberg&lt;br \\\/&gt;Malga di Mara sopra Monte Santa Catarina&lt;br \\\/&gt;Summer stable Malga di Mara above the village of Monte Santa Catarina&quot;,&quot;orientation&quot;:&quot;1&quot;}\" data-image-title=\"Obermairalm oberhalb Katharinaberg&lt;br \/&gt;Malga di Mara sopra Monte Santa Catarina&lt;br \/&gt;Summer stable Malga di Mara above the village of Monte Santa Catarina\" data-image-description=\"&lt;p&gt;www.archeoparc.it&lt;\/p&gt;\n\" data-medium-file=\"https:\/\/www.archeoparc.it\/wp-content\/uploads\/archeoparc-schnalstal-16004-300x201.jpg\" data-large-file=\"https:\/\/www.archeoparc.it\/wp-content\/uploads\/archeoparc-schnalstal-16004-1024x685.jpg\" style=\"margin: 2px\" src=\"https:\/\/www.archeoparc.it\/wp-content\/uploads\/archeoparc-schnalstal-16004-162x162.jpg\" width=162 height=162 title=\"Obermairalm oberhalb Katharinaberg&lt;br \/&gt;Malga di Mara sopra Monte Santa Catarina&lt;br \/&gt;Summer stable Malga di Mara above the village of Monte Santa Catarina\" \/><\/a><div class=\"tiled-gallery-caption\">private, photo: Gianni Bodini<\/div><\/div><div class=\"tiled-gallery-item\"><a border=\"0\" href=\"https:\/\/www.archeoparc.it\/it\/archeologia-val-senales\/itinerari-archeologici\/tisental-mit-gleichnamigem-gehoeftmaso-tisa-e-la-omonima-vallemasotisa-farm-2\/\"><img decoding=\"async\" data-attachment-id=\"13896\" data-orig-file=\"https:\/\/www.archeoparc.it\/wp-content\/uploads\/archeoparc-schnalstal-16018.jpg\" data-orig-size=\"1200,803\" data-comments-opened=\"0\" data-image-meta=\"{&quot;aperture&quot;:&quot;9&quot;,&quot;credit&quot;:&quot;www.archeoparc.it&quot;,&quot;camera&quot;:&quot;NIKON D200&quot;,&quot;caption&quot;:&quot;&quot;,&quot;created_timestamp&quot;:&quot;1337942369&quot;,&quot;copyright&quot;:&quot;private, photo: Gianni Bodini&quot;,&quot;focal_length&quot;:&quot;75&quot;,&quot;iso&quot;:&quot;100&quot;,&quot;shutter_speed&quot;:&quot;0.003125&quot;,&quot;title&quot;:&quot;Tisental mit gleichnamigem Geh\\u00f6ft&lt;br \\\/&gt;Maso Tisa e la omonima valle&lt;br \\\/&gt;MasoTisa farm&quot;,&quot;orientation&quot;:&quot;1&quot;}\" data-image-title=\"Tisental mit gleichnamigem Geh\u00f6ft&lt;br \/&gt;Maso Tisa e la omonima valle&lt;br \/&gt;MasoTisa farm\" data-image-description=\"&lt;p&gt;www.archeoparc.it&lt;\/p&gt;\n\" data-medium-file=\"https:\/\/www.archeoparc.it\/wp-content\/uploads\/archeoparc-schnalstal-16018-300x201.jpg\" data-large-file=\"https:\/\/www.archeoparc.it\/wp-content\/uploads\/archeoparc-schnalstal-16018-1024x685.jpg\" style=\"margin: 2px\" src=\"https:\/\/www.archeoparc.it\/wp-content\/uploads\/archeoparc-schnalstal-16018-162x162.jpg\" width=162 height=162 title=\"Tisental mit gleichnamigem Geh\u00f6ft&lt;br \/&gt;Maso Tisa e la omonima valle&lt;br \/&gt;MasoTisa farm\" \/><\/a><div class=\"tiled-gallery-caption\">private, photo: Gianni Bodini<\/div><\/div><\/div>\n<h2><\/h2>\n<h2>Downloads<\/h2>\n<p><a href=\"https:\/\/www.archeoparc.it\/wp-content\/uploads\/A1-Itinerario-archeologico.pdf\">A1 Maso Corto \u2013 Grawand \u2013 Lago Finail \u2013 Maso Finail \u2013 Maso Tisa \u2013 Vernago [pdf]<\/a><br \/>\n<a href=\"https:\/\/www.archeoparc.it\/wp-content\/uploads\/A2-Itinerario-archeologico.pdf\">A2 Madonna &#8211; Vernago \u2013 Val di Tisa \u2013 Rifugio Similaun \u2013 Giogo di Tisa \u2013 Vent [pdf]<\/a><br \/>\n<a href=\"https:\/\/www.archeoparc.it\/wp-content\/uploads\/A3-Itinerario-archeologico.pdf\">A3 Vent \u2013 Masi di Rofen \u2013 Giogo Alto \u2013 Rifugio Bella Vista \u2013 Maso Corto [pdf]<\/a><br \/>\n<a href=\"https:\/\/www.archeoparc.it\/wp-content\/uploads\/A4-Itinerario-archeologico.pdf\">A4 Maso Corto \u2013 Giogo Taschl \u2013 Talatsch \u2013 Corces [pdf]<\/a><br \/>\n<a href=\"https:\/\/www.archeoparc.it\/wp-content\/uploads\/A5-Itinerario-archeologico.pdf\">A5 Certosa di Senales \u2013 Malga di Pinalto \u2013 Forcella Bassa \u2013 San Martino al Monte \u2013 Laces [pdf]<\/a><br \/>\n<a href=\"https:\/\/www.archeoparc.it\/wp-content\/uploads\/A6-Itinerario-archeologico.pdf\">A6 Laces \u2013 Castelbello \u2013 Castel Juval \u2013 Monte Santa Caterina [pdf]<\/a><br \/>\n<a href=\"https:\/\/www.archeoparc.it\/wp-content\/uploads\/A7-Itinerario-archeologico.pdf\">A7 Monte Santa Caterina \u2013 Malga Obermair \u2013 Dick \u2013 Lint &#8211; Naturno [pdf]<\/a><br \/>\n<a href=\"https:\/\/www.archeoparc.it\/wp-content\/uploads\/A8-Itinerario-archeologico.pdf\">A8 Val di Fosse \u2013 Casera di Fuori \u2013 Malga Rablaid \u2013 Maso Gelato \u2013 Grubalm [pdf]<\/a><br \/>\n<a href=\"https:\/\/www.archeoparc.it\/wp-content\/uploads\/A9-Itinerario-archeologico.pdf\">A9 Unterstell \u2013 Neur\u00e4utl \u2013 Compaccio \u2013 Naturno [pdf]<\/a><br \/>\n<a href=\"https:\/\/www.archeoparc.it\/wp-content\/uploads\/A10-Itinerario-archeologico.pdf\">A10 Maso Corto \u2013 Giogo del Santo \u2013 Laghi di Saldura \u2013 Glieshof \u2013 Ganglegg \u2013 Sluderno [pdf]<\/a><br \/>\n<a href=\"https:\/\/www.archeoparc.it\/wp-content\/uploads\/A11-Itinerario-archeologico.pdf\">A11 Kalm \u2013 San Martino in Passiria \u2013 Matatz \u2013 Flon \u2013 Breiteben &#8211; Platt [pdf]<\/a><br \/>\n<a href=\"https:\/\/www.archeoparc.it\/wp-content\/uploads\/A12-Itinerario-archeologico.pdf\">A12 San Leonardo in Passiria \u2013 Castel Giovo \u2013 Sant\u2019Ippolito \u2013 Stulles [pdf]<\/a><br \/>\n<a href=\"https:\/\/www.archeoparc.it\/wp-content\/uploads\/A13-Itinerario-archeologico.pdf\">A13 Crinale di Giovo [pdf]<\/a><br \/>\n<a href=\"https:\/\/www.archeoparc.it\/wp-content\/uploads\/A14-Itinerario-archeologico.pdf\">A14 Platt \u2013 Ulfas \u2013 Giogo Strizon [pdf]<\/a><br \/>\n<a href=\"https:\/\/www.archeoparc.it\/wp-content\/uploads\/A15-Itinerario-archeologico.pdf\">A15 Valle del Rombo \u2012 Giogo del Rombo [pdf]<\/a><\/p>\n<p>&nbsp;<\/p>\n<h2>Contatti<\/h2>\n<p><strong>Guide alpine e di media montagna:<\/strong><br \/>\n<a title=\"www.bergfuehrer-suedtirol.it\" href=\"https:\/\/www.bergfuehrer-suedtirol.it\/?L=1\" target=\"_blank\" rel=\"noopener noreferrer\">Associazione Guide alpine sciatori Alto Adige<\/a>, <a title=\"www.bergfuehrer-suedtirol.it\" href=\"https:\/\/www.bergfuehrer-suedtirol.it\/accompagnatori-di-media-montagna\/?L=1\" target=\"_blank\" rel=\"noopener noreferrer\">Guide escursionistiche<\/a>,<a title=\"Nordtiroler Bergsportf\u00fchrerverband\" href=\"https:\/\/www.bergsportfuehrer-tirol.at\/\" target=\"_blank\" rel=\"noopener noreferrer\">\u00a0Nordtiroler Bergsportf\u00fchrerverband<\/a>.<\/p>\n<p><strong>Musei e luogi culturali:<br \/>\n<\/strong>A2: <a href=\"https:\/\/www.merano-suedtirol.it\/it\/val-senales\/natura-cultura\/luoghi-d-interesse\/attrazioni\/rid-288BBAE675E7CC03FAE585D07F3E17D3-p-wallfahrtskirche-unser-frau.html\" target=\"_blank\" rel=\"noopener noreferrer\">Chiesa Santuario di Madonna di Senales.<\/a><br \/>\nA4: <a href=\"http:\/\/www.venosta.net\/it\/silandro-lasa\/cultura-arte\/attrazioni\/chiese-e-monasteri\/37-joergenkirchl.html\" target=\"_blank\" rel=\"noopener noreferrer\">Chiesa S. Giorgio a Corzes<\/a>, <a title=\"www.vinschgau.net\" href=\"http:\/\/www.venosta.net\/it\/silandro-lasa\/cultura-arte\/attrazioni\/chiese-e-monasteri\/44-st-aegidius-kirchlein.html?_ga=1.57720105.2013291244.1458215915\" target=\"_blank\" rel=\"noopener noreferrer\">chiesa S. Egidio a Corzes<\/a>.<br \/>\nA5: <a href=\"http:\/\/www.kulturverein-schnals.it\/aufwertung_kartause.php?lang=it\">Monastero Certosino &#8220;Monte degli Angeli&#8221; a Senales.<\/a><br \/>\nA6: <a title=\"www.vinschgau.net\" href=\"http:\/\/www.venosta.net\/it\/laces-val-martello\/cultura-arte\/attrazioni\/111-kirche-unsere-liebe-frau-auf-dem-bichl.html\" target=\"_blank\" rel=\"noopener noreferrer\">Chiesa di S. Maria in Colle a Laces<\/a>, <a href=\"http:\/\/www.schloss-kastelbell.com\/it\/informazioni\/orario-di-apertura.html\" target=\"_blank\" rel=\"noopener noreferrer\">Castello di Castelbello,<\/a> <a href=\"http:\/\/www.messner-mountain-museum.it\/it\/\" target=\"_blank\" rel=\"noopener noreferrer\">Castell Juval.<\/a><br \/>\nA9: <a href=\"https:\/\/www.merano-suedtirol.it\/it\/chiesetta-di-san-procolo-museo.html\">Chiesa di S. Procolo a Naturno, Museo di S. Procolo<\/a>.<br \/>\nA10: <a title=\"www.gemeinde.schluderns.bz.it\" href=\"http:\/\/www.gemeinde.schluderns.bz.it\/system\/web\/zusatzseite.aspx?menuonr=218886328&amp;detailonr=203138099&amp;sprache=3\" target=\"_blank\" rel=\"noopener noreferrer\">Sito archeologico del Ganglegg a Sluderno<\/a>, <a title=\"www.churburg.com\" href=\"http:\/\/www.churburg.com\/it\/informazioni-per-visitatori\/\" target=\"_blank\" rel=\"noopener noreferrer\">Castelcoira a Sluderno<\/a>, <a title=\"www.vintschgermuseum.com\" href=\"http:\/\/www.vintschgermuseum.com\/\" target=\"_blank\" rel=\"noopener noreferrer\">Museo della Val Venosta<\/a>.<br \/>\nA12: <a href=\"http:\/\/www.museum.passeier.it\/it\">Museo Passirio,<\/a><a title=\"www.museum.passeier.it\" href=\"http:\/\/www.museum.passeier.it\/it\/i-dintorni-del-museo\/castel-giovo\" target=\"_blank\" rel=\"noopener noreferrer\"> Castel Giovo<\/a>.<br \/>\nA14: <a href=\"http:\/\/www.bunker-mooseum.it\/it\/informazione\/index\/1-0.html\">Bunker Mooseum.<br \/>\n<\/a>A15: <a title=\"www.bergbaumuseum.it\" href=\"http:\/\/www.bergbaumuseum.it\/it\/passeier\/information\/index.asp\">Museo delle Miniere Monteneve Passirio<\/a>.<\/p>\n<p>&nbsp;<\/p>\n<p><strong>Transumanza (A2, A3, A4 e A15):<\/strong><br \/>\n<a title=\"Tansumanza delle pecore\" href=\"https:\/\/www.merano-suedtirol.it\/it\/val-senales\/natura-cultura\/il-territorio-le-persone\/transumanza.html\" target=\"_blank\" rel=\"noopener noreferrer\">Tansumanza delle pecore<\/a><\/p>\n<p><strong>Dove alloggiare:<\/strong><br \/>\n<a title=\"www.meranerland.com\" href=\"https:\/\/www.merano-suedtirol.it\/it\/merano-e-dintorni.html\" target=\"_blank\" rel=\"noopener noreferrer\">Merano e dintorni,<\/a> <a title=\"www.vinschgau.net\" href=\"http:\/\/www.venosta.net\/it\/informazioni-servizi\/pianificare-una-vacanza\/ricerca-alloggi.html?_ga=1.166843453.2013291244.1458215915\" target=\"_blank\" rel=\"noopener noreferrer\">Val Venosta<\/a>, <a href=\"https:\/\/www.oetztal.com\/accommodation-list-winter\" target=\"_blank\" rel=\"noopener noreferrer\">\u00d6tztal (A).<\/a><\/p>\n<h2><\/h2>\n<h2>Domande?<\/h2>\n<p>Contattateci per telefono o via mail!<br \/>\nE-Mail: info@archeoparc.it<br \/>\nTel. +39\/0473\/676 020<\/p>\n","protected":false},"excerpt":{"rendered":"<p>Nel 1998 si \u00e8 pensato fosse giunto il momento di far conoscere al vasto pubblico i luoghi dei rinvenimenti avvenuti in quegli anni: cos\u00ec sono nati gli itinerari archeologici della [&hellip;]<\/p>\n","protected":false},"author":6,"featured_media":0,"parent":966,"menu_order":0,"comment_status":"closed","ping_status":"closed","template":"","meta":{"_acf_changed":false,"_tec_requires_first_save":true,"_EventAllDay":false,"_EventTimezone":"","_EventStartDate":"","_EventEndDate":"","_EventStartDateUTC":"","_EventEndDateUTC":"","_EventShowMap":false,"_EventShowMapLink":false,"_EventURL":"","_EventCost":"","_EventCostDescription":"","_EventCurrencySymbol":"","_EventCurrencyCode":"","_EventCurrencyPosition":"","_EventDateTimeSeparator":"","_EventTimeRangeSeparator":"","_EventOrganizerID":[],"_EventVenueID":[],"_OrganizerEmail":"","_OrganizerPhone":"","_OrganizerWebsite":"","_VenueAddress":"","_VenueCity":"","_VenueCountry":"","_VenueProvince":"","_VenueState":"","_VenueZip":"","_VenuePhone":"","_VenueURL":"","_VenueStateProvince":"","_VenueLat":"","_VenueLng":"","_VenueShowMap":false,"_VenueShowMapLink":false,"_tribe_blocks_recurrence_rules":"","_tribe_blocks_recurrence_description":"","_tribe_blocks_recurrence_exclusions":"","footnotes":""},"tags":[],"class_list":["post-982","page","type-page","status-publish","hentry"],"acf":[],"yoast_head":"<!-- This site is optimized with the Yoast SEO plugin v27.5 - https:\/\/yoast.com\/product\/yoast-seo-wordpress\/ -->\n<title>Itinerari Archeologici | archeoParc Schnalstal<\/title>\n<meta name=\"robots\" content=\"index, follow, max-snippet:-1, max-image-preview:large, max-video-preview:-1\" \/>\n<link rel=\"canonical\" href=\"https:\/\/www.archeoparc.it\/it\/archeologia-val-senales\/itinerari-archeologici\/\" \/>\n<meta name=\"twitter:label1\" content=\"Tempo di lettura stimato\" \/>\n\t<meta name=\"twitter:data1\" content=\"2 minuti\" \/>\n<script type=\"application\/ld+json\" class=\"yoast-schema-graph\">{\"@context\":\"https:\\\/\\\/schema.org\",\"@graph\":[{\"@type\":\"WebPage\",\"@id\":\"https:\\\/\\\/www.archeoparc.it\\\/it\\\/archeologia-val-senales\\\/itinerari-archeologici\\\/\",\"url\":\"https:\\\/\\\/www.archeoparc.it\\\/it\\\/archeologia-val-senales\\\/itinerari-archeologici\\\/\",\"name\":\"Itinerari Archeologici | archeoParc Schnalstal\",\"isPartOf\":{\"@id\":\"https:\\\/\\\/www.archeoparc.it\\\/#website\"},\"datePublished\":\"2012-12-13T20:43:48+00:00\",\"dateModified\":\"2023-04-18T11:54:28+00:00\",\"breadcrumb\":{\"@id\":\"https:\\\/\\\/www.archeoparc.it\\\/it\\\/archeologia-val-senales\\\/itinerari-archeologici\\\/#breadcrumb\"},\"inLanguage\":\"it-IT\",\"potentialAction\":[{\"@type\":\"ReadAction\",\"target\":[\"https:\\\/\\\/www.archeoparc.it\\\/it\\\/archeologia-val-senales\\\/itinerari-archeologici\\\/\"]}]},{\"@type\":\"BreadcrumbList\",\"@id\":\"https:\\\/\\\/www.archeoparc.it\\\/it\\\/archeologia-val-senales\\\/itinerari-archeologici\\\/#breadcrumb\",\"itemListElement\":[{\"@type\":\"ListItem\",\"position\":1,\"name\":\"Archeologia Val Senales\",\"item\":\"https:\\\/\\\/www.archeoparc.it\\\/it\\\/archeologia-val-senales\\\/\"},{\"@type\":\"ListItem\",\"position\":2,\"name\":\"Itinerari Archeologici\"}]},{\"@type\":\"WebSite\",\"@id\":\"https:\\\/\\\/www.archeoparc.it\\\/#website\",\"url\":\"https:\\\/\\\/www.archeoparc.it\\\/\",\"name\":\"archeoParc Schnalstal\",\"description\":\"Arch\u00e4ologisches Freilichtmuseum\",\"publisher\":{\"@id\":\"https:\\\/\\\/www.archeoparc.it\\\/#organization\"},\"potentialAction\":[{\"@type\":\"SearchAction\",\"target\":{\"@type\":\"EntryPoint\",\"urlTemplate\":\"https:\\\/\\\/www.archeoparc.it\\\/?s={search_term_string}\"},\"query-input\":{\"@type\":\"PropertyValueSpecification\",\"valueRequired\":true,\"valueName\":\"search_term_string\"}}],\"inLanguage\":\"it-IT\"},{\"@type\":\"Organization\",\"@id\":\"https:\\\/\\\/www.archeoparc.it\\\/#organization\",\"name\":\"archeoparc Schnalstal\",\"url\":\"https:\\\/\\\/www.archeoparc.it\\\/\",\"logo\":{\"@type\":\"ImageObject\",\"inLanguage\":\"it-IT\",\"@id\":\"https:\\\/\\\/www.archeoparc.it\\\/#\\\/schema\\\/logo\\\/image\\\/\",\"url\":\"https:\\\/\\\/www.archeoparc.it\\\/wp-content\\\/uploads\\\/cropped-archeoparc_logo_sw.png\",\"contentUrl\":\"https:\\\/\\\/www.archeoparc.it\\\/wp-content\\\/uploads\\\/cropped-archeoparc_logo_sw.png\",\"width\":654,\"height\":211,\"caption\":\"archeoparc Schnalstal\"},\"image\":{\"@id\":\"https:\\\/\\\/www.archeoparc.it\\\/#\\\/schema\\\/logo\\\/image\\\/\"}}]}<\/script>\n<!-- \/ Yoast SEO plugin. -->","yoast_head_json":{"title":"Itinerari Archeologici | archeoParc Schnalstal","robots":{"index":"index","follow":"follow","max-snippet":"max-snippet:-1","max-image-preview":"max-image-preview:large","max-video-preview":"max-video-preview:-1"},"canonical":"https:\/\/www.archeoparc.it\/it\/archeologia-val-senales\/itinerari-archeologici\/","twitter_misc":{"Tempo di lettura stimato":"2 minuti"},"schema":{"@context":"https:\/\/schema.org","@graph":[{"@type":"WebPage","@id":"https:\/\/www.archeoparc.it\/it\/archeologia-val-senales\/itinerari-archeologici\/","url":"https:\/\/www.archeoparc.it\/it\/archeologia-val-senales\/itinerari-archeologici\/","name":"Itinerari Archeologici | archeoParc Schnalstal","isPartOf":{"@id":"https:\/\/www.archeoparc.it\/#website"},"datePublished":"2012-12-13T20:43:48+00:00","dateModified":"2023-04-18T11:54:28+00:00","breadcrumb":{"@id":"https:\/\/www.archeoparc.it\/it\/archeologia-val-senales\/itinerari-archeologici\/#breadcrumb"},"inLanguage":"it-IT","potentialAction":[{"@type":"ReadAction","target":["https:\/\/www.archeoparc.it\/it\/archeologia-val-senales\/itinerari-archeologici\/"]}]},{"@type":"BreadcrumbList","@id":"https:\/\/www.archeoparc.it\/it\/archeologia-val-senales\/itinerari-archeologici\/#breadcrumb","itemListElement":[{"@type":"ListItem","position":1,"name":"Archeologia Val Senales","item":"https:\/\/www.archeoparc.it\/it\/archeologia-val-senales\/"},{"@type":"ListItem","position":2,"name":"Itinerari Archeologici"}]},{"@type":"WebSite","@id":"https:\/\/www.archeoparc.it\/#website","url":"https:\/\/www.archeoparc.it\/","name":"archeoParc Schnalstal","description":"Arch\u00e4ologisches Freilichtmuseum","publisher":{"@id":"https:\/\/www.archeoparc.it\/#organization"},"potentialAction":[{"@type":"SearchAction","target":{"@type":"EntryPoint","urlTemplate":"https:\/\/www.archeoparc.it\/?s={search_term_string}"},"query-input":{"@type":"PropertyValueSpecification","valueRequired":true,"valueName":"search_term_string"}}],"inLanguage":"it-IT"},{"@type":"Organization","@id":"https:\/\/www.archeoparc.it\/#organization","name":"archeoparc Schnalstal","url":"https:\/\/www.archeoparc.it\/","logo":{"@type":"ImageObject","inLanguage":"it-IT","@id":"https:\/\/www.archeoparc.it\/#\/schema\/logo\/image\/","url":"https:\/\/www.archeoparc.it\/wp-content\/uploads\/cropped-archeoparc_logo_sw.png","contentUrl":"https:\/\/www.archeoparc.it\/wp-content\/uploads\/cropped-archeoparc_logo_sw.png","width":654,"height":211,"caption":"archeoparc Schnalstal"},"image":{"@id":"https:\/\/www.archeoparc.it\/#\/schema\/logo\/image\/"}}]}},"_links":{"self":[{"href":"https:\/\/www.archeoparc.it\/it\/wp-json\/wp\/v2\/pages\/982","targetHints":{"allow":["GET"]}}],"collection":[{"href":"https:\/\/www.archeoparc.it\/it\/wp-json\/wp\/v2\/pages"}],"about":[{"href":"https:\/\/www.archeoparc.it\/it\/wp-json\/wp\/v2\/types\/page"}],"author":[{"embeddable":true,"href":"https:\/\/www.archeoparc.it\/it\/wp-json\/wp\/v2\/users\/6"}],"replies":[{"embeddable":true,"href":"https:\/\/www.archeoparc.it\/it\/wp-json\/wp\/v2\/comments?post=982"}],"version-history":[{"count":8,"href":"https:\/\/www.archeoparc.it\/it\/wp-json\/wp\/v2\/pages\/982\/revisions"}],"predecessor-version":[{"id":37539,"href":"https:\/\/www.archeoparc.it\/it\/wp-json\/wp\/v2\/pages\/982\/revisions\/37539"}],"up":[{"embeddable":true,"href":"https:\/\/www.archeoparc.it\/it\/wp-json\/wp\/v2\/pages\/966"}],"wp:attachment":[{"href":"https:\/\/www.archeoparc.it\/it\/wp-json\/wp\/v2\/media?parent=982"}],"wp:term":[{"taxonomy":"post_tag","embeddable":true,"href":"https:\/\/www.archeoparc.it\/it\/wp-json\/wp\/v2\/tags?post=982"}],"curies":[{"name":"wp","href":"https:\/\/api.w.org\/{rel}","templated":true}]}}