{"id":986,"date":"2012-12-13T21:44:07","date_gmt":"2012-12-13T20:44:07","guid":{"rendered":"http:\/\/archeo.pixelcreatures.at\/?page_id=986"},"modified":"2019-06-28T16:21:27","modified_gmt":"2019-06-28T14:21:27","slug":"pubblicazioni","status":"publish","type":"page","link":"https:\/\/www.archeoparc.it\/it\/archeologia-val-senales\/pubblicazioni\/","title":{"rendered":"Pubblicazioni"},"content":{"rendered":"<p>Di seguito forniamo un elenco non esaustivo di pubblicazioni dedicate all\u2019<a href=\"https:\/\/www.archeoparc.it\/it\/archeologia-val-senales\/pubblicazioni\/#archeologia-val-senales\">archeologia in Val Senales<\/a>, agli studi di <a href=\"https:\/\/www.archeoparc.it\/it\/archeologia-val-senales\/pubblicazioni\/#archeologia-sperimentale-oetzi\">archeologia sperimentale<\/a> sull&#8217;equipaggiamento di \u00d6tzi e agli <a href=\"https:\/\/www.archeoparc.it\/it\/archeologia-val-senales\/pubblicazioni\/#itinerari-archeologici\">Itinerari Archeologici<\/a> nella zona. Le pubblicazioni sull\u2019archeoParc e le sue attivit\u00e0 sono indicate alla voce specifica della sezione <a title=\"Chi siamo\" href=\"https:\/\/www.archeoparc.it\/it\/chi-siamo\/\">Chi siamo<\/a>.<\/p>\n<p>Tutte le pubblicazioni scientifiche sull\u2019Uomo venuto dal ghiaccio sono disponibili nella biblioteca del Museo Archeologico dell\u2019Alto Adige e all\u2019Istituto per le Mummie e l\u2019Iceman presso l\u2019EURAC, entrambi con sede a Bolzano.<\/p>\n<p>Un ringraziamento a Hubert Steiner, Andreas Putzer, Wulf Hein e agli altri colleghi che cortesemente ci aiutano a tenere aggiornata questa bibliografia.<\/p>\n<h2><a id=\"archeologia-val-senales\"><\/a>Archeologia Val Senales<\/h2>\n<ul>\n<li>STEINER Hubert, MARZOLI Catrin, OEGGL Klaus: <strong>Ein jungsteinzeitlicher Schneereif vom Gurgler Eisjoch (3134 m) im Pfossental \/ Schnals (S\u00fcdtirol).<\/strong> In: Arch\u00e4ologisches Korrespondenzblatt 46. Heft 4. p. 445-463.<\/li>\n<li>STEINER Hubert, GIETL Rupert, BEZZI Alessandro, NAPOLIELLO Giuseppe, NICOLUSSI Kurt, PICHLER Thomas (2016): <strong>Gletscherfunde am Langgrubenjoch (Gde. Mals und Gde. Schnals) in S\u00fcdtirol. Vorbericht.<\/strong> In: Arch\u00e4ologisches Korrespondenzblatt 46. Heft 2. p. 167-182.<\/li>\n<li>PUTZER Andreas, FESTI Daniela, EDLMAIR Sophie, OEGGL Klaus (2016): <strong>The development of human activity in the high altitudes of the Schnals Valley (South Tyrol\/Italy) from the Mesolithic to modern periodes.<\/strong> In: Journal of Archaeological Sience: Reports 6. p. 136-147. <a title=\"EDLMAIR, FESTI, OEGGL und PUTZER 2016\" href=\"http:\/\/www.sciencedirect.com\/science\/article\/pii\/S2352409X16300244\" target=\"_blank\" rel=\"noopener noreferrer\">[Pubblicazione online]<\/a><\/li>\n<li>FESTI Daniela, PUTZER Andreas (2014): <strong>Nicht nur \u00d6tzi? Neufunde aus dem Tisental.<\/strong> In: Pr\u00e4historische Zeitschrift 89. p. 55-71. [<a title=\"FESTI und PUTZER 2014\" href=\"http:\/\/www.degruyter.com\/dg\/viewarticle\/j$002fprhz.2014.89.issue-1$002fpz-2014-0005$002fpz-2014-0005.xml;jsessionid=277888977A16615037DCFCD473BCF040\" target=\"_blank\" rel=\"noopener noreferrer\">Pubblicazione online<\/a>]<\/li>\n<li>PUTZER Andreas (2012): <strong>Von Hirtinnen und Bernstein. Pr\u00e4historische Weidewirtschaft im Schnalstal.<\/strong> In: Arch\u00e4ologisches Korrespondenzblatt 42 (Heft 2). <a href=\"http:\/\/journals.ub.uni-heidelberg.de\/index.php\/ak\/article\/view\/18615\/12431\">[Pubblicazione online]<\/a><\/li>\n<li>PUTZER Andreas (2011): <strong>K\u00f6niginnen der Almen. Pr\u00e4historische Weidewirtschaft im Schnalstal.<\/strong> In: Der Schlern 11. p. 4-31. [<a title=\"PUTZER 2011\" href=\"http:\/\/www.academia.edu\/7665365\/K%C3%B6niginnen_der_Almen_-_Pr%C3%A4historische_Weidewirtschaft_im_Schnalstal\" target=\"_blank\" rel=\"noopener noreferrer\">Pubblicazione online<\/a>]<\/li>\n<li>STAFFLER Hanspeter, NICOLUSSI Kurt, PATZELT Gernot (2011): <strong>Postglaziale Waldgrenzenentwicklung in den Westtiroler Zentralalpen.<\/strong> In: Grendleriana 11. Bozen 2011. p. 93-114. [<a title=\"STAFFLER NICOLUSSI PATZELT 2011\" href=\"http:\/\/www.uibk.ac.at\/geographie\/forschung\/dendro\/publikationen---pdf-files\/2011-staffler-et-al-waldgrenze-suedtirol-gredleriana.pdf\" target=\"_blank\" rel=\"noopener noreferrer\">Pubblicazione online<\/a>]<\/li>\n<li>HAID Hans (2008): <strong>Wege der Schafe. Die jahrtausendealte Hirtenkultur zwischen S\u00fcdtirol und dem \u00d6tztal.<\/strong> Innsbruck\/Bozen 2008.<\/li>\n<li>NICOLUSSI Kurt, PATZELT Gernot: <strong>Klimawandel und Ver\u00e4nderungen an der alpinen Waldgrenze &#8211; aktuelle Entwicklungen im Vergleich zur Nacheiszeit.<\/strong> In: BFW-Praxisinformation 10. 2006. [<a title=\"NICOLUSSI PATZELT 2006\" href=\"http:\/\/www.uibk.ac.at\/geographie\/forschung\/dendro\/publikationen---pdf-files\/2006-nic_patz-bfw-praxisinfo10.pdf\" target=\"_blank\" rel=\"noopener noreferrer\">Pubblicazione online<\/a>]<\/li>\n<li>CAVULLI Fabio (2005): <strong>Geografia di un \u201csegno minore\u201d. I massi copellati della val Senales. Proposta metodologica di un progetto di ricerca ergo logica.<\/strong> In: Atti del convegno di Saviore dell\u2019Adamello (BS), 28-30 ottobre 2005.<\/li>\n<li>KAUFMANN G\u00fcnter, OBEX Alfred (2003): <strong>Bronzezeitliche Siedlungsfunde von Unterortl: landschaftsver\u00e4ndernde Prozesse in Hanglage.<\/strong> In: Der Schlern 77. 2003. p. 4-22.<\/li>\n<li>PLATZGUMMER Hansi (2002): <strong>Schalenstein und Kultpl\u00e4tze im Schnalstal.<\/strong> In: Planet Alpen Nr. 8 Schriftenreihe des \u00d6tztal-Archivs Bd. 13. Villach 2002.<\/li>\n<li>STAFFLER Hanspeter (2002):<strong> Wald und Mensch in pr\u00e4historischer Zeit.<\/strong> In: Planet Alpen Nr. 8 Schriftenreihe des \u00d6tztal-Archivs Bd. 13. Villach 2002.<\/li>\n<li>NOTHDURFTER Hans, NISI Domenico (2001): <strong>The Iceman. Traces of long-term settlements of shepherds in the Similaun area.<\/strong> Hand-out zur Tagung anl\u00e4sslich des 10. Jahrestages der Auffindung des Mannes aus dem Eis, Bozen 20.-22.9.2001. p. 23.<\/li>\n<li>KAUFMANN G\u00fcnther, OBEX Alfred (2000): <strong>Die sp\u00e4tbronzezeitliche Siedlung beim Hof Oberortl unterhalb von Schlo\u00df Juval.<\/strong> In: Der Schlern 74. 2000. p. 46-69.<\/li>\n<li>STUMB\u00d6CK Max (2000): <strong>Nat\u00fcrliche und anthropogene Ver\u00e4nderungen von Vegetation und Relief in den Zentralalpen im Sp\u00e4tglazial und Holoz\u00e4n: Eine Fallstudie aus dem S\u00fcdtiroler Schnalstal.<\/strong> In: Erdkunde 54\/4. p. 365-375. [<a title=\"Stumb\u00f6ck 2000\" href=\"http:\/\/www.jstor.org\/discover\/10.2307\/25647319?sid=21106119656133&amp;uid=2&amp;uid=3738296&amp;uid=4\" target=\"_blank\" rel=\"noopener noreferrer\">Pubblicazione online<\/a>]<\/li>\n<li>MENARA Hanspaul (2000): <strong>Silexfund im Mastauntal (Schnals).<\/strong> In: Der Schlern 74. 2000. p. 852.<\/li>\n<li>NIEDERWANGER G\u00fcnther (1999): <strong>Mesolithische H\u00f6henfunde im Vinschgau.<\/strong> In: Arunda 51. 1999. p. 29.<\/li>\n<li>MAHLKNECHT Markus (1999): <strong>Ein weiterer Schalenstein auf Juval.<\/strong> In: Der Schlern 73. 1999. p. 503-505.<\/li>\n<li>NOTHDURFTER Hans: <strong>Arch\u00e4ologische Hinweise auf Adel und Raumorganisation des 7.\/8. Jahrhunderts im westlichen S\u00fcdtirol.<\/strong> In: LOOSE Rainer, S\u00d6NKE Lorenz (a cura di): K\u00f6nig, Kirche, Adel. Lana 1999. p. 97.<\/li>\n<li>DAL RI Lorenzo, TECCHIATTI Umberto (1995): <strong>Arch\u00e4ologie und Kunstgeschichte in Kastelbell-Tschars und Umgebung. Zur Vor- und Fr\u00fchgeschichte des mittleren und unteren Vinschgau<\/strong>s. Tschars\/Bozen, 1995.<\/li>\n<li>BAGOLINI Bernardino, MOTTES Elisabetta, TECCHIATTI Umberto (1992): <strong>Ricerche di superficie in Val Senales (Bolzano) e aree limitrofe: premesse e risultati preliminari.<\/strong> In: Preistoria Alpina 28, p. 223-230. <a title=\"BAGOLINI, MOTTES, TECCHIATTI 1992\" href=\"http:\/\/www.academia.edu\/7942366\/Ricerche_di_superficie_in_Val_Senales_Bolzano_e_aree_limitrofe_premesse_e_risultati_preliminari\" target=\"_blank\" rel=\"noopener noreferrer\">[Pubblicazione online]<\/a><\/li>\n<li>BAGOLINI Bernardino, PEDROTTI Annaluisa (1992): <strong>Vorgeschichtliche H\u00f6henfunde im Trentino-S\u00fcdtirol und im Dolomitenraum vom Sp\u00e4tpaleolitikum bis zu den Anf\u00e4ngen der Metallurgie.<\/strong> In: H\u00d6PFEL Frank, PLATZER Werner, SPINDLER Konrad (a cura di): Der Mann im Eis. Band 1. Bericht \u00fcber das International Symposium 1992 in Innsbruck. Wien 1995. p. 359-377.<\/li>\n<li>INNEREBNER Georg: <strong>Die Wallburgen S\u00fcdtirols.<\/strong> Band 2. Bozen 1975.<\/li>\n<\/ul>\n<h2><a id=\"archeologia-sperimentale-oetzi\"><\/a>Archeologia sperimentale e archeotecnica dedicate a \u00d6tzi<\/h2>\n<ul>\n<li>JUNKMANNS J\u00fcrgen (2013): <strong>Pfeil und Bogen. Von der Altsteinzeit bis zum Mittelalter.<\/strong> p. 3-12, 227-233.<\/li>\n<li>DALE Colin (2011): <strong>\u00d6tzi, the Iceman. 5000 year old tattoo come to life.<\/strong> In: Total Tatoo Magazine 6. 2011. p. 40-44.<\/li>\n<li>ABBOTT Daniel Firehawk (2010): <strong>Ice Man Sheath, 0 BP.<\/strong> In: Bulletin of Primitive Technology 39. 2010. p. 84-89.<\/li>\n<li>DUMAS Cyril, ROUSSEL Bertrand und TEXIER Pierre-Jean (2009): <strong>Langage de pierre. La restitution du geste en arch\u00e9ologie pr\u00e9historique.<\/strong> Tagung \u00abLa Restitution du geste pr\u00e9historique. Approches exp\u00e9rimentales en Arch\u00e9ologique Pr\u00e9historique\u00bb in Baux de Provence 2009. Baux de Provence 2009.<\/li>\n<li>REICHERT Anne (2006): <strong>Von Kopf bis Fu\u00df \u2013 gut beh\u00fctet und beschuht in der Steinzeit. Rekonstruktion von neolithischer Kopf- und Fu\u00dfbekleidung und Trageversuche.<\/strong> In: Experimentelle Arch\u00e4ologie in Europa 5. 2006. p. 7-23. [<a title=\"REICHERT 2006\" href=\"http:\/\/www.degruyter.com\/view\/j\/prhz.2014.89.issue-1\/pz-2014-0005\/pz-2014-0005.xml\" target=\"_blank\" rel=\"noopener noreferrer\">Pubblicazione online<\/a>]<\/li>\n<li>REICHERT Anne (2006):<strong> Umhang oder Matte? Versuche zur Rekonstruktion des Grasgeflets des \u201eMannes aus dem Eis\u201c.<\/strong> In: Waffen und Kost\u00fcmkunde 48. 2006, Heft 1. p. 1-16. [<a title=\"REICHERT\" href=\"http:\/\/museum.steinzeitpark-albersdorf.de\/UmhangoderMatteAR.pdf\" target=\"_blank\" rel=\"noopener noreferrer\">Pubblicazione online<\/a>]<\/li>\n<li>REICHERT Anne (2005): <strong>N\u00e9olithique. Les chaussures d&#8217;\u00d6tzi.<\/strong> In: L&#8217;Arch\u00e9ologue 77. 2005, p. 8.<\/li>\n<li>REICHERT Anne (2005): <strong>\u00d6tzi-Schuhe \u2013 High Tech in der Steinzeit.<\/strong> In: Anzeiger der Arbeitsgruppe f\u00fcr Experimentelle Arch\u00e4ologie der Schweiz (AEAS). 2005. p. 8-9.<\/li>\n<li>REICHERT Anne (2007): <strong>Zwischen Rinde und Holz: Bast \u2013 textiles Material der Steinzeit.<\/strong> In: FANSA Mamoun et al. (a cura di): Holz-Kultur \u2013 Von der Urzeit bis in die Zukunft. Tagung Oldenburg 2005. Mainz 2007. p. 203-230. <a title=\"REICHERT 2007\" href=\"http:\/\/museum.steinzeitpark-albersdorf.de\/BastAR-HK-Begleitband.pdf\" target=\"_blank\" rel=\"noopener noreferrer\">[Pubblicazione online]<\/a><\/li>\n<li>CASSEYAS Christian: <strong>Mais o\u00f9 est la corde de l\u2019arc d\u2019\u00d6tzi ? Exp\u00e9rimentations avec la corde dite de l\u2019arc de la momie des glaces.<\/strong> In: Bulletin des Chercheurs de la Wallonie, XLIII, 2004, p. 49\u201358.<\/li>\n<li>ADAMS Steve (2004): <strong>Making an iceman-style sheath.<\/strong> In: Bulletin of Primitive Technology 27. 2004. p. 58-61.<\/li>\n<li>BARTH Rolf (2003): <strong>Neuer Deutungsversuch zu den beim Mann aus dem Eis gefundenen mattenartigen Grasfragmenten.<\/strong> In:\u00a0 FLECKINGER Angelika (a cura di): Die Gletschermumie aus der Kupferzeit 2, Schriftenreihe des S\u00fcdtiroler Arch\u00e4ologiemuseums 3. Bozen 2003. p. 23-26.<\/li>\n<li>HLAVA\u010cEK Petr, G\u0158E\u0160AK V\u00e1clav, BLAHA Anton\u00edn und VACULIK Jaroslav (2002): <strong>Archeologick\u00fd experiment v\u00fdroby a praktick\u00e9ho testov\u00e1ni replik nestar\u0161i evropsk\u00e9 obuvi.<\/strong> In: Rekonstrukce a experiment v archeologii 9. 2002. p. 9-29.<\/li>\n<li>HIRSCH Klaus, L\u00dcTJENS Ingo (2001): <strong>Herstellung eines Gussrohlings nach dem Vorbild des Randleistenbeiles vom Hauslabjoch.<\/strong> In: FR\u00d6HLICH Siegfried (a cura di): Workshop \u201eBronzemetallurgie\u201c in Halle (Saale), 02. bis 05. Mai 1996. Halle (Saale) 2001. p. 81-92.<\/li>\n<li>HEIN Wulf (2001): <strong>Schaftmaterial wolliger Schneeball.<\/strong> In: H\u00d6RNIG Angelika: Das Bogenbauer-Buch. Europ\u00e4ischer Bogenbau von der Steinzeit bis heute. Ludwigshafen 2001. p. 74-80.<\/li>\n<li>REICHERT Anne (2001): <strong>Zwirngeflechte in der Ausr\u00fcstung des Gletschermannes. Zur Herstellungstechnik der Dolchscheide, des Umhangs und der Innengeflechte der Schuhe.<\/strong> In: Zeitschrift f\u00fcr Schweizerische Arch\u00e4ologie und Kunstgeschichte 58. 2001, Heft 1. p. 61-66. <a title=\"REICHERT 2001\" href=\"http:\/\/retro.seals.ch\/digbib\/view?pid=zak-003:2001:58::69\" target=\"_blank\" rel=\"noopener noreferrer\">[Pubblicazione]<\/a><\/li>\n<li>SPEAR Charles (2000): <strong>Iceman&#8217;s shoes.<\/strong> In: Bulletin of Primitive Technology 19. 2000. p. 33-36.<\/li>\n<li>MOSER Fran\u00e7ois (2000): <strong>Du bon usage de la sparterie: \u00e0 propos de la reconstitution de la \u00abmomie des glaces\u00bb trouv\u00e9e dans les Alpes a la fronti\u00e8re Italo-autrichienne.<\/strong> In: Anales des Rencontres Arch\u00e9ologiques de Saint C\u00e9r\u00e9. 2000 p. 8-63.<\/li>\n<li>WOOD Jacqui (2000): <strong>The possible use of fire-cracked stones in ceramic production and recent research on the &#8216;Otzi&#8217; grass cloak.<\/strong> In: SMYNTYNA Olena : The Use of Living Space in Prehistory. Papers from a session held at the European Association of Archaeologists Sixth Annual Meeting in Lisbon 2000. Oxford 2004.<a title=\"WOOD 2000\" href=\"http:\/\/www.academia.edu\/11376569\/The_possible_use_of_fire-cracked_stones_in_ceramic_production_and_recent_research_on_the_Otzi_grass_cloak\" target=\"_blank\" rel=\"noopener noreferrer\"> [Pubblicazione online]<\/a><\/li>\n<li>HIRSCH Klaus, GRAF Brigitte (1999): <strong>Erfahrungen beim Nachguss von \u00d6tzis Beil.<\/strong> In: FANSA Mamoun (a cura di): Experimentelle Arch\u00e4ologie. Bilanz 1998. Arch\u00e4ologische Mitteilungen aus Nordwestdeutschland. Beiheft 24. Oldenburg 1999. p. 77-92.<\/li>\n<li>MALHOTRA Donja (1999): <strong>Zu den Besch\u00e4digungen der Schuhe des Mannes vom Tisenjoch.<\/strong> In: FANSA Mamoun (a cura di): Experimentelle Arch\u00e4ologie in Deutschland. Bilanz 1998. Oldenburg 1999. p. 57-67.<\/li>\n<li>REICHERT Anne (1999): <strong>Zur Rekonstruktion der \u201e\u00d6tzi\u201c-Schuhe.<\/strong> In: FANSA Mamoun (a cura di): Experimentelle Arch\u00e4ologie in Deutschland. Bilanz 1998. Oldenburg 1999. p. 69-76. <a title=\"REICHERT 1999\" href=\"http:\/\/museum.steinzeitpark-albersdorf.de\/schuhe-sammelband.pdf\" target=\"_blank\" rel=\"noopener noreferrer\">[Pubblicazione online]<\/a><\/li>\n<li>HEIN Wulf (1998): <strong>Pfeilsch\u00e4fte aus wolligem Schneeball. <\/strong>In: FANSA Mamoun (a cura di): Experimentelle Arch\u00e4ologie in Deutschland. Bilanz 1998. Oldenburg 1999. p. 21-26.<\/li>\n<li>MALHOTRA Donja (1998): <strong>Zur Rekonstruktion der Fu\u00dfbekleidung des Mannes vom Tisenjoch.<\/strong> In: FANSA Mamoun (a cura di): Experimentelle Arch\u00e4ologie in Deutschland. Bilanz 1997. Oldenburg 1998. p. 75-88.<\/li>\n<li>WINIGER Josef (1992): <strong>Die Bekleidung des Eismannes und die Anf\u00e4nge der Weberei n\u00f6rdlich der Alpen.<\/strong> In: SPINDLER Konrad et al. (a cura di): Der Mann im Eis. Neue Funde und Ergebnisse. Wien\/New York 1995. p. 119-187. <a title=\"WINIGER 1992\" href=\"http:\/\/link.springer.com\/chapter\/10.1007%2F978-3-7091-6599-7_11#page-1\" target=\"_blank\" rel=\"noopener noreferrer\">[Pubblicazione online]<\/a><\/li>\n<li>GROENMAN-VAN WAATERINGE Willy (1995): <strong>The equipment of a mountaneer 5000 years ago.<\/strong> In: BOONSTRAT Anneke et al. (a cura di): Textiel, van 4000 voor tot 1500 na. Tagung Eindhoven 19.-22.10. 1995. Eindhoven 1997. p. 19-21.<\/li>\n<li>SPERL Gerhard: <strong>Das Beil von Similaun und die Metallphysik. Urzeit Metallkunde in Leoben.<\/strong> Pressemitteilung 1.2.1994. In: Arch\u00e4ologie \u00d6sterreichs 5\/1. 1994. p. 36.<\/li>\n<li>GRONEMAN-VAN WAATERINGE Willy (1992):<strong> Analysis of the hides and skins from the Hauslabjoch.<\/strong> In: Jahrbuch des R\u00f6misch Germanischen Zentralmuseums 39. 1992. p. 49-58.<\/li>\n<li>SPERL Gerhard (1992): <strong>Das Beil vom Hauslabjoch.<\/strong> In: H\u00d6PFEL Frank et. al. (a cura di): Der Mann aus dem Eis. Band 1. Symposium Innsbruck 1992. Innsbruck 1992. p. 454-461.<\/li>\n<\/ul>\n<p>Oltre 10.000 articoli sull&#8217;archeologia sperimentale in generale sono stati raccolti da Roeland Paardekooper del network internazionale EXARC: <a title=\"www.openarchaology.info\" href=\"http:\/\/openarchaeology.info\/bibliography\" target=\"_blank\" rel=\"noopener noreferrer\">http:\/\/openarchaeology.info\/bibliography<\/a><\/p>\n<p>&nbsp;<\/p>\n<h2><a id=\"itinerari-archeologici\"><\/a>Progetto &#8220;Itinerari Archeologici&#8221;<\/h2>\n<ul>\n<li>BODINI Gianni, GAMPER Monika, NIEDERKOFLER Johanna (2011):<br \/>\n<strong>Arch\u00e4ologische Wanderungen. Auf den Spuren des Mannes aus dem Eis. Schnalstal \u2013 Vinschgau \u2013 Passeiertal \u2013 \u00d6tztal.<\/strong> Ge\u00e4nderte und aktualisierte Neuauflage. Schnals 2011<\/li>\n<li>RENHART Silvia (2001): <strong>L&#8217; uomo rimasto nel ghiaccio ed il suo mondo.<\/strong> Bolzano 2001. p. 42-45.<\/li>\n<li>KULTURVEREIN SCHNALS (a cura di) (2000): <strong>Auf den Spuren des Mannes aus dem Eis: Arch\u00e4ologische Wanderwege.<\/strong> In: Schriftenreihe \u00d6tztal-Archiv 3.<\/li>\n<li>BODINI Gianni (1999): <strong>Arch\u00e4ologiepark Schnals.<\/strong> In: Arunda 51. 1999. p. 158.<\/li>\n<\/ul>\n<p>&nbsp;<\/p>\n<p>&nbsp;<\/p>\n","protected":false},"excerpt":{"rendered":"<p>Di seguito forniamo un elenco non esaustivo di pubblicazioni dedicate all\u2019archeologia in Val Senales, agli studi di archeologia sperimentale sull&#8217;equipaggiamento di \u00d6tzi e agli Itinerari Archeologici nella zona. Le pubblicazioni [&hellip;]<\/p>\n","protected":false},"author":6,"featured_media":0,"parent":966,"menu_order":0,"comment_status":"closed","ping_status":"open","template":"","meta":{"_acf_changed":false,"_tec_requires_first_save":true,"_EventAllDay":false,"_EventTimezone":"","_EventStartDate":"","_EventEndDate":"","_EventStartDateUTC":"","_EventEndDateUTC":"","_EventShowMap":false,"_EventShowMapLink":false,"_EventURL":"","_EventCost":"","_EventCostDescription":"","_EventCurrencySymbol":"","_EventCurrencyCode":"","_EventCurrencyPosition":"","_EventDateTimeSeparator":"","_EventTimeRangeSeparator":"","_EventOrganizerID":[],"_EventVenueID":[],"_OrganizerEmail":"","_OrganizerPhone":"","_OrganizerWebsite":"","_VenueAddress":"","_VenueCity":"","_VenueCountry":"","_VenueProvince":"","_VenueState":"","_VenueZip":"","_VenuePhone":"","_VenueURL":"","_VenueStateProvince":"","_VenueLat":"","_VenueLng":"","_VenueShowMap":false,"_VenueShowMapLink":false,"_tribe_blocks_recurrence_rules":"","_tribe_blocks_recurrence_description":"","_tribe_blocks_recurrence_exclusions":"","footnotes":""},"tags":[],"class_list":["post-986","page","type-page","status-publish","hentry"],"acf":[],"yoast_head":"<!-- This site is optimized with the Yoast SEO plugin v27.5 - https:\/\/yoast.com\/product\/yoast-seo-wordpress\/ -->\n<title>Pubblicazioni | archeoParc Schnalstal<\/title>\n<meta name=\"robots\" content=\"index, follow, max-snippet:-1, max-image-preview:large, max-video-preview:-1\" \/>\n<link rel=\"canonical\" href=\"https:\/\/www.archeoparc.it\/it\/archeologia-val-senales\/pubblicazioni\/\" \/>\n<meta name=\"twitter:label1\" content=\"Tempo di lettura stimato\" \/>\n\t<meta name=\"twitter:data1\" content=\"8 minuti\" \/>\n<script type=\"application\/ld+json\" class=\"yoast-schema-graph\">{\"@context\":\"https:\\\/\\\/schema.org\",\"@graph\":[{\"@type\":\"WebPage\",\"@id\":\"https:\\\/\\\/www.archeoparc.it\\\/it\\\/archeologia-val-senales\\\/pubblicazioni\\\/\",\"url\":\"https:\\\/\\\/www.archeoparc.it\\\/it\\\/archeologia-val-senales\\\/pubblicazioni\\\/\",\"name\":\"Pubblicazioni | archeoParc Schnalstal\",\"isPartOf\":{\"@id\":\"https:\\\/\\\/www.archeoparc.it\\\/#website\"},\"datePublished\":\"2012-12-13T20:44:07+00:00\",\"dateModified\":\"2019-06-28T14:21:27+00:00\",\"breadcrumb\":{\"@id\":\"https:\\\/\\\/www.archeoparc.it\\\/it\\\/archeologia-val-senales\\\/pubblicazioni\\\/#breadcrumb\"},\"inLanguage\":\"it-IT\",\"potentialAction\":[{\"@type\":\"ReadAction\",\"target\":[\"https:\\\/\\\/www.archeoparc.it\\\/it\\\/archeologia-val-senales\\\/pubblicazioni\\\/\"]}]},{\"@type\":\"BreadcrumbList\",\"@id\":\"https:\\\/\\\/www.archeoparc.it\\\/it\\\/archeologia-val-senales\\\/pubblicazioni\\\/#breadcrumb\",\"itemListElement\":[{\"@type\":\"ListItem\",\"position\":1,\"name\":\"Archeologia Val Senales\",\"item\":\"https:\\\/\\\/www.archeoparc.it\\\/it\\\/archeologia-val-senales\\\/\"},{\"@type\":\"ListItem\",\"position\":2,\"name\":\"Pubblicazioni\"}]},{\"@type\":\"WebSite\",\"@id\":\"https:\\\/\\\/www.archeoparc.it\\\/#website\",\"url\":\"https:\\\/\\\/www.archeoparc.it\\\/\",\"name\":\"archeoParc Schnalstal\",\"description\":\"Arch\u00e4ologisches Freilichtmuseum\",\"publisher\":{\"@id\":\"https:\\\/\\\/www.archeoparc.it\\\/#organization\"},\"potentialAction\":[{\"@type\":\"SearchAction\",\"target\":{\"@type\":\"EntryPoint\",\"urlTemplate\":\"https:\\\/\\\/www.archeoparc.it\\\/?s={search_term_string}\"},\"query-input\":{\"@type\":\"PropertyValueSpecification\",\"valueRequired\":true,\"valueName\":\"search_term_string\"}}],\"inLanguage\":\"it-IT\"},{\"@type\":\"Organization\",\"@id\":\"https:\\\/\\\/www.archeoparc.it\\\/#organization\",\"name\":\"archeoparc Schnalstal\",\"url\":\"https:\\\/\\\/www.archeoparc.it\\\/\",\"logo\":{\"@type\":\"ImageObject\",\"inLanguage\":\"it-IT\",\"@id\":\"https:\\\/\\\/www.archeoparc.it\\\/#\\\/schema\\\/logo\\\/image\\\/\",\"url\":\"https:\\\/\\\/www.archeoparc.it\\\/wp-content\\\/uploads\\\/cropped-archeoparc_logo_sw.png\",\"contentUrl\":\"https:\\\/\\\/www.archeoparc.it\\\/wp-content\\\/uploads\\\/cropped-archeoparc_logo_sw.png\",\"width\":654,\"height\":211,\"caption\":\"archeoparc Schnalstal\"},\"image\":{\"@id\":\"https:\\\/\\\/www.archeoparc.it\\\/#\\\/schema\\\/logo\\\/image\\\/\"}}]}<\/script>\n<!-- \/ Yoast SEO plugin. -->","yoast_head_json":{"title":"Pubblicazioni | archeoParc Schnalstal","robots":{"index":"index","follow":"follow","max-snippet":"max-snippet:-1","max-image-preview":"max-image-preview:large","max-video-preview":"max-video-preview:-1"},"canonical":"https:\/\/www.archeoparc.it\/it\/archeologia-val-senales\/pubblicazioni\/","twitter_misc":{"Tempo di lettura stimato":"8 minuti"},"schema":{"@context":"https:\/\/schema.org","@graph":[{"@type":"WebPage","@id":"https:\/\/www.archeoparc.it\/it\/archeologia-val-senales\/pubblicazioni\/","url":"https:\/\/www.archeoparc.it\/it\/archeologia-val-senales\/pubblicazioni\/","name":"Pubblicazioni | archeoParc Schnalstal","isPartOf":{"@id":"https:\/\/www.archeoparc.it\/#website"},"datePublished":"2012-12-13T20:44:07+00:00","dateModified":"2019-06-28T14:21:27+00:00","breadcrumb":{"@id":"https:\/\/www.archeoparc.it\/it\/archeologia-val-senales\/pubblicazioni\/#breadcrumb"},"inLanguage":"it-IT","potentialAction":[{"@type":"ReadAction","target":["https:\/\/www.archeoparc.it\/it\/archeologia-val-senales\/pubblicazioni\/"]}]},{"@type":"BreadcrumbList","@id":"https:\/\/www.archeoparc.it\/it\/archeologia-val-senales\/pubblicazioni\/#breadcrumb","itemListElement":[{"@type":"ListItem","position":1,"name":"Archeologia Val Senales","item":"https:\/\/www.archeoparc.it\/it\/archeologia-val-senales\/"},{"@type":"ListItem","position":2,"name":"Pubblicazioni"}]},{"@type":"WebSite","@id":"https:\/\/www.archeoparc.it\/#website","url":"https:\/\/www.archeoparc.it\/","name":"archeoParc Schnalstal","description":"Arch\u00e4ologisches Freilichtmuseum","publisher":{"@id":"https:\/\/www.archeoparc.it\/#organization"},"potentialAction":[{"@type":"SearchAction","target":{"@type":"EntryPoint","urlTemplate":"https:\/\/www.archeoparc.it\/?s={search_term_string}"},"query-input":{"@type":"PropertyValueSpecification","valueRequired":true,"valueName":"search_term_string"}}],"inLanguage":"it-IT"},{"@type":"Organization","@id":"https:\/\/www.archeoparc.it\/#organization","name":"archeoparc Schnalstal","url":"https:\/\/www.archeoparc.it\/","logo":{"@type":"ImageObject","inLanguage":"it-IT","@id":"https:\/\/www.archeoparc.it\/#\/schema\/logo\/image\/","url":"https:\/\/www.archeoparc.it\/wp-content\/uploads\/cropped-archeoparc_logo_sw.png","contentUrl":"https:\/\/www.archeoparc.it\/wp-content\/uploads\/cropped-archeoparc_logo_sw.png","width":654,"height":211,"caption":"archeoparc Schnalstal"},"image":{"@id":"https:\/\/www.archeoparc.it\/#\/schema\/logo\/image\/"}}]}},"_links":{"self":[{"href":"https:\/\/www.archeoparc.it\/it\/wp-json\/wp\/v2\/pages\/986","targetHints":{"allow":["GET"]}}],"collection":[{"href":"https:\/\/www.archeoparc.it\/it\/wp-json\/wp\/v2\/pages"}],"about":[{"href":"https:\/\/www.archeoparc.it\/it\/wp-json\/wp\/v2\/types\/page"}],"author":[{"embeddable":true,"href":"https:\/\/www.archeoparc.it\/it\/wp-json\/wp\/v2\/users\/6"}],"replies":[{"embeddable":true,"href":"https:\/\/www.archeoparc.it\/it\/wp-json\/wp\/v2\/comments?post=986"}],"version-history":[{"count":2,"href":"https:\/\/www.archeoparc.it\/it\/wp-json\/wp\/v2\/pages\/986\/revisions"}],"predecessor-version":[{"id":20860,"href":"https:\/\/www.archeoparc.it\/it\/wp-json\/wp\/v2\/pages\/986\/revisions\/20860"}],"up":[{"embeddable":true,"href":"https:\/\/www.archeoparc.it\/it\/wp-json\/wp\/v2\/pages\/966"}],"wp:attachment":[{"href":"https:\/\/www.archeoparc.it\/it\/wp-json\/wp\/v2\/media?parent=986"}],"wp:term":[{"taxonomy":"post_tag","embeddable":true,"href":"https:\/\/www.archeoparc.it\/it\/wp-json\/wp\/v2\/tags?post=986"}],"curies":[{"name":"wp","href":"https:\/\/api.w.org\/{rel}","templated":true}]}}